{"id":5570,"date":"2022-02-25T00:55:23","date_gmt":"2022-02-25T00:55:23","guid":{"rendered":"https:\/\/cmgmarrakech.com\/?page_id=5570"},"modified":"2026-04-18T00:52:40","modified_gmt":"2026-04-18T00:52:40","slug":"news","status":"publish","type":"page","link":"https:\/\/cmgmarrakech.com\/en\/news\/","title":{"rendered":"News"},"content":{"rendered":"\t\t<div data-elementor-type=\"wp-page\" data-elementor-id=\"5570\" class=\"elementor elementor-5570\" data-elementor-post-type=\"page\">\n\t\t\t\t\t\t<section class=\"elementor-section elementor-top-section elementor-element elementor-element-c43d8f8 elementor-section-height-min-height elementor-section-stretched elementor-section-boxed elementor-section-height-default elementor-section-items-middle\" data-id=\"c43d8f8\" data-element_type=\"section\" data-e-type=\"section\" data-settings=\"{&quot;background_background&quot;:&quot;classic&quot;,&quot;background_motion_fx_motion_fx_scrolling&quot;:&quot;yes&quot;,&quot;background_motion_fx_blur_effect&quot;:&quot;yes&quot;,&quot;background_motion_fx_blur_direction&quot;:&quot;in-out&quot;,&quot;background_motion_fx_blur_level&quot;:{&quot;unit&quot;:&quot;px&quot;,&quot;size&quot;:1,&quot;sizes&quot;:[]},&quot;sticky&quot;:&quot;top&quot;,&quot;animation&quot;:&quot;none&quot;,&quot;stretch_section&quot;:&quot;section-stretched&quot;,&quot;background_motion_fx_blur_range&quot;:{&quot;unit&quot;:&quot;%&quot;,&quot;size&quot;:&quot;&quot;,&quot;sizes&quot;:{&quot;start&quot;:20,&quot;end&quot;:80}},&quot;background_motion_fx_devices&quot;:[&quot;desktop&quot;,&quot;tablet&quot;,&quot;mobile&quot;],&quot;sticky_on&quot;:[&quot;desktop&quot;,&quot;tablet&quot;,&quot;mobile&quot;],&quot;sticky_offset&quot;:0,&quot;sticky_effects_offset&quot;:0,&quot;sticky_anchor_link_offset&quot;:0}\">\n\t\t\t\t\t\t<div class=\"elementor-container elementor-column-gap-no\">\n\t\t\t\t\t<div class=\"elementor-column elementor-col-100 elementor-top-column elementor-element elementor-element-36be999\" data-id=\"36be999\" data-element_type=\"column\" data-e-type=\"column\">\n\t\t\t<div class=\"elementor-widget-wrap elementor-element-populated\">\n\t\t\t\t\t\t<div class=\"elementor-element elementor-element-ee4cbc3 elementor-widget elementor-widget-heading\" data-id=\"ee4cbc3\" data-element_type=\"widget\" data-e-type=\"widget\" data-settings=\"{&quot;sticky&quot;:&quot;top&quot;,&quot;sticky_on&quot;:[&quot;desktop&quot;,&quot;tablet&quot;,&quot;mobile&quot;],&quot;sticky_offset&quot;:0,&quot;sticky_effects_offset&quot;:0,&quot;sticky_anchor_link_offset&quot;:0}\" data-widget_type=\"heading.default\">\n\t\t\t\t\t<h1 class=\"elementor-heading-title elementor-size-default\">News<\/h1>\t\t\t\t<\/div>\n\t\t\t\t\t<\/div>\n\t\t<\/div>\n\t\t\t\t\t<\/div>\n\t\t<\/section>\n\t\t\t\t<section class=\"elementor-section elementor-top-section elementor-element elementor-element-45a23a9 animated-slow elementor-section-boxed elementor-section-height-default elementor-section-height-default\" data-id=\"45a23a9\" data-element_type=\"section\" data-e-type=\"section\" data-settings=\"{&quot;animation&quot;:&quot;none&quot;}\">\n\t\t\t\t\t\t<div class=\"elementor-container elementor-column-gap-default\">\n\t\t\t\t\t<div class=\"elementor-column elementor-col-50 elementor-top-column elementor-element elementor-element-524e5ec\" data-id=\"524e5ec\" data-element_type=\"column\" data-e-type=\"column\">\n\t\t\t<div class=\"elementor-widget-wrap elementor-element-populated\">\n\t\t\t\t\t\t<div class=\"elementor-element elementor-element-83f49bc elementor-widget elementor-widget-image\" data-id=\"83f49bc\" data-element_type=\"widget\" data-e-type=\"widget\" data-widget_type=\"image.default\">\n\t\t\t\t\t\t\t\t\t\t\t\t\t\t\t\t<a href=\"https:\/\/www.artnewspaper.fr\/2026\/04\/08\/sara-ouhaddou-laureate-du-prix-bnp-paribas-banque-privee-un-regard-sur-la-scene-francaise\" target=\"_blank\">\n\t\t\t\t\t\t\t<img decoding=\"async\" src=\"https:\/\/cmgmarrakech.com\/wp-content\/uploads\/2026\/04\/CMG-Marrakech-CMG-news-Sara-Ouhaddou-BNP-Paris-Bas-2.jpg\" title=\"\" alt=\"\" loading=\"lazy\" \/>\t\t\t\t\t\t\t\t<\/a>\n\t\t\t\t\t\t\t\t\t\t\t\t\t\t\t<\/div>\n\t\t\t\t<div class=\"elementor-element elementor-element-888dafa elementor-widget elementor-widget-heading\" data-id=\"888dafa\" data-element_type=\"widget\" data-e-type=\"widget\" data-widget_type=\"heading.default\">\n\t\t\t\t\t<h2 class=\"elementor-heading-title elementor-size-default\"><a href=\"https:\/\/www.artnewspaper.fr\/2026\/04\/08\/sara-ouhaddou-laureate-du-prix-bnp-paribas-banque-privee-un-regard-sur-la-scene-francaise\" target=\"_blank\">Sara Ouhaddou laur\u00e9ate du Prix BNP Paribas Banque Priv\u00e9e \u00ab Un regard sur la sc\u00e8ne fran\u00e7aise \u00bb\n<\/a><\/h2>\t\t\t\t<\/div>\n\t\t\t\t<div class=\"elementor-element elementor-element-eeadefc elementor-widget elementor-widget-text-editor\" data-id=\"eeadefc\" data-element_type=\"widget\" data-e-type=\"widget\" data-widget_type=\"text-editor.default\">\n\t\t\t\t\t\t\t\t\t<p>Art News Paper<\/p>\t\t\t\t\t\t\t\t<\/div>\n\t\t\t\t\t<\/div>\n\t\t<\/div>\n\t\t\t\t<div class=\"elementor-column elementor-col-50 elementor-top-column elementor-element elementor-element-9796e65\" data-id=\"9796e65\" data-element_type=\"column\" data-e-type=\"column\">\n\t\t\t<div class=\"elementor-widget-wrap elementor-element-populated\">\n\t\t\t\t\t\t<div class=\"elementor-element elementor-element-f0e8cfe elementor-widget elementor-widget-image\" data-id=\"f0e8cfe\" data-element_type=\"widget\" data-e-type=\"widget\" data-widget_type=\"image.default\">\n\t\t\t\t\t\t\t\t\t\t\t\t\t\t\t\t<a href=\"https:\/\/www.lecourrierdelatlas.com\/meriem-berrada-le-patrimoine-nest-pas-un-vestige-du-passe-mais-une-matiere-vivante\/\" target=\"_blank\">\n\t\t\t\t\t\t\t<img decoding=\"async\" src=\"https:\/\/cmgmarrakech.com\/wp-content\/uploads\/2026\/04\/CMG-Marrakech-CMG-news-Khalil-Nemmaoui-Venise-Maroc.jpg\" title=\"\" alt=\"\" loading=\"lazy\" \/>\t\t\t\t\t\t\t\t<\/a>\n\t\t\t\t\t\t\t\t\t\t\t\t\t\t\t<\/div>\n\t\t\t\t<div class=\"elementor-element elementor-element-d390f90 elementor-widget elementor-widget-heading\" data-id=\"d390f90\" data-element_type=\"widget\" data-e-type=\"widget\" data-widget_type=\"heading.default\">\n\t\t\t\t\t<h2 class=\"elementor-heading-title elementor-size-default\"><a href=\"https:\/\/www.lecourrierdelatlas.com\/meriem-berrada-le-patrimoine-nest-pas-un-vestige-du-passe-mais-une-matiere-vivante\/\" target=\"_blank\">Meriem Berrada : \u00ab Le patrimoine n\u2019est pas un vestige du pass\u00e9, mais une mati\u00e8re vivante \u00bb<\/a><\/h2>\t\t\t\t<\/div>\n\t\t\t\t<div class=\"elementor-element elementor-element-9dd6598 elementor-widget elementor-widget-text-editor\" data-id=\"9dd6598\" data-element_type=\"widget\" data-e-type=\"widget\" data-widget_type=\"text-editor.default\">\n\t\t\t\t\t\t\t\t\t<p>Le Courrier de l&rsquo;Atlas<\/p>\t\t\t\t\t\t\t\t<\/div>\n\t\t\t\t\t<\/div>\n\t\t<\/div>\n\t\t\t\t\t<\/div>\n\t\t<\/section>\n\t\t\t\t<section class=\"elementor-section elementor-top-section elementor-element elementor-element-d118381 animated-slow elementor-section-boxed elementor-section-height-default elementor-section-height-default\" data-id=\"d118381\" data-element_type=\"section\" data-e-type=\"section\" data-settings=\"{&quot;animation&quot;:&quot;none&quot;}\">\n\t\t\t\t\t\t<div class=\"elementor-container elementor-column-gap-default\">\n\t\t\t\t\t<div class=\"elementor-column elementor-col-50 elementor-top-column elementor-element elementor-element-1516c62\" data-id=\"1516c62\" data-element_type=\"column\" data-e-type=\"column\">\n\t\t\t<div class=\"elementor-widget-wrap elementor-element-populated\">\n\t\t\t\t\t\t<div class=\"elementor-element elementor-element-a77207c elementor-widget elementor-widget-image\" data-id=\"a77207c\" data-element_type=\"widget\" data-e-type=\"widget\" data-widget_type=\"image.default\">\n\t\t\t\t\t\t\t\t\t\t\t\t\t\t\t\t<a href=\"https:\/\/buro247.me\/uncategorised\/burospotlights-lebanese-artist-katya-traboulsi\/\" target=\"_blank\">\n\t\t\t\t\t\t\t<img decoding=\"async\" src=\"https:\/\/cmgmarrakech.com\/wp-content\/uploads\/2026\/04\/CMG-Marrakech-CMG-news-Katya-Traboulsi.jpg\" title=\"\" alt=\"\" loading=\"lazy\" \/>\t\t\t\t\t\t\t\t<\/a>\n\t\t\t\t\t\t\t\t\t\t\t\t\t\t\t<\/div>\n\t\t\t\t<div class=\"elementor-element elementor-element-3efa12a elementor-widget elementor-widget-heading\" data-id=\"3efa12a\" data-element_type=\"widget\" data-e-type=\"widget\" data-widget_type=\"heading.default\">\n\t\t\t\t\t<h2 class=\"elementor-heading-title elementor-size-default\"><a href=\"https:\/\/buro247.me\/uncategorised\/burospotlights-lebanese-artist-katya-traboulsi\/\" target=\"_blank\">#burospotlights: Lebanese Artist Katya Traboulsi<\/a><\/h2>\t\t\t\t<\/div>\n\t\t\t\t<div class=\"elementor-element elementor-element-51f6678 elementor-widget elementor-widget-text-editor\" data-id=\"51f6678\" data-element_type=\"widget\" data-e-type=\"widget\" data-widget_type=\"text-editor.default\">\n\t\t\t\t\t\t\t\t\t<p>Buro 247<\/p>\t\t\t\t\t\t\t\t<\/div>\n\t\t\t\t\t<\/div>\n\t\t<\/div>\n\t\t\t\t<div class=\"elementor-column elementor-col-50 elementor-top-column elementor-element elementor-element-cc4e8f3\" data-id=\"cc4e8f3\" data-element_type=\"column\" data-e-type=\"column\">\n\t\t\t<div class=\"elementor-widget-wrap elementor-element-populated\">\n\t\t\t\t\t\t<div class=\"elementor-element elementor-element-2d02b18 elementor-widget elementor-widget-image\" data-id=\"2d02b18\" data-element_type=\"widget\" data-e-type=\"widget\" data-widget_type=\"image.default\">\n\t\t\t\t\t\t\t\t\t\t\t\t\t\t\t\t<a href=\"https:\/\/group.bnpparibas\/communique-de-presse\/art-paris-2026-sara-ouhaddou-laureate-du-prix-bnp-paribas-banque-privee-un-regard-sur-la-scene-francaise\" target=\"_blank\">\n\t\t\t\t\t\t\t<img decoding=\"async\" src=\"https:\/\/cmgmarrakech.com\/wp-content\/uploads\/2026\/04\/CMG-Marrakech-CMG-news-Sara-Ouhaddou-BNP-Paris-Bas.jpg\" title=\"\" alt=\"\" loading=\"lazy\" \/>\t\t\t\t\t\t\t\t<\/a>\n\t\t\t\t\t\t\t\t\t\t\t\t\t\t\t<\/div>\n\t\t\t\t<div class=\"elementor-element elementor-element-ffafa64 elementor-widget elementor-widget-heading\" data-id=\"ffafa64\" data-element_type=\"widget\" data-e-type=\"widget\" data-widget_type=\"heading.default\">\n\t\t\t\t\t<h2 class=\"elementor-heading-title elementor-size-default\"><a href=\"https:\/\/group.bnpparibas\/communique-de-presse\/art-paris-2026-sara-ouhaddou-laureate-du-prix-bnp-paribas-banque-privee-un-regard-sur-la-scene-francaise\" target=\"_blank\">Art Paris 2026 : Sara Ouhaddou, laur\u00e9ate du Prix BNP Paribas Banque Priv\u00e9e - \u00ab Un regard sur la sc\u00e8ne fran\u00e7aise \u00bb<\/a><\/h2>\t\t\t\t<\/div>\n\t\t\t\t<div class=\"elementor-element elementor-element-2e410b4 elementor-widget elementor-widget-text-editor\" data-id=\"2e410b4\" data-element_type=\"widget\" data-e-type=\"widget\" data-widget_type=\"text-editor.default\">\n\t\t\t\t\t\t\t\t\t<p>BNP PariBas<\/p>\t\t\t\t\t\t\t\t<\/div>\n\t\t\t\t\t<\/div>\n\t\t<\/div>\n\t\t\t\t\t<\/div>\n\t\t<\/section>\n\t\t\t\t<section class=\"elementor-section elementor-top-section elementor-element elementor-element-d6df319 animated-slow elementor-section-boxed elementor-section-height-default elementor-section-height-default\" data-id=\"d6df319\" data-element_type=\"section\" data-e-type=\"section\" data-settings=\"{&quot;animation&quot;:&quot;none&quot;}\">\n\t\t\t\t\t\t<div class=\"elementor-container elementor-column-gap-default\">\n\t\t\t\t\t<div class=\"elementor-column elementor-col-50 elementor-top-column elementor-element elementor-element-8242e0b\" data-id=\"8242e0b\" data-element_type=\"column\" data-e-type=\"column\">\n\t\t\t<div class=\"elementor-widget-wrap elementor-element-populated\">\n\t\t\t\t\t\t<div class=\"elementor-element elementor-element-8ff8a83 elementor-widget elementor-widget-image\" data-id=\"8ff8a83\" data-element_type=\"widget\" data-e-type=\"widget\" data-widget_type=\"image.default\">\n\t\t\t\t\t\t\t\t\t\t\t\t\t\t\t\t<a href=\"https:\/\/www.beauxarts.com\/grand-format\/au-grand-palais-la-foire-art-paris-2026-riche-de-belles-promesses\/\" target=\"_blank\">\n\t\t\t\t\t\t\t<img fetchpriority=\"high\" decoding=\"async\" width=\"2300\" height=\"1614\" src=\"https:\/\/cmgmarrakech.com\/wp-content\/uploads\/2026\/04\/CMG-Marrakech-CMG-news-Sara-Ouhaddou-Beaux-Arts.jpg\" class=\"attachment-full size-full wp-image-19298\" alt=\"\" srcset=\"https:\/\/cmgmarrakech.com\/wp-content\/uploads\/2026\/04\/CMG-Marrakech-CMG-news-Sara-Ouhaddou-Beaux-Arts.jpg 2300w, https:\/\/cmgmarrakech.com\/wp-content\/uploads\/2026\/04\/CMG-Marrakech-CMG-news-Sara-Ouhaddou-Beaux-Arts-300x211.jpg 300w, https:\/\/cmgmarrakech.com\/wp-content\/uploads\/2026\/04\/CMG-Marrakech-CMG-news-Sara-Ouhaddou-Beaux-Arts-1024x719.jpg 1024w, https:\/\/cmgmarrakech.com\/wp-content\/uploads\/2026\/04\/CMG-Marrakech-CMG-news-Sara-Ouhaddou-Beaux-Arts-768x539.jpg 768w, https:\/\/cmgmarrakech.com\/wp-content\/uploads\/2026\/04\/CMG-Marrakech-CMG-news-Sara-Ouhaddou-Beaux-Arts-1536x1078.jpg 1536w, https:\/\/cmgmarrakech.com\/wp-content\/uploads\/2026\/04\/CMG-Marrakech-CMG-news-Sara-Ouhaddou-Beaux-Arts-2048x1437.jpg 2048w, https:\/\/cmgmarrakech.com\/wp-content\/uploads\/2026\/04\/CMG-Marrakech-CMG-news-Sara-Ouhaddou-Beaux-Arts-18x12.jpg 18w, https:\/\/cmgmarrakech.com\/wp-content\/uploads\/2026\/04\/CMG-Marrakech-CMG-news-Sara-Ouhaddou-Beaux-Arts-415x291.jpg 415w, https:\/\/cmgmarrakech.com\/wp-content\/uploads\/2026\/04\/CMG-Marrakech-CMG-news-Sara-Ouhaddou-Beaux-Arts-650x456.jpg 650w, https:\/\/cmgmarrakech.com\/wp-content\/uploads\/2026\/04\/CMG-Marrakech-CMG-news-Sara-Ouhaddou-Beaux-Arts-250x175.jpg 250w\" sizes=\"(max-width: 2300px) 100vw, 2300px\" \/>\t\t\t\t\t\t\t\t<\/a>\n\t\t\t\t\t\t\t\t\t\t\t\t\t\t\t<\/div>\n\t\t\t\t<div class=\"elementor-element elementor-element-e30d345 elementor-widget elementor-widget-heading\" data-id=\"e30d345\" data-element_type=\"widget\" data-e-type=\"widget\" data-widget_type=\"heading.default\">\n\t\t\t\t\t<h2 class=\"elementor-heading-title elementor-size-default\"><a href=\"https:\/\/www.beauxarts.com\/grand-format\/au-grand-palais-la-foire-art-paris-2026-riche-de-belles-promesses\/\" target=\"_blank\">Au Grand Palais, la foire Art Paris 2026 riche de belles promesses\n<\/a><\/h2>\t\t\t\t<\/div>\n\t\t\t\t<div class=\"elementor-element elementor-element-336590c elementor-widget elementor-widget-text-editor\" data-id=\"336590c\" data-element_type=\"widget\" data-e-type=\"widget\" data-widget_type=\"text-editor.default\">\n\t\t\t\t\t\t\t\t\t<p>Beaux Arts<\/p>\t\t\t\t\t\t\t\t<\/div>\n\t\t\t\t\t<\/div>\n\t\t<\/div>\n\t\t\t\t<div class=\"elementor-column elementor-col-50 elementor-top-column elementor-element elementor-element-70e27ec\" data-id=\"70e27ec\" data-element_type=\"column\" data-e-type=\"column\">\n\t\t\t<div class=\"elementor-widget-wrap elementor-element-populated\">\n\t\t\t\t\t\t<div class=\"elementor-element elementor-element-5e9b2bc elementor-widget elementor-widget-image\" data-id=\"5e9b2bc\" data-element_type=\"widget\" data-e-type=\"widget\" data-widget_type=\"image.default\">\n\t\t\t\t\t\t\t\t\t\t\t\t\t\t\t\t<a href=\"https:\/\/lopinion.ma\/fr\/culture\/arts\/art-basel-hong-kong--le-maroc-souvre-un-nouveau-marche-en-asie-_a86425?articleId=d4fa6b72-dad3-4ffb-b255-8ba25e1727fa\" target=\"_blank\">\n\t\t\t\t\t\t\t<img decoding=\"async\" width=\"2300\" height=\"1614\" src=\"https:\/\/cmgmarrakech.com\/wp-content\/uploads\/2026\/04\/CMG-Marrakech-CMG-news-Sara-Ouhaddou-ArtBaselHongKong.jpg\" class=\"attachment-full size-full wp-image-19287\" alt=\"\" srcset=\"https:\/\/cmgmarrakech.com\/wp-content\/uploads\/2026\/04\/CMG-Marrakech-CMG-news-Sara-Ouhaddou-ArtBaselHongKong.jpg 2300w, https:\/\/cmgmarrakech.com\/wp-content\/uploads\/2026\/04\/CMG-Marrakech-CMG-news-Sara-Ouhaddou-ArtBaselHongKong-300x211.jpg 300w, https:\/\/cmgmarrakech.com\/wp-content\/uploads\/2026\/04\/CMG-Marrakech-CMG-news-Sara-Ouhaddou-ArtBaselHongKong-1024x719.jpg 1024w, https:\/\/cmgmarrakech.com\/wp-content\/uploads\/2026\/04\/CMG-Marrakech-CMG-news-Sara-Ouhaddou-ArtBaselHongKong-768x539.jpg 768w, https:\/\/cmgmarrakech.com\/wp-content\/uploads\/2026\/04\/CMG-Marrakech-CMG-news-Sara-Ouhaddou-ArtBaselHongKong-1536x1078.jpg 1536w, https:\/\/cmgmarrakech.com\/wp-content\/uploads\/2026\/04\/CMG-Marrakech-CMG-news-Sara-Ouhaddou-ArtBaselHongKong-2048x1437.jpg 2048w, https:\/\/cmgmarrakech.com\/wp-content\/uploads\/2026\/04\/CMG-Marrakech-CMG-news-Sara-Ouhaddou-ArtBaselHongKong-18x12.jpg 18w, https:\/\/cmgmarrakech.com\/wp-content\/uploads\/2026\/04\/CMG-Marrakech-CMG-news-Sara-Ouhaddou-ArtBaselHongKong-415x291.jpg 415w, https:\/\/cmgmarrakech.com\/wp-content\/uploads\/2026\/04\/CMG-Marrakech-CMG-news-Sara-Ouhaddou-ArtBaselHongKong-650x456.jpg 650w, https:\/\/cmgmarrakech.com\/wp-content\/uploads\/2026\/04\/CMG-Marrakech-CMG-news-Sara-Ouhaddou-ArtBaselHongKong-250x175.jpg 250w\" sizes=\"(max-width: 2300px) 100vw, 2300px\" \/>\t\t\t\t\t\t\t\t<\/a>\n\t\t\t\t\t\t\t\t\t\t\t\t\t\t\t<\/div>\n\t\t\t\t<div class=\"elementor-element elementor-element-65aed4e elementor-widget elementor-widget-heading\" data-id=\"65aed4e\" data-element_type=\"widget\" data-e-type=\"widget\" data-widget_type=\"heading.default\">\n\t\t\t\t\t<h2 class=\"elementor-heading-title elementor-size-default\"><a href=\"https:\/\/lopinion.ma\/fr\/culture\/arts\/art-basel-hong-kong--le-maroc-souvre-un-nouveau-marche-en-asie-_a86425?articleId=d4fa6b72-dad3-4ffb-b255-8ba25e1727fa\" target=\"_blank\">Art Basel Hong Kong : le Maroc s\u2019ouvre un nouveau march\u00e9 en Asie\n<\/a><\/h2>\t\t\t\t<\/div>\n\t\t\t\t<div class=\"elementor-element elementor-element-3dbeeba elementor-widget elementor-widget-text-editor\" data-id=\"3dbeeba\" data-element_type=\"widget\" data-e-type=\"widget\" data-widget_type=\"text-editor.default\">\n\t\t\t\t\t\t\t\t\t<p>L&rsquo;Opinion<\/p>\t\t\t\t\t\t\t\t<\/div>\n\t\t\t\t\t<\/div>\n\t\t<\/div>\n\t\t\t\t\t<\/div>\n\t\t<\/section>\n\t\t\t\t<section class=\"elementor-section elementor-top-section elementor-element elementor-element-8470710 animated-slow elementor-section-boxed elementor-section-height-default elementor-section-height-default\" data-id=\"8470710\" data-element_type=\"section\" data-e-type=\"section\" data-settings=\"{&quot;animation&quot;:&quot;none&quot;}\">\n\t\t\t\t\t\t<div class=\"elementor-container elementor-column-gap-default\">\n\t\t\t\t\t<div class=\"elementor-column elementor-col-50 elementor-top-column elementor-element elementor-element-252e7f0\" data-id=\"252e7f0\" data-element_type=\"column\" data-e-type=\"column\">\n\t\t\t<div class=\"elementor-widget-wrap elementor-element-populated\">\n\t\t\t\t\t\t<div class=\"elementor-element elementor-element-6229d38 elementor-widget elementor-widget-image\" data-id=\"6229d38\" data-element_type=\"widget\" data-e-type=\"widget\" data-widget_type=\"image.default\">\n\t\t\t\t\t\t\t\t\t\t\t\t\t\t\t\t<a href=\"https:\/\/www.vanitatis.elconfidencial.com\/estilo\/ocio\/2026-03-29\/marrakech-destino-moderno-y-creativo_4328142\/\" target=\"_blank\">\n\t\t\t\t\t\t\t<img decoding=\"async\" width=\"2300\" height=\"1614\" src=\"https:\/\/cmgmarrakech.com\/wp-content\/uploads\/2026\/04\/CMG-Marrakech-CMG-news-El-Confidental.jpg\" class=\"attachment-full size-full wp-image-19278\" alt=\"\" srcset=\"https:\/\/cmgmarrakech.com\/wp-content\/uploads\/2026\/04\/CMG-Marrakech-CMG-news-El-Confidental.jpg 2300w, https:\/\/cmgmarrakech.com\/wp-content\/uploads\/2026\/04\/CMG-Marrakech-CMG-news-El-Confidental-300x211.jpg 300w, https:\/\/cmgmarrakech.com\/wp-content\/uploads\/2026\/04\/CMG-Marrakech-CMG-news-El-Confidental-1024x719.jpg 1024w, https:\/\/cmgmarrakech.com\/wp-content\/uploads\/2026\/04\/CMG-Marrakech-CMG-news-El-Confidental-768x539.jpg 768w, https:\/\/cmgmarrakech.com\/wp-content\/uploads\/2026\/04\/CMG-Marrakech-CMG-news-El-Confidental-1536x1078.jpg 1536w, https:\/\/cmgmarrakech.com\/wp-content\/uploads\/2026\/04\/CMG-Marrakech-CMG-news-El-Confidental-2048x1437.jpg 2048w, https:\/\/cmgmarrakech.com\/wp-content\/uploads\/2026\/04\/CMG-Marrakech-CMG-news-El-Confidental-18x12.jpg 18w, https:\/\/cmgmarrakech.com\/wp-content\/uploads\/2026\/04\/CMG-Marrakech-CMG-news-El-Confidental-415x291.jpg 415w, https:\/\/cmgmarrakech.com\/wp-content\/uploads\/2026\/04\/CMG-Marrakech-CMG-news-El-Confidental-650x456.jpg 650w, https:\/\/cmgmarrakech.com\/wp-content\/uploads\/2026\/04\/CMG-Marrakech-CMG-news-El-Confidental-250x175.jpg 250w\" sizes=\"(max-width: 2300px) 100vw, 2300px\" \/>\t\t\t\t\t\t\t\t<\/a>\n\t\t\t\t\t\t\t\t\t\t\t\t\t\t\t<\/div>\n\t\t\t\t<div class=\"elementor-element elementor-element-3b24759 elementor-widget elementor-widget-heading\" data-id=\"3b24759\" data-element_type=\"widget\" data-e-type=\"widget\" data-widget_type=\"heading.default\">\n\t\t\t\t\t<h2 class=\"elementor-heading-title elementor-size-default\"><a href=\"https:\/\/www.vanitatis.elconfidencial.com\/estilo\/ocio\/2026-03-29\/marrakech-destino-moderno-y-creativo_4328142\/\" target=\"_blank\">Marrakech se reinventa como destino moderno y creativo al calor de las nuevas alianzas entre tradici\u00f3n, dise\u00f1o y lujo global<\/a><\/h2>\t\t\t\t<\/div>\n\t\t\t\t<div class=\"elementor-element elementor-element-97eb0b8 elementor-widget elementor-widget-text-editor\" data-id=\"97eb0b8\" data-element_type=\"widget\" data-e-type=\"widget\" data-widget_type=\"text-editor.default\">\n\t\t\t\t\t\t\t\t\t<p>Vanitatis El Confidential<\/p>\t\t\t\t\t\t\t\t<\/div>\n\t\t\t\t\t<\/div>\n\t\t<\/div>\n\t\t\t\t<div class=\"elementor-column elementor-col-50 elementor-top-column elementor-element elementor-element-8ea07dd\" data-id=\"8ea07dd\" data-element_type=\"column\" data-e-type=\"column\">\n\t\t\t<div class=\"elementor-widget-wrap elementor-element-populated\">\n\t\t\t\t\t\t<div class=\"elementor-element elementor-element-bee5c46 elementor-widget elementor-widget-image\" data-id=\"bee5c46\" data-element_type=\"widget\" data-e-type=\"widget\" data-widget_type=\"image.default\">\n\t\t\t\t\t\t\t\t\t\t\t\t\t\t\t\t<a href=\"https:\/\/presseagence.fr\/toulon-art-lesadtpm-au-coeur-du-projet-une-releve-mediterraneenne\/\" target=\"_blank\">\n\t\t\t\t\t\t\t<img loading=\"lazy\" decoding=\"async\" width=\"2300\" height=\"1614\" src=\"https:\/\/cmgmarrakech.com\/wp-content\/uploads\/2026\/04\/CMG-Marrakech-CMG-news-LoutfiSouidi-Toulon.jpg\" class=\"attachment-full size-full wp-image-19283\" alt=\"\" srcset=\"https:\/\/cmgmarrakech.com\/wp-content\/uploads\/2026\/04\/CMG-Marrakech-CMG-news-LoutfiSouidi-Toulon.jpg 2300w, https:\/\/cmgmarrakech.com\/wp-content\/uploads\/2026\/04\/CMG-Marrakech-CMG-news-LoutfiSouidi-Toulon-300x211.jpg 300w, https:\/\/cmgmarrakech.com\/wp-content\/uploads\/2026\/04\/CMG-Marrakech-CMG-news-LoutfiSouidi-Toulon-1024x719.jpg 1024w, https:\/\/cmgmarrakech.com\/wp-content\/uploads\/2026\/04\/CMG-Marrakech-CMG-news-LoutfiSouidi-Toulon-768x539.jpg 768w, https:\/\/cmgmarrakech.com\/wp-content\/uploads\/2026\/04\/CMG-Marrakech-CMG-news-LoutfiSouidi-Toulon-1536x1078.jpg 1536w, https:\/\/cmgmarrakech.com\/wp-content\/uploads\/2026\/04\/CMG-Marrakech-CMG-news-LoutfiSouidi-Toulon-2048x1437.jpg 2048w, https:\/\/cmgmarrakech.com\/wp-content\/uploads\/2026\/04\/CMG-Marrakech-CMG-news-LoutfiSouidi-Toulon-18x12.jpg 18w, https:\/\/cmgmarrakech.com\/wp-content\/uploads\/2026\/04\/CMG-Marrakech-CMG-news-LoutfiSouidi-Toulon-415x291.jpg 415w, https:\/\/cmgmarrakech.com\/wp-content\/uploads\/2026\/04\/CMG-Marrakech-CMG-news-LoutfiSouidi-Toulon-650x456.jpg 650w, https:\/\/cmgmarrakech.com\/wp-content\/uploads\/2026\/04\/CMG-Marrakech-CMG-news-LoutfiSouidi-Toulon-250x175.jpg 250w\" sizes=\"(max-width: 2300px) 100vw, 2300px\" \/>\t\t\t\t\t\t\t\t<\/a>\n\t\t\t\t\t\t\t\t\t\t\t\t\t\t\t<\/div>\n\t\t\t\t<div class=\"elementor-element elementor-element-4b0931c elementor-widget elementor-widget-heading\" data-id=\"4b0931c\" data-element_type=\"widget\" data-e-type=\"widget\" data-widget_type=\"heading.default\">\n\t\t\t\t\t<h2 class=\"elementor-heading-title elementor-size-default\"><a href=\"https:\/\/presseagence.fr\/toulon-art-lesadtpm-au-coeur-du-projet-une-releve-mediterraneenne\/\" target=\"_blank\">TOULON : Art \u2013 L\u2019ESADTPM c\u0153ur du projet \u00ab Une Rel\u00e8ve M\u00e9diterran\u00e9enne \u00bb\n<\/a><\/h2>\t\t\t\t<\/div>\n\t\t\t\t<div class=\"elementor-element elementor-element-3224ad6 elementor-widget elementor-widget-text-editor\" data-id=\"3224ad6\" data-element_type=\"widget\" data-e-type=\"widget\" data-widget_type=\"text-editor.default\">\n\t\t\t\t\t\t\t\t\t<p>Presseagence.fr<\/p>\t\t\t\t\t\t\t\t<\/div>\n\t\t\t\t\t<\/div>\n\t\t<\/div>\n\t\t\t\t\t<\/div>\n\t\t<\/section>\n\t\t\t\t<section class=\"elementor-section elementor-top-section elementor-element elementor-element-e70552a animated-slow elementor-section-boxed elementor-section-height-default elementor-section-height-default\" data-id=\"e70552a\" data-element_type=\"section\" data-e-type=\"section\" data-settings=\"{&quot;animation&quot;:&quot;none&quot;}\">\n\t\t\t\t\t\t<div class=\"elementor-container elementor-column-gap-default\">\n\t\t\t\t\t<div class=\"elementor-column elementor-col-50 elementor-top-column elementor-element elementor-element-372e83e\" data-id=\"372e83e\" data-element_type=\"column\" data-e-type=\"column\">\n\t\t\t<div class=\"elementor-widget-wrap elementor-element-populated\">\n\t\t\t\t\t\t<div class=\"elementor-element elementor-element-9650c29 elementor-widget elementor-widget-image\" data-id=\"9650c29\" data-element_type=\"widget\" data-e-type=\"widget\" data-widget_type=\"image.default\">\n\t\t\t\t\t\t\t\t\t\t\t\t\t\t\t\t<a href=\"https:\/\/www.yabiladi.com\/articles\/details\/190703\/fondation-hassan-fete-l-espace-rivages.html\" target=\"_blank\">\n\t\t\t\t\t\t\t<img loading=\"lazy\" decoding=\"async\" width=\"2300\" height=\"1614\" src=\"https:\/\/cmgmarrakech.com\/wp-content\/uploads\/2026\/03\/CMG-Marrakech-CMG-news-Yasmina-Alaoui-Rivages.jpg\" class=\"attachment-full size-full wp-image-19268\" alt=\"\" srcset=\"https:\/\/cmgmarrakech.com\/wp-content\/uploads\/2026\/03\/CMG-Marrakech-CMG-news-Yasmina-Alaoui-Rivages.jpg 2300w, https:\/\/cmgmarrakech.com\/wp-content\/uploads\/2026\/03\/CMG-Marrakech-CMG-news-Yasmina-Alaoui-Rivages-300x211.jpg 300w, https:\/\/cmgmarrakech.com\/wp-content\/uploads\/2026\/03\/CMG-Marrakech-CMG-news-Yasmina-Alaoui-Rivages-1024x719.jpg 1024w, https:\/\/cmgmarrakech.com\/wp-content\/uploads\/2026\/03\/CMG-Marrakech-CMG-news-Yasmina-Alaoui-Rivages-768x539.jpg 768w, https:\/\/cmgmarrakech.com\/wp-content\/uploads\/2026\/03\/CMG-Marrakech-CMG-news-Yasmina-Alaoui-Rivages-1536x1078.jpg 1536w, https:\/\/cmgmarrakech.com\/wp-content\/uploads\/2026\/03\/CMG-Marrakech-CMG-news-Yasmina-Alaoui-Rivages-2048x1437.jpg 2048w, https:\/\/cmgmarrakech.com\/wp-content\/uploads\/2026\/03\/CMG-Marrakech-CMG-news-Yasmina-Alaoui-Rivages-18x12.jpg 18w, https:\/\/cmgmarrakech.com\/wp-content\/uploads\/2026\/03\/CMG-Marrakech-CMG-news-Yasmina-Alaoui-Rivages-415x291.jpg 415w, https:\/\/cmgmarrakech.com\/wp-content\/uploads\/2026\/03\/CMG-Marrakech-CMG-news-Yasmina-Alaoui-Rivages-650x456.jpg 650w, https:\/\/cmgmarrakech.com\/wp-content\/uploads\/2026\/03\/CMG-Marrakech-CMG-news-Yasmina-Alaoui-Rivages-250x175.jpg 250w\" sizes=\"(max-width: 2300px) 100vw, 2300px\" \/>\t\t\t\t\t\t\t\t<\/a>\n\t\t\t\t\t\t\t\t\t\t\t\t\t\t\t<\/div>\n\t\t\t\t<div class=\"elementor-element elementor-element-8066e84 elementor-widget elementor-widget-heading\" data-id=\"8066e84\" data-element_type=\"widget\" data-e-type=\"widget\" data-widget_type=\"heading.default\">\n\t\t\t\t\t<h2 class=\"elementor-heading-title elementor-size-default\"><a href=\"https:\/\/www.yabiladi.com\/articles\/details\/190703\/fondation-hassan-fete-l-espace-rivages.html\" target=\"_blank\">La Fondation Hassan II f\u00eate les 10 ans de l\u2019Espace Rivages avec les artistes MRE<\/a><\/h2>\t\t\t\t<\/div>\n\t\t\t\t<div class=\"elementor-element elementor-element-dfea161 elementor-widget elementor-widget-text-editor\" data-id=\"dfea161\" data-element_type=\"widget\" data-e-type=\"widget\" data-widget_type=\"text-editor.default\">\n\t\t\t\t\t\t\t\t\t<p>Ya Biladi<\/p>\t\t\t\t\t\t\t\t<\/div>\n\t\t\t\t\t<\/div>\n\t\t<\/div>\n\t\t\t\t<div class=\"elementor-column elementor-col-50 elementor-top-column elementor-element elementor-element-c21d48b\" data-id=\"c21d48b\" data-element_type=\"column\" data-e-type=\"column\">\n\t\t\t<div class=\"elementor-widget-wrap elementor-element-populated\">\n\t\t\t\t\t\t<div class=\"elementor-element elementor-element-d5a0a91 elementor-widget elementor-widget-image\" data-id=\"d5a0a91\" data-element_type=\"widget\" data-e-type=\"widget\" data-widget_type=\"image.default\">\n\t\t\t\t\t\t\t\t\t\t\t\t\t\t\t\t<a href=\"https:\/\/artafricamagazine.org\/writing-the-earth-ila-turab-by-moroccan-artist-fatiha-zemmouri\/\" target=\"_blank\">\n\t\t\t\t\t\t\t<img loading=\"lazy\" decoding=\"async\" width=\"2300\" height=\"1614\" src=\"https:\/\/cmgmarrakech.com\/wp-content\/uploads\/2026\/03\/CMG-Marrakech-CMG-news-Ila-turab-Fatiha-Zemmouri.jpg\" class=\"attachment-full size-full wp-image-19272\" alt=\"\" srcset=\"https:\/\/cmgmarrakech.com\/wp-content\/uploads\/2026\/03\/CMG-Marrakech-CMG-news-Ila-turab-Fatiha-Zemmouri.jpg 2300w, https:\/\/cmgmarrakech.com\/wp-content\/uploads\/2026\/03\/CMG-Marrakech-CMG-news-Ila-turab-Fatiha-Zemmouri-300x211.jpg 300w, https:\/\/cmgmarrakech.com\/wp-content\/uploads\/2026\/03\/CMG-Marrakech-CMG-news-Ila-turab-Fatiha-Zemmouri-1024x719.jpg 1024w, https:\/\/cmgmarrakech.com\/wp-content\/uploads\/2026\/03\/CMG-Marrakech-CMG-news-Ila-turab-Fatiha-Zemmouri-768x539.jpg 768w, https:\/\/cmgmarrakech.com\/wp-content\/uploads\/2026\/03\/CMG-Marrakech-CMG-news-Ila-turab-Fatiha-Zemmouri-1536x1078.jpg 1536w, https:\/\/cmgmarrakech.com\/wp-content\/uploads\/2026\/03\/CMG-Marrakech-CMG-news-Ila-turab-Fatiha-Zemmouri-2048x1437.jpg 2048w, https:\/\/cmgmarrakech.com\/wp-content\/uploads\/2026\/03\/CMG-Marrakech-CMG-news-Ila-turab-Fatiha-Zemmouri-18x12.jpg 18w, https:\/\/cmgmarrakech.com\/wp-content\/uploads\/2026\/03\/CMG-Marrakech-CMG-news-Ila-turab-Fatiha-Zemmouri-415x291.jpg 415w, https:\/\/cmgmarrakech.com\/wp-content\/uploads\/2026\/03\/CMG-Marrakech-CMG-news-Ila-turab-Fatiha-Zemmouri-650x456.jpg 650w, https:\/\/cmgmarrakech.com\/wp-content\/uploads\/2026\/03\/CMG-Marrakech-CMG-news-Ila-turab-Fatiha-Zemmouri-250x175.jpg 250w\" sizes=\"(max-width: 2300px) 100vw, 2300px\" \/>\t\t\t\t\t\t\t\t<\/a>\n\t\t\t\t\t\t\t\t\t\t\t\t\t\t\t<\/div>\n\t\t\t\t<div class=\"elementor-element elementor-element-a52bb4a elementor-widget elementor-widget-heading\" data-id=\"a52bb4a\" data-element_type=\"widget\" data-e-type=\"widget\" data-widget_type=\"heading.default\">\n\t\t\t\t\t<h2 class=\"elementor-heading-title elementor-size-default\"><a href=\"https:\/\/artafricamagazine.org\/writing-the-earth-ila-turab-by-moroccan-artist-fatiha-zemmouri\/\" target=\"_blank\">Writing the Earth: \u2018Ila Turab\u2019 by Moroccan artist Fatiha Zemmouri<\/a><\/h2>\t\t\t\t<\/div>\n\t\t\t\t<div class=\"elementor-element elementor-element-318b5cc elementor-widget elementor-widget-text-editor\" data-id=\"318b5cc\" data-element_type=\"widget\" data-e-type=\"widget\" data-widget_type=\"text-editor.default\">\n\t\t\t\t\t\t\t\t\t<p>Art Africa Magazine<\/p>\t\t\t\t\t\t\t\t<\/div>\n\t\t\t\t\t<\/div>\n\t\t<\/div>\n\t\t\t\t\t<\/div>\n\t\t<\/section>\n\t\t\t\t<section class=\"elementor-section elementor-top-section elementor-element elementor-element-89b82d1 animated-slow elementor-section-boxed elementor-section-height-default elementor-section-height-default\" data-id=\"89b82d1\" data-element_type=\"section\" data-e-type=\"section\" data-settings=\"{&quot;animation&quot;:&quot;none&quot;}\">\n\t\t\t\t\t\t<div class=\"elementor-container elementor-column-gap-default\">\n\t\t\t\t\t<div class=\"elementor-column elementor-col-50 elementor-top-column elementor-element elementor-element-688a998\" data-id=\"688a998\" data-element_type=\"column\" data-e-type=\"column\">\n\t\t\t<div class=\"elementor-widget-wrap elementor-element-populated\">\n\t\t\t\t\t\t<div class=\"elementor-element elementor-element-38fe1dc elementor-widget elementor-widget-image\" data-id=\"38fe1dc\" data-element_type=\"widget\" data-e-type=\"widget\" data-widget_type=\"image.default\">\n\t\t\t\t\t\t\t\t\t\t\t\t\t\t\t\t<a href=\"https:\/\/www.diptykmag.com\/au-maroc-quel-est-le-veritable-pouvoir-des-femmes-dans-lart-contemporain-women-in-moroccos-art-world-how-much-power\/\" target=\"_blank\">\n\t\t\t\t\t\t\t<img loading=\"lazy\" decoding=\"async\" width=\"2300\" height=\"1614\" src=\"https:\/\/cmgmarrakech.com\/wp-content\/uploads\/2026\/03\/CMG-Marrakech-CMG-news-abri-de-rien-Fatiha-Zemmouri.jpg\" class=\"attachment-full size-full wp-image-18985\" alt=\"\" srcset=\"https:\/\/cmgmarrakech.com\/wp-content\/uploads\/2026\/03\/CMG-Marrakech-CMG-news-abri-de-rien-Fatiha-Zemmouri.jpg 2300w, https:\/\/cmgmarrakech.com\/wp-content\/uploads\/2026\/03\/CMG-Marrakech-CMG-news-abri-de-rien-Fatiha-Zemmouri-300x211.jpg 300w, https:\/\/cmgmarrakech.com\/wp-content\/uploads\/2026\/03\/CMG-Marrakech-CMG-news-abri-de-rien-Fatiha-Zemmouri-1024x719.jpg 1024w, https:\/\/cmgmarrakech.com\/wp-content\/uploads\/2026\/03\/CMG-Marrakech-CMG-news-abri-de-rien-Fatiha-Zemmouri-768x539.jpg 768w, https:\/\/cmgmarrakech.com\/wp-content\/uploads\/2026\/03\/CMG-Marrakech-CMG-news-abri-de-rien-Fatiha-Zemmouri-1536x1078.jpg 1536w, https:\/\/cmgmarrakech.com\/wp-content\/uploads\/2026\/03\/CMG-Marrakech-CMG-news-abri-de-rien-Fatiha-Zemmouri-2048x1437.jpg 2048w, https:\/\/cmgmarrakech.com\/wp-content\/uploads\/2026\/03\/CMG-Marrakech-CMG-news-abri-de-rien-Fatiha-Zemmouri-18x12.jpg 18w, https:\/\/cmgmarrakech.com\/wp-content\/uploads\/2026\/03\/CMG-Marrakech-CMG-news-abri-de-rien-Fatiha-Zemmouri-415x291.jpg 415w, https:\/\/cmgmarrakech.com\/wp-content\/uploads\/2026\/03\/CMG-Marrakech-CMG-news-abri-de-rien-Fatiha-Zemmouri-650x456.jpg 650w, https:\/\/cmgmarrakech.com\/wp-content\/uploads\/2026\/03\/CMG-Marrakech-CMG-news-abri-de-rien-Fatiha-Zemmouri-250x175.jpg 250w\" sizes=\"(max-width: 2300px) 100vw, 2300px\" \/>\t\t\t\t\t\t\t\t<\/a>\n\t\t\t\t\t\t\t\t\t\t\t\t\t\t\t<\/div>\n\t\t\t\t<div class=\"elementor-element elementor-element-4907c57 elementor-widget elementor-widget-heading\" data-id=\"4907c57\" data-element_type=\"widget\" data-e-type=\"widget\" data-widget_type=\"heading.default\">\n\t\t\t\t\t<h2 class=\"elementor-heading-title elementor-size-default\"><a href=\"https:\/\/www.diptykmag.com\/au-maroc-quel-est-le-veritable-pouvoir-des-femmes-dans-lart-contemporain-women-in-moroccos-art-world-how-much-power\/\" target=\"_blank\">Au Maroc, quel est le v\u00e9ritable pouvoir des femmes dans l\u2019art contemporain ?<\/a><\/h2>\t\t\t\t<\/div>\n\t\t\t\t<div class=\"elementor-element elementor-element-5403aa7 elementor-widget elementor-widget-text-editor\" data-id=\"5403aa7\" data-element_type=\"widget\" data-e-type=\"widget\" data-widget_type=\"text-editor.default\">\n\t\t\t\t\t\t\t\t\t<p>Diptyk<\/p>\t\t\t\t\t\t\t\t<\/div>\n\t\t\t\t\t<\/div>\n\t\t<\/div>\n\t\t\t\t<div class=\"elementor-column elementor-col-50 elementor-top-column elementor-element elementor-element-a03d348\" data-id=\"a03d348\" data-element_type=\"column\" data-e-type=\"column\">\n\t\t\t<div class=\"elementor-widget-wrap elementor-element-populated\">\n\t\t\t\t\t\t<div class=\"elementor-element elementor-element-9b63ef6 elementor-widget elementor-widget-image\" data-id=\"9b63ef6\" data-element_type=\"widget\" data-e-type=\"widget\" data-widget_type=\"image.default\">\n\t\t\t\t\t\t\t\t\t\t\t\t\t\t\t\t<a href=\"https:\/\/if-maroc.org\/meknes\/evenements\/exposition-apres-le-feu-de-khadija-jayi\/#\/\" target=\"_blank\">\n\t\t\t\t\t\t\t<img loading=\"lazy\" decoding=\"async\" width=\"2300\" height=\"1614\" src=\"https:\/\/cmgmarrakech.com\/wp-content\/uploads\/2026\/02\/CMG-Marrakech-CMG-news-IF-Meknes-Jayi.jpg\" class=\"attachment-full size-full wp-image-18948\" alt=\"\" srcset=\"https:\/\/cmgmarrakech.com\/wp-content\/uploads\/2026\/02\/CMG-Marrakech-CMG-news-IF-Meknes-Jayi.jpg 2300w, https:\/\/cmgmarrakech.com\/wp-content\/uploads\/2026\/02\/CMG-Marrakech-CMG-news-IF-Meknes-Jayi-300x211.jpg 300w, https:\/\/cmgmarrakech.com\/wp-content\/uploads\/2026\/02\/CMG-Marrakech-CMG-news-IF-Meknes-Jayi-1024x719.jpg 1024w, https:\/\/cmgmarrakech.com\/wp-content\/uploads\/2026\/02\/CMG-Marrakech-CMG-news-IF-Meknes-Jayi-768x539.jpg 768w, https:\/\/cmgmarrakech.com\/wp-content\/uploads\/2026\/02\/CMG-Marrakech-CMG-news-IF-Meknes-Jayi-1536x1078.jpg 1536w, https:\/\/cmgmarrakech.com\/wp-content\/uploads\/2026\/02\/CMG-Marrakech-CMG-news-IF-Meknes-Jayi-2048x1437.jpg 2048w, https:\/\/cmgmarrakech.com\/wp-content\/uploads\/2026\/02\/CMG-Marrakech-CMG-news-IF-Meknes-Jayi-18x12.jpg 18w, https:\/\/cmgmarrakech.com\/wp-content\/uploads\/2026\/02\/CMG-Marrakech-CMG-news-IF-Meknes-Jayi-415x291.jpg 415w, https:\/\/cmgmarrakech.com\/wp-content\/uploads\/2026\/02\/CMG-Marrakech-CMG-news-IF-Meknes-Jayi-650x456.jpg 650w, https:\/\/cmgmarrakech.com\/wp-content\/uploads\/2026\/02\/CMG-Marrakech-CMG-news-IF-Meknes-Jayi-250x175.jpg 250w\" sizes=\"(max-width: 2300px) 100vw, 2300px\" \/>\t\t\t\t\t\t\t\t<\/a>\n\t\t\t\t\t\t\t\t\t\t\t\t\t\t\t<\/div>\n\t\t\t\t<div class=\"elementor-element elementor-element-89095b1 elementor-widget elementor-widget-heading\" data-id=\"89095b1\" data-element_type=\"widget\" data-e-type=\"widget\" data-widget_type=\"heading.default\">\n\t\t\t\t\t<h2 class=\"elementor-heading-title elementor-size-default\"><a href=\"https:\/\/if-maroc.org\/meknes\/evenements\/exposition-apres-le-feu-de-khadija-jayi\/#\/\" target=\"_blank\">Institut Fran\u00e7ais Meknes - Exposition : Apr\u00e8s le feu de Khadija Jayi\n<\/a><\/h2>\t\t\t\t<\/div>\n\t\t\t\t<div class=\"elementor-element elementor-element-0554bbe elementor-widget elementor-widget-text-editor\" data-id=\"0554bbe\" data-element_type=\"widget\" data-e-type=\"widget\" data-widget_type=\"text-editor.default\">\n\t\t\t\t\t\t\t\t\t<p>IF Maroc<\/p>\t\t\t\t\t\t\t\t<\/div>\n\t\t\t\t\t<\/div>\n\t\t<\/div>\n\t\t\t\t\t<\/div>\n\t\t<\/section>\n\t\t\t\t<section class=\"elementor-section elementor-top-section elementor-element elementor-element-a72decc animated-slow elementor-section-boxed elementor-section-height-default elementor-section-height-default\" data-id=\"a72decc\" data-element_type=\"section\" data-e-type=\"section\" data-settings=\"{&quot;animation&quot;:&quot;none&quot;}\">\n\t\t\t\t\t\t<div class=\"elementor-container elementor-column-gap-default\">\n\t\t\t\t\t<div class=\"elementor-column elementor-col-50 elementor-top-column elementor-element elementor-element-dd8917f\" data-id=\"dd8917f\" data-element_type=\"column\" data-e-type=\"column\">\n\t\t\t<div class=\"elementor-widget-wrap elementor-element-populated\">\n\t\t\t\t\t\t<div class=\"elementor-element elementor-element-26c6cd9 elementor-widget elementor-widget-image\" data-id=\"26c6cd9\" data-element_type=\"widget\" data-e-type=\"widget\" data-widget_type=\"image.default\">\n\t\t\t\t\t\t\t\t\t\t\t\t\t\t\t\t<a href=\"https:\/\/mwnlifestyle.com\/2026\/02\/23\/sarabande-yasmina-alaouis-protest-against-ai-art-at-marrakechs-comptoir-des-mines\/\" target=\"_blank\">\n\t\t\t\t\t\t\t<img loading=\"lazy\" decoding=\"async\" width=\"2300\" height=\"1614\" src=\"https:\/\/cmgmarrakech.com\/wp-content\/uploads\/2026\/02\/CMG-Marrakech-CMG-Yasmina-Alaoui-Sarabance.jpg\" class=\"attachment-full size-full wp-image-18894\" alt=\"\" srcset=\"https:\/\/cmgmarrakech.com\/wp-content\/uploads\/2026\/02\/CMG-Marrakech-CMG-Yasmina-Alaoui-Sarabance.jpg 2300w, https:\/\/cmgmarrakech.com\/wp-content\/uploads\/2026\/02\/CMG-Marrakech-CMG-Yasmina-Alaoui-Sarabance-300x211.jpg 300w, https:\/\/cmgmarrakech.com\/wp-content\/uploads\/2026\/02\/CMG-Marrakech-CMG-Yasmina-Alaoui-Sarabance-1024x719.jpg 1024w, https:\/\/cmgmarrakech.com\/wp-content\/uploads\/2026\/02\/CMG-Marrakech-CMG-Yasmina-Alaoui-Sarabance-768x539.jpg 768w, https:\/\/cmgmarrakech.com\/wp-content\/uploads\/2026\/02\/CMG-Marrakech-CMG-Yasmina-Alaoui-Sarabance-1536x1078.jpg 1536w, https:\/\/cmgmarrakech.com\/wp-content\/uploads\/2026\/02\/CMG-Marrakech-CMG-Yasmina-Alaoui-Sarabance-2048x1437.jpg 2048w, https:\/\/cmgmarrakech.com\/wp-content\/uploads\/2026\/02\/CMG-Marrakech-CMG-Yasmina-Alaoui-Sarabance-18x12.jpg 18w, https:\/\/cmgmarrakech.com\/wp-content\/uploads\/2026\/02\/CMG-Marrakech-CMG-Yasmina-Alaoui-Sarabance-415x291.jpg 415w, https:\/\/cmgmarrakech.com\/wp-content\/uploads\/2026\/02\/CMG-Marrakech-CMG-Yasmina-Alaoui-Sarabance-650x456.jpg 650w, https:\/\/cmgmarrakech.com\/wp-content\/uploads\/2026\/02\/CMG-Marrakech-CMG-Yasmina-Alaoui-Sarabance-250x175.jpg 250w\" sizes=\"(max-width: 2300px) 100vw, 2300px\" \/>\t\t\t\t\t\t\t\t<\/a>\n\t\t\t\t\t\t\t\t\t\t\t\t\t\t\t<\/div>\n\t\t\t\t<div class=\"elementor-element elementor-element-603e7c3 elementor-widget elementor-widget-heading\" data-id=\"603e7c3\" data-element_type=\"widget\" data-e-type=\"widget\" data-widget_type=\"heading.default\">\n\t\t\t\t\t<h2 class=\"elementor-heading-title elementor-size-default\"><a href=\"https:\/\/mwnlifestyle.com\/2026\/02\/23\/sarabande-yasmina-alaouis-protest-against-ai-art-at-marrakechs-comptoir-des-mines\/\" target=\"_blank\">\u2018Sarabande\u2019: Yasmina Alaoui Reimagines the Body at Comptoir des Mines\n<\/a><\/h2>\t\t\t\t<\/div>\n\t\t\t\t<div class=\"elementor-element elementor-element-c8feb45 elementor-widget elementor-widget-text-editor\" data-id=\"c8feb45\" data-element_type=\"widget\" data-e-type=\"widget\" data-widget_type=\"text-editor.default\">\n\t\t\t\t\t\t\t\t\t<p>MWN Lifestyle<\/p>\t\t\t\t\t\t\t\t<\/div>\n\t\t\t\t\t<\/div>\n\t\t<\/div>\n\t\t\t\t<div class=\"elementor-column elementor-col-50 elementor-top-column elementor-element elementor-element-e6d99d0\" data-id=\"e6d99d0\" data-element_type=\"column\" data-e-type=\"column\">\n\t\t\t<div class=\"elementor-widget-wrap elementor-element-populated\">\n\t\t\t\t\t\t<div class=\"elementor-element elementor-element-b519eeb elementor-widget elementor-widget-image\" data-id=\"b519eeb\" data-element_type=\"widget\" data-e-type=\"widget\" data-widget_type=\"image.default\">\n\t\t\t\t\t\t\t\t\t\t\t\t\t\t\t\t<a href=\"https:\/\/www.artnewspaper.fr\/2026\/02\/23\/douze-finalistes-pour-le-prix-her-art-2026\" target=\"_blank\">\n\t\t\t\t\t\t\t<img loading=\"lazy\" decoding=\"async\" width=\"2300\" height=\"1614\" src=\"https:\/\/cmgmarrakech.com\/wp-content\/uploads\/2026\/02\/CMG-Marrakech-CMG-news-Sara-Ouhaddou-Cosmogrammes.jpg\" class=\"attachment-full size-full wp-image-18900\" alt=\"\" srcset=\"https:\/\/cmgmarrakech.com\/wp-content\/uploads\/2026\/02\/CMG-Marrakech-CMG-news-Sara-Ouhaddou-Cosmogrammes.jpg 2300w, https:\/\/cmgmarrakech.com\/wp-content\/uploads\/2026\/02\/CMG-Marrakech-CMG-news-Sara-Ouhaddou-Cosmogrammes-300x211.jpg 300w, https:\/\/cmgmarrakech.com\/wp-content\/uploads\/2026\/02\/CMG-Marrakech-CMG-news-Sara-Ouhaddou-Cosmogrammes-1024x719.jpg 1024w, https:\/\/cmgmarrakech.com\/wp-content\/uploads\/2026\/02\/CMG-Marrakech-CMG-news-Sara-Ouhaddou-Cosmogrammes-768x539.jpg 768w, https:\/\/cmgmarrakech.com\/wp-content\/uploads\/2026\/02\/CMG-Marrakech-CMG-news-Sara-Ouhaddou-Cosmogrammes-1536x1078.jpg 1536w, https:\/\/cmgmarrakech.com\/wp-content\/uploads\/2026\/02\/CMG-Marrakech-CMG-news-Sara-Ouhaddou-Cosmogrammes-2048x1437.jpg 2048w, https:\/\/cmgmarrakech.com\/wp-content\/uploads\/2026\/02\/CMG-Marrakech-CMG-news-Sara-Ouhaddou-Cosmogrammes-18x12.jpg 18w, https:\/\/cmgmarrakech.com\/wp-content\/uploads\/2026\/02\/CMG-Marrakech-CMG-news-Sara-Ouhaddou-Cosmogrammes-415x291.jpg 415w, https:\/\/cmgmarrakech.com\/wp-content\/uploads\/2026\/02\/CMG-Marrakech-CMG-news-Sara-Ouhaddou-Cosmogrammes-650x456.jpg 650w, https:\/\/cmgmarrakech.com\/wp-content\/uploads\/2026\/02\/CMG-Marrakech-CMG-news-Sara-Ouhaddou-Cosmogrammes-250x175.jpg 250w\" sizes=\"(max-width: 2300px) 100vw, 2300px\" \/>\t\t\t\t\t\t\t\t<\/a>\n\t\t\t\t\t\t\t\t\t\t\t\t\t\t\t<\/div>\n\t\t\t\t<div class=\"elementor-element elementor-element-7b8ba19 elementor-widget elementor-widget-heading\" data-id=\"7b8ba19\" data-element_type=\"widget\" data-e-type=\"widget\" data-widget_type=\"heading.default\">\n\t\t\t\t\t<h2 class=\"elementor-heading-title elementor-size-default\"><a href=\"https:\/\/www.artnewspaper.fr\/2026\/02\/23\/douze-finalistes-pour-le-prix-her-art-2026\" target=\"_blank\">Sara Ouhaddou - Douze finalistes pour le Prix Her Art 2026\n<\/a><\/h2>\t\t\t\t<\/div>\n\t\t\t\t<div class=\"elementor-element elementor-element-193e1b3 elementor-widget elementor-widget-text-editor\" data-id=\"193e1b3\" data-element_type=\"widget\" data-e-type=\"widget\" data-widget_type=\"text-editor.default\">\n\t\t\t\t\t\t\t\t\t<p>Art Newspaper<\/p>\t\t\t\t\t\t\t\t<\/div>\n\t\t\t\t\t<\/div>\n\t\t<\/div>\n\t\t\t\t\t<\/div>\n\t\t<\/section>\n\t\t\t\t<section class=\"elementor-section elementor-top-section elementor-element elementor-element-1dd3184 animated-slow elementor-section-boxed elementor-section-height-default elementor-section-height-default\" data-id=\"1dd3184\" data-element_type=\"section\" data-e-type=\"section\" data-settings=\"{&quot;animation&quot;:&quot;none&quot;}\">\n\t\t\t\t\t\t<div class=\"elementor-container elementor-column-gap-default\">\n\t\t\t\t\t<div class=\"elementor-column elementor-col-50 elementor-top-column elementor-element elementor-element-b2d14bd\" data-id=\"b2d14bd\" data-element_type=\"column\" data-e-type=\"column\">\n\t\t\t<div class=\"elementor-widget-wrap elementor-element-populated\">\n\t\t\t\t\t\t<div class=\"elementor-element elementor-element-38acb1e elementor-widget elementor-widget-image\" data-id=\"38acb1e\" data-element_type=\"widget\" data-e-type=\"widget\" data-widget_type=\"image.default\">\n\t\t\t\t\t\t\t\t\t\t\t\t\t\t\t\t<a href=\"https:\/\/www.marieclaire.fr\/sara-ouhaddou,1509695.asp\" target=\"_blank\">\n\t\t\t\t\t\t\t<img loading=\"lazy\" decoding=\"async\" width=\"2300\" height=\"1614\" src=\"https:\/\/cmgmarrakech.com\/wp-content\/uploads\/2026\/02\/CMG-Marrakech-CMG-news-Sara-Ouhaddou-MarieClaire.jpg\" class=\"attachment-full size-full wp-image-18895\" alt=\"\" srcset=\"https:\/\/cmgmarrakech.com\/wp-content\/uploads\/2026\/02\/CMG-Marrakech-CMG-news-Sara-Ouhaddou-MarieClaire.jpg 2300w, https:\/\/cmgmarrakech.com\/wp-content\/uploads\/2026\/02\/CMG-Marrakech-CMG-news-Sara-Ouhaddou-MarieClaire-300x211.jpg 300w, https:\/\/cmgmarrakech.com\/wp-content\/uploads\/2026\/02\/CMG-Marrakech-CMG-news-Sara-Ouhaddou-MarieClaire-1024x719.jpg 1024w, https:\/\/cmgmarrakech.com\/wp-content\/uploads\/2026\/02\/CMG-Marrakech-CMG-news-Sara-Ouhaddou-MarieClaire-768x539.jpg 768w, https:\/\/cmgmarrakech.com\/wp-content\/uploads\/2026\/02\/CMG-Marrakech-CMG-news-Sara-Ouhaddou-MarieClaire-1536x1078.jpg 1536w, https:\/\/cmgmarrakech.com\/wp-content\/uploads\/2026\/02\/CMG-Marrakech-CMG-news-Sara-Ouhaddou-MarieClaire-2048x1437.jpg 2048w, https:\/\/cmgmarrakech.com\/wp-content\/uploads\/2026\/02\/CMG-Marrakech-CMG-news-Sara-Ouhaddou-MarieClaire-18x12.jpg 18w, https:\/\/cmgmarrakech.com\/wp-content\/uploads\/2026\/02\/CMG-Marrakech-CMG-news-Sara-Ouhaddou-MarieClaire-415x291.jpg 415w, https:\/\/cmgmarrakech.com\/wp-content\/uploads\/2026\/02\/CMG-Marrakech-CMG-news-Sara-Ouhaddou-MarieClaire-650x456.jpg 650w, https:\/\/cmgmarrakech.com\/wp-content\/uploads\/2026\/02\/CMG-Marrakech-CMG-news-Sara-Ouhaddou-MarieClaire-250x175.jpg 250w\" sizes=\"(max-width: 2300px) 100vw, 2300px\" \/>\t\t\t\t\t\t\t\t<\/a>\n\t\t\t\t\t\t\t\t\t\t\t\t\t\t\t<\/div>\n\t\t\t\t<div class=\"elementor-element elementor-element-50150d8 elementor-widget elementor-widget-heading\" data-id=\"50150d8\" data-element_type=\"widget\" data-e-type=\"widget\" data-widget_type=\"heading.default\">\n\t\t\t\t\t<h2 class=\"elementor-heading-title elementor-size-default\"><a href=\"https:\/\/www.marieclaire.fr\/sara-ouhaddou,1509695.asp\" target=\"_blank\">Sara Ouhaddou fait partie des 12 finalistes du prix Her Art 2026<\/a><\/h2>\t\t\t\t<\/div>\n\t\t\t\t<div class=\"elementor-element elementor-element-839bd0e elementor-widget elementor-widget-text-editor\" data-id=\"839bd0e\" data-element_type=\"widget\" data-e-type=\"widget\" data-widget_type=\"text-editor.default\">\n\t\t\t\t\t\t\t\t\t<p>Marie Claire<\/p>\t\t\t\t\t\t\t\t<\/div>\n\t\t\t\t\t<\/div>\n\t\t<\/div>\n\t\t\t\t<div class=\"elementor-column elementor-col-50 elementor-top-column elementor-element elementor-element-8f48173\" data-id=\"8f48173\" data-element_type=\"column\" data-e-type=\"column\">\n\t\t\t<div class=\"elementor-widget-wrap elementor-element-populated\">\n\t\t\t\t\t\t<div class=\"elementor-element elementor-element-293819e elementor-widget elementor-widget-image\" data-id=\"293819e\" data-element_type=\"widget\" data-e-type=\"widget\" data-widget_type=\"image.default\">\n\t\t\t\t\t\t\t\t\t\t\t\t\t\t\t\t<a href=\"https:\/\/lematin.ma\/culture\/sarabande-le-deplacement-radical-de-yasmina-alaoui\/331369\" target=\"_blank\">\n\t\t\t\t\t\t\t<img loading=\"lazy\" decoding=\"async\" width=\"2300\" height=\"1614\" src=\"https:\/\/cmgmarrakech.com\/wp-content\/uploads\/2026\/02\/CMG-Marrakech-CMG-news-Yasmina-Alaoui-Artsy-Viewing-Room.jpg\" class=\"attachment-full size-full wp-image-18870\" alt=\"\" srcset=\"https:\/\/cmgmarrakech.com\/wp-content\/uploads\/2026\/02\/CMG-Marrakech-CMG-news-Yasmina-Alaoui-Artsy-Viewing-Room.jpg 2300w, https:\/\/cmgmarrakech.com\/wp-content\/uploads\/2026\/02\/CMG-Marrakech-CMG-news-Yasmina-Alaoui-Artsy-Viewing-Room-300x211.jpg 300w, https:\/\/cmgmarrakech.com\/wp-content\/uploads\/2026\/02\/CMG-Marrakech-CMG-news-Yasmina-Alaoui-Artsy-Viewing-Room-1024x719.jpg 1024w, https:\/\/cmgmarrakech.com\/wp-content\/uploads\/2026\/02\/CMG-Marrakech-CMG-news-Yasmina-Alaoui-Artsy-Viewing-Room-768x539.jpg 768w, https:\/\/cmgmarrakech.com\/wp-content\/uploads\/2026\/02\/CMG-Marrakech-CMG-news-Yasmina-Alaoui-Artsy-Viewing-Room-1536x1078.jpg 1536w, https:\/\/cmgmarrakech.com\/wp-content\/uploads\/2026\/02\/CMG-Marrakech-CMG-news-Yasmina-Alaoui-Artsy-Viewing-Room-2048x1437.jpg 2048w, https:\/\/cmgmarrakech.com\/wp-content\/uploads\/2026\/02\/CMG-Marrakech-CMG-news-Yasmina-Alaoui-Artsy-Viewing-Room-18x12.jpg 18w, https:\/\/cmgmarrakech.com\/wp-content\/uploads\/2026\/02\/CMG-Marrakech-CMG-news-Yasmina-Alaoui-Artsy-Viewing-Room-415x291.jpg 415w, https:\/\/cmgmarrakech.com\/wp-content\/uploads\/2026\/02\/CMG-Marrakech-CMG-news-Yasmina-Alaoui-Artsy-Viewing-Room-650x456.jpg 650w, https:\/\/cmgmarrakech.com\/wp-content\/uploads\/2026\/02\/CMG-Marrakech-CMG-news-Yasmina-Alaoui-Artsy-Viewing-Room-250x175.jpg 250w\" sizes=\"(max-width: 2300px) 100vw, 2300px\" \/>\t\t\t\t\t\t\t\t<\/a>\n\t\t\t\t\t\t\t\t\t\t\t\t\t\t\t<\/div>\n\t\t\t\t<div class=\"elementor-element elementor-element-f064617 elementor-widget elementor-widget-heading\" data-id=\"f064617\" data-element_type=\"widget\" data-e-type=\"widget\" data-widget_type=\"heading.default\">\n\t\t\t\t\t<h2 class=\"elementor-heading-title elementor-size-default\"><a href=\"https:\/\/lematin.ma\/culture\/sarabande-le-deplacement-radical-de-yasmina-alaoui\/331369\" target=\"_blank\">\u00abSarabande\u00bb : le d\u00e9placement radical de Yasmina Alaoui\n<\/a><\/h2>\t\t\t\t<\/div>\n\t\t\t\t<div class=\"elementor-element elementor-element-4e2b00f elementor-widget elementor-widget-text-editor\" data-id=\"4e2b00f\" data-element_type=\"widget\" data-e-type=\"widget\" data-widget_type=\"text-editor.default\">\n\t\t\t\t\t\t\t\t\t<p>Le Matin<\/p>\t\t\t\t\t\t\t\t<\/div>\n\t\t\t\t\t<\/div>\n\t\t<\/div>\n\t\t\t\t\t<\/div>\n\t\t<\/section>\n\t\t\t\t<section class=\"elementor-section elementor-top-section elementor-element elementor-element-5e4928f animated-slow elementor-section-boxed elementor-section-height-default elementor-section-height-default\" data-id=\"5e4928f\" data-element_type=\"section\" data-e-type=\"section\" data-settings=\"{&quot;animation&quot;:&quot;none&quot;}\">\n\t\t\t\t\t\t<div class=\"elementor-container elementor-column-gap-default\">\n\t\t\t\t\t<div class=\"elementor-column elementor-col-50 elementor-top-column elementor-element elementor-element-221dc36\" data-id=\"221dc36\" data-element_type=\"column\" data-e-type=\"column\">\n\t\t\t<div class=\"elementor-widget-wrap elementor-element-populated\">\n\t\t\t\t\t\t<div class=\"elementor-element elementor-element-74fc389 elementor-widget elementor-widget-image\" data-id=\"74fc389\" data-element_type=\"widget\" data-e-type=\"widget\" data-widget_type=\"image.default\">\n\t\t\t\t\t\t\t\t\t\t\t\t\t\t\t\t<a href=\"https:\/\/www.artsy.net\/viewing-room\/comptoir-des-mines-galerie-sarabande\" target=\"_blank\">\n\t\t\t\t\t\t\t<img loading=\"lazy\" decoding=\"async\" width=\"2300\" height=\"1614\" src=\"https:\/\/cmgmarrakech.com\/wp-content\/uploads\/2026\/02\/CMG-Marrakech-CMG-news-Yasmina-Alaoui-Artsy-Viewing-Room-2025.jpg\" class=\"attachment-full size-full wp-image-18869\" alt=\"\" srcset=\"https:\/\/cmgmarrakech.com\/wp-content\/uploads\/2026\/02\/CMG-Marrakech-CMG-news-Yasmina-Alaoui-Artsy-Viewing-Room-2025.jpg 2300w, https:\/\/cmgmarrakech.com\/wp-content\/uploads\/2026\/02\/CMG-Marrakech-CMG-news-Yasmina-Alaoui-Artsy-Viewing-Room-2025-300x211.jpg 300w, https:\/\/cmgmarrakech.com\/wp-content\/uploads\/2026\/02\/CMG-Marrakech-CMG-news-Yasmina-Alaoui-Artsy-Viewing-Room-2025-1024x719.jpg 1024w, https:\/\/cmgmarrakech.com\/wp-content\/uploads\/2026\/02\/CMG-Marrakech-CMG-news-Yasmina-Alaoui-Artsy-Viewing-Room-2025-768x539.jpg 768w, https:\/\/cmgmarrakech.com\/wp-content\/uploads\/2026\/02\/CMG-Marrakech-CMG-news-Yasmina-Alaoui-Artsy-Viewing-Room-2025-1536x1078.jpg 1536w, https:\/\/cmgmarrakech.com\/wp-content\/uploads\/2026\/02\/CMG-Marrakech-CMG-news-Yasmina-Alaoui-Artsy-Viewing-Room-2025-2048x1437.jpg 2048w, https:\/\/cmgmarrakech.com\/wp-content\/uploads\/2026\/02\/CMG-Marrakech-CMG-news-Yasmina-Alaoui-Artsy-Viewing-Room-2025-18x12.jpg 18w, https:\/\/cmgmarrakech.com\/wp-content\/uploads\/2026\/02\/CMG-Marrakech-CMG-news-Yasmina-Alaoui-Artsy-Viewing-Room-2025-415x291.jpg 415w, https:\/\/cmgmarrakech.com\/wp-content\/uploads\/2026\/02\/CMG-Marrakech-CMG-news-Yasmina-Alaoui-Artsy-Viewing-Room-2025-650x456.jpg 650w, https:\/\/cmgmarrakech.com\/wp-content\/uploads\/2026\/02\/CMG-Marrakech-CMG-news-Yasmina-Alaoui-Artsy-Viewing-Room-2025-250x175.jpg 250w\" sizes=\"(max-width: 2300px) 100vw, 2300px\" \/>\t\t\t\t\t\t\t\t<\/a>\n\t\t\t\t\t\t\t\t\t\t\t\t\t\t\t<\/div>\n\t\t\t\t<div class=\"elementor-element elementor-element-f4a1ceb elementor-widget elementor-widget-heading\" data-id=\"f4a1ceb\" data-element_type=\"widget\" data-e-type=\"widget\" data-widget_type=\"heading.default\">\n\t\t\t\t\t<h2 class=\"elementor-heading-title elementor-size-default\"><a href=\"https:\/\/www.artsy.net\/viewing-room\/comptoir-des-mines-galerie-sarabande\" target=\"_blank\">Artsy Viewing Room: Sarabande by Yasmina Alaoui<\/a><\/h2>\t\t\t\t<\/div>\n\t\t\t\t<div class=\"elementor-element elementor-element-9844479 elementor-widget elementor-widget-text-editor\" data-id=\"9844479\" data-element_type=\"widget\" data-e-type=\"widget\" data-widget_type=\"text-editor.default\">\n\t\t\t\t\t\t\t\t\t<p>Artsy<\/p>\t\t\t\t\t\t\t\t<\/div>\n\t\t\t\t\t<\/div>\n\t\t<\/div>\n\t\t\t\t<div class=\"elementor-column elementor-col-50 elementor-top-column elementor-element elementor-element-ca012b5\" data-id=\"ca012b5\" data-element_type=\"column\" data-e-type=\"column\">\n\t\t\t<div class=\"elementor-widget-wrap elementor-element-populated\">\n\t\t\t\t\t\t<div class=\"elementor-element elementor-element-797d6e7 elementor-widget elementor-widget-image\" data-id=\"797d6e7\" data-element_type=\"widget\" data-e-type=\"widget\" data-widget_type=\"image.default\">\n\t\t\t\t\t\t\t\t\t\t\t\t\t\t\t\t<a href=\"https:\/\/somethingcurated.com\/2026\/02\/11\/1%E2%80%9154-marrakech-an-art-fair-in-conversation-with-the-city\/\" target=\"_blank\">\n\t\t\t\t\t\t\t<img loading=\"lazy\" decoding=\"async\" width=\"2300\" height=\"1614\" src=\"https:\/\/cmgmarrakech.com\/wp-content\/uploads\/2026\/02\/CMG-Marrakech-CMG-news-somthingcurated.jpg\" class=\"attachment-full size-full wp-image-18863\" alt=\"\" srcset=\"https:\/\/cmgmarrakech.com\/wp-content\/uploads\/2026\/02\/CMG-Marrakech-CMG-news-somthingcurated.jpg 2300w, https:\/\/cmgmarrakech.com\/wp-content\/uploads\/2026\/02\/CMG-Marrakech-CMG-news-somthingcurated-300x211.jpg 300w, https:\/\/cmgmarrakech.com\/wp-content\/uploads\/2026\/02\/CMG-Marrakech-CMG-news-somthingcurated-1024x719.jpg 1024w, https:\/\/cmgmarrakech.com\/wp-content\/uploads\/2026\/02\/CMG-Marrakech-CMG-news-somthingcurated-768x539.jpg 768w, https:\/\/cmgmarrakech.com\/wp-content\/uploads\/2026\/02\/CMG-Marrakech-CMG-news-somthingcurated-1536x1078.jpg 1536w, https:\/\/cmgmarrakech.com\/wp-content\/uploads\/2026\/02\/CMG-Marrakech-CMG-news-somthingcurated-2048x1437.jpg 2048w, https:\/\/cmgmarrakech.com\/wp-content\/uploads\/2026\/02\/CMG-Marrakech-CMG-news-somthingcurated-18x12.jpg 18w, https:\/\/cmgmarrakech.com\/wp-content\/uploads\/2026\/02\/CMG-Marrakech-CMG-news-somthingcurated-415x291.jpg 415w, https:\/\/cmgmarrakech.com\/wp-content\/uploads\/2026\/02\/CMG-Marrakech-CMG-news-somthingcurated-650x456.jpg 650w, https:\/\/cmgmarrakech.com\/wp-content\/uploads\/2026\/02\/CMG-Marrakech-CMG-news-somthingcurated-250x175.jpg 250w\" sizes=\"(max-width: 2300px) 100vw, 2300px\" \/>\t\t\t\t\t\t\t\t<\/a>\n\t\t\t\t\t\t\t\t\t\t\t\t\t\t\t<\/div>\n\t\t\t\t<div class=\"elementor-element elementor-element-9656042 elementor-widget elementor-widget-heading\" data-id=\"9656042\" data-element_type=\"widget\" data-e-type=\"widget\" data-widget_type=\"heading.default\">\n\t\t\t\t\t<h2 class=\"elementor-heading-title elementor-size-default\"><a href=\"https:\/\/somethingcurated.com\/2026\/02\/11\/1%E2%80%9154-marrakech-an-art-fair-in-conversation-with-the-city\/\" target=\"_blank\">1\u201154 Marrakech: An Art Fair in Conversation with the City<\/a><\/h2>\t\t\t\t<\/div>\n\t\t\t\t<div class=\"elementor-element elementor-element-23e7738 elementor-widget elementor-widget-text-editor\" data-id=\"23e7738\" data-element_type=\"widget\" data-e-type=\"widget\" data-widget_type=\"text-editor.default\">\n\t\t\t\t\t\t\t\t\t<p>Something Curated<\/p>\t\t\t\t\t\t\t\t<\/div>\n\t\t\t\t\t<\/div>\n\t\t<\/div>\n\t\t\t\t\t<\/div>\n\t\t<\/section>\n\t\t\t\t<section class=\"elementor-section elementor-top-section elementor-element elementor-element-460e2f1 animated-slow elementor-section-boxed elementor-section-height-default elementor-section-height-default\" data-id=\"460e2f1\" data-element_type=\"section\" data-e-type=\"section\" data-settings=\"{&quot;animation&quot;:&quot;none&quot;}\">\n\t\t\t\t\t\t<div class=\"elementor-container elementor-column-gap-default\">\n\t\t\t\t\t<div class=\"elementor-column elementor-col-50 elementor-top-column elementor-element elementor-element-3dc00ff\" data-id=\"3dc00ff\" data-element_type=\"column\" data-e-type=\"column\">\n\t\t\t<div class=\"elementor-widget-wrap elementor-element-populated\">\n\t\t\t\t\t\t<div class=\"elementor-element elementor-element-a3596da elementor-widget elementor-widget-image\" data-id=\"a3596da\" data-element_type=\"widget\" data-e-type=\"widget\" data-widget_type=\"image.default\">\n\t\t\t\t\t\t\t\t\t\t\t\t\t\t\t\t<a href=\"https:\/\/youtu.be\/9vermeGJOOE?si=7ZN6r4VWqAOhHNEQ&#038;t=601\" target=\"_blank\">\n\t\t\t\t\t\t\t<img loading=\"lazy\" decoding=\"async\" width=\"2300\" height=\"1614\" src=\"https:\/\/cmgmarrakech.com\/wp-content\/uploads\/2026\/02\/CMG-Marrakech-CMG-news-Khadija-Jayi_Yasmina-Alaoui_2MTV.jpg\" class=\"attachment-full size-full wp-image-18858\" alt=\"\" srcset=\"https:\/\/cmgmarrakech.com\/wp-content\/uploads\/2026\/02\/CMG-Marrakech-CMG-news-Khadija-Jayi_Yasmina-Alaoui_2MTV.jpg 2300w, https:\/\/cmgmarrakech.com\/wp-content\/uploads\/2026\/02\/CMG-Marrakech-CMG-news-Khadija-Jayi_Yasmina-Alaoui_2MTV-300x211.jpg 300w, https:\/\/cmgmarrakech.com\/wp-content\/uploads\/2026\/02\/CMG-Marrakech-CMG-news-Khadija-Jayi_Yasmina-Alaoui_2MTV-1024x719.jpg 1024w, https:\/\/cmgmarrakech.com\/wp-content\/uploads\/2026\/02\/CMG-Marrakech-CMG-news-Khadija-Jayi_Yasmina-Alaoui_2MTV-768x539.jpg 768w, https:\/\/cmgmarrakech.com\/wp-content\/uploads\/2026\/02\/CMG-Marrakech-CMG-news-Khadija-Jayi_Yasmina-Alaoui_2MTV-1536x1078.jpg 1536w, https:\/\/cmgmarrakech.com\/wp-content\/uploads\/2026\/02\/CMG-Marrakech-CMG-news-Khadija-Jayi_Yasmina-Alaoui_2MTV-2048x1437.jpg 2048w, https:\/\/cmgmarrakech.com\/wp-content\/uploads\/2026\/02\/CMG-Marrakech-CMG-news-Khadija-Jayi_Yasmina-Alaoui_2MTV-18x12.jpg 18w, https:\/\/cmgmarrakech.com\/wp-content\/uploads\/2026\/02\/CMG-Marrakech-CMG-news-Khadija-Jayi_Yasmina-Alaoui_2MTV-415x291.jpg 415w, https:\/\/cmgmarrakech.com\/wp-content\/uploads\/2026\/02\/CMG-Marrakech-CMG-news-Khadija-Jayi_Yasmina-Alaoui_2MTV-650x456.jpg 650w, https:\/\/cmgmarrakech.com\/wp-content\/uploads\/2026\/02\/CMG-Marrakech-CMG-news-Khadija-Jayi_Yasmina-Alaoui_2MTV-250x175.jpg 250w\" sizes=\"(max-width: 2300px) 100vw, 2300px\" \/>\t\t\t\t\t\t\t\t<\/a>\n\t\t\t\t\t\t\t\t\t\t\t\t\t\t\t<\/div>\n\t\t\t\t<div class=\"elementor-element elementor-element-9f13226 elementor-widget elementor-widget-heading\" data-id=\"9f13226\" data-element_type=\"widget\" data-e-type=\"widget\" data-widget_type=\"heading.default\">\n\t\t\t\t\t<h2 class=\"elementor-heading-title elementor-size-default\"><a href=\"https:\/\/youtu.be\/9vermeGJOOE?si=7ZN6r4VWqAOhHNEQ&#038;t=601\" target=\"_blank\">2M mag : Lundi 16 F\u00e9vrier 2026<\/a><\/h2>\t\t\t\t<\/div>\n\t\t\t\t<div class=\"elementor-element elementor-element-c903155 elementor-widget elementor-widget-text-editor\" data-id=\"c903155\" data-element_type=\"widget\" data-e-type=\"widget\" data-widget_type=\"text-editor.default\">\n\t\t\t\t\t\t\t\t\t<p>2M TV<\/p>\t\t\t\t\t\t\t\t<\/div>\n\t\t\t\t\t<\/div>\n\t\t<\/div>\n\t\t\t\t<div class=\"elementor-column elementor-col-50 elementor-top-column elementor-element elementor-element-b51172e\" data-id=\"b51172e\" data-element_type=\"column\" data-e-type=\"column\">\n\t\t\t<div class=\"elementor-widget-wrap elementor-element-populated\">\n\t\t\t\t\t\t<div class=\"elementor-element elementor-element-e4a4f7f elementor-widget elementor-widget-image\" data-id=\"e4a4f7f\" data-element_type=\"widget\" data-e-type=\"widget\" data-widget_type=\"image.default\">\n\t\t\t\t\t\t\t\t\t\t\t\t\t\t\t\t<a href=\"https:\/\/www.americanartawards.com\/best-galleries-museums-in-the-world-2025\/\" target=\"_blank\">\n\t\t\t\t\t\t\t<img loading=\"lazy\" decoding=\"async\" width=\"2300\" height=\"1614\" src=\"https:\/\/cmgmarrakech.com\/wp-content\/uploads\/2026\/02\/CMG-Marrakech-CMG-news-world-top-20-gallerie.jpg\" class=\"attachment-full size-full wp-image-18859\" alt=\"\" srcset=\"https:\/\/cmgmarrakech.com\/wp-content\/uploads\/2026\/02\/CMG-Marrakech-CMG-news-world-top-20-gallerie.jpg 2300w, https:\/\/cmgmarrakech.com\/wp-content\/uploads\/2026\/02\/CMG-Marrakech-CMG-news-world-top-20-gallerie-300x211.jpg 300w, https:\/\/cmgmarrakech.com\/wp-content\/uploads\/2026\/02\/CMG-Marrakech-CMG-news-world-top-20-gallerie-1024x719.jpg 1024w, https:\/\/cmgmarrakech.com\/wp-content\/uploads\/2026\/02\/CMG-Marrakech-CMG-news-world-top-20-gallerie-768x539.jpg 768w, https:\/\/cmgmarrakech.com\/wp-content\/uploads\/2026\/02\/CMG-Marrakech-CMG-news-world-top-20-gallerie-1536x1078.jpg 1536w, https:\/\/cmgmarrakech.com\/wp-content\/uploads\/2026\/02\/CMG-Marrakech-CMG-news-world-top-20-gallerie-2048x1437.jpg 2048w, https:\/\/cmgmarrakech.com\/wp-content\/uploads\/2026\/02\/CMG-Marrakech-CMG-news-world-top-20-gallerie-18x12.jpg 18w, https:\/\/cmgmarrakech.com\/wp-content\/uploads\/2026\/02\/CMG-Marrakech-CMG-news-world-top-20-gallerie-415x291.jpg 415w, https:\/\/cmgmarrakech.com\/wp-content\/uploads\/2026\/02\/CMG-Marrakech-CMG-news-world-top-20-gallerie-650x456.jpg 650w, https:\/\/cmgmarrakech.com\/wp-content\/uploads\/2026\/02\/CMG-Marrakech-CMG-news-world-top-20-gallerie-250x175.jpg 250w\" sizes=\"(max-width: 2300px) 100vw, 2300px\" \/>\t\t\t\t\t\t\t\t<\/a>\n\t\t\t\t\t\t\t\t\t\t\t\t\t\t\t<\/div>\n\t\t\t\t<div class=\"elementor-element elementor-element-64f8b82 elementor-widget elementor-widget-heading\" data-id=\"64f8b82\" data-element_type=\"widget\" data-e-type=\"widget\" data-widget_type=\"heading.default\">\n\t\t\t\t\t<h2 class=\"elementor-heading-title elementor-size-default\"><a href=\"https:\/\/www.americanartawards.com\/best-galleries-museums-in-the-world-2025\/\" target=\"_blank\">The 20 Best Art Galleries In The World \/ 2025 WORLD ART AWARDS Selections\n<\/a><\/h2>\t\t\t\t<\/div>\n\t\t\t\t<div class=\"elementor-element elementor-element-b6401c2 elementor-widget elementor-widget-text-editor\" data-id=\"b6401c2\" data-element_type=\"widget\" data-e-type=\"widget\" data-widget_type=\"text-editor.default\">\n\t\t\t\t\t\t\t\t\t<p>The World Art Awards<\/p>\t\t\t\t\t\t\t\t<\/div>\n\t\t\t\t\t<\/div>\n\t\t<\/div>\n\t\t\t\t\t<\/div>\n\t\t<\/section>\n\t\t\t\t<section class=\"elementor-section elementor-top-section elementor-element elementor-element-b6ef807 animated-slow elementor-section-boxed elementor-section-height-default elementor-section-height-default\" data-id=\"b6ef807\" data-element_type=\"section\" data-e-type=\"section\" data-settings=\"{&quot;animation&quot;:&quot;none&quot;}\">\n\t\t\t\t\t\t<div class=\"elementor-container elementor-column-gap-default\">\n\t\t\t\t\t<div class=\"elementor-column elementor-col-50 elementor-top-column elementor-element elementor-element-a8c4980\" data-id=\"a8c4980\" data-element_type=\"column\" data-e-type=\"column\">\n\t\t\t<div class=\"elementor-widget-wrap elementor-element-populated\">\n\t\t\t\t\t\t<div class=\"elementor-element elementor-element-c7ef695 elementor-widget elementor-widget-image\" data-id=\"c7ef695\" data-element_type=\"widget\" data-e-type=\"widget\" data-widget_type=\"image.default\">\n\t\t\t\t\t\t\t\t\t\t\t\t\t\t\t\t<a href=\"https:\/\/www.hankyung.com\/amp\/202602134296i\" target=\"_blank\">\n\t\t\t\t\t\t\t<img loading=\"lazy\" decoding=\"async\" width=\"2300\" height=\"1614\" src=\"https:\/\/cmgmarrakech.com\/wp-content\/uploads\/2026\/02\/CMG-Marrakech-CMG-news-Fatiha-Zemmouri-1-54_Marrakech.jpg\" class=\"attachment-full size-full wp-image-18813\" alt=\"\" srcset=\"https:\/\/cmgmarrakech.com\/wp-content\/uploads\/2026\/02\/CMG-Marrakech-CMG-news-Fatiha-Zemmouri-1-54_Marrakech.jpg 2300w, https:\/\/cmgmarrakech.com\/wp-content\/uploads\/2026\/02\/CMG-Marrakech-CMG-news-Fatiha-Zemmouri-1-54_Marrakech-300x211.jpg 300w, https:\/\/cmgmarrakech.com\/wp-content\/uploads\/2026\/02\/CMG-Marrakech-CMG-news-Fatiha-Zemmouri-1-54_Marrakech-1024x719.jpg 1024w, https:\/\/cmgmarrakech.com\/wp-content\/uploads\/2026\/02\/CMG-Marrakech-CMG-news-Fatiha-Zemmouri-1-54_Marrakech-768x539.jpg 768w, https:\/\/cmgmarrakech.com\/wp-content\/uploads\/2026\/02\/CMG-Marrakech-CMG-news-Fatiha-Zemmouri-1-54_Marrakech-1536x1078.jpg 1536w, https:\/\/cmgmarrakech.com\/wp-content\/uploads\/2026\/02\/CMG-Marrakech-CMG-news-Fatiha-Zemmouri-1-54_Marrakech-2048x1437.jpg 2048w, https:\/\/cmgmarrakech.com\/wp-content\/uploads\/2026\/02\/CMG-Marrakech-CMG-news-Fatiha-Zemmouri-1-54_Marrakech-18x12.jpg 18w, https:\/\/cmgmarrakech.com\/wp-content\/uploads\/2026\/02\/CMG-Marrakech-CMG-news-Fatiha-Zemmouri-1-54_Marrakech-415x291.jpg 415w, https:\/\/cmgmarrakech.com\/wp-content\/uploads\/2026\/02\/CMG-Marrakech-CMG-news-Fatiha-Zemmouri-1-54_Marrakech-650x456.jpg 650w, https:\/\/cmgmarrakech.com\/wp-content\/uploads\/2026\/02\/CMG-Marrakech-CMG-news-Fatiha-Zemmouri-1-54_Marrakech-250x175.jpg 250w\" sizes=\"(max-width: 2300px) 100vw, 2300px\" \/>\t\t\t\t\t\t\t\t<\/a>\n\t\t\t\t\t\t\t\t\t\t\t\t\t\t\t<\/div>\n\t\t\t\t<div class=\"elementor-element elementor-element-fb868b6 elementor-widget elementor-widget-heading\" data-id=\"fb868b6\" data-element_type=\"widget\" data-e-type=\"widget\" data-widget_type=\"heading.default\">\n\t\t\t\t\t<h2 class=\"elementor-heading-title elementor-size-default\"><a href=\"https:\/\/www.hankyung.com\/amp\/202602134296i\" target=\"_blank\">Marrakech, hosts a contemporary African Art Fair from 54 countries\n<\/a><\/h2>\t\t\t\t<\/div>\n\t\t\t\t<div class=\"elementor-element elementor-element-c81c2b2 elementor-widget elementor-widget-text-editor\" data-id=\"c81c2b2\" data-element_type=\"widget\" data-e-type=\"widget\" data-widget_type=\"text-editor.default\">\n\t\t\t\t\t\t\t\t\t<p>\ud55c\uacbd\ub2f7\ucef4 &#8211; Hank Yung<\/p>\t\t\t\t\t\t\t\t<\/div>\n\t\t\t\t\t<\/div>\n\t\t<\/div>\n\t\t\t\t<div class=\"elementor-column elementor-col-50 elementor-top-column elementor-element elementor-element-812f469\" data-id=\"812f469\" data-element_type=\"column\" data-e-type=\"column\">\n\t\t\t<div class=\"elementor-widget-wrap elementor-element-populated\">\n\t\t\t\t\t\t<div class=\"elementor-element elementor-element-35902f0 elementor-widget elementor-widget-image\" data-id=\"35902f0\" data-element_type=\"widget\" data-e-type=\"widget\" data-widget_type=\"image.default\">\n\t\t\t\t\t\t\t\t\t\t\t\t\t\t\t\t<a href=\"https:\/\/frac-champagneardenne.org\/expositions\/persistances\" target=\"_blank\">\n\t\t\t\t\t\t\t<img loading=\"lazy\" decoding=\"async\" width=\"2300\" height=\"1614\" src=\"https:\/\/cmgmarrakech.com\/wp-content\/uploads\/2026\/02\/CMG-Marrakech-CMG-news-Hassan-Darsi_FRAC-champagneardenne.jpg\" class=\"attachment-full size-full wp-image-18814\" alt=\"\" srcset=\"https:\/\/cmgmarrakech.com\/wp-content\/uploads\/2026\/02\/CMG-Marrakech-CMG-news-Hassan-Darsi_FRAC-champagneardenne.jpg 2300w, https:\/\/cmgmarrakech.com\/wp-content\/uploads\/2026\/02\/CMG-Marrakech-CMG-news-Hassan-Darsi_FRAC-champagneardenne-300x211.jpg 300w, https:\/\/cmgmarrakech.com\/wp-content\/uploads\/2026\/02\/CMG-Marrakech-CMG-news-Hassan-Darsi_FRAC-champagneardenne-1024x719.jpg 1024w, https:\/\/cmgmarrakech.com\/wp-content\/uploads\/2026\/02\/CMG-Marrakech-CMG-news-Hassan-Darsi_FRAC-champagneardenne-768x539.jpg 768w, https:\/\/cmgmarrakech.com\/wp-content\/uploads\/2026\/02\/CMG-Marrakech-CMG-news-Hassan-Darsi_FRAC-champagneardenne-1536x1078.jpg 1536w, https:\/\/cmgmarrakech.com\/wp-content\/uploads\/2026\/02\/CMG-Marrakech-CMG-news-Hassan-Darsi_FRAC-champagneardenne-2048x1437.jpg 2048w, https:\/\/cmgmarrakech.com\/wp-content\/uploads\/2026\/02\/CMG-Marrakech-CMG-news-Hassan-Darsi_FRAC-champagneardenne-18x12.jpg 18w, https:\/\/cmgmarrakech.com\/wp-content\/uploads\/2026\/02\/CMG-Marrakech-CMG-news-Hassan-Darsi_FRAC-champagneardenne-415x291.jpg 415w, https:\/\/cmgmarrakech.com\/wp-content\/uploads\/2026\/02\/CMG-Marrakech-CMG-news-Hassan-Darsi_FRAC-champagneardenne-650x456.jpg 650w, https:\/\/cmgmarrakech.com\/wp-content\/uploads\/2026\/02\/CMG-Marrakech-CMG-news-Hassan-Darsi_FRAC-champagneardenne-250x175.jpg 250w\" sizes=\"(max-width: 2300px) 100vw, 2300px\" \/>\t\t\t\t\t\t\t\t<\/a>\n\t\t\t\t\t\t\t\t\t\t\t\t\t\t\t<\/div>\n\t\t\t\t<div class=\"elementor-element elementor-element-9c933da elementor-widget elementor-widget-heading\" data-id=\"9c933da\" data-element_type=\"widget\" data-e-type=\"widget\" data-widget_type=\"heading.default\">\n\t\t\t\t\t<h2 class=\"elementor-heading-title elementor-size-default\"><a href=\"https:\/\/frac-champagneardenne.org\/expositions\/persistances\" target=\"_blank\">Hassan Darsi, Persistances Du 29 mai au 25 octobre 2026<\/a><\/h2>\t\t\t\t<\/div>\n\t\t\t\t<div class=\"elementor-element elementor-element-cf69254 elementor-widget elementor-widget-text-editor\" data-id=\"cf69254\" data-element_type=\"widget\" data-e-type=\"widget\" data-widget_type=\"text-editor.default\">\n\t\t\t\t\t\t\t\t\t<p>FRAC Champagne-Ardenne<\/p>\t\t\t\t\t\t\t\t<\/div>\n\t\t\t\t\t<\/div>\n\t\t<\/div>\n\t\t\t\t\t<\/div>\n\t\t<\/section>\n\t\t\t\t<section class=\"elementor-section elementor-top-section elementor-element elementor-element-1c1511f animated-slow elementor-section-boxed elementor-section-height-default elementor-section-height-default\" data-id=\"1c1511f\" data-element_type=\"section\" data-e-type=\"section\" data-settings=\"{&quot;animation&quot;:&quot;none&quot;}\">\n\t\t\t\t\t\t<div class=\"elementor-container elementor-column-gap-default\">\n\t\t\t\t\t<div class=\"elementor-column elementor-col-50 elementor-top-column elementor-element elementor-element-b1606b1\" data-id=\"b1606b1\" data-element_type=\"column\" data-e-type=\"column\">\n\t\t\t<div class=\"elementor-widget-wrap elementor-element-populated\">\n\t\t\t\t\t\t<div class=\"elementor-element elementor-element-b4746c3 elementor-widget elementor-widget-image\" data-id=\"b4746c3\" data-element_type=\"widget\" data-e-type=\"widget\" data-widget_type=\"image.default\">\n\t\t\t\t\t\t\t\t\t\t\t\t\t\t\t\t<a href=\"https:\/\/ledesk.ma\/encontinu\/marche-de-lart-a-marrakech-les-acteurs-plaident-pour-une-mobilite-accrue-des-oeuvres\/\" target=\"_blank\">\n\t\t\t\t\t\t\t<img loading=\"lazy\" decoding=\"async\" width=\"2400\" height=\"1600\" src=\"https:\/\/cmgmarrakech.com\/wp-content\/uploads\/2026\/01\/Yasmina-Alaoui-Sarabande-2026-Vue-3.jpg\" class=\"attachment-full size-full wp-image-18612\" alt=\"\" srcset=\"https:\/\/cmgmarrakech.com\/wp-content\/uploads\/2026\/01\/Yasmina-Alaoui-Sarabande-2026-Vue-3.jpg 2400w, https:\/\/cmgmarrakech.com\/wp-content\/uploads\/2026\/01\/Yasmina-Alaoui-Sarabande-2026-Vue-3-300x200.jpg 300w, https:\/\/cmgmarrakech.com\/wp-content\/uploads\/2026\/01\/Yasmina-Alaoui-Sarabande-2026-Vue-3-1024x683.jpg 1024w, https:\/\/cmgmarrakech.com\/wp-content\/uploads\/2026\/01\/Yasmina-Alaoui-Sarabande-2026-Vue-3-768x512.jpg 768w, https:\/\/cmgmarrakech.com\/wp-content\/uploads\/2026\/01\/Yasmina-Alaoui-Sarabande-2026-Vue-3-1536x1024.jpg 1536w, https:\/\/cmgmarrakech.com\/wp-content\/uploads\/2026\/01\/Yasmina-Alaoui-Sarabande-2026-Vue-3-2048x1365.jpg 2048w, https:\/\/cmgmarrakech.com\/wp-content\/uploads\/2026\/01\/Yasmina-Alaoui-Sarabande-2026-Vue-3-18x12.jpg 18w, https:\/\/cmgmarrakech.com\/wp-content\/uploads\/2026\/01\/Yasmina-Alaoui-Sarabande-2026-Vue-3-415x277.jpg 415w, https:\/\/cmgmarrakech.com\/wp-content\/uploads\/2026\/01\/Yasmina-Alaoui-Sarabande-2026-Vue-3-650x433.jpg 650w, https:\/\/cmgmarrakech.com\/wp-content\/uploads\/2026\/01\/Yasmina-Alaoui-Sarabande-2026-Vue-3-250x167.jpg 250w\" sizes=\"(max-width: 2400px) 100vw, 2400px\" \/>\t\t\t\t\t\t\t\t<\/a>\n\t\t\t\t\t\t\t\t\t\t\t\t\t\t\t<\/div>\n\t\t\t\t<div class=\"elementor-element elementor-element-ada6a32 elementor-widget elementor-widget-heading\" data-id=\"ada6a32\" data-element_type=\"widget\" data-e-type=\"widget\" data-widget_type=\"heading.default\">\n\t\t\t\t\t<h2 class=\"elementor-heading-title elementor-size-default\"><a href=\"https:\/\/ledesk.ma\/encontinu\/marche-de-lart-a-marrakech-les-acteurs-plaident-pour-une-mobilite-accrue-des-oeuvres\/\" target=\"_blank\">March\u00e9 de l\u2019art : \u00e0 Marrakech, les acteurs plaident pour une mobilit\u00e9 accrue des \u0153uvres\n<\/a><\/h2>\t\t\t\t<\/div>\n\t\t\t\t<div class=\"elementor-element elementor-element-f3d13ff elementor-widget elementor-widget-text-editor\" data-id=\"f3d13ff\" data-element_type=\"widget\" data-e-type=\"widget\" data-widget_type=\"text-editor.default\">\n\t\t\t\t\t\t\t\t\t<p>Le Desk<\/p>\t\t\t\t\t\t\t\t<\/div>\n\t\t\t\t\t<\/div>\n\t\t<\/div>\n\t\t\t\t<div class=\"elementor-column elementor-col-50 elementor-top-column elementor-element elementor-element-7590cde\" data-id=\"7590cde\" data-element_type=\"column\" data-e-type=\"column\">\n\t\t\t<div class=\"elementor-widget-wrap elementor-element-populated\">\n\t\t\t\t\t\t<div class=\"elementor-element elementor-element-6a163c5 elementor-widget elementor-widget-image\" data-id=\"6a163c5\" data-element_type=\"widget\" data-e-type=\"widget\" data-widget_type=\"image.default\">\n\t\t\t\t\t\t\t\t\t\t\t\t\t\t\t\t<a href=\"https:\/\/maroc-diplomatique.net\/la-caravane-comprendre-les-icc-a-marrakech-debats-et-perspectives\/\" target=\"_blank\">\n\t\t\t\t\t\t\t<img decoding=\"async\" src=\"https:\/\/maroc-diplomatique.net\/wp-content\/uploads\/2026\/02\/1-e1770800195588.jpeg\" title=\"\" alt=\"\" loading=\"lazy\" \/>\t\t\t\t\t\t\t\t<\/a>\n\t\t\t\t\t\t\t\t\t\t\t\t\t\t\t<\/div>\n\t\t\t\t<div class=\"elementor-element elementor-element-19c8206 elementor-widget elementor-widget-heading\" data-id=\"19c8206\" data-element_type=\"widget\" data-e-type=\"widget\" data-widget_type=\"heading.default\">\n\t\t\t\t\t<h2 class=\"elementor-heading-title elementor-size-default\"><a href=\"https:\/\/maroc-diplomatique.net\/la-caravane-comprendre-les-icc-a-marrakech-debats-et-perspectives\/\" target=\"_blank\">La Caravane \u00ab\u202fComprendre les ICC\u202f\u00bb \u00e0 Marrakech\u202f: D\u00e9bats et perspectives autour de la lib\u00e9ralisation du march\u00e9 de l\u2019art\n<\/a><\/h2>\t\t\t\t<\/div>\n\t\t\t\t<div class=\"elementor-element elementor-element-bf5c41e elementor-widget elementor-widget-text-editor\" data-id=\"bf5c41e\" data-element_type=\"widget\" data-e-type=\"widget\" data-widget_type=\"text-editor.default\">\n\t\t\t\t\t\t\t\t\t<p>Maroc Diplomatique<\/p>\t\t\t\t\t\t\t\t<\/div>\n\t\t\t\t\t<\/div>\n\t\t<\/div>\n\t\t\t\t\t<\/div>\n\t\t<\/section>\n\t\t\t\t<section class=\"elementor-section elementor-top-section elementor-element elementor-element-8ab12cf animated-slow elementor-section-boxed elementor-section-height-default elementor-section-height-default\" data-id=\"8ab12cf\" data-element_type=\"section\" data-e-type=\"section\" data-settings=\"{&quot;animation&quot;:&quot;none&quot;}\">\n\t\t\t\t\t\t<div class=\"elementor-container elementor-column-gap-default\">\n\t\t\t\t\t<div class=\"elementor-column elementor-col-50 elementor-top-column elementor-element elementor-element-883c38f\" data-id=\"883c38f\" data-element_type=\"column\" data-e-type=\"column\">\n\t\t\t<div class=\"elementor-widget-wrap elementor-element-populated\">\n\t\t\t\t\t\t<div class=\"elementor-element elementor-element-91908b3 elementor-widget elementor-widget-image\" data-id=\"91908b3\" data-element_type=\"widget\" data-e-type=\"widget\" data-widget_type=\"image.default\">\n\t\t\t\t\t\t\t\t\t\t\t\t\t\t\t\t<a href=\"https:\/\/lobservateur.info\/article\/117110\/culture\/154-marrakech-2026-latelier-21-met-en-lumiere-cinq-figures-majeures-de-lart-marocain\" target=\"_blank\">\n\t\t\t\t\t\t\t<img loading=\"lazy\" decoding=\"async\" width=\"2300\" height=\"1614\" src=\"https:\/\/cmgmarrakech.com\/wp-content\/uploads\/2026\/01\/CMG-Marrakech-CMG-news-Ajourdhuilemaroc-12-25.jpg\" class=\"attachment-full size-full wp-image-18471\" alt=\"\" srcset=\"https:\/\/cmgmarrakech.com\/wp-content\/uploads\/2026\/01\/CMG-Marrakech-CMG-news-Ajourdhuilemaroc-12-25.jpg 2300w, https:\/\/cmgmarrakech.com\/wp-content\/uploads\/2026\/01\/CMG-Marrakech-CMG-news-Ajourdhuilemaroc-12-25-300x211.jpg 300w, https:\/\/cmgmarrakech.com\/wp-content\/uploads\/2026\/01\/CMG-Marrakech-CMG-news-Ajourdhuilemaroc-12-25-1024x719.jpg 1024w, https:\/\/cmgmarrakech.com\/wp-content\/uploads\/2026\/01\/CMG-Marrakech-CMG-news-Ajourdhuilemaroc-12-25-768x539.jpg 768w, https:\/\/cmgmarrakech.com\/wp-content\/uploads\/2026\/01\/CMG-Marrakech-CMG-news-Ajourdhuilemaroc-12-25-1536x1078.jpg 1536w, https:\/\/cmgmarrakech.com\/wp-content\/uploads\/2026\/01\/CMG-Marrakech-CMG-news-Ajourdhuilemaroc-12-25-2048x1437.jpg 2048w, https:\/\/cmgmarrakech.com\/wp-content\/uploads\/2026\/01\/CMG-Marrakech-CMG-news-Ajourdhuilemaroc-12-25-18x12.jpg 18w, https:\/\/cmgmarrakech.com\/wp-content\/uploads\/2026\/01\/CMG-Marrakech-CMG-news-Ajourdhuilemaroc-12-25-415x291.jpg 415w, https:\/\/cmgmarrakech.com\/wp-content\/uploads\/2026\/01\/CMG-Marrakech-CMG-news-Ajourdhuilemaroc-12-25-650x456.jpg 650w, https:\/\/cmgmarrakech.com\/wp-content\/uploads\/2026\/01\/CMG-Marrakech-CMG-news-Ajourdhuilemaroc-12-25-250x175.jpg 250w\" sizes=\"(max-width: 2300px) 100vw, 2300px\" \/>\t\t\t\t\t\t\t\t<\/a>\n\t\t\t\t\t\t\t\t\t\t\t\t\t\t\t<\/div>\n\t\t\t\t<div class=\"elementor-element elementor-element-83d6730 elementor-widget elementor-widget-heading\" data-id=\"83d6730\" data-element_type=\"widget\" data-e-type=\"widget\" data-widget_type=\"heading.default\">\n\t\t\t\t\t<h2 class=\"elementor-heading-title elementor-size-default\"><a href=\"https:\/\/lobservateur.info\/article\/117110\/culture\/154-marrakech-2026-latelier-21-met-en-lumiere-cinq-figures-majeures-de-lart-marocain\" target=\"_blank\">1\u201354 Marrakech 2026. L\u2019Atelier 21 met en lumi\u00e8re cinq figures majeures de l\u2019art marocain\n<\/a><\/h2>\t\t\t\t<\/div>\n\t\t\t\t<div class=\"elementor-element elementor-element-526e533 elementor-widget elementor-widget-text-editor\" data-id=\"526e533\" data-element_type=\"widget\" data-e-type=\"widget\" data-widget_type=\"text-editor.default\">\n\t\t\t\t\t\t\t\t\t<p>L&rsquo;Observateur Info<\/p>\t\t\t\t\t\t\t\t<\/div>\n\t\t\t\t\t<\/div>\n\t\t<\/div>\n\t\t\t\t<div class=\"elementor-column elementor-col-50 elementor-top-column elementor-element elementor-element-eca1743\" data-id=\"eca1743\" data-element_type=\"column\" data-e-type=\"column\">\n\t\t\t<div class=\"elementor-widget-wrap elementor-element-populated\">\n\t\t\t\t\t\t<div class=\"elementor-element elementor-element-00a5ab3 elementor-widget elementor-widget-image\" data-id=\"00a5ab3\" data-element_type=\"widget\" data-e-type=\"widget\" data-widget_type=\"image.default\">\n\t\t\t\t\t\t\t\t\t\t\t\t\t\t\t\t<a href=\"https:\/\/shoelifer.com\/culture\/expositions\/art-contemporain-faire-escale-1-54-art-fair\/\" target=\"_blank\">\n\t\t\t\t\t\t\t<img loading=\"lazy\" decoding=\"async\" width=\"2300\" height=\"1614\" src=\"https:\/\/cmgmarrakech.com\/wp-content\/uploads\/2026\/01\/CMG-Marrakech-CMG-news-Diptyk.jpg\" class=\"attachment-full size-full wp-image-18461\" alt=\"\" srcset=\"https:\/\/cmgmarrakech.com\/wp-content\/uploads\/2026\/01\/CMG-Marrakech-CMG-news-Diptyk.jpg 2300w, https:\/\/cmgmarrakech.com\/wp-content\/uploads\/2026\/01\/CMG-Marrakech-CMG-news-Diptyk-300x211.jpg 300w, https:\/\/cmgmarrakech.com\/wp-content\/uploads\/2026\/01\/CMG-Marrakech-CMG-news-Diptyk-1024x719.jpg 1024w, https:\/\/cmgmarrakech.com\/wp-content\/uploads\/2026\/01\/CMG-Marrakech-CMG-news-Diptyk-768x539.jpg 768w, https:\/\/cmgmarrakech.com\/wp-content\/uploads\/2026\/01\/CMG-Marrakech-CMG-news-Diptyk-1536x1078.jpg 1536w, https:\/\/cmgmarrakech.com\/wp-content\/uploads\/2026\/01\/CMG-Marrakech-CMG-news-Diptyk-2048x1437.jpg 2048w, https:\/\/cmgmarrakech.com\/wp-content\/uploads\/2026\/01\/CMG-Marrakech-CMG-news-Diptyk-18x12.jpg 18w, https:\/\/cmgmarrakech.com\/wp-content\/uploads\/2026\/01\/CMG-Marrakech-CMG-news-Diptyk-415x291.jpg 415w, https:\/\/cmgmarrakech.com\/wp-content\/uploads\/2026\/01\/CMG-Marrakech-CMG-news-Diptyk-650x456.jpg 650w, https:\/\/cmgmarrakech.com\/wp-content\/uploads\/2026\/01\/CMG-Marrakech-CMG-news-Diptyk-250x175.jpg 250w\" sizes=\"(max-width: 2300px) 100vw, 2300px\" \/>\t\t\t\t\t\t\t\t<\/a>\n\t\t\t\t\t\t\t\t\t\t\t\t\t\t\t<\/div>\n\t\t\t\t<div class=\"elementor-element elementor-element-998230f elementor-widget elementor-widget-heading\" data-id=\"998230f\" data-element_type=\"widget\" data-e-type=\"widget\" data-widget_type=\"heading.default\">\n\t\t\t\t\t<h2 class=\"elementor-heading-title elementor-size-default\"><a href=\"https:\/\/shoelifer.com\/culture\/expositions\/art-contemporain-faire-escale-1-54-art-fair\/\" target=\"_blank\">Art Contemporain : O\u00f9 faire escale durnat la 1-54 Art Fair<\/a><\/h2>\t\t\t\t<\/div>\n\t\t\t\t<div class=\"elementor-element elementor-element-32e6ccb elementor-widget elementor-widget-text-editor\" data-id=\"32e6ccb\" data-element_type=\"widget\" data-e-type=\"widget\" data-widget_type=\"text-editor.default\">\n\t\t\t\t\t\t\t\t\t<p>Shoe Lifer<\/p>\t\t\t\t\t\t\t\t<\/div>\n\t\t\t\t\t<\/div>\n\t\t<\/div>\n\t\t\t\t\t<\/div>\n\t\t<\/section>\n\t\t\t\t<section class=\"elementor-section elementor-top-section elementor-element elementor-element-db61eae animated-slow elementor-section-boxed elementor-section-height-default elementor-section-height-default\" data-id=\"db61eae\" data-element_type=\"section\" data-e-type=\"section\" data-settings=\"{&quot;animation&quot;:&quot;none&quot;}\">\n\t\t\t\t\t\t<div class=\"elementor-container elementor-column-gap-default\">\n\t\t\t\t\t<div class=\"elementor-column elementor-col-50 elementor-top-column elementor-element elementor-element-3810962\" data-id=\"3810962\" data-element_type=\"column\" data-e-type=\"column\">\n\t\t\t<div class=\"elementor-widget-wrap elementor-element-populated\">\n\t\t\t\t\t\t<div class=\"elementor-element elementor-element-7a025fc elementor-widget elementor-widget-image\" data-id=\"7a025fc\" data-element_type=\"widget\" data-e-type=\"widget\" data-widget_type=\"image.default\">\n\t\t\t\t\t\t\t\t\t\t\t\t\t\t\t\t<a href=\"https:\/\/luxe-infinity-maroc.com\/culture\/la-foire-dart-1-54-revient-a-marrakech\/\" target=\"_blank\">\n\t\t\t\t\t\t\t<img loading=\"lazy\" decoding=\"async\" width=\"2400\" height=\"1600\" src=\"https:\/\/cmgmarrakech.com\/wp-content\/uploads\/2026\/01\/Yasmina-Alaoui-Sarabande-2026-Vue-3.jpg\" class=\"attachment-full size-full wp-image-18612\" alt=\"\" srcset=\"https:\/\/cmgmarrakech.com\/wp-content\/uploads\/2026\/01\/Yasmina-Alaoui-Sarabande-2026-Vue-3.jpg 2400w, https:\/\/cmgmarrakech.com\/wp-content\/uploads\/2026\/01\/Yasmina-Alaoui-Sarabande-2026-Vue-3-300x200.jpg 300w, https:\/\/cmgmarrakech.com\/wp-content\/uploads\/2026\/01\/Yasmina-Alaoui-Sarabande-2026-Vue-3-1024x683.jpg 1024w, https:\/\/cmgmarrakech.com\/wp-content\/uploads\/2026\/01\/Yasmina-Alaoui-Sarabande-2026-Vue-3-768x512.jpg 768w, https:\/\/cmgmarrakech.com\/wp-content\/uploads\/2026\/01\/Yasmina-Alaoui-Sarabande-2026-Vue-3-1536x1024.jpg 1536w, https:\/\/cmgmarrakech.com\/wp-content\/uploads\/2026\/01\/Yasmina-Alaoui-Sarabande-2026-Vue-3-2048x1365.jpg 2048w, https:\/\/cmgmarrakech.com\/wp-content\/uploads\/2026\/01\/Yasmina-Alaoui-Sarabande-2026-Vue-3-18x12.jpg 18w, https:\/\/cmgmarrakech.com\/wp-content\/uploads\/2026\/01\/Yasmina-Alaoui-Sarabande-2026-Vue-3-415x277.jpg 415w, https:\/\/cmgmarrakech.com\/wp-content\/uploads\/2026\/01\/Yasmina-Alaoui-Sarabande-2026-Vue-3-650x433.jpg 650w, https:\/\/cmgmarrakech.com\/wp-content\/uploads\/2026\/01\/Yasmina-Alaoui-Sarabande-2026-Vue-3-250x167.jpg 250w\" sizes=\"(max-width: 2400px) 100vw, 2400px\" \/>\t\t\t\t\t\t\t\t<\/a>\n\t\t\t\t\t\t\t\t\t\t\t\t\t\t\t<\/div>\n\t\t\t\t<div class=\"elementor-element elementor-element-ddcc80d elementor-widget elementor-widget-heading\" data-id=\"ddcc80d\" data-element_type=\"widget\" data-e-type=\"widget\" data-widget_type=\"heading.default\">\n\t\t\t\t\t<h2 class=\"elementor-heading-title elementor-size-default\"><a href=\"https:\/\/luxe-infinity-maroc.com\/culture\/la-foire-dart-1-54-revient-a-marrakech\/\" target=\"_blank\">Culture : La foire d\u2019art 1-54 revient \u00e0 Marrakech\n<\/a><\/h2>\t\t\t\t<\/div>\n\t\t\t\t<div class=\"elementor-element elementor-element-067685b elementor-widget elementor-widget-text-editor\" data-id=\"067685b\" data-element_type=\"widget\" data-e-type=\"widget\" data-widget_type=\"text-editor.default\">\n\t\t\t\t\t\t\t\t\t<p>Luxe Infinity Maroc<\/p>\t\t\t\t\t\t\t\t<\/div>\n\t\t\t\t\t<\/div>\n\t\t<\/div>\n\t\t\t\t<div class=\"elementor-column elementor-col-50 elementor-top-column elementor-element elementor-element-d0fa654\" data-id=\"d0fa654\" data-element_type=\"column\" data-e-type=\"column\">\n\t\t\t<div class=\"elementor-widget-wrap elementor-element-populated\">\n\t\t\t\t\t\t<div class=\"elementor-element elementor-element-ee876a3 elementor-widget elementor-widget-image\" data-id=\"ee876a3\" data-element_type=\"widget\" data-e-type=\"widget\" data-widget_type=\"image.default\">\n\t\t\t\t\t\t\t\t\t\t\t\t\t\t\t\t<a href=\"https:\/\/selectionsarts.com\/the-insiders-brief-n703-5-february-11-february-2026\/\" target=\"_blank\">\n\t\t\t\t\t\t\t<img loading=\"lazy\" decoding=\"async\" width=\"2400\" height=\"1600\" src=\"https:\/\/cmgmarrakech.com\/wp-content\/uploads\/2026\/01\/Portrait_1-54-Marrakech.jpg\" class=\"attachment-full size-full wp-image-18625\" alt=\"\" srcset=\"https:\/\/cmgmarrakech.com\/wp-content\/uploads\/2026\/01\/Portrait_1-54-Marrakech.jpg 2400w, https:\/\/cmgmarrakech.com\/wp-content\/uploads\/2026\/01\/Portrait_1-54-Marrakech-300x200.jpg 300w, https:\/\/cmgmarrakech.com\/wp-content\/uploads\/2026\/01\/Portrait_1-54-Marrakech-1024x683.jpg 1024w, https:\/\/cmgmarrakech.com\/wp-content\/uploads\/2026\/01\/Portrait_1-54-Marrakech-768x512.jpg 768w, https:\/\/cmgmarrakech.com\/wp-content\/uploads\/2026\/01\/Portrait_1-54-Marrakech-1536x1024.jpg 1536w, https:\/\/cmgmarrakech.com\/wp-content\/uploads\/2026\/01\/Portrait_1-54-Marrakech-2048x1365.jpg 2048w, https:\/\/cmgmarrakech.com\/wp-content\/uploads\/2026\/01\/Portrait_1-54-Marrakech-18x12.jpg 18w, https:\/\/cmgmarrakech.com\/wp-content\/uploads\/2026\/01\/Portrait_1-54-Marrakech-415x277.jpg 415w, https:\/\/cmgmarrakech.com\/wp-content\/uploads\/2026\/01\/Portrait_1-54-Marrakech-650x433.jpg 650w, https:\/\/cmgmarrakech.com\/wp-content\/uploads\/2026\/01\/Portrait_1-54-Marrakech-250x167.jpg 250w\" sizes=\"(max-width: 2400px) 100vw, 2400px\" \/>\t\t\t\t\t\t\t\t<\/a>\n\t\t\t\t\t\t\t\t\t\t\t\t\t\t\t<\/div>\n\t\t\t\t<div class=\"elementor-element elementor-element-1cc6a9f elementor-widget elementor-widget-heading\" data-id=\"1cc6a9f\" data-element_type=\"widget\" data-e-type=\"widget\" data-widget_type=\"heading.default\">\n\t\t\t\t\t<h2 class=\"elementor-heading-title elementor-size-default\"><a href=\"https:\/\/selectionsarts.com\/the-insiders-brief-n703-5-february-11-february-2026\/\" target=\"_blank\">The Insider\u2019s Brief: N\u00b0703, 5 February - 11 February 2026<\/a><\/h2>\t\t\t\t<\/div>\n\t\t\t\t<div class=\"elementor-element elementor-element-8e46054 elementor-widget elementor-widget-text-editor\" data-id=\"8e46054\" data-element_type=\"widget\" data-e-type=\"widget\" data-widget_type=\"text-editor.default\">\n\t\t\t\t\t\t\t\t\t<p>Selection Arts<\/p>\t\t\t\t\t\t\t\t<\/div>\n\t\t\t\t\t<\/div>\n\t\t<\/div>\n\t\t\t\t\t<\/div>\n\t\t<\/section>\n\t\t\t\t<section class=\"elementor-section elementor-top-section elementor-element elementor-element-53ce473 animated-slow elementor-section-boxed elementor-section-height-default elementor-section-height-default\" data-id=\"53ce473\" data-element_type=\"section\" data-e-type=\"section\" data-settings=\"{&quot;animation&quot;:&quot;none&quot;}\">\n\t\t\t\t\t\t<div class=\"elementor-container elementor-column-gap-default\">\n\t\t\t\t\t<div class=\"elementor-column elementor-col-50 elementor-top-column elementor-element elementor-element-a3d12cf\" data-id=\"a3d12cf\" data-element_type=\"column\" data-e-type=\"column\">\n\t\t\t<div class=\"elementor-widget-wrap elementor-element-populated\">\n\t\t\t\t\t\t<div class=\"elementor-element elementor-element-6addf03 elementor-widget elementor-widget-image\" data-id=\"6addf03\" data-element_type=\"widget\" data-e-type=\"widget\" data-widget_type=\"image.default\">\n\t\t\t\t\t\t\t\t\t\t\t\t\t\t\t\t<a href=\"https:\/\/www.diptykmag.com\/carnet-de-bord-marrakech-en-quatre-jours-what-to-see-and-do-inside-marrakech\/\" target=\"_blank\">\n\t\t\t\t\t\t\t<img loading=\"lazy\" decoding=\"async\" width=\"2300\" height=\"1614\" src=\"https:\/\/cmgmarrakech.com\/wp-content\/uploads\/2026\/01\/CMG-Marrakech-CMG-news-Diptyk-12-25.jpg\" class=\"attachment-full size-full wp-image-18463\" alt=\"\" srcset=\"https:\/\/cmgmarrakech.com\/wp-content\/uploads\/2026\/01\/CMG-Marrakech-CMG-news-Diptyk-12-25.jpg 2300w, https:\/\/cmgmarrakech.com\/wp-content\/uploads\/2026\/01\/CMG-Marrakech-CMG-news-Diptyk-12-25-300x211.jpg 300w, https:\/\/cmgmarrakech.com\/wp-content\/uploads\/2026\/01\/CMG-Marrakech-CMG-news-Diptyk-12-25-1024x719.jpg 1024w, https:\/\/cmgmarrakech.com\/wp-content\/uploads\/2026\/01\/CMG-Marrakech-CMG-news-Diptyk-12-25-768x539.jpg 768w, https:\/\/cmgmarrakech.com\/wp-content\/uploads\/2026\/01\/CMG-Marrakech-CMG-news-Diptyk-12-25-1536x1078.jpg 1536w, https:\/\/cmgmarrakech.com\/wp-content\/uploads\/2026\/01\/CMG-Marrakech-CMG-news-Diptyk-12-25-2048x1437.jpg 2048w, https:\/\/cmgmarrakech.com\/wp-content\/uploads\/2026\/01\/CMG-Marrakech-CMG-news-Diptyk-12-25-18x12.jpg 18w, https:\/\/cmgmarrakech.com\/wp-content\/uploads\/2026\/01\/CMG-Marrakech-CMG-news-Diptyk-12-25-415x291.jpg 415w, https:\/\/cmgmarrakech.com\/wp-content\/uploads\/2026\/01\/CMG-Marrakech-CMG-news-Diptyk-12-25-650x456.jpg 650w, https:\/\/cmgmarrakech.com\/wp-content\/uploads\/2026\/01\/CMG-Marrakech-CMG-news-Diptyk-12-25-250x175.jpg 250w\" sizes=\"(max-width: 2300px) 100vw, 2300px\" \/>\t\t\t\t\t\t\t\t<\/a>\n\t\t\t\t\t\t\t\t\t\t\t\t\t\t\t<\/div>\n\t\t\t\t<div class=\"elementor-element elementor-element-418d970 elementor-widget elementor-widget-heading\" data-id=\"418d970\" data-element_type=\"widget\" data-e-type=\"widget\" data-widget_type=\"heading.default\">\n\t\t\t\t\t<h2 class=\"elementor-heading-title elementor-size-default\"><a href=\"https:\/\/www.diptykmag.com\/carnet-de-bord-marrakech-en-quatre-jours-what-to-see-and-do-inside-marrakech\/\" target=\"_blank\">Carnet de bord Marrakech, en quatre jours<\/a><\/h2>\t\t\t\t<\/div>\n\t\t\t\t<div class=\"elementor-element elementor-element-fd6a67a elementor-widget elementor-widget-text-editor\" data-id=\"fd6a67a\" data-element_type=\"widget\" data-e-type=\"widget\" data-widget_type=\"text-editor.default\">\n\t\t\t\t\t\t\t\t\t<p>Diptyk<\/p>\t\t\t\t\t\t\t\t<\/div>\n\t\t\t\t\t<\/div>\n\t\t<\/div>\n\t\t\t\t<div class=\"elementor-column elementor-col-50 elementor-top-column elementor-element elementor-element-e8a82b9\" data-id=\"e8a82b9\" data-element_type=\"column\" data-e-type=\"column\">\n\t\t\t<div class=\"elementor-widget-wrap elementor-element-populated\">\n\t\t\t\t\t\t<div class=\"elementor-element elementor-element-5082acb elementor-widget elementor-widget-image\" data-id=\"5082acb\" data-element_type=\"widget\" data-e-type=\"widget\" data-widget_type=\"image.default\">\n\t\t\t\t\t\t\t\t\t\t\t\t\t\t\t\t<a href=\"https:\/\/www.osservatore.ch\/ricamare-storie-creare-comunita-levento-conclusivo-al-lac_106397.html\" target=\"_blank\">\n\t\t\t\t\t\t\t<img loading=\"lazy\" decoding=\"async\" width=\"2300\" height=\"1614\" src=\"https:\/\/cmgmarrakech.com\/wp-content\/uploads\/2026\/02\/CMG-Marrakech-CMG-news-Aglaia-Haritz-Abdelaziz-Zerrou.jpg\" class=\"attachment-full size-full wp-image-18700\" alt=\"\" srcset=\"https:\/\/cmgmarrakech.com\/wp-content\/uploads\/2026\/02\/CMG-Marrakech-CMG-news-Aglaia-Haritz-Abdelaziz-Zerrou.jpg 2300w, https:\/\/cmgmarrakech.com\/wp-content\/uploads\/2026\/02\/CMG-Marrakech-CMG-news-Aglaia-Haritz-Abdelaziz-Zerrou-300x211.jpg 300w, https:\/\/cmgmarrakech.com\/wp-content\/uploads\/2026\/02\/CMG-Marrakech-CMG-news-Aglaia-Haritz-Abdelaziz-Zerrou-1024x719.jpg 1024w, https:\/\/cmgmarrakech.com\/wp-content\/uploads\/2026\/02\/CMG-Marrakech-CMG-news-Aglaia-Haritz-Abdelaziz-Zerrou-768x539.jpg 768w, https:\/\/cmgmarrakech.com\/wp-content\/uploads\/2026\/02\/CMG-Marrakech-CMG-news-Aglaia-Haritz-Abdelaziz-Zerrou-1536x1078.jpg 1536w, https:\/\/cmgmarrakech.com\/wp-content\/uploads\/2026\/02\/CMG-Marrakech-CMG-news-Aglaia-Haritz-Abdelaziz-Zerrou-2048x1437.jpg 2048w, https:\/\/cmgmarrakech.com\/wp-content\/uploads\/2026\/02\/CMG-Marrakech-CMG-news-Aglaia-Haritz-Abdelaziz-Zerrou-18x12.jpg 18w, https:\/\/cmgmarrakech.com\/wp-content\/uploads\/2026\/02\/CMG-Marrakech-CMG-news-Aglaia-Haritz-Abdelaziz-Zerrou-415x291.jpg 415w, https:\/\/cmgmarrakech.com\/wp-content\/uploads\/2026\/02\/CMG-Marrakech-CMG-news-Aglaia-Haritz-Abdelaziz-Zerrou-650x456.jpg 650w, https:\/\/cmgmarrakech.com\/wp-content\/uploads\/2026\/02\/CMG-Marrakech-CMG-news-Aglaia-Haritz-Abdelaziz-Zerrou-250x175.jpg 250w\" sizes=\"(max-width: 2300px) 100vw, 2300px\" \/>\t\t\t\t\t\t\t\t<\/a>\n\t\t\t\t\t\t\t\t\t\t\t\t\t\t\t<\/div>\n\t\t\t\t<div class=\"elementor-element elementor-element-3d32279 elementor-widget elementor-widget-heading\" data-id=\"3d32279\" data-element_type=\"widget\" data-e-type=\"widget\" data-widget_type=\"heading.default\">\n\t\t\t\t\t<h2 class=\"elementor-heading-title elementor-size-default\"><a href=\"https:\/\/www.osservatore.ch\/ricamare-storie-creare-comunita-levento-conclusivo-al-lac_106397.html\" target=\"_blank\">Ricamare storie, creare comunit\u00e0: l\u2019evento conclusivo al LAC<\/a><\/h2>\t\t\t\t<\/div>\n\t\t\t\t<div class=\"elementor-element elementor-element-f605f40 elementor-widget elementor-widget-text-editor\" data-id=\"f605f40\" data-element_type=\"widget\" data-e-type=\"widget\" data-widget_type=\"text-editor.default\">\n\t\t\t\t\t\t\t\t\t<p>L\u2019Osservatore\u00a0<\/p>\t\t\t\t\t\t\t\t<\/div>\n\t\t\t\t\t<\/div>\n\t\t<\/div>\n\t\t\t\t\t<\/div>\n\t\t<\/section>\n\t\t\t\t<section class=\"elementor-section elementor-top-section elementor-element elementor-element-1a95160 animated-slow elementor-section-boxed elementor-section-height-default elementor-section-height-default\" data-id=\"1a95160\" data-element_type=\"section\" data-e-type=\"section\" data-settings=\"{&quot;animation&quot;:&quot;none&quot;}\">\n\t\t\t\t\t\t<div class=\"elementor-container elementor-column-gap-default\">\n\t\t\t\t\t<div class=\"elementor-column elementor-col-50 elementor-top-column elementor-element elementor-element-5d06863\" data-id=\"5d06863\" data-element_type=\"column\" data-e-type=\"column\">\n\t\t\t<div class=\"elementor-widget-wrap elementor-element-populated\">\n\t\t\t\t\t\t<div class=\"elementor-element elementor-element-e095453 elementor-widget elementor-widget-image\" data-id=\"e095453\" data-element_type=\"widget\" data-e-type=\"widget\" data-widget_type=\"image.default\">\n\t\t\t\t\t\t\t\t\t\t\t\t\t\t\t\t<a href=\"https:\/\/lobservateur.info\/article\/117059\/culture\/marrakech-trois-nouvelles-installations-a-decouvrir-au-macaal\" target=\"_blank\">\n\t\t\t\t\t\t\t<img loading=\"lazy\" decoding=\"async\" width=\"2300\" height=\"1614\" src=\"https:\/\/cmgmarrakech.com\/wp-content\/uploads\/2026\/02\/CMG-Marrakech-CMG-Fatiha-Zemmouri_MACAAL.jpg\" class=\"attachment-full size-full wp-image-18684\" alt=\"\" srcset=\"https:\/\/cmgmarrakech.com\/wp-content\/uploads\/2026\/02\/CMG-Marrakech-CMG-Fatiha-Zemmouri_MACAAL.jpg 2300w, https:\/\/cmgmarrakech.com\/wp-content\/uploads\/2026\/02\/CMG-Marrakech-CMG-Fatiha-Zemmouri_MACAAL-300x211.jpg 300w, https:\/\/cmgmarrakech.com\/wp-content\/uploads\/2026\/02\/CMG-Marrakech-CMG-Fatiha-Zemmouri_MACAAL-1024x719.jpg 1024w, https:\/\/cmgmarrakech.com\/wp-content\/uploads\/2026\/02\/CMG-Marrakech-CMG-Fatiha-Zemmouri_MACAAL-768x539.jpg 768w, https:\/\/cmgmarrakech.com\/wp-content\/uploads\/2026\/02\/CMG-Marrakech-CMG-Fatiha-Zemmouri_MACAAL-1536x1078.jpg 1536w, https:\/\/cmgmarrakech.com\/wp-content\/uploads\/2026\/02\/CMG-Marrakech-CMG-Fatiha-Zemmouri_MACAAL-2048x1437.jpg 2048w, https:\/\/cmgmarrakech.com\/wp-content\/uploads\/2026\/02\/CMG-Marrakech-CMG-Fatiha-Zemmouri_MACAAL-18x12.jpg 18w, https:\/\/cmgmarrakech.com\/wp-content\/uploads\/2026\/02\/CMG-Marrakech-CMG-Fatiha-Zemmouri_MACAAL-415x291.jpg 415w, https:\/\/cmgmarrakech.com\/wp-content\/uploads\/2026\/02\/CMG-Marrakech-CMG-Fatiha-Zemmouri_MACAAL-650x456.jpg 650w, https:\/\/cmgmarrakech.com\/wp-content\/uploads\/2026\/02\/CMG-Marrakech-CMG-Fatiha-Zemmouri_MACAAL-250x175.jpg 250w\" sizes=\"(max-width: 2300px) 100vw, 2300px\" \/>\t\t\t\t\t\t\t\t<\/a>\n\t\t\t\t\t\t\t\t\t\t\t\t\t\t\t<\/div>\n\t\t\t\t<div class=\"elementor-element elementor-element-5e11e1b elementor-widget elementor-widget-heading\" data-id=\"5e11e1b\" data-element_type=\"widget\" data-e-type=\"widget\" data-widget_type=\"heading.default\">\n\t\t\t\t\t<h2 class=\"elementor-heading-title elementor-size-default\"><a href=\"https:\/\/lobservateur.info\/article\/117059\/culture\/marrakech-trois-nouvelles-installations-a-decouvrir-au-macaal\" target=\"_blank\">Marrakech : Trois nouvelles installations \u00e0 d\u00e9couvrir au MACAAL\n<\/a><\/h2>\t\t\t\t<\/div>\n\t\t\t\t<div class=\"elementor-element elementor-element-a95e8a2 elementor-widget elementor-widget-text-editor\" data-id=\"a95e8a2\" data-element_type=\"widget\" data-e-type=\"widget\" data-widget_type=\"text-editor.default\">\n\t\t\t\t\t\t\t\t\t<p>L&rsquo;Observateur Maroc<\/p>\t\t\t\t\t\t\t\t<\/div>\n\t\t\t\t\t<\/div>\n\t\t<\/div>\n\t\t\t\t<div class=\"elementor-column elementor-col-50 elementor-top-column elementor-element elementor-element-4ea84bf\" data-id=\"4ea84bf\" data-element_type=\"column\" data-e-type=\"column\">\n\t\t\t<div class=\"elementor-widget-wrap elementor-element-populated\">\n\t\t\t\t\t\t<div class=\"elementor-element elementor-element-537a629 elementor-widget elementor-widget-image\" data-id=\"537a629\" data-element_type=\"widget\" data-e-type=\"widget\" data-widget_type=\"image.default\">\n\t\t\t\t\t\t\t\t\t\t\t\t\t\t\t\t<a href=\"https:\/\/www.diptykmag.com\/retour-aux-fondamentaux-pour-1-54-marrakech-back-to-basics-for-1-54-marrakech\/\" target=\"_blank\">\n\t\t\t\t\t\t\t<img loading=\"lazy\" decoding=\"async\" width=\"2300\" height=\"1614\" src=\"https:\/\/cmgmarrakech.com\/wp-content\/uploads\/2026\/02\/CMG-Marrakech-CMG-154-Marrakech.2026.jpg\" class=\"attachment-full size-full wp-image-18695\" alt=\"\" srcset=\"https:\/\/cmgmarrakech.com\/wp-content\/uploads\/2026\/02\/CMG-Marrakech-CMG-154-Marrakech.2026.jpg 2300w, https:\/\/cmgmarrakech.com\/wp-content\/uploads\/2026\/02\/CMG-Marrakech-CMG-154-Marrakech.2026-300x211.jpg 300w, https:\/\/cmgmarrakech.com\/wp-content\/uploads\/2026\/02\/CMG-Marrakech-CMG-154-Marrakech.2026-1024x719.jpg 1024w, https:\/\/cmgmarrakech.com\/wp-content\/uploads\/2026\/02\/CMG-Marrakech-CMG-154-Marrakech.2026-768x539.jpg 768w, https:\/\/cmgmarrakech.com\/wp-content\/uploads\/2026\/02\/CMG-Marrakech-CMG-154-Marrakech.2026-1536x1078.jpg 1536w, https:\/\/cmgmarrakech.com\/wp-content\/uploads\/2026\/02\/CMG-Marrakech-CMG-154-Marrakech.2026-2048x1437.jpg 2048w, https:\/\/cmgmarrakech.com\/wp-content\/uploads\/2026\/02\/CMG-Marrakech-CMG-154-Marrakech.2026-18x12.jpg 18w, https:\/\/cmgmarrakech.com\/wp-content\/uploads\/2026\/02\/CMG-Marrakech-CMG-154-Marrakech.2026-415x291.jpg 415w, https:\/\/cmgmarrakech.com\/wp-content\/uploads\/2026\/02\/CMG-Marrakech-CMG-154-Marrakech.2026-650x456.jpg 650w, https:\/\/cmgmarrakech.com\/wp-content\/uploads\/2026\/02\/CMG-Marrakech-CMG-154-Marrakech.2026-250x175.jpg 250w\" sizes=\"(max-width: 2300px) 100vw, 2300px\" \/>\t\t\t\t\t\t\t\t<\/a>\n\t\t\t\t\t\t\t\t\t\t\t\t\t\t\t<\/div>\n\t\t\t\t<div class=\"elementor-element elementor-element-8adcc50 elementor-widget elementor-widget-heading\" data-id=\"8adcc50\" data-element_type=\"widget\" data-e-type=\"widget\" data-widget_type=\"heading.default\">\n\t\t\t\t\t<h2 class=\"elementor-heading-title elementor-size-default\"><a href=\"https:\/\/www.diptykmag.com\/retour-aux-fondamentaux-pour-1-54-marrakech-back-to-basics-for-1-54-marrakech\/\" target=\"_blank\">Retour aux fondamentaux pour 1-54 Marrakech<\/a><\/h2>\t\t\t\t<\/div>\n\t\t\t\t<div class=\"elementor-element elementor-element-80f99b8 elementor-widget elementor-widget-text-editor\" data-id=\"80f99b8\" data-element_type=\"widget\" data-e-type=\"widget\" data-widget_type=\"text-editor.default\">\n\t\t\t\t\t\t\t\t\t<p>Diptyk<\/p>\t\t\t\t\t\t\t\t<\/div>\n\t\t\t\t\t<\/div>\n\t\t<\/div>\n\t\t\t\t\t<\/div>\n\t\t<\/section>\n\t\t\t\t<section class=\"elementor-section elementor-top-section elementor-element elementor-element-3d49d73 animated-slow elementor-section-boxed elementor-section-height-default elementor-section-height-default\" data-id=\"3d49d73\" data-element_type=\"section\" data-e-type=\"section\" data-settings=\"{&quot;animation&quot;:&quot;none&quot;}\">\n\t\t\t\t\t\t<div class=\"elementor-container elementor-column-gap-default\">\n\t\t\t\t\t<div class=\"elementor-column elementor-col-50 elementor-top-column elementor-element elementor-element-96f50a0\" data-id=\"96f50a0\" data-element_type=\"column\" data-e-type=\"column\">\n\t\t\t<div class=\"elementor-widget-wrap elementor-element-populated\">\n\t\t\t\t\t\t<div class=\"elementor-element elementor-element-4e1c2bb elementor-widget elementor-widget-image\" data-id=\"4e1c2bb\" data-element_type=\"widget\" data-e-type=\"widget\" data-widget_type=\"image.default\">\n\t\t\t\t\t\t\t\t\t\t\t\t\t\t\t\t<a href=\"https:\/\/aemagazine.ma\/comptoir-des-mines-exposition-najia-mehadji-et-yamou-les-natures-invisibles\/\" target=\"_blank\">\n\t\t\t\t\t\t\t<img loading=\"lazy\" decoding=\"async\" width=\"2300\" height=\"1614\" src=\"https:\/\/cmgmarrakech.com\/wp-content\/uploads\/2026\/02\/CMG-Marrakech-CMG-Yamou-Mehadji.jpg\" class=\"attachment-full size-full wp-image-18672\" alt=\"\" srcset=\"https:\/\/cmgmarrakech.com\/wp-content\/uploads\/2026\/02\/CMG-Marrakech-CMG-Yamou-Mehadji.jpg 2300w, https:\/\/cmgmarrakech.com\/wp-content\/uploads\/2026\/02\/CMG-Marrakech-CMG-Yamou-Mehadji-300x211.jpg 300w, https:\/\/cmgmarrakech.com\/wp-content\/uploads\/2026\/02\/CMG-Marrakech-CMG-Yamou-Mehadji-1024x719.jpg 1024w, https:\/\/cmgmarrakech.com\/wp-content\/uploads\/2026\/02\/CMG-Marrakech-CMG-Yamou-Mehadji-768x539.jpg 768w, https:\/\/cmgmarrakech.com\/wp-content\/uploads\/2026\/02\/CMG-Marrakech-CMG-Yamou-Mehadji-1536x1078.jpg 1536w, https:\/\/cmgmarrakech.com\/wp-content\/uploads\/2026\/02\/CMG-Marrakech-CMG-Yamou-Mehadji-2048x1437.jpg 2048w, https:\/\/cmgmarrakech.com\/wp-content\/uploads\/2026\/02\/CMG-Marrakech-CMG-Yamou-Mehadji-18x12.jpg 18w, https:\/\/cmgmarrakech.com\/wp-content\/uploads\/2026\/02\/CMG-Marrakech-CMG-Yamou-Mehadji-415x291.jpg 415w, https:\/\/cmgmarrakech.com\/wp-content\/uploads\/2026\/02\/CMG-Marrakech-CMG-Yamou-Mehadji-650x456.jpg 650w, https:\/\/cmgmarrakech.com\/wp-content\/uploads\/2026\/02\/CMG-Marrakech-CMG-Yamou-Mehadji-250x175.jpg 250w\" sizes=\"(max-width: 2300px) 100vw, 2300px\" \/>\t\t\t\t\t\t\t\t<\/a>\n\t\t\t\t\t\t\t\t\t\t\t\t\t\t\t<\/div>\n\t\t\t\t<div class=\"elementor-element elementor-element-60bdf97 elementor-widget elementor-widget-heading\" data-id=\"60bdf97\" data-element_type=\"widget\" data-e-type=\"widget\" data-widget_type=\"heading.default\">\n\t\t\t\t\t<h2 class=\"elementor-heading-title elementor-size-default\"><a href=\"https:\/\/aemagazine.ma\/comptoir-des-mines-exposition-najia-mehadji-et-yamou-les-natures-invisibles\/\" target=\"_blank\">Comptoir des Mines : Exposition Najia Mehadji &amp; Yamou \u00abLes natures invisibles\u00bb\n<\/a><\/h2>\t\t\t\t<\/div>\n\t\t\t\t<div class=\"elementor-element elementor-element-b766093 elementor-widget elementor-widget-text-editor\" data-id=\"b766093\" data-element_type=\"widget\" data-e-type=\"widget\" data-widget_type=\"text-editor.default\">\n\t\t\t\t\t\t\t\t\t<p>A+E Magazine<\/p>\t\t\t\t\t\t\t\t<\/div>\n\t\t\t\t\t<\/div>\n\t\t<\/div>\n\t\t\t\t<div class=\"elementor-column elementor-col-50 elementor-top-column elementor-element elementor-element-71983fe\" data-id=\"71983fe\" data-element_type=\"column\" data-e-type=\"column\">\n\t\t\t<div class=\"elementor-widget-wrap elementor-element-populated\">\n\t\t\t\t\t\t<div class=\"elementor-element elementor-element-6deb445 elementor-widget elementor-widget-image\" data-id=\"6deb445\" data-element_type=\"widget\" data-e-type=\"widget\" data-widget_type=\"image.default\">\n\t\t\t\t\t\t\t\t\t\t\t\t\t\t\t\t<a href=\"https:\/\/www.lemonde.fr\/m-styles\/article\/2026\/01\/31\/que-faire-que-voir-ou-aller-l-agenda-culturel-et-lifestyle-de-la-semaine_6664842_4497319.html\" target=\"_blank\">\n\t\t\t\t\t\t\t<img loading=\"lazy\" decoding=\"async\" width=\"2300\" height=\"1614\" src=\"https:\/\/cmgmarrakech.com\/wp-content\/uploads\/2026\/01\/CMG-Marrakech-CMG-news-Sara-Ouhaddou-lemonde.jpg\" class=\"attachment-full size-full wp-image-18444\" alt=\"\" srcset=\"https:\/\/cmgmarrakech.com\/wp-content\/uploads\/2026\/01\/CMG-Marrakech-CMG-news-Sara-Ouhaddou-lemonde.jpg 2300w, https:\/\/cmgmarrakech.com\/wp-content\/uploads\/2026\/01\/CMG-Marrakech-CMG-news-Sara-Ouhaddou-lemonde-300x211.jpg 300w, https:\/\/cmgmarrakech.com\/wp-content\/uploads\/2026\/01\/CMG-Marrakech-CMG-news-Sara-Ouhaddou-lemonde-1024x719.jpg 1024w, https:\/\/cmgmarrakech.com\/wp-content\/uploads\/2026\/01\/CMG-Marrakech-CMG-news-Sara-Ouhaddou-lemonde-768x539.jpg 768w, https:\/\/cmgmarrakech.com\/wp-content\/uploads\/2026\/01\/CMG-Marrakech-CMG-news-Sara-Ouhaddou-lemonde-1536x1078.jpg 1536w, https:\/\/cmgmarrakech.com\/wp-content\/uploads\/2026\/01\/CMG-Marrakech-CMG-news-Sara-Ouhaddou-lemonde-2048x1437.jpg 2048w, https:\/\/cmgmarrakech.com\/wp-content\/uploads\/2026\/01\/CMG-Marrakech-CMG-news-Sara-Ouhaddou-lemonde-18x12.jpg 18w, https:\/\/cmgmarrakech.com\/wp-content\/uploads\/2026\/01\/CMG-Marrakech-CMG-news-Sara-Ouhaddou-lemonde-415x291.jpg 415w, https:\/\/cmgmarrakech.com\/wp-content\/uploads\/2026\/01\/CMG-Marrakech-CMG-news-Sara-Ouhaddou-lemonde-650x456.jpg 650w, https:\/\/cmgmarrakech.com\/wp-content\/uploads\/2026\/01\/CMG-Marrakech-CMG-news-Sara-Ouhaddou-lemonde-250x175.jpg 250w\" sizes=\"(max-width: 2300px) 100vw, 2300px\" \/>\t\t\t\t\t\t\t\t<\/a>\n\t\t\t\t\t\t\t\t\t\t\t\t\t\t\t<\/div>\n\t\t\t\t<div class=\"elementor-element elementor-element-3e19e18 elementor-widget elementor-widget-heading\" data-id=\"3e19e18\" data-element_type=\"widget\" data-e-type=\"widget\" data-widget_type=\"heading.default\">\n\t\t\t\t\t<h2 class=\"elementor-heading-title elementor-size-default\"><a href=\"https:\/\/www.lemonde.fr\/m-styles\/article\/2026\/01\/31\/que-faire-que-voir-ou-aller-l-agenda-culturel-et-lifestyle-de-la-semaine_6664842_4497319.html\" target=\"_blank\">Que faire, que voir, o\u00f9 aller ? L\u2019agenda culturel et lifestyle de la semaine\n<\/a><\/h2>\t\t\t\t<\/div>\n\t\t\t\t<div class=\"elementor-element elementor-element-e1e3522 elementor-widget elementor-widget-text-editor\" data-id=\"e1e3522\" data-element_type=\"widget\" data-e-type=\"widget\" data-widget_type=\"text-editor.default\">\n\t\t\t\t\t\t\t\t\t<p>Le Monde<\/p>\t\t\t\t\t\t\t\t<\/div>\n\t\t\t\t\t<\/div>\n\t\t<\/div>\n\t\t\t\t\t<\/div>\n\t\t<\/section>\n\t\t\t\t<section class=\"elementor-section elementor-top-section elementor-element elementor-element-35c8d2a animated-slow elementor-section-boxed elementor-section-height-default elementor-section-height-default\" data-id=\"35c8d2a\" data-element_type=\"section\" data-e-type=\"section\" data-settings=\"{&quot;animation&quot;:&quot;none&quot;}\">\n\t\t\t\t\t\t<div class=\"elementor-container elementor-column-gap-default\">\n\t\t\t\t\t<div class=\"elementor-column elementor-col-50 elementor-top-column elementor-element elementor-element-1644e22\" data-id=\"1644e22\" data-element_type=\"column\" data-e-type=\"column\">\n\t\t\t<div class=\"elementor-widget-wrap elementor-element-populated\">\n\t\t\t\t\t\t<div class=\"elementor-element elementor-element-4696ed0 elementor-widget elementor-widget-image\" data-id=\"4696ed0\" data-element_type=\"widget\" data-e-type=\"widget\" data-widget_type=\"image.default\">\n\t\t\t\t\t\t\t\t\t\t\t\t\t\t\t\t<a href=\"https:\/\/www.diptykmag.com\/60-ans-de-peinture-au-maroc-une-histoire-de-discontinuites-60-ans-de-peinture-au-maroc-a-history-of-discontinuities\/\" target=\"_blank\">\n\t\t\t\t\t\t\t<img loading=\"lazy\" decoding=\"async\" width=\"2300\" height=\"1614\" src=\"https:\/\/cmgmarrakech.com\/wp-content\/uploads\/2026\/02\/CMG-Marrakech-CMG-60-ans-de-peinture-au-Maroc.jpg\" class=\"attachment-full size-full wp-image-18656\" alt=\"\" srcset=\"https:\/\/cmgmarrakech.com\/wp-content\/uploads\/2026\/02\/CMG-Marrakech-CMG-60-ans-de-peinture-au-Maroc.jpg 2300w, https:\/\/cmgmarrakech.com\/wp-content\/uploads\/2026\/02\/CMG-Marrakech-CMG-60-ans-de-peinture-au-Maroc-300x211.jpg 300w, https:\/\/cmgmarrakech.com\/wp-content\/uploads\/2026\/02\/CMG-Marrakech-CMG-60-ans-de-peinture-au-Maroc-1024x719.jpg 1024w, https:\/\/cmgmarrakech.com\/wp-content\/uploads\/2026\/02\/CMG-Marrakech-CMG-60-ans-de-peinture-au-Maroc-768x539.jpg 768w, https:\/\/cmgmarrakech.com\/wp-content\/uploads\/2026\/02\/CMG-Marrakech-CMG-60-ans-de-peinture-au-Maroc-1536x1078.jpg 1536w, https:\/\/cmgmarrakech.com\/wp-content\/uploads\/2026\/02\/CMG-Marrakech-CMG-60-ans-de-peinture-au-Maroc-2048x1437.jpg 2048w, https:\/\/cmgmarrakech.com\/wp-content\/uploads\/2026\/02\/CMG-Marrakech-CMG-60-ans-de-peinture-au-Maroc-18x12.jpg 18w, https:\/\/cmgmarrakech.com\/wp-content\/uploads\/2026\/02\/CMG-Marrakech-CMG-60-ans-de-peinture-au-Maroc-415x291.jpg 415w, https:\/\/cmgmarrakech.com\/wp-content\/uploads\/2026\/02\/CMG-Marrakech-CMG-60-ans-de-peinture-au-Maroc-650x456.jpg 650w, https:\/\/cmgmarrakech.com\/wp-content\/uploads\/2026\/02\/CMG-Marrakech-CMG-60-ans-de-peinture-au-Maroc-250x175.jpg 250w\" sizes=\"(max-width: 2300px) 100vw, 2300px\" \/>\t\t\t\t\t\t\t\t<\/a>\n\t\t\t\t\t\t\t\t\t\t\t\t\t\t\t<\/div>\n\t\t\t\t<div class=\"elementor-element elementor-element-d98aac4 elementor-widget elementor-widget-heading\" data-id=\"d98aac4\" data-element_type=\"widget\" data-e-type=\"widget\" data-widget_type=\"heading.default\">\n\t\t\t\t\t<h2 class=\"elementor-heading-title elementor-size-default\"><a href=\"https:\/\/www.diptykmag.com\/60-ans-de-peinture-au-maroc-une-histoire-de-discontinuites-60-ans-de-peinture-au-maroc-a-history-of-discontinuities\/\" target=\"_blank\">\u00ab 60 ans de peinture au Maroc \u00bb : une histoire de (dis)continuit\u00e9s \/\/ \u00ab 60 ans de peinture au Maroc \u00bb : A History of (Dis)Continuities<\/a><\/h2>\t\t\t\t<\/div>\n\t\t\t\t<div class=\"elementor-element elementor-element-c01403a elementor-widget elementor-widget-text-editor\" data-id=\"c01403a\" data-element_type=\"widget\" data-e-type=\"widget\" data-widget_type=\"text-editor.default\">\n\t\t\t\t\t\t\t\t\t<p>Diptyk<\/p>\t\t\t\t\t\t\t\t<\/div>\n\t\t\t\t\t<\/div>\n\t\t<\/div>\n\t\t\t\t<div class=\"elementor-column elementor-col-50 elementor-top-column elementor-element elementor-element-2110d68\" data-id=\"2110d68\" data-element_type=\"column\" data-e-type=\"column\">\n\t\t\t<div class=\"elementor-widget-wrap elementor-element-populated\">\n\t\t\t\t\t\t<div class=\"elementor-element elementor-element-244ce07 elementor-widget elementor-widget-image\" data-id=\"244ce07\" data-element_type=\"widget\" data-e-type=\"widget\" data-widget_type=\"image.default\">\n\t\t\t\t\t\t\t\t\t\t\t\t\t\t\t\t<a href=\"https:\/\/maisonsdumaroc.com\/arts\/1-54-marrakech-la-foire-dart-contemporain-africain-devoile-sa-programmation\" target=\"_blank\">\n\t\t\t\t\t\t\t<img loading=\"lazy\" decoding=\"async\" width=\"2300\" height=\"1614\" src=\"https:\/\/cmgmarrakech.com\/wp-content\/uploads\/2026\/02\/CMG-Marrakech-1-54-2026-Marrakech.jpg\" class=\"attachment-full size-full wp-image-18667\" alt=\"\" srcset=\"https:\/\/cmgmarrakech.com\/wp-content\/uploads\/2026\/02\/CMG-Marrakech-1-54-2026-Marrakech.jpg 2300w, https:\/\/cmgmarrakech.com\/wp-content\/uploads\/2026\/02\/CMG-Marrakech-1-54-2026-Marrakech-300x211.jpg 300w, https:\/\/cmgmarrakech.com\/wp-content\/uploads\/2026\/02\/CMG-Marrakech-1-54-2026-Marrakech-1024x719.jpg 1024w, https:\/\/cmgmarrakech.com\/wp-content\/uploads\/2026\/02\/CMG-Marrakech-1-54-2026-Marrakech-768x539.jpg 768w, https:\/\/cmgmarrakech.com\/wp-content\/uploads\/2026\/02\/CMG-Marrakech-1-54-2026-Marrakech-1536x1078.jpg 1536w, https:\/\/cmgmarrakech.com\/wp-content\/uploads\/2026\/02\/CMG-Marrakech-1-54-2026-Marrakech-2048x1437.jpg 2048w, https:\/\/cmgmarrakech.com\/wp-content\/uploads\/2026\/02\/CMG-Marrakech-1-54-2026-Marrakech-18x12.jpg 18w, https:\/\/cmgmarrakech.com\/wp-content\/uploads\/2026\/02\/CMG-Marrakech-1-54-2026-Marrakech-415x291.jpg 415w, https:\/\/cmgmarrakech.com\/wp-content\/uploads\/2026\/02\/CMG-Marrakech-1-54-2026-Marrakech-650x456.jpg 650w, https:\/\/cmgmarrakech.com\/wp-content\/uploads\/2026\/02\/CMG-Marrakech-1-54-2026-Marrakech-250x175.jpg 250w\" sizes=\"(max-width: 2300px) 100vw, 2300px\" \/>\t\t\t\t\t\t\t\t<\/a>\n\t\t\t\t\t\t\t\t\t\t\t\t\t\t\t<\/div>\n\t\t\t\t<div class=\"elementor-element elementor-element-90da075 elementor-widget elementor-widget-heading\" data-id=\"90da075\" data-element_type=\"widget\" data-e-type=\"widget\" data-widget_type=\"heading.default\">\n\t\t\t\t\t<h2 class=\"elementor-heading-title elementor-size-default\"><a href=\"https:\/\/maisonsdumaroc.com\/arts\/1-54-marrakech-la-foire-dart-contemporain-africain-devoile-sa-programmation\" target=\"_blank\">La foire d\u2019art contemporain africain fond\u00e9e par Touria El Glaoui revient pour sa septi\u00e8me \u00e9dition marocaine, du 5 au 8 f\u00e9vrier \u00e0 Marrakech. Les d\u00e9tails.\n<\/a><\/h2>\t\t\t\t<\/div>\n\t\t\t\t<div class=\"elementor-element elementor-element-09edd14 elementor-widget elementor-widget-text-editor\" data-id=\"09edd14\" data-element_type=\"widget\" data-e-type=\"widget\" data-widget_type=\"text-editor.default\">\n\t\t\t\t\t\t\t\t\t<p>Maisons Du Maroc<\/p>\t\t\t\t\t\t\t\t<\/div>\n\t\t\t\t\t<\/div>\n\t\t<\/div>\n\t\t\t\t\t<\/div>\n\t\t<\/section>\n\t\t\t\t<section class=\"elementor-section elementor-top-section elementor-element elementor-element-77e0a7a animated-slow elementor-section-boxed elementor-section-height-default elementor-section-height-default\" data-id=\"77e0a7a\" data-element_type=\"section\" data-e-type=\"section\" data-settings=\"{&quot;animation&quot;:&quot;none&quot;}\">\n\t\t\t\t\t\t<div class=\"elementor-container elementor-column-gap-default\">\n\t\t\t\t\t<div class=\"elementor-column elementor-col-50 elementor-top-column elementor-element elementor-element-892a37a\" data-id=\"892a37a\" data-element_type=\"column\" data-e-type=\"column\">\n\t\t\t<div class=\"elementor-widget-wrap elementor-element-populated\">\n\t\t\t\t\t\t<div class=\"elementor-element elementor-element-9d50bcf elementor-widget elementor-widget-image\" data-id=\"9d50bcf\" data-element_type=\"widget\" data-e-type=\"widget\" data-widget_type=\"image.default\">\n\t\t\t\t\t\t\t\t\t\t\t\t\t\t\t\t<a href=\"https:\/\/familleactuelle.ma\/quand-la-nature-touche-au-cosmos-najia-mehadji-et-yamou-au-comptoir-des-mines\/\" target=\"_blank\">\n\t\t\t\t\t\t\t<img loading=\"lazy\" decoding=\"async\" width=\"2300\" height=\"1614\" src=\"https:\/\/cmgmarrakech.com\/wp-content\/uploads\/2026\/02\/CMG-Marrakech-CMG-news-Yamou-Mehadji.jpg\" class=\"attachment-full size-full wp-image-18644\" alt=\"\" srcset=\"https:\/\/cmgmarrakech.com\/wp-content\/uploads\/2026\/02\/CMG-Marrakech-CMG-news-Yamou-Mehadji.jpg 2300w, https:\/\/cmgmarrakech.com\/wp-content\/uploads\/2026\/02\/CMG-Marrakech-CMG-news-Yamou-Mehadji-300x211.jpg 300w, https:\/\/cmgmarrakech.com\/wp-content\/uploads\/2026\/02\/CMG-Marrakech-CMG-news-Yamou-Mehadji-1024x719.jpg 1024w, https:\/\/cmgmarrakech.com\/wp-content\/uploads\/2026\/02\/CMG-Marrakech-CMG-news-Yamou-Mehadji-768x539.jpg 768w, https:\/\/cmgmarrakech.com\/wp-content\/uploads\/2026\/02\/CMG-Marrakech-CMG-news-Yamou-Mehadji-1536x1078.jpg 1536w, https:\/\/cmgmarrakech.com\/wp-content\/uploads\/2026\/02\/CMG-Marrakech-CMG-news-Yamou-Mehadji-2048x1437.jpg 2048w, https:\/\/cmgmarrakech.com\/wp-content\/uploads\/2026\/02\/CMG-Marrakech-CMG-news-Yamou-Mehadji-18x12.jpg 18w, https:\/\/cmgmarrakech.com\/wp-content\/uploads\/2026\/02\/CMG-Marrakech-CMG-news-Yamou-Mehadji-415x291.jpg 415w, https:\/\/cmgmarrakech.com\/wp-content\/uploads\/2026\/02\/CMG-Marrakech-CMG-news-Yamou-Mehadji-650x456.jpg 650w, https:\/\/cmgmarrakech.com\/wp-content\/uploads\/2026\/02\/CMG-Marrakech-CMG-news-Yamou-Mehadji-250x175.jpg 250w\" sizes=\"(max-width: 2300px) 100vw, 2300px\" \/>\t\t\t\t\t\t\t\t<\/a>\n\t\t\t\t\t\t\t\t\t\t\t\t\t\t\t<\/div>\n\t\t\t\t<div class=\"elementor-element elementor-element-8126011 elementor-widget elementor-widget-heading\" data-id=\"8126011\" data-element_type=\"widget\" data-e-type=\"widget\" data-widget_type=\"heading.default\">\n\t\t\t\t\t<h2 class=\"elementor-heading-title elementor-size-default\"><a href=\"https:\/\/familleactuelle.ma\/quand-la-nature-touche-au-cosmos-najia-mehadji-et-yamou-au-comptoir-des-mines\/\" target=\"_blank\">Quand la nature touche au cosmos : Najia Mehadji et Yamou au Comptoir des Mines\n<\/a><\/h2>\t\t\t\t<\/div>\n\t\t\t\t<div class=\"elementor-element elementor-element-e49959e elementor-widget elementor-widget-text-editor\" data-id=\"e49959e\" data-element_type=\"widget\" data-e-type=\"widget\" data-widget_type=\"text-editor.default\">\n\t\t\t\t\t\t\t\t\t<p>Famille Actuelle<\/p>\t\t\t\t\t\t\t\t<\/div>\n\t\t\t\t\t<\/div>\n\t\t<\/div>\n\t\t\t\t<div class=\"elementor-column elementor-col-50 elementor-top-column elementor-element elementor-element-4976ea4\" data-id=\"4976ea4\" data-element_type=\"column\" data-e-type=\"column\">\n\t\t\t<div class=\"elementor-widget-wrap elementor-element-populated\">\n\t\t\t\t\t\t<div class=\"elementor-element elementor-element-11b4405 elementor-widget elementor-widget-image\" data-id=\"11b4405\" data-element_type=\"widget\" data-e-type=\"widget\" data-widget_type=\"image.default\">\n\t\t\t\t\t\t\t\t\t\t\t\t\t\t\t\t<a href=\"https:\/\/www.diptykmag.com\/artistes-du-sud-le-one-man-show-identitaire\/\" target=\"_blank\">\n\t\t\t\t\t\t\t<img loading=\"lazy\" decoding=\"async\" width=\"2300\" height=\"1614\" src=\"https:\/\/cmgmarrakech.com\/wp-content\/uploads\/2026\/02\/CMG-Marrakech-CMG-Artistes-du-Sud-le-one-man-show-identitaire.jpg\" class=\"attachment-full size-full wp-image-18651\" alt=\"\" srcset=\"https:\/\/cmgmarrakech.com\/wp-content\/uploads\/2026\/02\/CMG-Marrakech-CMG-Artistes-du-Sud-le-one-man-show-identitaire.jpg 2300w, https:\/\/cmgmarrakech.com\/wp-content\/uploads\/2026\/02\/CMG-Marrakech-CMG-Artistes-du-Sud-le-one-man-show-identitaire-300x211.jpg 300w, https:\/\/cmgmarrakech.com\/wp-content\/uploads\/2026\/02\/CMG-Marrakech-CMG-Artistes-du-Sud-le-one-man-show-identitaire-1024x719.jpg 1024w, https:\/\/cmgmarrakech.com\/wp-content\/uploads\/2026\/02\/CMG-Marrakech-CMG-Artistes-du-Sud-le-one-man-show-identitaire-768x539.jpg 768w, https:\/\/cmgmarrakech.com\/wp-content\/uploads\/2026\/02\/CMG-Marrakech-CMG-Artistes-du-Sud-le-one-man-show-identitaire-1536x1078.jpg 1536w, https:\/\/cmgmarrakech.com\/wp-content\/uploads\/2026\/02\/CMG-Marrakech-CMG-Artistes-du-Sud-le-one-man-show-identitaire-2048x1437.jpg 2048w, https:\/\/cmgmarrakech.com\/wp-content\/uploads\/2026\/02\/CMG-Marrakech-CMG-Artistes-du-Sud-le-one-man-show-identitaire-18x12.jpg 18w, https:\/\/cmgmarrakech.com\/wp-content\/uploads\/2026\/02\/CMG-Marrakech-CMG-Artistes-du-Sud-le-one-man-show-identitaire-415x291.jpg 415w, https:\/\/cmgmarrakech.com\/wp-content\/uploads\/2026\/02\/CMG-Marrakech-CMG-Artistes-du-Sud-le-one-man-show-identitaire-650x456.jpg 650w, https:\/\/cmgmarrakech.com\/wp-content\/uploads\/2026\/02\/CMG-Marrakech-CMG-Artistes-du-Sud-le-one-man-show-identitaire-250x175.jpg 250w\" sizes=\"(max-width: 2300px) 100vw, 2300px\" \/>\t\t\t\t\t\t\t\t<\/a>\n\t\t\t\t\t\t\t\t\t\t\t\t\t\t\t<\/div>\n\t\t\t\t<div class=\"elementor-element elementor-element-2dc050c elementor-widget elementor-widget-heading\" data-id=\"2dc050c\" data-element_type=\"widget\" data-e-type=\"widget\" data-widget_type=\"heading.default\">\n\t\t\t\t\t<h2 class=\"elementor-heading-title elementor-size-default\"><a href=\"https:\/\/www.diptykmag.com\/artistes-du-sud-le-one-man-show-identitaire\/\" target=\"_blank\">Artistes du Sud : le one man show identitaire<\/a><\/h2>\t\t\t\t<\/div>\n\t\t\t\t<div class=\"elementor-element elementor-element-88729ee elementor-widget elementor-widget-text-editor\" data-id=\"88729ee\" data-element_type=\"widget\" data-e-type=\"widget\" data-widget_type=\"text-editor.default\">\n\t\t\t\t\t\t\t\t\t<p>Diptyk<\/p>\t\t\t\t\t\t\t\t<\/div>\n\t\t\t\t\t<\/div>\n\t\t<\/div>\n\t\t\t\t\t<\/div>\n\t\t<\/section>\n\t\t\t\t<section class=\"elementor-section elementor-top-section elementor-element elementor-element-3905f42 animated-slow elementor-section-boxed elementor-section-height-default elementor-section-height-default\" data-id=\"3905f42\" data-element_type=\"section\" data-e-type=\"section\" data-settings=\"{&quot;animation&quot;:&quot;none&quot;}\">\n\t\t\t\t\t\t<div class=\"elementor-container elementor-column-gap-default\">\n\t\t\t\t\t<div class=\"elementor-column elementor-col-50 elementor-top-column elementor-element elementor-element-c5851d8\" data-id=\"c5851d8\" data-element_type=\"column\" data-e-type=\"column\">\n\t\t\t<div class=\"elementor-widget-wrap elementor-element-populated\">\n\t\t\t\t\t\t<div class=\"elementor-element elementor-element-1b6a00a elementor-widget elementor-widget-image\" data-id=\"1b6a00a\" data-element_type=\"widget\" data-e-type=\"widget\" data-widget_type=\"image.default\">\n\t\t\t\t\t\t\t\t\t\t\t\t\t\t\t\t<a href=\"https:\/\/www.youtube.com\/watch?v=HBkzMmMT10E\" target=\"_blank\">\n\t\t\t\t\t\t\t<img loading=\"lazy\" decoding=\"async\" width=\"2300\" height=\"1614\" src=\"https:\/\/cmgmarrakech.com\/wp-content\/uploads\/2026\/01\/2026.02_Expo-Apres-le-feu_Khadija-Jayi_Presse_Alaraby2-opt.jpg\" class=\"attachment-full size-full wp-image-18561\" alt=\"\" srcset=\"https:\/\/cmgmarrakech.com\/wp-content\/uploads\/2026\/01\/2026.02_Expo-Apres-le-feu_Khadija-Jayi_Presse_Alaraby2-opt.jpg 2300w, https:\/\/cmgmarrakech.com\/wp-content\/uploads\/2026\/01\/2026.02_Expo-Apres-le-feu_Khadija-Jayi_Presse_Alaraby2-opt-300x211.jpg 300w, https:\/\/cmgmarrakech.com\/wp-content\/uploads\/2026\/01\/2026.02_Expo-Apres-le-feu_Khadija-Jayi_Presse_Alaraby2-opt-1024x719.jpg 1024w, https:\/\/cmgmarrakech.com\/wp-content\/uploads\/2026\/01\/2026.02_Expo-Apres-le-feu_Khadija-Jayi_Presse_Alaraby2-opt-768x539.jpg 768w, https:\/\/cmgmarrakech.com\/wp-content\/uploads\/2026\/01\/2026.02_Expo-Apres-le-feu_Khadija-Jayi_Presse_Alaraby2-opt-1536x1078.jpg 1536w, https:\/\/cmgmarrakech.com\/wp-content\/uploads\/2026\/01\/2026.02_Expo-Apres-le-feu_Khadija-Jayi_Presse_Alaraby2-opt-2048x1437.jpg 2048w, https:\/\/cmgmarrakech.com\/wp-content\/uploads\/2026\/01\/2026.02_Expo-Apres-le-feu_Khadija-Jayi_Presse_Alaraby2-opt-18x12.jpg 18w, https:\/\/cmgmarrakech.com\/wp-content\/uploads\/2026\/01\/2026.02_Expo-Apres-le-feu_Khadija-Jayi_Presse_Alaraby2-opt-415x291.jpg 415w, https:\/\/cmgmarrakech.com\/wp-content\/uploads\/2026\/01\/2026.02_Expo-Apres-le-feu_Khadija-Jayi_Presse_Alaraby2-opt-650x456.jpg 650w, https:\/\/cmgmarrakech.com\/wp-content\/uploads\/2026\/01\/2026.02_Expo-Apres-le-feu_Khadija-Jayi_Presse_Alaraby2-opt-250x175.jpg 250w\" sizes=\"(max-width: 2300px) 100vw, 2300px\" \/>\t\t\t\t\t\t\t\t<\/a>\n\t\t\t\t\t\t\t\t\t\t\t\t\t\t\t<\/div>\n\t\t\t\t<div class=\"elementor-element elementor-element-e656d2d elementor-widget elementor-widget-heading\" data-id=\"e656d2d\" data-element_type=\"widget\" data-e-type=\"widget\" data-widget_type=\"heading.default\">\n\t\t\t\t\t<h2 class=\"elementor-heading-title elementor-size-default\"><a href=\"https:\/\/www.youtube.com\/watch?v=HBkzMmMT10E\" target=\"_blank\">Dhifaf - Apr\u00e8s le feu - Exposition de l'artiste Khadija Jayi<\/a><\/h2>\t\t\t\t<\/div>\n\t\t\t\t<div class=\"elementor-element elementor-element-a0cf1fb elementor-widget elementor-widget-text-editor\" data-id=\"a0cf1fb\" data-element_type=\"widget\" data-e-type=\"widget\" data-widget_type=\"text-editor.default\">\n\t\t\t\t\t\t\t\t\t<p>Al Araby TV<\/p>\t\t\t\t\t\t\t\t<\/div>\n\t\t\t\t\t<\/div>\n\t\t<\/div>\n\t\t\t\t<div class=\"elementor-column elementor-col-50 elementor-top-column elementor-element elementor-element-8715ded\" data-id=\"8715ded\" data-element_type=\"column\" data-e-type=\"column\">\n\t\t\t<div class=\"elementor-widget-wrap elementor-element-populated\">\n\t\t\t\t\t\t<div class=\"elementor-element elementor-element-47dc1bb elementor-widget elementor-widget-image\" data-id=\"47dc1bb\" data-element_type=\"widget\" data-e-type=\"widget\" data-widget_type=\"image.default\">\n\t\t\t\t\t\t\t\t\t\t\t\t\t\t\t\t<a href=\"https:\/\/www.panorama.it\/tempo-libero\/cultura\/arte-ellittica-ecco-cose-il-nuovo-movimento-che-racconta-il-caos-contemporaneo\" target=\"_blank\">\n\t\t\t\t\t\t\t<img loading=\"lazy\" decoding=\"async\" width=\"2200\" height=\"1467\" src=\"https:\/\/cmgmarrakech.com\/wp-content\/uploads\/2020\/07\/MARIAM-ABOUZID-SOUALI-Ne\u0301e-en-1989-Quand-cest-gratuit-cest-qui-le-produit_-2019-Acrylique-sur-toile-Signe\u0301e-titre\u0301e-et-date\u0301e-au-dos-196-x-247-cm.jpg\" class=\"attachment-full size-full wp-image-6821\" alt=\"\" srcset=\"https:\/\/cmgmarrakech.com\/wp-content\/uploads\/2020\/07\/MARIAM-ABOUZID-SOUALI-Ne\u0301e-en-1989-Quand-cest-gratuit-cest-qui-le-produit_-2019-Acrylique-sur-toile-Signe\u0301e-titre\u0301e-et-date\u0301e-au-dos-196-x-247-cm.jpg 2200w, https:\/\/cmgmarrakech.com\/wp-content\/uploads\/2020\/07\/MARIAM-ABOUZID-SOUALI-Ne\u0301e-en-1989-Quand-cest-gratuit-cest-qui-le-produit_-2019-Acrylique-sur-toile-Signe\u0301e-titre\u0301e-et-date\u0301e-au-dos-196-x-247-cm-300x200.jpg 300w, https:\/\/cmgmarrakech.com\/wp-content\/uploads\/2020\/07\/MARIAM-ABOUZID-SOUALI-Ne\u0301e-en-1989-Quand-cest-gratuit-cest-qui-le-produit_-2019-Acrylique-sur-toile-Signe\u0301e-titre\u0301e-et-date\u0301e-au-dos-196-x-247-cm-1024x683.jpg 1024w, https:\/\/cmgmarrakech.com\/wp-content\/uploads\/2020\/07\/MARIAM-ABOUZID-SOUALI-Ne\u0301e-en-1989-Quand-cest-gratuit-cest-qui-le-produit_-2019-Acrylique-sur-toile-Signe\u0301e-titre\u0301e-et-date\u0301e-au-dos-196-x-247-cm-768x512.jpg 768w, https:\/\/cmgmarrakech.com\/wp-content\/uploads\/2020\/07\/MARIAM-ABOUZID-SOUALI-Ne\u0301e-en-1989-Quand-cest-gratuit-cest-qui-le-produit_-2019-Acrylique-sur-toile-Signe\u0301e-titre\u0301e-et-date\u0301e-au-dos-196-x-247-cm-1536x1024.jpg 1536w, https:\/\/cmgmarrakech.com\/wp-content\/uploads\/2020\/07\/MARIAM-ABOUZID-SOUALI-Ne\u0301e-en-1989-Quand-cest-gratuit-cest-qui-le-produit_-2019-Acrylique-sur-toile-Signe\u0301e-titre\u0301e-et-date\u0301e-au-dos-196-x-247-cm-2048x1366.jpg 2048w, https:\/\/cmgmarrakech.com\/wp-content\/uploads\/2020\/07\/MARIAM-ABOUZID-SOUALI-Ne\u0301e-en-1989-Quand-cest-gratuit-cest-qui-le-produit_-2019-Acrylique-sur-toile-Signe\u0301e-titre\u0301e-et-date\u0301e-au-dos-196-x-247-cm-18x12.jpg 18w, https:\/\/cmgmarrakech.com\/wp-content\/uploads\/2020\/07\/MARIAM-ABOUZID-SOUALI-Ne\u0301e-en-1989-Quand-cest-gratuit-cest-qui-le-produit_-2019-Acrylique-sur-toile-Signe\u0301e-titre\u0301e-et-date\u0301e-au-dos-196-x-247-cm-415x277.jpg 415w, https:\/\/cmgmarrakech.com\/wp-content\/uploads\/2020\/07\/MARIAM-ABOUZID-SOUALI-Ne\u0301e-en-1989-Quand-cest-gratuit-cest-qui-le-produit_-2019-Acrylique-sur-toile-Signe\u0301e-titre\u0301e-et-date\u0301e-au-dos-196-x-247-cm-650x433.jpg 650w, https:\/\/cmgmarrakech.com\/wp-content\/uploads\/2020\/07\/MARIAM-ABOUZID-SOUALI-Ne\u0301e-en-1989-Quand-cest-gratuit-cest-qui-le-produit_-2019-Acrylique-sur-toile-Signe\u0301e-titre\u0301e-et-date\u0301e-au-dos-196-x-247-cm-250x167.jpg 250w\" sizes=\"(max-width: 2200px) 100vw, 2200px\" \/>\t\t\t\t\t\t\t\t<\/a>\n\t\t\t\t\t\t\t\t\t\t\t\t\t\t\t<\/div>\n\t\t\t\t<div class=\"elementor-element elementor-element-dfe3a84 elementor-widget elementor-widget-heading\" data-id=\"dfe3a84\" data-element_type=\"widget\" data-e-type=\"widget\" data-widget_type=\"heading.default\">\n\t\t\t\t\t<h2 class=\"elementor-heading-title elementor-size-default\"><a href=\"https:\/\/www.panorama.it\/tempo-libero\/cultura\/arte-ellittica-ecco-cose-il-nuovo-movimento-che-racconta-il-caos-contemporaneo\" target=\"_blank\">Arte Ellittica: ecco cos\u2019\u00e8 il nuovo movimento che racconta il caos contemporaneo\n<\/a><\/h2>\t\t\t\t<\/div>\n\t\t\t\t<div class=\"elementor-element elementor-element-f8c1beb elementor-widget elementor-widget-text-editor\" data-id=\"f8c1beb\" data-element_type=\"widget\" data-e-type=\"widget\" data-widget_type=\"text-editor.default\">\n\t\t\t\t\t\t\t\t\t<p>Panaorama Italy<\/p>\t\t\t\t\t\t\t\t<\/div>\n\t\t\t\t\t<\/div>\n\t\t<\/div>\n\t\t\t\t\t<\/div>\n\t\t<\/section>\n\t\t\t\t<section class=\"elementor-section elementor-top-section elementor-element elementor-element-0a14ef6 animated-slow elementor-section-boxed elementor-section-height-default elementor-section-height-default\" data-id=\"0a14ef6\" data-element_type=\"section\" data-e-type=\"section\" data-settings=\"{&quot;animation&quot;:&quot;none&quot;}\">\n\t\t\t\t\t\t<div class=\"elementor-container elementor-column-gap-default\">\n\t\t\t\t\t<div class=\"elementor-column elementor-col-50 elementor-top-column elementor-element elementor-element-b51aeb9\" data-id=\"b51aeb9\" data-element_type=\"column\" data-e-type=\"column\">\n\t\t\t<div class=\"elementor-widget-wrap elementor-element-populated\">\n\t\t\t\t\t\t<div class=\"elementor-element elementor-element-a89a020 elementor-widget elementor-widget-image\" data-id=\"a89a020\" data-element_type=\"widget\" data-e-type=\"widget\" data-widget_type=\"image.default\">\n\t\t\t\t\t\t\t\t\t\t\t\t\t\t\t\t<a href=\"https:\/\/www.artnewspaper.fr\/2026\/01\/21\/les-galeries-marocaines-souvrent-au-marche-mondial\" target=\"_blank\">\n\t\t\t\t\t\t\t<img loading=\"lazy\" decoding=\"async\" width=\"2300\" height=\"1614\" src=\"https:\/\/cmgmarrakech.com\/wp-content\/uploads\/2026\/01\/CMG-Marrakech-CMG-news-Kacimi.jpg\" class=\"attachment-full size-full wp-image-18538\" alt=\"\" srcset=\"https:\/\/cmgmarrakech.com\/wp-content\/uploads\/2026\/01\/CMG-Marrakech-CMG-news-Kacimi.jpg 2300w, https:\/\/cmgmarrakech.com\/wp-content\/uploads\/2026\/01\/CMG-Marrakech-CMG-news-Kacimi-300x211.jpg 300w, https:\/\/cmgmarrakech.com\/wp-content\/uploads\/2026\/01\/CMG-Marrakech-CMG-news-Kacimi-1024x719.jpg 1024w, https:\/\/cmgmarrakech.com\/wp-content\/uploads\/2026\/01\/CMG-Marrakech-CMG-news-Kacimi-768x539.jpg 768w, https:\/\/cmgmarrakech.com\/wp-content\/uploads\/2026\/01\/CMG-Marrakech-CMG-news-Kacimi-1536x1078.jpg 1536w, https:\/\/cmgmarrakech.com\/wp-content\/uploads\/2026\/01\/CMG-Marrakech-CMG-news-Kacimi-2048x1437.jpg 2048w, https:\/\/cmgmarrakech.com\/wp-content\/uploads\/2026\/01\/CMG-Marrakech-CMG-news-Kacimi-18x12.jpg 18w, https:\/\/cmgmarrakech.com\/wp-content\/uploads\/2026\/01\/CMG-Marrakech-CMG-news-Kacimi-415x291.jpg 415w, https:\/\/cmgmarrakech.com\/wp-content\/uploads\/2026\/01\/CMG-Marrakech-CMG-news-Kacimi-650x456.jpg 650w, https:\/\/cmgmarrakech.com\/wp-content\/uploads\/2026\/01\/CMG-Marrakech-CMG-news-Kacimi-250x175.jpg 250w\" sizes=\"(max-width: 2300px) 100vw, 2300px\" \/>\t\t\t\t\t\t\t\t<\/a>\n\t\t\t\t\t\t\t\t\t\t\t\t\t\t\t<\/div>\n\t\t\t\t<div class=\"elementor-element elementor-element-72ebc8f elementor-widget elementor-widget-heading\" data-id=\"72ebc8f\" data-element_type=\"widget\" data-e-type=\"widget\" data-widget_type=\"heading.default\">\n\t\t\t\t\t<h2 class=\"elementor-heading-title elementor-size-default\"><a href=\"https:\/\/www.artnewspaper.fr\/2026\/01\/21\/les-galeries-marocaines-souvrent-au-marche-mondial\" target=\"_blank\">Les galeries marocaines s'ouvrent au march\u00e9 mondial\n<\/a><\/h2>\t\t\t\t<\/div>\n\t\t\t\t<div class=\"elementor-element elementor-element-d579f1e elementor-widget elementor-widget-text-editor\" data-id=\"d579f1e\" data-element_type=\"widget\" data-e-type=\"widget\" data-widget_type=\"text-editor.default\">\n\t\t\t\t\t\t\t\t\t<p>The Art Newspaper<\/p>\t\t\t\t\t\t\t\t<\/div>\n\t\t\t\t\t<\/div>\n\t\t<\/div>\n\t\t\t\t<div class=\"elementor-column elementor-col-50 elementor-top-column elementor-element elementor-element-6298280\" data-id=\"6298280\" data-element_type=\"column\" data-e-type=\"column\">\n\t\t\t<div class=\"elementor-widget-wrap elementor-element-populated\">\n\t\t\t\t\t\t<div class=\"elementor-element elementor-element-c9238e8 elementor-widget elementor-widget-image\" data-id=\"c9238e8\" data-element_type=\"widget\" data-e-type=\"widget\" data-widget_type=\"image.default\">\n\t\t\t\t\t\t\t\t\t\t\t\t\t\t\t\t<a href=\"https:\/\/www.lavieeco.com\/influences\/arts-2025-dernier-regard-dans-le-retro-sur-une-annee-de-creation\/\" target=\"_blank\">\n\t\t\t\t\t\t\t<img loading=\"lazy\" decoding=\"async\" width=\"2560\" height=\"1920\" src=\"https:\/\/cmgmarrakech.com\/wp-content\/uploads\/2025\/04\/Derives-_-Simohammed-Fettaka-02.05-15.07.25-1-scaled.jpeg\" class=\"attachment-full size-full wp-image-15173\" alt=\"\" srcset=\"https:\/\/cmgmarrakech.com\/wp-content\/uploads\/2025\/04\/Derives-_-Simohammed-Fettaka-02.05-15.07.25-1-scaled.jpeg 2560w, https:\/\/cmgmarrakech.com\/wp-content\/uploads\/2025\/04\/Derives-_-Simohammed-Fettaka-02.05-15.07.25-1-300x225.jpeg 300w, https:\/\/cmgmarrakech.com\/wp-content\/uploads\/2025\/04\/Derives-_-Simohammed-Fettaka-02.05-15.07.25-1-1024x768.jpeg 1024w, https:\/\/cmgmarrakech.com\/wp-content\/uploads\/2025\/04\/Derives-_-Simohammed-Fettaka-02.05-15.07.25-1-768x576.jpeg 768w, https:\/\/cmgmarrakech.com\/wp-content\/uploads\/2025\/04\/Derives-_-Simohammed-Fettaka-02.05-15.07.25-1-1536x1152.jpeg 1536w, https:\/\/cmgmarrakech.com\/wp-content\/uploads\/2025\/04\/Derives-_-Simohammed-Fettaka-02.05-15.07.25-1-2048x1536.jpeg 2048w, https:\/\/cmgmarrakech.com\/wp-content\/uploads\/2025\/04\/Derives-_-Simohammed-Fettaka-02.05-15.07.25-1-16x12.jpeg 16w, https:\/\/cmgmarrakech.com\/wp-content\/uploads\/2025\/04\/Derives-_-Simohammed-Fettaka-02.05-15.07.25-1-640x480.jpeg 640w\" sizes=\"(max-width: 2560px) 100vw, 2560px\" \/>\t\t\t\t\t\t\t\t<\/a>\n\t\t\t\t\t\t\t\t\t\t\t\t\t\t\t<\/div>\n\t\t\t\t<div class=\"elementor-element elementor-element-69f135f elementor-widget elementor-widget-heading\" data-id=\"69f135f\" data-element_type=\"widget\" data-e-type=\"widget\" data-widget_type=\"heading.default\">\n\t\t\t\t\t<h2 class=\"elementor-heading-title elementor-size-default\"><a href=\"https:\/\/www.lavieeco.com\/influences\/arts-2025-dernier-regard-dans-le-retro-sur-une-annee-de-creation\/\" target=\"_blank\">Arts 2025 : Dernier regard dans le r\u00e9tro sur une ann\u00e9e de cr\u00e9ation\n<\/a><\/h2>\t\t\t\t<\/div>\n\t\t\t\t<div class=\"elementor-element elementor-element-5ad3dc7 elementor-widget elementor-widget-text-editor\" data-id=\"5ad3dc7\" data-element_type=\"widget\" data-e-type=\"widget\" data-widget_type=\"text-editor.default\">\n\t\t\t\t\t\t\t\t\t<p>La Vie Eco<\/p>\t\t\t\t\t\t\t\t<\/div>\n\t\t\t\t\t<\/div>\n\t\t<\/div>\n\t\t\t\t\t<\/div>\n\t\t<\/section>\n\t\t\t\t<section class=\"elementor-section elementor-top-section elementor-element elementor-element-59fd7a3 animated-slow elementor-section-boxed elementor-section-height-default elementor-section-height-default\" data-id=\"59fd7a3\" data-element_type=\"section\" data-e-type=\"section\" data-settings=\"{&quot;animation&quot;:&quot;none&quot;}\">\n\t\t\t\t\t\t<div class=\"elementor-container elementor-column-gap-default\">\n\t\t\t\t\t<div class=\"elementor-column elementor-col-50 elementor-top-column elementor-element elementor-element-b9fa4cc\" data-id=\"b9fa4cc\" data-element_type=\"column\" data-e-type=\"column\">\n\t\t\t<div class=\"elementor-widget-wrap elementor-element-populated\">\n\t\t\t\t\t\t<div class=\"elementor-element elementor-element-79dd193 elementor-widget elementor-widget-image\" data-id=\"79dd193\" data-element_type=\"widget\" data-e-type=\"widget\" data-widget_type=\"image.default\">\n\t\t\t\t\t\t\t\t\t\t\t\t\t\t\t\t<a href=\"https:\/\/www.vh.ma\/actualite-news-express-maroc\/khadija-jayi-embrase-la-matiere-dans-apres-le-feu-une-renaissance-brulante-a-marrakech\/\" target=\"_blank\">\n\t\t\t\t\t\t\t<img loading=\"lazy\" decoding=\"async\" width=\"2300\" height=\"1614\" src=\"https:\/\/cmgmarrakech.com\/wp-content\/uploads\/2026\/01\/CMG-Marrakech-CMG-news-VH-Magazine-12-25.jpg\" class=\"attachment-full size-full wp-image-18467\" alt=\"\" srcset=\"https:\/\/cmgmarrakech.com\/wp-content\/uploads\/2026\/01\/CMG-Marrakech-CMG-news-VH-Magazine-12-25.jpg 2300w, https:\/\/cmgmarrakech.com\/wp-content\/uploads\/2026\/01\/CMG-Marrakech-CMG-news-VH-Magazine-12-25-300x211.jpg 300w, https:\/\/cmgmarrakech.com\/wp-content\/uploads\/2026\/01\/CMG-Marrakech-CMG-news-VH-Magazine-12-25-1024x719.jpg 1024w, https:\/\/cmgmarrakech.com\/wp-content\/uploads\/2026\/01\/CMG-Marrakech-CMG-news-VH-Magazine-12-25-768x539.jpg 768w, https:\/\/cmgmarrakech.com\/wp-content\/uploads\/2026\/01\/CMG-Marrakech-CMG-news-VH-Magazine-12-25-1536x1078.jpg 1536w, https:\/\/cmgmarrakech.com\/wp-content\/uploads\/2026\/01\/CMG-Marrakech-CMG-news-VH-Magazine-12-25-2048x1437.jpg 2048w, https:\/\/cmgmarrakech.com\/wp-content\/uploads\/2026\/01\/CMG-Marrakech-CMG-news-VH-Magazine-12-25-18x12.jpg 18w, https:\/\/cmgmarrakech.com\/wp-content\/uploads\/2026\/01\/CMG-Marrakech-CMG-news-VH-Magazine-12-25-415x291.jpg 415w, https:\/\/cmgmarrakech.com\/wp-content\/uploads\/2026\/01\/CMG-Marrakech-CMG-news-VH-Magazine-12-25-650x456.jpg 650w, https:\/\/cmgmarrakech.com\/wp-content\/uploads\/2026\/01\/CMG-Marrakech-CMG-news-VH-Magazine-12-25-250x175.jpg 250w\" sizes=\"(max-width: 2300px) 100vw, 2300px\" \/>\t\t\t\t\t\t\t\t<\/a>\n\t\t\t\t\t\t\t\t\t\t\t\t\t\t\t<\/div>\n\t\t\t\t<div class=\"elementor-element elementor-element-4480630 elementor-widget elementor-widget-heading\" data-id=\"4480630\" data-element_type=\"widget\" data-e-type=\"widget\" data-widget_type=\"heading.default\">\n\t\t\t\t\t<h2 class=\"elementor-heading-title elementor-size-default\"><a href=\"https:\/\/www.vh.ma\/actualite-news-express-maroc\/khadija-jayi-embrase-la-matiere-dans-apres-le-feu-une-renaissance-brulante-a-marrakech\/\" target=\"_blank\">Khadija Jayi embrase la mati\u00e8re dans \u201cApr\u00e8s le feu\u201d : une renaissance br\u00fblante \u00e0 Marrakech\n<\/a><\/h2>\t\t\t\t<\/div>\n\t\t\t\t<div class=\"elementor-element elementor-element-6d73c0a elementor-widget elementor-widget-text-editor\" data-id=\"6d73c0a\" data-element_type=\"widget\" data-e-type=\"widget\" data-widget_type=\"text-editor.default\">\n\t\t\t\t\t\t\t\t\t<p>VH Magazine<\/p>\t\t\t\t\t\t\t\t<\/div>\n\t\t\t\t\t<\/div>\n\t\t<\/div>\n\t\t\t\t<div class=\"elementor-column elementor-col-50 elementor-top-column elementor-element elementor-element-9891af6\" data-id=\"9891af6\" data-element_type=\"column\" data-e-type=\"column\">\n\t\t\t<div class=\"elementor-widget-wrap elementor-element-populated\">\n\t\t\t\t\t\t<div class=\"elementor-element elementor-element-39d4599 elementor-widget elementor-widget-image\" data-id=\"39d4599\" data-element_type=\"widget\" data-e-type=\"widget\" data-widget_type=\"image.default\">\n\t\t\t\t\t\t\t\t\t\t\t\t\t\t\t\t<a href=\"https:\/\/aujourdhui.ma\/culture\/au-comptoir-des-mines-galerie-de-marrakech-khadija-jayi-fait-dialoguer-la-spiritualite-et-la-memoire-politique\" target=\"_blank\">\n\t\t\t\t\t\t\t<img loading=\"lazy\" decoding=\"async\" width=\"2300\" height=\"1614\" src=\"https:\/\/cmgmarrakech.com\/wp-content\/uploads\/2026\/01\/CMG-Marrakech-CMG-news-Ajourdhuilemaroc-12-25.jpg\" class=\"attachment-full size-full wp-image-18471\" alt=\"\" srcset=\"https:\/\/cmgmarrakech.com\/wp-content\/uploads\/2026\/01\/CMG-Marrakech-CMG-news-Ajourdhuilemaroc-12-25.jpg 2300w, https:\/\/cmgmarrakech.com\/wp-content\/uploads\/2026\/01\/CMG-Marrakech-CMG-news-Ajourdhuilemaroc-12-25-300x211.jpg 300w, https:\/\/cmgmarrakech.com\/wp-content\/uploads\/2026\/01\/CMG-Marrakech-CMG-news-Ajourdhuilemaroc-12-25-1024x719.jpg 1024w, https:\/\/cmgmarrakech.com\/wp-content\/uploads\/2026\/01\/CMG-Marrakech-CMG-news-Ajourdhuilemaroc-12-25-768x539.jpg 768w, https:\/\/cmgmarrakech.com\/wp-content\/uploads\/2026\/01\/CMG-Marrakech-CMG-news-Ajourdhuilemaroc-12-25-1536x1078.jpg 1536w, https:\/\/cmgmarrakech.com\/wp-content\/uploads\/2026\/01\/CMG-Marrakech-CMG-news-Ajourdhuilemaroc-12-25-2048x1437.jpg 2048w, https:\/\/cmgmarrakech.com\/wp-content\/uploads\/2026\/01\/CMG-Marrakech-CMG-news-Ajourdhuilemaroc-12-25-18x12.jpg 18w, https:\/\/cmgmarrakech.com\/wp-content\/uploads\/2026\/01\/CMG-Marrakech-CMG-news-Ajourdhuilemaroc-12-25-415x291.jpg 415w, https:\/\/cmgmarrakech.com\/wp-content\/uploads\/2026\/01\/CMG-Marrakech-CMG-news-Ajourdhuilemaroc-12-25-650x456.jpg 650w, https:\/\/cmgmarrakech.com\/wp-content\/uploads\/2026\/01\/CMG-Marrakech-CMG-news-Ajourdhuilemaroc-12-25-250x175.jpg 250w\" sizes=\"(max-width: 2300px) 100vw, 2300px\" \/>\t\t\t\t\t\t\t\t<\/a>\n\t\t\t\t\t\t\t\t\t\t\t\t\t\t\t<\/div>\n\t\t\t\t<div class=\"elementor-element elementor-element-80536c4 elementor-widget elementor-widget-heading\" data-id=\"80536c4\" data-element_type=\"widget\" data-e-type=\"widget\" data-widget_type=\"heading.default\">\n\t\t\t\t\t<h2 class=\"elementor-heading-title elementor-size-default\"><a href=\"https:\/\/aujourdhui.ma\/culture\/au-comptoir-des-mines-galerie-de-marrakech-khadija-jayi-fait-dialoguer-la-spiritualite-et-la-memoire-politique\" target=\"_blank\">Au Comptoir des Mines galerie de Marrakech Khadija Jayi fait dialoguer la spiritualit\u00e9 et la m\u00e9moire politique\n<\/a><\/h2>\t\t\t\t<\/div>\n\t\t\t\t<div class=\"elementor-element elementor-element-91804c5 elementor-widget elementor-widget-text-editor\" data-id=\"91804c5\" data-element_type=\"widget\" data-e-type=\"widget\" data-widget_type=\"text-editor.default\">\n\t\t\t\t\t\t\t\t\t<p>Aujourd\u2019hui Le Maroc<\/p>\t\t\t\t\t\t\t\t<\/div>\n\t\t\t\t\t<\/div>\n\t\t<\/div>\n\t\t\t\t\t<\/div>\n\t\t<\/section>\n\t\t\t\t<section class=\"elementor-section elementor-top-section elementor-element elementor-element-ad0558c animated-slow elementor-section-boxed elementor-section-height-default elementor-section-height-default\" data-id=\"ad0558c\" data-element_type=\"section\" data-e-type=\"section\" data-settings=\"{&quot;animation&quot;:&quot;none&quot;}\">\n\t\t\t\t\t\t<div class=\"elementor-container elementor-column-gap-default\">\n\t\t\t\t\t<div class=\"elementor-column elementor-col-50 elementor-top-column elementor-element elementor-element-ee4b18f\" data-id=\"ee4b18f\" data-element_type=\"column\" data-e-type=\"column\">\n\t\t\t<div class=\"elementor-widget-wrap elementor-element-populated\">\n\t\t\t\t\t\t<div class=\"elementor-element elementor-element-7136546 elementor-widget elementor-widget-image\" data-id=\"7136546\" data-element_type=\"widget\" data-e-type=\"widget\" data-widget_type=\"image.default\">\n\t\t\t\t\t\t\t\t\t\t\t\t\t\t\t\t<a href=\"https:\/\/www.decoactuelle.ma\/khadija-jayi-embrase-la-matiere-au-comptoir-des-mines-galerie\/\" target=\"_blank\">\n\t\t\t\t\t\t\t<img loading=\"lazy\" decoding=\"async\" width=\"2300\" height=\"1614\" src=\"https:\/\/cmgmarrakech.com\/wp-content\/uploads\/2026\/01\/CMG-Marrakech-CMG-news-Decoactuelle-Jayi.jpg\" class=\"attachment-full size-full wp-image-18457\" alt=\"\" srcset=\"https:\/\/cmgmarrakech.com\/wp-content\/uploads\/2026\/01\/CMG-Marrakech-CMG-news-Decoactuelle-Jayi.jpg 2300w, https:\/\/cmgmarrakech.com\/wp-content\/uploads\/2026\/01\/CMG-Marrakech-CMG-news-Decoactuelle-Jayi-300x211.jpg 300w, https:\/\/cmgmarrakech.com\/wp-content\/uploads\/2026\/01\/CMG-Marrakech-CMG-news-Decoactuelle-Jayi-1024x719.jpg 1024w, https:\/\/cmgmarrakech.com\/wp-content\/uploads\/2026\/01\/CMG-Marrakech-CMG-news-Decoactuelle-Jayi-768x539.jpg 768w, https:\/\/cmgmarrakech.com\/wp-content\/uploads\/2026\/01\/CMG-Marrakech-CMG-news-Decoactuelle-Jayi-1536x1078.jpg 1536w, https:\/\/cmgmarrakech.com\/wp-content\/uploads\/2026\/01\/CMG-Marrakech-CMG-news-Decoactuelle-Jayi-2048x1437.jpg 2048w, https:\/\/cmgmarrakech.com\/wp-content\/uploads\/2026\/01\/CMG-Marrakech-CMG-news-Decoactuelle-Jayi-18x12.jpg 18w, https:\/\/cmgmarrakech.com\/wp-content\/uploads\/2026\/01\/CMG-Marrakech-CMG-news-Decoactuelle-Jayi-415x291.jpg 415w, https:\/\/cmgmarrakech.com\/wp-content\/uploads\/2026\/01\/CMG-Marrakech-CMG-news-Decoactuelle-Jayi-650x456.jpg 650w, https:\/\/cmgmarrakech.com\/wp-content\/uploads\/2026\/01\/CMG-Marrakech-CMG-news-Decoactuelle-Jayi-250x175.jpg 250w\" sizes=\"(max-width: 2300px) 100vw, 2300px\" \/>\t\t\t\t\t\t\t\t<\/a>\n\t\t\t\t\t\t\t\t\t\t\t\t\t\t\t<\/div>\n\t\t\t\t<div class=\"elementor-element elementor-element-519f019 elementor-widget elementor-widget-heading\" data-id=\"519f019\" data-element_type=\"widget\" data-e-type=\"widget\" data-widget_type=\"heading.default\">\n\t\t\t\t\t<h2 class=\"elementor-heading-title elementor-size-default\"><a href=\"https:\/\/www.decoactuelle.ma\/khadija-jayi-embrase-la-matiere-au-comptoir-des-mines-galerie\/\" target=\"_blank\">Khadija Jayi embrase la mati\u00e8re au Comptoir des Mines Galerie\n<\/a><\/h2>\t\t\t\t<\/div>\n\t\t\t\t<div class=\"elementor-element elementor-element-6b263c9 elementor-widget elementor-widget-text-editor\" data-id=\"6b263c9\" data-element_type=\"widget\" data-e-type=\"widget\" data-widget_type=\"text-editor.default\">\n\t\t\t\t\t\t\t\t\t<p>Deco Actuelle<\/p>\t\t\t\t\t\t\t\t<\/div>\n\t\t\t\t\t<\/div>\n\t\t<\/div>\n\t\t\t\t<div class=\"elementor-column elementor-col-50 elementor-top-column elementor-element elementor-element-84914f7\" data-id=\"84914f7\" data-element_type=\"column\" data-e-type=\"column\">\n\t\t\t<div class=\"elementor-widget-wrap elementor-element-populated\">\n\t\t\t\t\t\t<div class=\"elementor-element elementor-element-2296ff9 elementor-widget elementor-widget-image\" data-id=\"2296ff9\" data-element_type=\"widget\" data-e-type=\"widget\" data-widget_type=\"image.default\">\n\t\t\t\t\t\t\t\t\t\t\t\t\t\t\t\t<a href=\"https:\/\/www.diptykmag.com\/product\/diptyk-74\/\" target=\"_blank\">\n\t\t\t\t\t\t\t<img loading=\"lazy\" decoding=\"async\" width=\"2300\" height=\"1614\" src=\"https:\/\/cmgmarrakech.com\/wp-content\/uploads\/2026\/01\/CMG-Marrakech-CMG-news-Diptyk-12-25.jpg\" class=\"attachment-full size-full wp-image-18463\" alt=\"\" srcset=\"https:\/\/cmgmarrakech.com\/wp-content\/uploads\/2026\/01\/CMG-Marrakech-CMG-news-Diptyk-12-25.jpg 2300w, https:\/\/cmgmarrakech.com\/wp-content\/uploads\/2026\/01\/CMG-Marrakech-CMG-news-Diptyk-12-25-300x211.jpg 300w, https:\/\/cmgmarrakech.com\/wp-content\/uploads\/2026\/01\/CMG-Marrakech-CMG-news-Diptyk-12-25-1024x719.jpg 1024w, https:\/\/cmgmarrakech.com\/wp-content\/uploads\/2026\/01\/CMG-Marrakech-CMG-news-Diptyk-12-25-768x539.jpg 768w, https:\/\/cmgmarrakech.com\/wp-content\/uploads\/2026\/01\/CMG-Marrakech-CMG-news-Diptyk-12-25-1536x1078.jpg 1536w, https:\/\/cmgmarrakech.com\/wp-content\/uploads\/2026\/01\/CMG-Marrakech-CMG-news-Diptyk-12-25-2048x1437.jpg 2048w, https:\/\/cmgmarrakech.com\/wp-content\/uploads\/2026\/01\/CMG-Marrakech-CMG-news-Diptyk-12-25-18x12.jpg 18w, https:\/\/cmgmarrakech.com\/wp-content\/uploads\/2026\/01\/CMG-Marrakech-CMG-news-Diptyk-12-25-415x291.jpg 415w, https:\/\/cmgmarrakech.com\/wp-content\/uploads\/2026\/01\/CMG-Marrakech-CMG-news-Diptyk-12-25-650x456.jpg 650w, https:\/\/cmgmarrakech.com\/wp-content\/uploads\/2026\/01\/CMG-Marrakech-CMG-news-Diptyk-12-25-250x175.jpg 250w\" sizes=\"(max-width: 2300px) 100vw, 2300px\" \/>\t\t\t\t\t\t\t\t<\/a>\n\t\t\t\t\t\t\t\t\t\t\t\t\t\t\t<\/div>\n\t\t\t\t<div class=\"elementor-element elementor-element-5c5053f elementor-widget elementor-widget-heading\" data-id=\"5c5053f\" data-element_type=\"widget\" data-e-type=\"widget\" data-widget_type=\"heading.default\">\n\t\t\t\t\t<h2 class=\"elementor-heading-title elementor-size-default\"><a href=\"https:\/\/www.diptykmag.com\/product\/diptyk-74\/\" target=\"_blank\">Diptyk #74 - Expositions : Khadija Jayi<\/a><\/h2>\t\t\t\t<\/div>\n\t\t\t\t<div class=\"elementor-element elementor-element-53d4d45 elementor-widget elementor-widget-text-editor\" data-id=\"53d4d45\" data-element_type=\"widget\" data-e-type=\"widget\" data-widget_type=\"text-editor.default\">\n\t\t\t\t\t\t\t\t\t<p>Diptyk<\/p>\t\t\t\t\t\t\t\t<\/div>\n\t\t\t\t\t<\/div>\n\t\t<\/div>\n\t\t\t\t\t<\/div>\n\t\t<\/section>\n\t\t\t\t<section class=\"elementor-section elementor-top-section elementor-element elementor-element-a0fc4ec animated-slow elementor-section-boxed elementor-section-height-default elementor-section-height-default\" data-id=\"a0fc4ec\" data-element_type=\"section\" data-e-type=\"section\" data-settings=\"{&quot;animation&quot;:&quot;none&quot;}\">\n\t\t\t\t\t\t<div class=\"elementor-container elementor-column-gap-default\">\n\t\t\t\t\t<div class=\"elementor-column elementor-col-50 elementor-top-column elementor-element elementor-element-4984e2e\" data-id=\"4984e2e\" data-element_type=\"column\" data-e-type=\"column\">\n\t\t\t<div class=\"elementor-widget-wrap elementor-element-populated\">\n\t\t\t\t\t\t<div class=\"elementor-element elementor-element-b9eef0a elementor-widget elementor-widget-image\" data-id=\"b9eef0a\" data-element_type=\"widget\" data-e-type=\"widget\" data-widget_type=\"image.default\">\n\t\t\t\t\t\t\t\t\t\t\t\t\t\t\t\t<a href=\"https:\/\/iselp.be\/evenement\/haute-nuit\/\" target=\"_blank\">\n\t\t\t\t\t\t\t<img loading=\"lazy\" decoding=\"async\" width=\"2300\" height=\"1614\" src=\"https:\/\/cmgmarrakech.com\/wp-content\/uploads\/2026\/01\/CMG-Marrakech-CMG-news-Mouhcine-Rahaoui-iselp.jpg\" class=\"attachment-full size-full wp-image-18493\" alt=\"\" srcset=\"https:\/\/cmgmarrakech.com\/wp-content\/uploads\/2026\/01\/CMG-Marrakech-CMG-news-Mouhcine-Rahaoui-iselp.jpg 2300w, https:\/\/cmgmarrakech.com\/wp-content\/uploads\/2026\/01\/CMG-Marrakech-CMG-news-Mouhcine-Rahaoui-iselp-300x211.jpg 300w, https:\/\/cmgmarrakech.com\/wp-content\/uploads\/2026\/01\/CMG-Marrakech-CMG-news-Mouhcine-Rahaoui-iselp-1024x719.jpg 1024w, https:\/\/cmgmarrakech.com\/wp-content\/uploads\/2026\/01\/CMG-Marrakech-CMG-news-Mouhcine-Rahaoui-iselp-768x539.jpg 768w, https:\/\/cmgmarrakech.com\/wp-content\/uploads\/2026\/01\/CMG-Marrakech-CMG-news-Mouhcine-Rahaoui-iselp-1536x1078.jpg 1536w, https:\/\/cmgmarrakech.com\/wp-content\/uploads\/2026\/01\/CMG-Marrakech-CMG-news-Mouhcine-Rahaoui-iselp-2048x1437.jpg 2048w, https:\/\/cmgmarrakech.com\/wp-content\/uploads\/2026\/01\/CMG-Marrakech-CMG-news-Mouhcine-Rahaoui-iselp-18x12.jpg 18w, https:\/\/cmgmarrakech.com\/wp-content\/uploads\/2026\/01\/CMG-Marrakech-CMG-news-Mouhcine-Rahaoui-iselp-415x291.jpg 415w, https:\/\/cmgmarrakech.com\/wp-content\/uploads\/2026\/01\/CMG-Marrakech-CMG-news-Mouhcine-Rahaoui-iselp-650x456.jpg 650w, https:\/\/cmgmarrakech.com\/wp-content\/uploads\/2026\/01\/CMG-Marrakech-CMG-news-Mouhcine-Rahaoui-iselp-250x175.jpg 250w\" sizes=\"(max-width: 2300px) 100vw, 2300px\" \/>\t\t\t\t\t\t\t\t<\/a>\n\t\t\t\t\t\t\t\t\t\t\t\t\t\t\t<\/div>\n\t\t\t\t<div class=\"elementor-element elementor-element-b93bb89 elementor-widget elementor-widget-heading\" data-id=\"b93bb89\" data-element_type=\"widget\" data-e-type=\"widget\" data-widget_type=\"heading.default\">\n\t\t\t\t\t<h2 class=\"elementor-heading-title elementor-size-default\"><a href=\"https:\/\/iselp.be\/evenement\/haute-nuit\/\" target=\"_blank\">Mouhcine Rahaoui - Haute Nuit - L\u2019Institut Sup\u00e9rieur pour l\u2019Etude du Langage Plastique - ISELP <\/a><\/h2>\t\t\t\t<\/div>\n\t\t\t\t<div class=\"elementor-element elementor-element-2837985 elementor-widget elementor-widget-text-editor\" data-id=\"2837985\" data-element_type=\"widget\" data-e-type=\"widget\" data-widget_type=\"text-editor.default\">\n\t\t\t\t\t\t\t\t\t<p>ISELP<\/p>\t\t\t\t\t\t\t\t<\/div>\n\t\t\t\t\t<\/div>\n\t\t<\/div>\n\t\t\t\t<div class=\"elementor-column elementor-col-50 elementor-top-column elementor-element elementor-element-acccca7\" data-id=\"acccca7\" data-element_type=\"column\" data-e-type=\"column\">\n\t\t\t<div class=\"elementor-widget-wrap elementor-element-populated\">\n\t\t\t\t\t\t<div class=\"elementor-element elementor-element-8bfee41 elementor-widget elementor-widget-image\" data-id=\"8bfee41\" data-element_type=\"widget\" data-e-type=\"widget\" data-widget_type=\"image.default\">\n\t\t\t\t\t\t\t\t\t\t\t\t\t\t\t\t<a href=\"https:\/\/vimeo.com\/1141890149\" target=\"_blank\">\n\t\t\t\t\t\t\t<img loading=\"lazy\" decoding=\"async\" width=\"2300\" height=\"1614\" src=\"https:\/\/cmgmarrakech.com\/wp-content\/uploads\/2026\/01\/CMG-Marrakech-CMG-news-MohamedArejdal-Vancouver-Biennale.jpg\" class=\"attachment-full size-full wp-image-18497\" alt=\"\" srcset=\"https:\/\/cmgmarrakech.com\/wp-content\/uploads\/2026\/01\/CMG-Marrakech-CMG-news-MohamedArejdal-Vancouver-Biennale.jpg 2300w, https:\/\/cmgmarrakech.com\/wp-content\/uploads\/2026\/01\/CMG-Marrakech-CMG-news-MohamedArejdal-Vancouver-Biennale-300x211.jpg 300w, https:\/\/cmgmarrakech.com\/wp-content\/uploads\/2026\/01\/CMG-Marrakech-CMG-news-MohamedArejdal-Vancouver-Biennale-1024x719.jpg 1024w, https:\/\/cmgmarrakech.com\/wp-content\/uploads\/2026\/01\/CMG-Marrakech-CMG-news-MohamedArejdal-Vancouver-Biennale-768x539.jpg 768w, https:\/\/cmgmarrakech.com\/wp-content\/uploads\/2026\/01\/CMG-Marrakech-CMG-news-MohamedArejdal-Vancouver-Biennale-1536x1078.jpg 1536w, https:\/\/cmgmarrakech.com\/wp-content\/uploads\/2026\/01\/CMG-Marrakech-CMG-news-MohamedArejdal-Vancouver-Biennale-2048x1437.jpg 2048w, https:\/\/cmgmarrakech.com\/wp-content\/uploads\/2026\/01\/CMG-Marrakech-CMG-news-MohamedArejdal-Vancouver-Biennale-18x12.jpg 18w, https:\/\/cmgmarrakech.com\/wp-content\/uploads\/2026\/01\/CMG-Marrakech-CMG-news-MohamedArejdal-Vancouver-Biennale-415x291.jpg 415w, https:\/\/cmgmarrakech.com\/wp-content\/uploads\/2026\/01\/CMG-Marrakech-CMG-news-MohamedArejdal-Vancouver-Biennale-650x456.jpg 650w, https:\/\/cmgmarrakech.com\/wp-content\/uploads\/2026\/01\/CMG-Marrakech-CMG-news-MohamedArejdal-Vancouver-Biennale-250x175.jpg 250w\" sizes=\"(max-width: 2300px) 100vw, 2300px\" \/>\t\t\t\t\t\t\t\t<\/a>\n\t\t\t\t\t\t\t\t\t\t\t\t\t\t\t<\/div>\n\t\t\t\t<div class=\"elementor-element elementor-element-6f8d409 elementor-widget elementor-widget-heading\" data-id=\"6f8d409\" data-element_type=\"widget\" data-e-type=\"widget\" data-widget_type=\"heading.default\">\n\t\t\t\t\t<h2 class=\"elementor-heading-title elementor-size-default\"><a href=\"https:\/\/vimeo.com\/1141890149\" target=\"_blank\">\"Skin of the Sky\", R\u00e9sidence, Vancouver Biennale 2025<\/a><\/h2>\t\t\t\t<\/div>\n\t\t\t\t<div class=\"elementor-element elementor-element-82889cc elementor-widget elementor-widget-text-editor\" data-id=\"82889cc\" data-element_type=\"widget\" data-e-type=\"widget\" data-widget_type=\"text-editor.default\">\n\t\t\t\t\t\t\t\t\t<p>Vancouver Biennale<\/p>\t\t\t\t\t\t\t\t<\/div>\n\t\t\t\t\t<\/div>\n\t\t<\/div>\n\t\t\t\t\t<\/div>\n\t\t<\/section>\n\t\t\t\t<section class=\"elementor-section elementor-top-section elementor-element elementor-element-aafdbf3 animated-slow elementor-section-boxed elementor-section-height-default elementor-section-height-default\" data-id=\"aafdbf3\" data-element_type=\"section\" data-e-type=\"section\" data-settings=\"{&quot;animation&quot;:&quot;none&quot;}\">\n\t\t\t\t\t\t<div class=\"elementor-container elementor-column-gap-default\">\n\t\t\t\t\t<div class=\"elementor-column elementor-col-50 elementor-top-column elementor-element elementor-element-096abb0\" data-id=\"096abb0\" data-element_type=\"column\" data-e-type=\"column\">\n\t\t\t<div class=\"elementor-widget-wrap elementor-element-populated\">\n\t\t\t\t\t\t<div class=\"elementor-element elementor-element-438157c elementor-widget elementor-widget-image\" data-id=\"438157c\" data-element_type=\"widget\" data-e-type=\"widget\" data-widget_type=\"image.default\">\n\t\t\t\t\t\t\t\t\t\t\t\t\t\t\t\t<a href=\"https:\/\/www.diptykmag.com\/holiday-powers-le-modernisme-est-lie-aux-luttes-de-la-decolonisation\/\" target=\"_blank\">\n\t\t\t\t\t\t\t<img decoding=\"async\" src=\"https:\/\/www.diptykmag.com\/wp-content\/uploads\/2025\/12\/diptyk74-TO-DELETE-205-1536x1030.jpg\" title=\"\" alt=\"\" loading=\"lazy\" \/>\t\t\t\t\t\t\t\t<\/a>\n\t\t\t\t\t\t\t\t\t\t\t\t\t\t\t<\/div>\n\t\t\t\t<div class=\"elementor-element elementor-element-81c9059 elementor-widget elementor-widget-heading\" data-id=\"81c9059\" data-element_type=\"widget\" data-e-type=\"widget\" data-widget_type=\"heading.default\">\n\t\t\t\t\t<h2 class=\"elementor-heading-title elementor-size-default\"><a href=\"https:\/\/www.diptykmag.com\/holiday-powers-le-modernisme-est-lie-aux-luttes-de-la-decolonisation\/\" target=\"_blank\">Holiday Powers : \u00ab Le modernisme est lie\u0301 aux luttes de la de\u0301colonisation \u00bb \/\/ \u201cModernism is inextricably linked to the struggles of decolonization\u201d<\/a><\/h2>\t\t\t\t<\/div>\n\t\t\t\t<div class=\"elementor-element elementor-element-76ae896 elementor-widget elementor-widget-text-editor\" data-id=\"76ae896\" data-element_type=\"widget\" data-e-type=\"widget\" data-widget_type=\"text-editor.default\">\n\t\t\t\t\t\t\t\t\t<p>Diptyk<\/p>\t\t\t\t\t\t\t\t<\/div>\n\t\t\t\t\t<\/div>\n\t\t<\/div>\n\t\t\t\t<div class=\"elementor-column elementor-col-50 elementor-top-column elementor-element elementor-element-f281c40\" data-id=\"f281c40\" data-element_type=\"column\" data-e-type=\"column\">\n\t\t\t<div class=\"elementor-widget-wrap elementor-element-populated\">\n\t\t\t\t\t\t<div class=\"elementor-element elementor-element-f435ace elementor-widget elementor-widget-image\" data-id=\"f435ace\" data-element_type=\"widget\" data-e-type=\"widget\" data-widget_type=\"image.default\">\n\t\t\t\t\t\t\t\t\t\t\t\t\t\t\t\t<a href=\"https:\/\/cmgmarrakech.com\/wp-content\/uploads\/2026\/01\/The-Art-Travel-Book-05-12-paginas-42.pdf\" target=\"_blank\">\n\t\t\t\t\t\t\t<img loading=\"lazy\" decoding=\"async\" width=\"2300\" height=\"1614\" src=\"https:\/\/cmgmarrakech.com\/wp-content\/uploads\/2026\/01\/CMG-Marrakech-CMG-news-Hassan-Darsi-The-Art-Travel-Book.jpg\" class=\"attachment-full size-full wp-image-18489\" alt=\"\" srcset=\"https:\/\/cmgmarrakech.com\/wp-content\/uploads\/2026\/01\/CMG-Marrakech-CMG-news-Hassan-Darsi-The-Art-Travel-Book.jpg 2300w, https:\/\/cmgmarrakech.com\/wp-content\/uploads\/2026\/01\/CMG-Marrakech-CMG-news-Hassan-Darsi-The-Art-Travel-Book-300x211.jpg 300w, https:\/\/cmgmarrakech.com\/wp-content\/uploads\/2026\/01\/CMG-Marrakech-CMG-news-Hassan-Darsi-The-Art-Travel-Book-1024x719.jpg 1024w, https:\/\/cmgmarrakech.com\/wp-content\/uploads\/2026\/01\/CMG-Marrakech-CMG-news-Hassan-Darsi-The-Art-Travel-Book-768x539.jpg 768w, https:\/\/cmgmarrakech.com\/wp-content\/uploads\/2026\/01\/CMG-Marrakech-CMG-news-Hassan-Darsi-The-Art-Travel-Book-1536x1078.jpg 1536w, https:\/\/cmgmarrakech.com\/wp-content\/uploads\/2026\/01\/CMG-Marrakech-CMG-news-Hassan-Darsi-The-Art-Travel-Book-2048x1437.jpg 2048w, https:\/\/cmgmarrakech.com\/wp-content\/uploads\/2026\/01\/CMG-Marrakech-CMG-news-Hassan-Darsi-The-Art-Travel-Book-18x12.jpg 18w, https:\/\/cmgmarrakech.com\/wp-content\/uploads\/2026\/01\/CMG-Marrakech-CMG-news-Hassan-Darsi-The-Art-Travel-Book-415x291.jpg 415w, https:\/\/cmgmarrakech.com\/wp-content\/uploads\/2026\/01\/CMG-Marrakech-CMG-news-Hassan-Darsi-The-Art-Travel-Book-650x456.jpg 650w, https:\/\/cmgmarrakech.com\/wp-content\/uploads\/2026\/01\/CMG-Marrakech-CMG-news-Hassan-Darsi-The-Art-Travel-Book-250x175.jpg 250w\" sizes=\"(max-width: 2300px) 100vw, 2300px\" \/>\t\t\t\t\t\t\t\t<\/a>\n\t\t\t\t\t\t\t\t\t\t\t\t\t\t\t<\/div>\n\t\t\t\t<div class=\"elementor-element elementor-element-ef65edd elementor-widget elementor-widget-heading\" data-id=\"ef65edd\" data-element_type=\"widget\" data-e-type=\"widget\" data-widget_type=\"heading.default\">\n\t\t\t\t\t<h2 class=\"elementor-heading-title elementor-size-default\"><a href=\"https:\/\/cmgmarrakech.com\/wp-content\/uploads\/2026\/01\/The-Art-Travel-Book-05-12-paginas-42.pdf\" target=\"_blank\">The Art Travel Book \u2013 \u00ab Jet\u00e9e en Or, Hassan Darsi, Al Maaden Marrakech \u00bb + Three Other Art Stops in Marrakech<\/a><\/h2>\t\t\t\t<\/div>\n\t\t\t\t<div class=\"elementor-element elementor-element-604a7cf elementor-widget elementor-widget-text-editor\" data-id=\"604a7cf\" data-element_type=\"widget\" data-e-type=\"widget\" data-widget_type=\"text-editor.default\">\n\t\t\t\t\t\t\t\t\t<p>The Art Travel Book<\/p>\t\t\t\t\t\t\t\t<\/div>\n\t\t\t\t\t<\/div>\n\t\t<\/div>\n\t\t\t\t\t<\/div>\n\t\t<\/section>\n\t\t\t\t<section class=\"elementor-section elementor-top-section elementor-element elementor-element-6299407 animated-slow elementor-section-boxed elementor-section-height-default elementor-section-height-default\" data-id=\"6299407\" data-element_type=\"section\" data-e-type=\"section\" data-settings=\"{&quot;animation&quot;:&quot;none&quot;}\">\n\t\t\t\t\t\t<div class=\"elementor-container elementor-column-gap-default\">\n\t\t\t\t\t<div class=\"elementor-column elementor-col-50 elementor-top-column elementor-element elementor-element-4519f9f\" data-id=\"4519f9f\" data-element_type=\"column\" data-e-type=\"column\">\n\t\t\t<div class=\"elementor-widget-wrap elementor-element-populated\">\n\t\t\t\t\t\t<div class=\"elementor-element elementor-element-5c1544f elementor-widget elementor-widget-image\" data-id=\"5c1544f\" data-element_type=\"widget\" data-e-type=\"widget\" data-widget_type=\"image.default\">\n\t\t\t\t\t\t\t\t\t\t\t\t\t\t\t\t<a href=\"https:\/\/fr.le360.ma\/culture\/au-coeur-du-projet-monumental-damina-agueznay-et-meryem-berrada-a-la-biennale-dart-de-venise_XMDPWCYEVFGDZE2DHHNRVVXK4A\/\" target=\"_blank\">\n\t\t\t\t\t\t\t<img loading=\"lazy\" decoding=\"async\" width=\"2300\" height=\"1614\" src=\"https:\/\/cmgmarrakech.com\/wp-content\/uploads\/2025\/12\/CMG-Marrakech-CMG-news-AminaAgueznay.jpg\" class=\"attachment-full size-full wp-image-18363\" alt=\"\" srcset=\"https:\/\/cmgmarrakech.com\/wp-content\/uploads\/2025\/12\/CMG-Marrakech-CMG-news-AminaAgueznay.jpg 2300w, https:\/\/cmgmarrakech.com\/wp-content\/uploads\/2025\/12\/CMG-Marrakech-CMG-news-AminaAgueznay-300x211.jpg 300w, https:\/\/cmgmarrakech.com\/wp-content\/uploads\/2025\/12\/CMG-Marrakech-CMG-news-AminaAgueznay-1024x719.jpg 1024w, https:\/\/cmgmarrakech.com\/wp-content\/uploads\/2025\/12\/CMG-Marrakech-CMG-news-AminaAgueznay-768x539.jpg 768w, https:\/\/cmgmarrakech.com\/wp-content\/uploads\/2025\/12\/CMG-Marrakech-CMG-news-AminaAgueznay-1536x1078.jpg 1536w, https:\/\/cmgmarrakech.com\/wp-content\/uploads\/2025\/12\/CMG-Marrakech-CMG-news-AminaAgueznay-2048x1437.jpg 2048w, https:\/\/cmgmarrakech.com\/wp-content\/uploads\/2025\/12\/CMG-Marrakech-CMG-news-AminaAgueznay-18x12.jpg 18w, https:\/\/cmgmarrakech.com\/wp-content\/uploads\/2025\/12\/CMG-Marrakech-CMG-news-AminaAgueznay-415x291.jpg 415w, https:\/\/cmgmarrakech.com\/wp-content\/uploads\/2025\/12\/CMG-Marrakech-CMG-news-AminaAgueznay-650x456.jpg 650w, https:\/\/cmgmarrakech.com\/wp-content\/uploads\/2025\/12\/CMG-Marrakech-CMG-news-AminaAgueznay-250x175.jpg 250w\" sizes=\"(max-width: 2300px) 100vw, 2300px\" \/>\t\t\t\t\t\t\t\t<\/a>\n\t\t\t\t\t\t\t\t\t\t\t\t\t\t\t<\/div>\n\t\t\t\t<div class=\"elementor-element elementor-element-0d49a62 elementor-widget elementor-widget-heading\" data-id=\"0d49a62\" data-element_type=\"widget\" data-e-type=\"widget\" data-widget_type=\"heading.default\">\n\t\t\t\t\t<h2 class=\"elementor-heading-title elementor-size-default\"><a href=\"https:\/\/fr.le360.ma\/culture\/au-coeur-du-projet-monumental-damina-agueznay-et-meryem-berrada-a-la-biennale-dart-de-venise_XMDPWCYEVFGDZE2DHHNRVVXK4A\/\" target=\"_blank\">Au c\u0153ur du projet monumental d\u2019Amina Agueznay et Meriem Berrada \u00e0 la Biennale d\u2019art de Venise\n<\/a><\/h2>\t\t\t\t<\/div>\n\t\t\t\t<div class=\"elementor-element elementor-element-d2c95b0 elementor-widget elementor-widget-text-editor\" data-id=\"d2c95b0\" data-element_type=\"widget\" data-e-type=\"widget\" data-widget_type=\"text-editor.default\">\n\t\t\t\t\t\t\t\t\t<p>Le360<\/p>\t\t\t\t\t\t\t\t<\/div>\n\t\t\t\t\t<\/div>\n\t\t<\/div>\n\t\t\t\t<div class=\"elementor-column elementor-col-50 elementor-top-column elementor-element elementor-element-0ab1c9a\" data-id=\"0ab1c9a\" data-element_type=\"column\" data-e-type=\"column\">\n\t\t\t<div class=\"elementor-widget-wrap elementor-element-populated\">\n\t\t\t\t\t\t<div class=\"elementor-element elementor-element-7a04e94 elementor-widget elementor-widget-image\" data-id=\"7a04e94\" data-element_type=\"widget\" data-e-type=\"widget\" data-widget_type=\"image.default\">\n\t\t\t\t\t\t\t\t\t\t\t\t\t\t\t\t<a href=\"https:\/\/fr.hibapress.com\/news-223878.html\" target=\"_blank\">\n\t\t\t\t\t\t\t<img decoding=\"async\" src=\"https:\/\/www.fondationhiba.ma\/img\/FOMICC-2025.jpg\" title=\"\" alt=\"\" loading=\"lazy\" \/>\t\t\t\t\t\t\t\t<\/a>\n\t\t\t\t\t\t\t\t\t\t\t\t\t\t\t<\/div>\n\t\t\t\t<div class=\"elementor-element elementor-element-b062a38 elementor-widget elementor-widget-heading\" data-id=\"b062a38\" data-element_type=\"widget\" data-e-type=\"widget\" data-widget_type=\"heading.default\">\n\t\t\t\t\t<h2 class=\"elementor-heading-title elementor-size-default\"><a href=\"https:\/\/fr.hibapress.com\/news-223878.html\" target=\"_blank\">Conf\u00e9rence \u00e0 Rabat appelant \u00e0 la mise en place d\u2019un syst\u00e8me durable pour l\u2019art contemporain<\/a><\/h2>\t\t\t\t<\/div>\n\t\t\t\t<div class=\"elementor-element elementor-element-2a7e61c elementor-widget elementor-widget-text-editor\" data-id=\"2a7e61c\" data-element_type=\"widget\" data-e-type=\"widget\" data-widget_type=\"text-editor.default\">\n\t\t\t\t\t\t\t\t\t<p>Hiba Press<\/p>\t\t\t\t\t\t\t\t<\/div>\n\t\t\t\t\t<\/div>\n\t\t<\/div>\n\t\t\t\t\t<\/div>\n\t\t<\/section>\n\t\t\t\t<section class=\"elementor-section elementor-top-section elementor-element elementor-element-e7f2227 animated-slow elementor-section-boxed elementor-section-height-default elementor-section-height-default\" data-id=\"e7f2227\" data-element_type=\"section\" data-e-type=\"section\" data-settings=\"{&quot;animation&quot;:&quot;none&quot;}\">\n\t\t\t\t\t\t<div class=\"elementor-container elementor-column-gap-default\">\n\t\t\t\t\t<div class=\"elementor-column elementor-col-50 elementor-top-column elementor-element elementor-element-8399c1a\" data-id=\"8399c1a\" data-element_type=\"column\" data-e-type=\"column\">\n\t\t\t<div class=\"elementor-widget-wrap elementor-element-populated\">\n\t\t\t\t\t\t<div class=\"elementor-element elementor-element-f8aaa13 elementor-widget elementor-widget-image\" data-id=\"f8aaa13\" data-element_type=\"widget\" data-e-type=\"widget\" data-widget_type=\"image.default\">\n\t\t\t\t\t\t\t\t\t\t\t\t\t\t\t\t<a href=\"https:\/\/tourismenews.ma\/comptoir-des-mines-galerie-abu-dhabi-art-2025\/\" target=\"_blank\">\n\t\t\t\t\t\t\t<img loading=\"lazy\" decoding=\"async\" width=\"2300\" height=\"1614\" src=\"https:\/\/cmgmarrakech.com\/wp-content\/uploads\/2025\/12\/CMG-Abu-Dhabi-Art_Latifa-Toujani.jpg\" class=\"attachment-full size-full wp-image-18134\" alt=\"\" srcset=\"https:\/\/cmgmarrakech.com\/wp-content\/uploads\/2025\/12\/CMG-Abu-Dhabi-Art_Latifa-Toujani.jpg 2300w, https:\/\/cmgmarrakech.com\/wp-content\/uploads\/2025\/12\/CMG-Abu-Dhabi-Art_Latifa-Toujani-300x211.jpg 300w, https:\/\/cmgmarrakech.com\/wp-content\/uploads\/2025\/12\/CMG-Abu-Dhabi-Art_Latifa-Toujani-1024x719.jpg 1024w, https:\/\/cmgmarrakech.com\/wp-content\/uploads\/2025\/12\/CMG-Abu-Dhabi-Art_Latifa-Toujani-768x539.jpg 768w, https:\/\/cmgmarrakech.com\/wp-content\/uploads\/2025\/12\/CMG-Abu-Dhabi-Art_Latifa-Toujani-1536x1078.jpg 1536w, https:\/\/cmgmarrakech.com\/wp-content\/uploads\/2025\/12\/CMG-Abu-Dhabi-Art_Latifa-Toujani-2048x1437.jpg 2048w, https:\/\/cmgmarrakech.com\/wp-content\/uploads\/2025\/12\/CMG-Abu-Dhabi-Art_Latifa-Toujani-18x12.jpg 18w, https:\/\/cmgmarrakech.com\/wp-content\/uploads\/2025\/12\/CMG-Abu-Dhabi-Art_Latifa-Toujani-415x291.jpg 415w, https:\/\/cmgmarrakech.com\/wp-content\/uploads\/2025\/12\/CMG-Abu-Dhabi-Art_Latifa-Toujani-650x456.jpg 650w, https:\/\/cmgmarrakech.com\/wp-content\/uploads\/2025\/12\/CMG-Abu-Dhabi-Art_Latifa-Toujani-250x175.jpg 250w\" sizes=\"(max-width: 2300px) 100vw, 2300px\" \/>\t\t\t\t\t\t\t\t<\/a>\n\t\t\t\t\t\t\t\t\t\t\t\t\t\t\t<\/div>\n\t\t\t\t<div class=\"elementor-element elementor-element-bcae0d8 elementor-widget elementor-widget-heading\" data-id=\"bcae0d8\" data-element_type=\"widget\" data-e-type=\"widget\" data-widget_type=\"heading.default\">\n\t\t\t\t\t<h2 class=\"elementor-heading-title elementor-size-default\"><a href=\"https:\/\/tourismenews.ma\/comptoir-des-mines-galerie-abu-dhabi-art-2025\/\" target=\"_blank\">Comptoir des Mines Galerie fait sensation \u00e0 Abu Dhabi Art\u202f2025\n<\/a><\/h2>\t\t\t\t<\/div>\n\t\t\t\t<div class=\"elementor-element elementor-element-8f9d899 elementor-widget elementor-widget-text-editor\" data-id=\"8f9d899\" data-element_type=\"widget\" data-e-type=\"widget\" data-widget_type=\"text-editor.default\">\n\t\t\t\t\t\t\t\t\t<p>Tourism News<\/p>\t\t\t\t\t\t\t\t<\/div>\n\t\t\t\t\t<\/div>\n\t\t<\/div>\n\t\t\t\t<div class=\"elementor-column elementor-col-50 elementor-top-column elementor-element elementor-element-e10dd3a\" data-id=\"e10dd3a\" data-element_type=\"column\" data-e-type=\"column\">\n\t\t\t<div class=\"elementor-widget-wrap elementor-element-populated\">\n\t\t\t\t\t\t<div class=\"elementor-element elementor-element-177f4ef elementor-widget elementor-widget-image\" data-id=\"177f4ef\" data-element_type=\"widget\" data-e-type=\"widget\" data-widget_type=\"image.default\">\n\t\t\t\t\t\t\t\t\t\t\t\t\t\t\t\t<a href=\"https:\/\/www.diptykmag.com\/abu-dhabi-art-2025-from-regional-platform-to-global-stage\/\" target=\"_blank\">\n\t\t\t\t\t\t\t<img loading=\"lazy\" decoding=\"async\" width=\"2300\" height=\"1614\" src=\"https:\/\/cmgmarrakech.com\/wp-content\/uploads\/2025\/12\/CMG-Abu-Dhabi-Art_LMohammed-Kacimi.jpg\" class=\"attachment-full size-full wp-image-18135\" alt=\"\" srcset=\"https:\/\/cmgmarrakech.com\/wp-content\/uploads\/2025\/12\/CMG-Abu-Dhabi-Art_LMohammed-Kacimi.jpg 2300w, https:\/\/cmgmarrakech.com\/wp-content\/uploads\/2025\/12\/CMG-Abu-Dhabi-Art_LMohammed-Kacimi-300x211.jpg 300w, https:\/\/cmgmarrakech.com\/wp-content\/uploads\/2025\/12\/CMG-Abu-Dhabi-Art_LMohammed-Kacimi-1024x719.jpg 1024w, https:\/\/cmgmarrakech.com\/wp-content\/uploads\/2025\/12\/CMG-Abu-Dhabi-Art_LMohammed-Kacimi-768x539.jpg 768w, https:\/\/cmgmarrakech.com\/wp-content\/uploads\/2025\/12\/CMG-Abu-Dhabi-Art_LMohammed-Kacimi-1536x1078.jpg 1536w, https:\/\/cmgmarrakech.com\/wp-content\/uploads\/2025\/12\/CMG-Abu-Dhabi-Art_LMohammed-Kacimi-2048x1437.jpg 2048w, https:\/\/cmgmarrakech.com\/wp-content\/uploads\/2025\/12\/CMG-Abu-Dhabi-Art_LMohammed-Kacimi-18x12.jpg 18w, https:\/\/cmgmarrakech.com\/wp-content\/uploads\/2025\/12\/CMG-Abu-Dhabi-Art_LMohammed-Kacimi-415x291.jpg 415w, https:\/\/cmgmarrakech.com\/wp-content\/uploads\/2025\/12\/CMG-Abu-Dhabi-Art_LMohammed-Kacimi-650x456.jpg 650w, https:\/\/cmgmarrakech.com\/wp-content\/uploads\/2025\/12\/CMG-Abu-Dhabi-Art_LMohammed-Kacimi-250x175.jpg 250w\" sizes=\"(max-width: 2300px) 100vw, 2300px\" \/>\t\t\t\t\t\t\t\t<\/a>\n\t\t\t\t\t\t\t\t\t\t\t\t\t\t\t<\/div>\n\t\t\t\t<div class=\"elementor-element elementor-element-9653f8c elementor-widget elementor-widget-heading\" data-id=\"9653f8c\" data-element_type=\"widget\" data-e-type=\"widget\" data-widget_type=\"heading.default\">\n\t\t\t\t\t<h2 class=\"elementor-heading-title elementor-size-default\"><a href=\"https:\/\/www.diptykmag.com\/abu-dhabi-art-2025-from-regional-platform-to-global-stage\/\" target=\"_blank\">Abu Dhabi Art 2025 : From Regional Platform to Global Stage<\/a><\/h2>\t\t\t\t<\/div>\n\t\t\t\t<div class=\"elementor-element elementor-element-cebd149 elementor-widget elementor-widget-text-editor\" data-id=\"cebd149\" data-element_type=\"widget\" data-e-type=\"widget\" data-widget_type=\"text-editor.default\">\n\t\t\t\t\t\t\t\t\t<p>Diptyk<\/p>\t\t\t\t\t\t\t\t<\/div>\n\t\t\t\t\t<\/div>\n\t\t<\/div>\n\t\t\t\t\t<\/div>\n\t\t<\/section>\n\t\t\t\t<section class=\"elementor-section elementor-top-section elementor-element elementor-element-a25ff6c animated-slow elementor-section-boxed elementor-section-height-default elementor-section-height-default\" data-id=\"a25ff6c\" data-element_type=\"section\" data-e-type=\"section\" data-settings=\"{&quot;animation&quot;:&quot;none&quot;}\">\n\t\t\t\t\t\t<div class=\"elementor-container elementor-column-gap-default\">\n\t\t\t\t\t<div class=\"elementor-column elementor-col-50 elementor-top-column elementor-element elementor-element-3b043eb\" data-id=\"3b043eb\" data-element_type=\"column\" data-e-type=\"column\">\n\t\t\t<div class=\"elementor-widget-wrap elementor-element-populated\">\n\t\t\t\t\t\t<div class=\"elementor-element elementor-element-00f7353 elementor-widget elementor-widget-image\" data-id=\"00f7353\" data-element_type=\"widget\" data-e-type=\"widget\" data-widget_type=\"image.default\">\n\t\t\t\t\t\t\t\t\t\t\t\t\t\t\t\t<a href=\"https:\/\/www.quid.ma\/a-la-une\/le-maroc-en-culture-cinema-arts-et-dialogues-culturels-au-maroc-entre-ancrage-local-et-horizons\" target=\"_blank\">\n\t\t\t\t\t\t\t<img loading=\"lazy\" decoding=\"async\" width=\"1392\" height=\"924\" src=\"https:\/\/cmgmarrakech.com\/wp-content\/uploads\/2024\/04\/Hicham-Daoudi-scaled-e1712148988575-1392x924-1.jpeg\" class=\"attachment-full size-full wp-image-11832\" alt=\"\" srcset=\"https:\/\/cmgmarrakech.com\/wp-content\/uploads\/2024\/04\/Hicham-Daoudi-scaled-e1712148988575-1392x924-1.jpeg 1392w, https:\/\/cmgmarrakech.com\/wp-content\/uploads\/2024\/04\/Hicham-Daoudi-scaled-e1712148988575-1392x924-1-300x199.jpeg 300w, https:\/\/cmgmarrakech.com\/wp-content\/uploads\/2024\/04\/Hicham-Daoudi-scaled-e1712148988575-1392x924-1-1024x680.jpeg 1024w, https:\/\/cmgmarrakech.com\/wp-content\/uploads\/2024\/04\/Hicham-Daoudi-scaled-e1712148988575-1392x924-1-768x510.jpeg 768w, https:\/\/cmgmarrakech.com\/wp-content\/uploads\/2024\/04\/Hicham-Daoudi-scaled-e1712148988575-1392x924-1-18x12.jpeg 18w, https:\/\/cmgmarrakech.com\/wp-content\/uploads\/2024\/04\/Hicham-Daoudi-scaled-e1712148988575-1392x924-1-415x275.jpeg 415w, https:\/\/cmgmarrakech.com\/wp-content\/uploads\/2024\/04\/Hicham-Daoudi-scaled-e1712148988575-1392x924-1-650x431.jpeg 650w, https:\/\/cmgmarrakech.com\/wp-content\/uploads\/2024\/04\/Hicham-Daoudi-scaled-e1712148988575-1392x924-1-250x166.jpeg 250w\" sizes=\"(max-width: 1392px) 100vw, 1392px\" \/>\t\t\t\t\t\t\t\t<\/a>\n\t\t\t\t\t\t\t\t\t\t\t\t\t\t\t<\/div>\n\t\t\t\t<div class=\"elementor-element elementor-element-523d52d elementor-widget elementor-widget-heading\" data-id=\"523d52d\" data-element_type=\"widget\" data-e-type=\"widget\" data-widget_type=\"heading.default\">\n\t\t\t\t\t<h2 class=\"elementor-heading-title elementor-size-default\"><a href=\"https:\/\/www.quid.ma\/a-la-une\/le-maroc-en-culture-cinema-arts-et-dialogues-culturels-au-maroc-entre-ancrage-local-et-horizons\" target=\"_blank\">Le Maroc en Culture : cin\u00e9ma, arts et dialogues culturels au Maroc, entre ancrage local et horizons africains<\/a><\/h2>\t\t\t\t<\/div>\n\t\t\t\t<div class=\"elementor-element elementor-element-bb1d35d elementor-widget elementor-widget-text-editor\" data-id=\"bb1d35d\" data-element_type=\"widget\" data-e-type=\"widget\" data-widget_type=\"text-editor.default\">\n\t\t\t\t\t\t\t\t\t<p>Quid.ma<\/p>\t\t\t\t\t\t\t\t<\/div>\n\t\t\t\t\t<\/div>\n\t\t<\/div>\n\t\t\t\t<div class=\"elementor-column elementor-col-50 elementor-top-column elementor-element elementor-element-d92a8a3\" data-id=\"d92a8a3\" data-element_type=\"column\" data-e-type=\"column\">\n\t\t\t<div class=\"elementor-widget-wrap elementor-element-populated\">\n\t\t\t\t\t\t<div class=\"elementor-element elementor-element-23848c7 elementor-widget elementor-widget-image\" data-id=\"23848c7\" data-element_type=\"widget\" data-e-type=\"widget\" data-widget_type=\"image.default\">\n\t\t\t\t\t\t\t\t\t\t\t\t\t\t\t\t<a href=\"https:\/\/lematin.ma\/culture\/industries-culturelles-et-creatives-les-defis-au-maroc-et-en-afrique\/319023\/\" target=\"_blank\">\n\t\t\t\t\t\t\t<img loading=\"lazy\" decoding=\"async\" width=\"2124\" height=\"1468\" src=\"https:\/\/cmgmarrakech.com\/wp-content\/uploads\/2025\/12\/Forum-Marocain-des-Industries-Culturelles-et-Creatives.png\" class=\"attachment-full size-full wp-image-18294\" alt=\"\" srcset=\"https:\/\/cmgmarrakech.com\/wp-content\/uploads\/2025\/12\/Forum-Marocain-des-Industries-Culturelles-et-Creatives.png 2124w, https:\/\/cmgmarrakech.com\/wp-content\/uploads\/2025\/12\/Forum-Marocain-des-Industries-Culturelles-et-Creatives-300x207.png 300w, https:\/\/cmgmarrakech.com\/wp-content\/uploads\/2025\/12\/Forum-Marocain-des-Industries-Culturelles-et-Creatives-1024x708.png 1024w, https:\/\/cmgmarrakech.com\/wp-content\/uploads\/2025\/12\/Forum-Marocain-des-Industries-Culturelles-et-Creatives-768x531.png 768w, https:\/\/cmgmarrakech.com\/wp-content\/uploads\/2025\/12\/Forum-Marocain-des-Industries-Culturelles-et-Creatives-1536x1062.png 1536w, https:\/\/cmgmarrakech.com\/wp-content\/uploads\/2025\/12\/Forum-Marocain-des-Industries-Culturelles-et-Creatives-2048x1415.png 2048w, https:\/\/cmgmarrakech.com\/wp-content\/uploads\/2025\/12\/Forum-Marocain-des-Industries-Culturelles-et-Creatives-18x12.png 18w, https:\/\/cmgmarrakech.com\/wp-content\/uploads\/2025\/12\/Forum-Marocain-des-Industries-Culturelles-et-Creatives-415x287.png 415w, https:\/\/cmgmarrakech.com\/wp-content\/uploads\/2025\/12\/Forum-Marocain-des-Industries-Culturelles-et-Creatives-650x449.png 650w, https:\/\/cmgmarrakech.com\/wp-content\/uploads\/2025\/12\/Forum-Marocain-des-Industries-Culturelles-et-Creatives-250x173.png 250w\" sizes=\"(max-width: 2124px) 100vw, 2124px\" \/>\t\t\t\t\t\t\t\t<\/a>\n\t\t\t\t\t\t\t\t\t\t\t\t\t\t\t<\/div>\n\t\t\t\t<div class=\"elementor-element elementor-element-ceac686 elementor-widget elementor-widget-heading\" data-id=\"ceac686\" data-element_type=\"widget\" data-e-type=\"widget\" data-widget_type=\"heading.default\">\n\t\t\t\t\t<h2 class=\"elementor-heading-title elementor-size-default\"><a href=\"https:\/\/lematin.ma\/culture\/industries-culturelles-et-creatives-les-defis-au-maroc-et-en-afrique\/319023\/\" target=\"_blank\">Les d\u00e9fis que doivent relever les Industries culturelles et cr\u00e9atives au Maroc et en Afrique<\/a><\/h2>\t\t\t\t<\/div>\n\t\t\t\t<div class=\"elementor-element elementor-element-5e811b6 elementor-widget elementor-widget-text-editor\" data-id=\"5e811b6\" data-element_type=\"widget\" data-e-type=\"widget\" data-widget_type=\"text-editor.default\">\n\t\t\t\t\t\t\t\t\t<p>Le Matin<\/p>\t\t\t\t\t\t\t\t<\/div>\n\t\t\t\t\t<\/div>\n\t\t<\/div>\n\t\t\t\t\t<\/div>\n\t\t<\/section>\n\t\t\t\t<section class=\"elementor-section elementor-top-section elementor-element elementor-element-3e8e2ea animated-slow elementor-section-boxed elementor-section-height-default elementor-section-height-default\" data-id=\"3e8e2ea\" data-element_type=\"section\" data-e-type=\"section\" data-settings=\"{&quot;animation&quot;:&quot;none&quot;}\">\n\t\t\t\t\t\t<div class=\"elementor-container elementor-column-gap-default\">\n\t\t\t\t\t<div class=\"elementor-column elementor-col-50 elementor-top-column elementor-element elementor-element-98bc4a1\" data-id=\"98bc4a1\" data-element_type=\"column\" data-e-type=\"column\">\n\t\t\t<div class=\"elementor-widget-wrap elementor-element-populated\">\n\t\t\t\t\t\t<div class=\"elementor-element elementor-element-10cddf6 elementor-widget elementor-widget-image\" data-id=\"10cddf6\" data-element_type=\"widget\" data-e-type=\"widget\" data-widget_type=\"image.default\">\n\t\t\t\t\t\t\t\t\t\t\t\t\t\t\t\t<a href=\"https:\/\/www.hitradio.ma\/event\/PUMA-fait-vibrer-l%E2%80%99esprit-de-la-Coupe-d%E2%80%99Afrique-%C3%A0-Casablanca-avec-la-CAN-des-Quartiers-et-un-terrain-jeunesse-r%C3%A9nov%C3%A9\" target=\"_blank\">\n\t\t\t\t\t\t\t<img loading=\"lazy\" decoding=\"async\" width=\"2300\" height=\"1614\" src=\"https:\/\/cmgmarrakech.com\/wp-content\/uploads\/2026\/01\/CMG-Marrakech-CMG-news-Reda-Boudina-Can2025.jpg\" class=\"attachment-full size-full wp-image-18475\" alt=\"\" srcset=\"https:\/\/cmgmarrakech.com\/wp-content\/uploads\/2026\/01\/CMG-Marrakech-CMG-news-Reda-Boudina-Can2025.jpg 2300w, https:\/\/cmgmarrakech.com\/wp-content\/uploads\/2026\/01\/CMG-Marrakech-CMG-news-Reda-Boudina-Can2025-300x211.jpg 300w, https:\/\/cmgmarrakech.com\/wp-content\/uploads\/2026\/01\/CMG-Marrakech-CMG-news-Reda-Boudina-Can2025-1024x719.jpg 1024w, https:\/\/cmgmarrakech.com\/wp-content\/uploads\/2026\/01\/CMG-Marrakech-CMG-news-Reda-Boudina-Can2025-768x539.jpg 768w, https:\/\/cmgmarrakech.com\/wp-content\/uploads\/2026\/01\/CMG-Marrakech-CMG-news-Reda-Boudina-Can2025-1536x1078.jpg 1536w, https:\/\/cmgmarrakech.com\/wp-content\/uploads\/2026\/01\/CMG-Marrakech-CMG-news-Reda-Boudina-Can2025-2048x1437.jpg 2048w, https:\/\/cmgmarrakech.com\/wp-content\/uploads\/2026\/01\/CMG-Marrakech-CMG-news-Reda-Boudina-Can2025-18x12.jpg 18w, https:\/\/cmgmarrakech.com\/wp-content\/uploads\/2026\/01\/CMG-Marrakech-CMG-news-Reda-Boudina-Can2025-415x291.jpg 415w, https:\/\/cmgmarrakech.com\/wp-content\/uploads\/2026\/01\/CMG-Marrakech-CMG-news-Reda-Boudina-Can2025-650x456.jpg 650w, https:\/\/cmgmarrakech.com\/wp-content\/uploads\/2026\/01\/CMG-Marrakech-CMG-news-Reda-Boudina-Can2025-250x175.jpg 250w\" sizes=\"(max-width: 2300px) 100vw, 2300px\" \/>\t\t\t\t\t\t\t\t<\/a>\n\t\t\t\t\t\t\t\t\t\t\t\t\t\t\t<\/div>\n\t\t\t\t<div class=\"elementor-element elementor-element-32c3997 elementor-widget elementor-widget-heading\" data-id=\"32c3997\" data-element_type=\"widget\" data-e-type=\"widget\" data-widget_type=\"heading.default\">\n\t\t\t\t\t<h2 class=\"elementor-heading-title elementor-size-default\"><a href=\"https:\/\/www.hitradio.ma\/event\/PUMA-fait-vibrer-l%E2%80%99esprit-de-la-Coupe-d%E2%80%99Afrique-%C3%A0-Casablanca-avec-la-CAN-des-Quartiers-et-un-terrain-jeunesse-r%C3%A9nov%C3%A9\" target=\"_blank\">PUMA fait vibrer l\u2019esprit de la Coupe d\u2019Afrique \u00e0 Casablanca avec la CAN des Quartiers et un terrain jeunesse r\u00e9nov\u00e9\n<\/a><\/h2>\t\t\t\t<\/div>\n\t\t\t\t<div class=\"elementor-element elementor-element-37ac802 elementor-widget elementor-widget-text-editor\" data-id=\"37ac802\" data-element_type=\"widget\" data-e-type=\"widget\" data-widget_type=\"text-editor.default\">\n\t\t\t\t\t\t\t\t\t<p>Hit Radio<\/p>\t\t\t\t\t\t\t\t<\/div>\n\t\t\t\t\t<\/div>\n\t\t<\/div>\n\t\t\t\t<div class=\"elementor-column elementor-col-50 elementor-top-column elementor-element elementor-element-f16e985\" data-id=\"f16e985\" data-element_type=\"column\" data-e-type=\"column\">\n\t\t\t<div class=\"elementor-widget-wrap elementor-element-populated\">\n\t\t\t\t\t\t<div class=\"elementor-element elementor-element-49e179d elementor-widget elementor-widget-image\" data-id=\"49e179d\" data-element_type=\"widget\" data-e-type=\"widget\" data-widget_type=\"image.default\">\n\t\t\t\t\t\t\t\t\t\t\t\t\t\t\t\t<a href=\"https:\/\/mediahub.puma.com\/articles\/puma-unveils-newly-renovated-community-football-pitch-in-casablanca\" target=\"_blank\">\n\t\t\t\t\t\t\t<img loading=\"lazy\" decoding=\"async\" width=\"2300\" height=\"1614\" src=\"https:\/\/cmgmarrakech.com\/wp-content\/uploads\/2026\/01\/CMG-Marrakech-CMG-news-Reda-Boudina-Can2025-2.jpg\" class=\"attachment-full size-full wp-image-18477\" alt=\"\" srcset=\"https:\/\/cmgmarrakech.com\/wp-content\/uploads\/2026\/01\/CMG-Marrakech-CMG-news-Reda-Boudina-Can2025-2.jpg 2300w, https:\/\/cmgmarrakech.com\/wp-content\/uploads\/2026\/01\/CMG-Marrakech-CMG-news-Reda-Boudina-Can2025-2-300x211.jpg 300w, https:\/\/cmgmarrakech.com\/wp-content\/uploads\/2026\/01\/CMG-Marrakech-CMG-news-Reda-Boudina-Can2025-2-1024x719.jpg 1024w, https:\/\/cmgmarrakech.com\/wp-content\/uploads\/2026\/01\/CMG-Marrakech-CMG-news-Reda-Boudina-Can2025-2-768x539.jpg 768w, https:\/\/cmgmarrakech.com\/wp-content\/uploads\/2026\/01\/CMG-Marrakech-CMG-news-Reda-Boudina-Can2025-2-1536x1078.jpg 1536w, https:\/\/cmgmarrakech.com\/wp-content\/uploads\/2026\/01\/CMG-Marrakech-CMG-news-Reda-Boudina-Can2025-2-2048x1437.jpg 2048w, https:\/\/cmgmarrakech.com\/wp-content\/uploads\/2026\/01\/CMG-Marrakech-CMG-news-Reda-Boudina-Can2025-2-18x12.jpg 18w, https:\/\/cmgmarrakech.com\/wp-content\/uploads\/2026\/01\/CMG-Marrakech-CMG-news-Reda-Boudina-Can2025-2-415x291.jpg 415w, https:\/\/cmgmarrakech.com\/wp-content\/uploads\/2026\/01\/CMG-Marrakech-CMG-news-Reda-Boudina-Can2025-2-650x456.jpg 650w, https:\/\/cmgmarrakech.com\/wp-content\/uploads\/2026\/01\/CMG-Marrakech-CMG-news-Reda-Boudina-Can2025-2-250x175.jpg 250w\" sizes=\"(max-width: 2300px) 100vw, 2300px\" \/>\t\t\t\t\t\t\t\t<\/a>\n\t\t\t\t\t\t\t\t\t\t\t\t\t\t\t<\/div>\n\t\t\t\t<div class=\"elementor-element elementor-element-67cf89b elementor-widget elementor-widget-heading\" data-id=\"67cf89b\" data-element_type=\"widget\" data-e-type=\"widget\" data-widget_type=\"heading.default\">\n\t\t\t\t\t<h2 class=\"elementor-heading-title elementor-size-default\"><a href=\"https:\/\/mediahub.puma.com\/articles\/puma-unveils-newly-renovated-community-football-pitch-in-casablanca\" target=\"_blank\">PUMA Unveils Newly Renovated Community Football Pitch in Casablanca<\/a><\/h2>\t\t\t\t<\/div>\n\t\t\t\t<div class=\"elementor-element elementor-element-ae38010 elementor-widget elementor-widget-text-editor\" data-id=\"ae38010\" data-element_type=\"widget\" data-e-type=\"widget\" data-widget_type=\"text-editor.default\">\n\t\t\t\t\t\t\t\t\t<p>Puma.com<\/p>\t\t\t\t\t\t\t\t<\/div>\n\t\t\t\t\t<\/div>\n\t\t<\/div>\n\t\t\t\t\t<\/div>\n\t\t<\/section>\n\t\t\t\t<section class=\"elementor-section elementor-top-section elementor-element elementor-element-0090691 animated-slow elementor-section-boxed elementor-section-height-default elementor-section-height-default\" data-id=\"0090691\" data-element_type=\"section\" data-e-type=\"section\" data-settings=\"{&quot;animation&quot;:&quot;none&quot;}\">\n\t\t\t\t\t\t<div class=\"elementor-container elementor-column-gap-default\">\n\t\t\t\t\t<div class=\"elementor-column elementor-col-50 elementor-top-column elementor-element elementor-element-1809698\" data-id=\"1809698\" data-element_type=\"column\" data-e-type=\"column\">\n\t\t\t<div class=\"elementor-widget-wrap elementor-element-populated\">\n\t\t\t\t\t\t<div class=\"elementor-element elementor-element-11d3be1 elementor-widget elementor-widget-image\" data-id=\"11d3be1\" data-element_type=\"widget\" data-e-type=\"widget\" data-widget_type=\"image.default\">\n\t\t\t\t\t\t\t\t\t\t\t\t\t\t\t\t<a href=\"https:\/\/ecoactu.ma\/festival-des-arts-numeriques-fan-um6p\/\" target=\"_blank\">\n\t\t\t\t\t\t\t<img loading=\"lazy\" decoding=\"async\" width=\"2300\" height=\"1614\" src=\"https:\/\/cmgmarrakech.com\/wp-content\/uploads\/2026\/01\/CMG-Marrakech-CMG-news-Reda-Boudina-ecoactu.jpg\" class=\"attachment-full size-full wp-image-18446\" alt=\"\" srcset=\"https:\/\/cmgmarrakech.com\/wp-content\/uploads\/2026\/01\/CMG-Marrakech-CMG-news-Reda-Boudina-ecoactu.jpg 2300w, https:\/\/cmgmarrakech.com\/wp-content\/uploads\/2026\/01\/CMG-Marrakech-CMG-news-Reda-Boudina-ecoactu-300x211.jpg 300w, https:\/\/cmgmarrakech.com\/wp-content\/uploads\/2026\/01\/CMG-Marrakech-CMG-news-Reda-Boudina-ecoactu-1024x719.jpg 1024w, https:\/\/cmgmarrakech.com\/wp-content\/uploads\/2026\/01\/CMG-Marrakech-CMG-news-Reda-Boudina-ecoactu-768x539.jpg 768w, https:\/\/cmgmarrakech.com\/wp-content\/uploads\/2026\/01\/CMG-Marrakech-CMG-news-Reda-Boudina-ecoactu-1536x1078.jpg 1536w, https:\/\/cmgmarrakech.com\/wp-content\/uploads\/2026\/01\/CMG-Marrakech-CMG-news-Reda-Boudina-ecoactu-2048x1437.jpg 2048w, https:\/\/cmgmarrakech.com\/wp-content\/uploads\/2026\/01\/CMG-Marrakech-CMG-news-Reda-Boudina-ecoactu-18x12.jpg 18w, https:\/\/cmgmarrakech.com\/wp-content\/uploads\/2026\/01\/CMG-Marrakech-CMG-news-Reda-Boudina-ecoactu-415x291.jpg 415w, https:\/\/cmgmarrakech.com\/wp-content\/uploads\/2026\/01\/CMG-Marrakech-CMG-news-Reda-Boudina-ecoactu-650x456.jpg 650w, https:\/\/cmgmarrakech.com\/wp-content\/uploads\/2026\/01\/CMG-Marrakech-CMG-news-Reda-Boudina-ecoactu-250x175.jpg 250w\" sizes=\"(max-width: 2300px) 100vw, 2300px\" \/>\t\t\t\t\t\t\t\t<\/a>\n\t\t\t\t\t\t\t\t\t\t\t\t\t\t\t<\/div>\n\t\t\t\t<div class=\"elementor-element elementor-element-d10b57b elementor-widget elementor-widget-heading\" data-id=\"d10b57b\" data-element_type=\"widget\" data-e-type=\"widget\" data-widget_type=\"heading.default\">\n\t\t\t\t\t<h2 class=\"elementor-heading-title elementor-size-default\"><a href=\"https:\/\/ecoactu.ma\/festival-des-arts-numeriques-fan-um6p\/\" target=\"_blank\">Le Festival des Arts Num\u00e9riques (FAN) 2025 c\u00e9l\u00e8bre la rencontre de l\u2019art et de la technologie \u00e0 l\u2019UM6P<\/a><\/h2>\t\t\t\t<\/div>\n\t\t\t\t<div class=\"elementor-element elementor-element-22346bc elementor-widget elementor-widget-text-editor\" data-id=\"22346bc\" data-element_type=\"widget\" data-e-type=\"widget\" data-widget_type=\"text-editor.default\">\n\t\t\t\t\t\t\t\t\t<p>Eco Actu<\/p>\t\t\t\t\t\t\t\t<\/div>\n\t\t\t\t\t<\/div>\n\t\t<\/div>\n\t\t\t\t<div class=\"elementor-column elementor-col-50 elementor-top-column elementor-element elementor-element-aec2d6b\" data-id=\"aec2d6b\" data-element_type=\"column\" data-e-type=\"column\">\n\t\t\t<div class=\"elementor-widget-wrap elementor-element-populated\">\n\t\t\t\t\t\t<div class=\"elementor-element elementor-element-1ee55b2 elementor-widget elementor-widget-image\" data-id=\"1ee55b2\" data-element_type=\"widget\" data-e-type=\"widget\" data-widget_type=\"image.default\">\n\t\t\t\t\t\t\t\t\t\t\t\t\t\t\t\t<a href=\"https:\/\/lobservateur.info\/article\/116578\/culture\/la-1-54-contemporary-african-art-fair-de-retour-a-marrakech\" target=\"_blank\">\n\t\t\t\t\t\t\t<img loading=\"lazy\" decoding=\"async\" width=\"2000\" height=\"1333\" src=\"https:\/\/cmgmarrakech.com\/wp-content\/uploads\/2025\/12\/Khadija-Jayi-Apres-le-feu-4.jpg\" class=\"attachment-full size-full wp-image-18304\" alt=\"\" srcset=\"https:\/\/cmgmarrakech.com\/wp-content\/uploads\/2025\/12\/Khadija-Jayi-Apres-le-feu-4.jpg 2000w, https:\/\/cmgmarrakech.com\/wp-content\/uploads\/2025\/12\/Khadija-Jayi-Apres-le-feu-4-300x200.jpg 300w, https:\/\/cmgmarrakech.com\/wp-content\/uploads\/2025\/12\/Khadija-Jayi-Apres-le-feu-4-1024x682.jpg 1024w, https:\/\/cmgmarrakech.com\/wp-content\/uploads\/2025\/12\/Khadija-Jayi-Apres-le-feu-4-768x512.jpg 768w, https:\/\/cmgmarrakech.com\/wp-content\/uploads\/2025\/12\/Khadija-Jayi-Apres-le-feu-4-1536x1024.jpg 1536w, https:\/\/cmgmarrakech.com\/wp-content\/uploads\/2025\/12\/Khadija-Jayi-Apres-le-feu-4-18x12.jpg 18w, https:\/\/cmgmarrakech.com\/wp-content\/uploads\/2025\/12\/Khadija-Jayi-Apres-le-feu-4-415x277.jpg 415w, https:\/\/cmgmarrakech.com\/wp-content\/uploads\/2025\/12\/Khadija-Jayi-Apres-le-feu-4-650x433.jpg 650w, https:\/\/cmgmarrakech.com\/wp-content\/uploads\/2025\/12\/Khadija-Jayi-Apres-le-feu-4-250x167.jpg 250w\" sizes=\"(max-width: 2000px) 100vw, 2000px\" \/>\t\t\t\t\t\t\t\t<\/a>\n\t\t\t\t\t\t\t\t\t\t\t\t\t\t\t<\/div>\n\t\t\t\t<div class=\"elementor-element elementor-element-1f6faf5 elementor-widget elementor-widget-heading\" data-id=\"1f6faf5\" data-element_type=\"widget\" data-e-type=\"widget\" data-widget_type=\"heading.default\">\n\t\t\t\t\t<h2 class=\"elementor-heading-title elementor-size-default\"><a href=\"https:\/\/lobservateur.info\/article\/116578\/culture\/la-1-54-contemporary-african-art-fair-de-retour-a-marrakech\" target=\"_blank\">La 1-54 Contemporary African Art Fair de retour \u00e0 Marrakech\n<\/a><\/h2>\t\t\t\t<\/div>\n\t\t\t\t<div class=\"elementor-element elementor-element-c543758 elementor-widget elementor-widget-text-editor\" data-id=\"c543758\" data-element_type=\"widget\" data-e-type=\"widget\" data-widget_type=\"text-editor.default\">\n\t\t\t\t\t\t\t\t\t<p>L&rsquo;Observateur Info<\/p>\t\t\t\t\t\t\t\t<\/div>\n\t\t\t\t\t<\/div>\n\t\t<\/div>\n\t\t\t\t\t<\/div>\n\t\t<\/section>\n\t\t\t\t<section class=\"elementor-section elementor-top-section elementor-element elementor-element-acb872a animated-slow elementor-section-boxed elementor-section-height-default elementor-section-height-default\" data-id=\"acb872a\" data-element_type=\"section\" data-e-type=\"section\" data-settings=\"{&quot;animation&quot;:&quot;none&quot;}\">\n\t\t\t\t\t\t<div class=\"elementor-container elementor-column-gap-default\">\n\t\t\t\t\t<div class=\"elementor-column elementor-col-50 elementor-top-column elementor-element elementor-element-30d2c0a\" data-id=\"30d2c0a\" data-element_type=\"column\" data-e-type=\"column\">\n\t\t\t<div class=\"elementor-widget-wrap elementor-element-populated\">\n\t\t\t\t\t\t<div class=\"elementor-element elementor-element-fd567ac elementor-widget elementor-widget-image\" data-id=\"fd567ac\" data-element_type=\"widget\" data-e-type=\"widget\" data-widget_type=\"image.default\">\n\t\t\t\t\t\t\t\t\t\t\t\t\t\t\t\t<a href=\"https:\/\/www.art-critique.com\/2025\/12\/lire-le-ciel\/\" target=\"_blank\">\n\t\t\t\t\t\t\t<img loading=\"lazy\" decoding=\"async\" width=\"2300\" height=\"1614\" src=\"https:\/\/cmgmarrakech.com\/wp-content\/uploads\/2026\/01\/CMG-Marrakech-CMG-news-Sara-Ouhaddou-lireleciel.jpg\" class=\"attachment-full size-full wp-image-18439\" alt=\"\" srcset=\"https:\/\/cmgmarrakech.com\/wp-content\/uploads\/2026\/01\/CMG-Marrakech-CMG-news-Sara-Ouhaddou-lireleciel.jpg 2300w, https:\/\/cmgmarrakech.com\/wp-content\/uploads\/2026\/01\/CMG-Marrakech-CMG-news-Sara-Ouhaddou-lireleciel-300x211.jpg 300w, https:\/\/cmgmarrakech.com\/wp-content\/uploads\/2026\/01\/CMG-Marrakech-CMG-news-Sara-Ouhaddou-lireleciel-1024x719.jpg 1024w, https:\/\/cmgmarrakech.com\/wp-content\/uploads\/2026\/01\/CMG-Marrakech-CMG-news-Sara-Ouhaddou-lireleciel-768x539.jpg 768w, https:\/\/cmgmarrakech.com\/wp-content\/uploads\/2026\/01\/CMG-Marrakech-CMG-news-Sara-Ouhaddou-lireleciel-1536x1078.jpg 1536w, https:\/\/cmgmarrakech.com\/wp-content\/uploads\/2026\/01\/CMG-Marrakech-CMG-news-Sara-Ouhaddou-lireleciel-2048x1437.jpg 2048w, https:\/\/cmgmarrakech.com\/wp-content\/uploads\/2026\/01\/CMG-Marrakech-CMG-news-Sara-Ouhaddou-lireleciel-18x12.jpg 18w, https:\/\/cmgmarrakech.com\/wp-content\/uploads\/2026\/01\/CMG-Marrakech-CMG-news-Sara-Ouhaddou-lireleciel-415x291.jpg 415w, https:\/\/cmgmarrakech.com\/wp-content\/uploads\/2026\/01\/CMG-Marrakech-CMG-news-Sara-Ouhaddou-lireleciel-650x456.jpg 650w, https:\/\/cmgmarrakech.com\/wp-content\/uploads\/2026\/01\/CMG-Marrakech-CMG-news-Sara-Ouhaddou-lireleciel-250x175.jpg 250w\" sizes=\"(max-width: 2300px) 100vw, 2300px\" \/>\t\t\t\t\t\t\t\t<\/a>\n\t\t\t\t\t\t\t\t\t\t\t\t\t\t\t<\/div>\n\t\t\t\t<div class=\"elementor-element elementor-element-67b08b5 elementor-widget elementor-widget-heading\" data-id=\"67b08b5\" data-element_type=\"widget\" data-e-type=\"widget\" data-widget_type=\"heading.default\">\n\t\t\t\t\t<h2 class=\"elementor-heading-title elementor-size-default\"><a href=\"https:\/\/www.art-critique.com\/2025\/12\/lire-le-ciel\/\" target=\"_blank\">Sara Ouhaddou - Lire le ciel<\/a><\/h2>\t\t\t\t<\/div>\n\t\t\t\t<div class=\"elementor-element elementor-element-5889038 elementor-widget elementor-widget-text-editor\" data-id=\"5889038\" data-element_type=\"widget\" data-e-type=\"widget\" data-widget_type=\"text-editor.default\">\n\t\t\t\t\t\t\t\t\t<p>Art Critique<\/p>\t\t\t\t\t\t\t\t<\/div>\n\t\t\t\t\t<\/div>\n\t\t<\/div>\n\t\t\t\t<div class=\"elementor-column elementor-col-50 elementor-top-column elementor-element elementor-element-beb6890\" data-id=\"beb6890\" data-element_type=\"column\" data-e-type=\"column\">\n\t\t\t<div class=\"elementor-widget-wrap elementor-element-populated\">\n\t\t\t\t\t\t<div class=\"elementor-element elementor-element-cf5f245 elementor-widget elementor-widget-image\" data-id=\"cf5f245\" data-element_type=\"widget\" data-e-type=\"widget\" data-widget_type=\"image.default\">\n\t\t\t\t\t\t\t\t\t\t\t\t\t\t\t\t<a href=\"https:\/\/www.lemonde.fr\/culture\/article\/2025\/12\/06\/a-l-institut-des-cultures-de-l-islam-a-paris-sara-ouhaddou-sort-les-artisans-de-leur-zone-de-confort_6656254_3246.html\" target=\"_blank\">\n\t\t\t\t\t\t\t<img loading=\"lazy\" decoding=\"async\" width=\"2300\" height=\"1614\" src=\"https:\/\/cmgmarrakech.com\/wp-content\/uploads\/2026\/01\/CMG-Marrakech-CMG-news-Sara-Ouhaddou-lemonde.jpg\" class=\"attachment-full size-full wp-image-18444\" alt=\"\" srcset=\"https:\/\/cmgmarrakech.com\/wp-content\/uploads\/2026\/01\/CMG-Marrakech-CMG-news-Sara-Ouhaddou-lemonde.jpg 2300w, https:\/\/cmgmarrakech.com\/wp-content\/uploads\/2026\/01\/CMG-Marrakech-CMG-news-Sara-Ouhaddou-lemonde-300x211.jpg 300w, https:\/\/cmgmarrakech.com\/wp-content\/uploads\/2026\/01\/CMG-Marrakech-CMG-news-Sara-Ouhaddou-lemonde-1024x719.jpg 1024w, https:\/\/cmgmarrakech.com\/wp-content\/uploads\/2026\/01\/CMG-Marrakech-CMG-news-Sara-Ouhaddou-lemonde-768x539.jpg 768w, https:\/\/cmgmarrakech.com\/wp-content\/uploads\/2026\/01\/CMG-Marrakech-CMG-news-Sara-Ouhaddou-lemonde-1536x1078.jpg 1536w, https:\/\/cmgmarrakech.com\/wp-content\/uploads\/2026\/01\/CMG-Marrakech-CMG-news-Sara-Ouhaddou-lemonde-2048x1437.jpg 2048w, https:\/\/cmgmarrakech.com\/wp-content\/uploads\/2026\/01\/CMG-Marrakech-CMG-news-Sara-Ouhaddou-lemonde-18x12.jpg 18w, https:\/\/cmgmarrakech.com\/wp-content\/uploads\/2026\/01\/CMG-Marrakech-CMG-news-Sara-Ouhaddou-lemonde-415x291.jpg 415w, https:\/\/cmgmarrakech.com\/wp-content\/uploads\/2026\/01\/CMG-Marrakech-CMG-news-Sara-Ouhaddou-lemonde-650x456.jpg 650w, https:\/\/cmgmarrakech.com\/wp-content\/uploads\/2026\/01\/CMG-Marrakech-CMG-news-Sara-Ouhaddou-lemonde-250x175.jpg 250w\" sizes=\"(max-width: 2300px) 100vw, 2300px\" \/>\t\t\t\t\t\t\t\t<\/a>\n\t\t\t\t\t\t\t\t\t\t\t\t\t\t\t<\/div>\n\t\t\t\t<div class=\"elementor-element elementor-element-f9fc971 elementor-widget elementor-widget-heading\" data-id=\"f9fc971\" data-element_type=\"widget\" data-e-type=\"widget\" data-widget_type=\"heading.default\">\n\t\t\t\t\t<h2 class=\"elementor-heading-title elementor-size-default\"><a href=\"https:\/\/www.lemonde.fr\/culture\/article\/2025\/12\/06\/a-l-institut-des-cultures-de-l-islam-a-paris-sara-ouhaddou-sort-les-artisans-de-leur-zone-de-confort_6656254_3246.html\" target=\"_blank\">A l\u2019Institut des cultures de l\u2019islam, \u00e0 Paris, Sara Ouhaddou sort les artisans de leur zone de confort<\/a><\/h2>\t\t\t\t<\/div>\n\t\t\t\t<div class=\"elementor-element elementor-element-48cc6ef elementor-widget elementor-widget-text-editor\" data-id=\"48cc6ef\" data-element_type=\"widget\" data-e-type=\"widget\" data-widget_type=\"text-editor.default\">\n\t\t\t\t\t\t\t\t\t<p>Le Monde<\/p>\t\t\t\t\t\t\t\t<\/div>\n\t\t\t\t\t<\/div>\n\t\t<\/div>\n\t\t\t\t\t<\/div>\n\t\t<\/section>\n\t\t\t\t<section class=\"elementor-section elementor-top-section elementor-element elementor-element-3d2dae5 animated-slow elementor-section-boxed elementor-section-height-default elementor-section-height-default\" data-id=\"3d2dae5\" data-element_type=\"section\" data-e-type=\"section\" data-settings=\"{&quot;animation&quot;:&quot;none&quot;}\">\n\t\t\t\t\t\t<div class=\"elementor-container elementor-column-gap-default\">\n\t\t\t\t\t<div class=\"elementor-column elementor-col-50 elementor-top-column elementor-element elementor-element-e46f5cb\" data-id=\"e46f5cb\" data-element_type=\"column\" data-e-type=\"column\">\n\t\t\t<div class=\"elementor-widget-wrap elementor-element-populated\">\n\t\t\t\t\t\t<div class=\"elementor-element elementor-element-a4407ef elementor-widget elementor-widget-image\" data-id=\"a4407ef\" data-element_type=\"widget\" data-e-type=\"widget\" data-widget_type=\"image.default\">\n\t\t\t\t\t\t\t\t\t\t\t\t\t\t\t\t<a href=\"https:\/\/www.gqmiddleeast.com\/article\/the-best-art-exhibitions-to-visit-this-december\" target=\"_blank\">\n\t\t\t\t\t\t\t<img loading=\"lazy\" decoding=\"async\" width=\"2300\" height=\"1614\" src=\"https:\/\/cmgmarrakech.com\/wp-content\/uploads\/2026\/01\/CMG-Marrakech-CMG-news-QG-MENA-Jayi.jpg\" class=\"attachment-full size-full wp-image-18433\" alt=\"\" srcset=\"https:\/\/cmgmarrakech.com\/wp-content\/uploads\/2026\/01\/CMG-Marrakech-CMG-news-QG-MENA-Jayi.jpg 2300w, https:\/\/cmgmarrakech.com\/wp-content\/uploads\/2026\/01\/CMG-Marrakech-CMG-news-QG-MENA-Jayi-300x211.jpg 300w, https:\/\/cmgmarrakech.com\/wp-content\/uploads\/2026\/01\/CMG-Marrakech-CMG-news-QG-MENA-Jayi-1024x719.jpg 1024w, https:\/\/cmgmarrakech.com\/wp-content\/uploads\/2026\/01\/CMG-Marrakech-CMG-news-QG-MENA-Jayi-768x539.jpg 768w, https:\/\/cmgmarrakech.com\/wp-content\/uploads\/2026\/01\/CMG-Marrakech-CMG-news-QG-MENA-Jayi-1536x1078.jpg 1536w, https:\/\/cmgmarrakech.com\/wp-content\/uploads\/2026\/01\/CMG-Marrakech-CMG-news-QG-MENA-Jayi-2048x1437.jpg 2048w, https:\/\/cmgmarrakech.com\/wp-content\/uploads\/2026\/01\/CMG-Marrakech-CMG-news-QG-MENA-Jayi-18x12.jpg 18w, https:\/\/cmgmarrakech.com\/wp-content\/uploads\/2026\/01\/CMG-Marrakech-CMG-news-QG-MENA-Jayi-415x291.jpg 415w, https:\/\/cmgmarrakech.com\/wp-content\/uploads\/2026\/01\/CMG-Marrakech-CMG-news-QG-MENA-Jayi-650x456.jpg 650w, https:\/\/cmgmarrakech.com\/wp-content\/uploads\/2026\/01\/CMG-Marrakech-CMG-news-QG-MENA-Jayi-250x175.jpg 250w\" sizes=\"(max-width: 2300px) 100vw, 2300px\" \/>\t\t\t\t\t\t\t\t<\/a>\n\t\t\t\t\t\t\t\t\t\t\t\t\t\t\t<\/div>\n\t\t\t\t<div class=\"elementor-element elementor-element-792c067 elementor-widget elementor-widget-heading\" data-id=\"792c067\" data-element_type=\"widget\" data-e-type=\"widget\" data-widget_type=\"heading.default\">\n\t\t\t\t\t<h2 class=\"elementor-heading-title elementor-size-default\"><a href=\"https:\/\/www.gqmiddleeast.com\/article\/the-best-art-exhibitions-to-visit-this-december\" target=\"_blank\">The Best Art Exhibitions to Visit This December\n<\/a><\/h2>\t\t\t\t<\/div>\n\t\t\t\t<div class=\"elementor-element elementor-element-e0f13a7 elementor-widget elementor-widget-text-editor\" data-id=\"e0f13a7\" data-element_type=\"widget\" data-e-type=\"widget\" data-widget_type=\"text-editor.default\">\n\t\t\t\t\t\t\t\t\t<p>QG Middle East\u00a0<\/p>\t\t\t\t\t\t\t\t<\/div>\n\t\t\t\t\t<\/div>\n\t\t<\/div>\n\t\t\t\t<div class=\"elementor-column elementor-col-50 elementor-top-column elementor-element elementor-element-8c87482\" data-id=\"8c87482\" data-element_type=\"column\" data-e-type=\"column\">\n\t\t\t<div class=\"elementor-widget-wrap elementor-element-populated\">\n\t\t\t\t\t\t<div class=\"elementor-element elementor-element-ac9aeb8 elementor-widget elementor-widget-image\" data-id=\"ac9aeb8\" data-element_type=\"widget\" data-e-type=\"widget\" data-widget_type=\"image.default\">\n\t\t\t\t\t\t\t\t\t\t\t\t\t\t\t\t<a href=\"https:\/\/orientxxi.info\/Marruecos-Vigesimo-aniversario-de-una-reconciliacion-fallida\" target=\"_blank\">\n\t\t\t\t\t\t\t<img loading=\"lazy\" decoding=\"async\" width=\"2300\" height=\"1614\" src=\"https:\/\/cmgmarrakech.com\/wp-content\/uploads\/2026\/01\/CMG-Marrakech-CMG-news-Latifa-Toujani.jpg\" class=\"attachment-full size-full wp-image-18434\" alt=\"\" srcset=\"https:\/\/cmgmarrakech.com\/wp-content\/uploads\/2026\/01\/CMG-Marrakech-CMG-news-Latifa-Toujani.jpg 2300w, https:\/\/cmgmarrakech.com\/wp-content\/uploads\/2026\/01\/CMG-Marrakech-CMG-news-Latifa-Toujani-300x211.jpg 300w, https:\/\/cmgmarrakech.com\/wp-content\/uploads\/2026\/01\/CMG-Marrakech-CMG-news-Latifa-Toujani-1024x719.jpg 1024w, https:\/\/cmgmarrakech.com\/wp-content\/uploads\/2026\/01\/CMG-Marrakech-CMG-news-Latifa-Toujani-768x539.jpg 768w, https:\/\/cmgmarrakech.com\/wp-content\/uploads\/2026\/01\/CMG-Marrakech-CMG-news-Latifa-Toujani-1536x1078.jpg 1536w, https:\/\/cmgmarrakech.com\/wp-content\/uploads\/2026\/01\/CMG-Marrakech-CMG-news-Latifa-Toujani-2048x1437.jpg 2048w, https:\/\/cmgmarrakech.com\/wp-content\/uploads\/2026\/01\/CMG-Marrakech-CMG-news-Latifa-Toujani-18x12.jpg 18w, https:\/\/cmgmarrakech.com\/wp-content\/uploads\/2026\/01\/CMG-Marrakech-CMG-news-Latifa-Toujani-415x291.jpg 415w, https:\/\/cmgmarrakech.com\/wp-content\/uploads\/2026\/01\/CMG-Marrakech-CMG-news-Latifa-Toujani-650x456.jpg 650w, https:\/\/cmgmarrakech.com\/wp-content\/uploads\/2026\/01\/CMG-Marrakech-CMG-news-Latifa-Toujani-250x175.jpg 250w\" sizes=\"(max-width: 2300px) 100vw, 2300px\" \/>\t\t\t\t\t\t\t\t<\/a>\n\t\t\t\t\t\t\t\t\t\t\t\t\t\t\t<\/div>\n\t\t\t\t<div class=\"elementor-element elementor-element-13af1a6 elementor-widget elementor-widget-heading\" data-id=\"13af1a6\" data-element_type=\"widget\" data-e-type=\"widget\" data-widget_type=\"heading.default\">\n\t\t\t\t\t<h2 class=\"elementor-heading-title elementor-size-default\"><a href=\"https:\/\/orientxxi.info\/Marruecos-Vigesimo-aniversario-de-una-reconciliacion-fallida\" target=\"_blank\">Marruecos. Vig\u00e9simo aniversario de una reconciliaci\u00f3n fallida\n<\/a><\/h2>\t\t\t\t<\/div>\n\t\t\t\t<div class=\"elementor-element elementor-element-25cc953 elementor-widget elementor-widget-text-editor\" data-id=\"25cc953\" data-element_type=\"widget\" data-e-type=\"widget\" data-widget_type=\"text-editor.default\">\n\t\t\t\t\t\t\t\t\t<p>orientxxi<\/p>\t\t\t\t\t\t\t\t<\/div>\n\t\t\t\t\t<\/div>\n\t\t<\/div>\n\t\t\t\t\t<\/div>\n\t\t<\/section>\n\t\t\t\t<section class=\"elementor-section elementor-top-section elementor-element elementor-element-61395e6 animated-slow elementor-section-boxed elementor-section-height-default elementor-section-height-default\" data-id=\"61395e6\" data-element_type=\"section\" data-e-type=\"section\" data-settings=\"{&quot;animation&quot;:&quot;none&quot;}\">\n\t\t\t\t\t\t<div class=\"elementor-container elementor-column-gap-default\">\n\t\t\t\t\t<div class=\"elementor-column elementor-col-50 elementor-top-column elementor-element elementor-element-31eb64b\" data-id=\"31eb64b\" data-element_type=\"column\" data-e-type=\"column\">\n\t\t\t<div class=\"elementor-widget-wrap elementor-element-populated\">\n\t\t\t\t\t\t<div class=\"elementor-element elementor-element-ed6c5d7 elementor-widget elementor-widget-image\" data-id=\"ed6c5d7\" data-element_type=\"widget\" data-e-type=\"widget\" data-widget_type=\"image.default\">\n\t\t\t\t\t\t\t\t\t\t\t\t\t\t\t\t<a href=\"https:\/\/www.diptykmag.com\/karim-bennani-abdelkrim-ouazzani-une-autre-histoire-du-modernisme-marocain-karim-bennani-abdelkrim-ouazzani-a-different-story-of-moroccan-modernism\/\" target=\"_blank\">\n\t\t\t\t\t\t\t<img loading=\"lazy\" decoding=\"async\" width=\"2300\" height=\"1614\" src=\"https:\/\/cmgmarrakech.com\/wp-content\/uploads\/2025\/12\/CMG-Marrakech-CMG-news-Ouazzani.jpg\" class=\"attachment-full size-full wp-image-18378\" alt=\"\" srcset=\"https:\/\/cmgmarrakech.com\/wp-content\/uploads\/2025\/12\/CMG-Marrakech-CMG-news-Ouazzani.jpg 2300w, https:\/\/cmgmarrakech.com\/wp-content\/uploads\/2025\/12\/CMG-Marrakech-CMG-news-Ouazzani-300x211.jpg 300w, https:\/\/cmgmarrakech.com\/wp-content\/uploads\/2025\/12\/CMG-Marrakech-CMG-news-Ouazzani-1024x719.jpg 1024w, https:\/\/cmgmarrakech.com\/wp-content\/uploads\/2025\/12\/CMG-Marrakech-CMG-news-Ouazzani-768x539.jpg 768w, https:\/\/cmgmarrakech.com\/wp-content\/uploads\/2025\/12\/CMG-Marrakech-CMG-news-Ouazzani-1536x1078.jpg 1536w, https:\/\/cmgmarrakech.com\/wp-content\/uploads\/2025\/12\/CMG-Marrakech-CMG-news-Ouazzani-2048x1437.jpg 2048w, https:\/\/cmgmarrakech.com\/wp-content\/uploads\/2025\/12\/CMG-Marrakech-CMG-news-Ouazzani-18x12.jpg 18w, https:\/\/cmgmarrakech.com\/wp-content\/uploads\/2025\/12\/CMG-Marrakech-CMG-news-Ouazzani-415x291.jpg 415w, https:\/\/cmgmarrakech.com\/wp-content\/uploads\/2025\/12\/CMG-Marrakech-CMG-news-Ouazzani-650x456.jpg 650w, https:\/\/cmgmarrakech.com\/wp-content\/uploads\/2025\/12\/CMG-Marrakech-CMG-news-Ouazzani-250x175.jpg 250w\" sizes=\"(max-width: 2300px) 100vw, 2300px\" \/>\t\t\t\t\t\t\t\t<\/a>\n\t\t\t\t\t\t\t\t\t\t\t\t\t\t\t<\/div>\n\t\t\t\t<div class=\"elementor-element elementor-element-c209fa3 elementor-widget elementor-widget-heading\" data-id=\"c209fa3\" data-element_type=\"widget\" data-e-type=\"widget\" data-widget_type=\"heading.default\">\n\t\t\t\t\t<h2 class=\"elementor-heading-title elementor-size-default\"><a href=\"https:\/\/www.diptykmag.com\/karim-bennani-abdelkrim-ouazzani-une-autre-histoire-du-modernisme-marocain-karim-bennani-abdelkrim-ouazzani-a-different-story-of-moroccan-modernism\/\" target=\"_blank\">Karim Bennani \/ Abdelkrim Ouazzani : une autre histoire du modernisme marocain ?<\/a><\/h2>\t\t\t\t<\/div>\n\t\t\t\t<div class=\"elementor-element elementor-element-4b6c1cc elementor-widget elementor-widget-text-editor\" data-id=\"4b6c1cc\" data-element_type=\"widget\" data-e-type=\"widget\" data-widget_type=\"text-editor.default\">\n\t\t\t\t\t\t\t\t\t<p>Diptyk<\/p>\t\t\t\t\t\t\t\t<\/div>\n\t\t\t\t\t<\/div>\n\t\t<\/div>\n\t\t\t\t<div class=\"elementor-column elementor-col-50 elementor-top-column elementor-element elementor-element-08cd750\" data-id=\"08cd750\" data-element_type=\"column\" data-e-type=\"column\">\n\t\t\t<div class=\"elementor-widget-wrap elementor-element-populated\">\n\t\t\t\t\t\t<div class=\"elementor-element elementor-element-88f4db9 elementor-widget elementor-widget-image\" data-id=\"88f4db9\" data-element_type=\"widget\" data-e-type=\"widget\" data-widget_type=\"image.default\">\n\t\t\t\t\t\t\t\t\t\t\t\t\t\t\t\t<a href=\"https:\/\/en.ilsole24ore.com\/art\/evidence-cultural-independence-africa-goes-on-stage-AHmZHrbD\" target=\"_blank\">\n\t\t\t\t\t\t\t<img loading=\"lazy\" decoding=\"async\" width=\"2000\" height=\"1334\" src=\"https:\/\/cmgmarrakech.com\/wp-content\/uploads\/2024\/01\/Hassan-Darsi_CMG-Exposition-2024.jpg\" class=\"attachment-full size-full wp-image-11270\" alt=\"\" srcset=\"https:\/\/cmgmarrakech.com\/wp-content\/uploads\/2024\/01\/Hassan-Darsi_CMG-Exposition-2024.jpg 2000w, https:\/\/cmgmarrakech.com\/wp-content\/uploads\/2024\/01\/Hassan-Darsi_CMG-Exposition-2024-300x200.jpg 300w, https:\/\/cmgmarrakech.com\/wp-content\/uploads\/2024\/01\/Hassan-Darsi_CMG-Exposition-2024-1024x683.jpg 1024w, https:\/\/cmgmarrakech.com\/wp-content\/uploads\/2024\/01\/Hassan-Darsi_CMG-Exposition-2024-768x512.jpg 768w, https:\/\/cmgmarrakech.com\/wp-content\/uploads\/2024\/01\/Hassan-Darsi_CMG-Exposition-2024-1536x1025.jpg 1536w, https:\/\/cmgmarrakech.com\/wp-content\/uploads\/2024\/01\/Hassan-Darsi_CMG-Exposition-2024-18x12.jpg 18w, https:\/\/cmgmarrakech.com\/wp-content\/uploads\/2024\/01\/Hassan-Darsi_CMG-Exposition-2024-415x277.jpg 415w, https:\/\/cmgmarrakech.com\/wp-content\/uploads\/2024\/01\/Hassan-Darsi_CMG-Exposition-2024-650x434.jpg 650w, https:\/\/cmgmarrakech.com\/wp-content\/uploads\/2024\/01\/Hassan-Darsi_CMG-Exposition-2024-250x167.jpg 250w\" sizes=\"(max-width: 2000px) 100vw, 2000px\" \/>\t\t\t\t\t\t\t\t<\/a>\n\t\t\t\t\t\t\t\t\t\t\t\t\t\t\t<\/div>\n\t\t\t\t<div class=\"elementor-element elementor-element-6643dbc elementor-widget elementor-widget-heading\" data-id=\"6643dbc\" data-element_type=\"widget\" data-e-type=\"widget\" data-widget_type=\"heading.default\">\n\t\t\t\t\t<h2 class=\"elementor-heading-title elementor-size-default\"><a href=\"https:\/\/en.ilsole24ore.com\/art\/evidence-cultural-independence-africa-goes-on-stage-AHmZHrbD\" target=\"_blank\">Trials of cultural independence, Africa goes on stage\n<\/a><\/h2>\t\t\t\t<\/div>\n\t\t\t\t<div class=\"elementor-element elementor-element-a499ec9 elementor-widget elementor-widget-text-editor\" data-id=\"a499ec9\" data-element_type=\"widget\" data-e-type=\"widget\" data-widget_type=\"text-editor.default\">\n\t\t\t\t\t\t\t\t\t<p>Il Sole 24 Ore<\/p>\t\t\t\t\t\t\t\t<\/div>\n\t\t\t\t\t<\/div>\n\t\t<\/div>\n\t\t\t\t\t<\/div>\n\t\t<\/section>\n\t\t\t\t<section class=\"elementor-section elementor-top-section elementor-element elementor-element-5d3610e animated-slow elementor-section-boxed elementor-section-height-default elementor-section-height-default\" data-id=\"5d3610e\" data-element_type=\"section\" data-e-type=\"section\" data-settings=\"{&quot;animation&quot;:&quot;none&quot;}\">\n\t\t\t\t\t\t<div class=\"elementor-container elementor-column-gap-default\">\n\t\t\t\t\t<div class=\"elementor-column elementor-col-50 elementor-top-column elementor-element elementor-element-79ca631\" data-id=\"79ca631\" data-element_type=\"column\" data-e-type=\"column\">\n\t\t\t<div class=\"elementor-widget-wrap elementor-element-populated\">\n\t\t\t\t\t\t<div class=\"elementor-element elementor-element-fccef5b elementor-widget elementor-widget-image\" data-id=\"fccef5b\" data-element_type=\"widget\" data-e-type=\"widget\" data-widget_type=\"image.default\">\n\t\t\t\t\t\t\t\t\t\t\t\t\t\t\t\t<a href=\"https:\/\/www.diptykmag.com\/abu-dhabi-art-ouvre-ses-portes-abu-dhabi-art-opens-today\/\" target=\"_blank\">\n\t\t\t\t\t\t\t<img loading=\"lazy\" decoding=\"async\" width=\"2000\" height=\"1334\" src=\"https:\/\/cmgmarrakech.com\/wp-content\/uploads\/2025\/11\/Kacimi-Installation-Abu-Dhabi-Art-2025.jpg\" class=\"attachment-full size-full wp-image-18115\" alt=\"\" srcset=\"https:\/\/cmgmarrakech.com\/wp-content\/uploads\/2025\/11\/Kacimi-Installation-Abu-Dhabi-Art-2025.jpg 2000w, https:\/\/cmgmarrakech.com\/wp-content\/uploads\/2025\/11\/Kacimi-Installation-Abu-Dhabi-Art-2025-300x200.jpg 300w, https:\/\/cmgmarrakech.com\/wp-content\/uploads\/2025\/11\/Kacimi-Installation-Abu-Dhabi-Art-2025-1024x683.jpg 1024w, https:\/\/cmgmarrakech.com\/wp-content\/uploads\/2025\/11\/Kacimi-Installation-Abu-Dhabi-Art-2025-768x512.jpg 768w, https:\/\/cmgmarrakech.com\/wp-content\/uploads\/2025\/11\/Kacimi-Installation-Abu-Dhabi-Art-2025-1536x1025.jpg 1536w, https:\/\/cmgmarrakech.com\/wp-content\/uploads\/2025\/11\/Kacimi-Installation-Abu-Dhabi-Art-2025-18x12.jpg 18w, https:\/\/cmgmarrakech.com\/wp-content\/uploads\/2025\/11\/Kacimi-Installation-Abu-Dhabi-Art-2025-415x277.jpg 415w, https:\/\/cmgmarrakech.com\/wp-content\/uploads\/2025\/11\/Kacimi-Installation-Abu-Dhabi-Art-2025-650x434.jpg 650w, https:\/\/cmgmarrakech.com\/wp-content\/uploads\/2025\/11\/Kacimi-Installation-Abu-Dhabi-Art-2025-250x167.jpg 250w\" sizes=\"(max-width: 2000px) 100vw, 2000px\" \/>\t\t\t\t\t\t\t\t<\/a>\n\t\t\t\t\t\t\t\t\t\t\t\t\t\t\t<\/div>\n\t\t\t\t<div class=\"elementor-element elementor-element-676b81c elementor-widget elementor-widget-heading\" data-id=\"676b81c\" data-element_type=\"widget\" data-e-type=\"widget\" data-widget_type=\"heading.default\">\n\t\t\t\t\t<h2 class=\"elementor-heading-title elementor-size-default\"><a href=\"https:\/\/www.diptykmag.com\/abu-dhabi-art-ouvre-ses-portes-abu-dhabi-art-opens-today\/\" target=\"_blank\">Abu Dhabi Art ouvre ses portes <\/a><\/h2>\t\t\t\t<\/div>\n\t\t\t\t<div class=\"elementor-element elementor-element-59c6e78 elementor-widget elementor-widget-text-editor\" data-id=\"59c6e78\" data-element_type=\"widget\" data-e-type=\"widget\" data-widget_type=\"text-editor.default\">\n\t\t\t\t\t\t\t\t\t<p>Diptyk<\/p>\t\t\t\t\t\t\t\t<\/div>\n\t\t\t\t\t<\/div>\n\t\t<\/div>\n\t\t\t\t<div class=\"elementor-column elementor-col-50 elementor-top-column elementor-element elementor-element-28282e2\" data-id=\"28282e2\" data-element_type=\"column\" data-e-type=\"column\">\n\t\t\t<div class=\"elementor-widget-wrap elementor-element-populated\">\n\t\t\t\t\t\t<div class=\"elementor-element elementor-element-25e5a8a elementor-widget elementor-widget-image\" data-id=\"25e5a8a\" data-element_type=\"widget\" data-e-type=\"widget\" data-widget_type=\"image.default\">\n\t\t\t\t\t\t\t\t\t\t\t\t\t\t\t\t<a href=\"https:\/\/canvasonline.com\/event\/abu-dhabi-art-2025\/\" target=\"_blank\">\n\t\t\t\t\t\t\t<img loading=\"lazy\" decoding=\"async\" width=\"2000\" height=\"1334\" src=\"https:\/\/cmgmarrakech.com\/wp-content\/uploads\/2025\/11\/Hassan-DarisAbu-Dhabi-Art-2025.jpg.jpg\" class=\"attachment-full size-full wp-image-18116\" alt=\"\" srcset=\"https:\/\/cmgmarrakech.com\/wp-content\/uploads\/2025\/11\/Hassan-DarisAbu-Dhabi-Art-2025.jpg.jpg 2000w, https:\/\/cmgmarrakech.com\/wp-content\/uploads\/2025\/11\/Hassan-DarisAbu-Dhabi-Art-2025.jpg-300x200.jpg 300w, https:\/\/cmgmarrakech.com\/wp-content\/uploads\/2025\/11\/Hassan-DarisAbu-Dhabi-Art-2025.jpg-1024x683.jpg 1024w, https:\/\/cmgmarrakech.com\/wp-content\/uploads\/2025\/11\/Hassan-DarisAbu-Dhabi-Art-2025.jpg-768x512.jpg 768w, https:\/\/cmgmarrakech.com\/wp-content\/uploads\/2025\/11\/Hassan-DarisAbu-Dhabi-Art-2025.jpg-1536x1025.jpg 1536w, https:\/\/cmgmarrakech.com\/wp-content\/uploads\/2025\/11\/Hassan-DarisAbu-Dhabi-Art-2025.jpg-18x12.jpg 18w, https:\/\/cmgmarrakech.com\/wp-content\/uploads\/2025\/11\/Hassan-DarisAbu-Dhabi-Art-2025.jpg-415x277.jpg 415w, https:\/\/cmgmarrakech.com\/wp-content\/uploads\/2025\/11\/Hassan-DarisAbu-Dhabi-Art-2025.jpg-650x434.jpg 650w, https:\/\/cmgmarrakech.com\/wp-content\/uploads\/2025\/11\/Hassan-DarisAbu-Dhabi-Art-2025.jpg-250x167.jpg 250w\" sizes=\"(max-width: 2000px) 100vw, 2000px\" \/>\t\t\t\t\t\t\t\t<\/a>\n\t\t\t\t\t\t\t\t\t\t\t\t\t\t\t<\/div>\n\t\t\t\t<div class=\"elementor-element elementor-element-8e0de10 elementor-widget elementor-widget-heading\" data-id=\"8e0de10\" data-element_type=\"widget\" data-e-type=\"widget\" data-widget_type=\"heading.default\">\n\t\t\t\t\t<h2 class=\"elementor-heading-title elementor-size-default\"><a href=\"https:\/\/canvasonline.com\/event\/abu-dhabi-art-2025\/\" target=\"_blank\">Abu Dhabi Art 2025: Manarat Al Saadiyat\n\n<\/a><\/h2>\t\t\t\t<\/div>\n\t\t\t\t<div class=\"elementor-element elementor-element-cc3d46c elementor-widget elementor-widget-text-editor\" data-id=\"cc3d46c\" data-element_type=\"widget\" data-e-type=\"widget\" data-widget_type=\"text-editor.default\">\n\t\t\t\t\t\t\t\t\t<p>Canvas<\/p>\t\t\t\t\t\t\t\t<\/div>\n\t\t\t\t\t<\/div>\n\t\t<\/div>\n\t\t\t\t\t<\/div>\n\t\t<\/section>\n\t\t\t\t<section class=\"elementor-section elementor-top-section elementor-element elementor-element-bdc64c4 animated-slow elementor-section-boxed elementor-section-height-default elementor-section-height-default\" data-id=\"bdc64c4\" data-element_type=\"section\" data-e-type=\"section\" data-settings=\"{&quot;animation&quot;:&quot;none&quot;}\">\n\t\t\t\t\t\t<div class=\"elementor-container elementor-column-gap-default\">\n\t\t\t\t\t<div class=\"elementor-column elementor-col-50 elementor-top-column elementor-element elementor-element-0b02640\" data-id=\"0b02640\" data-element_type=\"column\" data-e-type=\"column\">\n\t\t\t<div class=\"elementor-widget-wrap elementor-element-populated\">\n\t\t\t\t\t\t<div class=\"elementor-element elementor-element-b1640e0 elementor-widget elementor-widget-image\" data-id=\"b1640e0\" data-element_type=\"widget\" data-e-type=\"widget\" data-widget_type=\"image.default\">\n\t\t\t\t\t\t\t\t\t\t\t\t\t\t\t\t<a href=\"https:\/\/www.artasiapacific.com\/market\/abu-dhabi-art-announces-details-for-2025-edition\/\" target=\"_blank\">\n\t\t\t\t\t\t\t<img loading=\"lazy\" decoding=\"async\" width=\"2000\" height=\"1334\" src=\"https:\/\/cmgmarrakech.com\/wp-content\/uploads\/2025\/11\/Mouhcine-Rahaoui-Abu-Dhabi-Art-2025.jpg\" class=\"attachment-full size-full wp-image-18105\" alt=\"\" srcset=\"https:\/\/cmgmarrakech.com\/wp-content\/uploads\/2025\/11\/Mouhcine-Rahaoui-Abu-Dhabi-Art-2025.jpg 2000w, https:\/\/cmgmarrakech.com\/wp-content\/uploads\/2025\/11\/Mouhcine-Rahaoui-Abu-Dhabi-Art-2025-300x200.jpg 300w, https:\/\/cmgmarrakech.com\/wp-content\/uploads\/2025\/11\/Mouhcine-Rahaoui-Abu-Dhabi-Art-2025-1024x683.jpg 1024w, https:\/\/cmgmarrakech.com\/wp-content\/uploads\/2025\/11\/Mouhcine-Rahaoui-Abu-Dhabi-Art-2025-768x512.jpg 768w, https:\/\/cmgmarrakech.com\/wp-content\/uploads\/2025\/11\/Mouhcine-Rahaoui-Abu-Dhabi-Art-2025-1536x1025.jpg 1536w, https:\/\/cmgmarrakech.com\/wp-content\/uploads\/2025\/11\/Mouhcine-Rahaoui-Abu-Dhabi-Art-2025-18x12.jpg 18w, https:\/\/cmgmarrakech.com\/wp-content\/uploads\/2025\/11\/Mouhcine-Rahaoui-Abu-Dhabi-Art-2025-415x277.jpg 415w, https:\/\/cmgmarrakech.com\/wp-content\/uploads\/2025\/11\/Mouhcine-Rahaoui-Abu-Dhabi-Art-2025-650x434.jpg 650w, https:\/\/cmgmarrakech.com\/wp-content\/uploads\/2025\/11\/Mouhcine-Rahaoui-Abu-Dhabi-Art-2025-250x167.jpg 250w\" sizes=\"(max-width: 2000px) 100vw, 2000px\" \/>\t\t\t\t\t\t\t\t<\/a>\n\t\t\t\t\t\t\t\t\t\t\t\t\t\t\t<\/div>\n\t\t\t\t<div class=\"elementor-element elementor-element-5c40e3c elementor-widget elementor-widget-heading\" data-id=\"5c40e3c\" data-element_type=\"widget\" data-e-type=\"widget\" data-widget_type=\"heading.default\">\n\t\t\t\t\t<h2 class=\"elementor-heading-title elementor-size-default\"><a href=\"https:\/\/www.artasiapacific.com\/market\/abu-dhabi-art-announces-details-for-2025-edition\/\" target=\"_blank\">Abu Dhabi Art Announces Details for 2025 Edition\n<\/a><\/h2>\t\t\t\t<\/div>\n\t\t\t\t<div class=\"elementor-element elementor-element-4148ff5 elementor-widget elementor-widget-text-editor\" data-id=\"4148ff5\" data-element_type=\"widget\" data-e-type=\"widget\" data-widget_type=\"text-editor.default\">\n\t\t\t\t\t\t\t\t\t<p>Art Asia Pacific\u00a0<\/p>\t\t\t\t\t\t\t\t<\/div>\n\t\t\t\t\t<\/div>\n\t\t<\/div>\n\t\t\t\t<div class=\"elementor-column elementor-col-50 elementor-top-column elementor-element elementor-element-914c3d1\" data-id=\"914c3d1\" data-element_type=\"column\" data-e-type=\"column\">\n\t\t\t<div class=\"elementor-widget-wrap elementor-element-populated\">\n\t\t\t\t\t\t<div class=\"elementor-element elementor-element-7b153f5 elementor-widget elementor-widget-image\" data-id=\"7b153f5\" data-element_type=\"widget\" data-e-type=\"widget\" data-widget_type=\"image.default\">\n\t\t\t\t\t\t\t\t\t\t\t\t\t\t\t\t<a href=\"https:\/\/www.timeoutabudhabi.com\/news\/abu-dhabi-art-2025\" target=\"_blank\">\n\t\t\t\t\t\t\t<img loading=\"lazy\" decoding=\"async\" width=\"2000\" height=\"1334\" src=\"https:\/\/cmgmarrakech.com\/wp-content\/uploads\/2025\/11\/Fatiha-Zemmouri-Abu-Dhabi-Art-2025.jpg\" class=\"attachment-full size-full wp-image-18110\" alt=\"\" srcset=\"https:\/\/cmgmarrakech.com\/wp-content\/uploads\/2025\/11\/Fatiha-Zemmouri-Abu-Dhabi-Art-2025.jpg 2000w, https:\/\/cmgmarrakech.com\/wp-content\/uploads\/2025\/11\/Fatiha-Zemmouri-Abu-Dhabi-Art-2025-300x200.jpg 300w, https:\/\/cmgmarrakech.com\/wp-content\/uploads\/2025\/11\/Fatiha-Zemmouri-Abu-Dhabi-Art-2025-1024x683.jpg 1024w, https:\/\/cmgmarrakech.com\/wp-content\/uploads\/2025\/11\/Fatiha-Zemmouri-Abu-Dhabi-Art-2025-768x512.jpg 768w, https:\/\/cmgmarrakech.com\/wp-content\/uploads\/2025\/11\/Fatiha-Zemmouri-Abu-Dhabi-Art-2025-1536x1025.jpg 1536w, https:\/\/cmgmarrakech.com\/wp-content\/uploads\/2025\/11\/Fatiha-Zemmouri-Abu-Dhabi-Art-2025-18x12.jpg 18w, https:\/\/cmgmarrakech.com\/wp-content\/uploads\/2025\/11\/Fatiha-Zemmouri-Abu-Dhabi-Art-2025-415x277.jpg 415w, https:\/\/cmgmarrakech.com\/wp-content\/uploads\/2025\/11\/Fatiha-Zemmouri-Abu-Dhabi-Art-2025-650x434.jpg 650w, https:\/\/cmgmarrakech.com\/wp-content\/uploads\/2025\/11\/Fatiha-Zemmouri-Abu-Dhabi-Art-2025-250x167.jpg 250w\" sizes=\"(max-width: 2000px) 100vw, 2000px\" \/>\t\t\t\t\t\t\t\t<\/a>\n\t\t\t\t\t\t\t\t\t\t\t\t\t\t\t<\/div>\n\t\t\t\t<div class=\"elementor-element elementor-element-2ff8f58 elementor-widget elementor-widget-heading\" data-id=\"2ff8f58\" data-element_type=\"widget\" data-e-type=\"widget\" data-widget_type=\"heading.default\">\n\t\t\t\t\t<h2 class=\"elementor-heading-title elementor-size-default\"><a href=\"https:\/\/www.timeoutabudhabi.com\/news\/abu-dhabi-art-2025\" target=\"_blank\">Abu Dhabi Art 2025: Events, exhibitions and everything to know<\/a><\/h2>\t\t\t\t<\/div>\n\t\t\t\t<div class=\"elementor-element elementor-element-b25701c elementor-widget elementor-widget-text-editor\" data-id=\"b25701c\" data-element_type=\"widget\" data-e-type=\"widget\" data-widget_type=\"text-editor.default\">\n\t\t\t\t\t\t\t\t\t<p>Time Out Abu Dhabi<\/p>\t\t\t\t\t\t\t\t<\/div>\n\t\t\t\t\t<\/div>\n\t\t<\/div>\n\t\t\t\t\t<\/div>\n\t\t<\/section>\n\t\t\t\t<section class=\"elementor-section elementor-top-section elementor-element elementor-element-e6f2170 animated-slow elementor-section-boxed elementor-section-height-default elementor-section-height-default\" data-id=\"e6f2170\" data-element_type=\"section\" data-e-type=\"section\" data-settings=\"{&quot;animation&quot;:&quot;none&quot;}\">\n\t\t\t\t\t\t<div class=\"elementor-container elementor-column-gap-default\">\n\t\t\t\t\t<div class=\"elementor-column elementor-col-50 elementor-top-column elementor-element elementor-element-e1ba78f\" data-id=\"e1ba78f\" data-element_type=\"column\" data-e-type=\"column\">\n\t\t\t<div class=\"elementor-widget-wrap elementor-element-populated\">\n\t\t\t\t\t\t<div class=\"elementor-element elementor-element-8594a2a elementor-widget elementor-widget-image\" data-id=\"8594a2a\" data-element_type=\"widget\" data-e-type=\"widget\" data-widget_type=\"image.default\">\n\t\t\t\t\t\t\t\t\t\t\t\t\t\t\t\t<a href=\"https:\/\/www.diptykmag.com\/de-latelier-au-solo-show-le-pari-mustaqbal-from-studio-to-solo-show-the-mustaqbal-venture\/\" target=\"_blank\">\n\t\t\t\t\t\t\t<img loading=\"lazy\" decoding=\"async\" width=\"2300\" height=\"1614\" src=\"https:\/\/cmgmarrakech.com\/wp-content\/uploads\/2025\/12\/CMG-Marrakech-CMG-news-LoutifSouidi.jpg\" class=\"attachment-full size-full wp-image-18379\" alt=\"\" srcset=\"https:\/\/cmgmarrakech.com\/wp-content\/uploads\/2025\/12\/CMG-Marrakech-CMG-news-LoutifSouidi.jpg 2300w, https:\/\/cmgmarrakech.com\/wp-content\/uploads\/2025\/12\/CMG-Marrakech-CMG-news-LoutifSouidi-300x211.jpg 300w, https:\/\/cmgmarrakech.com\/wp-content\/uploads\/2025\/12\/CMG-Marrakech-CMG-news-LoutifSouidi-1024x719.jpg 1024w, https:\/\/cmgmarrakech.com\/wp-content\/uploads\/2025\/12\/CMG-Marrakech-CMG-news-LoutifSouidi-768x539.jpg 768w, https:\/\/cmgmarrakech.com\/wp-content\/uploads\/2025\/12\/CMG-Marrakech-CMG-news-LoutifSouidi-1536x1078.jpg 1536w, https:\/\/cmgmarrakech.com\/wp-content\/uploads\/2025\/12\/CMG-Marrakech-CMG-news-LoutifSouidi-2048x1437.jpg 2048w, https:\/\/cmgmarrakech.com\/wp-content\/uploads\/2025\/12\/CMG-Marrakech-CMG-news-LoutifSouidi-18x12.jpg 18w, https:\/\/cmgmarrakech.com\/wp-content\/uploads\/2025\/12\/CMG-Marrakech-CMG-news-LoutifSouidi-415x291.jpg 415w, https:\/\/cmgmarrakech.com\/wp-content\/uploads\/2025\/12\/CMG-Marrakech-CMG-news-LoutifSouidi-650x456.jpg 650w, https:\/\/cmgmarrakech.com\/wp-content\/uploads\/2025\/12\/CMG-Marrakech-CMG-news-LoutifSouidi-250x175.jpg 250w\" sizes=\"(max-width: 2300px) 100vw, 2300px\" \/>\t\t\t\t\t\t\t\t<\/a>\n\t\t\t\t\t\t\t\t\t\t\t\t\t\t\t<\/div>\n\t\t\t\t<div class=\"elementor-element elementor-element-7850603 elementor-widget elementor-widget-heading\" data-id=\"7850603\" data-element_type=\"widget\" data-e-type=\"widget\" data-widget_type=\"heading.default\">\n\t\t\t\t\t<h2 class=\"elementor-heading-title elementor-size-default\"><a href=\"https:\/\/www.diptykmag.com\/de-latelier-au-solo-show-le-pari-mustaqbal-from-studio-to-solo-show-the-mustaqbal-venture\/\" target=\"_blank\">De l\u2019atelier au solo show : le pari Mustaqbal<\/a><\/h2>\t\t\t\t<\/div>\n\t\t\t\t<div class=\"elementor-element elementor-element-d947b44 elementor-widget elementor-widget-text-editor\" data-id=\"d947b44\" data-element_type=\"widget\" data-e-type=\"widget\" data-widget_type=\"text-editor.default\">\n\t\t\t\t\t\t\t\t\t<p>Diptyk<\/p>\t\t\t\t\t\t\t\t<\/div>\n\t\t\t\t\t<\/div>\n\t\t<\/div>\n\t\t\t\t<div class=\"elementor-column elementor-col-50 elementor-top-column elementor-element elementor-element-23efaf0\" data-id=\"23efaf0\" data-element_type=\"column\" data-e-type=\"column\">\n\t\t\t<div class=\"elementor-widget-wrap elementor-element-populated\">\n\t\t\t\t\t\t<div class=\"elementor-element elementor-element-cd064fd elementor-widget elementor-widget-image\" data-id=\"cd064fd\" data-element_type=\"widget\" data-e-type=\"widget\" data-widget_type=\"image.default\">\n\t\t\t\t\t\t\t\t\t\t\t\t\t\t\t\t<a href=\"https:\/\/albayane.press.ma\/une-participation-inaugurale-pour-le-comptoir-des-mines-galerie.html\" target=\"_blank\">\n\t\t\t\t\t\t\t<img loading=\"lazy\" decoding=\"async\" width=\"2000\" height=\"1334\" src=\"https:\/\/cmgmarrakech.com\/wp-content\/uploads\/2025\/11\/Abu-Dhabi-Art-2025.jpg\" class=\"attachment-full size-full wp-image-17757\" alt=\"\" srcset=\"https:\/\/cmgmarrakech.com\/wp-content\/uploads\/2025\/11\/Abu-Dhabi-Art-2025.jpg 2000w, https:\/\/cmgmarrakech.com\/wp-content\/uploads\/2025\/11\/Abu-Dhabi-Art-2025-300x200.jpg 300w, https:\/\/cmgmarrakech.com\/wp-content\/uploads\/2025\/11\/Abu-Dhabi-Art-2025-1024x683.jpg 1024w, https:\/\/cmgmarrakech.com\/wp-content\/uploads\/2025\/11\/Abu-Dhabi-Art-2025-768x512.jpg 768w, https:\/\/cmgmarrakech.com\/wp-content\/uploads\/2025\/11\/Abu-Dhabi-Art-2025-1536x1025.jpg 1536w, https:\/\/cmgmarrakech.com\/wp-content\/uploads\/2025\/11\/Abu-Dhabi-Art-2025-18x12.jpg 18w, https:\/\/cmgmarrakech.com\/wp-content\/uploads\/2025\/11\/Abu-Dhabi-Art-2025-415x277.jpg 415w, https:\/\/cmgmarrakech.com\/wp-content\/uploads\/2025\/11\/Abu-Dhabi-Art-2025-650x434.jpg 650w, https:\/\/cmgmarrakech.com\/wp-content\/uploads\/2025\/11\/Abu-Dhabi-Art-2025-250x167.jpg 250w\" sizes=\"(max-width: 2000px) 100vw, 2000px\" \/>\t\t\t\t\t\t\t\t<\/a>\n\t\t\t\t\t\t\t\t\t\t\t\t\t\t\t<\/div>\n\t\t\t\t<div class=\"elementor-element elementor-element-e6448e1 elementor-widget elementor-widget-heading\" data-id=\"e6448e1\" data-element_type=\"widget\" data-e-type=\"widget\" data-widget_type=\"heading.default\">\n\t\t\t\t\t<h2 class=\"elementor-heading-title elementor-size-default\"><a href=\"https:\/\/albayane.press.ma\/une-participation-inaugurale-pour-le-comptoir-des-mines-galerie.html\" target=\"_blank\">Une participation inaugurale pour le Comptoir des Mines Galerie\n<\/a><\/h2>\t\t\t\t<\/div>\n\t\t\t\t<div class=\"elementor-element elementor-element-2440341 elementor-widget elementor-widget-text-editor\" data-id=\"2440341\" data-element_type=\"widget\" data-e-type=\"widget\" data-widget_type=\"text-editor.default\">\n\t\t\t\t\t\t\t\t\t<p>Al Bayane Press<\/p>\t\t\t\t\t\t\t\t<\/div>\n\t\t\t\t\t<\/div>\n\t\t<\/div>\n\t\t\t\t\t<\/div>\n\t\t<\/section>\n\t\t\t\t<section class=\"elementor-section elementor-top-section elementor-element elementor-element-9066ab5 animated-slow elementor-section-boxed elementor-section-height-default elementor-section-height-default\" data-id=\"9066ab5\" data-element_type=\"section\" data-e-type=\"section\" data-settings=\"{&quot;animation&quot;:&quot;none&quot;}\">\n\t\t\t\t\t\t<div class=\"elementor-container elementor-column-gap-default\">\n\t\t\t\t\t<div class=\"elementor-column elementor-col-50 elementor-top-column elementor-element elementor-element-5899bb1\" data-id=\"5899bb1\" data-element_type=\"column\" data-e-type=\"column\">\n\t\t\t<div class=\"elementor-widget-wrap elementor-element-populated\">\n\t\t\t\t\t\t<div class=\"elementor-element elementor-element-6063cd5 elementor-widget elementor-widget-image\" data-id=\"6063cd5\" data-element_type=\"widget\" data-e-type=\"widget\" data-widget_type=\"image.default\">\n\t\t\t\t\t\t\t\t\t\t\t\t\t\t\t\t<a href=\"https:\/\/www.leconomiste.com\/art-culture-week-end-comptoir-des-mines-galerie-une-decennie-davant-garde-artistique\/\" target=\"_blank\">\n\t\t\t\t\t\t\t<img loading=\"lazy\" decoding=\"async\" width=\"2300\" height=\"1614\" src=\"https:\/\/cmgmarrakech.com\/wp-content\/uploads\/2025\/10\/CMG-Marrakech-10Ans-news-2.jpg\" class=\"attachment-full size-full wp-image-17477\" alt=\"\" srcset=\"https:\/\/cmgmarrakech.com\/wp-content\/uploads\/2025\/10\/CMG-Marrakech-10Ans-news-2.jpg 2300w, https:\/\/cmgmarrakech.com\/wp-content\/uploads\/2025\/10\/CMG-Marrakech-10Ans-news-2-300x211.jpg 300w, https:\/\/cmgmarrakech.com\/wp-content\/uploads\/2025\/10\/CMG-Marrakech-10Ans-news-2-1024x719.jpg 1024w, https:\/\/cmgmarrakech.com\/wp-content\/uploads\/2025\/10\/CMG-Marrakech-10Ans-news-2-768x539.jpg 768w, https:\/\/cmgmarrakech.com\/wp-content\/uploads\/2025\/10\/CMG-Marrakech-10Ans-news-2-1536x1078.jpg 1536w, https:\/\/cmgmarrakech.com\/wp-content\/uploads\/2025\/10\/CMG-Marrakech-10Ans-news-2-2048x1437.jpg 2048w, https:\/\/cmgmarrakech.com\/wp-content\/uploads\/2025\/10\/CMG-Marrakech-10Ans-news-2-18x12.jpg 18w, https:\/\/cmgmarrakech.com\/wp-content\/uploads\/2025\/10\/CMG-Marrakech-10Ans-news-2-415x291.jpg 415w, https:\/\/cmgmarrakech.com\/wp-content\/uploads\/2025\/10\/CMG-Marrakech-10Ans-news-2-650x456.jpg 650w, https:\/\/cmgmarrakech.com\/wp-content\/uploads\/2025\/10\/CMG-Marrakech-10Ans-news-2-250x175.jpg 250w\" sizes=\"(max-width: 2300px) 100vw, 2300px\" \/>\t\t\t\t\t\t\t\t<\/a>\n\t\t\t\t\t\t\t\t\t\t\t\t\t\t\t<\/div>\n\t\t\t\t<div class=\"elementor-element elementor-element-3860460 elementor-widget elementor-widget-heading\" data-id=\"3860460\" data-element_type=\"widget\" data-e-type=\"widget\" data-widget_type=\"heading.default\">\n\t\t\t\t\t<h2 class=\"elementor-heading-title elementor-size-default\"><a href=\"https:\/\/www.leconomiste.com\/art-culture-week-end-comptoir-des-mines-galerie-une-decennie-davant-garde-artistique\/\" target=\"_blank\">Art &amp; Culture Week-End \u2013 Comptoir des Mines Galerie, une d\u00e9cennie d\u2019avant-garde artistique\n<\/a><\/h2>\t\t\t\t<\/div>\n\t\t\t\t<div class=\"elementor-element elementor-element-c33dad3 elementor-widget elementor-widget-text-editor\" data-id=\"c33dad3\" data-element_type=\"widget\" data-e-type=\"widget\" data-widget_type=\"text-editor.default\">\n\t\t\t\t\t\t\t\t\t<p>L\u2019\u00e9conomiste\u00a0<\/p>\t\t\t\t\t\t\t\t<\/div>\n\t\t\t\t\t<\/div>\n\t\t<\/div>\n\t\t\t\t<div class=\"elementor-column elementor-col-50 elementor-top-column elementor-element elementor-element-710f6f1\" data-id=\"710f6f1\" data-element_type=\"column\" data-e-type=\"column\">\n\t\t\t<div class=\"elementor-widget-wrap elementor-element-populated\">\n\t\t\t\t\t\t<div class=\"elementor-element elementor-element-c04f4ce elementor-widget elementor-widget-image\" data-id=\"c04f4ce\" data-element_type=\"widget\" data-e-type=\"widget\" data-widget_type=\"image.default\">\n\t\t\t\t\t\t\t\t\t\t\t\t\t\t\t\t<a href=\"https:\/\/serielimitee.lesechos.fr\/culture\/arts\/le-jardin-secret-delisabeth-2193029\" target=\"_blank\">\n\t\t\t\t\t\t\t<img loading=\"lazy\" decoding=\"async\" width=\"2300\" height=\"1614\" src=\"https:\/\/cmgmarrakech.com\/wp-content\/uploads\/2025\/10\/CMG-Marrakech-10Ans-news-From-Morocco-With-Love.jpg\" class=\"attachment-full size-full wp-image-17478\" alt=\"\" srcset=\"https:\/\/cmgmarrakech.com\/wp-content\/uploads\/2025\/10\/CMG-Marrakech-10Ans-news-From-Morocco-With-Love.jpg 2300w, https:\/\/cmgmarrakech.com\/wp-content\/uploads\/2025\/10\/CMG-Marrakech-10Ans-news-From-Morocco-With-Love-300x211.jpg 300w, https:\/\/cmgmarrakech.com\/wp-content\/uploads\/2025\/10\/CMG-Marrakech-10Ans-news-From-Morocco-With-Love-1024x719.jpg 1024w, https:\/\/cmgmarrakech.com\/wp-content\/uploads\/2025\/10\/CMG-Marrakech-10Ans-news-From-Morocco-With-Love-768x539.jpg 768w, https:\/\/cmgmarrakech.com\/wp-content\/uploads\/2025\/10\/CMG-Marrakech-10Ans-news-From-Morocco-With-Love-1536x1078.jpg 1536w, https:\/\/cmgmarrakech.com\/wp-content\/uploads\/2025\/10\/CMG-Marrakech-10Ans-news-From-Morocco-With-Love-2048x1437.jpg 2048w, https:\/\/cmgmarrakech.com\/wp-content\/uploads\/2025\/10\/CMG-Marrakech-10Ans-news-From-Morocco-With-Love-18x12.jpg 18w, https:\/\/cmgmarrakech.com\/wp-content\/uploads\/2025\/10\/CMG-Marrakech-10Ans-news-From-Morocco-With-Love-415x291.jpg 415w, https:\/\/cmgmarrakech.com\/wp-content\/uploads\/2025\/10\/CMG-Marrakech-10Ans-news-From-Morocco-With-Love-650x456.jpg 650w, https:\/\/cmgmarrakech.com\/wp-content\/uploads\/2025\/10\/CMG-Marrakech-10Ans-news-From-Morocco-With-Love-250x175.jpg 250w\" sizes=\"(max-width: 2300px) 100vw, 2300px\" \/>\t\t\t\t\t\t\t\t<\/a>\n\t\t\t\t\t\t\t\t\t\t\t\t\t\t\t<\/div>\n\t\t\t\t<div class=\"elementor-element elementor-element-fe52e49 elementor-widget elementor-widget-heading\" data-id=\"fe52e49\" data-element_type=\"widget\" data-e-type=\"widget\" data-widget_type=\"heading.default\">\n\t\t\t\t\t<h2 class=\"elementor-heading-title elementor-size-default\"><a href=\"https:\/\/serielimitee.lesechos.fr\/culture\/arts\/le-jardin-secret-delisabeth-2193029\" target=\"_blank\">Marrakech, le jardin secret d'Elisabeth Bauchet-Bouhlal\n<\/a><\/h2>\t\t\t\t<\/div>\n\t\t\t\t<div class=\"elementor-element elementor-element-beba310 elementor-widget elementor-widget-text-editor\" data-id=\"beba310\" data-element_type=\"widget\" data-e-type=\"widget\" data-widget_type=\"text-editor.default\">\n\t\t\t\t\t\t\t\t\t<p>LES \u00c9CHOS &#8211; S\u00e9rie Limit\u00e9e<\/p>\t\t\t\t\t\t\t\t<\/div>\n\t\t\t\t\t<\/div>\n\t\t<\/div>\n\t\t\t\t\t<\/div>\n\t\t<\/section>\n\t\t\t\t<section class=\"elementor-section elementor-top-section elementor-element elementor-element-d081cca animated-slow elementor-section-boxed elementor-section-height-default elementor-section-height-default\" data-id=\"d081cca\" data-element_type=\"section\" data-e-type=\"section\" data-settings=\"{&quot;animation&quot;:&quot;none&quot;}\">\n\t\t\t\t\t\t<div class=\"elementor-container elementor-column-gap-default\">\n\t\t\t\t\t<div class=\"elementor-column elementor-col-50 elementor-top-column elementor-element elementor-element-f9ad3eb\" data-id=\"f9ad3eb\" data-element_type=\"column\" data-e-type=\"column\">\n\t\t\t<div class=\"elementor-widget-wrap elementor-element-populated\">\n\t\t\t\t\t\t<div class=\"elementor-element elementor-element-ecadf18 elementor-widget elementor-widget-image\" data-id=\"ecadf18\" data-element_type=\"widget\" data-e-type=\"widget\" data-widget_type=\"image.default\">\n\t\t\t\t\t\t\t\t\t\t\t\t\t\t\t\t<a href=\"https:\/\/visitmarrakech.com\/en\/les-7-galeries-dart-incontournables-de-marrakech\/\" target=\"_blank\">\n\t\t\t\t\t\t\t<img loading=\"lazy\" decoding=\"async\" width=\"2000\" height=\"1333\" src=\"https:\/\/cmgmarrakech.com\/wp-content\/uploads\/2023\/07\/CMG-Hangar-2.jpg\" class=\"attachment-full size-full wp-image-10685\" alt=\"\" srcset=\"https:\/\/cmgmarrakech.com\/wp-content\/uploads\/2023\/07\/CMG-Hangar-2.jpg 2000w, https:\/\/cmgmarrakech.com\/wp-content\/uploads\/2023\/07\/CMG-Hangar-2-300x200.jpg 300w, https:\/\/cmgmarrakech.com\/wp-content\/uploads\/2023\/07\/CMG-Hangar-2-1024x682.jpg 1024w, https:\/\/cmgmarrakech.com\/wp-content\/uploads\/2023\/07\/CMG-Hangar-2-768x512.jpg 768w, https:\/\/cmgmarrakech.com\/wp-content\/uploads\/2023\/07\/CMG-Hangar-2-1536x1024.jpg 1536w, https:\/\/cmgmarrakech.com\/wp-content\/uploads\/2023\/07\/CMG-Hangar-2-18x12.jpg 18w, https:\/\/cmgmarrakech.com\/wp-content\/uploads\/2023\/07\/CMG-Hangar-2-415x277.jpg 415w, https:\/\/cmgmarrakech.com\/wp-content\/uploads\/2023\/07\/CMG-Hangar-2-650x433.jpg 650w, https:\/\/cmgmarrakech.com\/wp-content\/uploads\/2023\/07\/CMG-Hangar-2-250x167.jpg 250w\" sizes=\"(max-width: 2000px) 100vw, 2000px\" \/>\t\t\t\t\t\t\t\t<\/a>\n\t\t\t\t\t\t\t\t\t\t\t\t\t\t\t<\/div>\n\t\t\t\t<div class=\"elementor-element elementor-element-b7310b4 elementor-widget elementor-widget-heading\" data-id=\"b7310b4\" data-element_type=\"widget\" data-e-type=\"widget\" data-widget_type=\"heading.default\">\n\t\t\t\t\t<h2 class=\"elementor-heading-title elementor-size-default\"><a href=\"https:\/\/visitmarrakech.com\/en\/les-7-galeries-dart-incontournables-de-marrakech\/\" target=\"_blank\">The 7 Must-See Art Galleries in Marrakech\n<\/a><\/h2>\t\t\t\t<\/div>\n\t\t\t\t<div class=\"elementor-element elementor-element-197fa48 elementor-widget elementor-widget-text-editor\" data-id=\"197fa48\" data-element_type=\"widget\" data-e-type=\"widget\" data-widget_type=\"text-editor.default\">\n\t\t\t\t\t\t\t\t\t<p>Visit Marrakech<\/p>\t\t\t\t\t\t\t\t<\/div>\n\t\t\t\t\t<\/div>\n\t\t<\/div>\n\t\t\t\t<div class=\"elementor-column elementor-col-50 elementor-top-column elementor-element elementor-element-3479093\" data-id=\"3479093\" data-element_type=\"column\" data-e-type=\"column\">\n\t\t\t<div class=\"elementor-widget-wrap elementor-element-populated\">\n\t\t\t\t\t\t<div class=\"elementor-element elementor-element-e21ad79 elementor-widget elementor-widget-image\" data-id=\"e21ad79\" data-element_type=\"widget\" data-e-type=\"widget\" data-widget_type=\"image.default\">\n\t\t\t\t\t\t\t\t\t\t\t\t\t\t\t\t<a href=\"https:\/\/luxe-infinity-maroc.com\/culture\/le-comptoir-des-mines-galerie-dix-ans-dune-experience-artistique-singuliere-celebres-a-rabat\/\" target=\"_blank\">\n\t\t\t\t\t\t\t<img loading=\"lazy\" decoding=\"async\" width=\"2300\" height=\"1614\" src=\"https:\/\/cmgmarrakech.com\/wp-content\/uploads\/2025\/09\/CMG-Marrakech-10Ans-Bab-Rouah-6.jpg\" class=\"attachment-full size-full wp-image-16960\" alt=\"\" srcset=\"https:\/\/cmgmarrakech.com\/wp-content\/uploads\/2025\/09\/CMG-Marrakech-10Ans-Bab-Rouah-6.jpg 2300w, https:\/\/cmgmarrakech.com\/wp-content\/uploads\/2025\/09\/CMG-Marrakech-10Ans-Bab-Rouah-6-300x211.jpg 300w, https:\/\/cmgmarrakech.com\/wp-content\/uploads\/2025\/09\/CMG-Marrakech-10Ans-Bab-Rouah-6-1024x719.jpg 1024w, https:\/\/cmgmarrakech.com\/wp-content\/uploads\/2025\/09\/CMG-Marrakech-10Ans-Bab-Rouah-6-768x539.jpg 768w, https:\/\/cmgmarrakech.com\/wp-content\/uploads\/2025\/09\/CMG-Marrakech-10Ans-Bab-Rouah-6-1536x1078.jpg 1536w, https:\/\/cmgmarrakech.com\/wp-content\/uploads\/2025\/09\/CMG-Marrakech-10Ans-Bab-Rouah-6-2048x1437.jpg 2048w, https:\/\/cmgmarrakech.com\/wp-content\/uploads\/2025\/09\/CMG-Marrakech-10Ans-Bab-Rouah-6-18x12.jpg 18w, https:\/\/cmgmarrakech.com\/wp-content\/uploads\/2025\/09\/CMG-Marrakech-10Ans-Bab-Rouah-6-415x291.jpg 415w, https:\/\/cmgmarrakech.com\/wp-content\/uploads\/2025\/09\/CMG-Marrakech-10Ans-Bab-Rouah-6-650x456.jpg 650w, https:\/\/cmgmarrakech.com\/wp-content\/uploads\/2025\/09\/CMG-Marrakech-10Ans-Bab-Rouah-6-250x175.jpg 250w\" sizes=\"(max-width: 2300px) 100vw, 2300px\" \/>\t\t\t\t\t\t\t\t<\/a>\n\t\t\t\t\t\t\t\t\t\t\t\t\t\t\t<\/div>\n\t\t\t\t<div class=\"elementor-element elementor-element-a5f3dae elementor-widget elementor-widget-heading\" data-id=\"a5f3dae\" data-element_type=\"widget\" data-e-type=\"widget\" data-widget_type=\"heading.default\">\n\t\t\t\t\t<h2 class=\"elementor-heading-title elementor-size-default\"><a href=\"https:\/\/luxe-infinity-maroc.com\/culture\/le-comptoir-des-mines-galerie-dix-ans-dune-experience-artistique-singuliere-celebres-a-rabat\/\" target=\"_blank\">Le Comptoir des Mines Galerie : Dix ans d\u2019une exp\u00e9rience artistique singuli\u00e8re c\u00e9l\u00e9br\u00e9s \u00e0 Rabat\n<\/a><\/h2>\t\t\t\t<\/div>\n\t\t\t\t<div class=\"elementor-element elementor-element-d76a7f2 elementor-widget elementor-widget-text-editor\" data-id=\"d76a7f2\" data-element_type=\"widget\" data-e-type=\"widget\" data-widget_type=\"text-editor.default\">\n\t\t\t\t\t\t\t\t\t<p>Luxe Infinity<\/p>\t\t\t\t\t\t\t\t<\/div>\n\t\t\t\t\t<\/div>\n\t\t<\/div>\n\t\t\t\t\t<\/div>\n\t\t<\/section>\n\t\t\t\t<section class=\"elementor-section elementor-top-section elementor-element elementor-element-4a5f017 animated-slow elementor-section-boxed elementor-section-height-default elementor-section-height-default\" data-id=\"4a5f017\" data-element_type=\"section\" data-e-type=\"section\" data-settings=\"{&quot;animation&quot;:&quot;none&quot;}\">\n\t\t\t\t\t\t<div class=\"elementor-container elementor-column-gap-default\">\n\t\t\t\t\t<div class=\"elementor-column elementor-col-50 elementor-top-column elementor-element elementor-element-81bd784\" data-id=\"81bd784\" data-element_type=\"column\" data-e-type=\"column\">\n\t\t\t<div class=\"elementor-widget-wrap elementor-element-populated\">\n\t\t\t\t\t\t<div class=\"elementor-element elementor-element-6cb5254 elementor-widget elementor-widget-image\" data-id=\"6cb5254\" data-element_type=\"widget\" data-e-type=\"widget\" data-widget_type=\"image.default\">\n\t\t\t\t\t\t\t\t\t\t\t\t\t\t\t\t<a href=\"https:\/\/www.beauxarts.com\/lifestyle\/que-voir-a-marrakech-les-10-meilleurs-musees-et-galeries-dart-de-la-ville-rouge\/\" target=\"_blank\">\n\t\t\t\t\t\t\t<img loading=\"lazy\" decoding=\"async\" width=\"2300\" height=\"1614\" src=\"https:\/\/cmgmarrakech.com\/wp-content\/uploads\/2025\/09\/CMG-Marrakech-10Ans-Yasmina-Alaoui.jpg\" class=\"attachment-full size-full wp-image-16983\" alt=\"\" srcset=\"https:\/\/cmgmarrakech.com\/wp-content\/uploads\/2025\/09\/CMG-Marrakech-10Ans-Yasmina-Alaoui.jpg 2300w, https:\/\/cmgmarrakech.com\/wp-content\/uploads\/2025\/09\/CMG-Marrakech-10Ans-Yasmina-Alaoui-300x211.jpg 300w, https:\/\/cmgmarrakech.com\/wp-content\/uploads\/2025\/09\/CMG-Marrakech-10Ans-Yasmina-Alaoui-1024x719.jpg 1024w, https:\/\/cmgmarrakech.com\/wp-content\/uploads\/2025\/09\/CMG-Marrakech-10Ans-Yasmina-Alaoui-768x539.jpg 768w, https:\/\/cmgmarrakech.com\/wp-content\/uploads\/2025\/09\/CMG-Marrakech-10Ans-Yasmina-Alaoui-1536x1078.jpg 1536w, https:\/\/cmgmarrakech.com\/wp-content\/uploads\/2025\/09\/CMG-Marrakech-10Ans-Yasmina-Alaoui-2048x1437.jpg 2048w, https:\/\/cmgmarrakech.com\/wp-content\/uploads\/2025\/09\/CMG-Marrakech-10Ans-Yasmina-Alaoui-18x12.jpg 18w, https:\/\/cmgmarrakech.com\/wp-content\/uploads\/2025\/09\/CMG-Marrakech-10Ans-Yasmina-Alaoui-415x291.jpg 415w, https:\/\/cmgmarrakech.com\/wp-content\/uploads\/2025\/09\/CMG-Marrakech-10Ans-Yasmina-Alaoui-650x456.jpg 650w, https:\/\/cmgmarrakech.com\/wp-content\/uploads\/2025\/09\/CMG-Marrakech-10Ans-Yasmina-Alaoui-250x175.jpg 250w\" sizes=\"(max-width: 2300px) 100vw, 2300px\" \/>\t\t\t\t\t\t\t\t<\/a>\n\t\t\t\t\t\t\t\t\t\t\t\t\t\t\t<\/div>\n\t\t\t\t<div class=\"elementor-element elementor-element-27cb299 elementor-widget elementor-widget-heading\" data-id=\"27cb299\" data-element_type=\"widget\" data-e-type=\"widget\" data-widget_type=\"heading.default\">\n\t\t\t\t\t<h2 class=\"elementor-heading-title elementor-size-default\"><a href=\"https:\/\/www.beauxarts.com\/lifestyle\/que-voir-a-marrakech-les-10-meilleurs-musees-et-galeries-dart-de-la-ville-rouge\/\" target=\"_blank\">Que voir \u00e0 Marrakech ? Les 10 meilleurs mus\u00e9es et galeries d\u2019art de la Ville rouge\n<\/a><\/h2>\t\t\t\t<\/div>\n\t\t\t\t<div class=\"elementor-element elementor-element-0e166c8 elementor-widget elementor-widget-text-editor\" data-id=\"0e166c8\" data-element_type=\"widget\" data-e-type=\"widget\" data-widget_type=\"text-editor.default\">\n\t\t\t\t\t\t\t\t\t<p>Beaux Arts\u00a0<\/p>\t\t\t\t\t\t\t\t<\/div>\n\t\t\t\t\t<\/div>\n\t\t<\/div>\n\t\t\t\t<div class=\"elementor-column elementor-col-50 elementor-top-column elementor-element elementor-element-a288a71\" data-id=\"a288a71\" data-element_type=\"column\" data-e-type=\"column\">\n\t\t\t<div class=\"elementor-widget-wrap elementor-element-populated\">\n\t\t\t\t\t\t<div class=\"elementor-element elementor-element-d32ec4f elementor-widget elementor-widget-image\" data-id=\"d32ec4f\" data-element_type=\"widget\" data-e-type=\"widget\" data-widget_type=\"image.default\">\n\t\t\t\t\t\t\t\t\t\t\t\t\t\t\t\t<a href=\"https:\/\/www.diptykmag.com\/le-comptoir-des-mines-galerie-un-acteur-incontournable-de-lart-au-maroc\/\" target=\"_blank\">\n\t\t\t\t\t\t\t<img loading=\"lazy\" decoding=\"async\" width=\"2300\" height=\"1614\" src=\"https:\/\/cmgmarrakech.com\/wp-content\/uploads\/2025\/09\/CMG-Marrakech-10Ans-Darsi.jpg\" class=\"attachment-full size-full wp-image-16985\" alt=\"\" srcset=\"https:\/\/cmgmarrakech.com\/wp-content\/uploads\/2025\/09\/CMG-Marrakech-10Ans-Darsi.jpg 2300w, https:\/\/cmgmarrakech.com\/wp-content\/uploads\/2025\/09\/CMG-Marrakech-10Ans-Darsi-300x211.jpg 300w, https:\/\/cmgmarrakech.com\/wp-content\/uploads\/2025\/09\/CMG-Marrakech-10Ans-Darsi-1024x719.jpg 1024w, https:\/\/cmgmarrakech.com\/wp-content\/uploads\/2025\/09\/CMG-Marrakech-10Ans-Darsi-768x539.jpg 768w, https:\/\/cmgmarrakech.com\/wp-content\/uploads\/2025\/09\/CMG-Marrakech-10Ans-Darsi-1536x1078.jpg 1536w, https:\/\/cmgmarrakech.com\/wp-content\/uploads\/2025\/09\/CMG-Marrakech-10Ans-Darsi-2048x1437.jpg 2048w, https:\/\/cmgmarrakech.com\/wp-content\/uploads\/2025\/09\/CMG-Marrakech-10Ans-Darsi-18x12.jpg 18w, https:\/\/cmgmarrakech.com\/wp-content\/uploads\/2025\/09\/CMG-Marrakech-10Ans-Darsi-415x291.jpg 415w, https:\/\/cmgmarrakech.com\/wp-content\/uploads\/2025\/09\/CMG-Marrakech-10Ans-Darsi-650x456.jpg 650w, https:\/\/cmgmarrakech.com\/wp-content\/uploads\/2025\/09\/CMG-Marrakech-10Ans-Darsi-250x175.jpg 250w\" sizes=\"(max-width: 2300px) 100vw, 2300px\" \/>\t\t\t\t\t\t\t\t<\/a>\n\t\t\t\t\t\t\t\t\t\t\t\t\t\t\t<\/div>\n\t\t\t\t<div class=\"elementor-element elementor-element-8cf86ff elementor-widget elementor-widget-heading\" data-id=\"8cf86ff\" data-element_type=\"widget\" data-e-type=\"widget\" data-widget_type=\"heading.default\">\n\t\t\t\t\t<h2 class=\"elementor-heading-title elementor-size-default\"><a href=\"https:\/\/www.diptykmag.com\/le-comptoir-des-mines-galerie-un-acteur-incontournable-de-lart-au-maroc\/\" target=\"_blank\">Le Comptoir des Mines Galerie : un acteur incontournable de l\u2019art au Maroc\n<\/a><\/h2>\t\t\t\t<\/div>\n\t\t\t\t<div class=\"elementor-element elementor-element-8a8ad7a elementor-widget elementor-widget-text-editor\" data-id=\"8a8ad7a\" data-element_type=\"widget\" data-e-type=\"widget\" data-widget_type=\"text-editor.default\">\n\t\t\t\t\t\t\t\t\t<p>Diptyk<\/p>\t\t\t\t\t\t\t\t<\/div>\n\t\t\t\t\t<\/div>\n\t\t<\/div>\n\t\t\t\t\t<\/div>\n\t\t<\/section>\n\t\t\t\t<section class=\"elementor-section elementor-top-section elementor-element elementor-element-855ea5c animated-slow elementor-section-boxed elementor-section-height-default elementor-section-height-default\" data-id=\"855ea5c\" data-element_type=\"section\" data-e-type=\"section\" data-settings=\"{&quot;animation&quot;:&quot;none&quot;}\">\n\t\t\t\t\t\t<div class=\"elementor-container elementor-column-gap-default\">\n\t\t\t\t\t<div class=\"elementor-column elementor-col-50 elementor-top-column elementor-element elementor-element-091c4a5\" data-id=\"091c4a5\" data-element_type=\"column\" data-e-type=\"column\">\n\t\t\t<div class=\"elementor-widget-wrap elementor-element-populated\">\n\t\t\t\t\t\t<div class=\"elementor-element elementor-element-1b88032 elementor-widget elementor-widget-image\" data-id=\"1b88032\" data-element_type=\"widget\" data-e-type=\"widget\" data-widget_type=\"image.default\">\n\t\t\t\t\t\t\t\t\t\t\t\t\t\t\t\t<a href=\"https:\/\/luxe-infinity-maroc.com\/culture\/hicham-daoudi-un-engagement-durable-pour-lart-du-sud\/\" target=\"_blank\">\n\t\t\t\t\t\t\t<img loading=\"lazy\" decoding=\"async\" width=\"2300\" height=\"1614\" src=\"https:\/\/cmgmarrakech.com\/wp-content\/uploads\/2025\/09\/CMG-Marrakech-10Ans-Bab-Rouah-5.jpg\" class=\"attachment-full size-full wp-image-16970\" alt=\"\" srcset=\"https:\/\/cmgmarrakech.com\/wp-content\/uploads\/2025\/09\/CMG-Marrakech-10Ans-Bab-Rouah-5.jpg 2300w, https:\/\/cmgmarrakech.com\/wp-content\/uploads\/2025\/09\/CMG-Marrakech-10Ans-Bab-Rouah-5-300x211.jpg 300w, https:\/\/cmgmarrakech.com\/wp-content\/uploads\/2025\/09\/CMG-Marrakech-10Ans-Bab-Rouah-5-1024x719.jpg 1024w, https:\/\/cmgmarrakech.com\/wp-content\/uploads\/2025\/09\/CMG-Marrakech-10Ans-Bab-Rouah-5-768x539.jpg 768w, https:\/\/cmgmarrakech.com\/wp-content\/uploads\/2025\/09\/CMG-Marrakech-10Ans-Bab-Rouah-5-1536x1078.jpg 1536w, https:\/\/cmgmarrakech.com\/wp-content\/uploads\/2025\/09\/CMG-Marrakech-10Ans-Bab-Rouah-5-2048x1437.jpg 2048w, https:\/\/cmgmarrakech.com\/wp-content\/uploads\/2025\/09\/CMG-Marrakech-10Ans-Bab-Rouah-5-18x12.jpg 18w, https:\/\/cmgmarrakech.com\/wp-content\/uploads\/2025\/09\/CMG-Marrakech-10Ans-Bab-Rouah-5-415x291.jpg 415w, https:\/\/cmgmarrakech.com\/wp-content\/uploads\/2025\/09\/CMG-Marrakech-10Ans-Bab-Rouah-5-650x456.jpg 650w, https:\/\/cmgmarrakech.com\/wp-content\/uploads\/2025\/09\/CMG-Marrakech-10Ans-Bab-Rouah-5-250x175.jpg 250w\" sizes=\"(max-width: 2300px) 100vw, 2300px\" \/>\t\t\t\t\t\t\t\t<\/a>\n\t\t\t\t\t\t\t\t\t\t\t\t\t\t\t<\/div>\n\t\t\t\t<div class=\"elementor-element elementor-element-c602a3a elementor-widget elementor-widget-heading\" data-id=\"c602a3a\" data-element_type=\"widget\" data-e-type=\"widget\" data-widget_type=\"heading.default\">\n\t\t\t\t\t<h2 class=\"elementor-heading-title elementor-size-default\"><a href=\"https:\/\/luxe-infinity-maroc.com\/culture\/hicham-daoudi-un-engagement-durable-pour-lart-du-sud\/\" target=\"_blank\">Hicham Daoudi : un engagement durable pour \u00ab l\u2019art du Sud \u00bb\n<\/a><\/h2>\t\t\t\t<\/div>\n\t\t\t\t<div class=\"elementor-element elementor-element-142acf9 elementor-widget elementor-widget-text-editor\" data-id=\"142acf9\" data-element_type=\"widget\" data-e-type=\"widget\" data-widget_type=\"text-editor.default\">\n\t\t\t\t\t\t\t\t\t<p>Luxe Infinity Maroc<\/p>\t\t\t\t\t\t\t\t<\/div>\n\t\t\t\t\t<\/div>\n\t\t<\/div>\n\t\t\t\t<div class=\"elementor-column elementor-col-50 elementor-top-column elementor-element elementor-element-ed29f47\" data-id=\"ed29f47\" data-element_type=\"column\" data-e-type=\"column\">\n\t\t\t<div class=\"elementor-widget-wrap elementor-element-populated\">\n\t\t\t\t\t\t<div class=\"elementor-element elementor-element-ba4c1c8 elementor-widget elementor-widget-image\" data-id=\"ba4c1c8\" data-element_type=\"widget\" data-e-type=\"widget\" data-widget_type=\"image.default\">\n\t\t\t\t\t\t\t\t\t\t\t\t\t\t\t\t<a href=\"https:\/\/femmesdumaroc.com\/inspiration\/culture\/le-comptoir-des-mines-galerie-fete-ses-10-ans-a-rabat\" target=\"_blank\">\n\t\t\t\t\t\t\t<img loading=\"lazy\" decoding=\"async\" width=\"2300\" height=\"1614\" src=\"https:\/\/cmgmarrakech.com\/wp-content\/uploads\/2025\/09\/CMG-Marrakech-10Ans-Rahaoui.jpg\" class=\"attachment-full size-full wp-image-16971\" alt=\"\" srcset=\"https:\/\/cmgmarrakech.com\/wp-content\/uploads\/2025\/09\/CMG-Marrakech-10Ans-Rahaoui.jpg 2300w, https:\/\/cmgmarrakech.com\/wp-content\/uploads\/2025\/09\/CMG-Marrakech-10Ans-Rahaoui-300x211.jpg 300w, https:\/\/cmgmarrakech.com\/wp-content\/uploads\/2025\/09\/CMG-Marrakech-10Ans-Rahaoui-1024x719.jpg 1024w, https:\/\/cmgmarrakech.com\/wp-content\/uploads\/2025\/09\/CMG-Marrakech-10Ans-Rahaoui-768x539.jpg 768w, https:\/\/cmgmarrakech.com\/wp-content\/uploads\/2025\/09\/CMG-Marrakech-10Ans-Rahaoui-1536x1078.jpg 1536w, https:\/\/cmgmarrakech.com\/wp-content\/uploads\/2025\/09\/CMG-Marrakech-10Ans-Rahaoui-2048x1437.jpg 2048w, https:\/\/cmgmarrakech.com\/wp-content\/uploads\/2025\/09\/CMG-Marrakech-10Ans-Rahaoui-18x12.jpg 18w, https:\/\/cmgmarrakech.com\/wp-content\/uploads\/2025\/09\/CMG-Marrakech-10Ans-Rahaoui-415x291.jpg 415w, https:\/\/cmgmarrakech.com\/wp-content\/uploads\/2025\/09\/CMG-Marrakech-10Ans-Rahaoui-650x456.jpg 650w, https:\/\/cmgmarrakech.com\/wp-content\/uploads\/2025\/09\/CMG-Marrakech-10Ans-Rahaoui-250x175.jpg 250w\" sizes=\"(max-width: 2300px) 100vw, 2300px\" \/>\t\t\t\t\t\t\t\t<\/a>\n\t\t\t\t\t\t\t\t\t\t\t\t\t\t\t<\/div>\n\t\t\t\t<div class=\"elementor-element elementor-element-f2aeb34 elementor-widget elementor-widget-heading\" data-id=\"f2aeb34\" data-element_type=\"widget\" data-e-type=\"widget\" data-widget_type=\"heading.default\">\n\t\t\t\t\t<h2 class=\"elementor-heading-title elementor-size-default\"><a href=\"https:\/\/femmesdumaroc.com\/inspiration\/culture\/le-comptoir-des-mines-galerie-fete-ses-10-ans-a-rabat\" target=\"_blank\">Le Comptoir des Mines Galerie f\u00eate ses 10 ans \u00e0 Rabat\n<\/a><\/h2>\t\t\t\t<\/div>\n\t\t\t\t<div class=\"elementor-element elementor-element-5fc9562 elementor-widget elementor-widget-text-editor\" data-id=\"5fc9562\" data-element_type=\"widget\" data-e-type=\"widget\" data-widget_type=\"text-editor.default\">\n\t\t\t\t\t\t\t\t\t<p>Femmes Du Maroc<\/p>\t\t\t\t\t\t\t\t<\/div>\n\t\t\t\t\t<\/div>\n\t\t<\/div>\n\t\t\t\t\t<\/div>\n\t\t<\/section>\n\t\t\t\t<section class=\"elementor-section elementor-top-section elementor-element elementor-element-ca13a0d animated-slow elementor-section-boxed elementor-section-height-default elementor-section-height-default\" data-id=\"ca13a0d\" data-element_type=\"section\" data-e-type=\"section\" data-settings=\"{&quot;animation&quot;:&quot;none&quot;}\">\n\t\t\t\t\t\t<div class=\"elementor-container elementor-column-gap-default\">\n\t\t\t\t\t<div class=\"elementor-column elementor-col-50 elementor-top-column elementor-element elementor-element-8f3fac4\" data-id=\"8f3fac4\" data-element_type=\"column\" data-e-type=\"column\">\n\t\t\t<div class=\"elementor-widget-wrap elementor-element-populated\">\n\t\t\t\t\t\t<div class=\"elementor-element elementor-element-b754466 elementor-widget elementor-widget-image\" data-id=\"b754466\" data-element_type=\"widget\" data-e-type=\"widget\" data-widget_type=\"image.default\">\n\t\t\t\t\t\t\t\t\t\t\t\t\t\t\t\t<a href=\"https:\/\/www.diptykmag.com\/hicham-daoudi-a-bab-rouah-je-veux-inscrire-le-comptoir-des-mines-dans-le-recit-de-la-modernite-artistique-marocaine\/\" target=\"_blank\">\n\t\t\t\t\t\t\t<img loading=\"lazy\" decoding=\"async\" width=\"2300\" height=\"1614\" src=\"https:\/\/cmgmarrakech.com\/wp-content\/uploads\/2025\/09\/CMG-Marrakech-10Ans-Zemmouri.jpg\" class=\"attachment-full size-full wp-image-16975\" alt=\"\" srcset=\"https:\/\/cmgmarrakech.com\/wp-content\/uploads\/2025\/09\/CMG-Marrakech-10Ans-Zemmouri.jpg 2300w, https:\/\/cmgmarrakech.com\/wp-content\/uploads\/2025\/09\/CMG-Marrakech-10Ans-Zemmouri-300x211.jpg 300w, https:\/\/cmgmarrakech.com\/wp-content\/uploads\/2025\/09\/CMG-Marrakech-10Ans-Zemmouri-1024x719.jpg 1024w, https:\/\/cmgmarrakech.com\/wp-content\/uploads\/2025\/09\/CMG-Marrakech-10Ans-Zemmouri-768x539.jpg 768w, https:\/\/cmgmarrakech.com\/wp-content\/uploads\/2025\/09\/CMG-Marrakech-10Ans-Zemmouri-1536x1078.jpg 1536w, https:\/\/cmgmarrakech.com\/wp-content\/uploads\/2025\/09\/CMG-Marrakech-10Ans-Zemmouri-2048x1437.jpg 2048w, https:\/\/cmgmarrakech.com\/wp-content\/uploads\/2025\/09\/CMG-Marrakech-10Ans-Zemmouri-18x12.jpg 18w, https:\/\/cmgmarrakech.com\/wp-content\/uploads\/2025\/09\/CMG-Marrakech-10Ans-Zemmouri-415x291.jpg 415w, https:\/\/cmgmarrakech.com\/wp-content\/uploads\/2025\/09\/CMG-Marrakech-10Ans-Zemmouri-650x456.jpg 650w, https:\/\/cmgmarrakech.com\/wp-content\/uploads\/2025\/09\/CMG-Marrakech-10Ans-Zemmouri-250x175.jpg 250w\" sizes=\"(max-width: 2300px) 100vw, 2300px\" \/>\t\t\t\t\t\t\t\t<\/a>\n\t\t\t\t\t\t\t\t\t\t\t\t\t\t\t<\/div>\n\t\t\t\t<div class=\"elementor-element elementor-element-bf025f5 elementor-widget elementor-widget-heading\" data-id=\"bf025f5\" data-element_type=\"widget\" data-e-type=\"widget\" data-widget_type=\"heading.default\">\n\t\t\t\t\t<h2 class=\"elementor-heading-title elementor-size-default\"><a href=\"https:\/\/www.diptykmag.com\/hicham-daoudi-a-bab-rouah-je-veux-inscrire-le-comptoir-des-mines-dans-le-recit-de-la-modernite-artistique-marocaine\/\" target=\"_blank\">Hicham Daoudi : \u00ab Bab Rouah est un lieu auquel tout artiste ou acteur doit un jour se mesurer, une \u00e9tape n\u00e9cessaire \u00bb\n<\/a><\/h2>\t\t\t\t<\/div>\n\t\t\t\t<div class=\"elementor-element elementor-element-500f581 elementor-widget elementor-widget-text-editor\" data-id=\"500f581\" data-element_type=\"widget\" data-e-type=\"widget\" data-widget_type=\"text-editor.default\">\n\t\t\t\t\t\t\t\t\t<p>Diptyk<\/p>\t\t\t\t\t\t\t\t<\/div>\n\t\t\t\t\t<\/div>\n\t\t<\/div>\n\t\t\t\t<div class=\"elementor-column elementor-col-50 elementor-top-column elementor-element elementor-element-0320938\" data-id=\"0320938\" data-element_type=\"column\" data-e-type=\"column\">\n\t\t\t<div class=\"elementor-widget-wrap elementor-element-populated\">\n\t\t\t\t\t\t<div class=\"elementor-element elementor-element-8633ae3 elementor-widget elementor-widget-image\" data-id=\"8633ae3\" data-element_type=\"widget\" data-e-type=\"widget\" data-widget_type=\"image.default\">\n\t\t\t\t\t\t\t\t\t\t\t\t\t\t\t\t<a href=\"https:\/\/marocartetculture.com\/le-comptoir-des-mines-galerie-fete-ses-10-ans-a-rabat\/\" target=\"_blank\">\n\t\t\t\t\t\t\t<img loading=\"lazy\" decoding=\"async\" width=\"2300\" height=\"1614\" src=\"https:\/\/cmgmarrakech.com\/wp-content\/uploads\/2025\/09\/CMG-Marrakech-10Ans-Azreg.jpg\" class=\"attachment-full size-full wp-image-16982\" alt=\"\" srcset=\"https:\/\/cmgmarrakech.com\/wp-content\/uploads\/2025\/09\/CMG-Marrakech-10Ans-Azreg.jpg 2300w, https:\/\/cmgmarrakech.com\/wp-content\/uploads\/2025\/09\/CMG-Marrakech-10Ans-Azreg-300x211.jpg 300w, https:\/\/cmgmarrakech.com\/wp-content\/uploads\/2025\/09\/CMG-Marrakech-10Ans-Azreg-1024x719.jpg 1024w, https:\/\/cmgmarrakech.com\/wp-content\/uploads\/2025\/09\/CMG-Marrakech-10Ans-Azreg-768x539.jpg 768w, https:\/\/cmgmarrakech.com\/wp-content\/uploads\/2025\/09\/CMG-Marrakech-10Ans-Azreg-1536x1078.jpg 1536w, https:\/\/cmgmarrakech.com\/wp-content\/uploads\/2025\/09\/CMG-Marrakech-10Ans-Azreg-2048x1437.jpg 2048w, https:\/\/cmgmarrakech.com\/wp-content\/uploads\/2025\/09\/CMG-Marrakech-10Ans-Azreg-18x12.jpg 18w, https:\/\/cmgmarrakech.com\/wp-content\/uploads\/2025\/09\/CMG-Marrakech-10Ans-Azreg-415x291.jpg 415w, https:\/\/cmgmarrakech.com\/wp-content\/uploads\/2025\/09\/CMG-Marrakech-10Ans-Azreg-650x456.jpg 650w, https:\/\/cmgmarrakech.com\/wp-content\/uploads\/2025\/09\/CMG-Marrakech-10Ans-Azreg-250x175.jpg 250w\" sizes=\"(max-width: 2300px) 100vw, 2300px\" \/>\t\t\t\t\t\t\t\t<\/a>\n\t\t\t\t\t\t\t\t\t\t\t\t\t\t\t<\/div>\n\t\t\t\t<div class=\"elementor-element elementor-element-5e1e27b elementor-widget elementor-widget-heading\" data-id=\"5e1e27b\" data-element_type=\"widget\" data-e-type=\"widget\" data-widget_type=\"heading.default\">\n\t\t\t\t\t<h2 class=\"elementor-heading-title elementor-size-default\"><a href=\"https:\/\/marocartetculture.com\/le-comptoir-des-mines-galerie-fete-ses-10-ans-a-rabat\/\" target=\"_blank\">Le Comptoir des Mines Galerie f\u00eate ses 10 ans \u00e0 Rabat<\/a><\/h2>\t\t\t\t<\/div>\n\t\t\t\t<div class=\"elementor-element elementor-element-436d073 elementor-widget elementor-widget-text-editor\" data-id=\"436d073\" data-element_type=\"widget\" data-e-type=\"widget\" data-widget_type=\"text-editor.default\">\n\t\t\t\t\t\t\t\t\t<p>Maroc Art &amp; Culture<\/p>\t\t\t\t\t\t\t\t<\/div>\n\t\t\t\t\t<\/div>\n\t\t<\/div>\n\t\t\t\t\t<\/div>\n\t\t<\/section>\n\t\t\t\t<section class=\"elementor-section elementor-top-section elementor-element elementor-element-502f7f8 animated-slow elementor-section-boxed elementor-section-height-default elementor-section-height-default\" data-id=\"502f7f8\" data-element_type=\"section\" data-e-type=\"section\" data-settings=\"{&quot;animation&quot;:&quot;none&quot;}\">\n\t\t\t\t\t\t<div class=\"elementor-container elementor-column-gap-default\">\n\t\t\t\t\t<div class=\"elementor-column elementor-col-50 elementor-top-column elementor-element elementor-element-a8d45c9\" data-id=\"a8d45c9\" data-element_type=\"column\" data-e-type=\"column\">\n\t\t\t<div class=\"elementor-widget-wrap elementor-element-populated\">\n\t\t\t\t\t\t<div class=\"elementor-element elementor-element-85b872f elementor-widget elementor-widget-image\" data-id=\"85b872f\" data-element_type=\"widget\" data-e-type=\"widget\" data-widget_type=\"image.default\">\n\t\t\t\t\t\t\t\t\t\t\t\t\t\t\t\t<a href=\"https:\/\/fr.le360.ma\/culture\/dix-ans-du-comptoir-des-mines-une-decennie-dart-et-dengagement-celebree-a-rabat_RFBCJJGZDZAY5HJNOMSNNMTMW4\/\" target=\"_blank\">\n\t\t\t\t\t\t\t<img loading=\"lazy\" decoding=\"async\" width=\"2300\" height=\"1614\" src=\"https:\/\/cmgmarrakech.com\/wp-content\/uploads\/2025\/09\/CMG-Marrakech-10Ans-El-Hariri.jpg\" class=\"attachment-full size-full wp-image-16968\" alt=\"\" srcset=\"https:\/\/cmgmarrakech.com\/wp-content\/uploads\/2025\/09\/CMG-Marrakech-10Ans-El-Hariri.jpg 2300w, https:\/\/cmgmarrakech.com\/wp-content\/uploads\/2025\/09\/CMG-Marrakech-10Ans-El-Hariri-300x211.jpg 300w, https:\/\/cmgmarrakech.com\/wp-content\/uploads\/2025\/09\/CMG-Marrakech-10Ans-El-Hariri-1024x719.jpg 1024w, https:\/\/cmgmarrakech.com\/wp-content\/uploads\/2025\/09\/CMG-Marrakech-10Ans-El-Hariri-768x539.jpg 768w, https:\/\/cmgmarrakech.com\/wp-content\/uploads\/2025\/09\/CMG-Marrakech-10Ans-El-Hariri-1536x1078.jpg 1536w, https:\/\/cmgmarrakech.com\/wp-content\/uploads\/2025\/09\/CMG-Marrakech-10Ans-El-Hariri-2048x1437.jpg 2048w, https:\/\/cmgmarrakech.com\/wp-content\/uploads\/2025\/09\/CMG-Marrakech-10Ans-El-Hariri-18x12.jpg 18w, https:\/\/cmgmarrakech.com\/wp-content\/uploads\/2025\/09\/CMG-Marrakech-10Ans-El-Hariri-415x291.jpg 415w, https:\/\/cmgmarrakech.com\/wp-content\/uploads\/2025\/09\/CMG-Marrakech-10Ans-El-Hariri-650x456.jpg 650w, https:\/\/cmgmarrakech.com\/wp-content\/uploads\/2025\/09\/CMG-Marrakech-10Ans-El-Hariri-250x175.jpg 250w\" sizes=\"(max-width: 2300px) 100vw, 2300px\" \/>\t\t\t\t\t\t\t\t<\/a>\n\t\t\t\t\t\t\t\t\t\t\t\t\t\t\t<\/div>\n\t\t\t\t<div class=\"elementor-element elementor-element-340dde3 elementor-widget elementor-widget-heading\" data-id=\"340dde3\" data-element_type=\"widget\" data-e-type=\"widget\" data-widget_type=\"heading.default\">\n\t\t\t\t\t<h2 class=\"elementor-heading-title elementor-size-default\"><a href=\"https:\/\/fr.le360.ma\/culture\/dix-ans-du-comptoir-des-mines-une-decennie-dart-et-dengagement-celebree-a-rabat_RFBCJJGZDZAY5HJNOMSNNMTMW4\/\" target=\"_blank\">Dix ans du Comptoir des Mines: une d\u00e9cennie d\u2019art et d\u2019engagement c\u00e9l\u00e9br\u00e9e \u00e0 Rabat\n<\/a><\/h2>\t\t\t\t<\/div>\n\t\t\t\t<div class=\"elementor-element elementor-element-17a5434 elementor-widget elementor-widget-text-editor\" data-id=\"17a5434\" data-element_type=\"widget\" data-e-type=\"widget\" data-widget_type=\"text-editor.default\">\n\t\t\t\t\t\t\t\t\t<p>Le360<\/p>\t\t\t\t\t\t\t\t<\/div>\n\t\t\t\t\t<\/div>\n\t\t<\/div>\n\t\t\t\t<div class=\"elementor-column elementor-col-50 elementor-top-column elementor-element elementor-element-67455e8\" data-id=\"67455e8\" data-element_type=\"column\" data-e-type=\"column\">\n\t\t\t<div class=\"elementor-widget-wrap elementor-element-populated\">\n\t\t\t\t\t\t<div class=\"elementor-element elementor-element-73cd800 elementor-widget elementor-widget-image\" data-id=\"73cd800\" data-element_type=\"widget\" data-e-type=\"widget\" data-widget_type=\"image.default\">\n\t\t\t\t\t\t\t\t\t\t\t\t\t\t\t\t<a href=\"https:\/\/canvasonline.com\/abu-dhabi-art-announces-increased-international-participation-for-2025\/\" target=\"_blank\">\n\t\t\t\t\t\t\t<img loading=\"lazy\" decoding=\"async\" width=\"2300\" height=\"1614\" src=\"https:\/\/cmgmarrakech.com\/wp-content\/uploads\/2025\/09\/CMG-Marrakech-10Ans-Arejdal-2025.jpg\" class=\"attachment-full size-full wp-image-16959\" alt=\"\" srcset=\"https:\/\/cmgmarrakech.com\/wp-content\/uploads\/2025\/09\/CMG-Marrakech-10Ans-Arejdal-2025.jpg 2300w, https:\/\/cmgmarrakech.com\/wp-content\/uploads\/2025\/09\/CMG-Marrakech-10Ans-Arejdal-2025-300x211.jpg 300w, https:\/\/cmgmarrakech.com\/wp-content\/uploads\/2025\/09\/CMG-Marrakech-10Ans-Arejdal-2025-1024x719.jpg 1024w, https:\/\/cmgmarrakech.com\/wp-content\/uploads\/2025\/09\/CMG-Marrakech-10Ans-Arejdal-2025-768x539.jpg 768w, https:\/\/cmgmarrakech.com\/wp-content\/uploads\/2025\/09\/CMG-Marrakech-10Ans-Arejdal-2025-1536x1078.jpg 1536w, https:\/\/cmgmarrakech.com\/wp-content\/uploads\/2025\/09\/CMG-Marrakech-10Ans-Arejdal-2025-2048x1437.jpg 2048w, https:\/\/cmgmarrakech.com\/wp-content\/uploads\/2025\/09\/CMG-Marrakech-10Ans-Arejdal-2025-18x12.jpg 18w, https:\/\/cmgmarrakech.com\/wp-content\/uploads\/2025\/09\/CMG-Marrakech-10Ans-Arejdal-2025-415x291.jpg 415w, https:\/\/cmgmarrakech.com\/wp-content\/uploads\/2025\/09\/CMG-Marrakech-10Ans-Arejdal-2025-650x456.jpg 650w, https:\/\/cmgmarrakech.com\/wp-content\/uploads\/2025\/09\/CMG-Marrakech-10Ans-Arejdal-2025-250x175.jpg 250w\" sizes=\"(max-width: 2300px) 100vw, 2300px\" \/>\t\t\t\t\t\t\t\t<\/a>\n\t\t\t\t\t\t\t\t\t\t\t\t\t\t\t<\/div>\n\t\t\t\t<div class=\"elementor-element elementor-element-5a27269 elementor-widget elementor-widget-heading\" data-id=\"5a27269\" data-element_type=\"widget\" data-e-type=\"widget\" data-widget_type=\"heading.default\">\n\t\t\t\t\t<h2 class=\"elementor-heading-title elementor-size-default\"><a href=\"https:\/\/canvasonline.com\/abu-dhabi-art-announces-increased-international-participation-for-2025\/\" target=\"_blank\">Abu Dhabi Art Announces Increased International Participation for 2025\n<\/a><\/h2>\t\t\t\t<\/div>\n\t\t\t\t<div class=\"elementor-element elementor-element-96cc1f7 elementor-widget elementor-widget-text-editor\" data-id=\"96cc1f7\" data-element_type=\"widget\" data-e-type=\"widget\" data-widget_type=\"text-editor.default\">\n\t\t\t\t\t\t\t\t\t<p>Canvas Online<\/p>\t\t\t\t\t\t\t\t<\/div>\n\t\t\t\t\t<\/div>\n\t\t<\/div>\n\t\t\t\t\t<\/div>\n\t\t<\/section>\n\t\t\t\t<section class=\"elementor-section elementor-top-section elementor-element elementor-element-1626f42 animated-slow elementor-section-boxed elementor-section-height-default elementor-section-height-default\" data-id=\"1626f42\" data-element_type=\"section\" data-e-type=\"section\" data-settings=\"{&quot;animation&quot;:&quot;none&quot;}\">\n\t\t\t\t\t\t<div class=\"elementor-container elementor-column-gap-default\">\n\t\t\t\t\t<div class=\"elementor-column elementor-col-50 elementor-top-column elementor-element elementor-element-4ffe537\" data-id=\"4ffe537\" data-element_type=\"column\" data-e-type=\"column\">\n\t\t\t<div class=\"elementor-widget-wrap elementor-element-populated\">\n\t\t\t\t\t\t<div class=\"elementor-element elementor-element-873711b elementor-widget elementor-widget-image\" data-id=\"873711b\" data-element_type=\"widget\" data-e-type=\"widget\" data-widget_type=\"image.default\">\n\t\t\t\t\t\t\t\t\t\t\t\t\t\t\t\t<a href=\"https:\/\/russianemirates.com\/news\/uae-news\/v-abu-dabi-raskryli-detali-krupneyshey-art-vystavki\/\" target=\"_blank\">\n\t\t\t\t\t\t\t<img loading=\"lazy\" decoding=\"async\" width=\"2300\" height=\"1614\" src=\"https:\/\/cmgmarrakech.com\/wp-content\/uploads\/2025\/09\/CMG-Marrakech-10Ans-Akrim-2.jpg\" class=\"attachment-full size-full wp-image-16958\" alt=\"\" srcset=\"https:\/\/cmgmarrakech.com\/wp-content\/uploads\/2025\/09\/CMG-Marrakech-10Ans-Akrim-2.jpg 2300w, https:\/\/cmgmarrakech.com\/wp-content\/uploads\/2025\/09\/CMG-Marrakech-10Ans-Akrim-2-300x211.jpg 300w, https:\/\/cmgmarrakech.com\/wp-content\/uploads\/2025\/09\/CMG-Marrakech-10Ans-Akrim-2-1024x719.jpg 1024w, https:\/\/cmgmarrakech.com\/wp-content\/uploads\/2025\/09\/CMG-Marrakech-10Ans-Akrim-2-768x539.jpg 768w, https:\/\/cmgmarrakech.com\/wp-content\/uploads\/2025\/09\/CMG-Marrakech-10Ans-Akrim-2-1536x1078.jpg 1536w, https:\/\/cmgmarrakech.com\/wp-content\/uploads\/2025\/09\/CMG-Marrakech-10Ans-Akrim-2-2048x1437.jpg 2048w, https:\/\/cmgmarrakech.com\/wp-content\/uploads\/2025\/09\/CMG-Marrakech-10Ans-Akrim-2-18x12.jpg 18w, https:\/\/cmgmarrakech.com\/wp-content\/uploads\/2025\/09\/CMG-Marrakech-10Ans-Akrim-2-415x291.jpg 415w, https:\/\/cmgmarrakech.com\/wp-content\/uploads\/2025\/09\/CMG-Marrakech-10Ans-Akrim-2-650x456.jpg 650w, https:\/\/cmgmarrakech.com\/wp-content\/uploads\/2025\/09\/CMG-Marrakech-10Ans-Akrim-2-250x175.jpg 250w\" sizes=\"(max-width: 2300px) 100vw, 2300px\" \/>\t\t\t\t\t\t\t\t<\/a>\n\t\t\t\t\t\t\t\t\t\t\t\t\t\t\t<\/div>\n\t\t\t\t<div class=\"elementor-element elementor-element-1cbc95a elementor-widget elementor-widget-heading\" data-id=\"1cbc95a\" data-element_type=\"widget\" data-e-type=\"widget\" data-widget_type=\"heading.default\">\n\t\t\t\t\t<h2 class=\"elementor-heading-title elementor-size-default\"><a href=\"https:\/\/russianemirates.com\/news\/uae-news\/v-abu-dabi-raskryli-detali-krupneyshey-art-vystavki\/\" target=\"_blank\">\u200b\u0412 \u0410\u0431\u0443-\u0414\u0430\u0431\u0438 \u0440\u0430\u0441\u043a\u0440\u044b\u043b\u0438 \u0434\u0435\u0442\u0430\u043b\u0438 \u043a\u0440\u0443\u043f\u043d\u0435\u0439\u0448\u0435\u0439 \u0430\u0440\u0442-\u0432\u044b\u0441\u0442\u0430\u0432\u043a\u0438<\/a><\/h2>\t\t\t\t<\/div>\n\t\t\t\t<div class=\"elementor-element elementor-element-4f7c47a elementor-widget elementor-widget-text-editor\" data-id=\"4f7c47a\" data-element_type=\"widget\" data-e-type=\"widget\" data-widget_type=\"text-editor.default\">\n\t\t\t\t\t\t\t\t\t<p>Russian Emirates<\/p>\t\t\t\t\t\t\t\t<\/div>\n\t\t\t\t\t<\/div>\n\t\t<\/div>\n\t\t\t\t<div class=\"elementor-column elementor-col-50 elementor-top-column elementor-element elementor-element-28ccb2f\" data-id=\"28ccb2f\" data-element_type=\"column\" data-e-type=\"column\">\n\t\t\t<div class=\"elementor-widget-wrap elementor-element-populated\">\n\t\t\t\t\t\t<div class=\"elementor-element elementor-element-07a974c elementor-widget elementor-widget-image\" data-id=\"07a974c\" data-element_type=\"widget\" data-e-type=\"widget\" data-widget_type=\"image.default\">\n\t\t\t\t\t\t\t\t\t\t\t\t\t\t\t\t<a href=\"https:\/\/aujourdhui.ma\/culture\/elle-devoile-une-exposition-collective-a-la-galerie-bab-rouah-le-comptoir-des-mines-fete-ses-10-ans-dactivite\" target=\"_blank\">\n\t\t\t\t\t\t\t<img loading=\"lazy\" decoding=\"async\" width=\"2300\" height=\"1614\" src=\"https:\/\/cmgmarrakech.com\/wp-content\/uploads\/2025\/09\/CMG-Marrakech-10Ans-Bab-Rouah-6.jpg\" class=\"attachment-full size-full wp-image-16960\" alt=\"\" srcset=\"https:\/\/cmgmarrakech.com\/wp-content\/uploads\/2025\/09\/CMG-Marrakech-10Ans-Bab-Rouah-6.jpg 2300w, https:\/\/cmgmarrakech.com\/wp-content\/uploads\/2025\/09\/CMG-Marrakech-10Ans-Bab-Rouah-6-300x211.jpg 300w, https:\/\/cmgmarrakech.com\/wp-content\/uploads\/2025\/09\/CMG-Marrakech-10Ans-Bab-Rouah-6-1024x719.jpg 1024w, https:\/\/cmgmarrakech.com\/wp-content\/uploads\/2025\/09\/CMG-Marrakech-10Ans-Bab-Rouah-6-768x539.jpg 768w, https:\/\/cmgmarrakech.com\/wp-content\/uploads\/2025\/09\/CMG-Marrakech-10Ans-Bab-Rouah-6-1536x1078.jpg 1536w, https:\/\/cmgmarrakech.com\/wp-content\/uploads\/2025\/09\/CMG-Marrakech-10Ans-Bab-Rouah-6-2048x1437.jpg 2048w, https:\/\/cmgmarrakech.com\/wp-content\/uploads\/2025\/09\/CMG-Marrakech-10Ans-Bab-Rouah-6-18x12.jpg 18w, https:\/\/cmgmarrakech.com\/wp-content\/uploads\/2025\/09\/CMG-Marrakech-10Ans-Bab-Rouah-6-415x291.jpg 415w, https:\/\/cmgmarrakech.com\/wp-content\/uploads\/2025\/09\/CMG-Marrakech-10Ans-Bab-Rouah-6-650x456.jpg 650w, https:\/\/cmgmarrakech.com\/wp-content\/uploads\/2025\/09\/CMG-Marrakech-10Ans-Bab-Rouah-6-250x175.jpg 250w\" sizes=\"(max-width: 2300px) 100vw, 2300px\" \/>\t\t\t\t\t\t\t\t<\/a>\n\t\t\t\t\t\t\t\t\t\t\t\t\t\t\t<\/div>\n\t\t\t\t<div class=\"elementor-element elementor-element-a04a251 elementor-widget elementor-widget-heading\" data-id=\"a04a251\" data-element_type=\"widget\" data-e-type=\"widget\" data-widget_type=\"heading.default\">\n\t\t\t\t\t<h2 class=\"elementor-heading-title elementor-size-default\"><a href=\"https:\/\/aujourdhui.ma\/culture\/elle-devoile-une-exposition-collective-a-la-galerie-bab-rouah-le-comptoir-des-mines-fete-ses-10-ans-dactivite\" target=\"_blank\">Elle d\u00e9voile une exposition collective \u00e0 la galerie Bab Rouah: Le Comptoir des Mines f\u00eate ses 10 ans d\u2019activit\u00e9\n<\/a><\/h2>\t\t\t\t<\/div>\n\t\t\t\t<div class=\"elementor-element elementor-element-6168818 elementor-widget elementor-widget-text-editor\" data-id=\"6168818\" data-element_type=\"widget\" data-e-type=\"widget\" data-widget_type=\"text-editor.default\">\n\t\t\t\t\t\t\t\t\t<p>Aujourd\u2019hui Le Maroc<\/p>\t\t\t\t\t\t\t\t<\/div>\n\t\t\t\t\t<\/div>\n\t\t<\/div>\n\t\t\t\t\t<\/div>\n\t\t<\/section>\n\t\t\t\t<section class=\"elementor-section elementor-top-section elementor-element elementor-element-a07931f animated-slow elementor-section-boxed elementor-section-height-default elementor-section-height-default\" data-id=\"a07931f\" data-element_type=\"section\" data-e-type=\"section\" data-settings=\"{&quot;animation&quot;:&quot;none&quot;}\">\n\t\t\t\t\t\t<div class=\"elementor-container elementor-column-gap-default\">\n\t\t\t\t\t<div class=\"elementor-column elementor-col-50 elementor-top-column elementor-element elementor-element-ea678c1\" data-id=\"ea678c1\" data-element_type=\"column\" data-e-type=\"column\">\n\t\t\t<div class=\"elementor-widget-wrap elementor-element-populated\">\n\t\t\t\t\t\t<div class=\"elementor-element elementor-element-264cd6d elementor-widget elementor-widget-image\" data-id=\"264cd6d\" data-element_type=\"widget\" data-e-type=\"widget\" data-widget_type=\"image.default\">\n\t\t\t\t\t\t\t\t\t\t\t\t\t\t\t\t<a href=\"https:\/\/www.timeoutabudhabi.com\/news\/abu-dhabi-art-2025\" target=\"_blank\">\n\t\t\t\t\t\t\t<img loading=\"lazy\" decoding=\"async\" width=\"2300\" height=\"1614\" src=\"https:\/\/cmgmarrakech.com\/wp-content\/uploads\/2025\/09\/CMG-Marrakech-10Ans-Abouzid-Souali.jpg\" class=\"attachment-full size-full wp-image-16769\" alt=\"\" srcset=\"https:\/\/cmgmarrakech.com\/wp-content\/uploads\/2025\/09\/CMG-Marrakech-10Ans-Abouzid-Souali.jpg 2300w, https:\/\/cmgmarrakech.com\/wp-content\/uploads\/2025\/09\/CMG-Marrakech-10Ans-Abouzid-Souali-300x211.jpg 300w, https:\/\/cmgmarrakech.com\/wp-content\/uploads\/2025\/09\/CMG-Marrakech-10Ans-Abouzid-Souali-1024x719.jpg 1024w, https:\/\/cmgmarrakech.com\/wp-content\/uploads\/2025\/09\/CMG-Marrakech-10Ans-Abouzid-Souali-768x539.jpg 768w, https:\/\/cmgmarrakech.com\/wp-content\/uploads\/2025\/09\/CMG-Marrakech-10Ans-Abouzid-Souali-1536x1078.jpg 1536w, https:\/\/cmgmarrakech.com\/wp-content\/uploads\/2025\/09\/CMG-Marrakech-10Ans-Abouzid-Souali-2048x1437.jpg 2048w, https:\/\/cmgmarrakech.com\/wp-content\/uploads\/2025\/09\/CMG-Marrakech-10Ans-Abouzid-Souali-18x12.jpg 18w, https:\/\/cmgmarrakech.com\/wp-content\/uploads\/2025\/09\/CMG-Marrakech-10Ans-Abouzid-Souali-415x291.jpg 415w, https:\/\/cmgmarrakech.com\/wp-content\/uploads\/2025\/09\/CMG-Marrakech-10Ans-Abouzid-Souali-650x456.jpg 650w, https:\/\/cmgmarrakech.com\/wp-content\/uploads\/2025\/09\/CMG-Marrakech-10Ans-Abouzid-Souali-250x175.jpg 250w\" sizes=\"(max-width: 2300px) 100vw, 2300px\" \/>\t\t\t\t\t\t\t\t<\/a>\n\t\t\t\t\t\t\t\t\t\t\t\t\t\t\t<\/div>\n\t\t\t\t<div class=\"elementor-element elementor-element-ea52244 elementor-widget elementor-widget-heading\" data-id=\"ea52244\" data-element_type=\"widget\" data-e-type=\"widget\" data-widget_type=\"heading.default\">\n\t\t\t\t\t<h2 class=\"elementor-heading-title elementor-size-default\"><a href=\"https:\/\/www.timeoutabudhabi.com\/news\/abu-dhabi-art-2025\" target=\"_blank\">Abu Dhabi Art 2025 dates announced \u2013 what you need to know<\/a><\/h2>\t\t\t\t<\/div>\n\t\t\t\t<div class=\"elementor-element elementor-element-a10d6ed elementor-widget elementor-widget-text-editor\" data-id=\"a10d6ed\" data-element_type=\"widget\" data-e-type=\"widget\" data-widget_type=\"text-editor.default\">\n\t\t\t\t\t\t\t\t\t<p>Time Out Abu Dhabi<\/p>\t\t\t\t\t\t\t\t<\/div>\n\t\t\t\t\t<\/div>\n\t\t<\/div>\n\t\t\t\t<div class=\"elementor-column elementor-col-50 elementor-top-column elementor-element elementor-element-7844246\" data-id=\"7844246\" data-element_type=\"column\" data-e-type=\"column\">\n\t\t\t<div class=\"elementor-widget-wrap elementor-element-populated\">\n\t\t\t\t\t\t<div class=\"elementor-element elementor-element-c852d22 elementor-widget elementor-widget-image\" data-id=\"c852d22\" data-element_type=\"widget\" data-e-type=\"widget\" data-widget_type=\"image.default\">\n\t\t\t\t\t\t\t\t\t\t\t\t\t\t\t\t<a href=\"https:\/\/vivre-marrakech.com\/actualites-news\/art-culture-exposition-marrakech\/agenda-art-culture-marrakech-quatrieme-trimestre-2025\/\" target=\"_blank\">\n\t\t\t\t\t\t\t<img loading=\"lazy\" decoding=\"async\" width=\"2300\" height=\"1614\" src=\"https:\/\/cmgmarrakech.com\/wp-content\/uploads\/2025\/09\/CMG-Marrakech-10Ans-Akrim.jpg\" class=\"attachment-full size-full wp-image-16771\" alt=\"\" srcset=\"https:\/\/cmgmarrakech.com\/wp-content\/uploads\/2025\/09\/CMG-Marrakech-10Ans-Akrim.jpg 2300w, https:\/\/cmgmarrakech.com\/wp-content\/uploads\/2025\/09\/CMG-Marrakech-10Ans-Akrim-300x211.jpg 300w, https:\/\/cmgmarrakech.com\/wp-content\/uploads\/2025\/09\/CMG-Marrakech-10Ans-Akrim-1024x719.jpg 1024w, https:\/\/cmgmarrakech.com\/wp-content\/uploads\/2025\/09\/CMG-Marrakech-10Ans-Akrim-768x539.jpg 768w, https:\/\/cmgmarrakech.com\/wp-content\/uploads\/2025\/09\/CMG-Marrakech-10Ans-Akrim-1536x1078.jpg 1536w, https:\/\/cmgmarrakech.com\/wp-content\/uploads\/2025\/09\/CMG-Marrakech-10Ans-Akrim-2048x1437.jpg 2048w, https:\/\/cmgmarrakech.com\/wp-content\/uploads\/2025\/09\/CMG-Marrakech-10Ans-Akrim-18x12.jpg 18w, https:\/\/cmgmarrakech.com\/wp-content\/uploads\/2025\/09\/CMG-Marrakech-10Ans-Akrim-415x291.jpg 415w, https:\/\/cmgmarrakech.com\/wp-content\/uploads\/2025\/09\/CMG-Marrakech-10Ans-Akrim-650x456.jpg 650w, https:\/\/cmgmarrakech.com\/wp-content\/uploads\/2025\/09\/CMG-Marrakech-10Ans-Akrim-250x175.jpg 250w\" sizes=\"(max-width: 2300px) 100vw, 2300px\" \/>\t\t\t\t\t\t\t\t<\/a>\n\t\t\t\t\t\t\t\t\t\t\t\t\t\t\t<\/div>\n\t\t\t\t<div class=\"elementor-element elementor-element-ad13943 elementor-widget elementor-widget-heading\" data-id=\"ad13943\" data-element_type=\"widget\" data-e-type=\"widget\" data-widget_type=\"heading.default\">\n\t\t\t\t\t<h2 class=\"elementor-heading-title elementor-size-default\"><a href=\"https:\/\/vivre-marrakech.com\/actualites-news\/art-culture-exposition-marrakech\/agenda-art-culture-marrakech-quatrieme-trimestre-2025\/\" target=\"_blank\">Agenda art et culture de Marrakech, automne 2025<\/a><\/h2>\t\t\t\t<\/div>\n\t\t\t\t<div class=\"elementor-element elementor-element-26906c8 elementor-widget elementor-widget-text-editor\" data-id=\"26906c8\" data-element_type=\"widget\" data-e-type=\"widget\" data-widget_type=\"text-editor.default\">\n\t\t\t\t\t\t\t\t\t<p>Vivre Marrakech<\/p>\t\t\t\t\t\t\t\t<\/div>\n\t\t\t\t\t<\/div>\n\t\t<\/div>\n\t\t\t\t\t<\/div>\n\t\t<\/section>\n\t\t\t\t<section class=\"elementor-section elementor-top-section elementor-element elementor-element-a1f4e17 animated-slow elementor-section-boxed elementor-section-height-default elementor-section-height-default\" data-id=\"a1f4e17\" data-element_type=\"section\" data-e-type=\"section\" data-settings=\"{&quot;animation&quot;:&quot;none&quot;}\">\n\t\t\t\t\t\t<div class=\"elementor-container elementor-column-gap-default\">\n\t\t\t\t\t<div class=\"elementor-column elementor-col-50 elementor-top-column elementor-element elementor-element-dd55896\" data-id=\"dd55896\" data-element_type=\"column\" data-e-type=\"column\">\n\t\t\t<div class=\"elementor-widget-wrap elementor-element-populated\">\n\t\t\t\t\t\t<div class=\"elementor-element elementor-element-010794f elementor-widget elementor-widget-image\" data-id=\"010794f\" data-element_type=\"widget\" data-e-type=\"widget\" data-widget_type=\"image.default\">\n\t\t\t\t\t\t\t\t\t\t\t\t\t\t\t\t<a href=\"https:\/\/fr.le360.ma\/culture\/le-comptoir-des-mines-galerie-celebre-son-10eme-anniversaire-avec-une-exposition-a-la-galerie-bab_55NWB4LLFVF27FB5PSI64S3HHI\/\" target=\"_blank\">\n\t\t\t\t\t\t\t<img loading=\"lazy\" decoding=\"async\" width=\"2300\" height=\"1614\" src=\"https:\/\/cmgmarrakech.com\/wp-content\/uploads\/2025\/09\/CMG-Marrakech-10Ans-Nemmaoui.jpg\" class=\"attachment-full size-full wp-image-16767\" alt=\"\" srcset=\"https:\/\/cmgmarrakech.com\/wp-content\/uploads\/2025\/09\/CMG-Marrakech-10Ans-Nemmaoui.jpg 2300w, https:\/\/cmgmarrakech.com\/wp-content\/uploads\/2025\/09\/CMG-Marrakech-10Ans-Nemmaoui-300x211.jpg 300w, https:\/\/cmgmarrakech.com\/wp-content\/uploads\/2025\/09\/CMG-Marrakech-10Ans-Nemmaoui-1024x719.jpg 1024w, https:\/\/cmgmarrakech.com\/wp-content\/uploads\/2025\/09\/CMG-Marrakech-10Ans-Nemmaoui-768x539.jpg 768w, https:\/\/cmgmarrakech.com\/wp-content\/uploads\/2025\/09\/CMG-Marrakech-10Ans-Nemmaoui-1536x1078.jpg 1536w, https:\/\/cmgmarrakech.com\/wp-content\/uploads\/2025\/09\/CMG-Marrakech-10Ans-Nemmaoui-2048x1437.jpg 2048w, https:\/\/cmgmarrakech.com\/wp-content\/uploads\/2025\/09\/CMG-Marrakech-10Ans-Nemmaoui-18x12.jpg 18w, https:\/\/cmgmarrakech.com\/wp-content\/uploads\/2025\/09\/CMG-Marrakech-10Ans-Nemmaoui-415x291.jpg 415w, https:\/\/cmgmarrakech.com\/wp-content\/uploads\/2025\/09\/CMG-Marrakech-10Ans-Nemmaoui-650x456.jpg 650w, https:\/\/cmgmarrakech.com\/wp-content\/uploads\/2025\/09\/CMG-Marrakech-10Ans-Nemmaoui-250x175.jpg 250w\" sizes=\"(max-width: 2300px) 100vw, 2300px\" \/>\t\t\t\t\t\t\t\t<\/a>\n\t\t\t\t\t\t\t\t\t\t\t\t\t\t\t<\/div>\n\t\t\t\t<div class=\"elementor-element elementor-element-3ad607c elementor-widget elementor-widget-heading\" data-id=\"3ad607c\" data-element_type=\"widget\" data-e-type=\"widget\" data-widget_type=\"heading.default\">\n\t\t\t\t\t<h2 class=\"elementor-heading-title elementor-size-default\"><a href=\"https:\/\/fr.le360.ma\/culture\/le-comptoir-des-mines-galerie-celebre-son-10eme-anniversaire-avec-une-exposition-a-la-galerie-bab_55NWB4LLFVF27FB5PSI64S3HHI\/\" target=\"_blank\">Le Comptoir des Mines Galerie c\u00e9l\u00e8bre son 10\u00e8me anniversaire avec une exposition \u00e0 la Galerie Bab Rouah de Rabat\n<\/a><\/h2>\t\t\t\t<\/div>\n\t\t\t\t<div class=\"elementor-element elementor-element-50544cd elementor-widget elementor-widget-text-editor\" data-id=\"50544cd\" data-element_type=\"widget\" data-e-type=\"widget\" data-widget_type=\"text-editor.default\">\n\t\t\t\t\t\t\t\t\t<p>Le 360<\/p>\t\t\t\t\t\t\t\t<\/div>\n\t\t\t\t\t<\/div>\n\t\t<\/div>\n\t\t\t\t<div class=\"elementor-column elementor-col-50 elementor-top-column elementor-element elementor-element-5c13d26\" data-id=\"5c13d26\" data-element_type=\"column\" data-e-type=\"column\">\n\t\t\t<div class=\"elementor-widget-wrap elementor-element-populated\">\n\t\t\t\t\t\t<div class=\"elementor-element elementor-element-a3736f5 elementor-widget elementor-widget-image\" data-id=\"a3736f5\" data-element_type=\"widget\" data-e-type=\"widget\" data-widget_type=\"image.default\">\n\t\t\t\t\t\t\t\t\t\t\t\t\t\t\t\t<a href=\"https:\/\/www.decoactuelle.ma\/comptoir-des-mines-galerie-celebre-10-ans-dune-experience-artistique-singuliere\/\" target=\"_blank\">\n\t\t\t\t\t\t\t<img loading=\"lazy\" decoding=\"async\" width=\"2300\" height=\"1614\" src=\"https:\/\/cmgmarrakech.com\/wp-content\/uploads\/2025\/09\/CMG-Marrakech-10Ans-Arejdal.jpg\" class=\"attachment-full size-full wp-image-16768\" alt=\"\" srcset=\"https:\/\/cmgmarrakech.com\/wp-content\/uploads\/2025\/09\/CMG-Marrakech-10Ans-Arejdal.jpg 2300w, https:\/\/cmgmarrakech.com\/wp-content\/uploads\/2025\/09\/CMG-Marrakech-10Ans-Arejdal-300x211.jpg 300w, https:\/\/cmgmarrakech.com\/wp-content\/uploads\/2025\/09\/CMG-Marrakech-10Ans-Arejdal-1024x719.jpg 1024w, https:\/\/cmgmarrakech.com\/wp-content\/uploads\/2025\/09\/CMG-Marrakech-10Ans-Arejdal-768x539.jpg 768w, https:\/\/cmgmarrakech.com\/wp-content\/uploads\/2025\/09\/CMG-Marrakech-10Ans-Arejdal-1536x1078.jpg 1536w, https:\/\/cmgmarrakech.com\/wp-content\/uploads\/2025\/09\/CMG-Marrakech-10Ans-Arejdal-2048x1437.jpg 2048w, https:\/\/cmgmarrakech.com\/wp-content\/uploads\/2025\/09\/CMG-Marrakech-10Ans-Arejdal-18x12.jpg 18w, https:\/\/cmgmarrakech.com\/wp-content\/uploads\/2025\/09\/CMG-Marrakech-10Ans-Arejdal-415x291.jpg 415w, https:\/\/cmgmarrakech.com\/wp-content\/uploads\/2025\/09\/CMG-Marrakech-10Ans-Arejdal-650x456.jpg 650w, https:\/\/cmgmarrakech.com\/wp-content\/uploads\/2025\/09\/CMG-Marrakech-10Ans-Arejdal-250x175.jpg 250w\" sizes=\"(max-width: 2300px) 100vw, 2300px\" \/>\t\t\t\t\t\t\t\t<\/a>\n\t\t\t\t\t\t\t\t\t\t\t\t\t\t\t<\/div>\n\t\t\t\t<div class=\"elementor-element elementor-element-d8db1e4 elementor-widget elementor-widget-heading\" data-id=\"d8db1e4\" data-element_type=\"widget\" data-e-type=\"widget\" data-widget_type=\"heading.default\">\n\t\t\t\t\t<h2 class=\"elementor-heading-title elementor-size-default\"><a href=\"https:\/\/www.decoactuelle.ma\/comptoir-des-mines-galerie-celebre-10-ans-dune-experience-artistique-singuliere\/\" target=\"_blank\">Comptoir des Mines Galerie c\u00e9l\u00e8bre 10 ans d\u2019une exp\u00e9rience artistique singuli\u00e8re<\/a><\/h2>\t\t\t\t<\/div>\n\t\t\t\t<div class=\"elementor-element elementor-element-1d01f8c elementor-widget elementor-widget-text-editor\" data-id=\"1d01f8c\" data-element_type=\"widget\" data-e-type=\"widget\" data-widget_type=\"text-editor.default\">\n\t\t\t\t\t\t\t\t\t<p>Deco Actuelle<\/p>\t\t\t\t\t\t\t\t<\/div>\n\t\t\t\t\t<\/div>\n\t\t<\/div>\n\t\t\t\t\t<\/div>\n\t\t<\/section>\n\t\t\t\t<section class=\"elementor-section elementor-top-section elementor-element elementor-element-46738bc animated-slow elementor-section-boxed elementor-section-height-default elementor-section-height-default\" data-id=\"46738bc\" data-element_type=\"section\" data-e-type=\"section\" data-settings=\"{&quot;animation&quot;:&quot;none&quot;}\">\n\t\t\t\t\t\t<div class=\"elementor-container elementor-column-gap-default\">\n\t\t\t\t\t<div class=\"elementor-column elementor-col-50 elementor-top-column elementor-element elementor-element-0670c92\" data-id=\"0670c92\" data-element_type=\"column\" data-e-type=\"column\">\n\t\t\t<div class=\"elementor-widget-wrap elementor-element-populated\">\n\t\t\t\t\t\t<div class=\"elementor-element elementor-element-c7b0b10 elementor-widget elementor-widget-image\" data-id=\"c7b0b10\" data-element_type=\"widget\" data-e-type=\"widget\" data-widget_type=\"image.default\">\n\t\t\t\t\t\t\t\t\t\t\t\t\t\t\t\t<a href=\"https:\/\/www.vogue.com\/article\/marrakech-design-guide-hassan-hajjaj\" target=\"_blank\">\n\t\t\t\t\t\t\t<img loading=\"lazy\" decoding=\"async\" width=\"2000\" height=\"1334\" src=\"https:\/\/cmgmarrakech.com\/wp-content\/uploads\/2022\/09\/CMG-Gallery-Group-Show-at-CMOOA-2.jpg\" class=\"attachment-full size-full wp-image-9928\" alt=\"\" srcset=\"https:\/\/cmgmarrakech.com\/wp-content\/uploads\/2022\/09\/CMG-Gallery-Group-Show-at-CMOOA-2.jpg 2000w, https:\/\/cmgmarrakech.com\/wp-content\/uploads\/2022\/09\/CMG-Gallery-Group-Show-at-CMOOA-2-300x200.jpg 300w, https:\/\/cmgmarrakech.com\/wp-content\/uploads\/2022\/09\/CMG-Gallery-Group-Show-at-CMOOA-2-1024x683.jpg 1024w, https:\/\/cmgmarrakech.com\/wp-content\/uploads\/2022\/09\/CMG-Gallery-Group-Show-at-CMOOA-2-768x512.jpg 768w, https:\/\/cmgmarrakech.com\/wp-content\/uploads\/2022\/09\/CMG-Gallery-Group-Show-at-CMOOA-2-1536x1025.jpg 1536w, https:\/\/cmgmarrakech.com\/wp-content\/uploads\/2022\/09\/CMG-Gallery-Group-Show-at-CMOOA-2-18x12.jpg 18w, https:\/\/cmgmarrakech.com\/wp-content\/uploads\/2022\/09\/CMG-Gallery-Group-Show-at-CMOOA-2-415x277.jpg 415w, https:\/\/cmgmarrakech.com\/wp-content\/uploads\/2022\/09\/CMG-Gallery-Group-Show-at-CMOOA-2-650x434.jpg 650w, https:\/\/cmgmarrakech.com\/wp-content\/uploads\/2022\/09\/CMG-Gallery-Group-Show-at-CMOOA-2-250x167.jpg 250w\" sizes=\"(max-width: 2000px) 100vw, 2000px\" \/>\t\t\t\t\t\t\t\t<\/a>\n\t\t\t\t\t\t\t\t\t\t\t\t\t\t\t<\/div>\n\t\t\t\t<div class=\"elementor-element elementor-element-9ab37eb elementor-widget elementor-widget-heading\" data-id=\"9ab37eb\" data-element_type=\"widget\" data-e-type=\"widget\" data-widget_type=\"heading.default\">\n\t\t\t\t\t<h2 class=\"elementor-heading-title elementor-size-default\"><a href=\"https:\/\/www.vogue.com\/article\/marrakech-design-guide-hassan-hajjaj\" target=\"_blank\">Marrakech Has a Thriving Contemporary Design Scene\u2014Here\u2019s Where to Find It<\/a><\/h2>\t\t\t\t<\/div>\n\t\t\t\t<div class=\"elementor-element elementor-element-32e53cd elementor-widget elementor-widget-text-editor\" data-id=\"32e53cd\" data-element_type=\"widget\" data-e-type=\"widget\" data-widget_type=\"text-editor.default\">\n\t\t\t\t\t\t\t\t\t<p>Vogue<\/p>\t\t\t\t\t\t\t\t<\/div>\n\t\t\t\t\t<\/div>\n\t\t<\/div>\n\t\t\t\t<div class=\"elementor-column elementor-col-50 elementor-top-column elementor-element elementor-element-511459f\" data-id=\"511459f\" data-element_type=\"column\" data-e-type=\"column\">\n\t\t\t<div class=\"elementor-widget-wrap elementor-element-populated\">\n\t\t\t\t\t\t<div class=\"elementor-element elementor-element-9646fde elementor-widget elementor-widget-image\" data-id=\"9646fde\" data-element_type=\"widget\" data-e-type=\"widget\" data-widget_type=\"image.default\">\n\t\t\t\t\t\t\t\t\t\t\t\t\t\t\t\t<a href=\"https:\/\/ilgiornaledellarte.com\/Articolo\/Marrakech-oasi-darte-nellAfrica-mediterranea\" target=\"_blank\">\n\t\t\t\t\t\t\t<img loading=\"lazy\" decoding=\"async\" width=\"2000\" height=\"1330\" src=\"https:\/\/cmgmarrakech.com\/wp-content\/uploads\/2022\/03\/CMG-Marrakech.jpg\" class=\"attachment-full size-full wp-image-6063\" alt=\"\" srcset=\"https:\/\/cmgmarrakech.com\/wp-content\/uploads\/2022\/03\/CMG-Marrakech.jpg 2000w, https:\/\/cmgmarrakech.com\/wp-content\/uploads\/2022\/03\/CMG-Marrakech-300x200.jpg 300w, https:\/\/cmgmarrakech.com\/wp-content\/uploads\/2022\/03\/CMG-Marrakech-1024x681.jpg 1024w, https:\/\/cmgmarrakech.com\/wp-content\/uploads\/2022\/03\/CMG-Marrakech-768x511.jpg 768w, https:\/\/cmgmarrakech.com\/wp-content\/uploads\/2022\/03\/CMG-Marrakech-1536x1021.jpg 1536w, https:\/\/cmgmarrakech.com\/wp-content\/uploads\/2022\/03\/CMG-Marrakech-18x12.jpg 18w, https:\/\/cmgmarrakech.com\/wp-content\/uploads\/2022\/03\/CMG-Marrakech-415x276.jpg 415w, https:\/\/cmgmarrakech.com\/wp-content\/uploads\/2022\/03\/CMG-Marrakech-650x432.jpg 650w, https:\/\/cmgmarrakech.com\/wp-content\/uploads\/2022\/03\/CMG-Marrakech-250x166.jpg 250w\" sizes=\"(max-width: 2000px) 100vw, 2000px\" \/>\t\t\t\t\t\t\t\t<\/a>\n\t\t\t\t\t\t\t\t\t\t\t\t\t\t\t<\/div>\n\t\t\t\t<div class=\"elementor-element elementor-element-3b359bf elementor-widget elementor-widget-heading\" data-id=\"3b359bf\" data-element_type=\"widget\" data-e-type=\"widget\" data-widget_type=\"heading.default\">\n\t\t\t\t\t<h2 class=\"elementor-heading-title elementor-size-default\"><a href=\"https:\/\/ilgiornaledellarte.com\/Articolo\/Marrakech-oasi-darte-nellAfrica-mediterranea\" target=\"_blank\">Marrakech, oasi d\u2019arte nell\u2019Africa mediterranea<\/a><\/h2>\t\t\t\t<\/div>\n\t\t\t\t<div class=\"elementor-element elementor-element-7d915fa elementor-widget elementor-widget-text-editor\" data-id=\"7d915fa\" data-element_type=\"widget\" data-e-type=\"widget\" data-widget_type=\"text-editor.default\">\n\t\t\t\t\t\t\t\t\t<p>il giornale dell&rsquo;arte<\/p>\t\t\t\t\t\t\t\t<\/div>\n\t\t\t\t\t<\/div>\n\t\t<\/div>\n\t\t\t\t\t<\/div>\n\t\t<\/section>\n\t\t\t\t<section class=\"elementor-section elementor-top-section elementor-element elementor-element-8079455 animated-slow elementor-section-boxed elementor-section-height-default elementor-section-height-default\" data-id=\"8079455\" data-element_type=\"section\" data-e-type=\"section\" data-settings=\"{&quot;animation&quot;:&quot;none&quot;}\">\n\t\t\t\t\t\t<div class=\"elementor-container elementor-column-gap-default\">\n\t\t\t\t\t<div class=\"elementor-column elementor-col-50 elementor-top-column elementor-element elementor-element-501eadf\" data-id=\"501eadf\" data-element_type=\"column\" data-e-type=\"column\">\n\t\t\t<div class=\"elementor-widget-wrap elementor-element-populated\">\n\t\t\t\t\t\t<div class=\"elementor-element elementor-element-8c350cb elementor-widget elementor-widget-image\" data-id=\"8c350cb\" data-element_type=\"widget\" data-e-type=\"widget\" data-widget_type=\"image.default\">\n\t\t\t\t\t\t\t\t\t\t\t\t\t\t\t\t<a href=\"https:\/\/www.libe.ma\/Le-projet-As%C7%9D%E1%B9%AD%E1%B9%ADa-de-Amina-Agueznay-et-Meryem-Berrada-represente-le-Maroc-a-la-61eme-Biennale-d-art-de-Venise-2026_a154903.html\" target=\"_blank\">\n\t\t\t\t\t\t\t<img decoding=\"async\" src=\"https:\/\/www.libe.ma\/photo\/art\/default\/90241538-63675167.jpg?v=1753962745\" title=\"\" alt=\"\" loading=\"lazy\" \/>\t\t\t\t\t\t\t\t<\/a>\n\t\t\t\t\t\t\t\t\t\t\t\t\t\t\t<\/div>\n\t\t\t\t<div class=\"elementor-element elementor-element-b3a986d elementor-widget elementor-widget-heading\" data-id=\"b3a986d\" data-element_type=\"widget\" data-e-type=\"widget\" data-widget_type=\"heading.default\">\n\t\t\t\t\t<h2 class=\"elementor-heading-title elementor-size-default\"><a href=\"https:\/\/www.libe.ma\/Le-projet-As%C7%9D%E1%B9%AD%E1%B9%ADa-de-Amina-Agueznay-et-Meryem-Berrada-represente-le-Maroc-a-la-61eme-Biennale-d-art-de-Venise-2026_a154903.html\" target=\"_blank\">Le projet \"Asetta\" de Amina Agueznay et Meryem Berrada repr\u00e9sente le Maroc \u00e0 la 61\u00e8me Biennale d'art de Venise 2026<\/a><\/h2>\t\t\t\t<\/div>\n\t\t\t\t<div class=\"elementor-element elementor-element-fb4d818 elementor-widget elementor-widget-text-editor\" data-id=\"fb4d818\" data-element_type=\"widget\" data-e-type=\"widget\" data-widget_type=\"text-editor.default\">\n\t\t\t\t\t\t\t\t\t<p>Libe.ma<\/p>\t\t\t\t\t\t\t\t<\/div>\n\t\t\t\t\t<\/div>\n\t\t<\/div>\n\t\t\t\t<div class=\"elementor-column elementor-col-50 elementor-top-column elementor-element elementor-element-4593481\" data-id=\"4593481\" data-element_type=\"column\" data-e-type=\"column\">\n\t\t\t<div class=\"elementor-widget-wrap elementor-element-populated\">\n\t\t\t\t\t\t<div class=\"elementor-element elementor-element-63be7bb elementor-widget elementor-widget-image\" data-id=\"63be7bb\" data-element_type=\"widget\" data-e-type=\"widget\" data-widget_type=\"image.default\">\n\t\t\t\t\t\t\t\t\t\t\t\t\t\t\t\t<a href=\"https:\/\/www.vh.ma\/actualite-news-express-maroc\/retour-sur-art-dubai-2025-onze-artistes-marocains-onze-regards-sur-le-monde\/\" target=\"_blank\">\n\t\t\t\t\t\t\t<img loading=\"lazy\" decoding=\"async\" width=\"1798\" height=\"1200\" src=\"https:\/\/cmgmarrakech.com\/wp-content\/uploads\/2024\/09\/Khadija-Jayi-Les-reliques-de-la-terre-065-2024-technique-mixte-et-papier-brule-detail.jpg\" class=\"attachment-full size-full wp-image-12933\" alt=\"\" srcset=\"https:\/\/cmgmarrakech.com\/wp-content\/uploads\/2024\/09\/Khadija-Jayi-Les-reliques-de-la-terre-065-2024-technique-mixte-et-papier-brule-detail.jpg 1798w, https:\/\/cmgmarrakech.com\/wp-content\/uploads\/2024\/09\/Khadija-Jayi-Les-reliques-de-la-terre-065-2024-technique-mixte-et-papier-brule-detail-300x200.jpg 300w, https:\/\/cmgmarrakech.com\/wp-content\/uploads\/2024\/09\/Khadija-Jayi-Les-reliques-de-la-terre-065-2024-technique-mixte-et-papier-brule-detail-1024x683.jpg 1024w, https:\/\/cmgmarrakech.com\/wp-content\/uploads\/2024\/09\/Khadija-Jayi-Les-reliques-de-la-terre-065-2024-technique-mixte-et-papier-brule-detail-768x513.jpg 768w, https:\/\/cmgmarrakech.com\/wp-content\/uploads\/2024\/09\/Khadija-Jayi-Les-reliques-de-la-terre-065-2024-technique-mixte-et-papier-brule-detail-1536x1025.jpg 1536w, https:\/\/cmgmarrakech.com\/wp-content\/uploads\/2024\/09\/Khadija-Jayi-Les-reliques-de-la-terre-065-2024-technique-mixte-et-papier-brule-detail-18x12.jpg 18w, https:\/\/cmgmarrakech.com\/wp-content\/uploads\/2024\/09\/Khadija-Jayi-Les-reliques-de-la-terre-065-2024-technique-mixte-et-papier-brule-detail-415x277.jpg 415w, https:\/\/cmgmarrakech.com\/wp-content\/uploads\/2024\/09\/Khadija-Jayi-Les-reliques-de-la-terre-065-2024-technique-mixte-et-papier-brule-detail-650x434.jpg 650w, https:\/\/cmgmarrakech.com\/wp-content\/uploads\/2024\/09\/Khadija-Jayi-Les-reliques-de-la-terre-065-2024-technique-mixte-et-papier-brule-detail-250x167.jpg 250w\" sizes=\"(max-width: 1798px) 100vw, 1798px\" \/>\t\t\t\t\t\t\t\t<\/a>\n\t\t\t\t\t\t\t\t\t\t\t\t\t\t\t<\/div>\n\t\t\t\t<div class=\"elementor-element elementor-element-2b25c21 elementor-widget elementor-widget-heading\" data-id=\"2b25c21\" data-element_type=\"widget\" data-e-type=\"widget\" data-widget_type=\"heading.default\">\n\t\t\t\t\t<h2 class=\"elementor-heading-title elementor-size-default\"><a href=\"https:\/\/www.vh.ma\/actualite-news-express-maroc\/retour-sur-art-dubai-2025-onze-artistes-marocains-onze-regards-sur-le-monde\/\" target=\"_blank\">Retour sur Art Dubai 2025 : onze artistes marocains, onze regards sur le monde\n<\/a><\/h2>\t\t\t\t<\/div>\n\t\t\t\t<div class=\"elementor-element elementor-element-91d313b elementor-widget elementor-widget-text-editor\" data-id=\"91d313b\" data-element_type=\"widget\" data-e-type=\"widget\" data-widget_type=\"text-editor.default\">\n\t\t\t\t\t\t\t\t\t<p>VH Magazine<\/p>\t\t\t\t\t\t\t\t<\/div>\n\t\t\t\t\t<\/div>\n\t\t<\/div>\n\t\t\t\t\t<\/div>\n\t\t<\/section>\n\t\t\t\t<section class=\"elementor-section elementor-top-section elementor-element elementor-element-0a48d2d animated-slow elementor-section-boxed elementor-section-height-default elementor-section-height-default\" data-id=\"0a48d2d\" data-element_type=\"section\" data-e-type=\"section\" data-settings=\"{&quot;animation&quot;:&quot;none&quot;}\">\n\t\t\t\t\t\t<div class=\"elementor-container elementor-column-gap-default\">\n\t\t\t\t\t<div class=\"elementor-column elementor-col-50 elementor-top-column elementor-element elementor-element-b84d9d5\" data-id=\"b84d9d5\" data-element_type=\"column\" data-e-type=\"column\">\n\t\t\t<div class=\"elementor-widget-wrap elementor-element-populated\">\n\t\t\t\t\t\t<div class=\"elementor-element elementor-element-3532e10 elementor-widget elementor-widget-image\" data-id=\"3532e10\" data-element_type=\"widget\" data-e-type=\"widget\" data-widget_type=\"image.default\">\n\t\t\t\t\t\t\t\t\t\t\t\t\t\t\t\t<a href=\"https:\/\/aujourdhui.ma\/culture\/rentree-artistique-2025-2026-le-comptoir-des-mines-galerie-presente-son-programme\" target=\"_blank\">\n\t\t\t\t\t\t\t<img loading=\"lazy\" decoding=\"async\" width=\"2200\" height=\"1456\" src=\"https:\/\/cmgmarrakech.com\/wp-content\/uploads\/2025\/05\/Exposition-1994-2003-Mohammed-Kacimi-2024-1-min-e1757969635768.jpg\" class=\"attachment-full size-full wp-image-15380\" alt=\"\" srcset=\"https:\/\/cmgmarrakech.com\/wp-content\/uploads\/2025\/05\/Exposition-1994-2003-Mohammed-Kacimi-2024-1-min-e1757969635768.jpg 2200w, https:\/\/cmgmarrakech.com\/wp-content\/uploads\/2025\/05\/Exposition-1994-2003-Mohammed-Kacimi-2024-1-min-e1757969635768-300x199.jpg 300w, https:\/\/cmgmarrakech.com\/wp-content\/uploads\/2025\/05\/Exposition-1994-2003-Mohammed-Kacimi-2024-1-min-e1757969635768-1024x678.jpg 1024w, https:\/\/cmgmarrakech.com\/wp-content\/uploads\/2025\/05\/Exposition-1994-2003-Mohammed-Kacimi-2024-1-min-e1757969635768-768x508.jpg 768w, https:\/\/cmgmarrakech.com\/wp-content\/uploads\/2025\/05\/Exposition-1994-2003-Mohammed-Kacimi-2024-1-min-e1757969635768-1536x1017.jpg 1536w, https:\/\/cmgmarrakech.com\/wp-content\/uploads\/2025\/05\/Exposition-1994-2003-Mohammed-Kacimi-2024-1-min-e1757969635768-2048x1355.jpg 2048w, https:\/\/cmgmarrakech.com\/wp-content\/uploads\/2025\/05\/Exposition-1994-2003-Mohammed-Kacimi-2024-1-min-e1757969635768-18x12.jpg 18w, https:\/\/cmgmarrakech.com\/wp-content\/uploads\/2025\/05\/Exposition-1994-2003-Mohammed-Kacimi-2024-1-min-e1757969635768-415x275.jpg 415w, https:\/\/cmgmarrakech.com\/wp-content\/uploads\/2025\/05\/Exposition-1994-2003-Mohammed-Kacimi-2024-1-min-e1757969635768-650x430.jpg 650w, https:\/\/cmgmarrakech.com\/wp-content\/uploads\/2025\/05\/Exposition-1994-2003-Mohammed-Kacimi-2024-1-min-e1757969635768-250x165.jpg 250w\" sizes=\"(max-width: 2200px) 100vw, 2200px\" \/>\t\t\t\t\t\t\t\t<\/a>\n\t\t\t\t\t\t\t\t\t\t\t\t\t\t\t<\/div>\n\t\t\t\t<div class=\"elementor-element elementor-element-995b4c2 elementor-widget elementor-widget-heading\" data-id=\"995b4c2\" data-element_type=\"widget\" data-e-type=\"widget\" data-widget_type=\"heading.default\">\n\t\t\t\t\t<h2 class=\"elementor-heading-title elementor-size-default\"><a href=\"https:\/\/aujourdhui.ma\/culture\/rentree-artistique-2025-2026-le-comptoir-des-mines-galerie-presente-son-programme\" target=\"_blank\">Rentr\u00e9e artistique 2025\/2026: Le Comptoir des Mines Galerie pr\u00e9sente son programme<\/a><\/h2>\t\t\t\t<\/div>\n\t\t\t\t<div class=\"elementor-element elementor-element-d2f99ef elementor-widget elementor-widget-text-editor\" data-id=\"d2f99ef\" data-element_type=\"widget\" data-e-type=\"widget\" data-widget_type=\"text-editor.default\">\n\t\t\t\t\t\t\t\t\t<p>Aujourd\u2019hui Le Maroc<\/p>\t\t\t\t\t\t\t\t<\/div>\n\t\t\t\t\t<\/div>\n\t\t<\/div>\n\t\t\t\t<div class=\"elementor-column elementor-col-50 elementor-top-column elementor-element elementor-element-ae5f9bc\" data-id=\"ae5f9bc\" data-element_type=\"column\" data-e-type=\"column\">\n\t\t\t<div class=\"elementor-widget-wrap elementor-element-populated\">\n\t\t\t\t\t\t<div class=\"elementor-element elementor-element-3446129 elementor-widget elementor-widget-image\" data-id=\"3446129\" data-element_type=\"widget\" data-e-type=\"widget\" data-widget_type=\"image.default\">\n\t\t\t\t\t\t\t\t\t\t\t\t\t\t\t\t<a href=\"https:\/\/www.gqmiddleeast.com\/article\/the-best-exhibitions-to-visit-this-september-2025\" target=\"_blank\">\n\t\t\t\t\t\t\t<img loading=\"lazy\" decoding=\"async\" width=\"2000\" height=\"1334\" src=\"https:\/\/cmgmarrakech.com\/wp-content\/uploads\/2025\/01\/Melehi-COMPOSITION-1974-Decoupage-cellulosique-sur-panneau-Details.jpg\" class=\"attachment-full size-full wp-image-14444\" alt=\"\" srcset=\"https:\/\/cmgmarrakech.com\/wp-content\/uploads\/2025\/01\/Melehi-COMPOSITION-1974-Decoupage-cellulosique-sur-panneau-Details.jpg 2000w, https:\/\/cmgmarrakech.com\/wp-content\/uploads\/2025\/01\/Melehi-COMPOSITION-1974-Decoupage-cellulosique-sur-panneau-Details-300x200.jpg 300w, https:\/\/cmgmarrakech.com\/wp-content\/uploads\/2025\/01\/Melehi-COMPOSITION-1974-Decoupage-cellulosique-sur-panneau-Details-1024x683.jpg 1024w, https:\/\/cmgmarrakech.com\/wp-content\/uploads\/2025\/01\/Melehi-COMPOSITION-1974-Decoupage-cellulosique-sur-panneau-Details-768x512.jpg 768w, https:\/\/cmgmarrakech.com\/wp-content\/uploads\/2025\/01\/Melehi-COMPOSITION-1974-Decoupage-cellulosique-sur-panneau-Details-1536x1025.jpg 1536w, https:\/\/cmgmarrakech.com\/wp-content\/uploads\/2025\/01\/Melehi-COMPOSITION-1974-Decoupage-cellulosique-sur-panneau-Details-18x12.jpg 18w, https:\/\/cmgmarrakech.com\/wp-content\/uploads\/2025\/01\/Melehi-COMPOSITION-1974-Decoupage-cellulosique-sur-panneau-Details-415x277.jpg 415w, https:\/\/cmgmarrakech.com\/wp-content\/uploads\/2025\/01\/Melehi-COMPOSITION-1974-Decoupage-cellulosique-sur-panneau-Details-650x434.jpg 650w, https:\/\/cmgmarrakech.com\/wp-content\/uploads\/2025\/01\/Melehi-COMPOSITION-1974-Decoupage-cellulosique-sur-panneau-Details-250x167.jpg 250w\" sizes=\"(max-width: 2000px) 100vw, 2000px\" \/>\t\t\t\t\t\t\t\t<\/a>\n\t\t\t\t\t\t\t\t\t\t\t\t\t\t\t<\/div>\n\t\t\t\t<div class=\"elementor-element elementor-element-75a695d elementor-widget elementor-widget-heading\" data-id=\"75a695d\" data-element_type=\"widget\" data-e-type=\"widget\" data-widget_type=\"heading.default\">\n\t\t\t\t\t<h2 class=\"elementor-heading-title elementor-size-default\"><a href=\"http:\/\/The%20Best%20Exhibitions%20to%20Visit%20This%20September\" target=\"_blank\">The Best Exhibitions to Visit This September\n<\/a><\/h2>\t\t\t\t<\/div>\n\t\t\t\t<div class=\"elementor-element elementor-element-90d665a elementor-widget elementor-widget-text-editor\" data-id=\"90d665a\" data-element_type=\"widget\" data-e-type=\"widget\" data-widget_type=\"text-editor.default\">\n\t\t\t\t\t\t\t\t\t<p>QG Middle East\u00a0<\/p>\t\t\t\t\t\t\t\t<\/div>\n\t\t\t\t\t<\/div>\n\t\t<\/div>\n\t\t\t\t\t<\/div>\n\t\t<\/section>\n\t\t\t\t<section class=\"elementor-section elementor-top-section elementor-element elementor-element-22f88f7 animated-slow elementor-section-boxed elementor-section-height-default elementor-section-height-default\" data-id=\"22f88f7\" data-element_type=\"section\" data-e-type=\"section\" data-settings=\"{&quot;animation&quot;:&quot;none&quot;}\">\n\t\t\t\t\t\t<div class=\"elementor-container elementor-column-gap-default\">\n\t\t\t\t\t<div class=\"elementor-column elementor-col-50 elementor-top-column elementor-element elementor-element-d036bcd\" data-id=\"d036bcd\" data-element_type=\"column\" data-e-type=\"column\">\n\t\t\t<div class=\"elementor-widget-wrap elementor-element-populated\">\n\t\t\t\t\t\t<div class=\"elementor-element elementor-element-ea2e363 elementor-widget elementor-widget-image\" data-id=\"ea2e363\" data-element_type=\"widget\" data-e-type=\"widget\" data-widget_type=\"image.default\">\n\t\t\t\t\t\t\t\t\t\t\t\t\t\t\t\t<a href=\"https:\/\/telquel.ma\/instant-t\/2025\/08\/04\/biennale-dart-de-venise-amina-agueznay-representera-le-maroc-avec-le-projet-as%C7%9D%E1%B9%AD%E1%B9%ADa_1945087\/\" target=\"_blank\">\n\t\t\t\t\t\t\t<img decoding=\"async\" src=\"https:\/\/www.diptykmag.com\/wp-content\/uploads\/2023\/09\/Untitled-1-08-scaled.jpg\" title=\"\" alt=\"\" loading=\"lazy\" \/>\t\t\t\t\t\t\t\t<\/a>\n\t\t\t\t\t\t\t\t\t\t\t\t\t\t\t<\/div>\n\t\t\t\t<div class=\"elementor-element elementor-element-f7539f9 elementor-widget elementor-widget-heading\" data-id=\"f7539f9\" data-element_type=\"widget\" data-e-type=\"widget\" data-widget_type=\"heading.default\">\n\t\t\t\t\t<h2 class=\"elementor-heading-title elementor-size-default\"><a href=\"https:\/\/telquel.ma\/instant-t\/2025\/08\/04\/biennale-dart-de-venise-amina-agueznay-representera-le-maroc-avec-le-projet-as%C7%9D%E1%B9%AD%E1%B9%ADa_1945087\/\" target=\"_blank\">Biennale d'art de Venise : Amina Agueznay repr\u00e9sentera le Maroc avec le projet \u201cAsetta\u201d <\/a><\/h2>\t\t\t\t<\/div>\n\t\t\t\t<div class=\"elementor-element elementor-element-2acfd49 elementor-widget elementor-widget-text-editor\" data-id=\"2acfd49\" data-element_type=\"widget\" data-e-type=\"widget\" data-widget_type=\"text-editor.default\">\n\t\t\t\t\t\t\t\t\t<p>Telquel<\/p>\t\t\t\t\t\t\t\t<\/div>\n\t\t\t\t\t<\/div>\n\t\t<\/div>\n\t\t\t\t<div class=\"elementor-column elementor-col-50 elementor-top-column elementor-element elementor-element-1d8d7f0\" data-id=\"1d8d7f0\" data-element_type=\"column\" data-e-type=\"column\">\n\t\t\t<div class=\"elementor-widget-wrap elementor-element-populated\">\n\t\t\t\t\t\t<div class=\"elementor-element elementor-element-47faece elementor-widget elementor-widget-image\" data-id=\"47faece\" data-element_type=\"widget\" data-e-type=\"widget\" data-widget_type=\"image.default\">\n\t\t\t\t\t\t\t\t\t\t\t\t\t\t\t\t<a href=\"https:\/\/fr.le360.ma\/culture\/le-maroc-a-la-61e-biennale-de-venise-un-hommage-a-la-richesse-artisanale-du-pays_CQNDQHJ3HFCTDCGW6GL3HX4UGA\/\" target=\"_blank\">\n\t\t\t\t\t\t\t<img decoding=\"async\" src=\"https:\/\/fr.le360.ma\/resizer\/v2\/MJL7T2ONJRD7TGHH3HJYYIWIKE.jpg?auth=05087dd446494dfc7efd6908c2faafd9ede22c87788a80271b4c51e82392bf39&#038;smart=true&#038;width=1216&#038;height=684\" title=\"\" alt=\"\" loading=\"lazy\" \/>\t\t\t\t\t\t\t\t<\/a>\n\t\t\t\t\t\t\t\t\t\t\t\t\t\t\t<\/div>\n\t\t\t\t<div class=\"elementor-element elementor-element-11f7769 elementor-widget elementor-widget-heading\" data-id=\"11f7769\" data-element_type=\"widget\" data-e-type=\"widget\" data-widget_type=\"heading.default\">\n\t\t\t\t\t<h2 class=\"elementor-heading-title elementor-size-default\"><a href=\"https:\/\/fr.le360.ma\/culture\/le-maroc-a-la-61e-biennale-de-venise-un-hommage-a-la-richesse-artisanale-du-pays_CQNDQHJ3HFCTDCGW6GL3HX4UGA\/\" target=\"_blank\">Le Maroc \u00e0 la 61e Biennale de Venise: un hommage \u00e0 la richesse artisanale du pays\n<\/a><\/h2>\t\t\t\t<\/div>\n\t\t\t\t<div class=\"elementor-element elementor-element-5f97961 elementor-widget elementor-widget-text-editor\" data-id=\"5f97961\" data-element_type=\"widget\" data-e-type=\"widget\" data-widget_type=\"text-editor.default\">\n\t\t\t\t\t\t\t\t\t<p>Le 360<\/p>\t\t\t\t\t\t\t\t<\/div>\n\t\t\t\t\t<\/div>\n\t\t<\/div>\n\t\t\t\t\t<\/div>\n\t\t<\/section>\n\t\t\t\t<section class=\"elementor-section elementor-top-section elementor-element elementor-element-f9d7590 animated-slow elementor-section-boxed elementor-section-height-default elementor-section-height-default\" data-id=\"f9d7590\" data-element_type=\"section\" data-e-type=\"section\" data-settings=\"{&quot;animation&quot;:&quot;none&quot;}\">\n\t\t\t\t\t\t<div class=\"elementor-container elementor-column-gap-default\">\n\t\t\t\t\t<div class=\"elementor-column elementor-col-50 elementor-top-column elementor-element elementor-element-ad08f82\" data-id=\"ad08f82\" data-element_type=\"column\" data-e-type=\"column\">\n\t\t\t<div class=\"elementor-widget-wrap elementor-element-populated\">\n\t\t\t\t\t\t<div class=\"elementor-element elementor-element-030d4ca elementor-widget elementor-widget-image\" data-id=\"030d4ca\" data-element_type=\"widget\" data-e-type=\"widget\" data-widget_type=\"image.default\">\n\t\t\t\t\t\t\t\t\t\t\t\t\t\t\t\t<a href=\"https:\/\/www.diptykmag.com\/qui-sont-les-membres-du-comite-de-selection-du-pavillon-marocain-pour-la-biennale-de-venise\/\" target=\"_blank\">\n\t\t\t\t\t\t\t<img decoding=\"async\" src=\"https:\/\/www.diptykmag.com\/wp-content\/uploads\/2025\/07\/Fichier-586.png\" title=\"\" alt=\"\" loading=\"lazy\" \/>\t\t\t\t\t\t\t\t<\/a>\n\t\t\t\t\t\t\t\t\t\t\t\t\t\t\t<\/div>\n\t\t\t\t<div class=\"elementor-element elementor-element-90713c7 elementor-widget elementor-widget-heading\" data-id=\"90713c7\" data-element_type=\"widget\" data-e-type=\"widget\" data-widget_type=\"heading.default\">\n\t\t\t\t\t<h2 class=\"elementor-heading-title elementor-size-default\"><a href=\"https:\/\/www.diptykmag.com\/qui-sont-les-membres-du-comite-de-selection-du-pavillon-marocain-pour-la-biennale-de-venise\/\" target=\"_blank\">Qui sont les membres du comit\u00e9 de s\u00e9lection du Pavillon marocain pour la Biennale de Venise?<\/a><\/h2>\t\t\t\t<\/div>\n\t\t\t\t<div class=\"elementor-element elementor-element-c53d14a elementor-widget elementor-widget-text-editor\" data-id=\"c53d14a\" data-element_type=\"widget\" data-e-type=\"widget\" data-widget_type=\"text-editor.default\">\n\t\t\t\t\t\t\t\t\t<p>Diptyk<\/p>\t\t\t\t\t\t\t\t<\/div>\n\t\t\t\t\t<\/div>\n\t\t<\/div>\n\t\t\t\t<div class=\"elementor-column elementor-col-50 elementor-top-column elementor-element elementor-element-d334430\" data-id=\"d334430\" data-element_type=\"column\" data-e-type=\"column\">\n\t\t\t<div class=\"elementor-widget-wrap elementor-element-populated\">\n\t\t\t\t\t\t<div class=\"elementor-element elementor-element-3bf35c5 elementor-widget elementor-widget-image\" data-id=\"3bf35c5\" data-element_type=\"widget\" data-e-type=\"widget\" data-widget_type=\"image.default\">\n\t\t\t\t\t\t\t\t\t\t\t\t\t\t\t\t<a href=\"https:\/\/femmesdumaroc.com\/inspiration\/culture\/jnan-elisabeth-un-ecrin-dedie-a-lart-au-palace-es-saadi\" target=\"_blank\">\n\t\t\t\t\t\t\t<img decoding=\"async\" src=\"https:\/\/femmesdumaroc.com\/wp-content\/uploads\/2025\/05\/1r0a7658.jpg\" title=\"\" alt=\"\" loading=\"lazy\" \/>\t\t\t\t\t\t\t\t<\/a>\n\t\t\t\t\t\t\t\t\t\t\t\t\t\t\t<\/div>\n\t\t\t\t<div class=\"elementor-element elementor-element-39ff8fa elementor-widget elementor-widget-heading\" data-id=\"39ff8fa\" data-element_type=\"widget\" data-e-type=\"widget\" data-widget_type=\"heading.default\">\n\t\t\t\t\t<h2 class=\"elementor-heading-title elementor-size-default\"><a href=\"https:\/\/femmesdumaroc.com\/inspiration\/culture\/jnan-elisabeth-un-ecrin-dedie-a-lart-au-palace-es-saadi\" target=\"_blank\">Jnan \u00c9lisabeth, un \u00e9crin d\u00e9di\u00e9 \u00e0 l\u2019art au Palace Es Saadi<\/a><\/h2>\t\t\t\t<\/div>\n\t\t\t\t<div class=\"elementor-element elementor-element-9b64fb3 elementor-widget elementor-widget-text-editor\" data-id=\"9b64fb3\" data-element_type=\"widget\" data-e-type=\"widget\" data-widget_type=\"text-editor.default\">\n\t\t\t\t\t\t\t\t\t<p>Femmes Du Maroc<\/p>\t\t\t\t\t\t\t\t<\/div>\n\t\t\t\t\t<\/div>\n\t\t<\/div>\n\t\t\t\t\t<\/div>\n\t\t<\/section>\n\t\t\t\t<section class=\"elementor-section elementor-top-section elementor-element elementor-element-9b17ed9 animated-slow elementor-section-boxed elementor-section-height-default elementor-section-height-default\" data-id=\"9b17ed9\" data-element_type=\"section\" data-e-type=\"section\" data-settings=\"{&quot;animation&quot;:&quot;none&quot;}\">\n\t\t\t\t\t\t<div class=\"elementor-container elementor-column-gap-default\">\n\t\t\t\t\t<div class=\"elementor-column elementor-col-50 elementor-top-column elementor-element elementor-element-d98d788\" data-id=\"d98d788\" data-element_type=\"column\" data-e-type=\"column\">\n\t\t\t<div class=\"elementor-widget-wrap elementor-element-populated\">\n\t\t\t\t\t\t<div class=\"elementor-element elementor-element-ba2de54 elementor-widget elementor-widget-image\" data-id=\"ba2de54\" data-element_type=\"widget\" data-e-type=\"widget\" data-widget_type=\"image.default\">\n\t\t\t\t\t\t\t\t\t\t\t\t\t\t\t\t<a href=\"https:\/\/telquel.ma\/instant-t\/2025\/06\/24\/la-nuit-des-musees-revient-ce-jeudi-dans-plusieurs-villes-du-maroc_1939365\/\" target=\"_blank\">\n\t\t\t\t\t\t\t<img loading=\"lazy\" decoding=\"async\" width=\"2500\" height=\"1667\" src=\"https:\/\/cmgmarrakech.com\/wp-content\/uploads\/2022\/03\/Visuel-galerie-2.jpg\" class=\"attachment-full size-full wp-image-8191\" alt=\"\" srcset=\"https:\/\/cmgmarrakech.com\/wp-content\/uploads\/2022\/03\/Visuel-galerie-2.jpg 2500w, https:\/\/cmgmarrakech.com\/wp-content\/uploads\/2022\/03\/Visuel-galerie-2-300x200.jpg 300w, https:\/\/cmgmarrakech.com\/wp-content\/uploads\/2022\/03\/Visuel-galerie-2-1024x683.jpg 1024w, https:\/\/cmgmarrakech.com\/wp-content\/uploads\/2022\/03\/Visuel-galerie-2-768x512.jpg 768w, https:\/\/cmgmarrakech.com\/wp-content\/uploads\/2022\/03\/Visuel-galerie-2-1536x1024.jpg 1536w, https:\/\/cmgmarrakech.com\/wp-content\/uploads\/2022\/03\/Visuel-galerie-2-2048x1366.jpg 2048w, https:\/\/cmgmarrakech.com\/wp-content\/uploads\/2022\/03\/Visuel-galerie-2-18x12.jpg 18w, https:\/\/cmgmarrakech.com\/wp-content\/uploads\/2022\/03\/Visuel-galerie-2-415x277.jpg 415w, https:\/\/cmgmarrakech.com\/wp-content\/uploads\/2022\/03\/Visuel-galerie-2-650x433.jpg 650w, https:\/\/cmgmarrakech.com\/wp-content\/uploads\/2022\/03\/Visuel-galerie-2-250x167.jpg 250w\" sizes=\"(max-width: 2500px) 100vw, 2500px\" \/>\t\t\t\t\t\t\t\t<\/a>\n\t\t\t\t\t\t\t\t\t\t\t\t\t\t\t<\/div>\n\t\t\t\t<div class=\"elementor-element elementor-element-eaf16f1 elementor-widget elementor-widget-heading\" data-id=\"eaf16f1\" data-element_type=\"widget\" data-e-type=\"widget\" data-widget_type=\"heading.default\">\n\t\t\t\t\t<h2 class=\"elementor-heading-title elementor-size-default\"><a href=\"https:\/\/telquel.ma\/instant-t\/2025\/06\/24\/la-nuit-des-musees-revient-ce-jeudi-dans-plusieurs-villes-du-maroc_1939365\/\" target=\"_blank\">La Nuit des mus\u00e9es revient ce jeudi dans plusieurs villes du Maroc <\/a><\/h2>\t\t\t\t<\/div>\n\t\t\t\t<div class=\"elementor-element elementor-element-59d7d01 elementor-widget elementor-widget-text-editor\" data-id=\"59d7d01\" data-element_type=\"widget\" data-e-type=\"widget\" data-widget_type=\"text-editor.default\">\n\t\t\t\t\t\t\t\t\t<p>Telquel<\/p>\t\t\t\t\t\t\t\t<\/div>\n\t\t\t\t\t<\/div>\n\t\t<\/div>\n\t\t\t\t<div class=\"elementor-column elementor-col-50 elementor-top-column elementor-element elementor-element-49503ea\" data-id=\"49503ea\" data-element_type=\"column\" data-e-type=\"column\">\n\t\t\t<div class=\"elementor-widget-wrap elementor-element-populated\">\n\t\t\t\t\t\t<div class=\"elementor-element elementor-element-f630edf elementor-widget elementor-widget-image\" data-id=\"f630edf\" data-element_type=\"widget\" data-e-type=\"widget\" data-widget_type=\"image.default\">\n\t\t\t\t\t\t\t\t\t\t\t\t\t\t\t\t<a href=\"https:\/\/www.lopinion.ma\/Assises-nationales-de-l-IA-Ces-outils-qui-menacent-l-avenir-des-Industries-culturelles-_a69433.html\" target=\"_blank\">\n\t\t\t\t\t\t\t<img decoding=\"async\" src=\"https:\/\/www.lopinion.ma\/photo\/art\/grande\/89704210-63385626.jpg\" title=\"\" alt=\"\" loading=\"lazy\" \/>\t\t\t\t\t\t\t\t<\/a>\n\t\t\t\t\t\t\t\t\t\t\t\t\t\t\t<\/div>\n\t\t\t\t<div class=\"elementor-element elementor-element-4913a7e elementor-widget elementor-widget-heading\" data-id=\"4913a7e\" data-element_type=\"widget\" data-e-type=\"widget\" data-widget_type=\"heading.default\">\n\t\t\t\t\t<h2 class=\"elementor-heading-title elementor-size-default\"><a href=\"https:\/\/www.lopinion.ma\/Assises-nationales-de-l-IA-Ces-outils-qui-menacent-l-avenir-des-Industries-culturelles-_a69433.html\" target=\"_blank\">Assises nationales de l\u2019IA : Ces outils qui menacent l\u2019avenir des Industries culturelles !\n<\/a><\/h2>\t\t\t\t<\/div>\n\t\t\t\t<div class=\"elementor-element elementor-element-b0d57b3 elementor-widget elementor-widget-text-editor\" data-id=\"b0d57b3\" data-element_type=\"widget\" data-e-type=\"widget\" data-widget_type=\"text-editor.default\">\n\t\t\t\t\t\t\t\t\t<p>L&rsquo;Opinion<\/p>\t\t\t\t\t\t\t\t<\/div>\n\t\t\t\t\t<\/div>\n\t\t<\/div>\n\t\t\t\t\t<\/div>\n\t\t<\/section>\n\t\t\t\t<section class=\"elementor-section elementor-top-section elementor-element elementor-element-69d1476 animated-slow elementor-section-boxed elementor-section-height-default elementor-section-height-default\" data-id=\"69d1476\" data-element_type=\"section\" data-e-type=\"section\" data-settings=\"{&quot;animation&quot;:&quot;none&quot;}\">\n\t\t\t\t\t\t<div class=\"elementor-container elementor-column-gap-default\">\n\t\t\t\t\t<div class=\"elementor-column elementor-col-50 elementor-top-column elementor-element elementor-element-41eba03\" data-id=\"41eba03\" data-element_type=\"column\" data-e-type=\"column\">\n\t\t\t<div class=\"elementor-widget-wrap elementor-element-populated\">\n\t\t\t\t\t\t<div class=\"elementor-element elementor-element-934ead7 elementor-widget elementor-widget-image\" data-id=\"934ead7\" data-element_type=\"widget\" data-e-type=\"widget\" data-widget_type=\"image.default\">\n\t\t\t\t\t\t\t\t\t\t\t\t\t\t\t\t<a href=\"https:\/\/www.diptykmag.com\/latifa-toujani-ou-lart-comme-terrain-demancipation\/\" target=\"_blank\">\n\t\t\t\t\t\t\t<img decoding=\"async\" src=\"https:\/\/www.diptykmag.com\/wp-content\/uploads\/2025\/06\/IMG_9619.jpg\" title=\"\" alt=\"\" loading=\"lazy\" \/>\t\t\t\t\t\t\t\t<\/a>\n\t\t\t\t\t\t\t\t\t\t\t\t\t\t\t<\/div>\n\t\t\t\t<div class=\"elementor-element elementor-element-d1b2034 elementor-widget elementor-widget-heading\" data-id=\"d1b2034\" data-element_type=\"widget\" data-e-type=\"widget\" data-widget_type=\"heading.default\">\n\t\t\t\t\t<h2 class=\"elementor-heading-title elementor-size-default\"><a href=\"https:\/\/www.diptykmag.com\/latifa-toujani-ou-lart-comme-terrain-demancipation\/\" target=\"_blank\">Latifa Toujani, ou l\u2019art comme terrain d\u2019\u00e9mancipation\n<\/a><\/h2>\t\t\t\t<\/div>\n\t\t\t\t<div class=\"elementor-element elementor-element-115a613 elementor-widget elementor-widget-text-editor\" data-id=\"115a613\" data-element_type=\"widget\" data-e-type=\"widget\" data-widget_type=\"text-editor.default\">\n\t\t\t\t\t\t\t\t\t<p>Diptyk<\/p>\t\t\t\t\t\t\t\t<\/div>\n\t\t\t\t\t<\/div>\n\t\t<\/div>\n\t\t\t\t<div class=\"elementor-column elementor-col-50 elementor-top-column elementor-element elementor-element-72e3e96\" data-id=\"72e3e96\" data-element_type=\"column\" data-e-type=\"column\">\n\t\t\t<div class=\"elementor-widget-wrap elementor-element-populated\">\n\t\t\t\t\t\t<div class=\"elementor-element elementor-element-ae39af9 elementor-widget elementor-widget-image\" data-id=\"ae39af9\" data-element_type=\"widget\" data-e-type=\"widget\" data-widget_type=\"image.default\">\n\t\t\t\t\t\t\t\t\t\t\t\t\t\t\t\t<a href=\"https:\/\/aujourdhui.ma\/culture\/elle-retrouve-la-lumiere-au-comptoir-des-mines-galerie-la-pionniere-latifa-toujani-celebree-a-marrakech\" target=\"_blank\">\n\t\t\t\t\t\t\t<img loading=\"lazy\" decoding=\"async\" width=\"2200\" height=\"1553\" src=\"https:\/\/cmgmarrakech.com\/wp-content\/uploads\/2025\/05\/Latifa-Toujani-Latifa-Pionniere-aussi-2.jpg\" class=\"attachment-full size-full wp-image-15860\" alt=\"\" srcset=\"https:\/\/cmgmarrakech.com\/wp-content\/uploads\/2025\/05\/Latifa-Toujani-Latifa-Pionniere-aussi-2.jpg 2200w, https:\/\/cmgmarrakech.com\/wp-content\/uploads\/2025\/05\/Latifa-Toujani-Latifa-Pionniere-aussi-2-300x212.jpg 300w, https:\/\/cmgmarrakech.com\/wp-content\/uploads\/2025\/05\/Latifa-Toujani-Latifa-Pionniere-aussi-2-1024x723.jpg 1024w, https:\/\/cmgmarrakech.com\/wp-content\/uploads\/2025\/05\/Latifa-Toujani-Latifa-Pionniere-aussi-2-768x542.jpg 768w, https:\/\/cmgmarrakech.com\/wp-content\/uploads\/2025\/05\/Latifa-Toujani-Latifa-Pionniere-aussi-2-1536x1084.jpg 1536w, https:\/\/cmgmarrakech.com\/wp-content\/uploads\/2025\/05\/Latifa-Toujani-Latifa-Pionniere-aussi-2-2048x1446.jpg 2048w, https:\/\/cmgmarrakech.com\/wp-content\/uploads\/2025\/05\/Latifa-Toujani-Latifa-Pionniere-aussi-2-18x12.jpg 18w, https:\/\/cmgmarrakech.com\/wp-content\/uploads\/2025\/05\/Latifa-Toujani-Latifa-Pionniere-aussi-2-345x245.jpg 345w, https:\/\/cmgmarrakech.com\/wp-content\/uploads\/2025\/05\/Latifa-Toujani-Latifa-Pionniere-aussi-2-415x293.jpg 415w, https:\/\/cmgmarrakech.com\/wp-content\/uploads\/2025\/05\/Latifa-Toujani-Latifa-Pionniere-aussi-2-650x459.jpg 650w, https:\/\/cmgmarrakech.com\/wp-content\/uploads\/2025\/05\/Latifa-Toujani-Latifa-Pionniere-aussi-2-250x176.jpg 250w\" sizes=\"(max-width: 2200px) 100vw, 2200px\" \/>\t\t\t\t\t\t\t\t<\/a>\n\t\t\t\t\t\t\t\t\t\t\t\t\t\t\t<\/div>\n\t\t\t\t<div class=\"elementor-element elementor-element-fca48e4 elementor-widget elementor-widget-heading\" data-id=\"fca48e4\" data-element_type=\"widget\" data-e-type=\"widget\" data-widget_type=\"heading.default\">\n\t\t\t\t\t<h2 class=\"elementor-heading-title elementor-size-default\"><a href=\"https:\/\/aujourdhui.ma\/culture\/elle-retrouve-la-lumiere-au-comptoir-des-mines-galerie-la-pionniere-latifa-toujani-celebree-a-marrakech\" target=\"_blank\">Elle retrouve la lumi\u00e8re au Comptoir des Mines Galerie: La pionni\u00e8re Latifa Toujani c\u00e9l\u00e9br\u00e9e \u00e0 Marrakech<\/a><\/h2>\t\t\t\t<\/div>\n\t\t\t\t<div class=\"elementor-element elementor-element-d66d430 elementor-widget elementor-widget-text-editor\" data-id=\"d66d430\" data-element_type=\"widget\" data-e-type=\"widget\" data-widget_type=\"text-editor.default\">\n\t\t\t\t\t\t\t\t\t<p>Aujourd\u2019hui Le Maroc<\/p>\t\t\t\t\t\t\t\t<\/div>\n\t\t\t\t\t<\/div>\n\t\t<\/div>\n\t\t\t\t\t<\/div>\n\t\t<\/section>\n\t\t\t\t<section class=\"elementor-section elementor-top-section elementor-element elementor-element-d3eb8a3 animated-slow elementor-section-boxed elementor-section-height-default elementor-section-height-default\" data-id=\"d3eb8a3\" data-element_type=\"section\" data-e-type=\"section\" data-settings=\"{&quot;animation&quot;:&quot;none&quot;}\">\n\t\t\t\t\t\t<div class=\"elementor-container elementor-column-gap-default\">\n\t\t\t\t\t<div class=\"elementor-column elementor-col-50 elementor-top-column elementor-element elementor-element-2f00ab0\" data-id=\"2f00ab0\" data-element_type=\"column\" data-e-type=\"column\">\n\t\t\t<div class=\"elementor-widget-wrap elementor-element-populated\">\n\t\t\t\t\t\t<div class=\"elementor-element elementor-element-7acbdf0 elementor-widget elementor-widget-image\" data-id=\"7acbdf0\" data-element_type=\"widget\" data-e-type=\"widget\" data-widget_type=\"image.default\">\n\t\t\t\t\t\t\t\t\t\t\t\t\t\t\t\t<a href=\"https:\/\/www.timeout.com\/news\/two-cities-in-africa-have-been-crowned-among-the-worlds-best-cultural-destinations-051425\" target=\"_blank\">\n\t\t\t\t\t\t\t<img decoding=\"async\" src=\"https:\/\/media.timeout.com\/images\/106275196\/1920\/1080\/image.webp\" title=\"\" alt=\"\" loading=\"lazy\" \/>\t\t\t\t\t\t\t\t<\/a>\n\t\t\t\t\t\t\t\t\t\t\t\t\t\t\t<\/div>\n\t\t\t\t<div class=\"elementor-element elementor-element-0a77d6b elementor-widget elementor-widget-heading\" data-id=\"0a77d6b\" data-element_type=\"widget\" data-e-type=\"widget\" data-widget_type=\"heading.default\">\n\t\t\t\t\t<h2 class=\"elementor-heading-title elementor-size-default\"><a href=\"https:\/\/www.timeout.com\/news\/two-cities-in-africa-have-been-crowned-among-the-worlds-best-cultural-destinations-051425\" target=\"_blank\">The two African cities crowned among the world\u2019s best cultural destinations<\/a><\/h2>\t\t\t\t<\/div>\n\t\t\t\t<div class=\"elementor-element elementor-element-1be4b8d elementor-widget elementor-widget-text-editor\" data-id=\"1be4b8d\" data-element_type=\"widget\" data-e-type=\"widget\" data-widget_type=\"text-editor.default\">\n\t\t\t\t\t\t\t\t\t<p>Time Out<\/p>\t\t\t\t\t\t\t\t<\/div>\n\t\t\t\t\t<\/div>\n\t\t<\/div>\n\t\t\t\t<div class=\"elementor-column elementor-col-50 elementor-top-column elementor-element elementor-element-a50e996\" data-id=\"a50e996\" data-element_type=\"column\" data-e-type=\"column\">\n\t\t\t<div class=\"elementor-widget-wrap elementor-element-populated\">\n\t\t\t\t\t\t<div class=\"elementor-element elementor-element-5c1f63c elementor-widget elementor-widget-image\" data-id=\"5c1f63c\" data-element_type=\"widget\" data-e-type=\"widget\" data-widget_type=\"image.default\">\n\t\t\t\t\t\t\t\t\t\t\t\t\t\t\t\t<a href=\"https:\/\/vivre-marrakech.com\/actualites-news\/art-culture-exposition-marrakech\/agenda-art-culture-marrakech-troisieme-trimestre-2025\/\" target=\"_blank\">\n\t\t\t\t\t\t\t<img decoding=\"async\" src=\"https:\/\/vivre-marrakech.com\/upload\/agenda%20art%20et%20culture%20marrakech%20%20(1).jpg\" title=\"\" alt=\"\" loading=\"lazy\" \/>\t\t\t\t\t\t\t\t<\/a>\n\t\t\t\t\t\t\t\t\t\t\t\t\t\t\t<\/div>\n\t\t\t\t<div class=\"elementor-element elementor-element-cab7c46 elementor-widget elementor-widget-heading\" data-id=\"cab7c46\" data-element_type=\"widget\" data-e-type=\"widget\" data-widget_type=\"heading.default\">\n\t\t\t\t\t<h2 class=\"elementor-heading-title elementor-size-default\"><a href=\"https:\/\/vivre-marrakech.com\/actualites-news\/art-culture-exposition-marrakech\/agenda-art-culture-marrakech-troisieme-trimestre-2025\/\" target=\"_blank\">WE ARTY revient \u00e0 Marrakech pour sa 2\u00e8me \u00e9dition, un week-end d\u00e9di\u00e9 \u00e0 l\u2019art et \u00e0 la cr\u00e9ation<\/a><\/h2>\t\t\t\t<\/div>\n\t\t\t\t<div class=\"elementor-element elementor-element-8465fa2 elementor-widget elementor-widget-text-editor\" data-id=\"8465fa2\" data-element_type=\"widget\" data-e-type=\"widget\" data-widget_type=\"text-editor.default\">\n\t\t\t\t\t\t\t\t\t<p>Vivre \u00c0 Marrakech<\/p>\t\t\t\t\t\t\t\t<\/div>\n\t\t\t\t\t<\/div>\n\t\t<\/div>\n\t\t\t\t\t<\/div>\n\t\t<\/section>\n\t\t\t\t<section class=\"elementor-section elementor-top-section elementor-element elementor-element-72da532 animated-slow elementor-section-boxed elementor-section-height-default elementor-section-height-default\" data-id=\"72da532\" data-element_type=\"section\" data-e-type=\"section\" data-settings=\"{&quot;animation&quot;:&quot;none&quot;}\">\n\t\t\t\t\t\t<div class=\"elementor-container elementor-column-gap-default\">\n\t\t\t\t\t<div class=\"elementor-column elementor-col-50 elementor-top-column elementor-element elementor-element-bfe3307\" data-id=\"bfe3307\" data-element_type=\"column\" data-e-type=\"column\">\n\t\t\t<div class=\"elementor-widget-wrap elementor-element-populated\">\n\t\t\t\t\t\t<div class=\"elementor-element elementor-element-8e736a8 elementor-widget elementor-widget-image\" data-id=\"8e736a8\" data-element_type=\"widget\" data-e-type=\"widget\" data-widget_type=\"image.default\">\n\t\t\t\t\t\t\t\t\t\t\t\t\t\t\t\t<a href=\"https:\/\/lobservateur.info\/article\/114765\/culture\/-latifa-pionniere-aussi-le-comptoir-des-mines-rend-hommage-a-latifa-toujani\" target=\"_blank\">\n\t\t\t\t\t\t\t<img loading=\"lazy\" decoding=\"async\" width=\"2200\" height=\"1553\" src=\"https:\/\/cmgmarrakech.com\/wp-content\/uploads\/2025\/05\/Latifa-Toujani-Latifa-Pionniere-aussi-4.jpg\" class=\"attachment-full size-full wp-image-15859\" alt=\"\" srcset=\"https:\/\/cmgmarrakech.com\/wp-content\/uploads\/2025\/05\/Latifa-Toujani-Latifa-Pionniere-aussi-4.jpg 2200w, https:\/\/cmgmarrakech.com\/wp-content\/uploads\/2025\/05\/Latifa-Toujani-Latifa-Pionniere-aussi-4-300x212.jpg 300w, https:\/\/cmgmarrakech.com\/wp-content\/uploads\/2025\/05\/Latifa-Toujani-Latifa-Pionniere-aussi-4-1024x723.jpg 1024w, https:\/\/cmgmarrakech.com\/wp-content\/uploads\/2025\/05\/Latifa-Toujani-Latifa-Pionniere-aussi-4-768x542.jpg 768w, https:\/\/cmgmarrakech.com\/wp-content\/uploads\/2025\/05\/Latifa-Toujani-Latifa-Pionniere-aussi-4-1536x1084.jpg 1536w, https:\/\/cmgmarrakech.com\/wp-content\/uploads\/2025\/05\/Latifa-Toujani-Latifa-Pionniere-aussi-4-2048x1446.jpg 2048w, https:\/\/cmgmarrakech.com\/wp-content\/uploads\/2025\/05\/Latifa-Toujani-Latifa-Pionniere-aussi-4-18x12.jpg 18w, https:\/\/cmgmarrakech.com\/wp-content\/uploads\/2025\/05\/Latifa-Toujani-Latifa-Pionniere-aussi-4-345x245.jpg 345w, https:\/\/cmgmarrakech.com\/wp-content\/uploads\/2025\/05\/Latifa-Toujani-Latifa-Pionniere-aussi-4-415x293.jpg 415w, https:\/\/cmgmarrakech.com\/wp-content\/uploads\/2025\/05\/Latifa-Toujani-Latifa-Pionniere-aussi-4-650x459.jpg 650w, https:\/\/cmgmarrakech.com\/wp-content\/uploads\/2025\/05\/Latifa-Toujani-Latifa-Pionniere-aussi-4-250x176.jpg 250w\" sizes=\"(max-width: 2200px) 100vw, 2200px\" \/>\t\t\t\t\t\t\t\t<\/a>\n\t\t\t\t\t\t\t\t\t\t\t\t\t\t\t<\/div>\n\t\t\t\t<div class=\"elementor-element elementor-element-e28bf5a elementor-widget elementor-widget-heading\" data-id=\"e28bf5a\" data-element_type=\"widget\" data-e-type=\"widget\" data-widget_type=\"heading.default\">\n\t\t\t\t\t<h2 class=\"elementor-heading-title elementor-size-default\"><a href=\"https:\/\/lobservateur.info\/article\/114765\/culture\/-latifa-pionniere-aussi-le-comptoir-des-mines-rend-hommage-a-latifa-toujani\" target=\"_blank\">\u00ab Latifa, pionni\u00e8re aussi ! \u00bb : Le comptoir des mines rend hommage \u00e0 Latifa Toujani<\/a><\/h2>\t\t\t\t<\/div>\n\t\t\t\t<div class=\"elementor-element elementor-element-624a961 elementor-widget elementor-widget-text-editor\" data-id=\"624a961\" data-element_type=\"widget\" data-e-type=\"widget\" data-widget_type=\"text-editor.default\">\n\t\t\t\t\t\t\t\t\t<p>lobservateur.info<\/p>\t\t\t\t\t\t\t\t<\/div>\n\t\t\t\t\t<\/div>\n\t\t<\/div>\n\t\t\t\t<div class=\"elementor-column elementor-col-50 elementor-top-column elementor-element elementor-element-3d0fa86\" data-id=\"3d0fa86\" data-element_type=\"column\" data-e-type=\"column\">\n\t\t\t<div class=\"elementor-widget-wrap elementor-element-populated\">\n\t\t\t\t\t\t<div class=\"elementor-element elementor-element-74c9136 elementor-widget elementor-widget-image\" data-id=\"74c9136\" data-element_type=\"widget\" data-e-type=\"widget\" data-widget_type=\"image.default\">\n\t\t\t\t\t\t\t\t\t\t\t\t\t\t\t\t<a href=\"https:\/\/www.decoactuelle.ma\/latifa-pionniere-aussi-une-exposition-individuelle-de-latifa-toujani-du-24-mai-au-15-juillet-2025-comptoir-des-mines-galerie-marrakech\/\" target=\"_blank\">\n\t\t\t\t\t\t\t<img loading=\"lazy\" decoding=\"async\" width=\"2200\" height=\"1553\" src=\"https:\/\/cmgmarrakech.com\/wp-content\/uploads\/2025\/05\/Latifa-Toujani-Latifa-Pionniere-aussi-3.jpg\" class=\"attachment-full size-full wp-image-15857\" alt=\"\" srcset=\"https:\/\/cmgmarrakech.com\/wp-content\/uploads\/2025\/05\/Latifa-Toujani-Latifa-Pionniere-aussi-3.jpg 2200w, https:\/\/cmgmarrakech.com\/wp-content\/uploads\/2025\/05\/Latifa-Toujani-Latifa-Pionniere-aussi-3-300x212.jpg 300w, https:\/\/cmgmarrakech.com\/wp-content\/uploads\/2025\/05\/Latifa-Toujani-Latifa-Pionniere-aussi-3-1024x723.jpg 1024w, https:\/\/cmgmarrakech.com\/wp-content\/uploads\/2025\/05\/Latifa-Toujani-Latifa-Pionniere-aussi-3-768x542.jpg 768w, https:\/\/cmgmarrakech.com\/wp-content\/uploads\/2025\/05\/Latifa-Toujani-Latifa-Pionniere-aussi-3-1536x1084.jpg 1536w, https:\/\/cmgmarrakech.com\/wp-content\/uploads\/2025\/05\/Latifa-Toujani-Latifa-Pionniere-aussi-3-2048x1446.jpg 2048w, https:\/\/cmgmarrakech.com\/wp-content\/uploads\/2025\/05\/Latifa-Toujani-Latifa-Pionniere-aussi-3-18x12.jpg 18w, https:\/\/cmgmarrakech.com\/wp-content\/uploads\/2025\/05\/Latifa-Toujani-Latifa-Pionniere-aussi-3-345x245.jpg 345w, https:\/\/cmgmarrakech.com\/wp-content\/uploads\/2025\/05\/Latifa-Toujani-Latifa-Pionniere-aussi-3-415x293.jpg 415w, https:\/\/cmgmarrakech.com\/wp-content\/uploads\/2025\/05\/Latifa-Toujani-Latifa-Pionniere-aussi-3-650x459.jpg 650w, https:\/\/cmgmarrakech.com\/wp-content\/uploads\/2025\/05\/Latifa-Toujani-Latifa-Pionniere-aussi-3-250x176.jpg 250w\" sizes=\"(max-width: 2200px) 100vw, 2200px\" \/>\t\t\t\t\t\t\t\t<\/a>\n\t\t\t\t\t\t\t\t\t\t\t\t\t\t\t<\/div>\n\t\t\t\t<div class=\"elementor-element elementor-element-0fbd408 elementor-widget elementor-widget-heading\" data-id=\"0fbd408\" data-element_type=\"widget\" data-e-type=\"widget\" data-widget_type=\"heading.default\">\n\t\t\t\t\t<h2 class=\"elementor-heading-title elementor-size-default\"><a href=\"https:\/\/www.decoactuelle.ma\/latifa-pionniere-aussi-une-exposition-individuelle-de-latifa-toujani-du-24-mai-au-15-juillet-2025-comptoir-des-mines-galerie-marrakech\/\" target=\"_blank\">\u2018Latifa, Pionni\u00e8re Aussi !\u2019, une exposition individuelle de Latifa Toujani Du 24 Mai au 15 Juillet 2025, Comptoir des Mines Galerie, Marrakech<\/a><\/h2>\t\t\t\t<\/div>\n\t\t\t\t<div class=\"elementor-element elementor-element-5841b24 elementor-widget elementor-widget-text-editor\" data-id=\"5841b24\" data-element_type=\"widget\" data-e-type=\"widget\" data-widget_type=\"text-editor.default\">\n\t\t\t\t\t\t\t\t\t<p>Deco Actuelle\u00a0<\/p>\t\t\t\t\t\t\t\t<\/div>\n\t\t\t\t\t<\/div>\n\t\t<\/div>\n\t\t\t\t\t<\/div>\n\t\t<\/section>\n\t\t\t\t<section class=\"elementor-section elementor-top-section elementor-element elementor-element-c422cfd animated-slow elementor-section-boxed elementor-section-height-default elementor-section-height-default\" data-id=\"c422cfd\" data-element_type=\"section\" data-e-type=\"section\" data-settings=\"{&quot;animation&quot;:&quot;none&quot;}\">\n\t\t\t\t\t\t<div class=\"elementor-container elementor-column-gap-default\">\n\t\t\t\t\t<div class=\"elementor-column elementor-col-50 elementor-top-column elementor-element elementor-element-6c9b401\" data-id=\"6c9b401\" data-element_type=\"column\" data-e-type=\"column\">\n\t\t\t<div class=\"elementor-widget-wrap elementor-element-populated\">\n\t\t\t\t\t\t<div class=\"elementor-element elementor-element-b49c6a3 elementor-widget elementor-widget-image\" data-id=\"b49c6a3\" data-element_type=\"widget\" data-e-type=\"widget\" data-widget_type=\"image.default\">\n\t\t\t\t\t\t\t\t\t\t\t\t\t\t\t\t<a href=\"https:\/\/lobservateur.info\/article\/114765\/culture\/-latifa-pionniere-aussi-le-comptoir-des-mines-rend-hommage-a-latifa-toujani\" target=\"_blank\">\n\t\t\t\t\t\t\t<img loading=\"lazy\" decoding=\"async\" width=\"2200\" height=\"1553\" src=\"https:\/\/cmgmarrakech.com\/wp-content\/uploads\/2025\/05\/Latifa-Toujani-Latifa-Pionniere-aussi-4.jpg\" class=\"attachment-full size-full wp-image-15859\" alt=\"\" srcset=\"https:\/\/cmgmarrakech.com\/wp-content\/uploads\/2025\/05\/Latifa-Toujani-Latifa-Pionniere-aussi-4.jpg 2200w, https:\/\/cmgmarrakech.com\/wp-content\/uploads\/2025\/05\/Latifa-Toujani-Latifa-Pionniere-aussi-4-300x212.jpg 300w, https:\/\/cmgmarrakech.com\/wp-content\/uploads\/2025\/05\/Latifa-Toujani-Latifa-Pionniere-aussi-4-1024x723.jpg 1024w, https:\/\/cmgmarrakech.com\/wp-content\/uploads\/2025\/05\/Latifa-Toujani-Latifa-Pionniere-aussi-4-768x542.jpg 768w, https:\/\/cmgmarrakech.com\/wp-content\/uploads\/2025\/05\/Latifa-Toujani-Latifa-Pionniere-aussi-4-1536x1084.jpg 1536w, https:\/\/cmgmarrakech.com\/wp-content\/uploads\/2025\/05\/Latifa-Toujani-Latifa-Pionniere-aussi-4-2048x1446.jpg 2048w, https:\/\/cmgmarrakech.com\/wp-content\/uploads\/2025\/05\/Latifa-Toujani-Latifa-Pionniere-aussi-4-18x12.jpg 18w, https:\/\/cmgmarrakech.com\/wp-content\/uploads\/2025\/05\/Latifa-Toujani-Latifa-Pionniere-aussi-4-345x245.jpg 345w, https:\/\/cmgmarrakech.com\/wp-content\/uploads\/2025\/05\/Latifa-Toujani-Latifa-Pionniere-aussi-4-415x293.jpg 415w, https:\/\/cmgmarrakech.com\/wp-content\/uploads\/2025\/05\/Latifa-Toujani-Latifa-Pionniere-aussi-4-650x459.jpg 650w, https:\/\/cmgmarrakech.com\/wp-content\/uploads\/2025\/05\/Latifa-Toujani-Latifa-Pionniere-aussi-4-250x176.jpg 250w\" sizes=\"(max-width: 2200px) 100vw, 2200px\" \/>\t\t\t\t\t\t\t\t<\/a>\n\t\t\t\t\t\t\t\t\t\t\t\t\t\t\t<\/div>\n\t\t\t\t<div class=\"elementor-element elementor-element-86b984b elementor-widget elementor-widget-heading\" data-id=\"86b984b\" data-element_type=\"widget\" data-e-type=\"widget\" data-widget_type=\"heading.default\">\n\t\t\t\t\t<h2 class=\"elementor-heading-title elementor-size-default\"><a href=\"https:\/\/lobservateur.info\/article\/114765\/culture\/-latifa-pionniere-aussi-le-comptoir-des-mines-rend-hommage-a-latifa-toujani\" target=\"_blank\">\u00ab Latifa, pionni\u00e8re aussi ! \u00bb : Le comptoir des mines rend hommage \u00e0 Latifa Toujani<\/a><\/h2>\t\t\t\t<\/div>\n\t\t\t\t<div class=\"elementor-element elementor-element-ef1f99b elementor-widget elementor-widget-text-editor\" data-id=\"ef1f99b\" data-element_type=\"widget\" data-e-type=\"widget\" data-widget_type=\"text-editor.default\">\n\t\t\t\t\t\t\t\t\t<p>lobservateur.info<\/p>\t\t\t\t\t\t\t\t<\/div>\n\t\t\t\t\t<\/div>\n\t\t<\/div>\n\t\t\t\t<div class=\"elementor-column elementor-col-50 elementor-top-column elementor-element elementor-element-d4bc36f\" data-id=\"d4bc36f\" data-element_type=\"column\" data-e-type=\"column\">\n\t\t\t<div class=\"elementor-widget-wrap elementor-element-populated\">\n\t\t\t\t\t\t<div class=\"elementor-element elementor-element-60205a4 elementor-widget elementor-widget-image\" data-id=\"60205a4\" data-element_type=\"widget\" data-e-type=\"widget\" data-widget_type=\"image.default\">\n\t\t\t\t\t\t\t\t\t\t\t\t\t\t\t\t<a href=\"https:\/\/actuelles.ma\/latifa-pionniere-aussi-une-expo-hommage-a-marrakech\/\" target=\"_blank\">\n\t\t\t\t\t\t\t<img loading=\"lazy\" decoding=\"async\" width=\"2200\" height=\"1553\" src=\"https:\/\/cmgmarrakech.com\/wp-content\/uploads\/2025\/05\/Latifa-Toujani-Latifa-Pionniere-aussi-1.jpg\" class=\"attachment-full size-full wp-image-15858\" alt=\"\" srcset=\"https:\/\/cmgmarrakech.com\/wp-content\/uploads\/2025\/05\/Latifa-Toujani-Latifa-Pionniere-aussi-1.jpg 2200w, https:\/\/cmgmarrakech.com\/wp-content\/uploads\/2025\/05\/Latifa-Toujani-Latifa-Pionniere-aussi-1-300x212.jpg 300w, https:\/\/cmgmarrakech.com\/wp-content\/uploads\/2025\/05\/Latifa-Toujani-Latifa-Pionniere-aussi-1-1024x723.jpg 1024w, https:\/\/cmgmarrakech.com\/wp-content\/uploads\/2025\/05\/Latifa-Toujani-Latifa-Pionniere-aussi-1-768x542.jpg 768w, https:\/\/cmgmarrakech.com\/wp-content\/uploads\/2025\/05\/Latifa-Toujani-Latifa-Pionniere-aussi-1-1536x1084.jpg 1536w, https:\/\/cmgmarrakech.com\/wp-content\/uploads\/2025\/05\/Latifa-Toujani-Latifa-Pionniere-aussi-1-2048x1446.jpg 2048w, https:\/\/cmgmarrakech.com\/wp-content\/uploads\/2025\/05\/Latifa-Toujani-Latifa-Pionniere-aussi-1-18x12.jpg 18w, https:\/\/cmgmarrakech.com\/wp-content\/uploads\/2025\/05\/Latifa-Toujani-Latifa-Pionniere-aussi-1-345x245.jpg 345w, https:\/\/cmgmarrakech.com\/wp-content\/uploads\/2025\/05\/Latifa-Toujani-Latifa-Pionniere-aussi-1-415x293.jpg 415w, https:\/\/cmgmarrakech.com\/wp-content\/uploads\/2025\/05\/Latifa-Toujani-Latifa-Pionniere-aussi-1-650x459.jpg 650w, https:\/\/cmgmarrakech.com\/wp-content\/uploads\/2025\/05\/Latifa-Toujani-Latifa-Pionniere-aussi-1-250x176.jpg 250w\" sizes=\"(max-width: 2200px) 100vw, 2200px\" \/>\t\t\t\t\t\t\t\t<\/a>\n\t\t\t\t\t\t\t\t\t\t\t\t\t\t\t<\/div>\n\t\t\t\t<div class=\"elementor-element elementor-element-738a943 elementor-widget elementor-widget-heading\" data-id=\"738a943\" data-element_type=\"widget\" data-e-type=\"widget\" data-widget_type=\"heading.default\">\n\t\t\t\t\t<h2 class=\"elementor-heading-title elementor-size-default\"><a href=\"https:\/\/actuelles.ma\/latifa-pionniere-aussi-une-expo-hommage-a-marrakech\/\" target=\"_blank\">\u00ab Latifa, Pionni\u00e8re Aussi ! \u00bb, une expo hommage \u00e0 Marrakech<\/a><\/h2>\t\t\t\t<\/div>\n\t\t\t\t<div class=\"elementor-element elementor-element-9622992 elementor-widget elementor-widget-text-editor\" data-id=\"9622992\" data-element_type=\"widget\" data-e-type=\"widget\" data-widget_type=\"text-editor.default\">\n\t\t\t\t\t\t\t\t\t<p>Actuelles<\/p>\t\t\t\t\t\t\t\t<\/div>\n\t\t\t\t\t<\/div>\n\t\t<\/div>\n\t\t\t\t\t<\/div>\n\t\t<\/section>\n\t\t\t\t<section class=\"elementor-section elementor-top-section elementor-element elementor-element-2f4be1f animated-slow elementor-section-boxed elementor-section-height-default elementor-section-height-default\" data-id=\"2f4be1f\" data-element_type=\"section\" data-e-type=\"section\" data-settings=\"{&quot;animation&quot;:&quot;none&quot;}\">\n\t\t\t\t\t\t<div class=\"elementor-container elementor-column-gap-default\">\n\t\t\t\t\t<div class=\"elementor-column elementor-col-50 elementor-top-column elementor-element elementor-element-cb58c5d\" data-id=\"cb58c5d\" data-element_type=\"column\" data-e-type=\"column\">\n\t\t\t<div class=\"elementor-widget-wrap elementor-element-populated\">\n\t\t\t\t\t\t<div class=\"elementor-element elementor-element-e0e38a0 elementor-widget elementor-widget-image\" data-id=\"e0e38a0\" data-element_type=\"widget\" data-e-type=\"widget\" data-widget_type=\"image.default\">\n\t\t\t\t\t\t\t\t\t\t\t\t\t\t\t\t<a href=\"https:\/\/aemagazine.ma\/derives-lattendue-consecration-de-simohammed-fettaka\/\" target=\"_blank\">\n\t\t\t\t\t\t\t<img loading=\"lazy\" decoding=\"async\" width=\"2000\" height=\"1334\" src=\"https:\/\/cmgmarrakech.com\/wp-content\/uploads\/2025\/04\/Derives_Simohammed-Fettaka-2025-10.jpg\" class=\"attachment-full size-full wp-image-15162\" alt=\"\" srcset=\"https:\/\/cmgmarrakech.com\/wp-content\/uploads\/2025\/04\/Derives_Simohammed-Fettaka-2025-10.jpg 2000w, https:\/\/cmgmarrakech.com\/wp-content\/uploads\/2025\/04\/Derives_Simohammed-Fettaka-2025-10-300x200.jpg 300w, https:\/\/cmgmarrakech.com\/wp-content\/uploads\/2025\/04\/Derives_Simohammed-Fettaka-2025-10-1024x683.jpg 1024w, https:\/\/cmgmarrakech.com\/wp-content\/uploads\/2025\/04\/Derives_Simohammed-Fettaka-2025-10-768x512.jpg 768w, https:\/\/cmgmarrakech.com\/wp-content\/uploads\/2025\/04\/Derives_Simohammed-Fettaka-2025-10-1536x1025.jpg 1536w, https:\/\/cmgmarrakech.com\/wp-content\/uploads\/2025\/04\/Derives_Simohammed-Fettaka-2025-10-18x12.jpg 18w, https:\/\/cmgmarrakech.com\/wp-content\/uploads\/2025\/04\/Derives_Simohammed-Fettaka-2025-10-415x277.jpg 415w, https:\/\/cmgmarrakech.com\/wp-content\/uploads\/2025\/04\/Derives_Simohammed-Fettaka-2025-10-650x434.jpg 650w, https:\/\/cmgmarrakech.com\/wp-content\/uploads\/2025\/04\/Derives_Simohammed-Fettaka-2025-10-250x167.jpg 250w\" sizes=\"(max-width: 2000px) 100vw, 2000px\" \/>\t\t\t\t\t\t\t\t<\/a>\n\t\t\t\t\t\t\t\t\t\t\t\t\t\t\t<\/div>\n\t\t\t\t<div class=\"elementor-element elementor-element-7b8d6ca elementor-widget elementor-widget-heading\" data-id=\"7b8d6ca\" data-element_type=\"widget\" data-e-type=\"widget\" data-widget_type=\"heading.default\">\n\t\t\t\t\t<h2 class=\"elementor-heading-title elementor-size-default\"><a href=\"https:\/\/aemagazine.ma\/derives-lattendue-consecration-de-simohammed-fettaka\/\" target=\"_blank\">D\u00e9rives : l\u2019attendue cons\u00e9cration de Simohammed Fettaka<\/a><\/h2>\t\t\t\t<\/div>\n\t\t\t\t<div class=\"elementor-element elementor-element-92912c1 elementor-widget elementor-widget-text-editor\" data-id=\"92912c1\" data-element_type=\"widget\" data-e-type=\"widget\" data-widget_type=\"text-editor.default\">\n\t\t\t\t\t\t\t\t\t<p>A+E magazine<\/p>\t\t\t\t\t\t\t\t<\/div>\n\t\t\t\t\t<\/div>\n\t\t<\/div>\n\t\t\t\t<div class=\"elementor-column elementor-col-50 elementor-top-column elementor-element elementor-element-c765665\" data-id=\"c765665\" data-element_type=\"column\" data-e-type=\"column\">\n\t\t\t<div class=\"elementor-widget-wrap elementor-element-populated\">\n\t\t\t\t\t\t<div class=\"elementor-element elementor-element-45d2f82 elementor-widget elementor-widget-image\" data-id=\"45d2f82\" data-element_type=\"widget\" data-e-type=\"widget\" data-widget_type=\"image.default\">\n\t\t\t\t\t\t\t\t\t\t\t\t\t\t\t\t<a href=\"https:\/\/lematin.ma\/culture\/simohammed-fettaka-expose-ses-derives-au-comptoir-des-mines-galerie\/277870\" target=\"_blank\">\n\t\t\t\t\t\t\t<img loading=\"lazy\" decoding=\"async\" width=\"2560\" height=\"1920\" src=\"https:\/\/cmgmarrakech.com\/wp-content\/uploads\/2025\/04\/Derives-_-Simohammed-Fettaka-02.05-15.07.25-5-scaled.jpeg\" class=\"attachment-full size-full wp-image-15172\" alt=\"\" srcset=\"https:\/\/cmgmarrakech.com\/wp-content\/uploads\/2025\/04\/Derives-_-Simohammed-Fettaka-02.05-15.07.25-5-scaled.jpeg 2560w, https:\/\/cmgmarrakech.com\/wp-content\/uploads\/2025\/04\/Derives-_-Simohammed-Fettaka-02.05-15.07.25-5-300x225.jpeg 300w, https:\/\/cmgmarrakech.com\/wp-content\/uploads\/2025\/04\/Derives-_-Simohammed-Fettaka-02.05-15.07.25-5-1024x768.jpeg 1024w, https:\/\/cmgmarrakech.com\/wp-content\/uploads\/2025\/04\/Derives-_-Simohammed-Fettaka-02.05-15.07.25-5-768x576.jpeg 768w, https:\/\/cmgmarrakech.com\/wp-content\/uploads\/2025\/04\/Derives-_-Simohammed-Fettaka-02.05-15.07.25-5-1536x1152.jpeg 1536w, https:\/\/cmgmarrakech.com\/wp-content\/uploads\/2025\/04\/Derives-_-Simohammed-Fettaka-02.05-15.07.25-5-2048x1536.jpeg 2048w, https:\/\/cmgmarrakech.com\/wp-content\/uploads\/2025\/04\/Derives-_-Simohammed-Fettaka-02.05-15.07.25-5-16x12.jpeg 16w, https:\/\/cmgmarrakech.com\/wp-content\/uploads\/2025\/04\/Derives-_-Simohammed-Fettaka-02.05-15.07.25-5-640x480.jpeg 640w, https:\/\/cmgmarrakech.com\/wp-content\/uploads\/2025\/04\/Derives-_-Simohammed-Fettaka-02.05-15.07.25-5-415x311.jpeg 415w, https:\/\/cmgmarrakech.com\/wp-content\/uploads\/2025\/04\/Derives-_-Simohammed-Fettaka-02.05-15.07.25-5-650x488.jpeg 650w, https:\/\/cmgmarrakech.com\/wp-content\/uploads\/2025\/04\/Derives-_-Simohammed-Fettaka-02.05-15.07.25-5-250x188.jpeg 250w\" sizes=\"(max-width: 2560px) 100vw, 2560px\" \/>\t\t\t\t\t\t\t\t<\/a>\n\t\t\t\t\t\t\t\t\t\t\t\t\t\t\t<\/div>\n\t\t\t\t<div class=\"elementor-element elementor-element-2f8c475 elementor-widget elementor-widget-heading\" data-id=\"2f8c475\" data-element_type=\"widget\" data-e-type=\"widget\" data-widget_type=\"heading.default\">\n\t\t\t\t\t<h2 class=\"elementor-heading-title elementor-size-default\"><a href=\"https:\/\/lematin.ma\/culture\/simohammed-fettaka-expose-ses-derives-au-comptoir-des-mines-galerie\/277870\" target=\"_blank\">Simohammed Fettaka expose ses \u00abD\u00e9rives\u00bb au Comptoir des Mines Galerie<\/a><\/h2>\t\t\t\t<\/div>\n\t\t\t\t<div class=\"elementor-element elementor-element-874d15d elementor-widget elementor-widget-text-editor\" data-id=\"874d15d\" data-element_type=\"widget\" data-e-type=\"widget\" data-widget_type=\"text-editor.default\">\n\t\t\t\t\t\t\t\t\t<p>Le Matin<\/p>\t\t\t\t\t\t\t\t<\/div>\n\t\t\t\t\t<\/div>\n\t\t<\/div>\n\t\t\t\t\t<\/div>\n\t\t<\/section>\n\t\t\t\t<section class=\"elementor-section elementor-top-section elementor-element elementor-element-b5d59b6 animated-slow elementor-section-boxed elementor-section-height-default elementor-section-height-default\" data-id=\"b5d59b6\" data-element_type=\"section\" data-e-type=\"section\" data-settings=\"{&quot;animation&quot;:&quot;none&quot;}\">\n\t\t\t\t\t\t<div class=\"elementor-container elementor-column-gap-default\">\n\t\t\t\t\t<div class=\"elementor-column elementor-col-50 elementor-top-column elementor-element elementor-element-0f45cc6\" data-id=\"0f45cc6\" data-element_type=\"column\" data-e-type=\"column\">\n\t\t\t<div class=\"elementor-widget-wrap elementor-element-populated\">\n\t\t\t\t\t\t<div class=\"elementor-element elementor-element-7b4ffdc elementor-widget elementor-widget-image\" data-id=\"7b4ffdc\" data-element_type=\"widget\" data-e-type=\"widget\" data-widget_type=\"image.default\">\n\t\t\t\t\t\t\t\t\t\t\t\t\t\t\t\t<a href=\"https:\/\/www.madein.city\/marrakech\/fr\/stories\/we-arty-revient-a-marrakech-pour-sa-2eme-edition-un-week-end-dedie-a-lart-et-a-la-creation-erykzp3m2u9f21v8765z7fwi\/\" target=\"_blank\">\n\t\t\t\t\t\t\t<img loading=\"lazy\" decoding=\"async\" width=\"2560\" height=\"1920\" src=\"https:\/\/cmgmarrakech.com\/wp-content\/uploads\/2025\/04\/Derives-_-Simohammed-Fettaka-02.05-15.07.25-3-scaled.jpeg\" class=\"attachment-full size-full wp-image-15166\" alt=\"\" srcset=\"https:\/\/cmgmarrakech.com\/wp-content\/uploads\/2025\/04\/Derives-_-Simohammed-Fettaka-02.05-15.07.25-3-scaled.jpeg 2560w, https:\/\/cmgmarrakech.com\/wp-content\/uploads\/2025\/04\/Derives-_-Simohammed-Fettaka-02.05-15.07.25-3-300x225.jpeg 300w, https:\/\/cmgmarrakech.com\/wp-content\/uploads\/2025\/04\/Derives-_-Simohammed-Fettaka-02.05-15.07.25-3-1024x768.jpeg 1024w, https:\/\/cmgmarrakech.com\/wp-content\/uploads\/2025\/04\/Derives-_-Simohammed-Fettaka-02.05-15.07.25-3-768x576.jpeg 768w, https:\/\/cmgmarrakech.com\/wp-content\/uploads\/2025\/04\/Derives-_-Simohammed-Fettaka-02.05-15.07.25-3-1536x1152.jpeg 1536w, https:\/\/cmgmarrakech.com\/wp-content\/uploads\/2025\/04\/Derives-_-Simohammed-Fettaka-02.05-15.07.25-3-2048x1536.jpeg 2048w, https:\/\/cmgmarrakech.com\/wp-content\/uploads\/2025\/04\/Derives-_-Simohammed-Fettaka-02.05-15.07.25-3-16x12.jpeg 16w, https:\/\/cmgmarrakech.com\/wp-content\/uploads\/2025\/04\/Derives-_-Simohammed-Fettaka-02.05-15.07.25-3-640x480.jpeg 640w\" sizes=\"(max-width: 2560px) 100vw, 2560px\" \/>\t\t\t\t\t\t\t\t<\/a>\n\t\t\t\t\t\t\t\t\t\t\t\t\t\t\t<\/div>\n\t\t\t\t<div class=\"elementor-element elementor-element-b58c978 elementor-widget elementor-widget-heading\" data-id=\"b58c978\" data-element_type=\"widget\" data-e-type=\"widget\" data-widget_type=\"heading.default\">\n\t\t\t\t\t<h2 class=\"elementor-heading-title elementor-size-default\"><a href=\"https:\/\/www.madein.city\/marrakech\/fr\/stories\/we-arty-revient-a-marrakech-pour-sa-2eme-edition-un-week-end-dedie-a-lart-et-a-la-creation-erykzp3m2u9f21v8765z7fwi\/\" target=\"_blank\">WE ARTY revient \u00e0 Marrakech pour sa 2\u00e8me \u00e9dition, un week-end d\u00e9di\u00e9 \u00e0 l\u2019art et \u00e0 la cr\u00e9ation<\/a><\/h2>\t\t\t\t<\/div>\n\t\t\t\t<div class=\"elementor-element elementor-element-9a578ca elementor-widget elementor-widget-text-editor\" data-id=\"9a578ca\" data-element_type=\"widget\" data-e-type=\"widget\" data-widget_type=\"text-editor.default\">\n\t\t\t\t\t\t\t\t\t<p>Made In City<\/p>\t\t\t\t\t\t\t\t<\/div>\n\t\t\t\t\t<\/div>\n\t\t<\/div>\n\t\t\t\t<div class=\"elementor-column elementor-col-50 elementor-top-column elementor-element elementor-element-781f58a\" data-id=\"781f58a\" data-element_type=\"column\" data-e-type=\"column\">\n\t\t\t<div class=\"elementor-widget-wrap elementor-element-populated\">\n\t\t\t\t\t\t<div class=\"elementor-element elementor-element-9b1dd4f elementor-widget elementor-widget-image\" data-id=\"9b1dd4f\" data-element_type=\"widget\" data-e-type=\"widget\" data-widget_type=\"image.default\">\n\t\t\t\t\t\t\t\t\t\t\t\t\t\t\t\t<a href=\"https:\/\/tourismenews.ma\/exposition-derives-de-simohammed-fettaka-au-comptoir-des-mines-galerie\/\" target=\"_blank\">\n\t\t\t\t\t\t\t<img loading=\"lazy\" decoding=\"async\" width=\"2560\" height=\"1920\" src=\"https:\/\/cmgmarrakech.com\/wp-content\/uploads\/2025\/04\/Derives-_-Simohammed-Fettaka-02.05-15.07.25-2-scaled.jpeg\" class=\"attachment-full size-full wp-image-15170\" alt=\"\" srcset=\"https:\/\/cmgmarrakech.com\/wp-content\/uploads\/2025\/04\/Derives-_-Simohammed-Fettaka-02.05-15.07.25-2-scaled.jpeg 2560w, https:\/\/cmgmarrakech.com\/wp-content\/uploads\/2025\/04\/Derives-_-Simohammed-Fettaka-02.05-15.07.25-2-300x225.jpeg 300w\" sizes=\"(max-width: 2560px) 100vw, 2560px\" \/>\t\t\t\t\t\t\t\t<\/a>\n\t\t\t\t\t\t\t\t\t\t\t\t\t\t\t<\/div>\n\t\t\t\t<div class=\"elementor-element elementor-element-c26d5c4 elementor-widget elementor-widget-heading\" data-id=\"c26d5c4\" data-element_type=\"widget\" data-e-type=\"widget\" data-widget_type=\"heading.default\">\n\t\t\t\t\t<h2 class=\"elementor-heading-title elementor-size-default\"><a href=\"https:\/\/tourismenews.ma\/exposition-derives-de-simohammed-fettaka-au-comptoir-des-mines-galerie\/\" target=\"_blank\">Exposition \u00ab D\u00e9rives \u00bb de Simohammed Fettaka au Comptoir des Mines Galerie<\/a><\/h2>\t\t\t\t<\/div>\n\t\t\t\t<div class=\"elementor-element elementor-element-ad9311e elementor-widget elementor-widget-text-editor\" data-id=\"ad9311e\" data-element_type=\"widget\" data-e-type=\"widget\" data-widget_type=\"text-editor.default\">\n\t\t\t\t\t\t\t\t\t<p>Tourisme News<\/p>\t\t\t\t\t\t\t\t<\/div>\n\t\t\t\t\t<\/div>\n\t\t<\/div>\n\t\t\t\t\t<\/div>\n\t\t<\/section>\n\t\t\t\t<section class=\"elementor-section elementor-top-section elementor-element elementor-element-e0b9019 animated-slow elementor-section-boxed elementor-section-height-default elementor-section-height-default\" data-id=\"e0b9019\" data-element_type=\"section\" data-e-type=\"section\" data-settings=\"{&quot;animation&quot;:&quot;none&quot;}\">\n\t\t\t\t\t\t<div class=\"elementor-container elementor-column-gap-default\">\n\t\t\t\t\t<div class=\"elementor-column elementor-col-50 elementor-top-column elementor-element elementor-element-4fd29fe\" data-id=\"4fd29fe\" data-element_type=\"column\" data-e-type=\"column\">\n\t\t\t<div class=\"elementor-widget-wrap elementor-element-populated\">\n\t\t\t\t\t\t<div class=\"elementor-element elementor-element-9f03ec6 elementor-widget elementor-widget-image\" data-id=\"9f03ec6\" data-element_type=\"widget\" data-e-type=\"widget\" data-widget_type=\"image.default\">\n\t\t\t\t\t\t\t\t\t\t\t\t\t\t\t\t<a href=\"https:\/\/www.decoactuelle.ma\/comptoir-des-mines-galerie-a-limmense-plaisir-daccueillir-la-deuxieme-exposition-individuelle-de-simohammed-fettaka-intitulee-derives\/\" target=\"_blank\">\n\t\t\t\t\t\t\t<img loading=\"lazy\" decoding=\"async\" width=\"2560\" height=\"1920\" src=\"https:\/\/cmgmarrakech.com\/wp-content\/uploads\/2025\/04\/Derives-_-Simohammed-Fettaka-02.05-15.07.25-4-scaled.jpeg\" class=\"attachment-full size-full wp-image-15165\" alt=\"\" srcset=\"https:\/\/cmgmarrakech.com\/wp-content\/uploads\/2025\/04\/Derives-_-Simohammed-Fettaka-02.05-15.07.25-4-scaled.jpeg 2560w, https:\/\/cmgmarrakech.com\/wp-content\/uploads\/2025\/04\/Derives-_-Simohammed-Fettaka-02.05-15.07.25-4-300x225.jpeg 300w, https:\/\/cmgmarrakech.com\/wp-content\/uploads\/2025\/04\/Derives-_-Simohammed-Fettaka-02.05-15.07.25-4-1024x768.jpeg 1024w, https:\/\/cmgmarrakech.com\/wp-content\/uploads\/2025\/04\/Derives-_-Simohammed-Fettaka-02.05-15.07.25-4-768x576.jpeg 768w, https:\/\/cmgmarrakech.com\/wp-content\/uploads\/2025\/04\/Derives-_-Simohammed-Fettaka-02.05-15.07.25-4-1536x1152.jpeg 1536w, https:\/\/cmgmarrakech.com\/wp-content\/uploads\/2025\/04\/Derives-_-Simohammed-Fettaka-02.05-15.07.25-4-2048x1536.jpeg 2048w, https:\/\/cmgmarrakech.com\/wp-content\/uploads\/2025\/04\/Derives-_-Simohammed-Fettaka-02.05-15.07.25-4-16x12.jpeg 16w, https:\/\/cmgmarrakech.com\/wp-content\/uploads\/2025\/04\/Derives-_-Simohammed-Fettaka-02.05-15.07.25-4-640x480.jpeg 640w\" sizes=\"(max-width: 2560px) 100vw, 2560px\" \/>\t\t\t\t\t\t\t\t<\/a>\n\t\t\t\t\t\t\t\t\t\t\t\t\t\t\t<\/div>\n\t\t\t\t<div class=\"elementor-element elementor-element-d619b00 elementor-widget elementor-widget-heading\" data-id=\"d619b00\" data-element_type=\"widget\" data-e-type=\"widget\" data-widget_type=\"heading.default\">\n\t\t\t\t\t<h2 class=\"elementor-heading-title elementor-size-default\"><a href=\"https:\/\/www.decoactuelle.ma\/comptoir-des-mines-galerie-a-limmense-plaisir-daccueillir-la-deuxieme-exposition-individuelle-de-simohammed-fettaka-intitulee-derives\/\" target=\"_blank\">Comptoir des Mines Galerie a l\u2019immense plaisir d\u2019accueillir la deuxi\u00e8me exposition individuelle de Simohammed Fettaka intitul\u00e9e \u201cD\u00e9rives\u201d<\/a><\/h2>\t\t\t\t<\/div>\n\t\t\t\t<div class=\"elementor-element elementor-element-a2bbf5d elementor-widget elementor-widget-text-editor\" data-id=\"a2bbf5d\" data-element_type=\"widget\" data-e-type=\"widget\" data-widget_type=\"text-editor.default\">\n\t\t\t\t\t\t\t\t\t<p>Deco Actuelle<\/p>\t\t\t\t\t\t\t\t<\/div>\n\t\t\t\t\t<\/div>\n\t\t<\/div>\n\t\t\t\t<div class=\"elementor-column elementor-col-50 elementor-top-column elementor-element elementor-element-f60b4f0\" data-id=\"f60b4f0\" data-element_type=\"column\" data-e-type=\"column\">\n\t\t\t<div class=\"elementor-widget-wrap elementor-element-populated\">\n\t\t\t\t\t\t<div class=\"elementor-element elementor-element-d622a90 elementor-widget elementor-widget-image\" data-id=\"d622a90\" data-element_type=\"widget\" data-e-type=\"widget\" data-widget_type=\"image.default\">\n\t\t\t\t\t\t\t\t\t\t\t\t\t\t\t\t<a href=\"https:\/\/familleactuelle.ma\/comptoir-des-mines-galerie-a-limmense-plaisir-daccueillir-la-deuxieme-exposition-individuelle-de-simohammed-fettaka-intitulee-derives\/\" target=\"_blank\">\n\t\t\t\t\t\t\t<img loading=\"lazy\" decoding=\"async\" width=\"2560\" height=\"1920\" src=\"https:\/\/cmgmarrakech.com\/wp-content\/uploads\/2025\/04\/Derives-_-Simohammed-Fettaka-02.05-15.07.25-10-scaled.jpeg\" class=\"attachment-full size-full wp-image-15167\" alt=\"\" srcset=\"https:\/\/cmgmarrakech.com\/wp-content\/uploads\/2025\/04\/Derives-_-Simohammed-Fettaka-02.05-15.07.25-10-scaled.jpeg 2560w, https:\/\/cmgmarrakech.com\/wp-content\/uploads\/2025\/04\/Derives-_-Simohammed-Fettaka-02.05-15.07.25-10-300x225.jpeg 300w, https:\/\/cmgmarrakech.com\/wp-content\/uploads\/2025\/04\/Derives-_-Simohammed-Fettaka-02.05-15.07.25-10-1024x768.jpeg 1024w, https:\/\/cmgmarrakech.com\/wp-content\/uploads\/2025\/04\/Derives-_-Simohammed-Fettaka-02.05-15.07.25-10-768x576.jpeg 768w, https:\/\/cmgmarrakech.com\/wp-content\/uploads\/2025\/04\/Derives-_-Simohammed-Fettaka-02.05-15.07.25-10-1536x1152.jpeg 1536w, https:\/\/cmgmarrakech.com\/wp-content\/uploads\/2025\/04\/Derives-_-Simohammed-Fettaka-02.05-15.07.25-10-2048x1536.jpeg 2048w, https:\/\/cmgmarrakech.com\/wp-content\/uploads\/2025\/04\/Derives-_-Simohammed-Fettaka-02.05-15.07.25-10-16x12.jpeg 16w, https:\/\/cmgmarrakech.com\/wp-content\/uploads\/2025\/04\/Derives-_-Simohammed-Fettaka-02.05-15.07.25-10-640x480.jpeg 640w\" sizes=\"(max-width: 2560px) 100vw, 2560px\" \/>\t\t\t\t\t\t\t\t<\/a>\n\t\t\t\t\t\t\t\t\t\t\t\t\t\t\t<\/div>\n\t\t\t\t<div class=\"elementor-element elementor-element-0a3b225 elementor-widget elementor-widget-heading\" data-id=\"0a3b225\" data-element_type=\"widget\" data-e-type=\"widget\" data-widget_type=\"heading.default\">\n\t\t\t\t\t<h2 class=\"elementor-heading-title elementor-size-default\"><a href=\"https:\/\/familleactuelle.ma\/comptoir-des-mines-galerie-a-limmense-plaisir-daccueillir-la-deuxieme-exposition-individuelle-de-simohammed-fettaka-intitulee-derives\/\" target=\"_blank\">Comptoir des Mines Galerie a l\u2019immense plaisir d\u2019accueillir la deuxi\u00e8me exposition individuelle de Simohammed Fettaka intitul\u00e9e \u201cD\u00e9rives\u201d<\/a><\/h2>\t\t\t\t<\/div>\n\t\t\t\t<div class=\"elementor-element elementor-element-5abd3b0 elementor-widget elementor-widget-text-editor\" data-id=\"5abd3b0\" data-element_type=\"widget\" data-e-type=\"widget\" data-widget_type=\"text-editor.default\">\n\t\t\t\t\t\t\t\t\t<p>Famille Actuelle<\/p>\t\t\t\t\t\t\t\t<\/div>\n\t\t\t\t\t<\/div>\n\t\t<\/div>\n\t\t\t\t\t<\/div>\n\t\t<\/section>\n\t\t\t\t<section class=\"elementor-section elementor-top-section elementor-element elementor-element-5ee5f68 animated-slow elementor-section-boxed elementor-section-height-default elementor-section-height-default\" data-id=\"5ee5f68\" data-element_type=\"section\" data-e-type=\"section\" data-settings=\"{&quot;animation&quot;:&quot;none&quot;}\">\n\t\t\t\t\t\t<div class=\"elementor-container elementor-column-gap-default\">\n\t\t\t\t\t<div class=\"elementor-column elementor-col-50 elementor-top-column elementor-element elementor-element-c008207\" data-id=\"c008207\" data-element_type=\"column\" data-e-type=\"column\">\n\t\t\t<div class=\"elementor-widget-wrap elementor-element-populated\">\n\t\t\t\t\t\t<div class=\"elementor-element elementor-element-02a9c93 elementor-widget elementor-widget-image\" data-id=\"02a9c93\" data-element_type=\"widget\" data-e-type=\"widget\" data-widget_type=\"image.default\">\n\t\t\t\t\t\t\t\t\t\t\t\t\t\t\t\t<a href=\"https:\/\/www.lejournaldesarts.fr\/marche\/art-dubai-continue-tisser-des-liens-entre-lafrique-et-lasie-177517\" target=\"_blank\">\n\t\t\t\t\t\t\t<img loading=\"lazy\" decoding=\"async\" width=\"2000\" height=\"1334\" src=\"https:\/\/cmgmarrakech.com\/wp-content\/uploads\/2025\/01\/Mohamed-Arejdal-Ifergan-Palestine-Gaza-et-cetera-2025.jpg\" class=\"attachment-full size-full wp-image-14583\" alt=\"\" srcset=\"https:\/\/cmgmarrakech.com\/wp-content\/uploads\/2025\/01\/Mohamed-Arejdal-Ifergan-Palestine-Gaza-et-cetera-2025.jpg 2000w, https:\/\/cmgmarrakech.com\/wp-content\/uploads\/2025\/01\/Mohamed-Arejdal-Ifergan-Palestine-Gaza-et-cetera-2025-300x200.jpg 300w, https:\/\/cmgmarrakech.com\/wp-content\/uploads\/2025\/01\/Mohamed-Arejdal-Ifergan-Palestine-Gaza-et-cetera-2025-1024x683.jpg 1024w, https:\/\/cmgmarrakech.com\/wp-content\/uploads\/2025\/01\/Mohamed-Arejdal-Ifergan-Palestine-Gaza-et-cetera-2025-768x512.jpg 768w, https:\/\/cmgmarrakech.com\/wp-content\/uploads\/2025\/01\/Mohamed-Arejdal-Ifergan-Palestine-Gaza-et-cetera-2025-1536x1025.jpg 1536w, https:\/\/cmgmarrakech.com\/wp-content\/uploads\/2025\/01\/Mohamed-Arejdal-Ifergan-Palestine-Gaza-et-cetera-2025-18x12.jpg 18w, https:\/\/cmgmarrakech.com\/wp-content\/uploads\/2025\/01\/Mohamed-Arejdal-Ifergan-Palestine-Gaza-et-cetera-2025-415x277.jpg 415w, https:\/\/cmgmarrakech.com\/wp-content\/uploads\/2025\/01\/Mohamed-Arejdal-Ifergan-Palestine-Gaza-et-cetera-2025-650x434.jpg 650w, https:\/\/cmgmarrakech.com\/wp-content\/uploads\/2025\/01\/Mohamed-Arejdal-Ifergan-Palestine-Gaza-et-cetera-2025-250x167.jpg 250w\" sizes=\"(max-width: 2000px) 100vw, 2000px\" \/>\t\t\t\t\t\t\t\t<\/a>\n\t\t\t\t\t\t\t\t\t\t\t\t\t\t\t<\/div>\n\t\t\t\t<div class=\"elementor-element elementor-element-a78ee2c elementor-widget elementor-widget-heading\" data-id=\"a78ee2c\" data-element_type=\"widget\" data-e-type=\"widget\" data-widget_type=\"heading.default\">\n\t\t\t\t\t<h2 class=\"elementor-heading-title elementor-size-default\"><a href=\"https:\/\/www.lejournaldesarts.fr\/marche\/art-dubai-continue-tisser-des-liens-entre-lafrique-et-lasie-177517\" target=\"_blank\">Art Duba\u00ef continue \u00e0 tisser des liens entre l\u2019Afrique et l\u2019Asie<\/a><\/h2>\t\t\t\t<\/div>\n\t\t\t\t<div class=\"elementor-element elementor-element-145ccd6 elementor-widget elementor-widget-text-editor\" data-id=\"145ccd6\" data-element_type=\"widget\" data-e-type=\"widget\" data-widget_type=\"text-editor.default\">\n\t\t\t\t\t\t\t\t\t<p>Le Journal des Arts<\/p>\t\t\t\t\t\t\t\t<\/div>\n\t\t\t\t\t<\/div>\n\t\t<\/div>\n\t\t\t\t<div class=\"elementor-column elementor-col-50 elementor-top-column elementor-element elementor-element-aa90603\" data-id=\"aa90603\" data-element_type=\"column\" data-e-type=\"column\">\n\t\t\t<div class=\"elementor-widget-wrap elementor-element-populated\">\n\t\t\t\t\t\t<div class=\"elementor-element elementor-element-08461b6 elementor-widget elementor-widget-image\" data-id=\"08461b6\" data-element_type=\"widget\" data-e-type=\"widget\" data-widget_type=\"image.default\">\n\t\t\t\t\t\t\t\t\t\t\t\t\t\t\t\t<a href=\"https:\/\/observer.com\/2025\/04\/art-dubai-2025-best-booths-sales-highlights\/\" target=\"_blank\">\n\t\t\t\t\t\t\t<img decoding=\"async\" src=\"https:\/\/observer.com\/wp-content\/uploads\/sites\/2\/2025\/04\/01-Comptoir-des-Mines-Galerie-Booth.-Courtesy-of-the-gallery-36.jpg\" title=\"\" alt=\"\" loading=\"lazy\" \/>\t\t\t\t\t\t\t\t<\/a>\n\t\t\t\t\t\t\t\t\t\t\t\t\t\t\t<\/div>\n\t\t\t\t<div class=\"elementor-element elementor-element-5e3c9bf elementor-widget elementor-widget-heading\" data-id=\"5e3c9bf\" data-element_type=\"widget\" data-e-type=\"widget\" data-widget_type=\"heading.default\">\n\t\t\t\t\t<h2 class=\"elementor-heading-title elementor-size-default\"><a href=\"https:\/\/observer.com\/2025\/04\/art-dubai-2025-best-booths-sales-highlights\/\" target=\"_blank\">The Standout Booths and Major Sales That Defined Art Dubai 2025<\/a><\/h2>\t\t\t\t<\/div>\n\t\t\t\t<div class=\"elementor-element elementor-element-aade0ff elementor-widget elementor-widget-text-editor\" data-id=\"aade0ff\" data-element_type=\"widget\" data-e-type=\"widget\" data-widget_type=\"text-editor.default\">\n\t\t\t\t\t\t\t\t\t<p>Observer.com<\/p>\t\t\t\t\t\t\t\t<\/div>\n\t\t\t\t\t<\/div>\n\t\t<\/div>\n\t\t\t\t\t<\/div>\n\t\t<\/section>\n\t\t\t\t<section class=\"elementor-section elementor-top-section elementor-element elementor-element-916e754 animated-slow elementor-section-boxed elementor-section-height-default elementor-section-height-default\" data-id=\"916e754\" data-element_type=\"section\" data-e-type=\"section\" data-settings=\"{&quot;animation&quot;:&quot;none&quot;}\">\n\t\t\t\t\t\t<div class=\"elementor-container elementor-column-gap-default\">\n\t\t\t\t\t<div class=\"elementor-column elementor-col-50 elementor-top-column elementor-element elementor-element-d10cb47\" data-id=\"d10cb47\" data-element_type=\"column\" data-e-type=\"column\">\n\t\t\t<div class=\"elementor-widget-wrap elementor-element-populated\">\n\t\t\t\t\t\t<div class=\"elementor-element elementor-element-74a207e elementor-widget elementor-widget-image\" data-id=\"74a207e\" data-element_type=\"widget\" data-e-type=\"widget\" data-widget_type=\"image.default\">\n\t\t\t\t\t\t\t\t\t\t\t\t\t\t\t\t<a href=\"https:\/\/www.theaustralian.com.au\/travel\/how-marrakech-became-moroccos-booming-creative-capital\/news-story\/2eebdc109d3d376367e0a100aa7b6a21\" target=\"_blank\">\n\t\t\t\t\t\t\t<img loading=\"lazy\" decoding=\"async\" width=\"2200\" height=\"1650\" src=\"https:\/\/cmgmarrakech.com\/wp-content\/uploads\/2025\/03\/Exposition-Mon-Histoire-Abdallah-El-Hariri-2024-2-min.jpg\" class=\"attachment-full size-full wp-image-14831\" alt=\"\" srcset=\"https:\/\/cmgmarrakech.com\/wp-content\/uploads\/2025\/03\/Exposition-Mon-Histoire-Abdallah-El-Hariri-2024-2-min.jpg 2200w, https:\/\/cmgmarrakech.com\/wp-content\/uploads\/2025\/03\/Exposition-Mon-Histoire-Abdallah-El-Hariri-2024-2-min-300x225.jpg 300w, https:\/\/cmgmarrakech.com\/wp-content\/uploads\/2025\/03\/Exposition-Mon-Histoire-Abdallah-El-Hariri-2024-2-min-1024x768.jpg 1024w, https:\/\/cmgmarrakech.com\/wp-content\/uploads\/2025\/03\/Exposition-Mon-Histoire-Abdallah-El-Hariri-2024-2-min-768x576.jpg 768w, https:\/\/cmgmarrakech.com\/wp-content\/uploads\/2025\/03\/Exposition-Mon-Histoire-Abdallah-El-Hariri-2024-2-min-1536x1152.jpg 1536w, https:\/\/cmgmarrakech.com\/wp-content\/uploads\/2025\/03\/Exposition-Mon-Histoire-Abdallah-El-Hariri-2024-2-min-2048x1536.jpg 2048w, https:\/\/cmgmarrakech.com\/wp-content\/uploads\/2025\/03\/Exposition-Mon-Histoire-Abdallah-El-Hariri-2024-2-min-16x12.jpg 16w, https:\/\/cmgmarrakech.com\/wp-content\/uploads\/2025\/03\/Exposition-Mon-Histoire-Abdallah-El-Hariri-2024-2-min-640x480.jpg 640w, https:\/\/cmgmarrakech.com\/wp-content\/uploads\/2025\/03\/Exposition-Mon-Histoire-Abdallah-El-Hariri-2024-2-min-415x311.jpg 415w, https:\/\/cmgmarrakech.com\/wp-content\/uploads\/2025\/03\/Exposition-Mon-Histoire-Abdallah-El-Hariri-2024-2-min-650x488.jpg 650w, https:\/\/cmgmarrakech.com\/wp-content\/uploads\/2025\/03\/Exposition-Mon-Histoire-Abdallah-El-Hariri-2024-2-min-250x188.jpg 250w\" sizes=\"(max-width: 2200px) 100vw, 2200px\" \/>\t\t\t\t\t\t\t\t<\/a>\n\t\t\t\t\t\t\t\t\t\t\t\t\t\t\t<\/div>\n\t\t\t\t<div class=\"elementor-element elementor-element-b281f6f elementor-widget elementor-widget-heading\" data-id=\"b281f6f\" data-element_type=\"widget\" data-e-type=\"widget\" data-widget_type=\"heading.default\">\n\t\t\t\t\t<h2 class=\"elementor-heading-title elementor-size-default\"><a href=\"https:\/\/www.theaustralian.com.au\/travel\/how-marrakech-became-moroccos-booming-creative-capital\/news-story\/2eebdc109d3d376367e0a100aa7b6a21\" target=\"_blank\">How Marrakech became Morocco's booming creative capital\n<\/a><\/h2>\t\t\t\t<\/div>\n\t\t\t\t<div class=\"elementor-element elementor-element-0f296d9 elementor-widget elementor-widget-text-editor\" data-id=\"0f296d9\" data-element_type=\"widget\" data-e-type=\"widget\" data-widget_type=\"text-editor.default\">\n\t\t\t\t\t\t\t\t\t<p>The Australian<\/p>\t\t\t\t\t\t\t\t<\/div>\n\t\t\t\t\t<\/div>\n\t\t<\/div>\n\t\t\t\t<div class=\"elementor-column elementor-col-50 elementor-top-column elementor-element elementor-element-472163f\" data-id=\"472163f\" data-element_type=\"column\" data-e-type=\"column\">\n\t\t\t<div class=\"elementor-widget-wrap elementor-element-populated\">\n\t\t\t\t\t\t<div class=\"elementor-element elementor-element-e86a434 elementor-widget elementor-widget-image\" data-id=\"e86a434\" data-element_type=\"widget\" data-e-type=\"widget\" data-widget_type=\"image.default\">\n\t\t\t\t\t\t\t\t\t\t\t\t\t\t\t\t<a href=\"https:\/\/hellolacom.com\/riad-xo-x-marrakech-insiders-dans-les-entrailles-dun-marrakech-version-design\/\" target=\"_blank\">\n\t\t\t\t\t\t\t<img loading=\"lazy\" decoding=\"async\" width=\"2200\" height=\"1650\" src=\"https:\/\/cmgmarrakech.com\/wp-content\/uploads\/2025\/03\/Exposition-Entracte-Amina-Azreg-2024-1-min.jpg\" class=\"attachment-full size-full wp-image-14840\" alt=\"\" srcset=\"https:\/\/cmgmarrakech.com\/wp-content\/uploads\/2025\/03\/Exposition-Entracte-Amina-Azreg-2024-1-min.jpg 2200w, https:\/\/cmgmarrakech.com\/wp-content\/uploads\/2025\/03\/Exposition-Entracte-Amina-Azreg-2024-1-min-300x225.jpg 300w, https:\/\/cmgmarrakech.com\/wp-content\/uploads\/2025\/03\/Exposition-Entracte-Amina-Azreg-2024-1-min-1024x768.jpg 1024w, https:\/\/cmgmarrakech.com\/wp-content\/uploads\/2025\/03\/Exposition-Entracte-Amina-Azreg-2024-1-min-768x576.jpg 768w, https:\/\/cmgmarrakech.com\/wp-content\/uploads\/2025\/03\/Exposition-Entracte-Amina-Azreg-2024-1-min-1536x1152.jpg 1536w, https:\/\/cmgmarrakech.com\/wp-content\/uploads\/2025\/03\/Exposition-Entracte-Amina-Azreg-2024-1-min-2048x1536.jpg 2048w, https:\/\/cmgmarrakech.com\/wp-content\/uploads\/2025\/03\/Exposition-Entracte-Amina-Azreg-2024-1-min-16x12.jpg 16w, https:\/\/cmgmarrakech.com\/wp-content\/uploads\/2025\/03\/Exposition-Entracte-Amina-Azreg-2024-1-min-640x480.jpg 640w, https:\/\/cmgmarrakech.com\/wp-content\/uploads\/2025\/03\/Exposition-Entracte-Amina-Azreg-2024-1-min-415x311.jpg 415w, https:\/\/cmgmarrakech.com\/wp-content\/uploads\/2025\/03\/Exposition-Entracte-Amina-Azreg-2024-1-min-650x488.jpg 650w, https:\/\/cmgmarrakech.com\/wp-content\/uploads\/2025\/03\/Exposition-Entracte-Amina-Azreg-2024-1-min-250x188.jpg 250w\" sizes=\"(max-width: 2200px) 100vw, 2200px\" \/>\t\t\t\t\t\t\t\t<\/a>\n\t\t\t\t\t\t\t\t\t\t\t\t\t\t\t<\/div>\n\t\t\t\t<div class=\"elementor-element elementor-element-fa653aa elementor-widget elementor-widget-heading\" data-id=\"fa653aa\" data-element_type=\"widget\" data-e-type=\"widget\" data-widget_type=\"heading.default\">\n\t\t\t\t\t<h2 class=\"elementor-heading-title elementor-size-default\"><a href=\"https:\/\/hellolacom.com\/riad-xo-x-marrakech-insiders-dans-les-entrailles-dun-marrakech-version-design\/\" target=\"_blank\">Riad XO x Marrakech Insiders : Dans les entrailles d\u2019un Marrakech version design<\/a><\/h2>\t\t\t\t<\/div>\n\t\t\t\t<div class=\"elementor-element elementor-element-ff4147d elementor-widget elementor-widget-text-editor\" data-id=\"ff4147d\" data-element_type=\"widget\" data-e-type=\"widget\" data-widget_type=\"text-editor.default\">\n\t\t\t\t\t\t\t\t\t<p>hellolacom.com<\/p>\t\t\t\t\t\t\t\t<\/div>\n\t\t\t\t\t<\/div>\n\t\t<\/div>\n\t\t\t\t\t<\/div>\n\t\t<\/section>\n\t\t\t\t<section class=\"elementor-section elementor-top-section elementor-element elementor-element-26e571d animated-slow elementor-section-boxed elementor-section-height-default elementor-section-height-default\" data-id=\"26e571d\" data-element_type=\"section\" data-e-type=\"section\" data-settings=\"{&quot;animation&quot;:&quot;none&quot;}\">\n\t\t\t\t\t\t<div class=\"elementor-container elementor-column-gap-default\">\n\t\t\t\t\t<div class=\"elementor-column elementor-col-50 elementor-top-column elementor-element elementor-element-a09d593\" data-id=\"a09d593\" data-element_type=\"column\" data-e-type=\"column\">\n\t\t\t<div class=\"elementor-widget-wrap elementor-element-populated\">\n\t\t\t\t\t\t<div class=\"elementor-element elementor-element-1db0433 elementor-widget elementor-widget-image\" data-id=\"1db0433\" data-element_type=\"widget\" data-e-type=\"widget\" data-widget_type=\"image.default\">\n\t\t\t\t\t\t\t\t\t\t\t\t\t\t\t\t<a href=\"https:\/\/thombierd.medium.com\/best-gallery-in-morocco-comptoir-des-mines-galerie-2025-world-art-awards-2bed067f0110\" target=\"_blank\">\n\t\t\t\t\t\t\t<img loading=\"lazy\" decoding=\"async\" width=\"2200\" height=\"1356\" src=\"https:\/\/cmgmarrakech.com\/wp-content\/uploads\/2025\/03\/Exposition-1994-2003-Mohammed-Kacimi-2024-2-min.jpg\" class=\"attachment-full size-full wp-image-14864\" alt=\"\" srcset=\"https:\/\/cmgmarrakech.com\/wp-content\/uploads\/2025\/03\/Exposition-1994-2003-Mohammed-Kacimi-2024-2-min.jpg 2200w, https:\/\/cmgmarrakech.com\/wp-content\/uploads\/2025\/03\/Exposition-1994-2003-Mohammed-Kacimi-2024-2-min-300x185.jpg 300w, https:\/\/cmgmarrakech.com\/wp-content\/uploads\/2025\/03\/Exposition-1994-2003-Mohammed-Kacimi-2024-2-min-1024x631.jpg 1024w, https:\/\/cmgmarrakech.com\/wp-content\/uploads\/2025\/03\/Exposition-1994-2003-Mohammed-Kacimi-2024-2-min-768x473.jpg 768w, https:\/\/cmgmarrakech.com\/wp-content\/uploads\/2025\/03\/Exposition-1994-2003-Mohammed-Kacimi-2024-2-min-1536x947.jpg 1536w, https:\/\/cmgmarrakech.com\/wp-content\/uploads\/2025\/03\/Exposition-1994-2003-Mohammed-Kacimi-2024-2-min-2048x1262.jpg 2048w, https:\/\/cmgmarrakech.com\/wp-content\/uploads\/2025\/03\/Exposition-1994-2003-Mohammed-Kacimi-2024-2-min-18x12.jpg 18w, https:\/\/cmgmarrakech.com\/wp-content\/uploads\/2025\/03\/Exposition-1994-2003-Mohammed-Kacimi-2024-2-min-415x256.jpg 415w, https:\/\/cmgmarrakech.com\/wp-content\/uploads\/2025\/03\/Exposition-1994-2003-Mohammed-Kacimi-2024-2-min-650x401.jpg 650w, https:\/\/cmgmarrakech.com\/wp-content\/uploads\/2025\/03\/Exposition-1994-2003-Mohammed-Kacimi-2024-2-min-250x154.jpg 250w\" sizes=\"(max-width: 2200px) 100vw, 2200px\" \/>\t\t\t\t\t\t\t\t<\/a>\n\t\t\t\t\t\t\t\t\t\t\t\t\t\t\t<\/div>\n\t\t\t\t<div class=\"elementor-element elementor-element-579305d elementor-widget elementor-widget-heading\" data-id=\"579305d\" data-element_type=\"widget\" data-e-type=\"widget\" data-widget_type=\"heading.default\">\n\t\t\t\t\t<h2 class=\"elementor-heading-title elementor-size-default\"><a href=\"https:\/\/americanartawards.com\/best-galleries-museums-in-the-world-2025\/\" target=\"_blank\">Best Gallery In Morocco: Comptoir Des Mines Galerie<\/a><\/h2>\t\t\t\t<\/div>\n\t\t\t\t<div class=\"elementor-element elementor-element-f72ad37 elementor-widget elementor-widget-text-editor\" data-id=\"f72ad37\" data-element_type=\"widget\" data-e-type=\"widget\" data-widget_type=\"text-editor.default\">\n\t\t\t\t\t\t\t\t\t<p>americanartawards.com<\/p>\t\t\t\t\t\t\t\t<\/div>\n\t\t\t\t\t<\/div>\n\t\t<\/div>\n\t\t\t\t<div class=\"elementor-column elementor-col-50 elementor-top-column elementor-element elementor-element-d2cb5ee\" data-id=\"d2cb5ee\" data-element_type=\"column\" data-e-type=\"column\">\n\t\t\t<div class=\"elementor-widget-wrap elementor-element-populated\">\n\t\t\t\t\t\t<div class=\"elementor-element elementor-element-6c8bca9 elementor-widget elementor-widget-image\" data-id=\"6c8bca9\" data-element_type=\"widget\" data-e-type=\"widget\" data-widget_type=\"image.default\">\n\t\t\t\t\t\t\t\t\t\t\t\t\t\t\t\t<a href=\"https:\/\/vivre-marrakech.com\/actualites-news\/art-culture-exposition-marrakech\/agenda-art-culture-expositions-marrakech-avril-juin-2025\/\" target=\"_blank\">\n\t\t\t\t\t\t\t<img loading=\"lazy\" decoding=\"async\" width=\"2000\" height=\"1334\" src=\"https:\/\/cmgmarrakech.com\/wp-content\/uploads\/2025\/01\/Mohamed-Arejdal-Ifergan-Palestine-Gaza-et-cetera-2025.jpg\" class=\"attachment-full size-full wp-image-14583\" alt=\"\" srcset=\"https:\/\/cmgmarrakech.com\/wp-content\/uploads\/2025\/01\/Mohamed-Arejdal-Ifergan-Palestine-Gaza-et-cetera-2025.jpg 2000w, https:\/\/cmgmarrakech.com\/wp-content\/uploads\/2025\/01\/Mohamed-Arejdal-Ifergan-Palestine-Gaza-et-cetera-2025-300x200.jpg 300w, https:\/\/cmgmarrakech.com\/wp-content\/uploads\/2025\/01\/Mohamed-Arejdal-Ifergan-Palestine-Gaza-et-cetera-2025-1024x683.jpg 1024w, https:\/\/cmgmarrakech.com\/wp-content\/uploads\/2025\/01\/Mohamed-Arejdal-Ifergan-Palestine-Gaza-et-cetera-2025-768x512.jpg 768w, https:\/\/cmgmarrakech.com\/wp-content\/uploads\/2025\/01\/Mohamed-Arejdal-Ifergan-Palestine-Gaza-et-cetera-2025-1536x1025.jpg 1536w, https:\/\/cmgmarrakech.com\/wp-content\/uploads\/2025\/01\/Mohamed-Arejdal-Ifergan-Palestine-Gaza-et-cetera-2025-18x12.jpg 18w, https:\/\/cmgmarrakech.com\/wp-content\/uploads\/2025\/01\/Mohamed-Arejdal-Ifergan-Palestine-Gaza-et-cetera-2025-415x277.jpg 415w, https:\/\/cmgmarrakech.com\/wp-content\/uploads\/2025\/01\/Mohamed-Arejdal-Ifergan-Palestine-Gaza-et-cetera-2025-650x434.jpg 650w, https:\/\/cmgmarrakech.com\/wp-content\/uploads\/2025\/01\/Mohamed-Arejdal-Ifergan-Palestine-Gaza-et-cetera-2025-250x167.jpg 250w\" sizes=\"(max-width: 2000px) 100vw, 2000px\" \/>\t\t\t\t\t\t\t\t<\/a>\n\t\t\t\t\t\t\t\t\t\t\t\t\t\t\t<\/div>\n\t\t\t\t<div class=\"elementor-element elementor-element-ee712ca elementor-widget elementor-widget-heading\" data-id=\"ee712ca\" data-element_type=\"widget\" data-e-type=\"widget\" data-widget_type=\"heading.default\">\n\t\t\t\t\t<h2 class=\"elementor-heading-title elementor-size-default\"><a href=\"https:\/\/vivre-marrakech.com\/actualites-news\/art-culture-exposition-marrakech\/agenda-art-culture-expositions-marrakech-avril-juin-2025\/\" target=\"_blank\">Agenda Art et Culture de Marrakech, second trimestre 2025\n<\/a><\/h2>\t\t\t\t<\/div>\n\t\t\t\t<div class=\"elementor-element elementor-element-6f772dd elementor-widget elementor-widget-text-editor\" data-id=\"6f772dd\" data-element_type=\"widget\" data-e-type=\"widget\" data-widget_type=\"text-editor.default\">\n\t\t\t\t\t\t\t\t\t<p>Aujourd&rsquo;hui Le Maroc<\/p>\t\t\t\t\t\t\t\t<\/div>\n\t\t\t\t\t<\/div>\n\t\t<\/div>\n\t\t\t\t\t<\/div>\n\t\t<\/section>\n\t\t\t\t<section class=\"elementor-section elementor-top-section elementor-element elementor-element-4e4d26c animated-slow elementor-section-boxed elementor-section-height-default elementor-section-height-default\" data-id=\"4e4d26c\" data-element_type=\"section\" data-e-type=\"section\" data-settings=\"{&quot;animation&quot;:&quot;none&quot;}\">\n\t\t\t\t\t\t<div class=\"elementor-container elementor-column-gap-default\">\n\t\t\t\t\t<div class=\"elementor-column elementor-col-50 elementor-top-column elementor-element elementor-element-c58e163\" data-id=\"c58e163\" data-element_type=\"column\" data-e-type=\"column\">\n\t\t\t<div class=\"elementor-widget-wrap elementor-element-populated\">\n\t\t\t\t\t\t<div class=\"elementor-element elementor-element-96dd7a3 elementor-widget elementor-widget-image\" data-id=\"96dd7a3\" data-element_type=\"widget\" data-e-type=\"widget\" data-widget_type=\"image.default\">\n\t\t\t\t\t\t\t\t\t\t\t\t\t\t\t\t<a href=\"https:\/\/aujourdhui.ma\/culture\/art-dubai-2025-lart-moderne-marocain-present-en-force\" target=\"_blank\">\n\t\t\t\t\t\t\t<img loading=\"lazy\" decoding=\"async\" width=\"2000\" height=\"1334\" src=\"https:\/\/cmgmarrakech.com\/wp-content\/uploads\/2025\/03\/Art-Dubai-Fair-Mustapha-Akrim-2025.jpg\" class=\"attachment-full size-full wp-image-15001\" alt=\"\" srcset=\"https:\/\/cmgmarrakech.com\/wp-content\/uploads\/2025\/03\/Art-Dubai-Fair-Mustapha-Akrim-2025.jpg 2000w, https:\/\/cmgmarrakech.com\/wp-content\/uploads\/2025\/03\/Art-Dubai-Fair-Mustapha-Akrim-2025-300x200.jpg 300w, https:\/\/cmgmarrakech.com\/wp-content\/uploads\/2025\/03\/Art-Dubai-Fair-Mustapha-Akrim-2025-1024x683.jpg 1024w, https:\/\/cmgmarrakech.com\/wp-content\/uploads\/2025\/03\/Art-Dubai-Fair-Mustapha-Akrim-2025-768x512.jpg 768w, https:\/\/cmgmarrakech.com\/wp-content\/uploads\/2025\/03\/Art-Dubai-Fair-Mustapha-Akrim-2025-1536x1025.jpg 1536w, https:\/\/cmgmarrakech.com\/wp-content\/uploads\/2025\/03\/Art-Dubai-Fair-Mustapha-Akrim-2025-18x12.jpg 18w, https:\/\/cmgmarrakech.com\/wp-content\/uploads\/2025\/03\/Art-Dubai-Fair-Mustapha-Akrim-2025-415x277.jpg 415w, https:\/\/cmgmarrakech.com\/wp-content\/uploads\/2025\/03\/Art-Dubai-Fair-Mustapha-Akrim-2025-650x434.jpg 650w, https:\/\/cmgmarrakech.com\/wp-content\/uploads\/2025\/03\/Art-Dubai-Fair-Mustapha-Akrim-2025-250x167.jpg 250w\" sizes=\"(max-width: 2000px) 100vw, 2000px\" \/>\t\t\t\t\t\t\t\t<\/a>\n\t\t\t\t\t\t\t\t\t\t\t\t\t\t\t<\/div>\n\t\t\t\t<div class=\"elementor-element elementor-element-b9268dd elementor-widget elementor-widget-heading\" data-id=\"b9268dd\" data-element_type=\"widget\" data-e-type=\"widget\" data-widget_type=\"heading.default\">\n\t\t\t\t\t<h2 class=\"elementor-heading-title elementor-size-default\"><a href=\"https:\/\/aujourdhui.ma\/culture\/art-dubai-2025-lart-moderne-marocain-present-en-force\" target=\"_blank\">Art Dubai 2025 : L\u2019art moderne marocain pr\u00e9sent en force<\/a><\/h2>\t\t\t\t<\/div>\n\t\t\t\t<div class=\"elementor-element elementor-element-e288f99 elementor-widget elementor-widget-text-editor\" data-id=\"e288f99\" data-element_type=\"widget\" data-e-type=\"widget\" data-widget_type=\"text-editor.default\">\n\t\t\t\t\t\t\t\t\t<p>Aujourd&rsquo;hui Le Maroc<\/p>\t\t\t\t\t\t\t\t<\/div>\n\t\t\t\t\t<\/div>\n\t\t<\/div>\n\t\t\t\t<div class=\"elementor-column elementor-col-50 elementor-top-column elementor-element elementor-element-df997f0\" data-id=\"df997f0\" data-element_type=\"column\" data-e-type=\"column\">\n\t\t\t<div class=\"elementor-widget-wrap elementor-element-populated\">\n\t\t\t\t\t\t<div class=\"elementor-element elementor-element-e83203a elementor-widget elementor-widget-image\" data-id=\"e83203a\" data-element_type=\"widget\" data-e-type=\"widget\" data-widget_type=\"image.default\">\n\t\t\t\t\t\t\t\t\t\t\t\t\t\t\t\t<a href=\"https:\/\/www.admiddleeast.com\/story\/1-54-marrakech-why-this-morocco-art-fairs-2025-showcase-is-unmissable\" target=\"_blank\">\n\t\t\t\t\t\t\t<img loading=\"lazy\" decoding=\"async\" width=\"2200\" height=\"1381\" src=\"https:\/\/cmgmarrakech.com\/wp-content\/uploads\/2025\/03\/Exposition-Ifergan-Mohamed-Ajredal-2025-2-min.jpg\" class=\"attachment-full size-full wp-image-14869\" alt=\"\" srcset=\"https:\/\/cmgmarrakech.com\/wp-content\/uploads\/2025\/03\/Exposition-Ifergan-Mohamed-Ajredal-2025-2-min.jpg 2200w, https:\/\/cmgmarrakech.com\/wp-content\/uploads\/2025\/03\/Exposition-Ifergan-Mohamed-Ajredal-2025-2-min-300x188.jpg 300w, https:\/\/cmgmarrakech.com\/wp-content\/uploads\/2025\/03\/Exposition-Ifergan-Mohamed-Ajredal-2025-2-min-1024x643.jpg 1024w, https:\/\/cmgmarrakech.com\/wp-content\/uploads\/2025\/03\/Exposition-Ifergan-Mohamed-Ajredal-2025-2-min-768x482.jpg 768w, https:\/\/cmgmarrakech.com\/wp-content\/uploads\/2025\/03\/Exposition-Ifergan-Mohamed-Ajredal-2025-2-min-1536x964.jpg 1536w, https:\/\/cmgmarrakech.com\/wp-content\/uploads\/2025\/03\/Exposition-Ifergan-Mohamed-Ajredal-2025-2-min-2048x1286.jpg 2048w, https:\/\/cmgmarrakech.com\/wp-content\/uploads\/2025\/03\/Exposition-Ifergan-Mohamed-Ajredal-2025-2-min-18x12.jpg 18w, https:\/\/cmgmarrakech.com\/wp-content\/uploads\/2025\/03\/Exposition-Ifergan-Mohamed-Ajredal-2025-2-min-415x261.jpg 415w, https:\/\/cmgmarrakech.com\/wp-content\/uploads\/2025\/03\/Exposition-Ifergan-Mohamed-Ajredal-2025-2-min-650x408.jpg 650w, https:\/\/cmgmarrakech.com\/wp-content\/uploads\/2025\/03\/Exposition-Ifergan-Mohamed-Ajredal-2025-2-min-250x157.jpg 250w\" sizes=\"(max-width: 2200px) 100vw, 2200px\" \/>\t\t\t\t\t\t\t\t<\/a>\n\t\t\t\t\t\t\t\t\t\t\t\t\t\t\t<\/div>\n\t\t\t\t<div class=\"elementor-element elementor-element-8e0b897 elementor-widget elementor-widget-heading\" data-id=\"8e0b897\" data-element_type=\"widget\" data-e-type=\"widget\" data-widget_type=\"heading.default\">\n\t\t\t\t\t<h2 class=\"elementor-heading-title elementor-size-default\"><a href=\"https:\/\/www.admiddleeast.com\/story\/1-54-marrakech-why-this-morocco-art-fairs-2025-showcase-is-unmissable\" target=\"_blank\">1\u201354 Marrakech: Why This Morocco Art Fair\u2019s 2025 Showcase is Unmissable<\/a><\/h2>\t\t\t\t<\/div>\n\t\t\t\t<div class=\"elementor-element elementor-element-f9cf162 elementor-widget elementor-widget-text-editor\" data-id=\"f9cf162\" data-element_type=\"widget\" data-e-type=\"widget\" data-widget_type=\"text-editor.default\">\n\t\t\t\t\t\t\t\t\t<p>ad middle east<\/p>\t\t\t\t\t\t\t\t<\/div>\n\t\t\t\t\t<\/div>\n\t\t<\/div>\n\t\t\t\t\t<\/div>\n\t\t<\/section>\n\t\t\t\t<section class=\"elementor-section elementor-top-section elementor-element elementor-element-a17c640 animated-slow elementor-section-boxed elementor-section-height-default elementor-section-height-default\" data-id=\"a17c640\" data-element_type=\"section\" data-e-type=\"section\" data-settings=\"{&quot;animation&quot;:&quot;none&quot;}\">\n\t\t\t\t\t\t<div class=\"elementor-container elementor-column-gap-default\">\n\t\t\t\t\t<div class=\"elementor-column elementor-col-50 elementor-top-column elementor-element elementor-element-9f12e01\" data-id=\"9f12e01\" data-element_type=\"column\" data-e-type=\"column\">\n\t\t\t<div class=\"elementor-widget-wrap elementor-element-populated\">\n\t\t\t\t\t\t<div class=\"elementor-element elementor-element-f7b6e5a elementor-widget elementor-widget-image\" data-id=\"f7b6e5a\" data-element_type=\"widget\" data-e-type=\"widget\" data-widget_type=\"image.default\">\n\t\t\t\t\t\t\t\t\t\t\t\t\t\t\t\t<a href=\"https:\/\/www.lepoint.fr\/afrique\/marrakech-capitale-montante-de-l-art-contemporain-africain-26-02-2025-2583443_3826.php#11\" target=\"_blank\">\n\t\t\t\t\t\t\t<img loading=\"lazy\" decoding=\"async\" width=\"2200\" height=\"1361\" src=\"https:\/\/cmgmarrakech.com\/wp-content\/uploads\/2025\/03\/Exposition-Ifergan-Mohamed-Ajredal-2025-3-min.jpg\" class=\"attachment-full size-full wp-image-14870\" alt=\"\" srcset=\"https:\/\/cmgmarrakech.com\/wp-content\/uploads\/2025\/03\/Exposition-Ifergan-Mohamed-Ajredal-2025-3-min.jpg 2200w, https:\/\/cmgmarrakech.com\/wp-content\/uploads\/2025\/03\/Exposition-Ifergan-Mohamed-Ajredal-2025-3-min-300x186.jpg 300w, https:\/\/cmgmarrakech.com\/wp-content\/uploads\/2025\/03\/Exposition-Ifergan-Mohamed-Ajredal-2025-3-min-1024x633.jpg 1024w, https:\/\/cmgmarrakech.com\/wp-content\/uploads\/2025\/03\/Exposition-Ifergan-Mohamed-Ajredal-2025-3-min-768x475.jpg 768w, https:\/\/cmgmarrakech.com\/wp-content\/uploads\/2025\/03\/Exposition-Ifergan-Mohamed-Ajredal-2025-3-min-1536x950.jpg 1536w, https:\/\/cmgmarrakech.com\/wp-content\/uploads\/2025\/03\/Exposition-Ifergan-Mohamed-Ajredal-2025-3-min-2048x1267.jpg 2048w, https:\/\/cmgmarrakech.com\/wp-content\/uploads\/2025\/03\/Exposition-Ifergan-Mohamed-Ajredal-2025-3-min-18x12.jpg 18w, https:\/\/cmgmarrakech.com\/wp-content\/uploads\/2025\/03\/Exposition-Ifergan-Mohamed-Ajredal-2025-3-min-415x257.jpg 415w, https:\/\/cmgmarrakech.com\/wp-content\/uploads\/2025\/03\/Exposition-Ifergan-Mohamed-Ajredal-2025-3-min-650x402.jpg 650w, https:\/\/cmgmarrakech.com\/wp-content\/uploads\/2025\/03\/Exposition-Ifergan-Mohamed-Ajredal-2025-3-min-250x155.jpg 250w\" sizes=\"(max-width: 2200px) 100vw, 2200px\" \/>\t\t\t\t\t\t\t\t<\/a>\n\t\t\t\t\t\t\t\t\t\t\t\t\t\t\t<\/div>\n\t\t\t\t<div class=\"elementor-element elementor-element-46d717d elementor-widget elementor-widget-heading\" data-id=\"46d717d\" data-element_type=\"widget\" data-e-type=\"widget\" data-widget_type=\"heading.default\">\n\t\t\t\t\t<h2 class=\"elementor-heading-title elementor-size-default\"><a href=\"https:\/\/www.lepoint.fr\/afrique\/marrakech-capitale-montante-de-l-art-contemporain-africain-26-02-2025-2583443_3826.php#11\" target=\"_blank\">Marrakech, capitale montante de l\u2019art contemporain africain\n<\/a><\/h2>\t\t\t\t<\/div>\n\t\t\t\t<div class=\"elementor-element elementor-element-852a665 elementor-widget elementor-widget-text-editor\" data-id=\"852a665\" data-element_type=\"widget\" data-e-type=\"widget\" data-widget_type=\"text-editor.default\">\n\t\t\t\t\t\t\t\t\t<p>Le Point<\/p>\t\t\t\t\t\t\t\t<\/div>\n\t\t\t\t\t<\/div>\n\t\t<\/div>\n\t\t\t\t<div class=\"elementor-column elementor-col-50 elementor-top-column elementor-element elementor-element-2d0e639\" data-id=\"2d0e639\" data-element_type=\"column\" data-e-type=\"column\">\n\t\t\t<div class=\"elementor-widget-wrap elementor-element-populated\">\n\t\t\t\t\t\t<div class=\"elementor-element elementor-element-994a736 elementor-widget elementor-widget-image\" data-id=\"994a736\" data-element_type=\"widget\" data-e-type=\"widget\" data-widget_type=\"image.default\">\n\t\t\t\t\t\t\t\t\t\t\t\t\t\t\t\t<a href=\"https:\/\/www.leconomiste.com\/article\/1132131-arts-culture-week-end-mohamed-arejdal-le-territoire-comme-archive-vivante\" target=\"_blank\">\n\t\t\t\t\t\t\t<img loading=\"lazy\" decoding=\"async\" width=\"2200\" height=\"1390\" src=\"https:\/\/cmgmarrakech.com\/wp-content\/uploads\/2025\/03\/Exposition-Ifergan-Mohamed-Ajredal-2025-1-min.jpg\" class=\"attachment-full size-full wp-image-14867\" alt=\"\" srcset=\"https:\/\/cmgmarrakech.com\/wp-content\/uploads\/2025\/03\/Exposition-Ifergan-Mohamed-Ajredal-2025-1-min.jpg 2200w, https:\/\/cmgmarrakech.com\/wp-content\/uploads\/2025\/03\/Exposition-Ifergan-Mohamed-Ajredal-2025-1-min-300x190.jpg 300w, https:\/\/cmgmarrakech.com\/wp-content\/uploads\/2025\/03\/Exposition-Ifergan-Mohamed-Ajredal-2025-1-min-1024x647.jpg 1024w, https:\/\/cmgmarrakech.com\/wp-content\/uploads\/2025\/03\/Exposition-Ifergan-Mohamed-Ajredal-2025-1-min-768x485.jpg 768w, https:\/\/cmgmarrakech.com\/wp-content\/uploads\/2025\/03\/Exposition-Ifergan-Mohamed-Ajredal-2025-1-min-1536x970.jpg 1536w, https:\/\/cmgmarrakech.com\/wp-content\/uploads\/2025\/03\/Exposition-Ifergan-Mohamed-Ajredal-2025-1-min-2048x1294.jpg 2048w, https:\/\/cmgmarrakech.com\/wp-content\/uploads\/2025\/03\/Exposition-Ifergan-Mohamed-Ajredal-2025-1-min-18x12.jpg 18w, https:\/\/cmgmarrakech.com\/wp-content\/uploads\/2025\/03\/Exposition-Ifergan-Mohamed-Ajredal-2025-1-min-415x262.jpg 415w, https:\/\/cmgmarrakech.com\/wp-content\/uploads\/2025\/03\/Exposition-Ifergan-Mohamed-Ajredal-2025-1-min-650x411.jpg 650w, https:\/\/cmgmarrakech.com\/wp-content\/uploads\/2025\/03\/Exposition-Ifergan-Mohamed-Ajredal-2025-1-min-250x158.jpg 250w\" sizes=\"(max-width: 2200px) 100vw, 2200px\" \/>\t\t\t\t\t\t\t\t<\/a>\n\t\t\t\t\t\t\t\t\t\t\t\t\t\t\t<\/div>\n\t\t\t\t<div class=\"elementor-element elementor-element-242b9ba elementor-widget elementor-widget-heading\" data-id=\"242b9ba\" data-element_type=\"widget\" data-e-type=\"widget\" data-widget_type=\"heading.default\">\n\t\t\t\t\t<h2 class=\"elementor-heading-title elementor-size-default\"><a href=\"https:\/\/www.leconomiste.com\/article\/1132131-arts-culture-week-end-mohamed-arejdal-le-territoire-comme-archive-vivante\" target=\"_blank\">Mohamed Arejdal, le territoire comme archive vivante<\/a><\/h2>\t\t\t\t<\/div>\n\t\t\t\t<div class=\"elementor-element elementor-element-56c1e57 elementor-widget elementor-widget-text-editor\" data-id=\"56c1e57\" data-element_type=\"widget\" data-e-type=\"widget\" data-widget_type=\"text-editor.default\">\n\t\t\t\t\t\t\t\t\t<p>L&rsquo;\u00e9conomiste<\/p>\t\t\t\t\t\t\t\t<\/div>\n\t\t\t\t\t<\/div>\n\t\t<\/div>\n\t\t\t\t\t<\/div>\n\t\t<\/section>\n\t\t\t\t<section class=\"elementor-section elementor-top-section elementor-element elementor-element-3778294 animated-slow elementor-section-boxed elementor-section-height-default elementor-section-height-default\" data-id=\"3778294\" data-element_type=\"section\" data-e-type=\"section\" data-settings=\"{&quot;animation&quot;:&quot;none&quot;}\">\n\t\t\t\t\t\t<div class=\"elementor-container elementor-column-gap-default\">\n\t\t\t\t\t<div class=\"elementor-column elementor-col-50 elementor-top-column elementor-element elementor-element-199ec32\" data-id=\"199ec32\" data-element_type=\"column\" data-e-type=\"column\">\n\t\t\t<div class=\"elementor-widget-wrap elementor-element-populated\">\n\t\t\t\t\t\t<div class=\"elementor-element elementor-element-382021b elementor-widget elementor-widget-image\" data-id=\"382021b\" data-element_type=\"widget\" data-e-type=\"widget\" data-widget_type=\"image.default\">\n\t\t\t\t\t\t\t\t\t\t\t\t\t\t\t\t<a href=\"https:\/\/www.glamour.mx\/articulos\/zonamaco-2025-fechas-lugar-horarios-expositores-boletos-y-mas\" target=\"_blank\">\n\t\t\t\t\t\t\t<img loading=\"lazy\" decoding=\"async\" width=\"2000\" height=\"1334\" src=\"https:\/\/cmgmarrakech.com\/wp-content\/uploads\/2025\/01\/Melehi-COMPOSITION-1974-Decoupage-cellulosique-sur-panneau-Details.jpg\" class=\"attachment-full size-full wp-image-14444\" alt=\"\" srcset=\"https:\/\/cmgmarrakech.com\/wp-content\/uploads\/2025\/01\/Melehi-COMPOSITION-1974-Decoupage-cellulosique-sur-panneau-Details.jpg 2000w, https:\/\/cmgmarrakech.com\/wp-content\/uploads\/2025\/01\/Melehi-COMPOSITION-1974-Decoupage-cellulosique-sur-panneau-Details-300x200.jpg 300w, https:\/\/cmgmarrakech.com\/wp-content\/uploads\/2025\/01\/Melehi-COMPOSITION-1974-Decoupage-cellulosique-sur-panneau-Details-1024x683.jpg 1024w, https:\/\/cmgmarrakech.com\/wp-content\/uploads\/2025\/01\/Melehi-COMPOSITION-1974-Decoupage-cellulosique-sur-panneau-Details-768x512.jpg 768w, https:\/\/cmgmarrakech.com\/wp-content\/uploads\/2025\/01\/Melehi-COMPOSITION-1974-Decoupage-cellulosique-sur-panneau-Details-1536x1025.jpg 1536w, https:\/\/cmgmarrakech.com\/wp-content\/uploads\/2025\/01\/Melehi-COMPOSITION-1974-Decoupage-cellulosique-sur-panneau-Details-18x12.jpg 18w, https:\/\/cmgmarrakech.com\/wp-content\/uploads\/2025\/01\/Melehi-COMPOSITION-1974-Decoupage-cellulosique-sur-panneau-Details-415x277.jpg 415w, https:\/\/cmgmarrakech.com\/wp-content\/uploads\/2025\/01\/Melehi-COMPOSITION-1974-Decoupage-cellulosique-sur-panneau-Details-650x434.jpg 650w, https:\/\/cmgmarrakech.com\/wp-content\/uploads\/2025\/01\/Melehi-COMPOSITION-1974-Decoupage-cellulosique-sur-panneau-Details-250x167.jpg 250w\" sizes=\"(max-width: 2000px) 100vw, 2000px\" \/>\t\t\t\t\t\t\t\t<\/a>\n\t\t\t\t\t\t\t\t\t\t\t\t\t\t\t<\/div>\n\t\t\t\t<div class=\"elementor-element elementor-element-3e3e615 elementor-widget elementor-widget-heading\" data-id=\"3e3e615\" data-element_type=\"widget\" data-e-type=\"widget\" data-widget_type=\"heading.default\">\n\t\t\t\t\t<h2 class=\"elementor-heading-title elementor-size-default\"><a href=\"https:\/\/www.glamour.mx\/articulos\/zonamaco-2025-fechas-lugar-horarios-expositores-boletos-y-mas\" target=\"_blank\">Zonamaco 2025: dates, venue, times, exhibitors, tickets and more\n<\/a><\/h2>\t\t\t\t<\/div>\n\t\t\t\t<div class=\"elementor-element elementor-element-f21017a elementor-widget elementor-widget-text-editor\" data-id=\"f21017a\" data-element_type=\"widget\" data-e-type=\"widget\" data-widget_type=\"text-editor.default\">\n\t\t\t\t\t\t\t\t\t<p>Glamour<\/p>\t\t\t\t\t\t\t\t<\/div>\n\t\t\t\t\t<\/div>\n\t\t<\/div>\n\t\t\t\t<div class=\"elementor-column elementor-col-50 elementor-top-column elementor-element elementor-element-c77ba6e\" data-id=\"c77ba6e\" data-element_type=\"column\" data-e-type=\"column\">\n\t\t\t<div class=\"elementor-widget-wrap elementor-element-populated\">\n\t\t\t\t\t\t<div class=\"elementor-element elementor-element-9e6bc70 elementor-widget elementor-widget-image\" data-id=\"9e6bc70\" data-element_type=\"widget\" data-e-type=\"widget\" data-widget_type=\"image.default\">\n\t\t\t\t\t\t\t\t\t\t\t\t\t\t\t\t<a href=\"https:\/\/contemporarylynx.co.uk\/1-54-contemporary-african-art-fair-2025\" target=\"_blank\">\n\t\t\t\t\t\t\t<img loading=\"lazy\" decoding=\"async\" width=\"2000\" height=\"1334\" src=\"https:\/\/cmgmarrakech.com\/wp-content\/uploads\/2025\/01\/Mohamed-Arejdal-Ifergan-Palestine-Gaza-et-cetera-2025.jpg\" class=\"attachment-full size-full wp-image-14583\" alt=\"\" srcset=\"https:\/\/cmgmarrakech.com\/wp-content\/uploads\/2025\/01\/Mohamed-Arejdal-Ifergan-Palestine-Gaza-et-cetera-2025.jpg 2000w, https:\/\/cmgmarrakech.com\/wp-content\/uploads\/2025\/01\/Mohamed-Arejdal-Ifergan-Palestine-Gaza-et-cetera-2025-300x200.jpg 300w, https:\/\/cmgmarrakech.com\/wp-content\/uploads\/2025\/01\/Mohamed-Arejdal-Ifergan-Palestine-Gaza-et-cetera-2025-1024x683.jpg 1024w, https:\/\/cmgmarrakech.com\/wp-content\/uploads\/2025\/01\/Mohamed-Arejdal-Ifergan-Palestine-Gaza-et-cetera-2025-768x512.jpg 768w, https:\/\/cmgmarrakech.com\/wp-content\/uploads\/2025\/01\/Mohamed-Arejdal-Ifergan-Palestine-Gaza-et-cetera-2025-1536x1025.jpg 1536w, https:\/\/cmgmarrakech.com\/wp-content\/uploads\/2025\/01\/Mohamed-Arejdal-Ifergan-Palestine-Gaza-et-cetera-2025-18x12.jpg 18w, https:\/\/cmgmarrakech.com\/wp-content\/uploads\/2025\/01\/Mohamed-Arejdal-Ifergan-Palestine-Gaza-et-cetera-2025-415x277.jpg 415w, https:\/\/cmgmarrakech.com\/wp-content\/uploads\/2025\/01\/Mohamed-Arejdal-Ifergan-Palestine-Gaza-et-cetera-2025-650x434.jpg 650w, https:\/\/cmgmarrakech.com\/wp-content\/uploads\/2025\/01\/Mohamed-Arejdal-Ifergan-Palestine-Gaza-et-cetera-2025-250x167.jpg 250w\" sizes=\"(max-width: 2000px) 100vw, 2000px\" \/>\t\t\t\t\t\t\t\t<\/a>\n\t\t\t\t\t\t\t\t\t\t\t\t\t\t\t<\/div>\n\t\t\t\t<div class=\"elementor-element elementor-element-509e09a elementor-widget elementor-widget-heading\" data-id=\"509e09a\" data-element_type=\"widget\" data-e-type=\"widget\" data-widget_type=\"heading.default\">\n\t\t\t\t\t<h2 class=\"elementor-heading-title elementor-size-default\"><a href=\"https:\/\/contemporarylynx.co.uk\/1-54-contemporary-african-art-fair-2025\" target=\"_blank\">Artists discovered at the 1-54 Marrakech.\n<\/a><\/h2>\t\t\t\t<\/div>\n\t\t\t\t<div class=\"elementor-element elementor-element-1811d7c elementor-widget elementor-widget-text-editor\" data-id=\"1811d7c\" data-element_type=\"widget\" data-e-type=\"widget\" data-widget_type=\"text-editor.default\">\n\t\t\t\t\t\t\t\t\t<p>contemporary lynx<\/p>\t\t\t\t\t\t\t\t<\/div>\n\t\t\t\t\t<\/div>\n\t\t<\/div>\n\t\t\t\t\t<\/div>\n\t\t<\/section>\n\t\t\t\t<section class=\"elementor-section elementor-top-section elementor-element elementor-element-fab2af6 animated-slow elementor-section-boxed elementor-section-height-default elementor-section-height-default\" data-id=\"fab2af6\" data-element_type=\"section\" data-e-type=\"section\" data-settings=\"{&quot;animation&quot;:&quot;none&quot;}\">\n\t\t\t\t\t\t<div class=\"elementor-container elementor-column-gap-default\">\n\t\t\t\t\t<div class=\"elementor-column elementor-col-50 elementor-top-column elementor-element elementor-element-82b7c40\" data-id=\"82b7c40\" data-element_type=\"column\" data-e-type=\"column\">\n\t\t\t<div class=\"elementor-widget-wrap elementor-element-populated\">\n\t\t\t\t\t\t<div class=\"elementor-element elementor-element-b24fbcd elementor-widget elementor-widget-image\" data-id=\"b24fbcd\" data-element_type=\"widget\" data-e-type=\"widget\" data-widget_type=\"image.default\">\n\t\t\t\t\t\t\t\t\t\t\t\t\t\t\t\t<a href=\"https:\/\/www.middleeastmonitor.com\/20250205-photography-painting-and-craft-at-the-contemporary-art-fair-1-54-marrakech\/\" target=\"_blank\">\n\t\t\t\t\t\t\t<img loading=\"lazy\" decoding=\"async\" width=\"2200\" height=\"1567\" src=\"https:\/\/cmgmarrakech.com\/wp-content\/uploads\/2024\/12\/Mohammed-Kacimi-SANS-TITRE-BAMAKO-2000-Technique-mixte-sur-papier-Signee-datee-et-situee-en-bas-a-droite-73-x-101-cm.jpg\" class=\"attachment-full size-full wp-image-14339\" alt=\"\" srcset=\"https:\/\/cmgmarrakech.com\/wp-content\/uploads\/2024\/12\/Mohammed-Kacimi-SANS-TITRE-BAMAKO-2000-Technique-mixte-sur-papier-Signee-datee-et-situee-en-bas-a-droite-73-x-101-cm.jpg 2200w, https:\/\/cmgmarrakech.com\/wp-content\/uploads\/2024\/12\/Mohammed-Kacimi-SANS-TITRE-BAMAKO-2000-Technique-mixte-sur-papier-Signee-datee-et-situee-en-bas-a-droite-73-x-101-cm-300x214.jpg 300w, https:\/\/cmgmarrakech.com\/wp-content\/uploads\/2024\/12\/Mohammed-Kacimi-SANS-TITRE-BAMAKO-2000-Technique-mixte-sur-papier-Signee-datee-et-situee-en-bas-a-droite-73-x-101-cm-1024x729.jpg 1024w, https:\/\/cmgmarrakech.com\/wp-content\/uploads\/2024\/12\/Mohammed-Kacimi-SANS-TITRE-BAMAKO-2000-Technique-mixte-sur-papier-Signee-datee-et-situee-en-bas-a-droite-73-x-101-cm-768x547.jpg 768w, https:\/\/cmgmarrakech.com\/wp-content\/uploads\/2024\/12\/Mohammed-Kacimi-SANS-TITRE-BAMAKO-2000-Technique-mixte-sur-papier-Signee-datee-et-situee-en-bas-a-droite-73-x-101-cm-1536x1094.jpg 1536w, https:\/\/cmgmarrakech.com\/wp-content\/uploads\/2024\/12\/Mohammed-Kacimi-SANS-TITRE-BAMAKO-2000-Technique-mixte-sur-papier-Signee-datee-et-situee-en-bas-a-droite-73-x-101-cm-2048x1459.jpg 2048w, https:\/\/cmgmarrakech.com\/wp-content\/uploads\/2024\/12\/Mohammed-Kacimi-SANS-TITRE-BAMAKO-2000-Technique-mixte-sur-papier-Signee-datee-et-situee-en-bas-a-droite-73-x-101-cm-18x12.jpg 18w, https:\/\/cmgmarrakech.com\/wp-content\/uploads\/2024\/12\/Mohammed-Kacimi-SANS-TITRE-BAMAKO-2000-Technique-mixte-sur-papier-Signee-datee-et-situee-en-bas-a-droite-73-x-101-cm-345x245.jpg 345w, https:\/\/cmgmarrakech.com\/wp-content\/uploads\/2024\/12\/Mohammed-Kacimi-SANS-TITRE-BAMAKO-2000-Technique-mixte-sur-papier-Signee-datee-et-situee-en-bas-a-droite-73-x-101-cm-415x296.jpg 415w, https:\/\/cmgmarrakech.com\/wp-content\/uploads\/2024\/12\/Mohammed-Kacimi-SANS-TITRE-BAMAKO-2000-Technique-mixte-sur-papier-Signee-datee-et-situee-en-bas-a-droite-73-x-101-cm-650x463.jpg 650w, https:\/\/cmgmarrakech.com\/wp-content\/uploads\/2024\/12\/Mohammed-Kacimi-SANS-TITRE-BAMAKO-2000-Technique-mixte-sur-papier-Signee-datee-et-situee-en-bas-a-droite-73-x-101-cm-250x178.jpg 250w\" sizes=\"(max-width: 2200px) 100vw, 2200px\" \/>\t\t\t\t\t\t\t\t<\/a>\n\t\t\t\t\t\t\t\t\t\t\t\t\t\t\t<\/div>\n\t\t\t\t<div class=\"elementor-element elementor-element-4b86b84 elementor-widget elementor-widget-heading\" data-id=\"4b86b84\" data-element_type=\"widget\" data-e-type=\"widget\" data-widget_type=\"heading.default\">\n\t\t\t\t\t<h2 class=\"elementor-heading-title elementor-size-default\"><a href=\"https:\/\/www.middleeastmonitor.com\/20250205-photography-painting-and-craft-at-the-contemporary-art-fair-1-54-marrakech\/\" target=\"_blank\">Photography, painting and craft at the contemporary art fair 1\/54 Marrakech\n<\/a><\/h2>\t\t\t\t<\/div>\n\t\t\t\t<div class=\"elementor-element elementor-element-91326ed elementor-widget elementor-widget-text-editor\" data-id=\"91326ed\" data-element_type=\"widget\" data-e-type=\"widget\" data-widget_type=\"text-editor.default\">\n\t\t\t\t\t\t\t\t\t<p>Middle East Monitor<\/p>\t\t\t\t\t\t\t\t<\/div>\n\t\t\t\t\t<\/div>\n\t\t<\/div>\n\t\t\t\t<div class=\"elementor-column elementor-col-50 elementor-top-column elementor-element elementor-element-0c89cfa\" data-id=\"0c89cfa\" data-element_type=\"column\" data-e-type=\"column\">\n\t\t\t<div class=\"elementor-widget-wrap elementor-element-populated\">\n\t\t\t\t\t\t<div class=\"elementor-element elementor-element-a4485c7 elementor-widget elementor-widget-image\" data-id=\"a4485c7\" data-element_type=\"widget\" data-e-type=\"widget\" data-widget_type=\"image.default\">\n\t\t\t\t\t\t\t\t\t\t\t\t\t\t\t\t<a href=\"https:\/\/luxe-infinity-maroc.com\/culture\/marrakech-epicentre-de-lart-contemporain-africain-la-1-54-art-fair\/\" target=\"_blank\">\n\t\t\t\t\t\t\t<img loading=\"lazy\" decoding=\"async\" width=\"2000\" height=\"1334\" src=\"https:\/\/cmgmarrakech.com\/wp-content\/uploads\/2024\/12\/Mohammed-Kacimi-Exposition-image-2024.jpg\" class=\"attachment-full size-full wp-image-14330\" alt=\"\" srcset=\"https:\/\/cmgmarrakech.com\/wp-content\/uploads\/2024\/12\/Mohammed-Kacimi-Exposition-image-2024.jpg 2000w, https:\/\/cmgmarrakech.com\/wp-content\/uploads\/2024\/12\/Mohammed-Kacimi-Exposition-image-2024-300x200.jpg 300w, https:\/\/cmgmarrakech.com\/wp-content\/uploads\/2024\/12\/Mohammed-Kacimi-Exposition-image-2024-1024x683.jpg 1024w, https:\/\/cmgmarrakech.com\/wp-content\/uploads\/2024\/12\/Mohammed-Kacimi-Exposition-image-2024-768x512.jpg 768w, https:\/\/cmgmarrakech.com\/wp-content\/uploads\/2024\/12\/Mohammed-Kacimi-Exposition-image-2024-1536x1025.jpg 1536w, https:\/\/cmgmarrakech.com\/wp-content\/uploads\/2024\/12\/Mohammed-Kacimi-Exposition-image-2024-18x12.jpg 18w, https:\/\/cmgmarrakech.com\/wp-content\/uploads\/2024\/12\/Mohammed-Kacimi-Exposition-image-2024-415x277.jpg 415w, https:\/\/cmgmarrakech.com\/wp-content\/uploads\/2024\/12\/Mohammed-Kacimi-Exposition-image-2024-650x434.jpg 650w, https:\/\/cmgmarrakech.com\/wp-content\/uploads\/2024\/12\/Mohammed-Kacimi-Exposition-image-2024-250x167.jpg 250w\" sizes=\"(max-width: 2000px) 100vw, 2000px\" \/>\t\t\t\t\t\t\t\t<\/a>\n\t\t\t\t\t\t\t\t\t\t\t\t\t\t\t<\/div>\n\t\t\t\t<div class=\"elementor-element elementor-element-a1206e1 elementor-widget elementor-widget-heading\" data-id=\"a1206e1\" data-element_type=\"widget\" data-e-type=\"widget\" data-widget_type=\"heading.default\">\n\t\t\t\t\t<h2 class=\"elementor-heading-title elementor-size-default\"><a href=\"https:\/\/luxe-infinity-maroc.com\/culture\/marrakech-epicentre-de-lart-contemporain-africain-la-1-54-art-fair\/\" target=\"_blank\">Marrakech, \u00c9picentre de l\u2019Art Contemporain Africain : La 1-54 Art Fair\n<\/a><\/h2>\t\t\t\t<\/div>\n\t\t\t\t<div class=\"elementor-element elementor-element-3e6c987 elementor-widget elementor-widget-text-editor\" data-id=\"3e6c987\" data-element_type=\"widget\" data-e-type=\"widget\" data-widget_type=\"text-editor.default\">\n\t\t\t\t\t\t\t\t\t<p>Luxe Infinity Maroc<\/p>\t\t\t\t\t\t\t\t<\/div>\n\t\t\t\t\t<\/div>\n\t\t<\/div>\n\t\t\t\t\t<\/div>\n\t\t<\/section>\n\t\t\t\t<section class=\"elementor-section elementor-top-section elementor-element elementor-element-d1ac676 animated-slow elementor-section-boxed elementor-section-height-default elementor-section-height-default\" data-id=\"d1ac676\" data-element_type=\"section\" data-e-type=\"section\" data-settings=\"{&quot;animation&quot;:&quot;none&quot;}\">\n\t\t\t\t\t\t<div class=\"elementor-container elementor-column-gap-default\">\n\t\t\t\t\t<div class=\"elementor-column elementor-col-50 elementor-top-column elementor-element elementor-element-334274a\" data-id=\"334274a\" data-element_type=\"column\" data-e-type=\"column\">\n\t\t\t<div class=\"elementor-widget-wrap elementor-element-populated\">\n\t\t\t\t\t\t<div class=\"elementor-element elementor-element-1ee959f elementor-widget elementor-widget-image\" data-id=\"1ee959f\" data-element_type=\"widget\" data-e-type=\"widget\" data-widget_type=\"image.default\">\n\t\t\t\t\t\t\t\t\t\t\t\t\t\t\t\t<a href=\"https:\/\/shoelifer.com\/culture\/expositions\/que-voir-pendant-la-foire-1-54-marrakech\/\" target=\"_blank\">\n\t\t\t\t\t\t\t<img loading=\"lazy\" decoding=\"async\" width=\"2000\" height=\"1334\" src=\"https:\/\/cmgmarrakech.com\/wp-content\/uploads\/2025\/02\/Mohammed-Kacimi-Exposition-image_2025-2.jpg\" class=\"attachment-full size-full wp-image-14588\" alt=\"\" srcset=\"https:\/\/cmgmarrakech.com\/wp-content\/uploads\/2025\/02\/Mohammed-Kacimi-Exposition-image_2025-2.jpg 2000w, https:\/\/cmgmarrakech.com\/wp-content\/uploads\/2025\/02\/Mohammed-Kacimi-Exposition-image_2025-2-300x200.jpg 300w, https:\/\/cmgmarrakech.com\/wp-content\/uploads\/2025\/02\/Mohammed-Kacimi-Exposition-image_2025-2-1024x683.jpg 1024w, https:\/\/cmgmarrakech.com\/wp-content\/uploads\/2025\/02\/Mohammed-Kacimi-Exposition-image_2025-2-768x512.jpg 768w, https:\/\/cmgmarrakech.com\/wp-content\/uploads\/2025\/02\/Mohammed-Kacimi-Exposition-image_2025-2-1536x1025.jpg 1536w, https:\/\/cmgmarrakech.com\/wp-content\/uploads\/2025\/02\/Mohammed-Kacimi-Exposition-image_2025-2-18x12.jpg 18w, https:\/\/cmgmarrakech.com\/wp-content\/uploads\/2025\/02\/Mohammed-Kacimi-Exposition-image_2025-2-415x277.jpg 415w, https:\/\/cmgmarrakech.com\/wp-content\/uploads\/2025\/02\/Mohammed-Kacimi-Exposition-image_2025-2-650x434.jpg 650w, https:\/\/cmgmarrakech.com\/wp-content\/uploads\/2025\/02\/Mohammed-Kacimi-Exposition-image_2025-2-250x167.jpg 250w\" sizes=\"(max-width: 2000px) 100vw, 2000px\" \/>\t\t\t\t\t\t\t\t<\/a>\n\t\t\t\t\t\t\t\t\t\t\t\t\t\t\t<\/div>\n\t\t\t\t<div class=\"elementor-element elementor-element-e4319f9 elementor-widget elementor-widget-heading\" data-id=\"e4319f9\" data-element_type=\"widget\" data-e-type=\"widget\" data-widget_type=\"heading.default\">\n\t\t\t\t\t<h2 class=\"elementor-heading-title elementor-size-default\"><a href=\"https:\/\/shoelifer.com\/culture\/expositions\/que-voir-pendant-la-foire-1-54-marrakech\/\" target=\"_blank\">Que voir pendant la foire 1-54 \u00e0 Marrakech ?<\/a><\/h2>\t\t\t\t<\/div>\n\t\t\t\t<div class=\"elementor-element elementor-element-fcdf580 elementor-widget elementor-widget-text-editor\" data-id=\"fcdf580\" data-element_type=\"widget\" data-e-type=\"widget\" data-widget_type=\"text-editor.default\">\n\t\t\t\t\t\t\t\t\t<p>SHOE LIFER<\/p>\t\t\t\t\t\t\t\t<\/div>\n\t\t\t\t\t<\/div>\n\t\t<\/div>\n\t\t\t\t<div class=\"elementor-column elementor-col-50 elementor-top-column elementor-element elementor-element-0cfed22\" data-id=\"0cfed22\" data-element_type=\"column\" data-e-type=\"column\">\n\t\t\t<div class=\"elementor-widget-wrap elementor-element-populated\">\n\t\t\t\t\t\t<div class=\"elementor-element elementor-element-52eadf4 elementor-widget elementor-widget-image\" data-id=\"52eadf4\" data-element_type=\"widget\" data-e-type=\"widget\" data-widget_type=\"image.default\">\n\t\t\t\t\t\t\t\t\t\t\t\t\t\t\t\t<a href=\"https:\/\/visitmarrakech.com\/listing\/la-nuit-des-galeries\/\" target=\"_blank\">\n\t\t\t\t\t\t\t<img loading=\"lazy\" decoding=\"async\" width=\"2300\" height=\"1614\" src=\"https:\/\/cmgmarrakech.com\/wp-content\/uploads\/2024\/12\/CMG-Marrakech-Slider-Art-Dubai-Art-Fair.jpg\" class=\"attachment-full size-full wp-image-14315\" alt=\"\" srcset=\"https:\/\/cmgmarrakech.com\/wp-content\/uploads\/2024\/12\/CMG-Marrakech-Slider-Art-Dubai-Art-Fair.jpg 2300w, https:\/\/cmgmarrakech.com\/wp-content\/uploads\/2024\/12\/CMG-Marrakech-Slider-Art-Dubai-Art-Fair-300x211.jpg 300w, https:\/\/cmgmarrakech.com\/wp-content\/uploads\/2024\/12\/CMG-Marrakech-Slider-Art-Dubai-Art-Fair-1024x719.jpg 1024w, https:\/\/cmgmarrakech.com\/wp-content\/uploads\/2024\/12\/CMG-Marrakech-Slider-Art-Dubai-Art-Fair-768x539.jpg 768w, https:\/\/cmgmarrakech.com\/wp-content\/uploads\/2024\/12\/CMG-Marrakech-Slider-Art-Dubai-Art-Fair-1536x1078.jpg 1536w, https:\/\/cmgmarrakech.com\/wp-content\/uploads\/2024\/12\/CMG-Marrakech-Slider-Art-Dubai-Art-Fair-2048x1437.jpg 2048w, https:\/\/cmgmarrakech.com\/wp-content\/uploads\/2024\/12\/CMG-Marrakech-Slider-Art-Dubai-Art-Fair-18x12.jpg 18w, https:\/\/cmgmarrakech.com\/wp-content\/uploads\/2024\/12\/CMG-Marrakech-Slider-Art-Dubai-Art-Fair-415x291.jpg 415w, https:\/\/cmgmarrakech.com\/wp-content\/uploads\/2024\/12\/CMG-Marrakech-Slider-Art-Dubai-Art-Fair-650x456.jpg 650w, https:\/\/cmgmarrakech.com\/wp-content\/uploads\/2024\/12\/CMG-Marrakech-Slider-Art-Dubai-Art-Fair-250x175.jpg 250w\" sizes=\"(max-width: 2300px) 100vw, 2300px\" \/>\t\t\t\t\t\t\t\t<\/a>\n\t\t\t\t\t\t\t\t\t\t\t\t\t\t\t<\/div>\n\t\t\t\t<div class=\"elementor-element elementor-element-b6e491d elementor-widget elementor-widget-heading\" data-id=\"b6e491d\" data-element_type=\"widget\" data-e-type=\"widget\" data-widget_type=\"heading.default\">\n\t\t\t\t\t<h2 class=\"elementor-heading-title elementor-size-default\"><a href=\"https:\/\/visitmarrakech.com\/listing\/la-nuit-des-galeries\/\" target=\"_blank\">La Nuit Des Galleries <\/a><\/h2>\t\t\t\t<\/div>\n\t\t\t\t<div class=\"elementor-element elementor-element-14311fe elementor-widget elementor-widget-text-editor\" data-id=\"14311fe\" data-element_type=\"widget\" data-e-type=\"widget\" data-widget_type=\"text-editor.default\">\n\t\t\t\t\t\t\t\t\t<p>Visit Marrakech<\/p>\t\t\t\t\t\t\t\t<\/div>\n\t\t\t\t\t<\/div>\n\t\t<\/div>\n\t\t\t\t\t<\/div>\n\t\t<\/section>\n\t\t\t\t<section class=\"elementor-section elementor-top-section elementor-element elementor-element-aea9c5f animated-slow elementor-section-boxed elementor-section-height-default elementor-section-height-default\" data-id=\"aea9c5f\" data-element_type=\"section\" data-e-type=\"section\" data-settings=\"{&quot;animation&quot;:&quot;none&quot;}\">\n\t\t\t\t\t\t<div class=\"elementor-container elementor-column-gap-default\">\n\t\t\t\t\t<div class=\"elementor-column elementor-col-50 elementor-top-column elementor-element elementor-element-47da6c2\" data-id=\"47da6c2\" data-element_type=\"column\" data-e-type=\"column\">\n\t\t\t<div class=\"elementor-widget-wrap elementor-element-populated\">\n\t\t\t\t\t\t<div class=\"elementor-element elementor-element-dfd14a6 elementor-widget elementor-widget-image\" data-id=\"dfd14a6\" data-element_type=\"widget\" data-e-type=\"widget\" data-widget_type=\"image.default\">\n\t\t\t\t\t\t\t\t\t\t\t\t\t\t\t\t<a href=\"https:\/\/www.studiointernational.com\/index.php\/lines-of-desire-izza-marrakech-morocco\" target=\"_blank\">\n\t\t\t\t\t\t\t<img loading=\"lazy\" decoding=\"async\" width=\"2000\" height=\"1334\" src=\"https:\/\/cmgmarrakech.com\/wp-content\/uploads\/2025\/01\/Mohamed-Arejdal-Ifergan-Palestine-Gaza-et-cetera-2025.jpg\" class=\"attachment-full size-full wp-image-14583\" alt=\"\" srcset=\"https:\/\/cmgmarrakech.com\/wp-content\/uploads\/2025\/01\/Mohamed-Arejdal-Ifergan-Palestine-Gaza-et-cetera-2025.jpg 2000w, https:\/\/cmgmarrakech.com\/wp-content\/uploads\/2025\/01\/Mohamed-Arejdal-Ifergan-Palestine-Gaza-et-cetera-2025-300x200.jpg 300w, https:\/\/cmgmarrakech.com\/wp-content\/uploads\/2025\/01\/Mohamed-Arejdal-Ifergan-Palestine-Gaza-et-cetera-2025-1024x683.jpg 1024w, https:\/\/cmgmarrakech.com\/wp-content\/uploads\/2025\/01\/Mohamed-Arejdal-Ifergan-Palestine-Gaza-et-cetera-2025-768x512.jpg 768w, https:\/\/cmgmarrakech.com\/wp-content\/uploads\/2025\/01\/Mohamed-Arejdal-Ifergan-Palestine-Gaza-et-cetera-2025-1536x1025.jpg 1536w, https:\/\/cmgmarrakech.com\/wp-content\/uploads\/2025\/01\/Mohamed-Arejdal-Ifergan-Palestine-Gaza-et-cetera-2025-18x12.jpg 18w, https:\/\/cmgmarrakech.com\/wp-content\/uploads\/2025\/01\/Mohamed-Arejdal-Ifergan-Palestine-Gaza-et-cetera-2025-415x277.jpg 415w, https:\/\/cmgmarrakech.com\/wp-content\/uploads\/2025\/01\/Mohamed-Arejdal-Ifergan-Palestine-Gaza-et-cetera-2025-650x434.jpg 650w, https:\/\/cmgmarrakech.com\/wp-content\/uploads\/2025\/01\/Mohamed-Arejdal-Ifergan-Palestine-Gaza-et-cetera-2025-250x167.jpg 250w\" sizes=\"(max-width: 2000px) 100vw, 2000px\" \/>\t\t\t\t\t\t\t\t<\/a>\n\t\t\t\t\t\t\t\t\t\t\t\t\t\t\t<\/div>\n\t\t\t\t<div class=\"elementor-element elementor-element-36ec535 elementor-widget elementor-widget-heading\" data-id=\"36ec535\" data-element_type=\"widget\" data-e-type=\"widget\" data-widget_type=\"heading.default\">\n\t\t\t\t\t<h2 class=\"elementor-heading-title elementor-size-default\"><a href=\"https:\/\/www.studiointernational.com\/index.php\/lines-of-desire-izza-marrakech-morocco\" target=\"_blank\">Line(s) of Desire\n<\/a><\/h2>\t\t\t\t<\/div>\n\t\t\t\t<div class=\"elementor-element elementor-element-659aa11 elementor-widget elementor-widget-text-editor\" data-id=\"659aa11\" data-element_type=\"widget\" data-e-type=\"widget\" data-widget_type=\"text-editor.default\">\n\t\t\t\t\t\t\t\t\t<p>Studio International\u00a0<\/p>\t\t\t\t\t\t\t\t<\/div>\n\t\t\t\t\t<\/div>\n\t\t<\/div>\n\t\t\t\t<div class=\"elementor-column elementor-col-50 elementor-top-column elementor-element elementor-element-a88903f\" data-id=\"a88903f\" data-element_type=\"column\" data-e-type=\"column\">\n\t\t\t<div class=\"elementor-widget-wrap elementor-element-populated\">\n\t\t\t\t\t\t<div class=\"elementor-element elementor-element-2f03e3c elementor-widget elementor-widget-image\" data-id=\"2f03e3c\" data-element_type=\"widget\" data-e-type=\"widget\" data-widget_type=\"image.default\">\n\t\t\t\t\t\t\t\t\t\t\t\t\t\t\t\t<a href=\"https:\/\/www.flolondon.co.uk\/all-posts\/artists-to-watch-out-for-from-154-marrakech-2025\" target=\"_blank\">\n\t\t\t\t\t\t\t<img loading=\"lazy\" decoding=\"async\" width=\"2000\" height=\"1334\" src=\"https:\/\/cmgmarrakech.com\/wp-content\/uploads\/2025\/01\/Mohamed-Arejdal-Ifergan-Exposition-Vue-7.jpg\" class=\"attachment-full size-full wp-image-14580\" alt=\"\" srcset=\"https:\/\/cmgmarrakech.com\/wp-content\/uploads\/2025\/01\/Mohamed-Arejdal-Ifergan-Exposition-Vue-7.jpg 2000w, https:\/\/cmgmarrakech.com\/wp-content\/uploads\/2025\/01\/Mohamed-Arejdal-Ifergan-Exposition-Vue-7-300x200.jpg 300w, https:\/\/cmgmarrakech.com\/wp-content\/uploads\/2025\/01\/Mohamed-Arejdal-Ifergan-Exposition-Vue-7-1024x683.jpg 1024w, https:\/\/cmgmarrakech.com\/wp-content\/uploads\/2025\/01\/Mohamed-Arejdal-Ifergan-Exposition-Vue-7-768x512.jpg 768w, https:\/\/cmgmarrakech.com\/wp-content\/uploads\/2025\/01\/Mohamed-Arejdal-Ifergan-Exposition-Vue-7-1536x1025.jpg 1536w, https:\/\/cmgmarrakech.com\/wp-content\/uploads\/2025\/01\/Mohamed-Arejdal-Ifergan-Exposition-Vue-7-18x12.jpg 18w, https:\/\/cmgmarrakech.com\/wp-content\/uploads\/2025\/01\/Mohamed-Arejdal-Ifergan-Exposition-Vue-7-415x277.jpg 415w, https:\/\/cmgmarrakech.com\/wp-content\/uploads\/2025\/01\/Mohamed-Arejdal-Ifergan-Exposition-Vue-7-650x434.jpg 650w, https:\/\/cmgmarrakech.com\/wp-content\/uploads\/2025\/01\/Mohamed-Arejdal-Ifergan-Exposition-Vue-7-250x167.jpg 250w\" sizes=\"(max-width: 2000px) 100vw, 2000px\" \/>\t\t\t\t\t\t\t\t<\/a>\n\t\t\t\t\t\t\t\t\t\t\t\t\t\t\t<\/div>\n\t\t\t\t<div class=\"elementor-element elementor-element-20a25f4 elementor-widget elementor-widget-heading\" data-id=\"20a25f4\" data-element_type=\"widget\" data-e-type=\"widget\" data-widget_type=\"heading.default\">\n\t\t\t\t\t<h2 class=\"elementor-heading-title elementor-size-default\"><a href=\"https:\/\/www.flolondon.co.uk\/all-posts\/artists-to-watch-out-for-from-154-marrakech-2025\" target=\"_blank\">Artists to watch out for from 1-54 Marrakech 2025\n<\/a><\/h2>\t\t\t\t<\/div>\n\t\t\t\t<div class=\"elementor-element elementor-element-9fb07f2 elementor-widget elementor-widget-text-editor\" data-id=\"9fb07f2\" data-element_type=\"widget\" data-e-type=\"widget\" data-widget_type=\"text-editor.default\">\n\t\t\t\t\t\t\t\t\t<p>FLO London<\/p>\t\t\t\t\t\t\t\t<\/div>\n\t\t\t\t\t<\/div>\n\t\t<\/div>\n\t\t\t\t\t<\/div>\n\t\t<\/section>\n\t\t\t\t<section class=\"elementor-section elementor-top-section elementor-element elementor-element-d7caa84 animated-slow elementor-section-boxed elementor-section-height-default elementor-section-height-default\" data-id=\"d7caa84\" data-element_type=\"section\" data-e-type=\"section\" data-settings=\"{&quot;animation&quot;:&quot;none&quot;}\">\n\t\t\t\t\t\t<div class=\"elementor-container elementor-column-gap-default\">\n\t\t\t\t\t<div class=\"elementor-column elementor-col-50 elementor-top-column elementor-element elementor-element-fcaf056\" data-id=\"fcaf056\" data-element_type=\"column\" data-e-type=\"column\">\n\t\t\t<div class=\"elementor-widget-wrap elementor-element-populated\">\n\t\t\t\t\t\t<div class=\"elementor-element elementor-element-3725163 elementor-widget elementor-widget-image\" data-id=\"3725163\" data-element_type=\"widget\" data-e-type=\"widget\" data-widget_type=\"image.default\">\n\t\t\t\t\t\t\t\t\t\t\t\t\t\t\t\t<a href=\"https:\/\/www.prazzleinc.com\/editorial\/what-to-see-at-1-54-contemporary-african-art-fair-marrakech-2025\" target=\"_blank\">\n\t\t\t\t\t\t\t<img loading=\"lazy\" decoding=\"async\" width=\"2000\" height=\"1334\" src=\"https:\/\/cmgmarrakech.com\/wp-content\/uploads\/2025\/01\/Mohamed-Arejdal-Ifergan-Exposition-News-1-1.jpg\" class=\"attachment-full size-full wp-image-14577\" alt=\"\" srcset=\"https:\/\/cmgmarrakech.com\/wp-content\/uploads\/2025\/01\/Mohamed-Arejdal-Ifergan-Exposition-News-1-1.jpg 2000w, https:\/\/cmgmarrakech.com\/wp-content\/uploads\/2025\/01\/Mohamed-Arejdal-Ifergan-Exposition-News-1-1-300x200.jpg 300w, https:\/\/cmgmarrakech.com\/wp-content\/uploads\/2025\/01\/Mohamed-Arejdal-Ifergan-Exposition-News-1-1-1024x683.jpg 1024w, https:\/\/cmgmarrakech.com\/wp-content\/uploads\/2025\/01\/Mohamed-Arejdal-Ifergan-Exposition-News-1-1-768x512.jpg 768w, https:\/\/cmgmarrakech.com\/wp-content\/uploads\/2025\/01\/Mohamed-Arejdal-Ifergan-Exposition-News-1-1-1536x1025.jpg 1536w, https:\/\/cmgmarrakech.com\/wp-content\/uploads\/2025\/01\/Mohamed-Arejdal-Ifergan-Exposition-News-1-1-18x12.jpg 18w, https:\/\/cmgmarrakech.com\/wp-content\/uploads\/2025\/01\/Mohamed-Arejdal-Ifergan-Exposition-News-1-1-415x277.jpg 415w, https:\/\/cmgmarrakech.com\/wp-content\/uploads\/2025\/01\/Mohamed-Arejdal-Ifergan-Exposition-News-1-1-650x434.jpg 650w, https:\/\/cmgmarrakech.com\/wp-content\/uploads\/2025\/01\/Mohamed-Arejdal-Ifergan-Exposition-News-1-1-250x167.jpg 250w\" sizes=\"(max-width: 2000px) 100vw, 2000px\" \/>\t\t\t\t\t\t\t\t<\/a>\n\t\t\t\t\t\t\t\t\t\t\t\t\t\t\t<\/div>\n\t\t\t\t<div class=\"elementor-element elementor-element-29e7f1c elementor-widget elementor-widget-heading\" data-id=\"29e7f1c\" data-element_type=\"widget\" data-e-type=\"widget\" data-widget_type=\"heading.default\">\n\t\t\t\t\t<h2 class=\"elementor-heading-title elementor-size-default\"><a href=\"https:\/\/www.prazzleinc.com\/editorial\/what-to-see-at-1-54-contemporary-african-art-fair-marrakech-2025\" target=\"_blank\">What to See at 1-54 Contemporary African Art Fair Marrakech 2025\n<\/a><\/h2>\t\t\t\t<\/div>\n\t\t\t\t<div class=\"elementor-element elementor-element-41669ab elementor-widget elementor-widget-text-editor\" data-id=\"41669ab\" data-element_type=\"widget\" data-e-type=\"widget\" data-widget_type=\"text-editor.default\">\n\t\t\t\t\t\t\t\t\t<p>Prazzle<\/p>\t\t\t\t\t\t\t\t<\/div>\n\t\t\t\t\t<\/div>\n\t\t<\/div>\n\t\t\t\t<div class=\"elementor-column elementor-col-50 elementor-top-column elementor-element elementor-element-832ff3d\" data-id=\"832ff3d\" data-element_type=\"column\" data-e-type=\"column\">\n\t\t\t<div class=\"elementor-widget-wrap elementor-element-populated\">\n\t\t\t\t\t\t<div class=\"elementor-element elementor-element-284cf3d elementor-widget elementor-widget-image\" data-id=\"284cf3d\" data-element_type=\"widget\" data-e-type=\"widget\" data-widget_type=\"image.default\">\n\t\t\t\t\t\t\t\t\t\t\t\t\t\t\t\t<a href=\"https:\/\/www.diptykmag.com\/1-54-marrakech-les-must-see\/\" target=\"_blank\">\n\t\t\t\t\t\t\t<img loading=\"lazy\" decoding=\"async\" width=\"2000\" height=\"1334\" src=\"https:\/\/cmgmarrakech.com\/wp-content\/uploads\/2025\/02\/Mohamed-Arejdal-Ifergan-Exposition-Vue-1.jpg\" class=\"attachment-full size-full wp-image-14604\" alt=\"\" srcset=\"https:\/\/cmgmarrakech.com\/wp-content\/uploads\/2025\/02\/Mohamed-Arejdal-Ifergan-Exposition-Vue-1.jpg 2000w, https:\/\/cmgmarrakech.com\/wp-content\/uploads\/2025\/02\/Mohamed-Arejdal-Ifergan-Exposition-Vue-1-300x200.jpg 300w, https:\/\/cmgmarrakech.com\/wp-content\/uploads\/2025\/02\/Mohamed-Arejdal-Ifergan-Exposition-Vue-1-1024x683.jpg 1024w, https:\/\/cmgmarrakech.com\/wp-content\/uploads\/2025\/02\/Mohamed-Arejdal-Ifergan-Exposition-Vue-1-768x512.jpg 768w, https:\/\/cmgmarrakech.com\/wp-content\/uploads\/2025\/02\/Mohamed-Arejdal-Ifergan-Exposition-Vue-1-1536x1025.jpg 1536w, https:\/\/cmgmarrakech.com\/wp-content\/uploads\/2025\/02\/Mohamed-Arejdal-Ifergan-Exposition-Vue-1-18x12.jpg 18w, https:\/\/cmgmarrakech.com\/wp-content\/uploads\/2025\/02\/Mohamed-Arejdal-Ifergan-Exposition-Vue-1-415x277.jpg 415w, https:\/\/cmgmarrakech.com\/wp-content\/uploads\/2025\/02\/Mohamed-Arejdal-Ifergan-Exposition-Vue-1-650x434.jpg 650w, https:\/\/cmgmarrakech.com\/wp-content\/uploads\/2025\/02\/Mohamed-Arejdal-Ifergan-Exposition-Vue-1-250x167.jpg 250w\" sizes=\"(max-width: 2000px) 100vw, 2000px\" \/>\t\t\t\t\t\t\t\t<\/a>\n\t\t\t\t\t\t\t\t\t\t\t\t\t\t\t<\/div>\n\t\t\t\t<div class=\"elementor-element elementor-element-f58932b elementor-widget elementor-widget-heading\" data-id=\"f58932b\" data-element_type=\"widget\" data-e-type=\"widget\" data-widget_type=\"heading.default\">\n\t\t\t\t\t<h2 class=\"elementor-heading-title elementor-size-default\"><a href=\"https:\/\/www.diptykmag.com\/1-54-marrakech-les-must-see\/\" target=\"_blank\">1-54 Marrakech : LES MUST-SEE\n<\/a><\/h2>\t\t\t\t<\/div>\n\t\t\t\t<div class=\"elementor-element elementor-element-becd78c elementor-widget elementor-widget-text-editor\" data-id=\"becd78c\" data-element_type=\"widget\" data-e-type=\"widget\" data-widget_type=\"text-editor.default\">\n\t\t\t\t\t\t\t\t\t<p>Diptyk<\/p>\t\t\t\t\t\t\t\t<\/div>\n\t\t\t\t\t<\/div>\n\t\t<\/div>\n\t\t\t\t\t<\/div>\n\t\t<\/section>\n\t\t\t\t<section class=\"elementor-section elementor-top-section elementor-element elementor-element-2db54df animated-slow elementor-section-boxed elementor-section-height-default elementor-section-height-default\" data-id=\"2db54df\" data-element_type=\"section\" data-e-type=\"section\" data-settings=\"{&quot;animation&quot;:&quot;none&quot;}\">\n\t\t\t\t\t\t<div class=\"elementor-container elementor-column-gap-default\">\n\t\t\t\t\t<div class=\"elementor-column elementor-col-50 elementor-top-column elementor-element elementor-element-065e5d5\" data-id=\"065e5d5\" data-element_type=\"column\" data-e-type=\"column\">\n\t\t\t<div class=\"elementor-widget-wrap elementor-element-populated\">\n\t\t\t\t\t\t<div class=\"elementor-element elementor-element-5915c0e elementor-widget elementor-widget-image\" data-id=\"5915c0e\" data-element_type=\"widget\" data-e-type=\"widget\" data-widget_type=\"image.default\">\n\t\t\t\t\t\t\t\t\t\t\t\t\t\t\t\t<a href=\"https:\/\/www.admiddleeast.com\/story\/what-to-do-in-dubai-in-february-the-2025-edit-art-and-culture-guide\" target=\"_blank\">\n\t\t\t\t\t\t\t<img loading=\"lazy\" decoding=\"async\" width=\"2000\" height=\"1334\" src=\"https:\/\/cmgmarrakech.com\/wp-content\/uploads\/2024\/10\/CMG-at-Editions-Dubai-2024.jpg\" class=\"attachment-full size-full wp-image-13794\" alt=\"\" srcset=\"https:\/\/cmgmarrakech.com\/wp-content\/uploads\/2024\/10\/CMG-at-Editions-Dubai-2024.jpg 2000w, https:\/\/cmgmarrakech.com\/wp-content\/uploads\/2024\/10\/CMG-at-Editions-Dubai-2024-300x200.jpg 300w, https:\/\/cmgmarrakech.com\/wp-content\/uploads\/2024\/10\/CMG-at-Editions-Dubai-2024-1024x683.jpg 1024w, https:\/\/cmgmarrakech.com\/wp-content\/uploads\/2024\/10\/CMG-at-Editions-Dubai-2024-768x512.jpg 768w, https:\/\/cmgmarrakech.com\/wp-content\/uploads\/2024\/10\/CMG-at-Editions-Dubai-2024-1536x1025.jpg 1536w, https:\/\/cmgmarrakech.com\/wp-content\/uploads\/2024\/10\/CMG-at-Editions-Dubai-2024-18x12.jpg 18w, https:\/\/cmgmarrakech.com\/wp-content\/uploads\/2024\/10\/CMG-at-Editions-Dubai-2024-415x277.jpg 415w, https:\/\/cmgmarrakech.com\/wp-content\/uploads\/2024\/10\/CMG-at-Editions-Dubai-2024-650x434.jpg 650w, https:\/\/cmgmarrakech.com\/wp-content\/uploads\/2024\/10\/CMG-at-Editions-Dubai-2024-250x167.jpg 250w\" sizes=\"(max-width: 2000px) 100vw, 2000px\" \/>\t\t\t\t\t\t\t\t<\/a>\n\t\t\t\t\t\t\t\t\t\t\t\t\t\t\t<\/div>\n\t\t\t\t<div class=\"elementor-element elementor-element-390688c elementor-widget elementor-widget-heading\" data-id=\"390688c\" data-element_type=\"widget\" data-e-type=\"widget\" data-widget_type=\"heading.default\">\n\t\t\t\t\t<h2 class=\"elementor-heading-title elementor-size-default\"><a href=\"https:\/\/www.admiddleeast.com\/story\/what-to-do-in-dubai-in-february-the-2025-edit-art-and-culture-guide\" target=\"_blank\">What To Do in Dubai in February? The 2025 Edit<\/a><\/h2>\t\t\t\t<\/div>\n\t\t\t\t<div class=\"elementor-element elementor-element-972c5de elementor-widget elementor-widget-text-editor\" data-id=\"972c5de\" data-element_type=\"widget\" data-e-type=\"widget\" data-widget_type=\"text-editor.default\">\n\t\t\t\t\t\t\t\t\t<p>AD Middle East<\/p>\t\t\t\t\t\t\t\t<\/div>\n\t\t\t\t\t<\/div>\n\t\t<\/div>\n\t\t\t\t<div class=\"elementor-column elementor-col-50 elementor-top-column elementor-element elementor-element-b7ffd23\" data-id=\"b7ffd23\" data-element_type=\"column\" data-e-type=\"column\">\n\t\t\t<div class=\"elementor-widget-wrap elementor-element-populated\">\n\t\t\t\t\t\t<div class=\"elementor-element elementor-element-0311764 elementor-widget elementor-widget-image\" data-id=\"0311764\" data-element_type=\"widget\" data-e-type=\"widget\" data-widget_type=\"image.default\">\n\t\t\t\t\t\t\t\t\t\t\t\t\t\t\t\t<a href=\"https:\/\/fr.le360.ma\/culture\/avec-back-to-mexico-le-comptoir-des-mines-ravive-la-flamme-artistique-marocaine-au-mexique_IL44IHUYCZAPNNGM3I2FJJ5IEY\/\" target=\"_blank\">\n\t\t\t\t\t\t\t<img loading=\"lazy\" decoding=\"async\" width=\"2000\" height=\"1334\" src=\"https:\/\/cmgmarrakech.com\/wp-content\/uploads\/2025\/01\/Melehi-COMPOSITION-1974-Decoupage-cellulosique-sur-panneau-Details.jpg\" class=\"attachment-full size-full wp-image-14444\" alt=\"\" srcset=\"https:\/\/cmgmarrakech.com\/wp-content\/uploads\/2025\/01\/Melehi-COMPOSITION-1974-Decoupage-cellulosique-sur-panneau-Details.jpg 2000w, https:\/\/cmgmarrakech.com\/wp-content\/uploads\/2025\/01\/Melehi-COMPOSITION-1974-Decoupage-cellulosique-sur-panneau-Details-300x200.jpg 300w, https:\/\/cmgmarrakech.com\/wp-content\/uploads\/2025\/01\/Melehi-COMPOSITION-1974-Decoupage-cellulosique-sur-panneau-Details-1024x683.jpg 1024w, https:\/\/cmgmarrakech.com\/wp-content\/uploads\/2025\/01\/Melehi-COMPOSITION-1974-Decoupage-cellulosique-sur-panneau-Details-768x512.jpg 768w, https:\/\/cmgmarrakech.com\/wp-content\/uploads\/2025\/01\/Melehi-COMPOSITION-1974-Decoupage-cellulosique-sur-panneau-Details-1536x1025.jpg 1536w, https:\/\/cmgmarrakech.com\/wp-content\/uploads\/2025\/01\/Melehi-COMPOSITION-1974-Decoupage-cellulosique-sur-panneau-Details-18x12.jpg 18w, https:\/\/cmgmarrakech.com\/wp-content\/uploads\/2025\/01\/Melehi-COMPOSITION-1974-Decoupage-cellulosique-sur-panneau-Details-415x277.jpg 415w, https:\/\/cmgmarrakech.com\/wp-content\/uploads\/2025\/01\/Melehi-COMPOSITION-1974-Decoupage-cellulosique-sur-panneau-Details-650x434.jpg 650w, https:\/\/cmgmarrakech.com\/wp-content\/uploads\/2025\/01\/Melehi-COMPOSITION-1974-Decoupage-cellulosique-sur-panneau-Details-250x167.jpg 250w\" sizes=\"(max-width: 2000px) 100vw, 2000px\" \/>\t\t\t\t\t\t\t\t<\/a>\n\t\t\t\t\t\t\t\t\t\t\t\t\t\t\t<\/div>\n\t\t\t\t<div class=\"elementor-element elementor-element-5c0ba9d elementor-widget elementor-widget-heading\" data-id=\"5c0ba9d\" data-element_type=\"widget\" data-e-type=\"widget\" data-widget_type=\"heading.default\">\n\t\t\t\t\t<h2 class=\"elementor-heading-title elementor-size-default\"><a href=\"https:\/\/fr.le360.ma\/culture\/avec-back-to-mexico-le-comptoir-des-mines-ravive-la-flamme-artistique-marocaine-au-mexique_IL44IHUYCZAPNNGM3I2FJJ5IEY\/\" target=\"_blank\">Avec \u00abBack to Mexico\u00bb, le Comptoir des Mines ravive la flamme artistique marocaine au Mexique\n<\/a><\/h2>\t\t\t\t<\/div>\n\t\t\t\t<div class=\"elementor-element elementor-element-44b1783 elementor-widget elementor-widget-text-editor\" data-id=\"44b1783\" data-element_type=\"widget\" data-e-type=\"widget\" data-widget_type=\"text-editor.default\">\n\t\t\t\t\t\t\t\t\t<p>le360<\/p>\t\t\t\t\t\t\t\t<\/div>\n\t\t\t\t\t<\/div>\n\t\t<\/div>\n\t\t\t\t\t<\/div>\n\t\t<\/section>\n\t\t\t\t<section class=\"elementor-section elementor-top-section elementor-element elementor-element-b25832a animated-slow elementor-section-boxed elementor-section-height-default elementor-section-height-default\" data-id=\"b25832a\" data-element_type=\"section\" data-e-type=\"section\" data-settings=\"{&quot;animation&quot;:&quot;none&quot;}\">\n\t\t\t\t\t\t<div class=\"elementor-container elementor-column-gap-default\">\n\t\t\t\t\t<div class=\"elementor-column elementor-col-50 elementor-top-column elementor-element elementor-element-1f4a95c\" data-id=\"1f4a95c\" data-element_type=\"column\" data-e-type=\"column\">\n\t\t\t<div class=\"elementor-widget-wrap elementor-element-populated\">\n\t\t\t\t\t\t<div class=\"elementor-element elementor-element-1be6776 elementor-widget elementor-widget-image\" data-id=\"1be6776\" data-element_type=\"widget\" data-e-type=\"widget\" data-widget_type=\"image.default\">\n\t\t\t\t\t\t\t\t\t\t\t\t\t\t\t\t<a href=\"https:\/\/www.leconomiste.com\/article\/1130993-comptoir-des-mines-un-dialogue-des-generations-en-marge-de-la-1-54\" target=\"_blank\">\n\t\t\t\t\t\t\t<img loading=\"lazy\" decoding=\"async\" width=\"2000\" height=\"1334\" src=\"https:\/\/cmgmarrakech.com\/wp-content\/uploads\/2025\/01\/Mohamed-Arejdal-Ifergan-Exposition-News-1-1.jpg\" class=\"attachment-full size-full wp-image-14577\" alt=\"\" srcset=\"https:\/\/cmgmarrakech.com\/wp-content\/uploads\/2025\/01\/Mohamed-Arejdal-Ifergan-Exposition-News-1-1.jpg 2000w, https:\/\/cmgmarrakech.com\/wp-content\/uploads\/2025\/01\/Mohamed-Arejdal-Ifergan-Exposition-News-1-1-300x200.jpg 300w, https:\/\/cmgmarrakech.com\/wp-content\/uploads\/2025\/01\/Mohamed-Arejdal-Ifergan-Exposition-News-1-1-1024x683.jpg 1024w, https:\/\/cmgmarrakech.com\/wp-content\/uploads\/2025\/01\/Mohamed-Arejdal-Ifergan-Exposition-News-1-1-768x512.jpg 768w, https:\/\/cmgmarrakech.com\/wp-content\/uploads\/2025\/01\/Mohamed-Arejdal-Ifergan-Exposition-News-1-1-1536x1025.jpg 1536w, https:\/\/cmgmarrakech.com\/wp-content\/uploads\/2025\/01\/Mohamed-Arejdal-Ifergan-Exposition-News-1-1-18x12.jpg 18w, https:\/\/cmgmarrakech.com\/wp-content\/uploads\/2025\/01\/Mohamed-Arejdal-Ifergan-Exposition-News-1-1-415x277.jpg 415w, https:\/\/cmgmarrakech.com\/wp-content\/uploads\/2025\/01\/Mohamed-Arejdal-Ifergan-Exposition-News-1-1-650x434.jpg 650w, https:\/\/cmgmarrakech.com\/wp-content\/uploads\/2025\/01\/Mohamed-Arejdal-Ifergan-Exposition-News-1-1-250x167.jpg 250w\" sizes=\"(max-width: 2000px) 100vw, 2000px\" \/>\t\t\t\t\t\t\t\t<\/a>\n\t\t\t\t\t\t\t\t\t\t\t\t\t\t\t<\/div>\n\t\t\t\t<div class=\"elementor-element elementor-element-5f020ab elementor-widget elementor-widget-heading\" data-id=\"5f020ab\" data-element_type=\"widget\" data-e-type=\"widget\" data-widget_type=\"heading.default\">\n\t\t\t\t\t<h2 class=\"elementor-heading-title elementor-size-default\"><a href=\"https:\/\/www.leconomiste.com\/article\/1130993-comptoir-des-mines-un-dialogue-des-generations-en-marge-de-la-1-54\" target=\"_blank\">Comptoir des Mines, un dialogue des g\u00e9n\u00e9rations en marge de la 1-54\n<\/a><\/h2>\t\t\t\t<\/div>\n\t\t\t\t<div class=\"elementor-element elementor-element-bdc95df elementor-widget elementor-widget-text-editor\" data-id=\"bdc95df\" data-element_type=\"widget\" data-e-type=\"widget\" data-widget_type=\"text-editor.default\">\n\t\t\t\t\t\t\t\t\t<p>l&rsquo;\u00e9conomiste\u00a0<\/p>\t\t\t\t\t\t\t\t<\/div>\n\t\t\t\t\t<\/div>\n\t\t<\/div>\n\t\t\t\t<div class=\"elementor-column elementor-col-50 elementor-top-column elementor-element elementor-element-c493664\" data-id=\"c493664\" data-element_type=\"column\" data-e-type=\"column\">\n\t\t\t<div class=\"elementor-widget-wrap elementor-element-populated\">\n\t\t\t\t\t\t<div class=\"elementor-element elementor-element-c9c9688 elementor-widget elementor-widget-image\" data-id=\"c9c9688\" data-element_type=\"widget\" data-e-type=\"widget\" data-widget_type=\"image.default\">\n\t\t\t\t\t\t\t\t\t\t\t\t\t\t\t\t<a href=\"https:\/\/drive.google.com\/file\/d\/1P-6_yLQK8FYmYPfRD18yPamAgDHxWIJP\/view\" target=\"_blank\">\n\t\t\t\t\t\t\t<img loading=\"lazy\" decoding=\"async\" width=\"2000\" height=\"1334\" src=\"https:\/\/cmgmarrakech.com\/wp-content\/uploads\/2025\/01\/Mohamed-Arejdal-Ifergan-Exposition-image-2025.jpg\" class=\"attachment-full size-full wp-image-14421\" alt=\"\" srcset=\"https:\/\/cmgmarrakech.com\/wp-content\/uploads\/2025\/01\/Mohamed-Arejdal-Ifergan-Exposition-image-2025.jpg 2000w, https:\/\/cmgmarrakech.com\/wp-content\/uploads\/2025\/01\/Mohamed-Arejdal-Ifergan-Exposition-image-2025-300x200.jpg 300w, https:\/\/cmgmarrakech.com\/wp-content\/uploads\/2025\/01\/Mohamed-Arejdal-Ifergan-Exposition-image-2025-1024x683.jpg 1024w, https:\/\/cmgmarrakech.com\/wp-content\/uploads\/2025\/01\/Mohamed-Arejdal-Ifergan-Exposition-image-2025-768x512.jpg 768w, https:\/\/cmgmarrakech.com\/wp-content\/uploads\/2025\/01\/Mohamed-Arejdal-Ifergan-Exposition-image-2025-1536x1025.jpg 1536w, https:\/\/cmgmarrakech.com\/wp-content\/uploads\/2025\/01\/Mohamed-Arejdal-Ifergan-Exposition-image-2025-18x12.jpg 18w, https:\/\/cmgmarrakech.com\/wp-content\/uploads\/2025\/01\/Mohamed-Arejdal-Ifergan-Exposition-image-2025-415x277.jpg 415w, https:\/\/cmgmarrakech.com\/wp-content\/uploads\/2025\/01\/Mohamed-Arejdal-Ifergan-Exposition-image-2025-650x434.jpg 650w, https:\/\/cmgmarrakech.com\/wp-content\/uploads\/2025\/01\/Mohamed-Arejdal-Ifergan-Exposition-image-2025-250x167.jpg 250w\" sizes=\"(max-width: 2000px) 100vw, 2000px\" \/>\t\t\t\t\t\t\t\t<\/a>\n\t\t\t\t\t\t\t\t\t\t\t\t\t\t\t<\/div>\n\t\t\t\t<div class=\"elementor-element elementor-element-e6130c7 elementor-widget elementor-widget-heading\" data-id=\"e6130c7\" data-element_type=\"widget\" data-e-type=\"widget\" data-widget_type=\"heading.default\">\n\t\t\t\t\t<h2 class=\"elementor-heading-title elementor-size-default\"><a href=\"https:\/\/drive.google.com\/file\/d\/1P-6_yLQK8FYmYPfRD18yPamAgDHxWIJP\/view\" target=\"_blank\">Nomadisme au Comptoir des Mines Galerie Marrakech - Diptyk Magazine, \u00c9dition Sp\u00e9ciale 1-54 Marrakech 2025<\/a><\/h2>\t\t\t\t<\/div>\n\t\t\t\t<div class=\"elementor-element elementor-element-63a85c9 elementor-widget elementor-widget-text-editor\" data-id=\"63a85c9\" data-element_type=\"widget\" data-e-type=\"widget\" data-widget_type=\"text-editor.default\">\n\t\t\t\t\t\t\t\t\t<p>Diptyk\u00a0<\/p>\t\t\t\t\t\t\t\t<\/div>\n\t\t\t\t\t<\/div>\n\t\t<\/div>\n\t\t\t\t\t<\/div>\n\t\t<\/section>\n\t\t\t\t<section class=\"elementor-section elementor-top-section elementor-element elementor-element-83b243b animated-slow elementor-section-boxed elementor-section-height-default elementor-section-height-default\" data-id=\"83b243b\" data-element_type=\"section\" data-e-type=\"section\" data-settings=\"{&quot;animation&quot;:&quot;none&quot;}\">\n\t\t\t\t\t\t<div class=\"elementor-container elementor-column-gap-default\">\n\t\t\t\t\t<div class=\"elementor-column elementor-col-50 elementor-top-column elementor-element elementor-element-652baa4\" data-id=\"652baa4\" data-element_type=\"column\" data-e-type=\"column\">\n\t\t\t<div class=\"elementor-widget-wrap elementor-element-populated\">\n\t\t\t\t\t\t<div class=\"elementor-element elementor-element-e3dcf00 elementor-widget elementor-widget-image\" data-id=\"e3dcf00\" data-element_type=\"widget\" data-e-type=\"widget\" data-widget_type=\"image.default\">\n\t\t\t\t\t\t\t\t\t\t\t\t\t\t\t\t<a href=\"https:\/\/www.lavieeco.com\/influences\/culture\/1-54-il-etait-une-foire-ou-lart-africain-brillait-de-mille-feux\/\" target=\"_blank\">\n\t\t\t\t\t\t\t<img loading=\"lazy\" decoding=\"async\" width=\"2126\" height=\"1564\" src=\"https:\/\/cmgmarrakech.com\/wp-content\/uploads\/2025\/01\/TARGANTE-N-TELBA-2025.jpg\" class=\"attachment-full size-full wp-image-14459\" alt=\"\" srcset=\"https:\/\/cmgmarrakech.com\/wp-content\/uploads\/2025\/01\/TARGANTE-N-TELBA-2025.jpg 2126w, https:\/\/cmgmarrakech.com\/wp-content\/uploads\/2025\/01\/TARGANTE-N-TELBA-2025-300x221.jpg 300w, https:\/\/cmgmarrakech.com\/wp-content\/uploads\/2025\/01\/TARGANTE-N-TELBA-2025-1024x753.jpg 1024w, https:\/\/cmgmarrakech.com\/wp-content\/uploads\/2025\/01\/TARGANTE-N-TELBA-2025-768x565.jpg 768w, https:\/\/cmgmarrakech.com\/wp-content\/uploads\/2025\/01\/TARGANTE-N-TELBA-2025-1536x1130.jpg 1536w, https:\/\/cmgmarrakech.com\/wp-content\/uploads\/2025\/01\/TARGANTE-N-TELBA-2025-2048x1507.jpg 2048w, https:\/\/cmgmarrakech.com\/wp-content\/uploads\/2025\/01\/TARGANTE-N-TELBA-2025-16x12.jpg 16w, https:\/\/cmgmarrakech.com\/wp-content\/uploads\/2025\/01\/TARGANTE-N-TELBA-2025-415x305.jpg 415w, https:\/\/cmgmarrakech.com\/wp-content\/uploads\/2025\/01\/TARGANTE-N-TELBA-2025-650x478.jpg 650w, https:\/\/cmgmarrakech.com\/wp-content\/uploads\/2025\/01\/TARGANTE-N-TELBA-2025-250x184.jpg 250w\" sizes=\"(max-width: 2126px) 100vw, 2126px\" \/>\t\t\t\t\t\t\t\t<\/a>\n\t\t\t\t\t\t\t\t\t\t\t\t\t\t\t<\/div>\n\t\t\t\t<div class=\"elementor-element elementor-element-d45304a elementor-widget elementor-widget-heading\" data-id=\"d45304a\" data-element_type=\"widget\" data-e-type=\"widget\" data-widget_type=\"heading.default\">\n\t\t\t\t\t<h2 class=\"elementor-heading-title elementor-size-default\"><a href=\"https:\/\/www.lavieeco.com\/influences\/culture\/1-54-il-etait-une-foire-ou-lart-africain-brillait-de-mille-feux\/\" target=\"_blank\">1-54 : Il \u00e9tait une foire\u2026 o\u00f9 l\u2019art africain brillait de mille feux\n<\/a><\/h2>\t\t\t\t<\/div>\n\t\t\t\t<div class=\"elementor-element elementor-element-f1f7af8 elementor-widget elementor-widget-text-editor\" data-id=\"f1f7af8\" data-element_type=\"widget\" data-e-type=\"widget\" data-widget_type=\"text-editor.default\">\n\t\t\t\t\t\t\t\t\t<p>La vie eco<\/p>\t\t\t\t\t\t\t\t<\/div>\n\t\t\t\t\t<\/div>\n\t\t<\/div>\n\t\t\t\t<div class=\"elementor-column elementor-col-50 elementor-top-column elementor-element elementor-element-732020a\" data-id=\"732020a\" data-element_type=\"column\" data-e-type=\"column\">\n\t\t\t<div class=\"elementor-widget-wrap elementor-element-populated\">\n\t\t\t\t\t\t<div class=\"elementor-element elementor-element-a41ec64 elementor-widget elementor-widget-image\" data-id=\"a41ec64\" data-element_type=\"widget\" data-e-type=\"widget\" data-widget_type=\"image.default\">\n\t\t\t\t\t\t\t\t\t\t\t\t\t\t\t\t<a href=\"https:\/\/maisonsdumaroc.com\/arts\/1-54-la-revelation-du-comptoir-des-mines\" target=\"_blank\">\n\t\t\t\t\t\t\t<img loading=\"lazy\" decoding=\"async\" width=\"2300\" height=\"1614\" src=\"https:\/\/cmgmarrakech.com\/wp-content\/uploads\/2024\/12\/CMG-Marrakech-Slider-Mohammed-Kacimi-Exposition-24.jpg\" class=\"attachment-full size-full wp-image-14298\" alt=\"\" srcset=\"https:\/\/cmgmarrakech.com\/wp-content\/uploads\/2024\/12\/CMG-Marrakech-Slider-Mohammed-Kacimi-Exposition-24.jpg 2300w, https:\/\/cmgmarrakech.com\/wp-content\/uploads\/2024\/12\/CMG-Marrakech-Slider-Mohammed-Kacimi-Exposition-24-300x211.jpg 300w, https:\/\/cmgmarrakech.com\/wp-content\/uploads\/2024\/12\/CMG-Marrakech-Slider-Mohammed-Kacimi-Exposition-24-1024x719.jpg 1024w, https:\/\/cmgmarrakech.com\/wp-content\/uploads\/2024\/12\/CMG-Marrakech-Slider-Mohammed-Kacimi-Exposition-24-768x539.jpg 768w, https:\/\/cmgmarrakech.com\/wp-content\/uploads\/2024\/12\/CMG-Marrakech-Slider-Mohammed-Kacimi-Exposition-24-1536x1078.jpg 1536w, https:\/\/cmgmarrakech.com\/wp-content\/uploads\/2024\/12\/CMG-Marrakech-Slider-Mohammed-Kacimi-Exposition-24-2048x1437.jpg 2048w, https:\/\/cmgmarrakech.com\/wp-content\/uploads\/2024\/12\/CMG-Marrakech-Slider-Mohammed-Kacimi-Exposition-24-18x12.jpg 18w, https:\/\/cmgmarrakech.com\/wp-content\/uploads\/2024\/12\/CMG-Marrakech-Slider-Mohammed-Kacimi-Exposition-24-415x291.jpg 415w, https:\/\/cmgmarrakech.com\/wp-content\/uploads\/2024\/12\/CMG-Marrakech-Slider-Mohammed-Kacimi-Exposition-24-650x456.jpg 650w, https:\/\/cmgmarrakech.com\/wp-content\/uploads\/2024\/12\/CMG-Marrakech-Slider-Mohammed-Kacimi-Exposition-24-250x175.jpg 250w\" sizes=\"(max-width: 2300px) 100vw, 2300px\" \/>\t\t\t\t\t\t\t\t<\/a>\n\t\t\t\t\t\t\t\t\t\t\t\t\t\t\t<\/div>\n\t\t\t\t<div class=\"elementor-element elementor-element-7b27915 elementor-widget elementor-widget-heading\" data-id=\"7b27915\" data-element_type=\"widget\" data-e-type=\"widget\" data-widget_type=\"heading.default\">\n\t\t\t\t\t<h2 class=\"elementor-heading-title elementor-size-default\"><a href=\"https:\/\/maisonsdumaroc.com\/arts\/1-54-la-revelation-du-comptoir-des-mines\" target=\"_blank\">1-54 : la r\u00e9v\u00e9lation du Comptoir des Mines\n<\/a><\/h2>\t\t\t\t<\/div>\n\t\t\t\t<div class=\"elementor-element elementor-element-75267b5 elementor-widget elementor-widget-text-editor\" data-id=\"75267b5\" data-element_type=\"widget\" data-e-type=\"widget\" data-widget_type=\"text-editor.default\">\n\t\t\t\t\t\t\t\t\t<p>Maisons Du Maroc<\/p>\t\t\t\t\t\t\t\t<\/div>\n\t\t\t\t\t<\/div>\n\t\t<\/div>\n\t\t\t\t\t<\/div>\n\t\t<\/section>\n\t\t\t\t<section class=\"elementor-section elementor-top-section elementor-element elementor-element-319e1f2 animated-slow elementor-section-boxed elementor-section-height-default elementor-section-height-default\" data-id=\"319e1f2\" data-element_type=\"section\" data-e-type=\"section\" data-settings=\"{&quot;animation&quot;:&quot;none&quot;}\">\n\t\t\t\t\t\t<div class=\"elementor-container elementor-column-gap-default\">\n\t\t\t\t\t<div class=\"elementor-column elementor-col-50 elementor-top-column elementor-element elementor-element-7e58717\" data-id=\"7e58717\" data-element_type=\"column\" data-e-type=\"column\">\n\t\t\t<div class=\"elementor-widget-wrap elementor-element-populated\">\n\t\t\t\t\t\t<div class=\"elementor-element elementor-element-1df96ea elementor-widget elementor-widget-image\" data-id=\"1df96ea\" data-element_type=\"widget\" data-e-type=\"widget\" data-widget_type=\"image.default\">\n\t\t\t\t\t\t\t\t\t\t\t\t\t\t\t\t<a href=\"https:\/\/coolhuntermx.com\/industrias-01-2025-la-semana-del-arte-2025-una-fiesta-cultural-en-mexico\/\" target=\"_blank\">\n\t\t\t\t\t\t\t<img loading=\"lazy\" decoding=\"async\" width=\"2000\" height=\"1334\" src=\"https:\/\/cmgmarrakech.com\/wp-content\/uploads\/2025\/01\/Mohamed-Arejdal-Ifergan-Exposition-image-2025.jpg\" class=\"attachment-full size-full wp-image-14421\" alt=\"\" srcset=\"https:\/\/cmgmarrakech.com\/wp-content\/uploads\/2025\/01\/Mohamed-Arejdal-Ifergan-Exposition-image-2025.jpg 2000w, https:\/\/cmgmarrakech.com\/wp-content\/uploads\/2025\/01\/Mohamed-Arejdal-Ifergan-Exposition-image-2025-300x200.jpg 300w, https:\/\/cmgmarrakech.com\/wp-content\/uploads\/2025\/01\/Mohamed-Arejdal-Ifergan-Exposition-image-2025-1024x683.jpg 1024w, https:\/\/cmgmarrakech.com\/wp-content\/uploads\/2025\/01\/Mohamed-Arejdal-Ifergan-Exposition-image-2025-768x512.jpg 768w, https:\/\/cmgmarrakech.com\/wp-content\/uploads\/2025\/01\/Mohamed-Arejdal-Ifergan-Exposition-image-2025-1536x1025.jpg 1536w, https:\/\/cmgmarrakech.com\/wp-content\/uploads\/2025\/01\/Mohamed-Arejdal-Ifergan-Exposition-image-2025-18x12.jpg 18w, https:\/\/cmgmarrakech.com\/wp-content\/uploads\/2025\/01\/Mohamed-Arejdal-Ifergan-Exposition-image-2025-415x277.jpg 415w, https:\/\/cmgmarrakech.com\/wp-content\/uploads\/2025\/01\/Mohamed-Arejdal-Ifergan-Exposition-image-2025-650x434.jpg 650w, https:\/\/cmgmarrakech.com\/wp-content\/uploads\/2025\/01\/Mohamed-Arejdal-Ifergan-Exposition-image-2025-250x167.jpg 250w\" sizes=\"(max-width: 2000px) 100vw, 2000px\" \/>\t\t\t\t\t\t\t\t<\/a>\n\t\t\t\t\t\t\t\t\t\t\t\t\t\t\t<\/div>\n\t\t\t\t<div class=\"elementor-element elementor-element-5474206 elementor-widget elementor-widget-heading\" data-id=\"5474206\" data-element_type=\"widget\" data-e-type=\"widget\" data-widget_type=\"heading.default\">\n\t\t\t\t\t<h2 class=\"elementor-heading-title elementor-size-default\"><a href=\"https:\/\/coolhuntermx.com\/industrias-01-2025-la-semana-del-arte-2025-una-fiesta-cultural-en-mexico\/\" target=\"_blank\">La Semana del Arte 2025: Una fiesta cultural en M\u00e9xico\n<\/a><\/h2>\t\t\t\t<\/div>\n\t\t\t\t<div class=\"elementor-element elementor-element-fb73016 elementor-widget elementor-widget-text-editor\" data-id=\"fb73016\" data-element_type=\"widget\" data-e-type=\"widget\" data-widget_type=\"text-editor.default\">\n\t\t\t\t\t\t\t\t\t<p>coolhuntermx<\/p>\t\t\t\t\t\t\t\t<\/div>\n\t\t\t\t\t<\/div>\n\t\t<\/div>\n\t\t\t\t<div class=\"elementor-column elementor-col-50 elementor-top-column elementor-element elementor-element-8985de4\" data-id=\"8985de4\" data-element_type=\"column\" data-e-type=\"column\">\n\t\t\t<div class=\"elementor-widget-wrap elementor-element-populated\">\n\t\t\t\t\t\t<div class=\"elementor-element elementor-element-5070024 elementor-widget elementor-widget-image\" data-id=\"5070024\" data-element_type=\"widget\" data-e-type=\"widget\" data-widget_type=\"image.default\">\n\t\t\t\t\t\t\t\t\t\t\t\t\t\t\t\t<a href=\"https:\/\/www.medi1tv.com\/fr\/jt\/18-12-2024\/33\/%23Chronique_culture--Yiman-Erraziki-revient-sur-les-artistes-qui-exposent-au-Comptoir-des-Mines\" target=\"_blank\">\n\t\t\t\t\t\t\t<img loading=\"lazy\" decoding=\"async\" width=\"2400\" height=\"1348\" src=\"https:\/\/cmgmarrakech.com\/wp-content\/uploads\/2025\/01\/Majaz-Acte-2-Medi1tv.jpg\" class=\"attachment-full size-full wp-image-14394\" alt=\"\" srcset=\"https:\/\/cmgmarrakech.com\/wp-content\/uploads\/2025\/01\/Majaz-Acte-2-Medi1tv.jpg 2400w, https:\/\/cmgmarrakech.com\/wp-content\/uploads\/2025\/01\/Majaz-Acte-2-Medi1tv-300x169.jpg 300w, https:\/\/cmgmarrakech.com\/wp-content\/uploads\/2025\/01\/Majaz-Acte-2-Medi1tv-1024x575.jpg 1024w, https:\/\/cmgmarrakech.com\/wp-content\/uploads\/2025\/01\/Majaz-Acte-2-Medi1tv-768x431.jpg 768w, https:\/\/cmgmarrakech.com\/wp-content\/uploads\/2025\/01\/Majaz-Acte-2-Medi1tv-1536x863.jpg 1536w, https:\/\/cmgmarrakech.com\/wp-content\/uploads\/2025\/01\/Majaz-Acte-2-Medi1tv-2048x1150.jpg 2048w, https:\/\/cmgmarrakech.com\/wp-content\/uploads\/2025\/01\/Majaz-Acte-2-Medi1tv-18x10.jpg 18w, https:\/\/cmgmarrakech.com\/wp-content\/uploads\/2025\/01\/Majaz-Acte-2-Medi1tv-415x233.jpg 415w, https:\/\/cmgmarrakech.com\/wp-content\/uploads\/2025\/01\/Majaz-Acte-2-Medi1tv-650x365.jpg 650w, https:\/\/cmgmarrakech.com\/wp-content\/uploads\/2025\/01\/Majaz-Acte-2-Medi1tv-250x140.jpg 250w\" sizes=\"(max-width: 2400px) 100vw, 2400px\" \/>\t\t\t\t\t\t\t\t<\/a>\n\t\t\t\t\t\t\t\t\t\t\t\t\t\t\t<\/div>\n\t\t\t\t<div class=\"elementor-element elementor-element-303745d elementor-widget elementor-widget-heading\" data-id=\"303745d\" data-element_type=\"widget\" data-e-type=\"widget\" data-widget_type=\"heading.default\">\n\t\t\t\t\t<h2 class=\"elementor-heading-title elementor-size-default\"><a href=\"https:\/\/www.medi1tv.com\/fr\/jt\/18-12-2024\/33\/%23Chronique_culture--Yiman-Erraziki-revient-sur-les-artistes-qui-exposent-au-Comptoir-des-Mines\" target=\"_blank\">Chronique Culture \/ Yiman Erraziki revient sur les artistes qui exposent au Comptoir des Mines<\/a><\/h2>\t\t\t\t<\/div>\n\t\t\t\t<div class=\"elementor-element elementor-element-46f2604 elementor-widget elementor-widget-text-editor\" data-id=\"46f2604\" data-element_type=\"widget\" data-e-type=\"widget\" data-widget_type=\"text-editor.default\">\n\t\t\t\t\t\t\t\t\t<p>Medi 1 TV<\/p>\t\t\t\t\t\t\t\t<\/div>\n\t\t\t\t\t<\/div>\n\t\t<\/div>\n\t\t\t\t\t<\/div>\n\t\t<\/section>\n\t\t\t\t<section class=\"elementor-section elementor-top-section elementor-element elementor-element-5b81239 animated-slow elementor-section-boxed elementor-section-height-default elementor-section-height-default\" data-id=\"5b81239\" data-element_type=\"section\" data-e-type=\"section\" data-settings=\"{&quot;animation&quot;:&quot;none&quot;}\">\n\t\t\t\t\t\t<div class=\"elementor-container elementor-column-gap-default\">\n\t\t\t\t\t<div class=\"elementor-column elementor-col-50 elementor-top-column elementor-element elementor-element-8b7dc4e\" data-id=\"8b7dc4e\" data-element_type=\"column\" data-e-type=\"column\">\n\t\t\t<div class=\"elementor-widget-wrap elementor-element-populated\">\n\t\t\t\t\t\t<div class=\"elementor-element elementor-element-b7edb8c elementor-widget elementor-widget-image\" data-id=\"b7edb8c\" data-element_type=\"widget\" data-e-type=\"widget\" data-widget_type=\"image.default\">\n\t\t\t\t\t\t\t\t\t\t\t\t\t\t\t\t<a href=\"https:\/\/medi1.com\/fr\/episode\/215107\/Aymane-Errachidi\" target=\"_blank\">\n\t\t\t\t\t\t\t<img loading=\"lazy\" decoding=\"async\" width=\"1333\" height=\"1000\" src=\"https:\/\/cmgmarrakech.com\/wp-content\/uploads\/2022\/03\/Ayman-Errachidi-_-Atelier.jpg\" class=\"attachment-full size-full wp-image-12963\" alt=\"\" srcset=\"https:\/\/cmgmarrakech.com\/wp-content\/uploads\/2022\/03\/Ayman-Errachidi-_-Atelier.jpg 1333w, https:\/\/cmgmarrakech.com\/wp-content\/uploads\/2022\/03\/Ayman-Errachidi-_-Atelier-300x225.jpg 300w, https:\/\/cmgmarrakech.com\/wp-content\/uploads\/2022\/03\/Ayman-Errachidi-_-Atelier-1024x768.jpg 1024w, https:\/\/cmgmarrakech.com\/wp-content\/uploads\/2022\/03\/Ayman-Errachidi-_-Atelier-768x576.jpg 768w, https:\/\/cmgmarrakech.com\/wp-content\/uploads\/2022\/03\/Ayman-Errachidi-_-Atelier-16x12.jpg 16w, https:\/\/cmgmarrakech.com\/wp-content\/uploads\/2022\/03\/Ayman-Errachidi-_-Atelier-640x480.jpg 640w, https:\/\/cmgmarrakech.com\/wp-content\/uploads\/2022\/03\/Ayman-Errachidi-_-Atelier-415x311.jpg 415w, https:\/\/cmgmarrakech.com\/wp-content\/uploads\/2022\/03\/Ayman-Errachidi-_-Atelier-650x488.jpg 650w, https:\/\/cmgmarrakech.com\/wp-content\/uploads\/2022\/03\/Ayman-Errachidi-_-Atelier-250x188.jpg 250w\" sizes=\"(max-width: 1333px) 100vw, 1333px\" \/>\t\t\t\t\t\t\t\t<\/a>\n\t\t\t\t\t\t\t\t\t\t\t\t\t\t\t<\/div>\n\t\t\t\t<div class=\"elementor-element elementor-element-ff79d98 elementor-widget elementor-widget-heading\" data-id=\"ff79d98\" data-element_type=\"widget\" data-e-type=\"widget\" data-widget_type=\"heading.default\">\n\t\t\t\t\t<h2 class=\"elementor-heading-title elementor-size-default\"><a href=\"https:\/\/medi1.com\/fr\/episode\/215107\/Aymane-Errachidi\" target=\"_blank\">Medi 1 - POPUP - Aymane Errachidi<\/a><\/h2>\t\t\t\t<\/div>\n\t\t\t\t<div class=\"elementor-element elementor-element-dd2dbd2 elementor-widget elementor-widget-text-editor\" data-id=\"dd2dbd2\" data-element_type=\"widget\" data-e-type=\"widget\" data-widget_type=\"text-editor.default\">\n\t\t\t\t\t\t\t\t\t<p>Medi 1<\/p>\t\t\t\t\t\t\t\t<\/div>\n\t\t\t\t\t<\/div>\n\t\t<\/div>\n\t\t\t\t<div class=\"elementor-column elementor-col-50 elementor-top-column elementor-element elementor-element-fc492db\" data-id=\"fc492db\" data-element_type=\"column\" data-e-type=\"column\">\n\t\t\t<div class=\"elementor-widget-wrap elementor-element-populated\">\n\t\t\t\t\t\t<div class=\"elementor-element elementor-element-b980833 elementor-widget elementor-widget-image\" data-id=\"b980833\" data-element_type=\"widget\" data-e-type=\"widget\" data-widget_type=\"image.default\">\n\t\t\t\t\t\t\t\t\t\t\t\t\t\t\t\t<a href=\"https:\/\/www.diptykmag.com\/a-marrakech-les-influences-africaines-de-kacimi\/\" target=\"_blank\">\n\t\t\t\t\t\t\t<img decoding=\"async\" src=\"https:\/\/www.diptykmag.com\/wp-content\/uploads\/2025\/01\/4.jpg\" title=\"\" alt=\"\" loading=\"lazy\" \/>\t\t\t\t\t\t\t\t<\/a>\n\t\t\t\t\t\t\t\t\t\t\t\t\t\t\t<\/div>\n\t\t\t\t<div class=\"elementor-element elementor-element-2cf596d elementor-widget elementor-widget-heading\" data-id=\"2cf596d\" data-element_type=\"widget\" data-e-type=\"widget\" data-widget_type=\"heading.default\">\n\t\t\t\t\t<h2 class=\"elementor-heading-title elementor-size-default\"><a href=\"https:\/\/www.diptykmag.com\/a-marrakech-les-influences-africaines-de-kacimi\/\" target=\"_blank\">\u00c0 Marrakech, les influences africaines de Kacimi<\/a><\/h2>\t\t\t\t<\/div>\n\t\t\t\t<div class=\"elementor-element elementor-element-ca63a0b elementor-widget elementor-widget-text-editor\" data-id=\"ca63a0b\" data-element_type=\"widget\" data-e-type=\"widget\" data-widget_type=\"text-editor.default\">\n\t\t\t\t\t\t\t\t\t<p>Diptyk<\/p>\t\t\t\t\t\t\t\t<\/div>\n\t\t\t\t\t<\/div>\n\t\t<\/div>\n\t\t\t\t\t<\/div>\n\t\t<\/section>\n\t\t\t\t<section class=\"elementor-section elementor-top-section elementor-element elementor-element-cbe7915 animated-slow elementor-section-boxed elementor-section-height-default elementor-section-height-default\" data-id=\"cbe7915\" data-element_type=\"section\" data-e-type=\"section\" data-settings=\"{&quot;animation&quot;:&quot;none&quot;}\">\n\t\t\t\t\t\t<div class=\"elementor-container elementor-column-gap-default\">\n\t\t\t\t\t<div class=\"elementor-column elementor-col-50 elementor-top-column elementor-element elementor-element-3ea383b\" data-id=\"3ea383b\" data-element_type=\"column\" data-e-type=\"column\">\n\t\t\t<div class=\"elementor-widget-wrap elementor-element-populated\">\n\t\t\t\t\t\t<div class=\"elementor-element elementor-element-9e1bdcd elementor-widget elementor-widget-image\" data-id=\"9e1bdcd\" data-element_type=\"widget\" data-e-type=\"widget\" data-widget_type=\"image.default\">\n\t\t\t\t\t\t\t\t\t\t\t\t\t\t\t\t<a href=\"https:\/\/www.beauxarts.com\/expos\/une-sublime-expo-gratuite-tisse-des-liens-entre-art-et-artisanat\/\" target=\"_blank\">\n\t\t\t\t\t\t\t<img decoding=\"async\" src=\"https:\/\/media.beauxarts.com\/uploads\/2025\/01\/une_d854396_credits-marc-domage-pour-lici--institut-des-cultures-dislam-1300x975.jpg\" title=\"\" alt=\"\" loading=\"lazy\" \/>\t\t\t\t\t\t\t\t<\/a>\n\t\t\t\t\t\t\t\t\t\t\t\t\t\t\t<\/div>\n\t\t\t\t<div class=\"elementor-element elementor-element-d53890e elementor-widget elementor-widget-heading\" data-id=\"d53890e\" data-element_type=\"widget\" data-e-type=\"widget\" data-widget_type=\"heading.default\">\n\t\t\t\t\t<h2 class=\"elementor-heading-title elementor-size-default\"><a href=\"https:\/\/www.beauxarts.com\/expos\/une-sublime-expo-gratuite-tisse-des-liens-entre-art-et-artisanat\/\" target=\"_blank\">Une sublime expo gratuite tisse des liens entre art et artisanat<\/a><\/h2>\t\t\t\t<\/div>\n\t\t\t\t<div class=\"elementor-element elementor-element-11bbf6b elementor-widget elementor-widget-text-editor\" data-id=\"11bbf6b\" data-element_type=\"widget\" data-e-type=\"widget\" data-widget_type=\"text-editor.default\">\n\t\t\t\t\t\t\t\t\t<p>Beaux Arts Magazine<\/p>\t\t\t\t\t\t\t\t<\/div>\n\t\t\t\t\t<\/div>\n\t\t<\/div>\n\t\t\t\t<div class=\"elementor-column elementor-col-50 elementor-top-column elementor-element elementor-element-b1d8bce\" data-id=\"b1d8bce\" data-element_type=\"column\" data-e-type=\"column\">\n\t\t\t<div class=\"elementor-widget-wrap elementor-element-populated\">\n\t\t\t\t\t\t<div class=\"elementor-element elementor-element-14a69bd elementor-widget elementor-widget-image\" data-id=\"14a69bd\" data-element_type=\"widget\" data-e-type=\"widget\" data-widget_type=\"image.default\">\n\t\t\t\t\t\t\t\t\t\t\t\t\t\t\t\t<a href=\"https:\/\/www.leconomiste.com\/article\/1129710-arts-culture-week-end-mohammed-kacimi-un-voyage-artistique-entre-les-rives\" target=\"_blank\">\n\t\t\t\t\t\t\t<img loading=\"lazy\" decoding=\"async\" width=\"2200\" height=\"1567\" src=\"https:\/\/cmgmarrakech.com\/wp-content\/uploads\/2024\/12\/Mohammed-Kacimi-SANS-TITRE-BAMAKO-2000-Technique-mixte-sur-papier-Signee-datee-et-situee-en-bas-a-droite-73-x-101-cm.jpg\" class=\"attachment-full size-full wp-image-14339\" alt=\"\" srcset=\"https:\/\/cmgmarrakech.com\/wp-content\/uploads\/2024\/12\/Mohammed-Kacimi-SANS-TITRE-BAMAKO-2000-Technique-mixte-sur-papier-Signee-datee-et-situee-en-bas-a-droite-73-x-101-cm.jpg 2200w, https:\/\/cmgmarrakech.com\/wp-content\/uploads\/2024\/12\/Mohammed-Kacimi-SANS-TITRE-BAMAKO-2000-Technique-mixte-sur-papier-Signee-datee-et-situee-en-bas-a-droite-73-x-101-cm-300x214.jpg 300w, https:\/\/cmgmarrakech.com\/wp-content\/uploads\/2024\/12\/Mohammed-Kacimi-SANS-TITRE-BAMAKO-2000-Technique-mixte-sur-papier-Signee-datee-et-situee-en-bas-a-droite-73-x-101-cm-1024x729.jpg 1024w, https:\/\/cmgmarrakech.com\/wp-content\/uploads\/2024\/12\/Mohammed-Kacimi-SANS-TITRE-BAMAKO-2000-Technique-mixte-sur-papier-Signee-datee-et-situee-en-bas-a-droite-73-x-101-cm-768x547.jpg 768w, https:\/\/cmgmarrakech.com\/wp-content\/uploads\/2024\/12\/Mohammed-Kacimi-SANS-TITRE-BAMAKO-2000-Technique-mixte-sur-papier-Signee-datee-et-situee-en-bas-a-droite-73-x-101-cm-1536x1094.jpg 1536w, https:\/\/cmgmarrakech.com\/wp-content\/uploads\/2024\/12\/Mohammed-Kacimi-SANS-TITRE-BAMAKO-2000-Technique-mixte-sur-papier-Signee-datee-et-situee-en-bas-a-droite-73-x-101-cm-2048x1459.jpg 2048w, https:\/\/cmgmarrakech.com\/wp-content\/uploads\/2024\/12\/Mohammed-Kacimi-SANS-TITRE-BAMAKO-2000-Technique-mixte-sur-papier-Signee-datee-et-situee-en-bas-a-droite-73-x-101-cm-18x12.jpg 18w, https:\/\/cmgmarrakech.com\/wp-content\/uploads\/2024\/12\/Mohammed-Kacimi-SANS-TITRE-BAMAKO-2000-Technique-mixte-sur-papier-Signee-datee-et-situee-en-bas-a-droite-73-x-101-cm-345x245.jpg 345w, https:\/\/cmgmarrakech.com\/wp-content\/uploads\/2024\/12\/Mohammed-Kacimi-SANS-TITRE-BAMAKO-2000-Technique-mixte-sur-papier-Signee-datee-et-situee-en-bas-a-droite-73-x-101-cm-415x296.jpg 415w, https:\/\/cmgmarrakech.com\/wp-content\/uploads\/2024\/12\/Mohammed-Kacimi-SANS-TITRE-BAMAKO-2000-Technique-mixte-sur-papier-Signee-datee-et-situee-en-bas-a-droite-73-x-101-cm-650x463.jpg 650w, https:\/\/cmgmarrakech.com\/wp-content\/uploads\/2024\/12\/Mohammed-Kacimi-SANS-TITRE-BAMAKO-2000-Technique-mixte-sur-papier-Signee-datee-et-situee-en-bas-a-droite-73-x-101-cm-250x178.jpg 250w\" sizes=\"(max-width: 2200px) 100vw, 2200px\" \/>\t\t\t\t\t\t\t\t<\/a>\n\t\t\t\t\t\t\t\t\t\t\t\t\t\t\t<\/div>\n\t\t\t\t<div class=\"elementor-element elementor-element-8837002 elementor-widget elementor-widget-heading\" data-id=\"8837002\" data-element_type=\"widget\" data-e-type=\"widget\" data-widget_type=\"heading.default\">\n\t\t\t\t\t<h2 class=\"elementor-heading-title elementor-size-default\"><a href=\"https:\/\/www.leconomiste.com\/article\/1129710-arts-culture-week-end-mohammed-kacimi-un-voyage-artistique-entre-les-rives\" target=\"_blank\">Arts &amp; Culture Week-End - Mohammed Kacimi: Un voyage artistique entre les rives<\/a><\/h2>\t\t\t\t<\/div>\n\t\t\t\t<div class=\"elementor-element elementor-element-b3ded25 elementor-widget elementor-widget-text-editor\" data-id=\"b3ded25\" data-element_type=\"widget\" data-e-type=\"widget\" data-widget_type=\"text-editor.default\">\n\t\t\t\t\t\t\t\t\t<p>L&rsquo;\u00c9conomiste<\/p>\t\t\t\t\t\t\t\t<\/div>\n\t\t\t\t\t<\/div>\n\t\t<\/div>\n\t\t\t\t\t<\/div>\n\t\t<\/section>\n\t\t\t\t<section class=\"elementor-section elementor-top-section elementor-element elementor-element-84fe2c3 animated-slow elementor-section-boxed elementor-section-height-default elementor-section-height-default\" data-id=\"84fe2c3\" data-element_type=\"section\" data-e-type=\"section\" data-settings=\"{&quot;animation&quot;:&quot;none&quot;}\">\n\t\t\t\t\t\t<div class=\"elementor-container elementor-column-gap-default\">\n\t\t\t\t\t<div class=\"elementor-column elementor-col-50 elementor-top-column elementor-element elementor-element-3e3fb40\" data-id=\"3e3fb40\" data-element_type=\"column\" data-e-type=\"column\">\n\t\t\t<div class=\"elementor-widget-wrap elementor-element-populated\">\n\t\t\t\t\t\t<div class=\"elementor-element elementor-element-03f9fd7 elementor-widget elementor-widget-image\" data-id=\"03f9fd7\" data-element_type=\"widget\" data-e-type=\"widget\" data-widget_type=\"image.default\">\n\t\t\t\t\t\t\t\t\t\t\t\t\t\t\t\t<a href=\"https:\/\/www.lavieeco.com\/influences\/culture\/exposition-kacimi-oiseau-rare\/\" target=\"_blank\">\n\t\t\t\t\t\t\t<img loading=\"lazy\" decoding=\"async\" width=\"2300\" height=\"1614\" src=\"https:\/\/cmgmarrakech.com\/wp-content\/uploads\/2024\/12\/CMG-Marrakech-Slider-Mohammed-Kacimi-Exposition-24.jpg\" class=\"attachment-full size-full wp-image-14298\" alt=\"\" srcset=\"https:\/\/cmgmarrakech.com\/wp-content\/uploads\/2024\/12\/CMG-Marrakech-Slider-Mohammed-Kacimi-Exposition-24.jpg 2300w, https:\/\/cmgmarrakech.com\/wp-content\/uploads\/2024\/12\/CMG-Marrakech-Slider-Mohammed-Kacimi-Exposition-24-300x211.jpg 300w, https:\/\/cmgmarrakech.com\/wp-content\/uploads\/2024\/12\/CMG-Marrakech-Slider-Mohammed-Kacimi-Exposition-24-1024x719.jpg 1024w, https:\/\/cmgmarrakech.com\/wp-content\/uploads\/2024\/12\/CMG-Marrakech-Slider-Mohammed-Kacimi-Exposition-24-768x539.jpg 768w, https:\/\/cmgmarrakech.com\/wp-content\/uploads\/2024\/12\/CMG-Marrakech-Slider-Mohammed-Kacimi-Exposition-24-1536x1078.jpg 1536w, https:\/\/cmgmarrakech.com\/wp-content\/uploads\/2024\/12\/CMG-Marrakech-Slider-Mohammed-Kacimi-Exposition-24-2048x1437.jpg 2048w, https:\/\/cmgmarrakech.com\/wp-content\/uploads\/2024\/12\/CMG-Marrakech-Slider-Mohammed-Kacimi-Exposition-24-18x12.jpg 18w, https:\/\/cmgmarrakech.com\/wp-content\/uploads\/2024\/12\/CMG-Marrakech-Slider-Mohammed-Kacimi-Exposition-24-415x291.jpg 415w, https:\/\/cmgmarrakech.com\/wp-content\/uploads\/2024\/12\/CMG-Marrakech-Slider-Mohammed-Kacimi-Exposition-24-650x456.jpg 650w, https:\/\/cmgmarrakech.com\/wp-content\/uploads\/2024\/12\/CMG-Marrakech-Slider-Mohammed-Kacimi-Exposition-24-250x175.jpg 250w\" sizes=\"(max-width: 2300px) 100vw, 2300px\" \/>\t\t\t\t\t\t\t\t<\/a>\n\t\t\t\t\t\t\t\t\t\t\t\t\t\t\t<\/div>\n\t\t\t\t<div class=\"elementor-element elementor-element-819f8b7 elementor-widget elementor-widget-heading\" data-id=\"819f8b7\" data-element_type=\"widget\" data-e-type=\"widget\" data-widget_type=\"heading.default\">\n\t\t\t\t\t<h2 class=\"elementor-heading-title elementor-size-default\"><a href=\"https:\/\/www.lavieeco.com\/influences\/culture\/exposition-kacimi-oiseau-rare\/\" target=\"_blank\">Exposition : Kacimi, oiseau rare\n<\/a><\/h2>\t\t\t\t<\/div>\n\t\t\t\t<div class=\"elementor-element elementor-element-62e0c8f elementor-widget elementor-widget-text-editor\" data-id=\"62e0c8f\" data-element_type=\"widget\" data-e-type=\"widget\" data-widget_type=\"text-editor.default\">\n\t\t\t\t\t\t\t\t\t<p>La Vie Eco<\/p>\t\t\t\t\t\t\t\t<\/div>\n\t\t\t\t\t<\/div>\n\t\t<\/div>\n\t\t\t\t<div class=\"elementor-column elementor-col-50 elementor-top-column elementor-element elementor-element-4e479fe\" data-id=\"4e479fe\" data-element_type=\"column\" data-e-type=\"column\">\n\t\t\t<div class=\"elementor-widget-wrap elementor-element-populated\">\n\t\t\t\t\t\t<div class=\"elementor-element elementor-element-bd60392 elementor-widget elementor-widget-image\" data-id=\"bd60392\" data-element_type=\"widget\" data-e-type=\"widget\" data-widget_type=\"image.default\">\n\t\t\t\t\t\t\t\t\t\t\t\t\t\t\t\t<a href=\"https:\/\/aujourdhui.ma\/culture\/au-comptoir-des-mines-galerie-loeuvre-universelle-de-kacimi-a-lhonneur\" target=\"_blank\">\n\t\t\t\t\t\t\t<img loading=\"lazy\" decoding=\"async\" width=\"2300\" height=\"1614\" src=\"https:\/\/cmgmarrakech.com\/wp-content\/uploads\/2024\/10\/CMG-Marrakech-Slider-Mohammed-Kacimi-Exposition.jpg\" class=\"attachment-full size-full wp-image-13231\" alt=\"\" srcset=\"https:\/\/cmgmarrakech.com\/wp-content\/uploads\/2024\/10\/CMG-Marrakech-Slider-Mohammed-Kacimi-Exposition.jpg 2300w, https:\/\/cmgmarrakech.com\/wp-content\/uploads\/2024\/10\/CMG-Marrakech-Slider-Mohammed-Kacimi-Exposition-300x211.jpg 300w, https:\/\/cmgmarrakech.com\/wp-content\/uploads\/2024\/10\/CMG-Marrakech-Slider-Mohammed-Kacimi-Exposition-1024x719.jpg 1024w, https:\/\/cmgmarrakech.com\/wp-content\/uploads\/2024\/10\/CMG-Marrakech-Slider-Mohammed-Kacimi-Exposition-768x539.jpg 768w, https:\/\/cmgmarrakech.com\/wp-content\/uploads\/2024\/10\/CMG-Marrakech-Slider-Mohammed-Kacimi-Exposition-1536x1078.jpg 1536w, https:\/\/cmgmarrakech.com\/wp-content\/uploads\/2024\/10\/CMG-Marrakech-Slider-Mohammed-Kacimi-Exposition-2048x1437.jpg 2048w, https:\/\/cmgmarrakech.com\/wp-content\/uploads\/2024\/10\/CMG-Marrakech-Slider-Mohammed-Kacimi-Exposition-18x12.jpg 18w, https:\/\/cmgmarrakech.com\/wp-content\/uploads\/2024\/10\/CMG-Marrakech-Slider-Mohammed-Kacimi-Exposition-415x291.jpg 415w, https:\/\/cmgmarrakech.com\/wp-content\/uploads\/2024\/10\/CMG-Marrakech-Slider-Mohammed-Kacimi-Exposition-650x456.jpg 650w, https:\/\/cmgmarrakech.com\/wp-content\/uploads\/2024\/10\/CMG-Marrakech-Slider-Mohammed-Kacimi-Exposition-250x175.jpg 250w\" sizes=\"(max-width: 2300px) 100vw, 2300px\" \/>\t\t\t\t\t\t\t\t<\/a>\n\t\t\t\t\t\t\t\t\t\t\t\t\t\t\t<\/div>\n\t\t\t\t<div class=\"elementor-element elementor-element-26262da elementor-widget elementor-widget-heading\" data-id=\"26262da\" data-element_type=\"widget\" data-e-type=\"widget\" data-widget_type=\"heading.default\">\n\t\t\t\t\t<h2 class=\"elementor-heading-title elementor-size-default\"><a href=\"https:\/\/aujourdhui.ma\/culture\/au-comptoir-des-mines-galerie-loeuvre-universelle-de-kacimi-a-lhonneur\" target=\"_blank\">Au Comptoir des Mines: Galerie L\u2019\u0153uvre universelle de Kacimi \u00e0 l\u2019honneur\n<\/a><\/h2>\t\t\t\t<\/div>\n\t\t\t\t<div class=\"elementor-element elementor-element-e6b15ef elementor-widget elementor-widget-text-editor\" data-id=\"e6b15ef\" data-element_type=\"widget\" data-e-type=\"widget\" data-widget_type=\"text-editor.default\">\n\t\t\t\t\t\t\t\t\t<p>Aujourd\u2019hui Le Maroc<\/p>\t\t\t\t\t\t\t\t<\/div>\n\t\t\t\t\t<\/div>\n\t\t<\/div>\n\t\t\t\t\t<\/div>\n\t\t<\/section>\n\t\t\t\t<section class=\"elementor-section elementor-top-section elementor-element elementor-element-dff485e animated-slow elementor-section-boxed elementor-section-height-default elementor-section-height-default\" data-id=\"dff485e\" data-element_type=\"section\" data-e-type=\"section\" data-settings=\"{&quot;animation&quot;:&quot;none&quot;}\">\n\t\t\t\t\t\t<div class=\"elementor-container elementor-column-gap-default\">\n\t\t\t\t\t<div class=\"elementor-column elementor-col-50 elementor-top-column elementor-element elementor-element-32ca0d5\" data-id=\"32ca0d5\" data-element_type=\"column\" data-e-type=\"column\">\n\t\t\t<div class=\"elementor-widget-wrap elementor-element-populated\">\n\t\t\t\t\t\t<div class=\"elementor-element elementor-element-d12bf27 elementor-widget elementor-widget-image\" data-id=\"d12bf27\" data-element_type=\"widget\" data-e-type=\"widget\" data-widget_type=\"image.default\">\n\t\t\t\t\t\t\t\t\t\t\t\t\t\t\t\t<a href=\"https:\/\/lematin.ma\/afrique-developpement\/mohammed-kacimi-expose-au-comptoir-des-mines\/257109\" target=\"_blank\">\n\t\t\t\t\t\t\t<img loading=\"lazy\" decoding=\"async\" width=\"2300\" height=\"1614\" src=\"https:\/\/cmgmarrakech.com\/wp-content\/uploads\/2024\/12\/CMG-Marrakech-Slider-Art-Dubai-Art-Fair.jpg\" class=\"attachment-full size-full wp-image-14315\" alt=\"\" srcset=\"https:\/\/cmgmarrakech.com\/wp-content\/uploads\/2024\/12\/CMG-Marrakech-Slider-Art-Dubai-Art-Fair.jpg 2300w, https:\/\/cmgmarrakech.com\/wp-content\/uploads\/2024\/12\/CMG-Marrakech-Slider-Art-Dubai-Art-Fair-300x211.jpg 300w, https:\/\/cmgmarrakech.com\/wp-content\/uploads\/2024\/12\/CMG-Marrakech-Slider-Art-Dubai-Art-Fair-1024x719.jpg 1024w, https:\/\/cmgmarrakech.com\/wp-content\/uploads\/2024\/12\/CMG-Marrakech-Slider-Art-Dubai-Art-Fair-768x539.jpg 768w, https:\/\/cmgmarrakech.com\/wp-content\/uploads\/2024\/12\/CMG-Marrakech-Slider-Art-Dubai-Art-Fair-1536x1078.jpg 1536w, https:\/\/cmgmarrakech.com\/wp-content\/uploads\/2024\/12\/CMG-Marrakech-Slider-Art-Dubai-Art-Fair-2048x1437.jpg 2048w, https:\/\/cmgmarrakech.com\/wp-content\/uploads\/2024\/12\/CMG-Marrakech-Slider-Art-Dubai-Art-Fair-18x12.jpg 18w, https:\/\/cmgmarrakech.com\/wp-content\/uploads\/2024\/12\/CMG-Marrakech-Slider-Art-Dubai-Art-Fair-415x291.jpg 415w, https:\/\/cmgmarrakech.com\/wp-content\/uploads\/2024\/12\/CMG-Marrakech-Slider-Art-Dubai-Art-Fair-650x456.jpg 650w, https:\/\/cmgmarrakech.com\/wp-content\/uploads\/2024\/12\/CMG-Marrakech-Slider-Art-Dubai-Art-Fair-250x175.jpg 250w\" sizes=\"(max-width: 2300px) 100vw, 2300px\" \/>\t\t\t\t\t\t\t\t<\/a>\n\t\t\t\t\t\t\t\t\t\t\t\t\t\t\t<\/div>\n\t\t\t\t<div class=\"elementor-element elementor-element-ee1f9e1 elementor-widget elementor-widget-heading\" data-id=\"ee1f9e1\" data-element_type=\"widget\" data-e-type=\"widget\" data-widget_type=\"heading.default\">\n\t\t\t\t\t<h2 class=\"elementor-heading-title elementor-size-default\"><a href=\"https:\/\/lematin.ma\/afrique-developpement\/mohammed-kacimi-expose-au-comptoir-des-mines\/257109\" target=\"_blank\">Mohammed Kacimi expos\u00e9 au Comptoir des Mines<\/a><\/h2>\t\t\t\t<\/div>\n\t\t\t\t<div class=\"elementor-element elementor-element-26c1ac3 elementor-widget elementor-widget-text-editor\" data-id=\"26c1ac3\" data-element_type=\"widget\" data-e-type=\"widget\" data-widget_type=\"text-editor.default\">\n\t\t\t\t\t\t\t\t\t<p>Le Matin<\/p>\t\t\t\t\t\t\t\t<\/div>\n\t\t\t\t\t<\/div>\n\t\t<\/div>\n\t\t\t\t<div class=\"elementor-column elementor-col-50 elementor-top-column elementor-element elementor-element-7aa87f6\" data-id=\"7aa87f6\" data-element_type=\"column\" data-e-type=\"column\">\n\t\t\t<div class=\"elementor-widget-wrap elementor-element-populated\">\n\t\t\t\t\t\t<div class=\"elementor-element elementor-element-d3169b1 elementor-widget elementor-widget-image\" data-id=\"d3169b1\" data-element_type=\"widget\" data-e-type=\"widget\" data-widget_type=\"image.default\">\n\t\t\t\t\t\t\t\t\t\t\t\t\t\t\t\t<a href=\"https:\/\/fr.le360.ma\/culture\/exposition-mohammed-kacimi-1994-2003-une-oeuvre-universelle-au-comptoir-des-mines-a-marrakech_F5YOJSUUTNHN3EMQPGLPXLIWCY\/\" target=\"_blank\">\n\t\t\t\t\t\t\t<img loading=\"lazy\" decoding=\"async\" width=\"2200\" height=\"1567\" src=\"https:\/\/cmgmarrakech.com\/wp-content\/uploads\/2024\/12\/Mohammed-Kacimi-SANS-TITRE-BAMAKO-2000-Technique-mixte-sur-papier-Signee-datee-et-situee-en-bas-a-droite-73-x-101-cm.jpg\" class=\"attachment-full size-full wp-image-14339\" alt=\"\" srcset=\"https:\/\/cmgmarrakech.com\/wp-content\/uploads\/2024\/12\/Mohammed-Kacimi-SANS-TITRE-BAMAKO-2000-Technique-mixte-sur-papier-Signee-datee-et-situee-en-bas-a-droite-73-x-101-cm.jpg 2200w, https:\/\/cmgmarrakech.com\/wp-content\/uploads\/2024\/12\/Mohammed-Kacimi-SANS-TITRE-BAMAKO-2000-Technique-mixte-sur-papier-Signee-datee-et-situee-en-bas-a-droite-73-x-101-cm-300x214.jpg 300w, https:\/\/cmgmarrakech.com\/wp-content\/uploads\/2024\/12\/Mohammed-Kacimi-SANS-TITRE-BAMAKO-2000-Technique-mixte-sur-papier-Signee-datee-et-situee-en-bas-a-droite-73-x-101-cm-1024x729.jpg 1024w, https:\/\/cmgmarrakech.com\/wp-content\/uploads\/2024\/12\/Mohammed-Kacimi-SANS-TITRE-BAMAKO-2000-Technique-mixte-sur-papier-Signee-datee-et-situee-en-bas-a-droite-73-x-101-cm-768x547.jpg 768w, https:\/\/cmgmarrakech.com\/wp-content\/uploads\/2024\/12\/Mohammed-Kacimi-SANS-TITRE-BAMAKO-2000-Technique-mixte-sur-papier-Signee-datee-et-situee-en-bas-a-droite-73-x-101-cm-1536x1094.jpg 1536w, https:\/\/cmgmarrakech.com\/wp-content\/uploads\/2024\/12\/Mohammed-Kacimi-SANS-TITRE-BAMAKO-2000-Technique-mixte-sur-papier-Signee-datee-et-situee-en-bas-a-droite-73-x-101-cm-2048x1459.jpg 2048w, https:\/\/cmgmarrakech.com\/wp-content\/uploads\/2024\/12\/Mohammed-Kacimi-SANS-TITRE-BAMAKO-2000-Technique-mixte-sur-papier-Signee-datee-et-situee-en-bas-a-droite-73-x-101-cm-18x12.jpg 18w, https:\/\/cmgmarrakech.com\/wp-content\/uploads\/2024\/12\/Mohammed-Kacimi-SANS-TITRE-BAMAKO-2000-Technique-mixte-sur-papier-Signee-datee-et-situee-en-bas-a-droite-73-x-101-cm-345x245.jpg 345w, https:\/\/cmgmarrakech.com\/wp-content\/uploads\/2024\/12\/Mohammed-Kacimi-SANS-TITRE-BAMAKO-2000-Technique-mixte-sur-papier-Signee-datee-et-situee-en-bas-a-droite-73-x-101-cm-415x296.jpg 415w, https:\/\/cmgmarrakech.com\/wp-content\/uploads\/2024\/12\/Mohammed-Kacimi-SANS-TITRE-BAMAKO-2000-Technique-mixte-sur-papier-Signee-datee-et-situee-en-bas-a-droite-73-x-101-cm-650x463.jpg 650w, https:\/\/cmgmarrakech.com\/wp-content\/uploads\/2024\/12\/Mohammed-Kacimi-SANS-TITRE-BAMAKO-2000-Technique-mixte-sur-papier-Signee-datee-et-situee-en-bas-a-droite-73-x-101-cm-250x178.jpg 250w\" sizes=\"(max-width: 2200px) 100vw, 2200px\" \/>\t\t\t\t\t\t\t\t<\/a>\n\t\t\t\t\t\t\t\t\t\t\t\t\t\t\t<\/div>\n\t\t\t\t<div class=\"elementor-element elementor-element-c59e48d elementor-widget elementor-widget-heading\" data-id=\"c59e48d\" data-element_type=\"widget\" data-e-type=\"widget\" data-widget_type=\"heading.default\">\n\t\t\t\t\t<h2 class=\"elementor-heading-title elementor-size-default\"><a href=\"https:\/\/fr.le360.ma\/culture\/exposition-mohammed-kacimi-1994-2003-une-oeuvre-universelle-au-comptoir-des-mines-a-marrakech_F5YOJSUUTNHN3EMQPGLPXLIWCY\/\" target=\"_blank\">Exposition. \u00abMohammed Kacimi 1994-2003, une \u0153uvre universelle\u00bb au Comptoir des mines \u00e0 Marrakech<\/a><\/h2>\t\t\t\t<\/div>\n\t\t\t\t<div class=\"elementor-element elementor-element-a179e36 elementor-widget elementor-widget-text-editor\" data-id=\"a179e36\" data-element_type=\"widget\" data-e-type=\"widget\" data-widget_type=\"text-editor.default\">\n\t\t\t\t\t\t\t\t\t<p>Le360<\/p>\t\t\t\t\t\t\t\t<\/div>\n\t\t\t\t\t<\/div>\n\t\t<\/div>\n\t\t\t\t\t<\/div>\n\t\t<\/section>\n\t\t\t\t<section class=\"elementor-section elementor-top-section elementor-element elementor-element-65b03bb animated-slow elementor-section-boxed elementor-section-height-default elementor-section-height-default\" data-id=\"65b03bb\" data-element_type=\"section\" data-e-type=\"section\" data-settings=\"{&quot;animation&quot;:&quot;none&quot;}\">\n\t\t\t\t\t\t<div class=\"elementor-container elementor-column-gap-default\">\n\t\t\t\t\t<div class=\"elementor-column elementor-col-50 elementor-top-column elementor-element elementor-element-209931a\" data-id=\"209931a\" data-element_type=\"column\" data-e-type=\"column\">\n\t\t\t<div class=\"elementor-widget-wrap elementor-element-populated\">\n\t\t\t\t\t\t<div class=\"elementor-element elementor-element-b43ad3e elementor-widget elementor-widget-image\" data-id=\"b43ad3e\" data-element_type=\"widget\" data-e-type=\"widget\" data-widget_type=\"image.default\">\n\t\t\t\t\t\t\t\t\t\t\t\t\t\t\t\t<a href=\"https:\/\/www.decoactuelle.ma\/mohammed-kacimi-1994-2003-une-oeuvre-universelle-du-28-12-2024-au-20-01-2025\/\" target=\"_blank\">\n\t\t\t\t\t\t\t<img loading=\"lazy\" decoding=\"async\" width=\"2200\" height=\"1600\" src=\"https:\/\/cmgmarrakech.com\/wp-content\/uploads\/2024\/12\/Mohammed-Kacimi-SANS-TITRE-SEGOU-2000-Technique-mixte-sur-papier-Signee-datee-et-situee-en-bas-a-droite-56-x-76-cm.jpg\" class=\"attachment-full size-full wp-image-14334\" alt=\"\" srcset=\"https:\/\/cmgmarrakech.com\/wp-content\/uploads\/2024\/12\/Mohammed-Kacimi-SANS-TITRE-SEGOU-2000-Technique-mixte-sur-papier-Signee-datee-et-situee-en-bas-a-droite-56-x-76-cm.jpg 2200w, https:\/\/cmgmarrakech.com\/wp-content\/uploads\/2024\/12\/Mohammed-Kacimi-SANS-TITRE-SEGOU-2000-Technique-mixte-sur-papier-Signee-datee-et-situee-en-bas-a-droite-56-x-76-cm-300x218.jpg 300w, https:\/\/cmgmarrakech.com\/wp-content\/uploads\/2024\/12\/Mohammed-Kacimi-SANS-TITRE-SEGOU-2000-Technique-mixte-sur-papier-Signee-datee-et-situee-en-bas-a-droite-56-x-76-cm-1024x745.jpg 1024w, https:\/\/cmgmarrakech.com\/wp-content\/uploads\/2024\/12\/Mohammed-Kacimi-SANS-TITRE-SEGOU-2000-Technique-mixte-sur-papier-Signee-datee-et-situee-en-bas-a-droite-56-x-76-cm-768x559.jpg 768w, https:\/\/cmgmarrakech.com\/wp-content\/uploads\/2024\/12\/Mohammed-Kacimi-SANS-TITRE-SEGOU-2000-Technique-mixte-sur-papier-Signee-datee-et-situee-en-bas-a-droite-56-x-76-cm-1536x1117.jpg 1536w, https:\/\/cmgmarrakech.com\/wp-content\/uploads\/2024\/12\/Mohammed-Kacimi-SANS-TITRE-SEGOU-2000-Technique-mixte-sur-papier-Signee-datee-et-situee-en-bas-a-droite-56-x-76-cm-2048x1489.jpg 2048w, https:\/\/cmgmarrakech.com\/wp-content\/uploads\/2024\/12\/Mohammed-Kacimi-SANS-TITRE-SEGOU-2000-Technique-mixte-sur-papier-Signee-datee-et-situee-en-bas-a-droite-56-x-76-cm-18x12.jpg 18w, https:\/\/cmgmarrakech.com\/wp-content\/uploads\/2024\/12\/Mohammed-Kacimi-SANS-TITRE-SEGOU-2000-Technique-mixte-sur-papier-Signee-datee-et-situee-en-bas-a-droite-56-x-76-cm-415x302.jpg 415w, https:\/\/cmgmarrakech.com\/wp-content\/uploads\/2024\/12\/Mohammed-Kacimi-SANS-TITRE-SEGOU-2000-Technique-mixte-sur-papier-Signee-datee-et-situee-en-bas-a-droite-56-x-76-cm-650x473.jpg 650w, https:\/\/cmgmarrakech.com\/wp-content\/uploads\/2024\/12\/Mohammed-Kacimi-SANS-TITRE-SEGOU-2000-Technique-mixte-sur-papier-Signee-datee-et-situee-en-bas-a-droite-56-x-76-cm-250x182.jpg 250w\" sizes=\"(max-width: 2200px) 100vw, 2200px\" \/>\t\t\t\t\t\t\t\t<\/a>\n\t\t\t\t\t\t\t\t\t\t\t\t\t\t\t<\/div>\n\t\t\t\t<div class=\"elementor-element elementor-element-5fff419 elementor-widget elementor-widget-heading\" data-id=\"5fff419\" data-element_type=\"widget\" data-e-type=\"widget\" data-widget_type=\"heading.default\">\n\t\t\t\t\t<h2 class=\"elementor-heading-title elementor-size-default\"><a href=\"https:\/\/www.decoactuelle.ma\/mohammed-kacimi-1994-2003-une-oeuvre-universelle-du-28-12-2024-au-20-01-2025\/\" target=\"_blank\">Mohammed KACIMI 1994-2003, une \u0153uvre universelle du 28.12.2024 au 20.01.2025<\/a><\/h2>\t\t\t\t<\/div>\n\t\t\t\t<div class=\"elementor-element elementor-element-61677d1 elementor-widget elementor-widget-text-editor\" data-id=\"61677d1\" data-element_type=\"widget\" data-e-type=\"widget\" data-widget_type=\"text-editor.default\">\n\t\t\t\t\t\t\t\t\t<p>Deco Actuelle<\/p>\t\t\t\t\t\t\t\t<\/div>\n\t\t\t\t\t<\/div>\n\t\t<\/div>\n\t\t\t\t<div class=\"elementor-column elementor-col-50 elementor-top-column elementor-element elementor-element-695ecaa\" data-id=\"695ecaa\" data-element_type=\"column\" data-e-type=\"column\">\n\t\t\t<div class=\"elementor-widget-wrap elementor-element-populated\">\n\t\t\t\t\t\t<div class=\"elementor-element elementor-element-0244761 elementor-widget elementor-widget-image\" data-id=\"0244761\" data-element_type=\"widget\" data-e-type=\"widget\" data-widget_type=\"image.default\">\n\t\t\t\t\t\t\t\t\t\t\t\t\t\t\t\t<a href=\"https:\/\/femmesdumaroc.com\/inspiration\/culture\/art-fair-1-54-decouvrez-les-projets-de-la-sixieme-edition\" target=\"_blank\">\n\t\t\t\t\t\t\t<img decoding=\"async\" src=\"https:\/\/femmesdumaroc.com\/wp-content\/uploads\/2024\/12\/Sara-Benabdallah-Sacred-Tree-Large-Format-2024-Fujiflex-print-laminated-on-aluminum-100-x-150-cm.-Edition-of-3-plus-2-AP.-Courtesy-of-Nil-Gallery.jpg\" title=\"\" alt=\"\" loading=\"lazy\" \/>\t\t\t\t\t\t\t\t<\/a>\n\t\t\t\t\t\t\t\t\t\t\t\t\t\t\t<\/div>\n\t\t\t\t<div class=\"elementor-element elementor-element-2d3d268 elementor-widget elementor-widget-heading\" data-id=\"2d3d268\" data-element_type=\"widget\" data-e-type=\"widget\" data-widget_type=\"heading.default\">\n\t\t\t\t\t<h2 class=\"elementor-heading-title elementor-size-default\"><a href=\"https:\/\/femmesdumaroc.com\/inspiration\/culture\/art-fair-1-54-decouvrez-les-projets-de-la-sixieme-edition\" target=\"_blank\">Art Fair 1-54: d\u00e9couvrez les projets de la sixi\u00e8me \u00e9dition\n<\/a><\/h2>\t\t\t\t<\/div>\n\t\t\t\t<div class=\"elementor-element elementor-element-685500c elementor-widget elementor-widget-text-editor\" data-id=\"685500c\" data-element_type=\"widget\" data-e-type=\"widget\" data-widget_type=\"text-editor.default\">\n\t\t\t\t\t\t\t\t\t<p>Femmes Du Maroc<\/p>\t\t\t\t\t\t\t\t<\/div>\n\t\t\t\t\t<\/div>\n\t\t<\/div>\n\t\t\t\t\t<\/div>\n\t\t<\/section>\n\t\t\t\t<section class=\"elementor-section elementor-top-section elementor-element elementor-element-86ed55d animated-slow elementor-section-boxed elementor-section-height-default elementor-section-height-default\" data-id=\"86ed55d\" data-element_type=\"section\" data-e-type=\"section\" data-settings=\"{&quot;animation&quot;:&quot;none&quot;}\">\n\t\t\t\t\t\t<div class=\"elementor-container elementor-column-gap-default\">\n\t\t\t\t\t<div class=\"elementor-column elementor-col-50 elementor-top-column elementor-element elementor-element-7c065ab\" data-id=\"7c065ab\" data-element_type=\"column\" data-e-type=\"column\">\n\t\t\t<div class=\"elementor-widget-wrap elementor-element-populated\">\n\t\t\t\t\t\t<div class=\"elementor-element elementor-element-798e452 elementor-widget elementor-widget-image\" data-id=\"798e452\" data-element_type=\"widget\" data-e-type=\"widget\" data-widget_type=\"image.default\">\n\t\t\t\t\t\t\t\t\t\t\t\t\t\t\t\t<a href=\"https:\/\/www.medi1tv.com\/fr\/capsule\/33009\/%23Chronique_culture-du-13-12-2024\" target=\"_blank\">\n\t\t\t\t\t\t\t<img decoding=\"async\" src=\"https:\/\/i.ytimg.com\/vi\/wVLDNSKB6cg\/maxresdefault.jpg\" title=\"\" alt=\"\" loading=\"lazy\" \/>\t\t\t\t\t\t\t\t<\/a>\n\t\t\t\t\t\t\t\t\t\t\t\t\t\t\t<\/div>\n\t\t\t\t<div class=\"elementor-element elementor-element-60309cf elementor-widget elementor-widget-heading\" data-id=\"60309cf\" data-element_type=\"widget\" data-e-type=\"widget\" data-widget_type=\"heading.default\">\n\t\t\t\t\t<h2 class=\"elementor-heading-title elementor-size-default\"><a href=\"https:\/\/www.medi1tv.com\/fr\/capsule\/33009\/%23Chronique_culture-du-13-12-2024\" target=\"_blank\">Medi1 TV : Chronique Culture : Vendredi 13 d\u00e9cembre 2024\n#Chronique_culture<\/a><\/h2>\t\t\t\t<\/div>\n\t\t\t\t<div class=\"elementor-element elementor-element-74de681 elementor-widget elementor-widget-text-editor\" data-id=\"74de681\" data-element_type=\"widget\" data-e-type=\"widget\" data-widget_type=\"text-editor.default\">\n\t\t\t\t\t\t\t\t\t<p>Medi1 TV<\/p>\t\t\t\t\t\t\t\t<\/div>\n\t\t\t\t\t<\/div>\n\t\t<\/div>\n\t\t\t\t<div class=\"elementor-column elementor-col-50 elementor-top-column elementor-element elementor-element-356638c\" data-id=\"356638c\" data-element_type=\"column\" data-e-type=\"column\">\n\t\t\t<div class=\"elementor-widget-wrap elementor-element-populated\">\n\t\t\t\t\t\t<div class=\"elementor-element elementor-element-61e408f elementor-widget elementor-widget-image\" data-id=\"61e408f\" data-element_type=\"widget\" data-e-type=\"widget\" data-widget_type=\"image.default\">\n\t\t\t\t\t\t\t\t\t\t\t\t\t\t\t\t<a href=\"https:\/\/news.dayfr.com\/divertissement\/4093896.html\" target=\"_blank\">\n\t\t\t\t\t\t\t<img loading=\"lazy\" decoding=\"async\" width=\"1200\" height=\"897\" src=\"https:\/\/cmgmarrakech.com\/wp-content\/uploads\/2023\/03\/Fatiha-Zemmouri-_Dry-Matter_.jpeg\" class=\"attachment-full size-full wp-image-10445\" alt=\"\" srcset=\"https:\/\/cmgmarrakech.com\/wp-content\/uploads\/2023\/03\/Fatiha-Zemmouri-_Dry-Matter_.jpeg 1200w, https:\/\/cmgmarrakech.com\/wp-content\/uploads\/2023\/03\/Fatiha-Zemmouri-_Dry-Matter_-300x224.jpeg 300w, https:\/\/cmgmarrakech.com\/wp-content\/uploads\/2023\/03\/Fatiha-Zemmouri-_Dry-Matter_-1024x765.jpeg 1024w, https:\/\/cmgmarrakech.com\/wp-content\/uploads\/2023\/03\/Fatiha-Zemmouri-_Dry-Matter_-768x574.jpeg 768w, https:\/\/cmgmarrakech.com\/wp-content\/uploads\/2023\/03\/Fatiha-Zemmouri-_Dry-Matter_-16x12.jpeg 16w\" sizes=\"(max-width: 1200px) 100vw, 1200px\" \/>\t\t\t\t\t\t\t\t<\/a>\n\t\t\t\t\t\t\t\t\t\t\t\t\t\t\t<\/div>\n\t\t\t\t<div class=\"elementor-element elementor-element-2afae47 elementor-widget elementor-widget-heading\" data-id=\"2afae47\" data-element_type=\"widget\" data-e-type=\"widget\" data-widget_type=\"heading.default\">\n\t\t\t\t\t<h2 class=\"elementor-heading-title elementor-size-default\"><a href=\"https:\/\/news.dayfr.com\/divertissement\/4093896.html\" target=\"_blank\">Galeries et projets sp\u00e9ciaux de la sixi\u00e8me \u00e9dition en Afrique<\/a><\/h2>\t\t\t\t<\/div>\n\t\t\t\t<div class=\"elementor-element elementor-element-e0afc97 elementor-widget elementor-widget-text-editor\" data-id=\"e0afc97\" data-element_type=\"widget\" data-e-type=\"widget\" data-widget_type=\"text-editor.default\">\n\t\t\t\t\t\t\t\t\t<p>News Day Fr<\/p>\t\t\t\t\t\t\t\t<\/div>\n\t\t\t\t\t<\/div>\n\t\t<\/div>\n\t\t\t\t\t<\/div>\n\t\t<\/section>\n\t\t\t\t<section class=\"elementor-section elementor-top-section elementor-element elementor-element-b7084b8 animated-slow elementor-section-boxed elementor-section-height-default elementor-section-height-default\" data-id=\"b7084b8\" data-element_type=\"section\" data-e-type=\"section\" data-settings=\"{&quot;animation&quot;:&quot;none&quot;}\">\n\t\t\t\t\t\t<div class=\"elementor-container elementor-column-gap-default\">\n\t\t\t\t\t<div class=\"elementor-column elementor-col-50 elementor-top-column elementor-element elementor-element-12d6ad6\" data-id=\"12d6ad6\" data-element_type=\"column\" data-e-type=\"column\">\n\t\t\t<div class=\"elementor-widget-wrap elementor-element-populated\">\n\t\t\t\t\t\t<div class=\"elementor-element elementor-element-af60ffc elementor-widget elementor-widget-image\" data-id=\"af60ffc\" data-element_type=\"widget\" data-e-type=\"widget\" data-widget_type=\"image.default\">\n\t\t\t\t\t\t\t\t\t\t\t\t\t\t\t\t<a href=\"https:\/\/www.gulf-times.com\/article\/695631\/qatar\/design-doha-announces-residency-programme\" target=\"_blank\">\n\t\t\t\t\t\t\t<img loading=\"lazy\" decoding=\"async\" width=\"1704\" height=\"957\" src=\"https:\/\/cmgmarrakech.com\/wp-content\/uploads\/2024\/12\/design-doha-forum-crafting-futures-panel_dezeen_1704_col_4.jpg\" class=\"attachment-full size-full wp-image-14244\" alt=\"\" srcset=\"https:\/\/cmgmarrakech.com\/wp-content\/uploads\/2024\/12\/design-doha-forum-crafting-futures-panel_dezeen_1704_col_4.jpg 1704w, https:\/\/cmgmarrakech.com\/wp-content\/uploads\/2024\/12\/design-doha-forum-crafting-futures-panel_dezeen_1704_col_4-300x168.jpg 300w, https:\/\/cmgmarrakech.com\/wp-content\/uploads\/2024\/12\/design-doha-forum-crafting-futures-panel_dezeen_1704_col_4-1024x575.jpg 1024w, https:\/\/cmgmarrakech.com\/wp-content\/uploads\/2024\/12\/design-doha-forum-crafting-futures-panel_dezeen_1704_col_4-768x431.jpg 768w, https:\/\/cmgmarrakech.com\/wp-content\/uploads\/2024\/12\/design-doha-forum-crafting-futures-panel_dezeen_1704_col_4-1536x863.jpg 1536w, https:\/\/cmgmarrakech.com\/wp-content\/uploads\/2024\/12\/design-doha-forum-crafting-futures-panel_dezeen_1704_col_4-18x10.jpg 18w, https:\/\/cmgmarrakech.com\/wp-content\/uploads\/2024\/12\/design-doha-forum-crafting-futures-panel_dezeen_1704_col_4-415x233.jpg 415w, https:\/\/cmgmarrakech.com\/wp-content\/uploads\/2024\/12\/design-doha-forum-crafting-futures-panel_dezeen_1704_col_4-650x365.jpg 650w, https:\/\/cmgmarrakech.com\/wp-content\/uploads\/2024\/12\/design-doha-forum-crafting-futures-panel_dezeen_1704_col_4-250x140.jpg 250w\" sizes=\"(max-width: 1704px) 100vw, 1704px\" \/>\t\t\t\t\t\t\t\t<\/a>\n\t\t\t\t\t\t\t\t\t\t\t\t\t\t\t<\/div>\n\t\t\t\t<div class=\"elementor-element elementor-element-49e336a elementor-widget elementor-widget-heading\" data-id=\"49e336a\" data-element_type=\"widget\" data-e-type=\"widget\" data-widget_type=\"heading.default\">\n\t\t\t\t\t<h2 class=\"elementor-heading-title elementor-size-default\"><a href=\"https:\/\/www.gulf-times.com\/article\/695631\/qatar\/design-doha-announces-residency-programme\" target=\"_blank\">Design Doha announces residency programme\n<\/a><\/h2>\t\t\t\t<\/div>\n\t\t\t\t<div class=\"elementor-element elementor-element-a68afd6 elementor-widget elementor-widget-text-editor\" data-id=\"a68afd6\" data-element_type=\"widget\" data-e-type=\"widget\" data-widget_type=\"text-editor.default\">\n\t\t\t\t\t\t\t\t\t<p>Gulf Times<\/p>\t\t\t\t\t\t\t\t<\/div>\n\t\t\t\t\t<\/div>\n\t\t<\/div>\n\t\t\t\t<div class=\"elementor-column elementor-col-50 elementor-top-column elementor-element elementor-element-eb33b61\" data-id=\"eb33b61\" data-element_type=\"column\" data-e-type=\"column\">\n\t\t\t<div class=\"elementor-widget-wrap elementor-element-populated\">\n\t\t\t\t\t\t<div class=\"elementor-element elementor-element-fbe7d58 elementor-widget elementor-widget-image\" data-id=\"fbe7d58\" data-element_type=\"widget\" data-e-type=\"widget\" data-widget_type=\"image.default\">\n\t\t\t\t\t\t\t\t\t\t\t\t\t\t\t\t<a href=\"https:\/\/thepeninsulaqatar.com\/article\/01\/12\/2024\/crafting-design-futures-exhibition-opens-at-museum-of-islamic-art\" target=\"_blank\">\n\t\t\t\t\t\t\t<img loading=\"lazy\" decoding=\"async\" width=\"1268\" height=\"846\" src=\"https:\/\/cmgmarrakech.com\/wp-content\/uploads\/2024\/12\/csm_4-sara-ouhaddou-al-kalima_2d0a0ebfa7.jpg\" class=\"attachment-full size-full wp-image-14246\" alt=\"\" srcset=\"https:\/\/cmgmarrakech.com\/wp-content\/uploads\/2024\/12\/csm_4-sara-ouhaddou-al-kalima_2d0a0ebfa7.jpg 1268w, https:\/\/cmgmarrakech.com\/wp-content\/uploads\/2024\/12\/csm_4-sara-ouhaddou-al-kalima_2d0a0ebfa7-300x200.jpg 300w, https:\/\/cmgmarrakech.com\/wp-content\/uploads\/2024\/12\/csm_4-sara-ouhaddou-al-kalima_2d0a0ebfa7-1024x683.jpg 1024w, https:\/\/cmgmarrakech.com\/wp-content\/uploads\/2024\/12\/csm_4-sara-ouhaddou-al-kalima_2d0a0ebfa7-768x512.jpg 768w, https:\/\/cmgmarrakech.com\/wp-content\/uploads\/2024\/12\/csm_4-sara-ouhaddou-al-kalima_2d0a0ebfa7-18x12.jpg 18w, https:\/\/cmgmarrakech.com\/wp-content\/uploads\/2024\/12\/csm_4-sara-ouhaddou-al-kalima_2d0a0ebfa7-415x277.jpg 415w, https:\/\/cmgmarrakech.com\/wp-content\/uploads\/2024\/12\/csm_4-sara-ouhaddou-al-kalima_2d0a0ebfa7-650x434.jpg 650w, https:\/\/cmgmarrakech.com\/wp-content\/uploads\/2024\/12\/csm_4-sara-ouhaddou-al-kalima_2d0a0ebfa7-250x167.jpg 250w\" sizes=\"(max-width: 1268px) 100vw, 1268px\" \/>\t\t\t\t\t\t\t\t<\/a>\n\t\t\t\t\t\t\t\t\t\t\t\t\t\t\t<\/div>\n\t\t\t\t<div class=\"elementor-element elementor-element-9000833 elementor-widget elementor-widget-heading\" data-id=\"9000833\" data-element_type=\"widget\" data-e-type=\"widget\" data-widget_type=\"heading.default\">\n\t\t\t\t\t<h2 class=\"elementor-heading-title elementor-size-default\"><a href=\"https:\/\/thepeninsulaqatar.com\/article\/01\/12\/2024\/crafting-design-futures-exhibition-opens-at-museum-of-islamic-art\" target=\"_blank\">Crafting Design Futures Exhibition opens at Museum of Islamic Art\n<\/a><\/h2>\t\t\t\t<\/div>\n\t\t\t\t<div class=\"elementor-element elementor-element-ba2fa39 elementor-widget elementor-widget-text-editor\" data-id=\"ba2fa39\" data-element_type=\"widget\" data-e-type=\"widget\" data-widget_type=\"text-editor.default\">\n\t\t\t\t\t\t\t\t\t<p>The Peninsula<\/p>\t\t\t\t\t\t\t\t<\/div>\n\t\t\t\t\t<\/div>\n\t\t<\/div>\n\t\t\t\t\t<\/div>\n\t\t<\/section>\n\t\t\t\t<section class=\"elementor-section elementor-top-section elementor-element elementor-element-258126f animated-slow elementor-section-boxed elementor-section-height-default elementor-section-height-default\" data-id=\"258126f\" data-element_type=\"section\" data-e-type=\"section\" data-settings=\"{&quot;animation&quot;:&quot;none&quot;}\">\n\t\t\t\t\t\t<div class=\"elementor-container elementor-column-gap-default\">\n\t\t\t\t\t<div class=\"elementor-column elementor-col-50 elementor-top-column elementor-element elementor-element-a4f4b0e\" data-id=\"a4f4b0e\" data-element_type=\"column\" data-e-type=\"column\">\n\t\t\t<div class=\"elementor-widget-wrap elementor-element-populated\">\n\t\t\t\t\t\t<div class=\"elementor-element elementor-element-06f620e elementor-widget elementor-widget-image\" data-id=\"06f620e\" data-element_type=\"widget\" data-e-type=\"widget\" data-widget_type=\"image.default\">\n\t\t\t\t\t\t\t\t\t\t\t\t\t\t\t\t<a href=\"https:\/\/www.diptykmag.com\/majaz-acte-ii-retour-a-lordre-esthetique\/\" target=\"_blank\">\n\t\t\t\t\t\t\t<img loading=\"lazy\" decoding=\"async\" width=\"2200\" height=\"1467\" src=\"https:\/\/cmgmarrakech.com\/wp-content\/uploads\/2024\/11\/Safae-El-Kadi-Le-Sacre.jpg\" class=\"attachment-full size-full wp-image-14127\" alt=\"\" srcset=\"https:\/\/cmgmarrakech.com\/wp-content\/uploads\/2024\/11\/Safae-El-Kadi-Le-Sacre.jpg 2200w, https:\/\/cmgmarrakech.com\/wp-content\/uploads\/2024\/11\/Safae-El-Kadi-Le-Sacre-300x200.jpg 300w, https:\/\/cmgmarrakech.com\/wp-content\/uploads\/2024\/11\/Safae-El-Kadi-Le-Sacre-1024x683.jpg 1024w, https:\/\/cmgmarrakech.com\/wp-content\/uploads\/2024\/11\/Safae-El-Kadi-Le-Sacre-768x512.jpg 768w, https:\/\/cmgmarrakech.com\/wp-content\/uploads\/2024\/11\/Safae-El-Kadi-Le-Sacre-1536x1024.jpg 1536w, https:\/\/cmgmarrakech.com\/wp-content\/uploads\/2024\/11\/Safae-El-Kadi-Le-Sacre-2048x1366.jpg 2048w, https:\/\/cmgmarrakech.com\/wp-content\/uploads\/2024\/11\/Safae-El-Kadi-Le-Sacre-18x12.jpg 18w, https:\/\/cmgmarrakech.com\/wp-content\/uploads\/2024\/11\/Safae-El-Kadi-Le-Sacre-415x277.jpg 415w, https:\/\/cmgmarrakech.com\/wp-content\/uploads\/2024\/11\/Safae-El-Kadi-Le-Sacre-650x433.jpg 650w, https:\/\/cmgmarrakech.com\/wp-content\/uploads\/2024\/11\/Safae-El-Kadi-Le-Sacre-250x167.jpg 250w\" sizes=\"(max-width: 2200px) 100vw, 2200px\" \/>\t\t\t\t\t\t\t\t<\/a>\n\t\t\t\t\t\t\t\t\t\t\t\t\t\t\t<\/div>\n\t\t\t\t<div class=\"elementor-element elementor-element-d1f1c20 elementor-widget elementor-widget-heading\" data-id=\"d1f1c20\" data-element_type=\"widget\" data-e-type=\"widget\" data-widget_type=\"heading.default\">\n\t\t\t\t\t<h2 class=\"elementor-heading-title elementor-size-default\"><a href=\"https:\/\/www.diptykmag.com\/majaz-acte-ii-retour-a-lordre-esthetique\/\" target=\"_blank\">Majaz Acte II : retour \u00e0 l\u2019ordre esth\u00e9tique\n<\/a><\/h2>\t\t\t\t<\/div>\n\t\t\t\t<div class=\"elementor-element elementor-element-5c3bb48 elementor-widget elementor-widget-text-editor\" data-id=\"5c3bb48\" data-element_type=\"widget\" data-e-type=\"widget\" data-widget_type=\"text-editor.default\">\n\t\t\t\t\t\t\t\t\t<p>Diptyk<\/p>\t\t\t\t\t\t\t\t<\/div>\n\t\t\t\t\t<\/div>\n\t\t<\/div>\n\t\t\t\t<div class=\"elementor-column elementor-col-50 elementor-top-column elementor-element elementor-element-98444a8\" data-id=\"98444a8\" data-element_type=\"column\" data-e-type=\"column\">\n\t\t\t<div class=\"elementor-widget-wrap elementor-element-populated\">\n\t\t\t\t\t\t<div class=\"elementor-element elementor-element-feaf7f6 elementor-widget elementor-widget-image\" data-id=\"feaf7f6\" data-element_type=\"widget\" data-e-type=\"widget\" data-widget_type=\"image.default\">\n\t\t\t\t\t\t\t\t\t\t\t\t\t\t\t\t<a href=\"https:\/\/open.luxeradio.ma\/show\/track\/4b698ccb9137b9946f50b25962c7cd6a?audio=majaz-2024-met-a-lhonneur-cinq-talents-emergents\" target=\"_blank\">\n\t\t\t\t\t\t\t<img loading=\"lazy\" decoding=\"async\" width=\"2200\" height=\"1467\" src=\"https:\/\/cmgmarrakech.com\/wp-content\/uploads\/2024\/11\/Entracte-2024-Acrylique-sur-toile-Signee-au-dos-145-x-225-cm.jpg\" class=\"attachment-full size-full wp-image-14141\" alt=\"\" srcset=\"https:\/\/cmgmarrakech.com\/wp-content\/uploads\/2024\/11\/Entracte-2024-Acrylique-sur-toile-Signee-au-dos-145-x-225-cm.jpg 2200w, https:\/\/cmgmarrakech.com\/wp-content\/uploads\/2024\/11\/Entracte-2024-Acrylique-sur-toile-Signee-au-dos-145-x-225-cm-300x200.jpg 300w, https:\/\/cmgmarrakech.com\/wp-content\/uploads\/2024\/11\/Entracte-2024-Acrylique-sur-toile-Signee-au-dos-145-x-225-cm-1024x683.jpg 1024w, https:\/\/cmgmarrakech.com\/wp-content\/uploads\/2024\/11\/Entracte-2024-Acrylique-sur-toile-Signee-au-dos-145-x-225-cm-768x512.jpg 768w, https:\/\/cmgmarrakech.com\/wp-content\/uploads\/2024\/11\/Entracte-2024-Acrylique-sur-toile-Signee-au-dos-145-x-225-cm-1536x1024.jpg 1536w, https:\/\/cmgmarrakech.com\/wp-content\/uploads\/2024\/11\/Entracte-2024-Acrylique-sur-toile-Signee-au-dos-145-x-225-cm-2048x1366.jpg 2048w, https:\/\/cmgmarrakech.com\/wp-content\/uploads\/2024\/11\/Entracte-2024-Acrylique-sur-toile-Signee-au-dos-145-x-225-cm-18x12.jpg 18w, https:\/\/cmgmarrakech.com\/wp-content\/uploads\/2024\/11\/Entracte-2024-Acrylique-sur-toile-Signee-au-dos-145-x-225-cm-415x277.jpg 415w, https:\/\/cmgmarrakech.com\/wp-content\/uploads\/2024\/11\/Entracte-2024-Acrylique-sur-toile-Signee-au-dos-145-x-225-cm-650x433.jpg 650w, https:\/\/cmgmarrakech.com\/wp-content\/uploads\/2024\/11\/Entracte-2024-Acrylique-sur-toile-Signee-au-dos-145-x-225-cm-250x167.jpg 250w\" sizes=\"(max-width: 2200px) 100vw, 2200px\" \/>\t\t\t\t\t\t\t\t<\/a>\n\t\t\t\t\t\t\t\t\t\t\t\t\t\t\t<\/div>\n\t\t\t\t<div class=\"elementor-element elementor-element-263efe1 elementor-widget elementor-widget-heading\" data-id=\"263efe1\" data-element_type=\"widget\" data-e-type=\"widget\" data-widget_type=\"heading.default\">\n\t\t\t\t\t<h2 class=\"elementor-heading-title elementor-size-default\"><a href=\"https:\/\/open.luxeradio.ma\/show\/track\/4b698ccb9137b9946f50b25962c7cd6a?audio=majaz-2024-met-a-lhonneur-cinq-talents-emergents\" target=\"_blank\">Majaz 2024 met \u00e0 l'honneur cinq talents \u00e9mergents\n<\/a><\/h2>\t\t\t\t<\/div>\n\t\t\t\t<div class=\"elementor-element elementor-element-a849ab7 elementor-widget elementor-widget-text-editor\" data-id=\"a849ab7\" data-element_type=\"widget\" data-e-type=\"widget\" data-widget_type=\"text-editor.default\">\n\t\t\t\t\t\t\t\t\t<p>Luxe Radio<\/p>\t\t\t\t\t\t\t\t<\/div>\n\t\t\t\t\t<\/div>\n\t\t<\/div>\n\t\t\t\t\t<\/div>\n\t\t<\/section>\n\t\t\t\t<section class=\"elementor-section elementor-top-section elementor-element elementor-element-26ae93d animated-slow elementor-section-boxed elementor-section-height-default elementor-section-height-default\" data-id=\"26ae93d\" data-element_type=\"section\" data-e-type=\"section\" data-settings=\"{&quot;animation&quot;:&quot;none&quot;}\">\n\t\t\t\t\t\t<div class=\"elementor-container elementor-column-gap-default\">\n\t\t\t\t\t<div class=\"elementor-column elementor-col-50 elementor-top-column elementor-element elementor-element-23e33b7\" data-id=\"23e33b7\" data-element_type=\"column\" data-e-type=\"column\">\n\t\t\t<div class=\"elementor-widget-wrap elementor-element-populated\">\n\t\t\t\t\t\t<div class=\"elementor-element elementor-element-24df213 elementor-widget elementor-widget-image\" data-id=\"24df213\" data-element_type=\"widget\" data-e-type=\"widget\" data-widget_type=\"image.default\">\n\t\t\t\t\t\t\t\t\t\t\t\t\t\t\t\t<a href=\"https:\/\/femmesdumaroc.com\/inspiration\/culture\/majaz-acte-ii-5-artistes-emergents-au-comptoir-des-mines-galerie\" target=\"_blank\">\n\t\t\t\t\t\t\t<img loading=\"lazy\" decoding=\"async\" width=\"2200\" height=\"1467\" src=\"https:\/\/cmgmarrakech.com\/wp-content\/uploads\/2024\/11\/tempImagezjfRoK.jpg\" class=\"attachment-full size-full wp-image-14112\" alt=\"KARIM BARKA (1990-) SECONDE PEAU IV (Details) Cuir et peaux sur panneau 120 \u00d7 150 cm\" srcset=\"https:\/\/cmgmarrakech.com\/wp-content\/uploads\/2024\/11\/tempImagezjfRoK.jpg 2200w, https:\/\/cmgmarrakech.com\/wp-content\/uploads\/2024\/11\/tempImagezjfRoK-300x200.jpg 300w, https:\/\/cmgmarrakech.com\/wp-content\/uploads\/2024\/11\/tempImagezjfRoK-1024x683.jpg 1024w, https:\/\/cmgmarrakech.com\/wp-content\/uploads\/2024\/11\/tempImagezjfRoK-768x512.jpg 768w, https:\/\/cmgmarrakech.com\/wp-content\/uploads\/2024\/11\/tempImagezjfRoK-1536x1024.jpg 1536w, https:\/\/cmgmarrakech.com\/wp-content\/uploads\/2024\/11\/tempImagezjfRoK-2048x1366.jpg 2048w, https:\/\/cmgmarrakech.com\/wp-content\/uploads\/2024\/11\/tempImagezjfRoK-18x12.jpg 18w, https:\/\/cmgmarrakech.com\/wp-content\/uploads\/2024\/11\/tempImagezjfRoK-415x277.jpg 415w, https:\/\/cmgmarrakech.com\/wp-content\/uploads\/2024\/11\/tempImagezjfRoK-650x433.jpg 650w, https:\/\/cmgmarrakech.com\/wp-content\/uploads\/2024\/11\/tempImagezjfRoK-250x167.jpg 250w\" sizes=\"(max-width: 2200px) 100vw, 2200px\" \/>\t\t\t\t\t\t\t\t<\/a>\n\t\t\t\t\t\t\t\t\t\t\t\t\t\t\t<\/div>\n\t\t\t\t<div class=\"elementor-element elementor-element-7be8b3b elementor-widget elementor-widget-heading\" data-id=\"7be8b3b\" data-element_type=\"widget\" data-e-type=\"widget\" data-widget_type=\"heading.default\">\n\t\t\t\t\t<h2 class=\"elementor-heading-title elementor-size-default\"><a href=\"https:\/\/femmesdumaroc.com\/inspiration\/culture\/majaz-acte-ii-5-artistes-emergents-au-comptoir-des-mines-galerie\" target=\"_blank\">MAJAZ ACTE II : 5 ARTISTES \u00c9MERGENTS AU COMPTOIR DES MINES GALERIE<\/a><\/h2>\t\t\t\t<\/div>\n\t\t\t\t<div class=\"elementor-element elementor-element-bbfe659 elementor-widget elementor-widget-text-editor\" data-id=\"bbfe659\" data-element_type=\"widget\" data-e-type=\"widget\" data-widget_type=\"text-editor.default\">\n\t\t\t\t\t\t\t\t\t<p>Femmes du Maroc<\/p>\t\t\t\t\t\t\t\t<\/div>\n\t\t\t\t\t<\/div>\n\t\t<\/div>\n\t\t\t\t<div class=\"elementor-column elementor-col-50 elementor-top-column elementor-element elementor-element-623e0e6\" data-id=\"623e0e6\" data-element_type=\"column\" data-e-type=\"column\">\n\t\t\t<div class=\"elementor-widget-wrap elementor-element-populated\">\n\t\t\t\t\t\t<div class=\"elementor-element elementor-element-947ce4e elementor-widget elementor-widget-image\" data-id=\"947ce4e\" data-element_type=\"widget\" data-e-type=\"widget\" data-widget_type=\"image.default\">\n\t\t\t\t\t\t\t\t\t\t\t\t\t\t\t\t<a href=\"https:\/\/www.diptykmag.com\/aymane-errachidi-souvenirs-en-germe-du-pays-natal\/\" target=\"_blank\">\n\t\t\t\t\t\t\t<img loading=\"lazy\" decoding=\"async\" width=\"2200\" height=\"1467\" src=\"https:\/\/cmgmarrakech.com\/wp-content\/uploads\/2024\/11\/Aymane-Errachidi-Atelier.jpg\" class=\"attachment-full size-full wp-image-14152\" alt=\"\" srcset=\"https:\/\/cmgmarrakech.com\/wp-content\/uploads\/2024\/11\/Aymane-Errachidi-Atelier.jpg 2200w, https:\/\/cmgmarrakech.com\/wp-content\/uploads\/2024\/11\/Aymane-Errachidi-Atelier-300x200.jpg 300w, https:\/\/cmgmarrakech.com\/wp-content\/uploads\/2024\/11\/Aymane-Errachidi-Atelier-1024x683.jpg 1024w, https:\/\/cmgmarrakech.com\/wp-content\/uploads\/2024\/11\/Aymane-Errachidi-Atelier-768x512.jpg 768w, https:\/\/cmgmarrakech.com\/wp-content\/uploads\/2024\/11\/Aymane-Errachidi-Atelier-1536x1024.jpg 1536w, https:\/\/cmgmarrakech.com\/wp-content\/uploads\/2024\/11\/Aymane-Errachidi-Atelier-2048x1366.jpg 2048w, https:\/\/cmgmarrakech.com\/wp-content\/uploads\/2024\/11\/Aymane-Errachidi-Atelier-18x12.jpg 18w, https:\/\/cmgmarrakech.com\/wp-content\/uploads\/2024\/11\/Aymane-Errachidi-Atelier-415x277.jpg 415w, https:\/\/cmgmarrakech.com\/wp-content\/uploads\/2024\/11\/Aymane-Errachidi-Atelier-650x433.jpg 650w, https:\/\/cmgmarrakech.com\/wp-content\/uploads\/2024\/11\/Aymane-Errachidi-Atelier-250x167.jpg 250w\" sizes=\"(max-width: 2200px) 100vw, 2200px\" \/>\t\t\t\t\t\t\t\t<\/a>\n\t\t\t\t\t\t\t\t\t\t\t\t\t\t\t<\/div>\n\t\t\t\t<div class=\"elementor-element elementor-element-beb7f2c elementor-widget elementor-widget-heading\" data-id=\"beb7f2c\" data-element_type=\"widget\" data-e-type=\"widget\" data-widget_type=\"heading.default\">\n\t\t\t\t\t<h2 class=\"elementor-heading-title elementor-size-default\"><a href=\"https:\/\/www.diptykmag.com\/aymane-errachidi-souvenirs-en-germe-du-pays-natal\/\" target=\"_blank\">Aymane Errachidi, souvenirs en germe du pays natal<\/a><\/h2>\t\t\t\t<\/div>\n\t\t\t\t<div class=\"elementor-element elementor-element-e92624f elementor-widget elementor-widget-text-editor\" data-id=\"e92624f\" data-element_type=\"widget\" data-e-type=\"widget\" data-widget_type=\"text-editor.default\">\n\t\t\t\t\t\t\t\t\t<p>Diptyk<\/p>\t\t\t\t\t\t\t\t<\/div>\n\t\t\t\t\t<\/div>\n\t\t<\/div>\n\t\t\t\t\t<\/div>\n\t\t<\/section>\n\t\t\t\t<section class=\"elementor-section elementor-top-section elementor-element elementor-element-c0faed8 animated-slow elementor-section-boxed elementor-section-height-default elementor-section-height-default\" data-id=\"c0faed8\" data-element_type=\"section\" data-e-type=\"section\" data-settings=\"{&quot;animation&quot;:&quot;none&quot;}\">\n\t\t\t\t\t\t<div class=\"elementor-container elementor-column-gap-default\">\n\t\t\t\t\t<div class=\"elementor-column elementor-col-50 elementor-top-column elementor-element elementor-element-556a988\" data-id=\"556a988\" data-element_type=\"column\" data-e-type=\"column\">\n\t\t\t<div class=\"elementor-widget-wrap elementor-element-populated\">\n\t\t\t\t\t\t<div class=\"elementor-element elementor-element-dc0265a elementor-widget elementor-widget-image\" data-id=\"dc0265a\" data-element_type=\"widget\" data-e-type=\"widget\" data-widget_type=\"image.default\">\n\t\t\t\t\t\t\t\t\t\t\t\t\t\t\t\t<a href=\"https:\/\/aujourdhui.ma\/culture\/dans-le-cadre-du-programme-majaz-ii-cinq-artistes-devoilent-leurs-premiers-projets-au-comptoir-des-mines\" target=\"_blank\">\n\t\t\t\t\t\t\t<img loading=\"lazy\" decoding=\"async\" width=\"2200\" height=\"1467\" src=\"https:\/\/cmgmarrakech.com\/wp-content\/uploads\/2024\/11\/Karim-Barka-Seconde-Peau-I-detail.jpg\" class=\"attachment-full size-full wp-image-14165\" alt=\"\" srcset=\"https:\/\/cmgmarrakech.com\/wp-content\/uploads\/2024\/11\/Karim-Barka-Seconde-Peau-I-detail.jpg 2200w, https:\/\/cmgmarrakech.com\/wp-content\/uploads\/2024\/11\/Karim-Barka-Seconde-Peau-I-detail-300x200.jpg 300w, https:\/\/cmgmarrakech.com\/wp-content\/uploads\/2024\/11\/Karim-Barka-Seconde-Peau-I-detail-1024x683.jpg 1024w, https:\/\/cmgmarrakech.com\/wp-content\/uploads\/2024\/11\/Karim-Barka-Seconde-Peau-I-detail-768x512.jpg 768w, https:\/\/cmgmarrakech.com\/wp-content\/uploads\/2024\/11\/Karim-Barka-Seconde-Peau-I-detail-1536x1024.jpg 1536w, https:\/\/cmgmarrakech.com\/wp-content\/uploads\/2024\/11\/Karim-Barka-Seconde-Peau-I-detail-2048x1366.jpg 2048w, https:\/\/cmgmarrakech.com\/wp-content\/uploads\/2024\/11\/Karim-Barka-Seconde-Peau-I-detail-18x12.jpg 18w, https:\/\/cmgmarrakech.com\/wp-content\/uploads\/2024\/11\/Karim-Barka-Seconde-Peau-I-detail-415x277.jpg 415w, https:\/\/cmgmarrakech.com\/wp-content\/uploads\/2024\/11\/Karim-Barka-Seconde-Peau-I-detail-650x433.jpg 650w, https:\/\/cmgmarrakech.com\/wp-content\/uploads\/2024\/11\/Karim-Barka-Seconde-Peau-I-detail-250x167.jpg 250w\" sizes=\"(max-width: 2200px) 100vw, 2200px\" \/>\t\t\t\t\t\t\t\t<\/a>\n\t\t\t\t\t\t\t\t\t\t\t\t\t\t\t<\/div>\n\t\t\t\t<div class=\"elementor-element elementor-element-c18099c elementor-widget elementor-widget-heading\" data-id=\"c18099c\" data-element_type=\"widget\" data-e-type=\"widget\" data-widget_type=\"heading.default\">\n\t\t\t\t\t<h2 class=\"elementor-heading-title elementor-size-default\"><a href=\"https:\/\/aujourdhui.ma\/culture\/dans-le-cadre-du-programme-majaz-ii-cinq-artistes-devoilent-leurs-premiers-projets-au-comptoir-des-mines\" target=\"_blank\">Dans le cadre du programme Majaz II : Cinq artistes d\u00e9voilent leurs premiers projets au Comptoir des Mines<\/a><\/h2>\t\t\t\t<\/div>\n\t\t\t\t<div class=\"elementor-element elementor-element-3ff7478 elementor-widget elementor-widget-text-editor\" data-id=\"3ff7478\" data-element_type=\"widget\" data-e-type=\"widget\" data-widget_type=\"text-editor.default\">\n\t\t\t\t\t\t\t\t\t<p>Aujourd&rsquo;hui Le Maroc<\/p>\t\t\t\t\t\t\t\t<\/div>\n\t\t\t\t\t<\/div>\n\t\t<\/div>\n\t\t\t\t<div class=\"elementor-column elementor-col-50 elementor-top-column elementor-element elementor-element-ee09414\" data-id=\"ee09414\" data-element_type=\"column\" data-e-type=\"column\">\n\t\t\t<div class=\"elementor-widget-wrap elementor-element-populated\">\n\t\t\t\t\t\t<div class=\"elementor-element elementor-element-785d491 elementor-widget elementor-widget-image\" data-id=\"785d491\" data-element_type=\"widget\" data-e-type=\"widget\" data-widget_type=\"image.default\">\n\t\t\t\t\t\t\t\t\t\t\t\t\t\t\t\t<a href=\"https:\/\/www.leconomiste.com\/article\/1128107-arts-culture-week-end-majaz-acte-ii-une-exploration-de-la-jeune-creation\" target=\"_blank\">\n\t\t\t\t\t\t\t<img loading=\"lazy\" decoding=\"async\" width=\"2200\" height=\"1467\" src=\"https:\/\/cmgmarrakech.com\/wp-content\/uploads\/2024\/11\/Ilias-El-Haddaoui-Ad-Vitam-I-detail.jpg\" class=\"attachment-full size-full wp-image-14166\" alt=\"\" srcset=\"https:\/\/cmgmarrakech.com\/wp-content\/uploads\/2024\/11\/Ilias-El-Haddaoui-Ad-Vitam-I-detail.jpg 2200w, https:\/\/cmgmarrakech.com\/wp-content\/uploads\/2024\/11\/Ilias-El-Haddaoui-Ad-Vitam-I-detail-300x200.jpg 300w, https:\/\/cmgmarrakech.com\/wp-content\/uploads\/2024\/11\/Ilias-El-Haddaoui-Ad-Vitam-I-detail-1024x683.jpg 1024w, https:\/\/cmgmarrakech.com\/wp-content\/uploads\/2024\/11\/Ilias-El-Haddaoui-Ad-Vitam-I-detail-768x512.jpg 768w, https:\/\/cmgmarrakech.com\/wp-content\/uploads\/2024\/11\/Ilias-El-Haddaoui-Ad-Vitam-I-detail-1536x1024.jpg 1536w, https:\/\/cmgmarrakech.com\/wp-content\/uploads\/2024\/11\/Ilias-El-Haddaoui-Ad-Vitam-I-detail-2048x1366.jpg 2048w, https:\/\/cmgmarrakech.com\/wp-content\/uploads\/2024\/11\/Ilias-El-Haddaoui-Ad-Vitam-I-detail-18x12.jpg 18w, https:\/\/cmgmarrakech.com\/wp-content\/uploads\/2024\/11\/Ilias-El-Haddaoui-Ad-Vitam-I-detail-415x277.jpg 415w, https:\/\/cmgmarrakech.com\/wp-content\/uploads\/2024\/11\/Ilias-El-Haddaoui-Ad-Vitam-I-detail-650x433.jpg 650w, https:\/\/cmgmarrakech.com\/wp-content\/uploads\/2024\/11\/Ilias-El-Haddaoui-Ad-Vitam-I-detail-250x167.jpg 250w\" sizes=\"(max-width: 2200px) 100vw, 2200px\" \/>\t\t\t\t\t\t\t\t<\/a>\n\t\t\t\t\t\t\t\t\t\t\t\t\t\t\t<\/div>\n\t\t\t\t<div class=\"elementor-element elementor-element-2deb697 elementor-widget elementor-widget-heading\" data-id=\"2deb697\" data-element_type=\"widget\" data-e-type=\"widget\" data-widget_type=\"heading.default\">\n\t\t\t\t\t<h2 class=\"elementor-heading-title elementor-size-default\"><a href=\"https:\/\/www.leconomiste.com\/article\/1128107-arts-culture-week-end-majaz-acte-ii-une-exploration-de-la-jeune-creation\" target=\"_blank\">Arts &amp; Culture Week-End - Majaz Acte II: Une exploration de la jeune cr\u00e9ation contemporaine<\/a><\/h2>\t\t\t\t<\/div>\n\t\t\t\t<div class=\"elementor-element elementor-element-0d9607d elementor-widget elementor-widget-text-editor\" data-id=\"0d9607d\" data-element_type=\"widget\" data-e-type=\"widget\" data-widget_type=\"text-editor.default\">\n\t\t\t\t\t\t\t\t\t<p>L&rsquo;Economiste<\/p>\t\t\t\t\t\t\t\t<\/div>\n\t\t\t\t\t<\/div>\n\t\t<\/div>\n\t\t\t\t\t<\/div>\n\t\t<\/section>\n\t\t\t\t<section class=\"elementor-section elementor-top-section elementor-element elementor-element-5b2315d animated-slow elementor-section-boxed elementor-section-height-default elementor-section-height-default\" data-id=\"5b2315d\" data-element_type=\"section\" data-e-type=\"section\" data-settings=\"{&quot;animation&quot;:&quot;none&quot;}\">\n\t\t\t\t\t\t<div class=\"elementor-container elementor-column-gap-default\">\n\t\t\t\t\t<div class=\"elementor-column elementor-col-50 elementor-top-column elementor-element elementor-element-b348f6c\" data-id=\"b348f6c\" data-element_type=\"column\" data-e-type=\"column\">\n\t\t\t<div class=\"elementor-widget-wrap elementor-element-populated\">\n\t\t\t\t\t\t<div class=\"elementor-element elementor-element-3038f76 elementor-widget elementor-widget-image\" data-id=\"3038f76\" data-element_type=\"widget\" data-e-type=\"widget\" data-widget_type=\"image.default\">\n\t\t\t\t\t\t\t\t\t\t\t\t\t\t\t\t<a href=\"https:\/\/maisonsdumaroc.com\/arts\/majaz-la-nouvelle-vague-artistique-marocaine-sexpose-a-marrakech\" target=\"_blank\">\n\t\t\t\t\t\t\t<img loading=\"lazy\" decoding=\"async\" width=\"2200\" height=\"1467\" src=\"https:\/\/cmgmarrakech.com\/wp-content\/uploads\/2024\/11\/Entracte-2024-Acrylique-sur-toile-Signee-au-dos-145-x-225-cm.jpg\" class=\"attachment-full size-full wp-image-14141\" alt=\"\" srcset=\"https:\/\/cmgmarrakech.com\/wp-content\/uploads\/2024\/11\/Entracte-2024-Acrylique-sur-toile-Signee-au-dos-145-x-225-cm.jpg 2200w, https:\/\/cmgmarrakech.com\/wp-content\/uploads\/2024\/11\/Entracte-2024-Acrylique-sur-toile-Signee-au-dos-145-x-225-cm-300x200.jpg 300w, https:\/\/cmgmarrakech.com\/wp-content\/uploads\/2024\/11\/Entracte-2024-Acrylique-sur-toile-Signee-au-dos-145-x-225-cm-1024x683.jpg 1024w, https:\/\/cmgmarrakech.com\/wp-content\/uploads\/2024\/11\/Entracte-2024-Acrylique-sur-toile-Signee-au-dos-145-x-225-cm-768x512.jpg 768w, https:\/\/cmgmarrakech.com\/wp-content\/uploads\/2024\/11\/Entracte-2024-Acrylique-sur-toile-Signee-au-dos-145-x-225-cm-1536x1024.jpg 1536w, https:\/\/cmgmarrakech.com\/wp-content\/uploads\/2024\/11\/Entracte-2024-Acrylique-sur-toile-Signee-au-dos-145-x-225-cm-2048x1366.jpg 2048w, https:\/\/cmgmarrakech.com\/wp-content\/uploads\/2024\/11\/Entracte-2024-Acrylique-sur-toile-Signee-au-dos-145-x-225-cm-18x12.jpg 18w, https:\/\/cmgmarrakech.com\/wp-content\/uploads\/2024\/11\/Entracte-2024-Acrylique-sur-toile-Signee-au-dos-145-x-225-cm-415x277.jpg 415w, https:\/\/cmgmarrakech.com\/wp-content\/uploads\/2024\/11\/Entracte-2024-Acrylique-sur-toile-Signee-au-dos-145-x-225-cm-650x433.jpg 650w, https:\/\/cmgmarrakech.com\/wp-content\/uploads\/2024\/11\/Entracte-2024-Acrylique-sur-toile-Signee-au-dos-145-x-225-cm-250x167.jpg 250w\" sizes=\"(max-width: 2200px) 100vw, 2200px\" \/>\t\t\t\t\t\t\t\t<\/a>\n\t\t\t\t\t\t\t\t\t\t\t\t\t\t\t<\/div>\n\t\t\t\t<div class=\"elementor-element elementor-element-0611c7d elementor-widget elementor-widget-heading\" data-id=\"0611c7d\" data-element_type=\"widget\" data-e-type=\"widget\" data-widget_type=\"heading.default\">\n\t\t\t\t\t<h2 class=\"elementor-heading-title elementor-size-default\"><a href=\"https:\/\/maisonsdumaroc.com\/arts\/majaz-la-nouvelle-vague-artistique-marocaine-sexpose-a-marrakech\" target=\"_blank\">Majaz : La nouvelle vague artistique marocaine s\u2019expose \u00e0 Marrakech<\/a><\/h2>\t\t\t\t<\/div>\n\t\t\t\t<div class=\"elementor-element elementor-element-abb8dee elementor-widget elementor-widget-text-editor\" data-id=\"abb8dee\" data-element_type=\"widget\" data-e-type=\"widget\" data-widget_type=\"text-editor.default\">\n\t\t\t\t\t\t\t\t\t<p>Maisons du Maroc<\/p>\t\t\t\t\t\t\t\t<\/div>\n\t\t\t\t\t<\/div>\n\t\t<\/div>\n\t\t\t\t<div class=\"elementor-column elementor-col-50 elementor-top-column elementor-element elementor-element-6f7d90f\" data-id=\"6f7d90f\" data-element_type=\"column\" data-e-type=\"column\">\n\t\t\t<div class=\"elementor-widget-wrap elementor-element-populated\">\n\t\t\t\t\t\t<div class=\"elementor-element elementor-element-30bdfe9 elementor-widget elementor-widget-image\" data-id=\"30bdfe9\" data-element_type=\"widget\" data-e-type=\"widget\" data-widget_type=\"image.default\">\n\t\t\t\t\t\t\t\t\t\t\t\t\t\t\t\t<a href=\"https:\/\/www.lavieeco.com\/influences\/culture\/majaz-acte-ii-un-cocktail-dart-detonnant\/\" target=\"_blank\">\n\t\t\t\t\t\t\t<img loading=\"lazy\" decoding=\"async\" width=\"2200\" height=\"1467\" src=\"https:\/\/cmgmarrakech.com\/wp-content\/uploads\/2024\/11\/Safae-El-Kadi-Le-Sacre.jpg\" class=\"attachment-full size-full wp-image-14127\" alt=\"\" srcset=\"https:\/\/cmgmarrakech.com\/wp-content\/uploads\/2024\/11\/Safae-El-Kadi-Le-Sacre.jpg 2200w, https:\/\/cmgmarrakech.com\/wp-content\/uploads\/2024\/11\/Safae-El-Kadi-Le-Sacre-300x200.jpg 300w, https:\/\/cmgmarrakech.com\/wp-content\/uploads\/2024\/11\/Safae-El-Kadi-Le-Sacre-1024x683.jpg 1024w, https:\/\/cmgmarrakech.com\/wp-content\/uploads\/2024\/11\/Safae-El-Kadi-Le-Sacre-768x512.jpg 768w, https:\/\/cmgmarrakech.com\/wp-content\/uploads\/2024\/11\/Safae-El-Kadi-Le-Sacre-1536x1024.jpg 1536w, https:\/\/cmgmarrakech.com\/wp-content\/uploads\/2024\/11\/Safae-El-Kadi-Le-Sacre-2048x1366.jpg 2048w, https:\/\/cmgmarrakech.com\/wp-content\/uploads\/2024\/11\/Safae-El-Kadi-Le-Sacre-18x12.jpg 18w, https:\/\/cmgmarrakech.com\/wp-content\/uploads\/2024\/11\/Safae-El-Kadi-Le-Sacre-415x277.jpg 415w, https:\/\/cmgmarrakech.com\/wp-content\/uploads\/2024\/11\/Safae-El-Kadi-Le-Sacre-650x433.jpg 650w, https:\/\/cmgmarrakech.com\/wp-content\/uploads\/2024\/11\/Safae-El-Kadi-Le-Sacre-250x167.jpg 250w\" sizes=\"(max-width: 2200px) 100vw, 2200px\" \/>\t\t\t\t\t\t\t\t<\/a>\n\t\t\t\t\t\t\t\t\t\t\t\t\t\t\t<\/div>\n\t\t\t\t<div class=\"elementor-element elementor-element-6d56c90 elementor-widget elementor-widget-heading\" data-id=\"6d56c90\" data-element_type=\"widget\" data-e-type=\"widget\" data-widget_type=\"heading.default\">\n\t\t\t\t\t<h2 class=\"elementor-heading-title elementor-size-default\"><a href=\"https:\/\/www.lavieeco.com\/influences\/culture\/majaz-acte-ii-un-cocktail-dart-detonnant\/\" target=\"_blank\">Majaz, acte II : Un cocktail d\u2019art d\u00e9tonnant\n<\/a><\/h2>\t\t\t\t<\/div>\n\t\t\t\t<div class=\"elementor-element elementor-element-b81ae4c elementor-widget elementor-widget-text-editor\" data-id=\"b81ae4c\" data-element_type=\"widget\" data-e-type=\"widget\" data-widget_type=\"text-editor.default\">\n\t\t\t\t\t\t\t\t\t<p>La Vie Eco<\/p>\t\t\t\t\t\t\t\t<\/div>\n\t\t\t\t\t<\/div>\n\t\t<\/div>\n\t\t\t\t\t<\/div>\n\t\t<\/section>\n\t\t\t\t<section class=\"elementor-section elementor-top-section elementor-element elementor-element-e900a33 animated-slow elementor-section-boxed elementor-section-height-default elementor-section-height-default\" data-id=\"e900a33\" data-element_type=\"section\" data-e-type=\"section\" data-settings=\"{&quot;animation&quot;:&quot;none&quot;}\">\n\t\t\t\t\t\t<div class=\"elementor-container elementor-column-gap-default\">\n\t\t\t\t\t<div class=\"elementor-column elementor-col-50 elementor-top-column elementor-element elementor-element-a6f2c1c\" data-id=\"a6f2c1c\" data-element_type=\"column\" data-e-type=\"column\">\n\t\t\t<div class=\"elementor-widget-wrap elementor-element-populated\">\n\t\t\t\t\t\t<div class=\"elementor-element elementor-element-05623e9 elementor-widget elementor-widget-image\" data-id=\"05623e9\" data-element_type=\"widget\" data-e-type=\"widget\" data-widget_type=\"image.default\">\n\t\t\t\t\t\t\t\t\t\t\t\t\t\t\t\t<a href=\"https:\/\/www.decoactuelle.ma\/majaz-acte-ii\/\" target=\"_blank\">\n\t\t\t\t\t\t\t<img loading=\"lazy\" decoding=\"async\" width=\"2200\" height=\"1467\" src=\"https:\/\/cmgmarrakech.com\/wp-content\/uploads\/2024\/11\/tempImageOgO93U.jpg\" class=\"attachment-full size-full wp-image-14111\" alt=\"KARIM BARKA (1990-) SECONDE PEAU IV Cuir et peaux sur panneau 120 \u00d7 150 cm\" srcset=\"https:\/\/cmgmarrakech.com\/wp-content\/uploads\/2024\/11\/tempImageOgO93U.jpg 2200w, https:\/\/cmgmarrakech.com\/wp-content\/uploads\/2024\/11\/tempImageOgO93U-300x200.jpg 300w, https:\/\/cmgmarrakech.com\/wp-content\/uploads\/2024\/11\/tempImageOgO93U-1024x683.jpg 1024w, https:\/\/cmgmarrakech.com\/wp-content\/uploads\/2024\/11\/tempImageOgO93U-768x512.jpg 768w, https:\/\/cmgmarrakech.com\/wp-content\/uploads\/2024\/11\/tempImageOgO93U-1536x1024.jpg 1536w, https:\/\/cmgmarrakech.com\/wp-content\/uploads\/2024\/11\/tempImageOgO93U-2048x1366.jpg 2048w, https:\/\/cmgmarrakech.com\/wp-content\/uploads\/2024\/11\/tempImageOgO93U-18x12.jpg 18w, https:\/\/cmgmarrakech.com\/wp-content\/uploads\/2024\/11\/tempImageOgO93U-415x277.jpg 415w, https:\/\/cmgmarrakech.com\/wp-content\/uploads\/2024\/11\/tempImageOgO93U-650x433.jpg 650w, https:\/\/cmgmarrakech.com\/wp-content\/uploads\/2024\/11\/tempImageOgO93U-250x167.jpg 250w\" sizes=\"(max-width: 2200px) 100vw, 2200px\" \/>\t\t\t\t\t\t\t\t<\/a>\n\t\t\t\t\t\t\t\t\t\t\t\t\t\t\t<\/div>\n\t\t\t\t<div class=\"elementor-element elementor-element-7b1d5e4 elementor-widget elementor-widget-heading\" data-id=\"7b1d5e4\" data-element_type=\"widget\" data-e-type=\"widget\" data-widget_type=\"heading.default\">\n\t\t\t\t\t<h2 class=\"elementor-heading-title elementor-size-default\"><a href=\"https:\/\/www.decoactuelle.ma\/majaz-acte-ii\/\" target=\"_blank\">MAJAZ ACTE II<\/a><\/h2>\t\t\t\t<\/div>\n\t\t\t\t<div class=\"elementor-element elementor-element-3e70157 elementor-widget elementor-widget-text-editor\" data-id=\"3e70157\" data-element_type=\"widget\" data-e-type=\"widget\" data-widget_type=\"text-editor.default\">\n\t\t\t\t\t\t\t\t\t<p>Deco Actuelle<\/p>\t\t\t\t\t\t\t\t<\/div>\n\t\t\t\t\t<\/div>\n\t\t<\/div>\n\t\t\t\t<div class=\"elementor-column elementor-col-50 elementor-top-column elementor-element elementor-element-1c5d5bd\" data-id=\"1c5d5bd\" data-element_type=\"column\" data-e-type=\"column\">\n\t\t\t<div class=\"elementor-widget-wrap elementor-element-populated\">\n\t\t\t\t\t\t<div class=\"elementor-element elementor-element-dfb8aa8 elementor-widget elementor-widget-image\" data-id=\"dfb8aa8\" data-element_type=\"widget\" data-e-type=\"widget\" data-widget_type=\"image.default\">\n\t\t\t\t\t\t\t\t\t\t\t\t\t\t\t\t<a href=\"https:\/\/familleactuelle.ma\/majaz-acte-ii\/\" target=\"_blank\">\n\t\t\t\t\t\t\t<img loading=\"lazy\" decoding=\"async\" width=\"2200\" height=\"1467\" src=\"https:\/\/cmgmarrakech.com\/wp-content\/uploads\/2024\/11\/tempImagezjfRoK.jpg\" class=\"attachment-full size-full wp-image-14112\" alt=\"KARIM BARKA (1990-) SECONDE PEAU IV (Details) Cuir et peaux sur panneau 120 \u00d7 150 cm\" srcset=\"https:\/\/cmgmarrakech.com\/wp-content\/uploads\/2024\/11\/tempImagezjfRoK.jpg 2200w, https:\/\/cmgmarrakech.com\/wp-content\/uploads\/2024\/11\/tempImagezjfRoK-300x200.jpg 300w, https:\/\/cmgmarrakech.com\/wp-content\/uploads\/2024\/11\/tempImagezjfRoK-1024x683.jpg 1024w, https:\/\/cmgmarrakech.com\/wp-content\/uploads\/2024\/11\/tempImagezjfRoK-768x512.jpg 768w, https:\/\/cmgmarrakech.com\/wp-content\/uploads\/2024\/11\/tempImagezjfRoK-1536x1024.jpg 1536w, https:\/\/cmgmarrakech.com\/wp-content\/uploads\/2024\/11\/tempImagezjfRoK-2048x1366.jpg 2048w, https:\/\/cmgmarrakech.com\/wp-content\/uploads\/2024\/11\/tempImagezjfRoK-18x12.jpg 18w, https:\/\/cmgmarrakech.com\/wp-content\/uploads\/2024\/11\/tempImagezjfRoK-415x277.jpg 415w, https:\/\/cmgmarrakech.com\/wp-content\/uploads\/2024\/11\/tempImagezjfRoK-650x433.jpg 650w, https:\/\/cmgmarrakech.com\/wp-content\/uploads\/2024\/11\/tempImagezjfRoK-250x167.jpg 250w\" sizes=\"(max-width: 2200px) 100vw, 2200px\" \/>\t\t\t\t\t\t\t\t<\/a>\n\t\t\t\t\t\t\t\t\t\t\t\t\t\t\t<\/div>\n\t\t\t\t<div class=\"elementor-element elementor-element-0cf42cc elementor-widget elementor-widget-heading\" data-id=\"0cf42cc\" data-element_type=\"widget\" data-e-type=\"widget\" data-widget_type=\"heading.default\">\n\t\t\t\t\t<h2 class=\"elementor-heading-title elementor-size-default\"><a href=\"https:\/\/familleactuelle.ma\/majaz-acte-ii\/\" target=\"_blank\">MAJAZ ACTE II<\/a><\/h2>\t\t\t\t<\/div>\n\t\t\t\t<div class=\"elementor-element elementor-element-d5ef54d elementor-widget elementor-widget-text-editor\" data-id=\"d5ef54d\" data-element_type=\"widget\" data-e-type=\"widget\" data-widget_type=\"text-editor.default\">\n\t\t\t\t\t\t\t\t\t<p>Famille Actuelle<\/p>\t\t\t\t\t\t\t\t<\/div>\n\t\t\t\t\t<\/div>\n\t\t<\/div>\n\t\t\t\t\t<\/div>\n\t\t<\/section>\n\t\t\t\t<section class=\"elementor-section elementor-top-section elementor-element elementor-element-6778ae0 animated-slow elementor-section-boxed elementor-section-height-default elementor-section-height-default\" data-id=\"6778ae0\" data-element_type=\"section\" data-e-type=\"section\" data-settings=\"{&quot;animation&quot;:&quot;none&quot;}\">\n\t\t\t\t\t\t<div class=\"elementor-container elementor-column-gap-default\">\n\t\t\t\t\t<div class=\"elementor-column elementor-col-50 elementor-top-column elementor-element elementor-element-581c0ec\" data-id=\"581c0ec\" data-element_type=\"column\" data-e-type=\"column\">\n\t\t\t<div class=\"elementor-widget-wrap elementor-element-populated\">\n\t\t\t\t\t\t<div class=\"elementor-element elementor-element-8d9bee8 elementor-widget elementor-widget-image\" data-id=\"8d9bee8\" data-element_type=\"widget\" data-e-type=\"widget\" data-widget_type=\"image.default\">\n\t\t\t\t\t\t\t\t\t\t\t\t\t\t\t\t<a href=\"https:\/\/selectionsarts.com\/editions-at-dubai-design-week-2024\/\" target=\"_blank\">\n\t\t\t\t\t\t\t<img loading=\"lazy\" decoding=\"async\" width=\"2200\" height=\"1467\" src=\"https:\/\/cmgmarrakech.com\/wp-content\/uploads\/2024\/11\/Edition-Dubai-Mohamed-Melehi.jpg\" class=\"attachment-full size-full wp-image-14172\" alt=\"\" srcset=\"https:\/\/cmgmarrakech.com\/wp-content\/uploads\/2024\/11\/Edition-Dubai-Mohamed-Melehi.jpg 2200w, https:\/\/cmgmarrakech.com\/wp-content\/uploads\/2024\/11\/Edition-Dubai-Mohamed-Melehi-300x200.jpg 300w, https:\/\/cmgmarrakech.com\/wp-content\/uploads\/2024\/11\/Edition-Dubai-Mohamed-Melehi-1024x683.jpg 1024w, https:\/\/cmgmarrakech.com\/wp-content\/uploads\/2024\/11\/Edition-Dubai-Mohamed-Melehi-768x512.jpg 768w, https:\/\/cmgmarrakech.com\/wp-content\/uploads\/2024\/11\/Edition-Dubai-Mohamed-Melehi-1536x1024.jpg 1536w, https:\/\/cmgmarrakech.com\/wp-content\/uploads\/2024\/11\/Edition-Dubai-Mohamed-Melehi-2048x1366.jpg 2048w, https:\/\/cmgmarrakech.com\/wp-content\/uploads\/2024\/11\/Edition-Dubai-Mohamed-Melehi-18x12.jpg 18w, https:\/\/cmgmarrakech.com\/wp-content\/uploads\/2024\/11\/Edition-Dubai-Mohamed-Melehi-415x277.jpg 415w, https:\/\/cmgmarrakech.com\/wp-content\/uploads\/2024\/11\/Edition-Dubai-Mohamed-Melehi-650x433.jpg 650w, https:\/\/cmgmarrakech.com\/wp-content\/uploads\/2024\/11\/Edition-Dubai-Mohamed-Melehi-250x167.jpg 250w\" sizes=\"(max-width: 2200px) 100vw, 2200px\" \/>\t\t\t\t\t\t\t\t<\/a>\n\t\t\t\t\t\t\t\t\t\t\t\t\t\t\t<\/div>\n\t\t\t\t<div class=\"elementor-element elementor-element-0cf92e8 elementor-widget elementor-widget-heading\" data-id=\"0cf92e8\" data-element_type=\"widget\" data-e-type=\"widget\" data-widget_type=\"heading.default\">\n\t\t\t\t\t<h2 class=\"elementor-heading-title elementor-size-default\"><a href=\"https:\/\/selectionsarts.com\/editions-at-dubai-design-week-2024\/\" target=\"_blank\">Editions at Dubai Design Week 2024<\/a><\/h2>\t\t\t\t<\/div>\n\t\t\t\t<div class=\"elementor-element elementor-element-6b51d01 elementor-widget elementor-widget-text-editor\" data-id=\"6b51d01\" data-element_type=\"widget\" data-e-type=\"widget\" data-widget_type=\"text-editor.default\">\n\t\t\t\t\t\t\t\t\t<p>Selection Arts<\/p>\t\t\t\t\t\t\t\t<\/div>\n\t\t\t\t\t<\/div>\n\t\t<\/div>\n\t\t\t\t<div class=\"elementor-column elementor-col-50 elementor-top-column elementor-element elementor-element-e6f39c4\" data-id=\"e6f39c4\" data-element_type=\"column\" data-e-type=\"column\">\n\t\t\t<div class=\"elementor-widget-wrap elementor-element-populated\">\n\t\t\t\t\t\t<div class=\"elementor-element elementor-element-893faf5 elementor-widget elementor-widget-image\" data-id=\"893faf5\" data-element_type=\"widget\" data-e-type=\"widget\" data-widget_type=\"image.default\">\n\t\t\t\t\t\t\t\t\t\t\t\t\t\t\t\t<a href=\"https:\/\/fastcompanyme.com\/co-design\/10-ways-dubai-design-week-2024-redefined-creativity\/\" target=\"_blank\">\n\t\t\t\t\t\t\t<img loading=\"lazy\" decoding=\"async\" width=\"2200\" height=\"1467\" src=\"https:\/\/cmgmarrakech.com\/wp-content\/uploads\/2024\/11\/Edition-Dubai-Mohammed-Kacimi-UNTITLED-Lithography-on-Arches-paper-Signed-lower-right-Artists-proof-76-x-56-cm.jpg\" class=\"attachment-full size-full wp-image-14151\" alt=\"\" srcset=\"https:\/\/cmgmarrakech.com\/wp-content\/uploads\/2024\/11\/Edition-Dubai-Mohammed-Kacimi-UNTITLED-Lithography-on-Arches-paper-Signed-lower-right-Artists-proof-76-x-56-cm.jpg 2200w, https:\/\/cmgmarrakech.com\/wp-content\/uploads\/2024\/11\/Edition-Dubai-Mohammed-Kacimi-UNTITLED-Lithography-on-Arches-paper-Signed-lower-right-Artists-proof-76-x-56-cm-300x200.jpg 300w, https:\/\/cmgmarrakech.com\/wp-content\/uploads\/2024\/11\/Edition-Dubai-Mohammed-Kacimi-UNTITLED-Lithography-on-Arches-paper-Signed-lower-right-Artists-proof-76-x-56-cm-1024x683.jpg 1024w, https:\/\/cmgmarrakech.com\/wp-content\/uploads\/2024\/11\/Edition-Dubai-Mohammed-Kacimi-UNTITLED-Lithography-on-Arches-paper-Signed-lower-right-Artists-proof-76-x-56-cm-768x512.jpg 768w, https:\/\/cmgmarrakech.com\/wp-content\/uploads\/2024\/11\/Edition-Dubai-Mohammed-Kacimi-UNTITLED-Lithography-on-Arches-paper-Signed-lower-right-Artists-proof-76-x-56-cm-1536x1024.jpg 1536w, https:\/\/cmgmarrakech.com\/wp-content\/uploads\/2024\/11\/Edition-Dubai-Mohammed-Kacimi-UNTITLED-Lithography-on-Arches-paper-Signed-lower-right-Artists-proof-76-x-56-cm-2048x1366.jpg 2048w, https:\/\/cmgmarrakech.com\/wp-content\/uploads\/2024\/11\/Edition-Dubai-Mohammed-Kacimi-UNTITLED-Lithography-on-Arches-paper-Signed-lower-right-Artists-proof-76-x-56-cm-18x12.jpg 18w, https:\/\/cmgmarrakech.com\/wp-content\/uploads\/2024\/11\/Edition-Dubai-Mohammed-Kacimi-UNTITLED-Lithography-on-Arches-paper-Signed-lower-right-Artists-proof-76-x-56-cm-415x277.jpg 415w, https:\/\/cmgmarrakech.com\/wp-content\/uploads\/2024\/11\/Edition-Dubai-Mohammed-Kacimi-UNTITLED-Lithography-on-Arches-paper-Signed-lower-right-Artists-proof-76-x-56-cm-650x433.jpg 650w, https:\/\/cmgmarrakech.com\/wp-content\/uploads\/2024\/11\/Edition-Dubai-Mohammed-Kacimi-UNTITLED-Lithography-on-Arches-paper-Signed-lower-right-Artists-proof-76-x-56-cm-250x167.jpg 250w\" sizes=\"(max-width: 2200px) 100vw, 2200px\" \/>\t\t\t\t\t\t\t\t<\/a>\n\t\t\t\t\t\t\t\t\t\t\t\t\t\t\t<\/div>\n\t\t\t\t<div class=\"elementor-element elementor-element-b7ee9cd elementor-widget elementor-widget-heading\" data-id=\"b7ee9cd\" data-element_type=\"widget\" data-e-type=\"widget\" data-widget_type=\"heading.default\">\n\t\t\t\t\t<h2 class=\"elementor-heading-title elementor-size-default\"><a href=\"https:\/\/fastcompanyme.com\/co-design\/10-ways-dubai-design-week-2024-redefined-creativity\/\" target=\"_blank\">10 ways Dubai Design Week 2024 redefined creativity<\/a><\/h2>\t\t\t\t<\/div>\n\t\t\t\t<div class=\"elementor-element elementor-element-62bcabc elementor-widget elementor-widget-text-editor\" data-id=\"62bcabc\" data-element_type=\"widget\" data-e-type=\"widget\" data-widget_type=\"text-editor.default\">\n\t\t\t\t\t\t\t\t\t<p>Fast Company Middle East\u00a0<\/p>\t\t\t\t\t\t\t\t<\/div>\n\t\t\t\t\t<\/div>\n\t\t<\/div>\n\t\t\t\t\t<\/div>\n\t\t<\/section>\n\t\t\t\t<section class=\"elementor-section elementor-top-section elementor-element elementor-element-4e9aff9 animated-slow elementor-section-boxed elementor-section-height-default elementor-section-height-default\" data-id=\"4e9aff9\" data-element_type=\"section\" data-e-type=\"section\" data-settings=\"{&quot;animation&quot;:&quot;none&quot;}\">\n\t\t\t\t\t\t<div class=\"elementor-container elementor-column-gap-default\">\n\t\t\t\t\t<div class=\"elementor-column elementor-col-50 elementor-top-column elementor-element elementor-element-260ae37\" data-id=\"260ae37\" data-element_type=\"column\" data-e-type=\"column\">\n\t\t\t<div class=\"elementor-widget-wrap elementor-element-populated\">\n\t\t\t\t\t\t<div class=\"elementor-element elementor-element-15064cc elementor-widget elementor-widget-image\" data-id=\"15064cc\" data-element_type=\"widget\" data-e-type=\"widget\" data-widget_type=\"image.default\">\n\t\t\t\t\t\t\t\t\t\t\t\t\t\t\t\t<a href=\"https:\/\/www.arabnews.com\/node\/2578228\/lifestyle\" target=\"_blank\">\n\t\t\t\t\t\t\t<img loading=\"lazy\" decoding=\"async\" width=\"2000\" height=\"1334\" src=\"https:\/\/cmgmarrakech.com\/wp-content\/uploads\/2024\/10\/CMG-at-Editions-Dubai-2024.jpg\" class=\"attachment-full size-full wp-image-13794\" alt=\"\" srcset=\"https:\/\/cmgmarrakech.com\/wp-content\/uploads\/2024\/10\/CMG-at-Editions-Dubai-2024.jpg 2000w, https:\/\/cmgmarrakech.com\/wp-content\/uploads\/2024\/10\/CMG-at-Editions-Dubai-2024-300x200.jpg 300w, https:\/\/cmgmarrakech.com\/wp-content\/uploads\/2024\/10\/CMG-at-Editions-Dubai-2024-1024x683.jpg 1024w, https:\/\/cmgmarrakech.com\/wp-content\/uploads\/2024\/10\/CMG-at-Editions-Dubai-2024-768x512.jpg 768w, https:\/\/cmgmarrakech.com\/wp-content\/uploads\/2024\/10\/CMG-at-Editions-Dubai-2024-1536x1025.jpg 1536w, https:\/\/cmgmarrakech.com\/wp-content\/uploads\/2024\/10\/CMG-at-Editions-Dubai-2024-18x12.jpg 18w, https:\/\/cmgmarrakech.com\/wp-content\/uploads\/2024\/10\/CMG-at-Editions-Dubai-2024-415x277.jpg 415w, https:\/\/cmgmarrakech.com\/wp-content\/uploads\/2024\/10\/CMG-at-Editions-Dubai-2024-650x434.jpg 650w, https:\/\/cmgmarrakech.com\/wp-content\/uploads\/2024\/10\/CMG-at-Editions-Dubai-2024-250x167.jpg 250w\" sizes=\"(max-width: 2000px) 100vw, 2000px\" \/>\t\t\t\t\t\t\t\t<\/a>\n\t\t\t\t\t\t\t\t\t\t\t\t\t\t\t<\/div>\n\t\t\t\t<div class=\"elementor-element elementor-element-9dcf74e elementor-widget elementor-widget-heading\" data-id=\"9dcf74e\" data-element_type=\"widget\" data-e-type=\"widget\" data-widget_type=\"heading.default\">\n\t\t\t\t\t<h2 class=\"elementor-heading-title elementor-size-default\"><a href=\"https:\/\/www.arabnews.com\/node\/2578228\/lifestyle\" target=\"_blank\">Dubai Design Week returns with brand new fair: Dubai Editions<\/a><\/h2>\t\t\t\t<\/div>\n\t\t\t\t<div class=\"elementor-element elementor-element-6927421 elementor-widget elementor-widget-text-editor\" data-id=\"6927421\" data-element_type=\"widget\" data-e-type=\"widget\" data-widget_type=\"text-editor.default\">\n\t\t\t\t\t\t\t\t\t<p>Arab News<\/p>\t\t\t\t\t\t\t\t<\/div>\n\t\t\t\t\t<\/div>\n\t\t<\/div>\n\t\t\t\t<div class=\"elementor-column elementor-col-50 elementor-top-column elementor-element elementor-element-9cc37ea\" data-id=\"9cc37ea\" data-element_type=\"column\" data-e-type=\"column\">\n\t\t\t<div class=\"elementor-widget-wrap elementor-element-populated\">\n\t\t\t\t\t\t<div class=\"elementor-element elementor-element-49b51d5 elementor-widget elementor-widget-image\" data-id=\"49b51d5\" data-element_type=\"widget\" data-e-type=\"widget\" data-widget_type=\"image.default\">\n\t\t\t\t\t\t\t\t\t\t\t\t\t\t\t\t<a href=\"https:\/\/travelforsenses.com\/marrakech-art-guide-by-dar-darma-riad\/\" target=\"_blank\">\n\t\t\t\t\t\t\t<img loading=\"lazy\" decoding=\"async\" width=\"2560\" height=\"1707\" src=\"https:\/\/cmgmarrakech.com\/wp-content\/uploads\/2024\/05\/Abdallah-El-Hariri-Mon-Histoire-Exposition-Vue-2-scaled.jpg\" class=\"attachment-full size-full wp-image-11952\" alt=\"\" srcset=\"https:\/\/cmgmarrakech.com\/wp-content\/uploads\/2024\/05\/Abdallah-El-Hariri-Mon-Histoire-Exposition-Vue-2-scaled.jpg 2560w, https:\/\/cmgmarrakech.com\/wp-content\/uploads\/2024\/05\/Abdallah-El-Hariri-Mon-Histoire-Exposition-Vue-2-300x200.jpg 300w, https:\/\/cmgmarrakech.com\/wp-content\/uploads\/2024\/05\/Abdallah-El-Hariri-Mon-Histoire-Exposition-Vue-2-1024x683.jpg 1024w, https:\/\/cmgmarrakech.com\/wp-content\/uploads\/2024\/05\/Abdallah-El-Hariri-Mon-Histoire-Exposition-Vue-2-768x512.jpg 768w, https:\/\/cmgmarrakech.com\/wp-content\/uploads\/2024\/05\/Abdallah-El-Hariri-Mon-Histoire-Exposition-Vue-2-1536x1024.jpg 1536w, https:\/\/cmgmarrakech.com\/wp-content\/uploads\/2024\/05\/Abdallah-El-Hariri-Mon-Histoire-Exposition-Vue-2-2048x1365.jpg 2048w, https:\/\/cmgmarrakech.com\/wp-content\/uploads\/2024\/05\/Abdallah-El-Hariri-Mon-Histoire-Exposition-Vue-2-18x12.jpg 18w, https:\/\/cmgmarrakech.com\/wp-content\/uploads\/2024\/05\/Abdallah-El-Hariri-Mon-Histoire-Exposition-Vue-2-415x277.jpg 415w, https:\/\/cmgmarrakech.com\/wp-content\/uploads\/2024\/05\/Abdallah-El-Hariri-Mon-Histoire-Exposition-Vue-2-650x433.jpg 650w, https:\/\/cmgmarrakech.com\/wp-content\/uploads\/2024\/05\/Abdallah-El-Hariri-Mon-Histoire-Exposition-Vue-2-250x167.jpg 250w\" sizes=\"(max-width: 2560px) 100vw, 2560px\" \/>\t\t\t\t\t\t\t\t<\/a>\n\t\t\t\t\t\t\t\t\t\t\t\t\t\t\t<\/div>\n\t\t\t\t<div class=\"elementor-element elementor-element-70f4ccb elementor-widget elementor-widget-heading\" data-id=\"70f4ccb\" data-element_type=\"widget\" data-e-type=\"widget\" data-widget_type=\"heading.default\">\n\t\t\t\t\t<h2 class=\"elementor-heading-title elementor-size-default\"><a href=\"https:\/\/travelforsenses.com\/marrakech-art-guide-by-dar-darma-riad\/\" target=\"_blank\">Marrakech Art Guide By Dar Darma Riad<\/a><\/h2>\t\t\t\t<\/div>\n\t\t\t\t<div class=\"elementor-element elementor-element-f401888 elementor-widget elementor-widget-text-editor\" data-id=\"f401888\" data-element_type=\"widget\" data-e-type=\"widget\" data-widget_type=\"text-editor.default\">\n\t\t\t\t\t\t\t\t\t<p>Travel For Senses<\/p>\t\t\t\t\t\t\t\t<\/div>\n\t\t\t\t\t<\/div>\n\t\t<\/div>\n\t\t\t\t\t<\/div>\n\t\t<\/section>\n\t\t\t\t<section class=\"elementor-section elementor-top-section elementor-element elementor-element-08a5579 animated-slow elementor-section-boxed elementor-section-height-default elementor-section-height-default\" data-id=\"08a5579\" data-element_type=\"section\" data-e-type=\"section\" data-settings=\"{&quot;animation&quot;:&quot;none&quot;}\">\n\t\t\t\t\t\t<div class=\"elementor-container elementor-column-gap-default\">\n\t\t\t\t\t<div class=\"elementor-column elementor-col-50 elementor-top-column elementor-element elementor-element-55c156d\" data-id=\"55c156d\" data-element_type=\"column\" data-e-type=\"column\">\n\t\t\t<div class=\"elementor-widget-wrap elementor-element-populated\">\n\t\t\t\t\t\t<div class=\"elementor-element elementor-element-2c1baee elementor-widget elementor-widget-image\" data-id=\"2c1baee\" data-element_type=\"widget\" data-e-type=\"widget\" data-widget_type=\"image.default\">\n\t\t\t\t\t\t\t\t\t\t\t\t\t\t\t\t<a href=\"https:\/\/www.ilsole24ore.com\/art\/marrakesh-luoghi-iconici-e-nuovi-spazi-esplorare-AG5nJ4r\" target=\"_blank\">\n\t\t\t\t\t\t\t<img loading=\"lazy\" decoding=\"async\" width=\"2560\" height=\"1920\" src=\"https:\/\/cmgmarrakech.com\/wp-content\/uploads\/2024\/07\/Karim-Barka-1-scaled.jpg\" class=\"attachment-full size-full wp-image-12411\" alt=\"\" srcset=\"https:\/\/cmgmarrakech.com\/wp-content\/uploads\/2024\/07\/Karim-Barka-1-scaled.jpg 2560w, https:\/\/cmgmarrakech.com\/wp-content\/uploads\/2024\/07\/Karim-Barka-1-300x225.jpg 300w, https:\/\/cmgmarrakech.com\/wp-content\/uploads\/2024\/07\/Karim-Barka-1-1024x768.jpg 1024w, https:\/\/cmgmarrakech.com\/wp-content\/uploads\/2024\/07\/Karim-Barka-1-768x576.jpg 768w, https:\/\/cmgmarrakech.com\/wp-content\/uploads\/2024\/07\/Karim-Barka-1-1536x1152.jpg 1536w, https:\/\/cmgmarrakech.com\/wp-content\/uploads\/2024\/07\/Karim-Barka-1-2048x1536.jpg 2048w, https:\/\/cmgmarrakech.com\/wp-content\/uploads\/2024\/07\/Karim-Barka-1-16x12.jpg 16w, https:\/\/cmgmarrakech.com\/wp-content\/uploads\/2024\/07\/Karim-Barka-1-640x480.jpg 640w, https:\/\/cmgmarrakech.com\/wp-content\/uploads\/2024\/07\/Karim-Barka-1-415x311.jpg 415w, https:\/\/cmgmarrakech.com\/wp-content\/uploads\/2024\/07\/Karim-Barka-1-650x487.jpg 650w, https:\/\/cmgmarrakech.com\/wp-content\/uploads\/2024\/07\/Karim-Barka-1-250x187.jpg 250w\" sizes=\"(max-width: 2560px) 100vw, 2560px\" \/>\t\t\t\t\t\t\t\t<\/a>\n\t\t\t\t\t\t\t\t\t\t\t\t\t\t\t<\/div>\n\t\t\t\t<div class=\"elementor-element elementor-element-ad769ba elementor-widget elementor-widget-heading\" data-id=\"ad769ba\" data-element_type=\"widget\" data-e-type=\"widget\" data-widget_type=\"heading.default\">\n\t\t\t\t\t<h2 class=\"elementor-heading-title elementor-size-default\"><a href=\"https:\/\/www.ilsole24ore.com\/art\/marrakesh-luoghi-iconici-e-nuovi-spazi-esplorare-AG5nJ4r\" target=\"_blank\">Marrakesh tra il fascino della medina e nuovi spazi da esplorare<\/a><\/h2>\t\t\t\t<\/div>\n\t\t\t\t<div class=\"elementor-element elementor-element-239b4d4 elementor-widget elementor-widget-text-editor\" data-id=\"239b4d4\" data-element_type=\"widget\" data-e-type=\"widget\" data-widget_type=\"text-editor.default\">\n\t\t\t\t\t\t\t\t\t<p>ilsole24ore.com<\/p>\t\t\t\t\t\t\t\t<\/div>\n\t\t\t\t\t<\/div>\n\t\t<\/div>\n\t\t\t\t<div class=\"elementor-column elementor-col-50 elementor-top-column elementor-element elementor-element-36dc7b7\" data-id=\"36dc7b7\" data-element_type=\"column\" data-e-type=\"column\">\n\t\t\t<div class=\"elementor-widget-wrap elementor-element-populated\">\n\t\t\t\t\t\t<div class=\"elementor-element elementor-element-a3e6476 elementor-widget elementor-widget-image\" data-id=\"a3e6476\" data-element_type=\"widget\" data-e-type=\"widget\" data-widget_type=\"image.default\">\n\t\t\t\t\t\t\t\t\t\t\t\t\t\t\t\t<a href=\"https:\/\/www.admiddleeast.com\/story\/what-to-do-in-dubai-this-month-the-november-2024-edit\" target=\"_blank\">\n\t\t\t\t\t\t\t<img loading=\"lazy\" decoding=\"async\" width=\"2200\" height=\"1510\" src=\"https:\/\/cmgmarrakech.com\/wp-content\/uploads\/2024\/10\/MOHAMED-MELEHI-1936-2020-COMPOSITION-1970-Serigraphy-Signed-and-dated-lower-right-Edition-5-50-45-x-63-cm.jpg\" class=\"attachment-full size-full wp-image-13815\" alt=\"\" srcset=\"https:\/\/cmgmarrakech.com\/wp-content\/uploads\/2024\/10\/MOHAMED-MELEHI-1936-2020-COMPOSITION-1970-Serigraphy-Signed-and-dated-lower-right-Edition-5-50-45-x-63-cm.jpg 2200w, https:\/\/cmgmarrakech.com\/wp-content\/uploads\/2024\/10\/MOHAMED-MELEHI-1936-2020-COMPOSITION-1970-Serigraphy-Signed-and-dated-lower-right-Edition-5-50-45-x-63-cm-300x206.jpg 300w, https:\/\/cmgmarrakech.com\/wp-content\/uploads\/2024\/10\/MOHAMED-MELEHI-1936-2020-COMPOSITION-1970-Serigraphy-Signed-and-dated-lower-right-Edition-5-50-45-x-63-cm-1024x703.jpg 1024w, https:\/\/cmgmarrakech.com\/wp-content\/uploads\/2024\/10\/MOHAMED-MELEHI-1936-2020-COMPOSITION-1970-Serigraphy-Signed-and-dated-lower-right-Edition-5-50-45-x-63-cm-768x527.jpg 768w, https:\/\/cmgmarrakech.com\/wp-content\/uploads\/2024\/10\/MOHAMED-MELEHI-1936-2020-COMPOSITION-1970-Serigraphy-Signed-and-dated-lower-right-Edition-5-50-45-x-63-cm-1536x1054.jpg 1536w, https:\/\/cmgmarrakech.com\/wp-content\/uploads\/2024\/10\/MOHAMED-MELEHI-1936-2020-COMPOSITION-1970-Serigraphy-Signed-and-dated-lower-right-Edition-5-50-45-x-63-cm-2048x1406.jpg 2048w, https:\/\/cmgmarrakech.com\/wp-content\/uploads\/2024\/10\/MOHAMED-MELEHI-1936-2020-COMPOSITION-1970-Serigraphy-Signed-and-dated-lower-right-Edition-5-50-45-x-63-cm-18x12.jpg 18w, https:\/\/cmgmarrakech.com\/wp-content\/uploads\/2024\/10\/MOHAMED-MELEHI-1936-2020-COMPOSITION-1970-Serigraphy-Signed-and-dated-lower-right-Edition-5-50-45-x-63-cm-1200x825.jpg 1200w, https:\/\/cmgmarrakech.com\/wp-content\/uploads\/2024\/10\/MOHAMED-MELEHI-1936-2020-COMPOSITION-1970-Serigraphy-Signed-and-dated-lower-right-Edition-5-50-45-x-63-cm-960x660.jpg 960w, https:\/\/cmgmarrakech.com\/wp-content\/uploads\/2024\/10\/MOHAMED-MELEHI-1936-2020-COMPOSITION-1970-Serigraphy-Signed-and-dated-lower-right-Edition-5-50-45-x-63-cm-415x285.jpg 415w, https:\/\/cmgmarrakech.com\/wp-content\/uploads\/2024\/10\/MOHAMED-MELEHI-1936-2020-COMPOSITION-1970-Serigraphy-Signed-and-dated-lower-right-Edition-5-50-45-x-63-cm-650x446.jpg 650w, https:\/\/cmgmarrakech.com\/wp-content\/uploads\/2024\/10\/MOHAMED-MELEHI-1936-2020-COMPOSITION-1970-Serigraphy-Signed-and-dated-lower-right-Edition-5-50-45-x-63-cm-250x172.jpg 250w\" sizes=\"(max-width: 2200px) 100vw, 2200px\" \/>\t\t\t\t\t\t\t\t<\/a>\n\t\t\t\t\t\t\t\t\t\t\t\t\t\t\t<\/div>\n\t\t\t\t<div class=\"elementor-element elementor-element-21edc56 elementor-widget elementor-widget-heading\" data-id=\"21edc56\" data-element_type=\"widget\" data-e-type=\"widget\" data-widget_type=\"heading.default\">\n\t\t\t\t\t<h2 class=\"elementor-heading-title elementor-size-default\"><a href=\"https:\/\/www.admiddleeast.com\/story\/what-to-do-in-dubai-this-month-the-november-2024-edit\" target=\"_blank\">What To Do in Dubai This Month? The November 2024 Edit<\/a><\/h2>\t\t\t\t<\/div>\n\t\t\t\t<div class=\"elementor-element elementor-element-651271c elementor-widget elementor-widget-text-editor\" data-id=\"651271c\" data-element_type=\"widget\" data-e-type=\"widget\" data-widget_type=\"text-editor.default\">\n\t\t\t\t\t\t\t\t\t<p>AD Middle East<\/p>\t\t\t\t\t\t\t\t<\/div>\n\t\t\t\t\t<\/div>\n\t\t<\/div>\n\t\t\t\t\t<\/div>\n\t\t<\/section>\n\t\t\t\t<section class=\"elementor-section elementor-top-section elementor-element elementor-element-169bef4 animated-slow elementor-section-boxed elementor-section-height-default elementor-section-height-default\" data-id=\"169bef4\" data-element_type=\"section\" data-e-type=\"section\" data-settings=\"{&quot;animation&quot;:&quot;none&quot;}\">\n\t\t\t\t\t\t<div class=\"elementor-container elementor-column-gap-default\">\n\t\t\t\t\t<div class=\"elementor-column elementor-col-50 elementor-top-column elementor-element elementor-element-c7fa14a\" data-id=\"c7fa14a\" data-element_type=\"column\" data-e-type=\"column\">\n\t\t\t<div class=\"elementor-widget-wrap elementor-element-populated\">\n\t\t\t\t\t\t<div class=\"elementor-element elementor-element-e96aa9b elementor-widget elementor-widget-image\" data-id=\"e96aa9b\" data-element_type=\"widget\" data-e-type=\"widget\" data-widget_type=\"image.default\">\n\t\t\t\t\t\t\t\t\t\t\t\t\t\t\t\t<a href=\"https:\/\/lematin.ma\/culture\/marrakech-en-ebullition-pour-we-arty\/249864\" target=\"_blank\">\n\t\t\t\t\t\t\t<img loading=\"lazy\" decoding=\"async\" width=\"2000\" height=\"1323\" src=\"https:\/\/cmgmarrakech.com\/wp-content\/uploads\/2024\/09\/Khadija-Jayi-Les-reliques-de-la-terre-065-2024-technique-mixte-et-papier-brule-175x11cm.jpg\" class=\"attachment-full size-full wp-image-12466\" alt=\"\" srcset=\"https:\/\/cmgmarrakech.com\/wp-content\/uploads\/2024\/09\/Khadija-Jayi-Les-reliques-de-la-terre-065-2024-technique-mixte-et-papier-brule-175x11cm.jpg 2000w, https:\/\/cmgmarrakech.com\/wp-content\/uploads\/2024\/09\/Khadija-Jayi-Les-reliques-de-la-terre-065-2024-technique-mixte-et-papier-brule-175x11cm-300x198.jpg 300w, https:\/\/cmgmarrakech.com\/wp-content\/uploads\/2024\/09\/Khadija-Jayi-Les-reliques-de-la-terre-065-2024-technique-mixte-et-papier-brule-175x11cm-1024x677.jpg 1024w, https:\/\/cmgmarrakech.com\/wp-content\/uploads\/2024\/09\/Khadija-Jayi-Les-reliques-de-la-terre-065-2024-technique-mixte-et-papier-brule-175x11cm-768x508.jpg 768w, https:\/\/cmgmarrakech.com\/wp-content\/uploads\/2024\/09\/Khadija-Jayi-Les-reliques-de-la-terre-065-2024-technique-mixte-et-papier-brule-175x11cm-1536x1016.jpg 1536w, https:\/\/cmgmarrakech.com\/wp-content\/uploads\/2024\/09\/Khadija-Jayi-Les-reliques-de-la-terre-065-2024-technique-mixte-et-papier-brule-175x11cm-18x12.jpg 18w, https:\/\/cmgmarrakech.com\/wp-content\/uploads\/2024\/09\/Khadija-Jayi-Les-reliques-de-la-terre-065-2024-technique-mixte-et-papier-brule-175x11cm-415x275.jpg 415w, https:\/\/cmgmarrakech.com\/wp-content\/uploads\/2024\/09\/Khadija-Jayi-Les-reliques-de-la-terre-065-2024-technique-mixte-et-papier-brule-175x11cm-650x430.jpg 650w, https:\/\/cmgmarrakech.com\/wp-content\/uploads\/2024\/09\/Khadija-Jayi-Les-reliques-de-la-terre-065-2024-technique-mixte-et-papier-brule-175x11cm-250x165.jpg 250w\" sizes=\"(max-width: 2000px) 100vw, 2000px\" \/>\t\t\t\t\t\t\t\t<\/a>\n\t\t\t\t\t\t\t\t\t\t\t\t\t\t\t<\/div>\n\t\t\t\t<div class=\"elementor-element elementor-element-c79eb93 elementor-widget elementor-widget-heading\" data-id=\"c79eb93\" data-element_type=\"widget\" data-e-type=\"widget\" data-widget_type=\"heading.default\">\n\t\t\t\t\t<h2 class=\"elementor-heading-title elementor-size-default\"><a href=\"https:\/\/lematin.ma\/culture\/marrakech-en-ebullition-pour-we-arty\/249864\" target=\"_blank\">Marrakech en \u00e9bullition pour \u00abWe Arty\u00bb\n<\/a><\/h2>\t\t\t\t<\/div>\n\t\t\t\t<div class=\"elementor-element elementor-element-48ec447 elementor-widget elementor-widget-text-editor\" data-id=\"48ec447\" data-element_type=\"widget\" data-e-type=\"widget\" data-widget_type=\"text-editor.default\">\n\t\t\t\t\t\t\t\t\t<p>Le Matin<\/p>\t\t\t\t\t\t\t\t<\/div>\n\t\t\t\t\t<\/div>\n\t\t<\/div>\n\t\t\t\t<div class=\"elementor-column elementor-col-50 elementor-top-column elementor-element elementor-element-b4cfe41\" data-id=\"b4cfe41\" data-element_type=\"column\" data-e-type=\"column\">\n\t\t\t<div class=\"elementor-widget-wrap elementor-element-populated\">\n\t\t\t\t\t\t<div class=\"elementor-element elementor-element-e731b1d elementor-widget elementor-widget-image\" data-id=\"e731b1d\" data-element_type=\"widget\" data-e-type=\"widget\" data-widget_type=\"image.default\">\n\t\t\t\t\t\t\t\t\t\t\t\t\t\t\t\t<a href=\"https:\/\/lematin.ma\/culture\/le-salon-national-des-artistes-contemporains-emergents-ouvre-ses-portes\/249473\" target=\"_blank\">\n\t\t\t\t\t\t\t<img loading=\"lazy\" decoding=\"async\" width=\"2200\" height=\"1561\" src=\"https:\/\/cmgmarrakech.com\/wp-content\/uploads\/2024\/10\/Emerging-cotemporary-artists-1er-salon-de-casablanca.jpg\" class=\"attachment-full size-full wp-image-14037\" alt=\"\" srcset=\"https:\/\/cmgmarrakech.com\/wp-content\/uploads\/2024\/10\/Emerging-cotemporary-artists-1er-salon-de-casablanca.jpg 2200w, https:\/\/cmgmarrakech.com\/wp-content\/uploads\/2024\/10\/Emerging-cotemporary-artists-1er-salon-de-casablanca-300x213.jpg 300w, https:\/\/cmgmarrakech.com\/wp-content\/uploads\/2024\/10\/Emerging-cotemporary-artists-1er-salon-de-casablanca-1024x727.jpg 1024w, https:\/\/cmgmarrakech.com\/wp-content\/uploads\/2024\/10\/Emerging-cotemporary-artists-1er-salon-de-casablanca-768x545.jpg 768w, https:\/\/cmgmarrakech.com\/wp-content\/uploads\/2024\/10\/Emerging-cotemporary-artists-1er-salon-de-casablanca-1536x1090.jpg 1536w, https:\/\/cmgmarrakech.com\/wp-content\/uploads\/2024\/10\/Emerging-cotemporary-artists-1er-salon-de-casablanca-2048x1453.jpg 2048w, https:\/\/cmgmarrakech.com\/wp-content\/uploads\/2024\/10\/Emerging-cotemporary-artists-1er-salon-de-casablanca-18x12.jpg 18w, https:\/\/cmgmarrakech.com\/wp-content\/uploads\/2024\/10\/Emerging-cotemporary-artists-1er-salon-de-casablanca-345x245.jpg 345w, https:\/\/cmgmarrakech.com\/wp-content\/uploads\/2024\/10\/Emerging-cotemporary-artists-1er-salon-de-casablanca-415x294.jpg 415w, https:\/\/cmgmarrakech.com\/wp-content\/uploads\/2024\/10\/Emerging-cotemporary-artists-1er-salon-de-casablanca-650x461.jpg 650w, https:\/\/cmgmarrakech.com\/wp-content\/uploads\/2024\/10\/Emerging-cotemporary-artists-1er-salon-de-casablanca-250x177.jpg 250w\" sizes=\"(max-width: 2200px) 100vw, 2200px\" \/>\t\t\t\t\t\t\t\t<\/a>\n\t\t\t\t\t\t\t\t\t\t\t\t\t\t\t<\/div>\n\t\t\t\t<div class=\"elementor-element elementor-element-b6203bb elementor-widget elementor-widget-heading\" data-id=\"b6203bb\" data-element_type=\"widget\" data-e-type=\"widget\" data-widget_type=\"heading.default\">\n\t\t\t\t\t<h2 class=\"elementor-heading-title elementor-size-default\"><a href=\"https:\/\/lematin.ma\/culture\/le-salon-national-des-artistes-contemporains-emergents-ouvre-ses-portes\/249473\" target=\"_blank\">Le Salon national des artistes contemporains \u00e9mergents : le tremplin qui manquait<\/a><\/h2>\t\t\t\t<\/div>\n\t\t\t\t<div class=\"elementor-element elementor-element-7d9e121 elementor-widget elementor-widget-text-editor\" data-id=\"7d9e121\" data-element_type=\"widget\" data-e-type=\"widget\" data-widget_type=\"text-editor.default\">\n\t\t\t\t\t\t\t\t\t<p>Le Matin<\/p>\t\t\t\t\t\t\t\t<\/div>\n\t\t\t\t\t<\/div>\n\t\t<\/div>\n\t\t\t\t\t<\/div>\n\t\t<\/section>\n\t\t\t\t<section class=\"elementor-section elementor-top-section elementor-element elementor-element-c093d13 animated-slow elementor-section-boxed elementor-section-height-default elementor-section-height-default\" data-id=\"c093d13\" data-element_type=\"section\" data-e-type=\"section\" data-settings=\"{&quot;animation&quot;:&quot;none&quot;}\">\n\t\t\t\t\t\t<div class=\"elementor-container elementor-column-gap-default\">\n\t\t\t\t\t<div class=\"elementor-column elementor-col-50 elementor-top-column elementor-element elementor-element-6ef699c\" data-id=\"6ef699c\" data-element_type=\"column\" data-e-type=\"column\">\n\t\t\t<div class=\"elementor-widget-wrap elementor-element-populated\">\n\t\t\t\t\t\t<div class=\"elementor-element elementor-element-99ec6cc elementor-widget elementor-widget-image\" data-id=\"99ec6cc\" data-element_type=\"widget\" data-e-type=\"widget\" data-widget_type=\"image.default\">\n\t\t\t\t\t\t\t\t\t\t\t\t\t\t\t\t<a href=\"https:\/\/www.thenationalnews.com\/arts-culture\/2024\/10\/18\/editions-dubai-design-week\/\" target=\"_blank\">\n\t\t\t\t\t\t\t<img loading=\"lazy\" decoding=\"async\" width=\"2200\" height=\"1513\" src=\"https:\/\/cmgmarrakech.com\/wp-content\/uploads\/2024\/10\/MOHAMED-MELEHI-1936-2020-COMPOSITION-1970-Serigraphy-Signed-and-dated-lower-right-Edition-22-33-45-x-63-cm.jpg\" class=\"attachment-full size-full wp-image-13816\" alt=\"\" srcset=\"https:\/\/cmgmarrakech.com\/wp-content\/uploads\/2024\/10\/MOHAMED-MELEHI-1936-2020-COMPOSITION-1970-Serigraphy-Signed-and-dated-lower-right-Edition-22-33-45-x-63-cm.jpg 2200w, https:\/\/cmgmarrakech.com\/wp-content\/uploads\/2024\/10\/MOHAMED-MELEHI-1936-2020-COMPOSITION-1970-Serigraphy-Signed-and-dated-lower-right-Edition-22-33-45-x-63-cm-300x206.jpg 300w, https:\/\/cmgmarrakech.com\/wp-content\/uploads\/2024\/10\/MOHAMED-MELEHI-1936-2020-COMPOSITION-1970-Serigraphy-Signed-and-dated-lower-right-Edition-22-33-45-x-63-cm-1024x704.jpg 1024w, https:\/\/cmgmarrakech.com\/wp-content\/uploads\/2024\/10\/MOHAMED-MELEHI-1936-2020-COMPOSITION-1970-Serigraphy-Signed-and-dated-lower-right-Edition-22-33-45-x-63-cm-768x528.jpg 768w, https:\/\/cmgmarrakech.com\/wp-content\/uploads\/2024\/10\/MOHAMED-MELEHI-1936-2020-COMPOSITION-1970-Serigraphy-Signed-and-dated-lower-right-Edition-22-33-45-x-63-cm-1536x1056.jpg 1536w, https:\/\/cmgmarrakech.com\/wp-content\/uploads\/2024\/10\/MOHAMED-MELEHI-1936-2020-COMPOSITION-1970-Serigraphy-Signed-and-dated-lower-right-Edition-22-33-45-x-63-cm-2048x1408.jpg 2048w, https:\/\/cmgmarrakech.com\/wp-content\/uploads\/2024\/10\/MOHAMED-MELEHI-1936-2020-COMPOSITION-1970-Serigraphy-Signed-and-dated-lower-right-Edition-22-33-45-x-63-cm-18x12.jpg 18w, https:\/\/cmgmarrakech.com\/wp-content\/uploads\/2024\/10\/MOHAMED-MELEHI-1936-2020-COMPOSITION-1970-Serigraphy-Signed-and-dated-lower-right-Edition-22-33-45-x-63-cm-1200x825.jpg 1200w, https:\/\/cmgmarrakech.com\/wp-content\/uploads\/2024\/10\/MOHAMED-MELEHI-1936-2020-COMPOSITION-1970-Serigraphy-Signed-and-dated-lower-right-Edition-22-33-45-x-63-cm-960x660.jpg 960w, https:\/\/cmgmarrakech.com\/wp-content\/uploads\/2024\/10\/MOHAMED-MELEHI-1936-2020-COMPOSITION-1970-Serigraphy-Signed-and-dated-lower-right-Edition-22-33-45-x-63-cm-415x285.jpg 415w, https:\/\/cmgmarrakech.com\/wp-content\/uploads\/2024\/10\/MOHAMED-MELEHI-1936-2020-COMPOSITION-1970-Serigraphy-Signed-and-dated-lower-right-Edition-22-33-45-x-63-cm-650x447.jpg 650w, https:\/\/cmgmarrakech.com\/wp-content\/uploads\/2024\/10\/MOHAMED-MELEHI-1936-2020-COMPOSITION-1970-Serigraphy-Signed-and-dated-lower-right-Edition-22-33-45-x-63-cm-250x172.jpg 250w\" sizes=\"(max-width: 2200px) 100vw, 2200px\" \/>\t\t\t\t\t\t\t\t<\/a>\n\t\t\t\t\t\t\t\t\t\t\t\t\t\t\t<\/div>\n\t\t\t\t<div class=\"elementor-element elementor-element-10bdde6 elementor-widget elementor-widget-heading\" data-id=\"10bdde6\" data-element_type=\"widget\" data-e-type=\"widget\" data-widget_type=\"heading.default\">\n\t\t\t\t\t<h2 class=\"elementor-heading-title elementor-size-default\"><a href=\"https:\/\/www.thenationalnews.com\/arts-culture\/2024\/10\/18\/editions-dubai-design-week\/\" target=\"_blank\">A sneak peek into Editions, Dubai Design Week's new fair for limited-edition artworks<\/a><\/h2>\t\t\t\t<\/div>\n\t\t\t\t<div class=\"elementor-element elementor-element-3e822be elementor-widget elementor-widget-text-editor\" data-id=\"3e822be\" data-element_type=\"widget\" data-e-type=\"widget\" data-widget_type=\"text-editor.default\">\n\t\t\t\t\t\t\t\t\t<p>The National News<\/p>\t\t\t\t\t\t\t\t<\/div>\n\t\t\t\t\t<\/div>\n\t\t<\/div>\n\t\t\t\t<div class=\"elementor-column elementor-col-50 elementor-top-column elementor-element elementor-element-95e09e1\" data-id=\"95e09e1\" data-element_type=\"column\" data-e-type=\"column\">\n\t\t\t<div class=\"elementor-widget-wrap elementor-element-populated\">\n\t\t\t\t\t\t<div class=\"elementor-element elementor-element-706780f elementor-widget elementor-widget-image\" data-id=\"706780f\" data-element_type=\"widget\" data-e-type=\"widget\" data-widget_type=\"image.default\">\n\t\t\t\t\t\t\t\t\t\t\t\t\t\t\t\t<a href=\"https:\/\/gulfnews.com\/kurator\/style\/editions-debut-brings-limited-edition-art-and-design-to-dubai-for-the-first-time-1.1729508630051\" target=\"_blank\">\n\t\t\t\t\t\t\t<img loading=\"lazy\" decoding=\"async\" width=\"2200\" height=\"1508\" src=\"https:\/\/cmgmarrakech.com\/wp-content\/uploads\/2024\/10\/MOHAMED-MELEHI-1936-2020-COMPOSITION-1970-Serigraphy-Signed-and-dated-lower-right-Edition-5-40-45-x-63-cm.jpg\" class=\"attachment-full size-full wp-image-13814\" alt=\"\" srcset=\"https:\/\/cmgmarrakech.com\/wp-content\/uploads\/2024\/10\/MOHAMED-MELEHI-1936-2020-COMPOSITION-1970-Serigraphy-Signed-and-dated-lower-right-Edition-5-40-45-x-63-cm.jpg 2200w, https:\/\/cmgmarrakech.com\/wp-content\/uploads\/2024\/10\/MOHAMED-MELEHI-1936-2020-COMPOSITION-1970-Serigraphy-Signed-and-dated-lower-right-Edition-5-40-45-x-63-cm-300x206.jpg 300w, https:\/\/cmgmarrakech.com\/wp-content\/uploads\/2024\/10\/MOHAMED-MELEHI-1936-2020-COMPOSITION-1970-Serigraphy-Signed-and-dated-lower-right-Edition-5-40-45-x-63-cm-1024x702.jpg 1024w, https:\/\/cmgmarrakech.com\/wp-content\/uploads\/2024\/10\/MOHAMED-MELEHI-1936-2020-COMPOSITION-1970-Serigraphy-Signed-and-dated-lower-right-Edition-5-40-45-x-63-cm-768x526.jpg 768w, https:\/\/cmgmarrakech.com\/wp-content\/uploads\/2024\/10\/MOHAMED-MELEHI-1936-2020-COMPOSITION-1970-Serigraphy-Signed-and-dated-lower-right-Edition-5-40-45-x-63-cm-1536x1053.jpg 1536w, https:\/\/cmgmarrakech.com\/wp-content\/uploads\/2024\/10\/MOHAMED-MELEHI-1936-2020-COMPOSITION-1970-Serigraphy-Signed-and-dated-lower-right-Edition-5-40-45-x-63-cm-2048x1404.jpg 2048w, https:\/\/cmgmarrakech.com\/wp-content\/uploads\/2024\/10\/MOHAMED-MELEHI-1936-2020-COMPOSITION-1970-Serigraphy-Signed-and-dated-lower-right-Edition-5-40-45-x-63-cm-18x12.jpg 18w, https:\/\/cmgmarrakech.com\/wp-content\/uploads\/2024\/10\/MOHAMED-MELEHI-1936-2020-COMPOSITION-1970-Serigraphy-Signed-and-dated-lower-right-Edition-5-40-45-x-63-cm-415x284.jpg 415w, https:\/\/cmgmarrakech.com\/wp-content\/uploads\/2024\/10\/MOHAMED-MELEHI-1936-2020-COMPOSITION-1970-Serigraphy-Signed-and-dated-lower-right-Edition-5-40-45-x-63-cm-650x446.jpg 650w, https:\/\/cmgmarrakech.com\/wp-content\/uploads\/2024\/10\/MOHAMED-MELEHI-1936-2020-COMPOSITION-1970-Serigraphy-Signed-and-dated-lower-right-Edition-5-40-45-x-63-cm-250x171.jpg 250w\" sizes=\"(max-width: 2200px) 100vw, 2200px\" \/>\t\t\t\t\t\t\t\t<\/a>\n\t\t\t\t\t\t\t\t\t\t\t\t\t\t\t<\/div>\n\t\t\t\t<div class=\"elementor-element elementor-element-dff355f elementor-widget elementor-widget-heading\" data-id=\"dff355f\" data-element_type=\"widget\" data-e-type=\"widget\" data-widget_type=\"heading.default\">\n\t\t\t\t\t<h2 class=\"elementor-heading-title elementor-size-default\"><a href=\"https:\/\/gulfnews.com\/kurator\/style\/editions-debut-brings-limited-edition-art-and-design-to-dubai-for-the-first-time-1.1729508630051\" target=\"_blank\">'Editions' debut brings limited edition art and design to Dubai for the first time<\/a><\/h2>\t\t\t\t<\/div>\n\t\t\t\t<div class=\"elementor-element elementor-element-f80a45b elementor-widget elementor-widget-text-editor\" data-id=\"f80a45b\" data-element_type=\"widget\" data-e-type=\"widget\" data-widget_type=\"text-editor.default\">\n\t\t\t\t\t\t\t\t\t<p>Gulf News<\/p>\t\t\t\t\t\t\t\t<\/div>\n\t\t\t\t\t<\/div>\n\t\t<\/div>\n\t\t\t\t\t<\/div>\n\t\t<\/section>\n\t\t\t\t<section class=\"elementor-section elementor-top-section elementor-element elementor-element-f36e4e0 animated-slow elementor-section-boxed elementor-section-height-default elementor-section-height-default\" data-id=\"f36e4e0\" data-element_type=\"section\" data-e-type=\"section\" data-settings=\"{&quot;animation&quot;:&quot;none&quot;}\">\n\t\t\t\t\t\t<div class=\"elementor-container elementor-column-gap-default\">\n\t\t\t\t\t<div class=\"elementor-column elementor-col-50 elementor-top-column elementor-element elementor-element-26324a3\" data-id=\"26324a3\" data-element_type=\"column\" data-e-type=\"column\">\n\t\t\t<div class=\"elementor-widget-wrap elementor-element-populated\">\n\t\t\t\t\t\t<div class=\"elementor-element elementor-element-af0ea88 elementor-widget elementor-widget-image\" data-id=\"af0ea88\" data-element_type=\"widget\" data-e-type=\"widget\" data-widget_type=\"image.default\">\n\t\t\t\t\t\t\t\t\t\t\t\t\t\t\t\t<a href=\"http:\/\/we-arty.com\/Programme-we-arty\/\" target=\"_blank\">\n\t\t\t\t\t\t\t<img loading=\"lazy\" decoding=\"async\" width=\"2200\" height=\"1493\" src=\"https:\/\/cmgmarrakech.com\/wp-content\/uploads\/2024\/10\/Mohamed-Arejdal-Lawhat-2022-2.jpg\" class=\"attachment-full size-full wp-image-13865\" alt=\"\" srcset=\"https:\/\/cmgmarrakech.com\/wp-content\/uploads\/2024\/10\/Mohamed-Arejdal-Lawhat-2022-2.jpg 2200w, https:\/\/cmgmarrakech.com\/wp-content\/uploads\/2024\/10\/Mohamed-Arejdal-Lawhat-2022-2-300x204.jpg 300w, https:\/\/cmgmarrakech.com\/wp-content\/uploads\/2024\/10\/Mohamed-Arejdal-Lawhat-2022-2-1024x695.jpg 1024w, https:\/\/cmgmarrakech.com\/wp-content\/uploads\/2024\/10\/Mohamed-Arejdal-Lawhat-2022-2-768x521.jpg 768w, https:\/\/cmgmarrakech.com\/wp-content\/uploads\/2024\/10\/Mohamed-Arejdal-Lawhat-2022-2-1536x1042.jpg 1536w, https:\/\/cmgmarrakech.com\/wp-content\/uploads\/2024\/10\/Mohamed-Arejdal-Lawhat-2022-2-2048x1390.jpg 2048w, https:\/\/cmgmarrakech.com\/wp-content\/uploads\/2024\/10\/Mohamed-Arejdal-Lawhat-2022-2-18x12.jpg 18w, https:\/\/cmgmarrakech.com\/wp-content\/uploads\/2024\/10\/Mohamed-Arejdal-Lawhat-2022-2-415x282.jpg 415w, https:\/\/cmgmarrakech.com\/wp-content\/uploads\/2024\/10\/Mohamed-Arejdal-Lawhat-2022-2-650x441.jpg 650w, https:\/\/cmgmarrakech.com\/wp-content\/uploads\/2024\/10\/Mohamed-Arejdal-Lawhat-2022-2-250x170.jpg 250w\" sizes=\"(max-width: 2200px) 100vw, 2200px\" \/>\t\t\t\t\t\t\t\t<\/a>\n\t\t\t\t\t\t\t\t\t\t\t\t\t\t\t<\/div>\n\t\t\t\t<div class=\"elementor-element elementor-element-7251578 elementor-widget elementor-widget-heading\" data-id=\"7251578\" data-element_type=\"widget\" data-e-type=\"widget\" data-widget_type=\"heading.default\">\n\t\t\t\t\t<h2 class=\"elementor-heading-title elementor-size-default\"><a href=\"http:\/\/we-arty.com\/Programme-we-arty\/\" target=\"_blank\">Programme We Arty<\/a><\/h2>\t\t\t\t<\/div>\n\t\t\t\t<div class=\"elementor-element elementor-element-a46afcd elementor-widget elementor-widget-text-editor\" data-id=\"a46afcd\" data-element_type=\"widget\" data-e-type=\"widget\" data-widget_type=\"text-editor.default\">\n\t\t\t\t\t\t\t\t\t<p>We Arty<\/p>\t\t\t\t\t\t\t\t<\/div>\n\t\t\t\t\t<\/div>\n\t\t<\/div>\n\t\t\t\t<div class=\"elementor-column elementor-col-50 elementor-top-column elementor-element elementor-element-6a03892\" data-id=\"6a03892\" data-element_type=\"column\" data-e-type=\"column\">\n\t\t\t<div class=\"elementor-widget-wrap elementor-element-populated\">\n\t\t\t\t\t\t<div class=\"elementor-element elementor-element-788c324 elementor-widget elementor-widget-image\" data-id=\"788c324\" data-element_type=\"widget\" data-e-type=\"widget\" data-widget_type=\"image.default\">\n\t\t\t\t\t\t\t\t\t\t\t\t\t\t\t\t<a href=\"https:\/\/www.decoactuelle.ma\/we-arty-1ere-edition\/\" target=\"_blank\">\n\t\t\t\t\t\t\t<img loading=\"lazy\" decoding=\"async\" width=\"2200\" height=\"1513\" src=\"https:\/\/cmgmarrakech.com\/wp-content\/uploads\/2024\/10\/Mohamed-Arejdal-Lawhat-2022-1.jpg\" class=\"attachment-full size-full wp-image-13643\" alt=\"\" srcset=\"https:\/\/cmgmarrakech.com\/wp-content\/uploads\/2024\/10\/Mohamed-Arejdal-Lawhat-2022-1.jpg 2200w, https:\/\/cmgmarrakech.com\/wp-content\/uploads\/2024\/10\/Mohamed-Arejdal-Lawhat-2022-1-300x206.jpg 300w, https:\/\/cmgmarrakech.com\/wp-content\/uploads\/2024\/10\/Mohamed-Arejdal-Lawhat-2022-1-1024x704.jpg 1024w, https:\/\/cmgmarrakech.com\/wp-content\/uploads\/2024\/10\/Mohamed-Arejdal-Lawhat-2022-1-768x528.jpg 768w, https:\/\/cmgmarrakech.com\/wp-content\/uploads\/2024\/10\/Mohamed-Arejdal-Lawhat-2022-1-1536x1056.jpg 1536w, https:\/\/cmgmarrakech.com\/wp-content\/uploads\/2024\/10\/Mohamed-Arejdal-Lawhat-2022-1-2048x1408.jpg 2048w, https:\/\/cmgmarrakech.com\/wp-content\/uploads\/2024\/10\/Mohamed-Arejdal-Lawhat-2022-1-18x12.jpg 18w, https:\/\/cmgmarrakech.com\/wp-content\/uploads\/2024\/10\/Mohamed-Arejdal-Lawhat-2022-1-1200x825.jpg 1200w, https:\/\/cmgmarrakech.com\/wp-content\/uploads\/2024\/10\/Mohamed-Arejdal-Lawhat-2022-1-960x660.jpg 960w, https:\/\/cmgmarrakech.com\/wp-content\/uploads\/2024\/10\/Mohamed-Arejdal-Lawhat-2022-1-415x285.jpg 415w, https:\/\/cmgmarrakech.com\/wp-content\/uploads\/2024\/10\/Mohamed-Arejdal-Lawhat-2022-1-650x447.jpg 650w, https:\/\/cmgmarrakech.com\/wp-content\/uploads\/2024\/10\/Mohamed-Arejdal-Lawhat-2022-1-250x172.jpg 250w\" sizes=\"(max-width: 2200px) 100vw, 2200px\" \/>\t\t\t\t\t\t\t\t<\/a>\n\t\t\t\t\t\t\t\t\t\t\t\t\t\t\t<\/div>\n\t\t\t\t<div class=\"elementor-element elementor-element-93ccc66 elementor-widget elementor-widget-heading\" data-id=\"93ccc66\" data-element_type=\"widget\" data-e-type=\"widget\" data-widget_type=\"heading.default\">\n\t\t\t\t\t<h2 class=\"elementor-heading-title elementor-size-default\"><a href=\"https:\/\/www.decoactuelle.ma\/we-arty-1ere-edition\/\" target=\"_blank\">We Arty 1\u00e8re \u00e9dition\n<\/a><\/h2>\t\t\t\t<\/div>\n\t\t\t\t<div class=\"elementor-element elementor-element-7878fc5 elementor-widget elementor-widget-text-editor\" data-id=\"7878fc5\" data-element_type=\"widget\" data-e-type=\"widget\" data-widget_type=\"text-editor.default\">\n\t\t\t\t\t\t\t\t\t<p>Deco Actuelle<\/p>\t\t\t\t\t\t\t\t<\/div>\n\t\t\t\t\t<\/div>\n\t\t<\/div>\n\t\t\t\t\t<\/div>\n\t\t<\/section>\n\t\t\t\t<section class=\"elementor-section elementor-top-section elementor-element elementor-element-9937e78 animated-slow elementor-section-boxed elementor-section-height-default elementor-section-height-default\" data-id=\"9937e78\" data-element_type=\"section\" data-e-type=\"section\" data-settings=\"{&quot;animation&quot;:&quot;none&quot;}\">\n\t\t\t\t\t\t<div class=\"elementor-container elementor-column-gap-default\">\n\t\t\t\t\t<div class=\"elementor-column elementor-col-50 elementor-top-column elementor-element elementor-element-d324b7d\" data-id=\"d324b7d\" data-element_type=\"column\" data-e-type=\"column\">\n\t\t\t<div class=\"elementor-widget-wrap elementor-element-populated\">\n\t\t\t\t\t\t<div class=\"elementor-element elementor-element-76e8877 elementor-widget elementor-widget-image\" data-id=\"76e8877\" data-element_type=\"widget\" data-e-type=\"widget\" data-widget_type=\"image.default\">\n\t\t\t\t\t\t\t\t\t\t\t\t\t\t\t\t<a href=\"https:\/\/www.artnewspaper.fr\/2024\/09\/20\/a-menart-fair-focus-sur-les-artistes-femmes-du-monde-arabe\" target=\"_blank\">\n\t\t\t\t\t\t\t<img loading=\"lazy\" decoding=\"async\" width=\"1798\" height=\"1200\" src=\"https:\/\/cmgmarrakech.com\/wp-content\/uploads\/2024\/10\/Fatiha-Zemmouri-sans-titre-2024-a-gauche-Katya-Traboulsi-Rejaa-ya-mama-maman-je-reviens-2023-a-droite_Galerie-Comptoir-des-Mines.jpeg\" class=\"attachment-full size-full wp-image-13568\" alt=\"\" srcset=\"https:\/\/cmgmarrakech.com\/wp-content\/uploads\/2024\/10\/Fatiha-Zemmouri-sans-titre-2024-a-gauche-Katya-Traboulsi-Rejaa-ya-mama-maman-je-reviens-2023-a-droite_Galerie-Comptoir-des-Mines.jpeg 1798w, https:\/\/cmgmarrakech.com\/wp-content\/uploads\/2024\/10\/Fatiha-Zemmouri-sans-titre-2024-a-gauche-Katya-Traboulsi-Rejaa-ya-mama-maman-je-reviens-2023-a-droite_Galerie-Comptoir-des-Mines-300x200.jpeg 300w, https:\/\/cmgmarrakech.com\/wp-content\/uploads\/2024\/10\/Fatiha-Zemmouri-sans-titre-2024-a-gauche-Katya-Traboulsi-Rejaa-ya-mama-maman-je-reviens-2023-a-droite_Galerie-Comptoir-des-Mines-1024x683.jpeg 1024w, https:\/\/cmgmarrakech.com\/wp-content\/uploads\/2024\/10\/Fatiha-Zemmouri-sans-titre-2024-a-gauche-Katya-Traboulsi-Rejaa-ya-mama-maman-je-reviens-2023-a-droite_Galerie-Comptoir-des-Mines-768x513.jpeg 768w, https:\/\/cmgmarrakech.com\/wp-content\/uploads\/2024\/10\/Fatiha-Zemmouri-sans-titre-2024-a-gauche-Katya-Traboulsi-Rejaa-ya-mama-maman-je-reviens-2023-a-droite_Galerie-Comptoir-des-Mines-1536x1025.jpeg 1536w, https:\/\/cmgmarrakech.com\/wp-content\/uploads\/2024\/10\/Fatiha-Zemmouri-sans-titre-2024-a-gauche-Katya-Traboulsi-Rejaa-ya-mama-maman-je-reviens-2023-a-droite_Galerie-Comptoir-des-Mines-18x12.jpeg 18w, https:\/\/cmgmarrakech.com\/wp-content\/uploads\/2024\/10\/Fatiha-Zemmouri-sans-titre-2024-a-gauche-Katya-Traboulsi-Rejaa-ya-mama-maman-je-reviens-2023-a-droite_Galerie-Comptoir-des-Mines-415x277.jpeg 415w, https:\/\/cmgmarrakech.com\/wp-content\/uploads\/2024\/10\/Fatiha-Zemmouri-sans-titre-2024-a-gauche-Katya-Traboulsi-Rejaa-ya-mama-maman-je-reviens-2023-a-droite_Galerie-Comptoir-des-Mines-650x434.jpeg 650w, https:\/\/cmgmarrakech.com\/wp-content\/uploads\/2024\/10\/Fatiha-Zemmouri-sans-titre-2024-a-gauche-Katya-Traboulsi-Rejaa-ya-mama-maman-je-reviens-2023-a-droite_Galerie-Comptoir-des-Mines-250x167.jpeg 250w\" sizes=\"(max-width: 1798px) 100vw, 1798px\" \/>\t\t\t\t\t\t\t\t<\/a>\n\t\t\t\t\t\t\t\t\t\t\t\t\t\t\t<\/div>\n\t\t\t\t<div class=\"elementor-element elementor-element-2da0440 elementor-widget elementor-widget-heading\" data-id=\"2da0440\" data-element_type=\"widget\" data-e-type=\"widget\" data-widget_type=\"heading.default\">\n\t\t\t\t\t<h2 class=\"elementor-heading-title elementor-size-default\"><a href=\"https:\/\/www.artnewspaper.fr\/2024\/09\/20\/a-menart-fair-focus-sur-les-artistes-femmes-du-monde-arabe\" target=\"_blank\">\u00c0 Menart Fair, focus sur les artistes femmes du monde arabe<\/a><\/h2>\t\t\t\t<\/div>\n\t\t\t\t<div class=\"elementor-element elementor-element-75a0190 elementor-widget elementor-widget-text-editor\" data-id=\"75a0190\" data-element_type=\"widget\" data-e-type=\"widget\" data-widget_type=\"text-editor.default\">\n\t\t\t\t\t\t\t\t\t<p>Art Newspaper<\/p>\t\t\t\t\t\t\t\t<\/div>\n\t\t\t\t\t<\/div>\n\t\t<\/div>\n\t\t\t\t<div class=\"elementor-column elementor-col-50 elementor-top-column elementor-element elementor-element-1018b44\" data-id=\"1018b44\" data-element_type=\"column\" data-e-type=\"column\">\n\t\t\t<div class=\"elementor-widget-wrap elementor-element-populated\">\n\t\t\t\t\t\t<div class=\"elementor-element elementor-element-ad7f444 elementor-widget elementor-widget-image\" data-id=\"ad7f444\" data-element_type=\"widget\" data-e-type=\"widget\" data-widget_type=\"image.default\">\n\t\t\t\t\t\t\t\t\t\t\t\t\t\t\t\t<a href=\"https:\/\/www.lequotidiendelart.com\/articles\/26218-menart-fair-une-%C3%A9dition-militante.html\" target=\"_blank\">\n\t\t\t\t\t\t\t<img loading=\"lazy\" decoding=\"async\" width=\"1798\" height=\"1200\" src=\"https:\/\/cmgmarrakech.com\/wp-content\/uploads\/2024\/09\/Khadija-Jayi-Les-reliques-de-la-terre-065-2024-technique-mixte-et-papier-brule-detail.jpg\" class=\"attachment-full size-full wp-image-12933\" alt=\"\" srcset=\"https:\/\/cmgmarrakech.com\/wp-content\/uploads\/2024\/09\/Khadija-Jayi-Les-reliques-de-la-terre-065-2024-technique-mixte-et-papier-brule-detail.jpg 1798w, https:\/\/cmgmarrakech.com\/wp-content\/uploads\/2024\/09\/Khadija-Jayi-Les-reliques-de-la-terre-065-2024-technique-mixte-et-papier-brule-detail-300x200.jpg 300w, https:\/\/cmgmarrakech.com\/wp-content\/uploads\/2024\/09\/Khadija-Jayi-Les-reliques-de-la-terre-065-2024-technique-mixte-et-papier-brule-detail-1024x683.jpg 1024w, https:\/\/cmgmarrakech.com\/wp-content\/uploads\/2024\/09\/Khadija-Jayi-Les-reliques-de-la-terre-065-2024-technique-mixte-et-papier-brule-detail-768x513.jpg 768w, https:\/\/cmgmarrakech.com\/wp-content\/uploads\/2024\/09\/Khadija-Jayi-Les-reliques-de-la-terre-065-2024-technique-mixte-et-papier-brule-detail-1536x1025.jpg 1536w, https:\/\/cmgmarrakech.com\/wp-content\/uploads\/2024\/09\/Khadija-Jayi-Les-reliques-de-la-terre-065-2024-technique-mixte-et-papier-brule-detail-18x12.jpg 18w, https:\/\/cmgmarrakech.com\/wp-content\/uploads\/2024\/09\/Khadija-Jayi-Les-reliques-de-la-terre-065-2024-technique-mixte-et-papier-brule-detail-415x277.jpg 415w, https:\/\/cmgmarrakech.com\/wp-content\/uploads\/2024\/09\/Khadija-Jayi-Les-reliques-de-la-terre-065-2024-technique-mixte-et-papier-brule-detail-650x434.jpg 650w, https:\/\/cmgmarrakech.com\/wp-content\/uploads\/2024\/09\/Khadija-Jayi-Les-reliques-de-la-terre-065-2024-technique-mixte-et-papier-brule-detail-250x167.jpg 250w\" sizes=\"(max-width: 1798px) 100vw, 1798px\" \/>\t\t\t\t\t\t\t\t<\/a>\n\t\t\t\t\t\t\t\t\t\t\t\t\t\t\t<\/div>\n\t\t\t\t<div class=\"elementor-element elementor-element-05cccc8 elementor-widget elementor-widget-heading\" data-id=\"05cccc8\" data-element_type=\"widget\" data-e-type=\"widget\" data-widget_type=\"heading.default\">\n\t\t\t\t\t<h2 class=\"elementor-heading-title elementor-size-default\"><a href=\"https:\/\/www.lequotidiendelart.com\/articles\/26218-menart-fair-une-%C3%A9dition-militante.html\" target=\"_blank\">Menart Fair, une \u00e9dition militante<\/a><\/h2>\t\t\t\t<\/div>\n\t\t\t\t<div class=\"elementor-element elementor-element-3fefe1f elementor-widget elementor-widget-text-editor\" data-id=\"3fefe1f\" data-element_type=\"widget\" data-e-type=\"widget\" data-widget_type=\"text-editor.default\">\n\t\t\t\t\t\t\t\t\t<p>le quotidien de l&rsquo;art<\/p>\t\t\t\t\t\t\t\t<\/div>\n\t\t\t\t\t<\/div>\n\t\t<\/div>\n\t\t\t\t\t<\/div>\n\t\t<\/section>\n\t\t\t\t<section class=\"elementor-section elementor-top-section elementor-element elementor-element-9b15cff animated-slow elementor-section-boxed elementor-section-height-default elementor-section-height-default\" data-id=\"9b15cff\" data-element_type=\"section\" data-e-type=\"section\" data-settings=\"{&quot;animation&quot;:&quot;none&quot;}\">\n\t\t\t\t\t\t<div class=\"elementor-container elementor-column-gap-default\">\n\t\t\t\t\t<div class=\"elementor-column elementor-col-50 elementor-top-column elementor-element elementor-element-f861477\" data-id=\"f861477\" data-element_type=\"column\" data-e-type=\"column\">\n\t\t\t<div class=\"elementor-widget-wrap elementor-element-populated\">\n\t\t\t\t\t\t<div class=\"elementor-element elementor-element-36df0ca elementor-widget elementor-widget-image\" data-id=\"36df0ca\" data-element_type=\"widget\" data-e-type=\"widget\" data-widget_type=\"image.default\">\n\t\t\t\t\t\t\t\t\t\t\t\t\t\t\t\t<a href=\"https:\/\/artbreath.org\/coffee-talk\/menart-fair-2024-tribute-to-women-artists\" target=\"_blank\">\n\t\t\t\t\t\t\t<img loading=\"lazy\" decoding=\"async\" width=\"1798\" height=\"1200\" src=\"https:\/\/cmgmarrakech.com\/wp-content\/uploads\/2024\/09\/CMG-at-Menart-Fair-2024-public.jpg\" class=\"attachment-full size-full wp-image-12916\" alt=\"\" srcset=\"https:\/\/cmgmarrakech.com\/wp-content\/uploads\/2024\/09\/CMG-at-Menart-Fair-2024-public.jpg 1798w, https:\/\/cmgmarrakech.com\/wp-content\/uploads\/2024\/09\/CMG-at-Menart-Fair-2024-public-300x200.jpg 300w, https:\/\/cmgmarrakech.com\/wp-content\/uploads\/2024\/09\/CMG-at-Menart-Fair-2024-public-1024x683.jpg 1024w, https:\/\/cmgmarrakech.com\/wp-content\/uploads\/2024\/09\/CMG-at-Menart-Fair-2024-public-768x513.jpg 768w, https:\/\/cmgmarrakech.com\/wp-content\/uploads\/2024\/09\/CMG-at-Menart-Fair-2024-public-1536x1025.jpg 1536w, https:\/\/cmgmarrakech.com\/wp-content\/uploads\/2024\/09\/CMG-at-Menart-Fair-2024-public-18x12.jpg 18w, https:\/\/cmgmarrakech.com\/wp-content\/uploads\/2024\/09\/CMG-at-Menart-Fair-2024-public-415x277.jpg 415w, https:\/\/cmgmarrakech.com\/wp-content\/uploads\/2024\/09\/CMG-at-Menart-Fair-2024-public-650x434.jpg 650w, https:\/\/cmgmarrakech.com\/wp-content\/uploads\/2024\/09\/CMG-at-Menart-Fair-2024-public-250x167.jpg 250w\" sizes=\"(max-width: 1798px) 100vw, 1798px\" \/>\t\t\t\t\t\t\t\t<\/a>\n\t\t\t\t\t\t\t\t\t\t\t\t\t\t\t<\/div>\n\t\t\t\t<div class=\"elementor-element elementor-element-87a9cc9 elementor-widget elementor-widget-heading\" data-id=\"87a9cc9\" data-element_type=\"widget\" data-e-type=\"widget\" data-widget_type=\"heading.default\">\n\t\t\t\t\t<h2 class=\"elementor-heading-title elementor-size-default\"><a href=\"https:\/\/artbreath.org\/coffee-talk\/menart-fair-2024-tribute-to-women-artists\" target=\"_blank\">Menart Fair 2024\nTribute to Women Artists\n<\/a><\/h2>\t\t\t\t<\/div>\n\t\t\t\t<div class=\"elementor-element elementor-element-8b89dc7 elementor-widget elementor-widget-text-editor\" data-id=\"8b89dc7\" data-element_type=\"widget\" data-e-type=\"widget\" data-widget_type=\"text-editor.default\">\n\t\t\t\t\t\t\t\t\t<p>Art Breath<\/p>\t\t\t\t\t\t\t\t<\/div>\n\t\t\t\t\t<\/div>\n\t\t<\/div>\n\t\t\t\t<div class=\"elementor-column elementor-col-50 elementor-top-column elementor-element elementor-element-6716fcd\" data-id=\"6716fcd\" data-element_type=\"column\" data-e-type=\"column\">\n\t\t\t<div class=\"elementor-widget-wrap elementor-element-populated\">\n\t\t\t\t\t\t<div class=\"elementor-element elementor-element-8e0e9ac elementor-widget elementor-widget-image\" data-id=\"8e0e9ac\" data-element_type=\"widget\" data-e-type=\"widget\" data-widget_type=\"image.default\">\n\t\t\t\t\t\t\t\t\t\t\t\t\t\t\t\t<a href=\"https:\/\/menart-fair.com\/wp-content\/uploads\/2024\/09\/7%C2%B0-BxArts_2024-09.pdf\" target=\"_blank\">\n\t\t\t\t\t\t\t<img loading=\"lazy\" decoding=\"async\" width=\"1798\" height=\"1200\" src=\"https:\/\/cmgmarrakech.com\/wp-content\/uploads\/2024\/09\/Katya-Traboulsi-Malikeh-2023-Installation-murale-fer-peint-a-la-main-detail.jpg\" class=\"attachment-full size-full wp-image-12903\" alt=\"\" srcset=\"https:\/\/cmgmarrakech.com\/wp-content\/uploads\/2024\/09\/Katya-Traboulsi-Malikeh-2023-Installation-murale-fer-peint-a-la-main-detail.jpg 1798w, https:\/\/cmgmarrakech.com\/wp-content\/uploads\/2024\/09\/Katya-Traboulsi-Malikeh-2023-Installation-murale-fer-peint-a-la-main-detail-300x200.jpg 300w, https:\/\/cmgmarrakech.com\/wp-content\/uploads\/2024\/09\/Katya-Traboulsi-Malikeh-2023-Installation-murale-fer-peint-a-la-main-detail-1024x683.jpg 1024w, https:\/\/cmgmarrakech.com\/wp-content\/uploads\/2024\/09\/Katya-Traboulsi-Malikeh-2023-Installation-murale-fer-peint-a-la-main-detail-768x513.jpg 768w, https:\/\/cmgmarrakech.com\/wp-content\/uploads\/2024\/09\/Katya-Traboulsi-Malikeh-2023-Installation-murale-fer-peint-a-la-main-detail-1536x1025.jpg 1536w, https:\/\/cmgmarrakech.com\/wp-content\/uploads\/2024\/09\/Katya-Traboulsi-Malikeh-2023-Installation-murale-fer-peint-a-la-main-detail-18x12.jpg 18w, https:\/\/cmgmarrakech.com\/wp-content\/uploads\/2024\/09\/Katya-Traboulsi-Malikeh-2023-Installation-murale-fer-peint-a-la-main-detail-415x277.jpg 415w, https:\/\/cmgmarrakech.com\/wp-content\/uploads\/2024\/09\/Katya-Traboulsi-Malikeh-2023-Installation-murale-fer-peint-a-la-main-detail-650x434.jpg 650w, https:\/\/cmgmarrakech.com\/wp-content\/uploads\/2024\/09\/Katya-Traboulsi-Malikeh-2023-Installation-murale-fer-peint-a-la-main-detail-250x167.jpg 250w\" sizes=\"(max-width: 1798px) 100vw, 1798px\" \/>\t\t\t\t\t\t\t\t<\/a>\n\t\t\t\t\t\t\t\t\t\t\t\t\t\t\t<\/div>\n\t\t\t\t<div class=\"elementor-element elementor-element-9a7b08e elementor-widget elementor-widget-heading\" data-id=\"9a7b08e\" data-element_type=\"widget\" data-e-type=\"widget\" data-widget_type=\"heading.default\">\n\t\t\t\t\t<h2 class=\"elementor-heading-title elementor-size-default\"><a href=\"https:\/\/menart-fair.com\/wp-content\/uploads\/2024\/09\/7%C2%B0-BxArts_2024-09.pdf\" target=\"_blank\">Menart Fair c\u00e9l\u00e8bre la cr\u00e9ation au f\u00e9minin<\/a><\/h2>\t\t\t\t<\/div>\n\t\t\t\t<div class=\"elementor-element elementor-element-464220a elementor-widget elementor-widget-text-editor\" data-id=\"464220a\" data-element_type=\"widget\" data-e-type=\"widget\" data-widget_type=\"text-editor.default\">\n\t\t\t\t\t\t\t\t\t<p>Beaux Arts<\/p>\t\t\t\t\t\t\t\t<\/div>\n\t\t\t\t\t<\/div>\n\t\t<\/div>\n\t\t\t\t\t<\/div>\n\t\t<\/section>\n\t\t\t\t<section class=\"elementor-section elementor-top-section elementor-element elementor-element-8fb50b8 animated-slow elementor-section-boxed elementor-section-height-default elementor-section-height-default\" data-id=\"8fb50b8\" data-element_type=\"section\" data-e-type=\"section\" data-settings=\"{&quot;animation&quot;:&quot;none&quot;}\">\n\t\t\t\t\t\t<div class=\"elementor-container elementor-column-gap-default\">\n\t\t\t\t\t<div class=\"elementor-column elementor-col-50 elementor-top-column elementor-element elementor-element-4dddf2a\" data-id=\"4dddf2a\" data-element_type=\"column\" data-e-type=\"column\">\n\t\t\t<div class=\"elementor-widget-wrap elementor-element-populated\">\n\t\t\t\t\t\t<div class=\"elementor-element elementor-element-a0a478c elementor-widget elementor-widget-image\" data-id=\"a0a478c\" data-element_type=\"widget\" data-e-type=\"widget\" data-widget_type=\"image.default\">\n\t\t\t\t\t\t\t\t\t\t\t\t\t\t\t\t<a href=\"https:\/\/www.artnewspaper.fr\/2024\/09\/18\/menart-fair-les-femmes-a-lhonneur\" target=\"_blank\">\n\t\t\t\t\t\t\t<img loading=\"lazy\" decoding=\"async\" width=\"1798\" height=\"1200\" src=\"https:\/\/cmgmarrakech.com\/wp-content\/uploads\/2024\/09\/Sans-titre-2024-argile-brute-et-pigments-naturels-sur-bois-diametre-detail-1-1.jpg\" class=\"attachment-full size-full wp-image-12910\" alt=\"\" srcset=\"https:\/\/cmgmarrakech.com\/wp-content\/uploads\/2024\/09\/Sans-titre-2024-argile-brute-et-pigments-naturels-sur-bois-diametre-detail-1-1.jpg 1798w, https:\/\/cmgmarrakech.com\/wp-content\/uploads\/2024\/09\/Sans-titre-2024-argile-brute-et-pigments-naturels-sur-bois-diametre-detail-1-1-300x200.jpg 300w, https:\/\/cmgmarrakech.com\/wp-content\/uploads\/2024\/09\/Sans-titre-2024-argile-brute-et-pigments-naturels-sur-bois-diametre-detail-1-1-1024x683.jpg 1024w, https:\/\/cmgmarrakech.com\/wp-content\/uploads\/2024\/09\/Sans-titre-2024-argile-brute-et-pigments-naturels-sur-bois-diametre-detail-1-1-768x513.jpg 768w, https:\/\/cmgmarrakech.com\/wp-content\/uploads\/2024\/09\/Sans-titre-2024-argile-brute-et-pigments-naturels-sur-bois-diametre-detail-1-1-1536x1025.jpg 1536w, https:\/\/cmgmarrakech.com\/wp-content\/uploads\/2024\/09\/Sans-titre-2024-argile-brute-et-pigments-naturels-sur-bois-diametre-detail-1-1-18x12.jpg 18w, https:\/\/cmgmarrakech.com\/wp-content\/uploads\/2024\/09\/Sans-titre-2024-argile-brute-et-pigments-naturels-sur-bois-diametre-detail-1-1-415x277.jpg 415w, https:\/\/cmgmarrakech.com\/wp-content\/uploads\/2024\/09\/Sans-titre-2024-argile-brute-et-pigments-naturels-sur-bois-diametre-detail-1-1-650x434.jpg 650w, https:\/\/cmgmarrakech.com\/wp-content\/uploads\/2024\/09\/Sans-titre-2024-argile-brute-et-pigments-naturels-sur-bois-diametre-detail-1-1-250x167.jpg 250w\" sizes=\"(max-width: 1798px) 100vw, 1798px\" \/>\t\t\t\t\t\t\t\t<\/a>\n\t\t\t\t\t\t\t\t\t\t\t\t\t\t\t<\/div>\n\t\t\t\t<div class=\"elementor-element elementor-element-052a69d elementor-widget elementor-widget-heading\" data-id=\"052a69d\" data-element_type=\"widget\" data-e-type=\"widget\" data-widget_type=\"heading.default\">\n\t\t\t\t\t<h2 class=\"elementor-heading-title elementor-size-default\"><a href=\"https:\/\/www.artnewspaper.fr\/2024\/09\/18\/menart-fair-les-femmes-a-lhonneur\" target=\"_blank\">Menart Fair : les femmes \u00e0 l'honneur<\/a><\/h2>\t\t\t\t<\/div>\n\t\t\t\t<div class=\"elementor-element elementor-element-4b00cfd elementor-widget elementor-widget-text-editor\" data-id=\"4b00cfd\" data-element_type=\"widget\" data-e-type=\"widget\" data-widget_type=\"text-editor.default\">\n\t\t\t\t\t\t\t\t\t<p>Art Newspaper<\/p>\t\t\t\t\t\t\t\t<\/div>\n\t\t\t\t\t<\/div>\n\t\t<\/div>\n\t\t\t\t<div class=\"elementor-column elementor-col-50 elementor-top-column elementor-element elementor-element-e683835\" data-id=\"e683835\" data-element_type=\"column\" data-e-type=\"column\">\n\t\t\t<div class=\"elementor-widget-wrap elementor-element-populated\">\n\t\t\t\t\t\t<div class=\"elementor-element elementor-element-046fb95 elementor-widget elementor-widget-image\" data-id=\"046fb95\" data-element_type=\"widget\" data-e-type=\"widget\" data-widget_type=\"image.default\">\n\t\t\t\t\t\t\t\t\t\t\t\t\t\t\t\t<a href=\"https:\/\/www.gazette-drouot.com\/article\/menart-fair-une-5e-edition-100-25-dediee-aux-femmes\/52596\" target=\"_blank\">\n\t\t\t\t\t\t\t<img loading=\"lazy\" decoding=\"async\" width=\"1798\" height=\"1200\" src=\"https:\/\/cmgmarrakech.com\/wp-content\/uploads\/2024\/09\/Khadija-Jayi-Les-reliques-de-la-terre-067-2024-technique-mixte-papier-brule-et-acrylique-detial.jpg\" class=\"attachment-full size-full wp-image-12911\" alt=\"\" srcset=\"https:\/\/cmgmarrakech.com\/wp-content\/uploads\/2024\/09\/Khadija-Jayi-Les-reliques-de-la-terre-067-2024-technique-mixte-papier-brule-et-acrylique-detial.jpg 1798w, https:\/\/cmgmarrakech.com\/wp-content\/uploads\/2024\/09\/Khadija-Jayi-Les-reliques-de-la-terre-067-2024-technique-mixte-papier-brule-et-acrylique-detial-300x200.jpg 300w, https:\/\/cmgmarrakech.com\/wp-content\/uploads\/2024\/09\/Khadija-Jayi-Les-reliques-de-la-terre-067-2024-technique-mixte-papier-brule-et-acrylique-detial-1024x683.jpg 1024w, https:\/\/cmgmarrakech.com\/wp-content\/uploads\/2024\/09\/Khadija-Jayi-Les-reliques-de-la-terre-067-2024-technique-mixte-papier-brule-et-acrylique-detial-768x513.jpg 768w, https:\/\/cmgmarrakech.com\/wp-content\/uploads\/2024\/09\/Khadija-Jayi-Les-reliques-de-la-terre-067-2024-technique-mixte-papier-brule-et-acrylique-detial-1536x1025.jpg 1536w, https:\/\/cmgmarrakech.com\/wp-content\/uploads\/2024\/09\/Khadija-Jayi-Les-reliques-de-la-terre-067-2024-technique-mixte-papier-brule-et-acrylique-detial-18x12.jpg 18w, https:\/\/cmgmarrakech.com\/wp-content\/uploads\/2024\/09\/Khadija-Jayi-Les-reliques-de-la-terre-067-2024-technique-mixte-papier-brule-et-acrylique-detial-415x277.jpg 415w, https:\/\/cmgmarrakech.com\/wp-content\/uploads\/2024\/09\/Khadija-Jayi-Les-reliques-de-la-terre-067-2024-technique-mixte-papier-brule-et-acrylique-detial-650x434.jpg 650w, https:\/\/cmgmarrakech.com\/wp-content\/uploads\/2024\/09\/Khadija-Jayi-Les-reliques-de-la-terre-067-2024-technique-mixte-papier-brule-et-acrylique-detial-250x167.jpg 250w\" sizes=\"(max-width: 1798px) 100vw, 1798px\" \/>\t\t\t\t\t\t\t\t<\/a>\n\t\t\t\t\t\t\t\t\t\t\t\t\t\t\t<\/div>\n\t\t\t\t<div class=\"elementor-element elementor-element-c5c0004 elementor-widget elementor-widget-heading\" data-id=\"c5c0004\" data-element_type=\"widget\" data-e-type=\"widget\" data-widget_type=\"heading.default\">\n\t\t\t\t\t<h2 class=\"elementor-heading-title elementor-size-default\"><a href=\"https:\/\/www.gazette-drouot.com\/article\/menart-fair-une-5e-edition-100-25-dediee-aux-femmes\/52596\" target=\"_blank\">Menart Fair, une 5e \u00e9dition 100% d\u00e9di\u00e9e aux femmes<\/a><\/h2>\t\t\t\t<\/div>\n\t\t\t\t<div class=\"elementor-element elementor-element-554a4f2 elementor-widget elementor-widget-text-editor\" data-id=\"554a4f2\" data-element_type=\"widget\" data-e-type=\"widget\" data-widget_type=\"text-editor.default\">\n\t\t\t\t\t\t\t\t\t<p>La Gazette Drouot<\/p>\t\t\t\t\t\t\t\t<\/div>\n\t\t\t\t\t<\/div>\n\t\t<\/div>\n\t\t\t\t\t<\/div>\n\t\t<\/section>\n\t\t\t\t<section class=\"elementor-section elementor-top-section elementor-element elementor-element-20c895d animated-slow elementor-section-boxed elementor-section-height-default elementor-section-height-default\" data-id=\"20c895d\" data-element_type=\"section\" data-e-type=\"section\" data-settings=\"{&quot;animation&quot;:&quot;none&quot;}\">\n\t\t\t\t\t\t<div class=\"elementor-container elementor-column-gap-default\">\n\t\t\t\t\t<div class=\"elementor-column elementor-col-50 elementor-top-column elementor-element elementor-element-cef69e5\" data-id=\"cef69e5\" data-element_type=\"column\" data-e-type=\"column\">\n\t\t\t<div class=\"elementor-widget-wrap elementor-element-populated\">\n\t\t\t\t\t\t<div class=\"elementor-element elementor-element-b099e2b elementor-widget elementor-widget-image\" data-id=\"b099e2b\" data-element_type=\"widget\" data-e-type=\"widget\" data-widget_type=\"image.default\">\n\t\t\t\t\t\t\t\t\t\t\t\t\t\t\t\t<a href=\"https:\/\/www.newarab.com\/features\/female-mena-artists-who-stood-out-paris-menart-fair?fbclid=IwZXh0bgNhZW0CMTEAAR3UWzDuULIcOAH44ft8IktDOwtjwLlB3iN8YxXQBaJc_9mcBxIU7hac2N4_aem_-OBQOWEoknO3awzEthD7qg\" target=\"_blank\">\n\t\t\t\t\t\t\t<img loading=\"lazy\" decoding=\"async\" width=\"1798\" height=\"1200\" src=\"https:\/\/cmgmarrakech.com\/wp-content\/uploads\/2024\/09\/Katya-Traboulsi-Rejaa-Ya-Mama-2023-Installation-murale-fer-peint-a-la-main-detail.jpg\" class=\"attachment-full size-full wp-image-12905\" alt=\"\" srcset=\"https:\/\/cmgmarrakech.com\/wp-content\/uploads\/2024\/09\/Katya-Traboulsi-Rejaa-Ya-Mama-2023-Installation-murale-fer-peint-a-la-main-detail.jpg 1798w, https:\/\/cmgmarrakech.com\/wp-content\/uploads\/2024\/09\/Katya-Traboulsi-Rejaa-Ya-Mama-2023-Installation-murale-fer-peint-a-la-main-detail-300x200.jpg 300w, https:\/\/cmgmarrakech.com\/wp-content\/uploads\/2024\/09\/Katya-Traboulsi-Rejaa-Ya-Mama-2023-Installation-murale-fer-peint-a-la-main-detail-1024x683.jpg 1024w, https:\/\/cmgmarrakech.com\/wp-content\/uploads\/2024\/09\/Katya-Traboulsi-Rejaa-Ya-Mama-2023-Installation-murale-fer-peint-a-la-main-detail-768x513.jpg 768w, https:\/\/cmgmarrakech.com\/wp-content\/uploads\/2024\/09\/Katya-Traboulsi-Rejaa-Ya-Mama-2023-Installation-murale-fer-peint-a-la-main-detail-1536x1025.jpg 1536w, https:\/\/cmgmarrakech.com\/wp-content\/uploads\/2024\/09\/Katya-Traboulsi-Rejaa-Ya-Mama-2023-Installation-murale-fer-peint-a-la-main-detail-18x12.jpg 18w, https:\/\/cmgmarrakech.com\/wp-content\/uploads\/2024\/09\/Katya-Traboulsi-Rejaa-Ya-Mama-2023-Installation-murale-fer-peint-a-la-main-detail-415x277.jpg 415w, https:\/\/cmgmarrakech.com\/wp-content\/uploads\/2024\/09\/Katya-Traboulsi-Rejaa-Ya-Mama-2023-Installation-murale-fer-peint-a-la-main-detail-650x434.jpg 650w, https:\/\/cmgmarrakech.com\/wp-content\/uploads\/2024\/09\/Katya-Traboulsi-Rejaa-Ya-Mama-2023-Installation-murale-fer-peint-a-la-main-detail-250x167.jpg 250w\" sizes=\"(max-width: 1798px) 100vw, 1798px\" \/>\t\t\t\t\t\t\t\t<\/a>\n\t\t\t\t\t\t\t\t\t\t\t\t\t\t\t<\/div>\n\t\t\t\t<div class=\"elementor-element elementor-element-3710ac9 elementor-widget elementor-widget-heading\" data-id=\"3710ac9\" data-element_type=\"widget\" data-e-type=\"widget\" data-widget_type=\"heading.default\">\n\t\t\t\t\t<h2 class=\"elementor-heading-title elementor-size-default\"><a href=\"https:\/\/www.newarab.com\/features\/female-mena-artists-who-stood-out-paris-menart-fair?fbclid=IwZXh0bgNhZW0CMTEAAR3UWzDuULIcOAH44ft8IktDOwtjwLlB3iN8YxXQBaJc_9mcBxIU7hac2N4_aem_-OBQOWEoknO3awzEthD7qg\" target=\"_blank\">The six visionary MENA female artists you need to know from this year's Paris Menart Fair<\/a><\/h2>\t\t\t\t<\/div>\n\t\t\t\t<div class=\"elementor-element elementor-element-dc27d0b elementor-widget elementor-widget-text-editor\" data-id=\"dc27d0b\" data-element_type=\"widget\" data-e-type=\"widget\" data-widget_type=\"text-editor.default\">\n\t\t\t\t\t\t\t\t\t<p>New Arab<\/p>\t\t\t\t\t\t\t\t<\/div>\n\t\t\t\t\t<\/div>\n\t\t<\/div>\n\t\t\t\t<div class=\"elementor-column elementor-col-50 elementor-top-column elementor-element elementor-element-1faee3e\" data-id=\"1faee3e\" data-element_type=\"column\" data-e-type=\"column\">\n\t\t\t<div class=\"elementor-widget-wrap elementor-element-populated\">\n\t\t\t\t\t\t<div class=\"elementor-element elementor-element-8ec69e9 elementor-widget elementor-widget-image\" data-id=\"8ec69e9\" data-element_type=\"widget\" data-e-type=\"widget\" data-widget_type=\"image.default\">\n\t\t\t\t\t\t\t\t\t\t\t\t\t\t\t\t<a href=\"https:\/\/www.admiddleeast.com\/story\/menart-fair-2024-shines-a-light-on-the-female-gaze-from-the-arab-world?utm_source=instagram&#038;utm_medium=social&#038;utm_campaign=art&#038;utm_content=instagram-stories\" target=\"_blank\">\n\t\t\t\t\t\t\t<img loading=\"lazy\" decoding=\"async\" width=\"1798\" height=\"1200\" src=\"https:\/\/cmgmarrakech.com\/wp-content\/uploads\/2024\/09\/Katya-Traboulsi-Malikeh-2023-Installation-murale-fer-peint-a-la-main-detail.jpg\" class=\"attachment-full size-full wp-image-12903\" alt=\"\" srcset=\"https:\/\/cmgmarrakech.com\/wp-content\/uploads\/2024\/09\/Katya-Traboulsi-Malikeh-2023-Installation-murale-fer-peint-a-la-main-detail.jpg 1798w, https:\/\/cmgmarrakech.com\/wp-content\/uploads\/2024\/09\/Katya-Traboulsi-Malikeh-2023-Installation-murale-fer-peint-a-la-main-detail-300x200.jpg 300w, https:\/\/cmgmarrakech.com\/wp-content\/uploads\/2024\/09\/Katya-Traboulsi-Malikeh-2023-Installation-murale-fer-peint-a-la-main-detail-1024x683.jpg 1024w, https:\/\/cmgmarrakech.com\/wp-content\/uploads\/2024\/09\/Katya-Traboulsi-Malikeh-2023-Installation-murale-fer-peint-a-la-main-detail-768x513.jpg 768w, https:\/\/cmgmarrakech.com\/wp-content\/uploads\/2024\/09\/Katya-Traboulsi-Malikeh-2023-Installation-murale-fer-peint-a-la-main-detail-1536x1025.jpg 1536w, https:\/\/cmgmarrakech.com\/wp-content\/uploads\/2024\/09\/Katya-Traboulsi-Malikeh-2023-Installation-murale-fer-peint-a-la-main-detail-18x12.jpg 18w, https:\/\/cmgmarrakech.com\/wp-content\/uploads\/2024\/09\/Katya-Traboulsi-Malikeh-2023-Installation-murale-fer-peint-a-la-main-detail-415x277.jpg 415w, https:\/\/cmgmarrakech.com\/wp-content\/uploads\/2024\/09\/Katya-Traboulsi-Malikeh-2023-Installation-murale-fer-peint-a-la-main-detail-650x434.jpg 650w, https:\/\/cmgmarrakech.com\/wp-content\/uploads\/2024\/09\/Katya-Traboulsi-Malikeh-2023-Installation-murale-fer-peint-a-la-main-detail-250x167.jpg 250w\" sizes=\"(max-width: 1798px) 100vw, 1798px\" \/>\t\t\t\t\t\t\t\t<\/a>\n\t\t\t\t\t\t\t\t\t\t\t\t\t\t\t<\/div>\n\t\t\t\t<div class=\"elementor-element elementor-element-39f6b95 elementor-widget elementor-widget-heading\" data-id=\"39f6b95\" data-element_type=\"widget\" data-e-type=\"widget\" data-widget_type=\"heading.default\">\n\t\t\t\t\t<h2 class=\"elementor-heading-title elementor-size-default\"><a href=\"https:\/\/www.admiddleeast.com\/story\/menart-fair-2024-shines-a-light-on-the-female-gaze-from-the-arab-world?utm_source=instagram&#038;utm_medium=social&#038;utm_campaign=art&#038;utm_content=instagram-stories\" target=\"_blank\">MENArt Fair 2024 Shines a Light on the Female Gaze From the Arab World\n<\/a><\/h2>\t\t\t\t<\/div>\n\t\t\t\t<div class=\"elementor-element elementor-element-e9b7bcb elementor-widget elementor-widget-text-editor\" data-id=\"e9b7bcb\" data-element_type=\"widget\" data-e-type=\"widget\" data-widget_type=\"text-editor.default\">\n\t\t\t\t\t\t\t\t\t<p>AD Middle East<\/p>\t\t\t\t\t\t\t\t<\/div>\n\t\t\t\t\t<\/div>\n\t\t<\/div>\n\t\t\t\t\t<\/div>\n\t\t<\/section>\n\t\t\t\t<section class=\"elementor-section elementor-top-section elementor-element elementor-element-27d005c animated-slow elementor-section-boxed elementor-section-height-default elementor-section-height-default\" data-id=\"27d005c\" data-element_type=\"section\" data-e-type=\"section\" data-settings=\"{&quot;animation&quot;:&quot;none&quot;}\">\n\t\t\t\t\t\t<div class=\"elementor-container elementor-column-gap-default\">\n\t\t\t\t\t<div class=\"elementor-column elementor-col-50 elementor-top-column elementor-element elementor-element-ca7564d\" data-id=\"ca7564d\" data-element_type=\"column\" data-e-type=\"column\">\n\t\t\t<div class=\"elementor-widget-wrap elementor-element-populated\">\n\t\t\t\t\t\t<div class=\"elementor-element elementor-element-fdae102 elementor-widget elementor-widget-image\" data-id=\"fdae102\" data-element_type=\"widget\" data-e-type=\"widget\" data-widget_type=\"image.default\">\n\t\t\t\t\t\t\t\t\t\t\t\t\t\t\t\t<a href=\"https:\/\/www.artnewspaper.fr\/2024\/09\/20\/a-menart-fair-focus-sur-les-artistes-femmes-du-monde-arabe\" target=\"_blank\">\n\t\t\t\t\t\t\t<img loading=\"lazy\" decoding=\"async\" width=\"1920\" height=\"1240\" src=\"https:\/\/cmgmarrakech.com\/wp-content\/uploads\/2024\/09\/c4f3f2ab0e2104dd05e31dd65031af738f7c7840-4032x2604-1.webp\" class=\"attachment-full size-full wp-image-12887\" alt=\"\" srcset=\"https:\/\/cmgmarrakech.com\/wp-content\/uploads\/2024\/09\/c4f3f2ab0e2104dd05e31dd65031af738f7c7840-4032x2604-1.webp 1920w, https:\/\/cmgmarrakech.com\/wp-content\/uploads\/2024\/09\/c4f3f2ab0e2104dd05e31dd65031af738f7c7840-4032x2604-1-300x194.webp 300w, https:\/\/cmgmarrakech.com\/wp-content\/uploads\/2024\/09\/c4f3f2ab0e2104dd05e31dd65031af738f7c7840-4032x2604-1-1024x661.webp 1024w, https:\/\/cmgmarrakech.com\/wp-content\/uploads\/2024\/09\/c4f3f2ab0e2104dd05e31dd65031af738f7c7840-4032x2604-1-768x496.webp 768w, https:\/\/cmgmarrakech.com\/wp-content\/uploads\/2024\/09\/c4f3f2ab0e2104dd05e31dd65031af738f7c7840-4032x2604-1-1536x992.webp 1536w, https:\/\/cmgmarrakech.com\/wp-content\/uploads\/2024\/09\/c4f3f2ab0e2104dd05e31dd65031af738f7c7840-4032x2604-1-18x12.webp 18w, https:\/\/cmgmarrakech.com\/wp-content\/uploads\/2024\/09\/c4f3f2ab0e2104dd05e31dd65031af738f7c7840-4032x2604-1-415x268.webp 415w, https:\/\/cmgmarrakech.com\/wp-content\/uploads\/2024\/09\/c4f3f2ab0e2104dd05e31dd65031af738f7c7840-4032x2604-1-650x420.webp 650w, https:\/\/cmgmarrakech.com\/wp-content\/uploads\/2024\/09\/c4f3f2ab0e2104dd05e31dd65031af738f7c7840-4032x2604-1-250x161.webp 250w\" sizes=\"(max-width: 1920px) 100vw, 1920px\" \/>\t\t\t\t\t\t\t\t<\/a>\n\t\t\t\t\t\t\t\t\t\t\t\t\t\t\t<\/div>\n\t\t\t\t<div class=\"elementor-element elementor-element-b9e0691 elementor-widget elementor-widget-heading\" data-id=\"b9e0691\" data-element_type=\"widget\" data-e-type=\"widget\" data-widget_type=\"heading.default\">\n\t\t\t\t\t<h2 class=\"elementor-heading-title elementor-size-default\"><a href=\"https:\/\/www.artnewspaper.fr\/2024\/09\/20\/a-menart-fair-focus-sur-les-artistes-femmes-du-monde-arabe\" target=\"_blank\">\u00c0 Menart Fair, focus sur les artistes femmes du monde arabe<\/a><\/h2>\t\t\t\t<\/div>\n\t\t\t\t<div class=\"elementor-element elementor-element-18ae9ab elementor-widget elementor-widget-text-editor\" data-id=\"18ae9ab\" data-element_type=\"widget\" data-e-type=\"widget\" data-widget_type=\"text-editor.default\">\n\t\t\t\t\t\t\t\t\t<p>Art Newspaper<\/p>\t\t\t\t\t\t\t\t<\/div>\n\t\t\t\t\t<\/div>\n\t\t<\/div>\n\t\t\t\t<div class=\"elementor-column elementor-col-50 elementor-top-column elementor-element elementor-element-cc3cb6d\" data-id=\"cc3cb6d\" data-element_type=\"column\" data-e-type=\"column\">\n\t\t\t<div class=\"elementor-widget-wrap elementor-element-populated\">\n\t\t\t\t\t\t<div class=\"elementor-element elementor-element-bde702d elementor-widget elementor-widget-image\" data-id=\"bde702d\" data-element_type=\"widget\" data-e-type=\"widget\" data-widget_type=\"image.default\">\n\t\t\t\t\t\t\t\t\t\t\t\t\t\t\t\t<a href=\"https:\/\/www.artnewspaper.fr\/2024\/09\/18\/menart-fair-les-femmes-a-lhonneur\" target=\"_blank\">\n\t\t\t\t\t\t\t<img loading=\"lazy\" decoding=\"async\" width=\"2000\" height=\"1334\" src=\"https:\/\/cmgmarrakech.com\/wp-content\/uploads\/2024\/09\/CMG-at-Menart-Fair-2024-Cover-2.jpg\" class=\"attachment-full size-full wp-image-12777\" alt=\"\" srcset=\"https:\/\/cmgmarrakech.com\/wp-content\/uploads\/2024\/09\/CMG-at-Menart-Fair-2024-Cover-2.jpg 2000w, https:\/\/cmgmarrakech.com\/wp-content\/uploads\/2024\/09\/CMG-at-Menart-Fair-2024-Cover-2-300x200.jpg 300w, https:\/\/cmgmarrakech.com\/wp-content\/uploads\/2024\/09\/CMG-at-Menart-Fair-2024-Cover-2-1024x683.jpg 1024w, https:\/\/cmgmarrakech.com\/wp-content\/uploads\/2024\/09\/CMG-at-Menart-Fair-2024-Cover-2-768x512.jpg 768w, https:\/\/cmgmarrakech.com\/wp-content\/uploads\/2024\/09\/CMG-at-Menart-Fair-2024-Cover-2-1536x1025.jpg 1536w, https:\/\/cmgmarrakech.com\/wp-content\/uploads\/2024\/09\/CMG-at-Menart-Fair-2024-Cover-2-18x12.jpg 18w, https:\/\/cmgmarrakech.com\/wp-content\/uploads\/2024\/09\/CMG-at-Menart-Fair-2024-Cover-2-415x277.jpg 415w, https:\/\/cmgmarrakech.com\/wp-content\/uploads\/2024\/09\/CMG-at-Menart-Fair-2024-Cover-2-650x434.jpg 650w, https:\/\/cmgmarrakech.com\/wp-content\/uploads\/2024\/09\/CMG-at-Menart-Fair-2024-Cover-2-250x167.jpg 250w\" sizes=\"(max-width: 2000px) 100vw, 2000px\" \/>\t\t\t\t\t\t\t\t<\/a>\n\t\t\t\t\t\t\t\t\t\t\t\t\t\t\t<\/div>\n\t\t\t\t<div class=\"elementor-element elementor-element-e5680f2 elementor-widget elementor-widget-heading\" data-id=\"e5680f2\" data-element_type=\"widget\" data-e-type=\"widget\" data-widget_type=\"heading.default\">\n\t\t\t\t\t<h2 class=\"elementor-heading-title elementor-size-default\"><a href=\"https:\/\/www.artnewspaper.fr\/2024\/09\/18\/menart-fair-les-femmes-a-lhonneur\" target=\"_blank\">Menart Fair : les femmes \u00e0 l'honneur<\/a><\/h2>\t\t\t\t<\/div>\n\t\t\t\t<div class=\"elementor-element elementor-element-5449861 elementor-widget elementor-widget-text-editor\" data-id=\"5449861\" data-element_type=\"widget\" data-e-type=\"widget\" data-widget_type=\"text-editor.default\">\n\t\t\t\t\t\t\t\t\t<p>Art Newspaper<\/p>\t\t\t\t\t\t\t\t<\/div>\n\t\t\t\t\t<\/div>\n\t\t<\/div>\n\t\t\t\t\t<\/div>\n\t\t<\/section>\n\t\t\t\t<section class=\"elementor-section elementor-top-section elementor-element elementor-element-d9d476b animated-slow elementor-section-boxed elementor-section-height-default elementor-section-height-default\" data-id=\"d9d476b\" data-element_type=\"section\" data-e-type=\"section\" data-settings=\"{&quot;animation&quot;:&quot;none&quot;}\">\n\t\t\t\t\t\t<div class=\"elementor-container elementor-column-gap-default\">\n\t\t\t\t\t<div class=\"elementor-column elementor-col-50 elementor-top-column elementor-element elementor-element-77f4aa3\" data-id=\"77f4aa3\" data-element_type=\"column\" data-e-type=\"column\">\n\t\t\t<div class=\"elementor-widget-wrap elementor-element-populated\">\n\t\t\t\t\t\t<div class=\"elementor-element elementor-element-6cc0ff8 elementor-widget elementor-widget-image\" data-id=\"6cc0ff8\" data-element_type=\"widget\" data-e-type=\"widget\" data-widget_type=\"image.default\">\n\t\t\t\t\t\t\t\t\t\t\t\t\t\t\t\t<a href=\"https:\/\/www.lefigaro.fr\/voyages\/guides\/voyage-au-maroc-les-dix-musees-a-ne-manquer-sous-aucun-pretexte-20240917\" target=\"_blank\">\n\t\t\t\t\t\t\t<img loading=\"lazy\" decoding=\"async\" width=\"2200\" height=\"1467\" src=\"https:\/\/cmgmarrakech.com\/wp-content\/uploads\/2023\/12\/Sara-Ouhaddou_Lumiere-sur-lumiere-vue-1.jpg\" class=\"attachment-full size-full wp-image-11068\" alt=\"\" srcset=\"https:\/\/cmgmarrakech.com\/wp-content\/uploads\/2023\/12\/Sara-Ouhaddou_Lumiere-sur-lumiere-vue-1.jpg 2200w, https:\/\/cmgmarrakech.com\/wp-content\/uploads\/2023\/12\/Sara-Ouhaddou_Lumiere-sur-lumiere-vue-1-300x200.jpg 300w, https:\/\/cmgmarrakech.com\/wp-content\/uploads\/2023\/12\/Sara-Ouhaddou_Lumiere-sur-lumiere-vue-1-1024x683.jpg 1024w, https:\/\/cmgmarrakech.com\/wp-content\/uploads\/2023\/12\/Sara-Ouhaddou_Lumiere-sur-lumiere-vue-1-768x512.jpg 768w, https:\/\/cmgmarrakech.com\/wp-content\/uploads\/2023\/12\/Sara-Ouhaddou_Lumiere-sur-lumiere-vue-1-1536x1024.jpg 1536w, https:\/\/cmgmarrakech.com\/wp-content\/uploads\/2023\/12\/Sara-Ouhaddou_Lumiere-sur-lumiere-vue-1-2048x1366.jpg 2048w, https:\/\/cmgmarrakech.com\/wp-content\/uploads\/2023\/12\/Sara-Ouhaddou_Lumiere-sur-lumiere-vue-1-18x12.jpg 18w, https:\/\/cmgmarrakech.com\/wp-content\/uploads\/2023\/12\/Sara-Ouhaddou_Lumiere-sur-lumiere-vue-1-415x277.jpg 415w, https:\/\/cmgmarrakech.com\/wp-content\/uploads\/2023\/12\/Sara-Ouhaddou_Lumiere-sur-lumiere-vue-1-650x433.jpg 650w, https:\/\/cmgmarrakech.com\/wp-content\/uploads\/2023\/12\/Sara-Ouhaddou_Lumiere-sur-lumiere-vue-1-250x167.jpg 250w\" sizes=\"(max-width: 2200px) 100vw, 2200px\" \/>\t\t\t\t\t\t\t\t<\/a>\n\t\t\t\t\t\t\t\t\t\t\t\t\t\t\t<\/div>\n\t\t\t\t<div class=\"elementor-element elementor-element-c70ae1b elementor-widget elementor-widget-heading\" data-id=\"c70ae1b\" data-element_type=\"widget\" data-e-type=\"widget\" data-widget_type=\"heading.default\">\n\t\t\t\t\t<h2 class=\"elementor-heading-title elementor-size-default\"><a href=\"https:\/\/www.lefigaro.fr\/voyages\/guides\/voyage-au-maroc-les-dix-musees-a-ne-manquer-sous-aucun-pretexte-20240917\" target=\"_blank\">Voyage au Maroc : les dix mus\u00e9es \u00e0 ne manquer sous aucun pr\u00e9texte<\/a><\/h2>\t\t\t\t<\/div>\n\t\t\t\t<div class=\"elementor-element elementor-element-af72600 elementor-widget elementor-widget-text-editor\" data-id=\"af72600\" data-element_type=\"widget\" data-e-type=\"widget\" data-widget_type=\"text-editor.default\">\n\t\t\t\t\t\t\t\t\t<p>Le Figaro<\/p>\t\t\t\t\t\t\t\t<\/div>\n\t\t\t\t\t<\/div>\n\t\t<\/div>\n\t\t\t\t<div class=\"elementor-column elementor-col-50 elementor-top-column elementor-element elementor-element-5caa826\" data-id=\"5caa826\" data-element_type=\"column\" data-e-type=\"column\">\n\t\t\t<div class=\"elementor-widget-wrap elementor-element-populated\">\n\t\t\t\t\t\t<div class=\"elementor-element elementor-element-7973311 elementor-widget elementor-widget-image\" data-id=\"7973311\" data-element_type=\"widget\" data-e-type=\"widget\" data-widget_type=\"image.default\">\n\t\t\t\t\t\t\t\t\t\t\t\t\t\t\t\t<a href=\"https:\/\/tlmagazine.com\/menart-fair-2024\/\" target=\"_blank\">\n\t\t\t\t\t\t\t<img loading=\"lazy\" decoding=\"async\" width=\"2000\" height=\"1711\" src=\"https:\/\/cmgmarrakech.com\/wp-content\/uploads\/2024\/09\/Katya-Traboulsi-Malikeh-2023-Installation-murale-fer-peint-a-la-main-140x160cm.jpg\" class=\"attachment-full size-full wp-image-12462\" alt=\"\" srcset=\"https:\/\/cmgmarrakech.com\/wp-content\/uploads\/2024\/09\/Katya-Traboulsi-Malikeh-2023-Installation-murale-fer-peint-a-la-main-140x160cm.jpg 2000w, https:\/\/cmgmarrakech.com\/wp-content\/uploads\/2024\/09\/Katya-Traboulsi-Malikeh-2023-Installation-murale-fer-peint-a-la-main-140x160cm-300x257.jpg 300w, https:\/\/cmgmarrakech.com\/wp-content\/uploads\/2024\/09\/Katya-Traboulsi-Malikeh-2023-Installation-murale-fer-peint-a-la-main-140x160cm-1024x876.jpg 1024w, https:\/\/cmgmarrakech.com\/wp-content\/uploads\/2024\/09\/Katya-Traboulsi-Malikeh-2023-Installation-murale-fer-peint-a-la-main-140x160cm-768x657.jpg 768w, https:\/\/cmgmarrakech.com\/wp-content\/uploads\/2024\/09\/Katya-Traboulsi-Malikeh-2023-Installation-murale-fer-peint-a-la-main-140x160cm-1536x1314.jpg 1536w, https:\/\/cmgmarrakech.com\/wp-content\/uploads\/2024\/09\/Katya-Traboulsi-Malikeh-2023-Installation-murale-fer-peint-a-la-main-140x160cm-14x12.jpg 14w, https:\/\/cmgmarrakech.com\/wp-content\/uploads\/2024\/09\/Katya-Traboulsi-Malikeh-2023-Installation-murale-fer-peint-a-la-main-140x160cm-415x355.jpg 415w, https:\/\/cmgmarrakech.com\/wp-content\/uploads\/2024\/09\/Katya-Traboulsi-Malikeh-2023-Installation-murale-fer-peint-a-la-main-140x160cm-650x556.jpg 650w, https:\/\/cmgmarrakech.com\/wp-content\/uploads\/2024\/09\/Katya-Traboulsi-Malikeh-2023-Installation-murale-fer-peint-a-la-main-140x160cm-250x214.jpg 250w\" sizes=\"(max-width: 2000px) 100vw, 2000px\" \/>\t\t\t\t\t\t\t\t<\/a>\n\t\t\t\t\t\t\t\t\t\t\t\t\t\t\t<\/div>\n\t\t\t\t<div class=\"elementor-element elementor-element-9cb0f97 elementor-widget elementor-widget-heading\" data-id=\"9cb0f97\" data-element_type=\"widget\" data-e-type=\"widget\" data-widget_type=\"heading.default\">\n\t\t\t\t\t<h2 class=\"elementor-heading-title elementor-size-default\"><a href=\"https:\/\/tlmagazine.com\/menart-fair-2024\/\" target=\"_blank\">Menart Fair 2024<\/a><\/h2>\t\t\t\t<\/div>\n\t\t\t\t<div class=\"elementor-element elementor-element-35e17fa elementor-widget elementor-widget-text-editor\" data-id=\"35e17fa\" data-element_type=\"widget\" data-e-type=\"widget\" data-widget_type=\"text-editor.default\">\n\t\t\t\t\t\t\t\t\t<p>TL Magazine<\/p>\t\t\t\t\t\t\t\t<\/div>\n\t\t\t\t\t<\/div>\n\t\t<\/div>\n\t\t\t\t\t<\/div>\n\t\t<\/section>\n\t\t\t\t<section class=\"elementor-section elementor-top-section elementor-element elementor-element-352b949 animated-slow elementor-section-boxed elementor-section-height-default elementor-section-height-default\" data-id=\"352b949\" data-element_type=\"section\" data-e-type=\"section\" data-settings=\"{&quot;animation&quot;:&quot;none&quot;}\">\n\t\t\t\t\t\t<div class=\"elementor-container elementor-column-gap-default\">\n\t\t\t\t\t<div class=\"elementor-column elementor-col-50 elementor-top-column elementor-element elementor-element-845c580\" data-id=\"845c580\" data-element_type=\"column\" data-e-type=\"column\">\n\t\t\t<div class=\"elementor-widget-wrap elementor-element-populated\">\n\t\t\t\t\t\t<div class=\"elementor-element elementor-element-683803b elementor-widget elementor-widget-image\" data-id=\"683803b\" data-element_type=\"widget\" data-e-type=\"widget\" data-widget_type=\"image.default\">\n\t\t\t\t\t\t\t\t\t\t\t\t\t\t\t\t<a href=\"https:\/\/www.art-in-berlin.de\/ausstellungs-text.php?id=12664\" target=\"_blank\">\n\t\t\t\t\t\t\t<img loading=\"lazy\" decoding=\"async\" width=\"2000\" height=\"1334\" src=\"https:\/\/cmgmarrakech.com\/wp-content\/uploads\/2024\/09\/Sara-Ouhaddou-Ifa-Berlin-cmg-presse.jpg\" class=\"attachment-full size-full wp-image-12495\" alt=\"\" srcset=\"https:\/\/cmgmarrakech.com\/wp-content\/uploads\/2024\/09\/Sara-Ouhaddou-Ifa-Berlin-cmg-presse.jpg 2000w, https:\/\/cmgmarrakech.com\/wp-content\/uploads\/2024\/09\/Sara-Ouhaddou-Ifa-Berlin-cmg-presse-300x200.jpg 300w, https:\/\/cmgmarrakech.com\/wp-content\/uploads\/2024\/09\/Sara-Ouhaddou-Ifa-Berlin-cmg-presse-1024x683.jpg 1024w, https:\/\/cmgmarrakech.com\/wp-content\/uploads\/2024\/09\/Sara-Ouhaddou-Ifa-Berlin-cmg-presse-768x512.jpg 768w, https:\/\/cmgmarrakech.com\/wp-content\/uploads\/2024\/09\/Sara-Ouhaddou-Ifa-Berlin-cmg-presse-1536x1025.jpg 1536w, https:\/\/cmgmarrakech.com\/wp-content\/uploads\/2024\/09\/Sara-Ouhaddou-Ifa-Berlin-cmg-presse-18x12.jpg 18w, https:\/\/cmgmarrakech.com\/wp-content\/uploads\/2024\/09\/Sara-Ouhaddou-Ifa-Berlin-cmg-presse-415x277.jpg 415w, https:\/\/cmgmarrakech.com\/wp-content\/uploads\/2024\/09\/Sara-Ouhaddou-Ifa-Berlin-cmg-presse-650x434.jpg 650w, https:\/\/cmgmarrakech.com\/wp-content\/uploads\/2024\/09\/Sara-Ouhaddou-Ifa-Berlin-cmg-presse-250x167.jpg 250w\" sizes=\"(max-width: 2000px) 100vw, 2000px\" \/>\t\t\t\t\t\t\t\t<\/a>\n\t\t\t\t\t\t\t\t\t\t\t\t\t\t\t<\/div>\n\t\t\t\t<div class=\"elementor-element elementor-element-05186fd elementor-widget elementor-widget-heading\" data-id=\"05186fd\" data-element_type=\"widget\" data-e-type=\"widget\" data-widget_type=\"heading.default\">\n\t\t\t\t\t<h2 class=\"elementor-heading-title elementor-size-default\"><a href=\"https:\/\/www.art-in-berlin.de\/ausstellungs-text.php?id=12664\" target=\"_blank\">ifa-Galerie Berlin - DISPLAY - Sarah Ouhaddou\n<\/a><\/h2>\t\t\t\t<\/div>\n\t\t\t\t<div class=\"elementor-element elementor-element-3366feb elementor-widget elementor-widget-text-editor\" data-id=\"3366feb\" data-element_type=\"widget\" data-e-type=\"widget\" data-widget_type=\"text-editor.default\">\n\t\t\t\t\t\t\t\t\t<p>Art In Berlin<\/p>\t\t\t\t\t\t\t\t<\/div>\n\t\t\t\t\t<\/div>\n\t\t<\/div>\n\t\t\t\t<div class=\"elementor-column elementor-col-50 elementor-top-column elementor-element elementor-element-48ade4f\" data-id=\"48ade4f\" data-element_type=\"column\" data-e-type=\"column\">\n\t\t\t<div class=\"elementor-widget-wrap elementor-element-populated\">\n\t\t\t\t\t\t<div class=\"elementor-element elementor-element-4bd93c6 elementor-widget elementor-widget-image\" data-id=\"4bd93c6\" data-element_type=\"widget\" data-e-type=\"widget\" data-widget_type=\"image.default\">\n\t\t\t\t\t\t\t\t\t\t\t\t\t\t\t\t<a href=\"https:\/\/fr.le360.ma\/culture\/la-nuit-des-musees-et-des-espaces-culturels-voici-ou-se-rendre-pour-cette-3eme-edition_TBJQK5VIJRCVFBGRZ5QC24BJMM\/\" target=\"_blank\">\n\t\t\t\t\t\t\t<img loading=\"lazy\" decoding=\"async\" width=\"1000\" height=\"647\" src=\"https:\/\/cmgmarrakech.com\/wp-content\/uploads\/2024\/07\/Nuit-des-musees-2024.webp\" class=\"attachment-full size-full wp-image-11971\" alt=\"\" srcset=\"https:\/\/cmgmarrakech.com\/wp-content\/uploads\/2024\/07\/Nuit-des-musees-2024.webp 1000w, https:\/\/cmgmarrakech.com\/wp-content\/uploads\/2024\/07\/Nuit-des-musees-2024-300x194.webp 300w, https:\/\/cmgmarrakech.com\/wp-content\/uploads\/2024\/07\/Nuit-des-musees-2024-768x497.webp 768w, https:\/\/cmgmarrakech.com\/wp-content\/uploads\/2024\/07\/Nuit-des-musees-2024-18x12.webp 18w, https:\/\/cmgmarrakech.com\/wp-content\/uploads\/2024\/07\/Nuit-des-musees-2024-415x269.webp 415w, https:\/\/cmgmarrakech.com\/wp-content\/uploads\/2024\/07\/Nuit-des-musees-2024-650x421.webp 650w, https:\/\/cmgmarrakech.com\/wp-content\/uploads\/2024\/07\/Nuit-des-musees-2024-250x162.webp 250w\" sizes=\"(max-width: 1000px) 100vw, 1000px\" \/>\t\t\t\t\t\t\t\t<\/a>\n\t\t\t\t\t\t\t\t\t\t\t\t\t\t\t<\/div>\n\t\t\t\t<div class=\"elementor-element elementor-element-4781068 elementor-widget elementor-widget-heading\" data-id=\"4781068\" data-element_type=\"widget\" data-e-type=\"widget\" data-widget_type=\"heading.default\">\n\t\t\t\t\t<h2 class=\"elementor-heading-title elementor-size-default\"><a href=\"https:\/\/fr.le360.ma\/culture\/la-nuit-des-musees-et-des-espaces-culturels-voici-ou-se-rendre-pour-cette-3eme-edition_TBJQK5VIJRCVFBGRZ5QC24BJMM\/\" target=\"_blank\">La Nuit des mus\u00e9es et des espaces culturels: voici o\u00f9 se rendre pour cette 3\u00e8me \u00e9dition<\/a><\/h2>\t\t\t\t<\/div>\n\t\t\t\t<div class=\"elementor-element elementor-element-bdc86d6 elementor-widget elementor-widget-text-editor\" data-id=\"bdc86d6\" data-element_type=\"widget\" data-e-type=\"widget\" data-widget_type=\"text-editor.default\">\n\t\t\t\t\t\t\t\t\t<p>Le360<\/p>\t\t\t\t\t\t\t\t<\/div>\n\t\t\t\t\t<\/div>\n\t\t<\/div>\n\t\t\t\t\t<\/div>\n\t\t<\/section>\n\t\t\t\t<section class=\"elementor-section elementor-top-section elementor-element elementor-element-5755c10 animated-slow elementor-section-boxed elementor-section-height-default elementor-section-height-default\" data-id=\"5755c10\" data-element_type=\"section\" data-e-type=\"section\" data-settings=\"{&quot;animation&quot;:&quot;none&quot;}\">\n\t\t\t\t\t\t<div class=\"elementor-container elementor-column-gap-default\">\n\t\t\t\t\t<div class=\"elementor-column elementor-col-50 elementor-top-column elementor-element elementor-element-1114ad8\" data-id=\"1114ad8\" data-element_type=\"column\" data-e-type=\"column\">\n\t\t\t<div class=\"elementor-widget-wrap elementor-element-populated\">\n\t\t\t\t\t\t<div class=\"elementor-element elementor-element-e408114 elementor-widget elementor-widget-image\" data-id=\"e408114\" data-element_type=\"widget\" data-e-type=\"widget\" data-widget_type=\"image.default\">\n\t\t\t\t\t\t\t\t\t\t\t\t\t\t\t\t<a href=\"https:\/\/www.cntravellerme.com\/story\/a-guide-to-gueliz-marrakechs-coolest-neighbourhood\" target=\"_blank\">\n\t\t\t\t\t\t\t<img loading=\"lazy\" decoding=\"async\" width=\"2000\" height=\"1334\" src=\"https:\/\/cmgmarrakech.com\/wp-content\/uploads\/2022\/03\/Art-Dubai-2022-Comptoir-Des-Mines-2-Booth.jpg\" class=\"attachment-full size-full wp-image-8388\" alt=\"\" srcset=\"https:\/\/cmgmarrakech.com\/wp-content\/uploads\/2022\/03\/Art-Dubai-2022-Comptoir-Des-Mines-2-Booth.jpg 2000w, https:\/\/cmgmarrakech.com\/wp-content\/uploads\/2022\/03\/Art-Dubai-2022-Comptoir-Des-Mines-2-Booth-300x200.jpg 300w, https:\/\/cmgmarrakech.com\/wp-content\/uploads\/2022\/03\/Art-Dubai-2022-Comptoir-Des-Mines-2-Booth-1024x683.jpg 1024w, https:\/\/cmgmarrakech.com\/wp-content\/uploads\/2022\/03\/Art-Dubai-2022-Comptoir-Des-Mines-2-Booth-768x512.jpg 768w, https:\/\/cmgmarrakech.com\/wp-content\/uploads\/2022\/03\/Art-Dubai-2022-Comptoir-Des-Mines-2-Booth-1536x1025.jpg 1536w, https:\/\/cmgmarrakech.com\/wp-content\/uploads\/2022\/03\/Art-Dubai-2022-Comptoir-Des-Mines-2-Booth-18x12.jpg 18w, https:\/\/cmgmarrakech.com\/wp-content\/uploads\/2022\/03\/Art-Dubai-2022-Comptoir-Des-Mines-2-Booth-415x277.jpg 415w, https:\/\/cmgmarrakech.com\/wp-content\/uploads\/2022\/03\/Art-Dubai-2022-Comptoir-Des-Mines-2-Booth-650x434.jpg 650w, https:\/\/cmgmarrakech.com\/wp-content\/uploads\/2022\/03\/Art-Dubai-2022-Comptoir-Des-Mines-2-Booth-250x167.jpg 250w\" sizes=\"(max-width: 2000px) 100vw, 2000px\" \/>\t\t\t\t\t\t\t\t<\/a>\n\t\t\t\t\t\t\t\t\t\t\t\t\t\t\t<\/div>\n\t\t\t\t<div class=\"elementor-element elementor-element-03f98be elementor-widget elementor-widget-heading\" data-id=\"03f98be\" data-element_type=\"widget\" data-e-type=\"widget\" data-widget_type=\"heading.default\">\n\t\t\t\t\t<h2 class=\"elementor-heading-title elementor-size-default\"><a href=\"https:\/\/www.cntravellerme.com\/story\/a-guide-to-gueliz-marrakechs-coolest-neighbourhood\" target=\"_blank\">A guide to Gueliz, Marrakech's coolest neighbourhood\n<\/a><\/h2>\t\t\t\t<\/div>\n\t\t\t\t<div class=\"elementor-element elementor-element-6283df0 elementor-widget elementor-widget-text-editor\" data-id=\"6283df0\" data-element_type=\"widget\" data-e-type=\"widget\" data-widget_type=\"text-editor.default\">\n\t\t\t\t\t\t\t\t\t<p>cond\u00e9 nast traveler<\/p>\t\t\t\t\t\t\t\t<\/div>\n\t\t\t\t\t<\/div>\n\t\t<\/div>\n\t\t\t\t<div class=\"elementor-column elementor-col-50 elementor-top-column elementor-element elementor-element-00c474c\" data-id=\"00c474c\" data-element_type=\"column\" data-e-type=\"column\">\n\t\t\t<div class=\"elementor-widget-wrap elementor-element-populated\">\n\t\t\t\t\t\t<div class=\"elementor-element elementor-element-7afd883 elementor-widget elementor-widget-image\" data-id=\"7afd883\" data-element_type=\"widget\" data-e-type=\"widget\" data-widget_type=\"image.default\">\n\t\t\t\t\t\t\t\t\t\t\t\t\t\t\t\t<a href=\"https:\/\/www.vh.ma\/culture\/le-rendez-vous-artistique-de-mai-abdallah-el-hariri-au-comptoir-des-mines\/\" target=\"_blank\">\n\t\t\t\t\t\t\t<img loading=\"lazy\" decoding=\"async\" width=\"2000\" height=\"1334\" src=\"https:\/\/cmgmarrakech.com\/wp-content\/uploads\/2024\/05\/Abdellah-El-Hariri-Exposition-Presse.jpg\" class=\"attachment-full size-full wp-image-11912\" alt=\"\" srcset=\"https:\/\/cmgmarrakech.com\/wp-content\/uploads\/2024\/05\/Abdellah-El-Hariri-Exposition-Presse.jpg 2000w, https:\/\/cmgmarrakech.com\/wp-content\/uploads\/2024\/05\/Abdellah-El-Hariri-Exposition-Presse-300x200.jpg 300w, https:\/\/cmgmarrakech.com\/wp-content\/uploads\/2024\/05\/Abdellah-El-Hariri-Exposition-Presse-1024x683.jpg 1024w, https:\/\/cmgmarrakech.com\/wp-content\/uploads\/2024\/05\/Abdellah-El-Hariri-Exposition-Presse-768x512.jpg 768w, https:\/\/cmgmarrakech.com\/wp-content\/uploads\/2024\/05\/Abdellah-El-Hariri-Exposition-Presse-1536x1025.jpg 1536w, https:\/\/cmgmarrakech.com\/wp-content\/uploads\/2024\/05\/Abdellah-El-Hariri-Exposition-Presse-18x12.jpg 18w, https:\/\/cmgmarrakech.com\/wp-content\/uploads\/2024\/05\/Abdellah-El-Hariri-Exposition-Presse-415x277.jpg 415w, https:\/\/cmgmarrakech.com\/wp-content\/uploads\/2024\/05\/Abdellah-El-Hariri-Exposition-Presse-650x434.jpg 650w, https:\/\/cmgmarrakech.com\/wp-content\/uploads\/2024\/05\/Abdellah-El-Hariri-Exposition-Presse-250x167.jpg 250w\" sizes=\"(max-width: 2000px) 100vw, 2000px\" \/>\t\t\t\t\t\t\t\t<\/a>\n\t\t\t\t\t\t\t\t\t\t\t\t\t\t\t<\/div>\n\t\t\t\t<div class=\"elementor-element elementor-element-269e8eb elementor-widget elementor-widget-heading\" data-id=\"269e8eb\" data-element_type=\"widget\" data-e-type=\"widget\" data-widget_type=\"heading.default\">\n\t\t\t\t\t<h2 class=\"elementor-heading-title elementor-size-default\"><a href=\"https:\/\/www.vh.ma\/culture\/le-rendez-vous-artistique-de-mai-abdallah-el-hariri-au-comptoir-des-mines\/\" target=\"_blank\">Le rendez-vous artistique de mai : Abdallah El Hariri au Comptoir des Mines\n<\/a><\/h2>\t\t\t\t<\/div>\n\t\t\t\t<div class=\"elementor-element elementor-element-27dfc8f elementor-widget elementor-widget-text-editor\" data-id=\"27dfc8f\" data-element_type=\"widget\" data-e-type=\"widget\" data-widget_type=\"text-editor.default\">\n\t\t\t\t\t\t\t\t\t<p>VH Magazine<\/p>\t\t\t\t\t\t\t\t<\/div>\n\t\t\t\t\t<\/div>\n\t\t<\/div>\n\t\t\t\t\t<\/div>\n\t\t<\/section>\n\t\t\t\t<section class=\"elementor-section elementor-top-section elementor-element elementor-element-16c64b6 animated-slow elementor-section-boxed elementor-section-height-default elementor-section-height-default\" data-id=\"16c64b6\" data-element_type=\"section\" data-e-type=\"section\" data-settings=\"{&quot;animation&quot;:&quot;none&quot;}\">\n\t\t\t\t\t\t<div class=\"elementor-container elementor-column-gap-default\">\n\t\t\t\t\t<div class=\"elementor-column elementor-col-50 elementor-top-column elementor-element elementor-element-fdda8e6\" data-id=\"fdda8e6\" data-element_type=\"column\" data-e-type=\"column\">\n\t\t\t<div class=\"elementor-widget-wrap elementor-element-populated\">\n\t\t\t\t\t\t<div class=\"elementor-element elementor-element-c05f685 elementor-widget elementor-widget-image\" data-id=\"c05f685\" data-element_type=\"widget\" data-e-type=\"widget\" data-widget_type=\"image.default\">\n\t\t\t\t\t\t\t\t\t\t\t\t\t\t\t\t<a href=\"https:\/\/www.decoactuelle.ma\/mon-histoire-exposition-individuelle-dabdallah-el-hariri-a-partir-du-samedi-11-mai-2024-de-18h-a-21h\/\" target=\"_blank\">\n\t\t\t\t\t\t\t<img loading=\"lazy\" decoding=\"async\" width=\"2560\" height=\"1707\" src=\"https:\/\/cmgmarrakech.com\/wp-content\/uploads\/2024\/05\/Abdallah-El-Hariri-Mon-Histoire-Exposition-Vue-4-scaled.jpg\" class=\"attachment-full size-full wp-image-11948\" alt=\"\" srcset=\"https:\/\/cmgmarrakech.com\/wp-content\/uploads\/2024\/05\/Abdallah-El-Hariri-Mon-Histoire-Exposition-Vue-4-scaled.jpg 2560w, https:\/\/cmgmarrakech.com\/wp-content\/uploads\/2024\/05\/Abdallah-El-Hariri-Mon-Histoire-Exposition-Vue-4-300x200.jpg 300w, https:\/\/cmgmarrakech.com\/wp-content\/uploads\/2024\/05\/Abdallah-El-Hariri-Mon-Histoire-Exposition-Vue-4-1024x683.jpg 1024w, https:\/\/cmgmarrakech.com\/wp-content\/uploads\/2024\/05\/Abdallah-El-Hariri-Mon-Histoire-Exposition-Vue-4-768x512.jpg 768w, https:\/\/cmgmarrakech.com\/wp-content\/uploads\/2024\/05\/Abdallah-El-Hariri-Mon-Histoire-Exposition-Vue-4-1536x1024.jpg 1536w, https:\/\/cmgmarrakech.com\/wp-content\/uploads\/2024\/05\/Abdallah-El-Hariri-Mon-Histoire-Exposition-Vue-4-2048x1365.jpg 2048w, https:\/\/cmgmarrakech.com\/wp-content\/uploads\/2024\/05\/Abdallah-El-Hariri-Mon-Histoire-Exposition-Vue-4-18x12.jpg 18w, https:\/\/cmgmarrakech.com\/wp-content\/uploads\/2024\/05\/Abdallah-El-Hariri-Mon-Histoire-Exposition-Vue-4-415x277.jpg 415w, https:\/\/cmgmarrakech.com\/wp-content\/uploads\/2024\/05\/Abdallah-El-Hariri-Mon-Histoire-Exposition-Vue-4-650x433.jpg 650w, https:\/\/cmgmarrakech.com\/wp-content\/uploads\/2024\/05\/Abdallah-El-Hariri-Mon-Histoire-Exposition-Vue-4-250x167.jpg 250w\" sizes=\"(max-width: 2560px) 100vw, 2560px\" \/>\t\t\t\t\t\t\t\t<\/a>\n\t\t\t\t\t\t\t\t\t\t\t\t\t\t\t<\/div>\n\t\t\t\t<div class=\"elementor-element elementor-element-48f8a6e elementor-widget elementor-widget-heading\" data-id=\"48f8a6e\" data-element_type=\"widget\" data-e-type=\"widget\" data-widget_type=\"heading.default\">\n\t\t\t\t\t<h2 class=\"elementor-heading-title elementor-size-default\"><a href=\"https:\/\/www.decoactuelle.ma\/mon-histoire-exposition-individuelle-dabdallah-el-hariri-a-partir-du-samedi-11-mai-2024-de-18h-a-21h\/\" target=\"_blank\">\u00ab Mon Histoire \u00bb Exposition individuelle d\u2019Abdallah El Hariri \u00c0 partir du Samedi 11 Mai 2024<\/a><\/h2>\t\t\t\t<\/div>\n\t\t\t\t<div class=\"elementor-element elementor-element-48c4278 elementor-widget elementor-widget-text-editor\" data-id=\"48c4278\" data-element_type=\"widget\" data-e-type=\"widget\" data-widget_type=\"text-editor.default\">\n\t\t\t\t\t\t\t\t\t<p>Deco Actuelle<\/p>\t\t\t\t\t\t\t\t<\/div>\n\t\t\t\t\t<\/div>\n\t\t<\/div>\n\t\t\t\t<div class=\"elementor-column elementor-col-50 elementor-top-column elementor-element elementor-element-a80cef5\" data-id=\"a80cef5\" data-element_type=\"column\" data-e-type=\"column\">\n\t\t\t<div class=\"elementor-widget-wrap elementor-element-populated\">\n\t\t\t\t\t\t<div class=\"elementor-element elementor-element-201a418 elementor-widget elementor-widget-image\" data-id=\"201a418\" data-element_type=\"widget\" data-e-type=\"widget\" data-widget_type=\"image.default\">\n\t\t\t\t\t\t\t\t\t\t\t\t\t\t\t\t<a href=\"https:\/\/familleactuelle.ma\/mon-histoire-exposition-individuelle-dabdallah-el-hariri-a-partir-du-samedi-11-mai-2024-de-18h-a-21h\/\" target=\"_blank\">\n\t\t\t\t\t\t\t<img loading=\"lazy\" decoding=\"async\" width=\"2560\" height=\"1707\" src=\"https:\/\/cmgmarrakech.com\/wp-content\/uploads\/2024\/05\/Abdallah-El-Hariri-Mon-Histoire-Exposition-Vue-2-scaled.jpg\" class=\"attachment-full size-full wp-image-11952\" alt=\"\" srcset=\"https:\/\/cmgmarrakech.com\/wp-content\/uploads\/2024\/05\/Abdallah-El-Hariri-Mon-Histoire-Exposition-Vue-2-scaled.jpg 2560w, https:\/\/cmgmarrakech.com\/wp-content\/uploads\/2024\/05\/Abdallah-El-Hariri-Mon-Histoire-Exposition-Vue-2-300x200.jpg 300w, https:\/\/cmgmarrakech.com\/wp-content\/uploads\/2024\/05\/Abdallah-El-Hariri-Mon-Histoire-Exposition-Vue-2-1024x683.jpg 1024w, https:\/\/cmgmarrakech.com\/wp-content\/uploads\/2024\/05\/Abdallah-El-Hariri-Mon-Histoire-Exposition-Vue-2-768x512.jpg 768w, https:\/\/cmgmarrakech.com\/wp-content\/uploads\/2024\/05\/Abdallah-El-Hariri-Mon-Histoire-Exposition-Vue-2-1536x1024.jpg 1536w, https:\/\/cmgmarrakech.com\/wp-content\/uploads\/2024\/05\/Abdallah-El-Hariri-Mon-Histoire-Exposition-Vue-2-2048x1365.jpg 2048w, https:\/\/cmgmarrakech.com\/wp-content\/uploads\/2024\/05\/Abdallah-El-Hariri-Mon-Histoire-Exposition-Vue-2-18x12.jpg 18w, https:\/\/cmgmarrakech.com\/wp-content\/uploads\/2024\/05\/Abdallah-El-Hariri-Mon-Histoire-Exposition-Vue-2-415x277.jpg 415w, https:\/\/cmgmarrakech.com\/wp-content\/uploads\/2024\/05\/Abdallah-El-Hariri-Mon-Histoire-Exposition-Vue-2-650x433.jpg 650w, https:\/\/cmgmarrakech.com\/wp-content\/uploads\/2024\/05\/Abdallah-El-Hariri-Mon-Histoire-Exposition-Vue-2-250x167.jpg 250w\" sizes=\"(max-width: 2560px) 100vw, 2560px\" \/>\t\t\t\t\t\t\t\t<\/a>\n\t\t\t\t\t\t\t\t\t\t\t\t\t\t\t<\/div>\n\t\t\t\t<div class=\"elementor-element elementor-element-3b35c16 elementor-widget elementor-widget-heading\" data-id=\"3b35c16\" data-element_type=\"widget\" data-e-type=\"widget\" data-widget_type=\"heading.default\">\n\t\t\t\t\t<h2 class=\"elementor-heading-title elementor-size-default\"><a href=\"https:\/\/familleactuelle.ma\/mon-histoire-exposition-individuelle-dabdallah-el-hariri-a-partir-du-samedi-11-mai-2024-de-18h-a-21h\/\" target=\"_blank\">\u00ab Mon Histoire \u00bb Exposition individuelle d\u2019Abdallah El Hariri \u00c0 partir du Samedi 11 Mai 2024<\/a><\/h2>\t\t\t\t<\/div>\n\t\t\t\t<div class=\"elementor-element elementor-element-3ae4784 elementor-widget elementor-widget-text-editor\" data-id=\"3ae4784\" data-element_type=\"widget\" data-e-type=\"widget\" data-widget_type=\"text-editor.default\">\n\t\t\t\t\t\t\t\t\t<p>Famille Actuelle<\/p>\t\t\t\t\t\t\t\t<\/div>\n\t\t\t\t\t<\/div>\n\t\t<\/div>\n\t\t\t\t\t<\/div>\n\t\t<\/section>\n\t\t\t\t<section class=\"elementor-section elementor-top-section elementor-element elementor-element-a9cc485 animated-slow elementor-section-boxed elementor-section-height-default elementor-section-height-default\" data-id=\"a9cc485\" data-element_type=\"section\" data-e-type=\"section\" data-settings=\"{&quot;animation&quot;:&quot;none&quot;}\">\n\t\t\t\t\t\t<div class=\"elementor-container elementor-column-gap-default\">\n\t\t\t\t\t<div class=\"elementor-column elementor-col-50 elementor-top-column elementor-element elementor-element-5240bd6\" data-id=\"5240bd6\" data-element_type=\"column\" data-e-type=\"column\">\n\t\t\t<div class=\"elementor-widget-wrap elementor-element-populated\">\n\t\t\t\t\t\t<div class=\"elementor-element elementor-element-062f75f elementor-widget elementor-widget-image\" data-id=\"062f75f\" data-element_type=\"widget\" data-e-type=\"widget\" data-widget_type=\"image.default\">\n\t\t\t\t\t\t\t\t\t\t\t\t\t\t\t\t<a href=\"https:\/\/aemagazine.ma\/abdallah-el-hariri-une-odyssee-artistique-au-gre-des-inspirations\/\" target=\"_blank\">\n\t\t\t\t\t\t\t<img loading=\"lazy\" decoding=\"async\" width=\"2560\" height=\"1809\" src=\"https:\/\/cmgmarrakech.com\/wp-content\/uploads\/2024\/05\/Abdallah-El-Hariri-Mon-Histoire-Exposition-Vue-7-scaled-e1715213338970.jpg\" class=\"attachment-full size-full wp-image-11945\" alt=\"\" srcset=\"https:\/\/cmgmarrakech.com\/wp-content\/uploads\/2024\/05\/Abdallah-El-Hariri-Mon-Histoire-Exposition-Vue-7-scaled-e1715213338970.jpg 2560w, https:\/\/cmgmarrakech.com\/wp-content\/uploads\/2024\/05\/Abdallah-El-Hariri-Mon-Histoire-Exposition-Vue-7-scaled-e1715213338970-300x212.jpg 300w, https:\/\/cmgmarrakech.com\/wp-content\/uploads\/2024\/05\/Abdallah-El-Hariri-Mon-Histoire-Exposition-Vue-7-scaled-e1715213338970-1024x724.jpg 1024w, https:\/\/cmgmarrakech.com\/wp-content\/uploads\/2024\/05\/Abdallah-El-Hariri-Mon-Histoire-Exposition-Vue-7-scaled-e1715213338970-768x543.jpg 768w, https:\/\/cmgmarrakech.com\/wp-content\/uploads\/2024\/05\/Abdallah-El-Hariri-Mon-Histoire-Exposition-Vue-7-scaled-e1715213338970-1536x1085.jpg 1536w, https:\/\/cmgmarrakech.com\/wp-content\/uploads\/2024\/05\/Abdallah-El-Hariri-Mon-Histoire-Exposition-Vue-7-scaled-e1715213338970-2048x1447.jpg 2048w, https:\/\/cmgmarrakech.com\/wp-content\/uploads\/2024\/05\/Abdallah-El-Hariri-Mon-Histoire-Exposition-Vue-7-scaled-e1715213338970-18x12.jpg 18w, https:\/\/cmgmarrakech.com\/wp-content\/uploads\/2024\/05\/Abdallah-El-Hariri-Mon-Histoire-Exposition-Vue-7-scaled-e1715213338970-345x245.jpg 345w, https:\/\/cmgmarrakech.com\/wp-content\/uploads\/2024\/05\/Abdallah-El-Hariri-Mon-Histoire-Exposition-Vue-7-scaled-e1715213338970-415x293.jpg 415w, https:\/\/cmgmarrakech.com\/wp-content\/uploads\/2024\/05\/Abdallah-El-Hariri-Mon-Histoire-Exposition-Vue-7-scaled-e1715213338970-650x459.jpg 650w, https:\/\/cmgmarrakech.com\/wp-content\/uploads\/2024\/05\/Abdallah-El-Hariri-Mon-Histoire-Exposition-Vue-7-scaled-e1715213338970-250x177.jpg 250w\" sizes=\"(max-width: 2560px) 100vw, 2560px\" \/>\t\t\t\t\t\t\t\t<\/a>\n\t\t\t\t\t\t\t\t\t\t\t\t\t\t\t<\/div>\n\t\t\t\t<div class=\"elementor-element elementor-element-028bc8a elementor-widget elementor-widget-heading\" data-id=\"028bc8a\" data-element_type=\"widget\" data-e-type=\"widget\" data-widget_type=\"heading.default\">\n\t\t\t\t\t<h2 class=\"elementor-heading-title elementor-size-default\"><a href=\"https:\/\/aemagazine.ma\/abdallah-el-hariri-une-odyssee-artistique-au-gre-des-inspirations\/\" target=\"_blank\">Abdallah El Hariri : une odyss\u00e9e artistique au gr\u00e9 des inspirations<\/a><\/h2>\t\t\t\t<\/div>\n\t\t\t\t<div class=\"elementor-element elementor-element-090fd01 elementor-widget elementor-widget-text-editor\" data-id=\"090fd01\" data-element_type=\"widget\" data-e-type=\"widget\" data-widget_type=\"text-editor.default\">\n\t\t\t\t\t\t\t\t\t<p>AEMAGAZINE.MA<\/p>\t\t\t\t\t\t\t\t<\/div>\n\t\t\t\t\t<\/div>\n\t\t<\/div>\n\t\t\t\t<div class=\"elementor-column elementor-col-50 elementor-top-column elementor-element elementor-element-e6007fd\" data-id=\"e6007fd\" data-element_type=\"column\" data-e-type=\"column\">\n\t\t\t<div class=\"elementor-widget-wrap elementor-element-populated\">\n\t\t\t\t\t\t<div class=\"elementor-element elementor-element-329e85b elementor-widget elementor-widget-image\" data-id=\"329e85b\" data-element_type=\"widget\" data-e-type=\"widget\" data-widget_type=\"image.default\">\n\t\t\t\t\t\t\t\t\t\t\t\t\t\t\t\t<a href=\"https:\/\/open.luxeradio.ma\/show\/track\/cd127f2f6693299cda1cc92edb431cbb\" target=\"_blank\">\n\t\t\t\t\t\t\t<img loading=\"lazy\" decoding=\"async\" width=\"2560\" height=\"1707\" src=\"https:\/\/cmgmarrakech.com\/wp-content\/uploads\/2024\/05\/Abdallah-El-Hariri-Mon-Histoire-Exposition-Vue-3-scaled.jpg\" class=\"attachment-full size-full wp-image-11947\" alt=\"\" srcset=\"https:\/\/cmgmarrakech.com\/wp-content\/uploads\/2024\/05\/Abdallah-El-Hariri-Mon-Histoire-Exposition-Vue-3-scaled.jpg 2560w, https:\/\/cmgmarrakech.com\/wp-content\/uploads\/2024\/05\/Abdallah-El-Hariri-Mon-Histoire-Exposition-Vue-3-300x200.jpg 300w, https:\/\/cmgmarrakech.com\/wp-content\/uploads\/2024\/05\/Abdallah-El-Hariri-Mon-Histoire-Exposition-Vue-3-1024x683.jpg 1024w, https:\/\/cmgmarrakech.com\/wp-content\/uploads\/2024\/05\/Abdallah-El-Hariri-Mon-Histoire-Exposition-Vue-3-768x512.jpg 768w, https:\/\/cmgmarrakech.com\/wp-content\/uploads\/2024\/05\/Abdallah-El-Hariri-Mon-Histoire-Exposition-Vue-3-1536x1024.jpg 1536w, https:\/\/cmgmarrakech.com\/wp-content\/uploads\/2024\/05\/Abdallah-El-Hariri-Mon-Histoire-Exposition-Vue-3-2048x1365.jpg 2048w, https:\/\/cmgmarrakech.com\/wp-content\/uploads\/2024\/05\/Abdallah-El-Hariri-Mon-Histoire-Exposition-Vue-3-18x12.jpg 18w, https:\/\/cmgmarrakech.com\/wp-content\/uploads\/2024\/05\/Abdallah-El-Hariri-Mon-Histoire-Exposition-Vue-3-415x277.jpg 415w, https:\/\/cmgmarrakech.com\/wp-content\/uploads\/2024\/05\/Abdallah-El-Hariri-Mon-Histoire-Exposition-Vue-3-650x433.jpg 650w, https:\/\/cmgmarrakech.com\/wp-content\/uploads\/2024\/05\/Abdallah-El-Hariri-Mon-Histoire-Exposition-Vue-3-250x167.jpg 250w\" sizes=\"(max-width: 2560px) 100vw, 2560px\" \/>\t\t\t\t\t\t\t\t<\/a>\n\t\t\t\t\t\t\t\t\t\t\t\t\t\t\t<\/div>\n\t\t\t\t<div class=\"elementor-element elementor-element-5212770 elementor-widget elementor-widget-heading\" data-id=\"5212770\" data-element_type=\"widget\" data-e-type=\"widget\" data-widget_type=\"heading.default\">\n\t\t\t\t\t<h2 class=\"elementor-heading-title elementor-size-default\"><a href=\"https:\/\/open.luxeradio.ma\/show\/track\/cd127f2f6693299cda1cc92edb431cbb\" target=\"_blank\">Le Journal Des Arts - Comptoir des Mines Galerie: exposition individuelle de Abdallah El Hariri\n<\/a><\/h2>\t\t\t\t<\/div>\n\t\t\t\t<div class=\"elementor-element elementor-element-8c070fd elementor-widget elementor-widget-text-editor\" data-id=\"8c070fd\" data-element_type=\"widget\" data-e-type=\"widget\" data-widget_type=\"text-editor.default\">\n\t\t\t\t\t\t\t\t\t<p>Luxe Radio<\/p>\t\t\t\t\t\t\t\t<\/div>\n\t\t\t\t\t<\/div>\n\t\t<\/div>\n\t\t\t\t\t<\/div>\n\t\t<\/section>\n\t\t\t\t<section class=\"elementor-section elementor-top-section elementor-element elementor-element-5cecf98 animated-slow elementor-section-boxed elementor-section-height-default elementor-section-height-default\" data-id=\"5cecf98\" data-element_type=\"section\" data-e-type=\"section\" data-settings=\"{&quot;animation&quot;:&quot;none&quot;}\">\n\t\t\t\t\t\t<div class=\"elementor-container elementor-column-gap-default\">\n\t\t\t\t\t<div class=\"elementor-column elementor-col-50 elementor-top-column elementor-element elementor-element-9e6c0ab\" data-id=\"9e6c0ab\" data-element_type=\"column\" data-e-type=\"column\">\n\t\t\t<div class=\"elementor-widget-wrap elementor-element-populated\">\n\t\t\t\t\t\t<div class=\"elementor-element elementor-element-95a15aa elementor-widget elementor-widget-image\" data-id=\"95a15aa\" data-element_type=\"widget\" data-e-type=\"widget\" data-widget_type=\"image.default\">\n\t\t\t\t\t\t\t\t\t\t\t\t\t\t\t\t<a href=\"https:\/\/www.lopinion.ma\/MAGAZINE-Abdallah-El-Hariri-peintre-a-pinceaux-tires_a53706.html\" target=\"_blank\">\n\t\t\t\t\t\t\t<img loading=\"lazy\" decoding=\"async\" width=\"2000\" height=\"1334\" src=\"https:\/\/cmgmarrakech.com\/wp-content\/uploads\/2024\/05\/Abdellah-El-Hariri-Exposition-Presse.jpg\" class=\"attachment-full size-full wp-image-11912\" alt=\"\" srcset=\"https:\/\/cmgmarrakech.com\/wp-content\/uploads\/2024\/05\/Abdellah-El-Hariri-Exposition-Presse.jpg 2000w, https:\/\/cmgmarrakech.com\/wp-content\/uploads\/2024\/05\/Abdellah-El-Hariri-Exposition-Presse-300x200.jpg 300w, https:\/\/cmgmarrakech.com\/wp-content\/uploads\/2024\/05\/Abdellah-El-Hariri-Exposition-Presse-1024x683.jpg 1024w, https:\/\/cmgmarrakech.com\/wp-content\/uploads\/2024\/05\/Abdellah-El-Hariri-Exposition-Presse-768x512.jpg 768w, https:\/\/cmgmarrakech.com\/wp-content\/uploads\/2024\/05\/Abdellah-El-Hariri-Exposition-Presse-1536x1025.jpg 1536w, https:\/\/cmgmarrakech.com\/wp-content\/uploads\/2024\/05\/Abdellah-El-Hariri-Exposition-Presse-18x12.jpg 18w, https:\/\/cmgmarrakech.com\/wp-content\/uploads\/2024\/05\/Abdellah-El-Hariri-Exposition-Presse-415x277.jpg 415w, https:\/\/cmgmarrakech.com\/wp-content\/uploads\/2024\/05\/Abdellah-El-Hariri-Exposition-Presse-650x434.jpg 650w, https:\/\/cmgmarrakech.com\/wp-content\/uploads\/2024\/05\/Abdellah-El-Hariri-Exposition-Presse-250x167.jpg 250w\" sizes=\"(max-width: 2000px) 100vw, 2000px\" \/>\t\t\t\t\t\t\t\t<\/a>\n\t\t\t\t\t\t\t\t\t\t\t\t\t\t\t<\/div>\n\t\t\t\t<div class=\"elementor-element elementor-element-e3a23dd elementor-widget elementor-widget-heading\" data-id=\"e3a23dd\" data-element_type=\"widget\" data-e-type=\"widget\" data-widget_type=\"heading.default\">\n\t\t\t\t\t<h2 class=\"elementor-heading-title elementor-size-default\"><a href=\"https:\/\/www.lopinion.ma\/MAGAZINE-Abdallah-El-Hariri-peintre-a-pinceaux-tires_a53706.html\" target=\"_blank\">Abdallah El Hariri, peintre \u00e0 pinceaux tir\u00e9s\n<\/a><\/h2>\t\t\t\t<\/div>\n\t\t\t\t<div class=\"elementor-element elementor-element-0d966af elementor-widget elementor-widget-text-editor\" data-id=\"0d966af\" data-element_type=\"widget\" data-e-type=\"widget\" data-widget_type=\"text-editor.default\">\n\t\t\t\t\t\t\t\t\t<p>L&rsquo;opinion<\/p>\t\t\t\t\t\t\t\t<\/div>\n\t\t\t\t\t<\/div>\n\t\t<\/div>\n\t\t\t\t<div class=\"elementor-column elementor-col-50 elementor-top-column elementor-element elementor-element-d5343c7\" data-id=\"d5343c7\" data-element_type=\"column\" data-e-type=\"column\">\n\t\t\t<div class=\"elementor-widget-wrap elementor-element-populated\">\n\t\t\t\t\t\t<div class=\"elementor-element elementor-element-be026ec elementor-widget elementor-widget-image\" data-id=\"be026ec\" data-element_type=\"widget\" data-e-type=\"widget\" data-widget_type=\"image.default\">\n\t\t\t\t\t\t\t\t\t\t\t\t\t\t\t\t<a href=\"https:\/\/elle.com.br\/elle-decoration\/marrakech-a-cidade-vermelha\" target=\"_blank\">\n\t\t\t\t\t\t\t<img loading=\"lazy\" decoding=\"async\" width=\"1200\" height=\"908\" src=\"https:\/\/cmgmarrakech.com\/wp-content\/uploads\/2024\/02\/Youssef-Hayat-_-Images-1.jpg\" class=\"attachment-full size-full wp-image-11581\" alt=\"\" srcset=\"https:\/\/cmgmarrakech.com\/wp-content\/uploads\/2024\/02\/Youssef-Hayat-_-Images-1.jpg 1200w, https:\/\/cmgmarrakech.com\/wp-content\/uploads\/2024\/02\/Youssef-Hayat-_-Images-1-300x227.jpg 300w, https:\/\/cmgmarrakech.com\/wp-content\/uploads\/2024\/02\/Youssef-Hayat-_-Images-1-1024x775.jpg 1024w, https:\/\/cmgmarrakech.com\/wp-content\/uploads\/2024\/02\/Youssef-Hayat-_-Images-1-768x581.jpg 768w, https:\/\/cmgmarrakech.com\/wp-content\/uploads\/2024\/02\/Youssef-Hayat-_-Images-1-16x12.jpg 16w, https:\/\/cmgmarrakech.com\/wp-content\/uploads\/2024\/02\/Youssef-Hayat-_-Images-1-415x314.jpg 415w, https:\/\/cmgmarrakech.com\/wp-content\/uploads\/2024\/02\/Youssef-Hayat-_-Images-1-650x492.jpg 650w, https:\/\/cmgmarrakech.com\/wp-content\/uploads\/2024\/02\/Youssef-Hayat-_-Images-1-250x189.jpg 250w\" sizes=\"(max-width: 1200px) 100vw, 1200px\" \/>\t\t\t\t\t\t\t\t<\/a>\n\t\t\t\t\t\t\t\t\t\t\t\t\t\t\t<\/div>\n\t\t\t\t<div class=\"elementor-element elementor-element-ce37e14 elementor-widget elementor-widget-heading\" data-id=\"ce37e14\" data-element_type=\"widget\" data-e-type=\"widget\" data-widget_type=\"heading.default\">\n\t\t\t\t\t<h2 class=\"elementor-heading-title elementor-size-default\"><a href=\"https:\/\/elle.com.br\/elle-decoration\/marrakech-a-cidade-vermelha\" target=\"_blank\">Marrakech, a cidade vermelha<\/a><\/h2>\t\t\t\t<\/div>\n\t\t\t\t<div class=\"elementor-element elementor-element-47cb326 elementor-widget elementor-widget-text-editor\" data-id=\"47cb326\" data-element_type=\"widget\" data-e-type=\"widget\" data-widget_type=\"text-editor.default\">\n\t\t\t\t\t\t\t\t\t<p>ELLE Brasil<\/p>\t\t\t\t\t\t\t\t<\/div>\n\t\t\t\t\t<\/div>\n\t\t<\/div>\n\t\t\t\t\t<\/div>\n\t\t<\/section>\n\t\t\t\t<section class=\"elementor-section elementor-top-section elementor-element elementor-element-a1f54fe animated-slow elementor-section-boxed elementor-section-height-default elementor-section-height-default\" data-id=\"a1f54fe\" data-element_type=\"section\" data-e-type=\"section\" data-settings=\"{&quot;animation&quot;:&quot;none&quot;}\">\n\t\t\t\t\t\t<div class=\"elementor-container elementor-column-gap-default\">\n\t\t\t\t\t<div class=\"elementor-column elementor-col-50 elementor-top-column elementor-element elementor-element-ed238ed\" data-id=\"ed238ed\" data-element_type=\"column\" data-e-type=\"column\">\n\t\t\t<div class=\"elementor-widget-wrap elementor-element-populated\">\n\t\t\t\t\t\t<div class=\"elementor-element elementor-element-757e547 elementor-widget elementor-widget-image\" data-id=\"757e547\" data-element_type=\"widget\" data-e-type=\"widget\" data-widget_type=\"image.default\">\n\t\t\t\t\t\t\t\t\t\t\t\t\t\t\t\t<a href=\"https:\/\/ledesk.ma\/culture\/au-comptoir-des-mines-de-marrakech-abdallah-elhariri-dans-tous-ses-eclats\/\" target=\"_blank\">\n\t\t\t\t\t\t\t<img loading=\"lazy\" decoding=\"async\" width=\"2000\" height=\"1334\" src=\"https:\/\/cmgmarrakech.com\/wp-content\/uploads\/2024\/04\/Abdellah-El-Hariri-Exposition-Image.jpg\" class=\"attachment-full size-full wp-image-11849\" alt=\"\" srcset=\"https:\/\/cmgmarrakech.com\/wp-content\/uploads\/2024\/04\/Abdellah-El-Hariri-Exposition-Image.jpg 2000w, https:\/\/cmgmarrakech.com\/wp-content\/uploads\/2024\/04\/Abdellah-El-Hariri-Exposition-Image-300x200.jpg 300w, https:\/\/cmgmarrakech.com\/wp-content\/uploads\/2024\/04\/Abdellah-El-Hariri-Exposition-Image-1024x683.jpg 1024w, https:\/\/cmgmarrakech.com\/wp-content\/uploads\/2024\/04\/Abdellah-El-Hariri-Exposition-Image-768x512.jpg 768w, https:\/\/cmgmarrakech.com\/wp-content\/uploads\/2024\/04\/Abdellah-El-Hariri-Exposition-Image-1536x1025.jpg 1536w, https:\/\/cmgmarrakech.com\/wp-content\/uploads\/2024\/04\/Abdellah-El-Hariri-Exposition-Image-18x12.jpg 18w, https:\/\/cmgmarrakech.com\/wp-content\/uploads\/2024\/04\/Abdellah-El-Hariri-Exposition-Image-415x277.jpg 415w, https:\/\/cmgmarrakech.com\/wp-content\/uploads\/2024\/04\/Abdellah-El-Hariri-Exposition-Image-650x434.jpg 650w, https:\/\/cmgmarrakech.com\/wp-content\/uploads\/2024\/04\/Abdellah-El-Hariri-Exposition-Image-250x167.jpg 250w\" sizes=\"(max-width: 2000px) 100vw, 2000px\" \/>\t\t\t\t\t\t\t\t<\/a>\n\t\t\t\t\t\t\t\t\t\t\t\t\t\t\t<\/div>\n\t\t\t\t<div class=\"elementor-element elementor-element-d239e69 elementor-widget elementor-widget-heading\" data-id=\"d239e69\" data-element_type=\"widget\" data-e-type=\"widget\" data-widget_type=\"heading.default\">\n\t\t\t\t\t<h2 class=\"elementor-heading-title elementor-size-default\"><a href=\"https:\/\/ledesk.ma\/culture\/au-comptoir-des-mines-de-marrakech-abdallah-elhariri-dans-tous-ses-eclats\/\" target=\"_blank\"> Au Comptoir des Mines de Marrakech, Abdallah Elhariri dans tous ses \u00e9clats<\/a><\/h2>\t\t\t\t<\/div>\n\t\t\t\t<div class=\"elementor-element elementor-element-e089428 elementor-widget elementor-widget-text-editor\" data-id=\"e089428\" data-element_type=\"widget\" data-e-type=\"widget\" data-widget_type=\"text-editor.default\">\n\t\t\t\t\t\t\t\t\t<p>Le Desk<\/p>\t\t\t\t\t\t\t\t<\/div>\n\t\t\t\t\t<\/div>\n\t\t<\/div>\n\t\t\t\t<div class=\"elementor-column elementor-col-50 elementor-top-column elementor-element elementor-element-39cc181\" data-id=\"39cc181\" data-element_type=\"column\" data-e-type=\"column\">\n\t\t\t<div class=\"elementor-widget-wrap elementor-element-populated\">\n\t\t\t\t\t\t<div class=\"elementor-element elementor-element-ba3bbec elementor-widget elementor-widget-image\" data-id=\"ba3bbec\" data-element_type=\"widget\" data-e-type=\"widget\" data-widget_type=\"image.default\">\n\t\t\t\t\t\t\t\t\t\t\t\t\t\t\t\t<a href=\"https:\/\/online.fliphtml5.com\/ziwzd\/etdf\/?fbclid=IwZXh0bgNhZW0BMQABHTGZ0SbRU0gxN4veuv_W_d9WLRP3iHDhsn_7Irm6X8N-sHMa9PMDA14D2Q_aem_Ad9ratyyMywZr_zd0pfWn3Wnwqvp5rzQSKn7SBrVyXbgA_RoT3IOzgf-BPoKXWkvU7Q#p=12\" target=\"_blank\">\n\t\t\t\t\t\t\t<img loading=\"lazy\" decoding=\"async\" width=\"2560\" height=\"1707\" src=\"https:\/\/cmgmarrakech.com\/wp-content\/uploads\/2024\/05\/Abdallah-El-Hariri-Mon-Histoire-Exposition-Vue-2-scaled.jpg\" class=\"attachment-full size-full wp-image-11952\" alt=\"\" srcset=\"https:\/\/cmgmarrakech.com\/wp-content\/uploads\/2024\/05\/Abdallah-El-Hariri-Mon-Histoire-Exposition-Vue-2-scaled.jpg 2560w, https:\/\/cmgmarrakech.com\/wp-content\/uploads\/2024\/05\/Abdallah-El-Hariri-Mon-Histoire-Exposition-Vue-2-300x200.jpg 300w, https:\/\/cmgmarrakech.com\/wp-content\/uploads\/2024\/05\/Abdallah-El-Hariri-Mon-Histoire-Exposition-Vue-2-1024x683.jpg 1024w, https:\/\/cmgmarrakech.com\/wp-content\/uploads\/2024\/05\/Abdallah-El-Hariri-Mon-Histoire-Exposition-Vue-2-768x512.jpg 768w, https:\/\/cmgmarrakech.com\/wp-content\/uploads\/2024\/05\/Abdallah-El-Hariri-Mon-Histoire-Exposition-Vue-2-1536x1024.jpg 1536w, https:\/\/cmgmarrakech.com\/wp-content\/uploads\/2024\/05\/Abdallah-El-Hariri-Mon-Histoire-Exposition-Vue-2-2048x1365.jpg 2048w, https:\/\/cmgmarrakech.com\/wp-content\/uploads\/2024\/05\/Abdallah-El-Hariri-Mon-Histoire-Exposition-Vue-2-18x12.jpg 18w, https:\/\/cmgmarrakech.com\/wp-content\/uploads\/2024\/05\/Abdallah-El-Hariri-Mon-Histoire-Exposition-Vue-2-415x277.jpg 415w, https:\/\/cmgmarrakech.com\/wp-content\/uploads\/2024\/05\/Abdallah-El-Hariri-Mon-Histoire-Exposition-Vue-2-650x433.jpg 650w, https:\/\/cmgmarrakech.com\/wp-content\/uploads\/2024\/05\/Abdallah-El-Hariri-Mon-Histoire-Exposition-Vue-2-250x167.jpg 250w\" sizes=\"(max-width: 2560px) 100vw, 2560px\" \/>\t\t\t\t\t\t\t\t<\/a>\n\t\t\t\t\t\t\t\t\t\t\t\t\t\t\t<\/div>\n\t\t\t\t<div class=\"elementor-element elementor-element-8d52fc1 elementor-widget elementor-widget-heading\" data-id=\"8d52fc1\" data-element_type=\"widget\" data-e-type=\"widget\" data-widget_type=\"heading.default\">\n\t\t\t\t\t<h2 class=\"elementor-heading-title elementor-size-default\"><a href=\"https:\/\/online.fliphtml5.com\/ziwzd\/etdf\/?fbclid=IwZXh0bgNhZW0BMQABHTGZ0SbRU0gxN4veuv_W_d9WLRP3iHDhsn_7Irm6X8N-sHMa9PMDA14D2Q_aem_Ad9ratyyMywZr_zd0pfWn3Wnwqvp5rzQSKn7SBrVyXbgA_RoT3IOzgf-BPoKXWkvU7Q#p=12\" target=\"_blank\">Abdallah Elhariri au Comptoir des Mines de Marrakech<\/a><\/h2>\t\t\t\t<\/div>\n\t\t\t\t<div class=\"elementor-element elementor-element-2cdc863 elementor-widget elementor-widget-text-editor\" data-id=\"2cdc863\" data-element_type=\"widget\" data-e-type=\"widget\" data-widget_type=\"text-editor.default\">\n\t\t\t\t\t\t\t\t\t<p>Madame \u00e0 Marrakech<\/p>\t\t\t\t\t\t\t\t<\/div>\n\t\t\t\t\t<\/div>\n\t\t<\/div>\n\t\t\t\t\t<\/div>\n\t\t<\/section>\n\t\t\t\t<section class=\"elementor-section elementor-top-section elementor-element elementor-element-b56428e animated-slow elementor-section-boxed elementor-section-height-default elementor-section-height-default\" data-id=\"b56428e\" data-element_type=\"section\" data-e-type=\"section\" data-settings=\"{&quot;animation&quot;:&quot;none&quot;}\">\n\t\t\t\t\t\t<div class=\"elementor-container elementor-column-gap-default\">\n\t\t\t\t\t<div class=\"elementor-column elementor-col-50 elementor-top-column elementor-element elementor-element-59d5100\" data-id=\"59d5100\" data-element_type=\"column\" data-e-type=\"column\">\n\t\t\t<div class=\"elementor-widget-wrap elementor-element-populated\">\n\t\t\t\t\t\t<div class=\"elementor-element elementor-element-d903a06 elementor-widget elementor-widget-image\" data-id=\"d903a06\" data-element_type=\"widget\" data-e-type=\"widget\" data-widget_type=\"image.default\">\n\t\t\t\t\t\t\t\t\t\t\t\t\t\t\t\t<a href=\"https:\/\/aujourdhui.ma\/culture\/il-expose-au-comptoir-des-mines-galerie-de-marrakech-abdallah-el-hariri-le-grand-retour\" target=\"_blank\">\n\t\t\t\t\t\t\t<img loading=\"lazy\" decoding=\"async\" width=\"2000\" height=\"1334\" src=\"https:\/\/cmgmarrakech.com\/wp-content\/uploads\/2024\/04\/Abdellah-El-Hariri-Exposition-Image-1.jpg\" class=\"attachment-full size-full wp-image-11853\" alt=\"Abdallah El Hariri (N\u00e9 en 1949), Sans titre, 1976\u2028, Rome\u2028, Technique mixte sur toile, 70 x 70 cm\" srcset=\"https:\/\/cmgmarrakech.com\/wp-content\/uploads\/2024\/04\/Abdellah-El-Hariri-Exposition-Image-1.jpg 2000w, https:\/\/cmgmarrakech.com\/wp-content\/uploads\/2024\/04\/Abdellah-El-Hariri-Exposition-Image-1-300x200.jpg 300w, https:\/\/cmgmarrakech.com\/wp-content\/uploads\/2024\/04\/Abdellah-El-Hariri-Exposition-Image-1-1024x683.jpg 1024w, https:\/\/cmgmarrakech.com\/wp-content\/uploads\/2024\/04\/Abdellah-El-Hariri-Exposition-Image-1-768x512.jpg 768w, https:\/\/cmgmarrakech.com\/wp-content\/uploads\/2024\/04\/Abdellah-El-Hariri-Exposition-Image-1-1536x1025.jpg 1536w, https:\/\/cmgmarrakech.com\/wp-content\/uploads\/2024\/04\/Abdellah-El-Hariri-Exposition-Image-1-18x12.jpg 18w, https:\/\/cmgmarrakech.com\/wp-content\/uploads\/2024\/04\/Abdellah-El-Hariri-Exposition-Image-1-415x277.jpg 415w, https:\/\/cmgmarrakech.com\/wp-content\/uploads\/2024\/04\/Abdellah-El-Hariri-Exposition-Image-1-650x434.jpg 650w, https:\/\/cmgmarrakech.com\/wp-content\/uploads\/2024\/04\/Abdellah-El-Hariri-Exposition-Image-1-250x167.jpg 250w\" sizes=\"(max-width: 2000px) 100vw, 2000px\" \/>\t\t\t\t\t\t\t\t<\/a>\n\t\t\t\t\t\t\t\t\t\t\t\t\t\t\t<\/div>\n\t\t\t\t<div class=\"elementor-element elementor-element-1e54ab3 elementor-widget elementor-widget-heading\" data-id=\"1e54ab3\" data-element_type=\"widget\" data-e-type=\"widget\" data-widget_type=\"heading.default\">\n\t\t\t\t\t<h2 class=\"elementor-heading-title elementor-size-default\"><a href=\"https:\/\/aujourdhui.ma\/culture\/il-expose-au-comptoir-des-mines-galerie-de-marrakech-abdallah-el-hariri-le-grand-retour\" target=\"_blank\">Il expose au Comptoir des Mines Galerie de Marrakech \/ Abdallah El Hariri : Le grand retour !<\/a><\/h2>\t\t\t\t<\/div>\n\t\t\t\t<div class=\"elementor-element elementor-element-a32bb6c elementor-widget elementor-widget-text-editor\" data-id=\"a32bb6c\" data-element_type=\"widget\" data-e-type=\"widget\" data-widget_type=\"text-editor.default\">\n\t\t\t\t\t\t\t\t\t<p>Aujourd\u2019hui Le Maroc<\/p>\t\t\t\t\t\t\t\t<\/div>\n\t\t\t\t\t<\/div>\n\t\t<\/div>\n\t\t\t\t<div class=\"elementor-column elementor-col-50 elementor-top-column elementor-element elementor-element-8e1de00\" data-id=\"8e1de00\" data-element_type=\"column\" data-e-type=\"column\">\n\t\t\t<div class=\"elementor-widget-wrap elementor-element-populated\">\n\t\t\t\t\t\t<div class=\"elementor-element elementor-element-9dcc893 elementor-widget elementor-widget-image\" data-id=\"9dcc893\" data-element_type=\"widget\" data-e-type=\"widget\" data-widget_type=\"image.default\">\n\t\t\t\t\t\t\t\t\t\t\t\t\t\t\t\t<a href=\"https:\/\/www.e-flux.com\/announcements\/580610\/casablanca-art-school-a-postcolonial-avant-garde-1962-1987\/\" target=\"_blank\">\n\t\t\t\t\t\t\t<img decoding=\"async\" src=\"https:\/\/images.e-flux-systems.com\/580610_f90bb651ab06e58f1b2a3b4a48cd01d2.jpg,1920\" title=\"\" alt=\"\" loading=\"lazy\" \/>\t\t\t\t\t\t\t\t<\/a>\n\t\t\t\t\t\t\t\t\t\t\t\t\t\t\t<\/div>\n\t\t\t\t<div class=\"elementor-element elementor-element-5c5a089 elementor-widget elementor-widget-heading\" data-id=\"5c5a089\" data-element_type=\"widget\" data-e-type=\"widget\" data-widget_type=\"heading.default\">\n\t\t\t\t\t<h2 class=\"elementor-heading-title elementor-size-default\"><a href=\"https:\/\/www.e-flux.com\/announcements\/580610\/casablanca-art-school-a-postcolonial-avant-garde-1962-1987\/\" target=\"_blank\">Casablanca Art School: A Postcolonial Avant-Garde 1962\u20131987<\/a><\/h2>\t\t\t\t<\/div>\n\t\t\t\t<div class=\"elementor-element elementor-element-90ce64a elementor-widget elementor-widget-text-editor\" data-id=\"90ce64a\" data-element_type=\"widget\" data-e-type=\"widget\" data-widget_type=\"text-editor.default\">\n\t\t\t\t\t\t\t\t\t<p>e-flux<\/p>\t\t\t\t\t\t\t\t<\/div>\n\t\t\t\t\t<\/div>\n\t\t<\/div>\n\t\t\t\t\t<\/div>\n\t\t<\/section>\n\t\t\t\t<section class=\"elementor-section elementor-top-section elementor-element elementor-element-8e3e5b8 animated-slow elementor-section-boxed elementor-section-height-default elementor-section-height-default\" data-id=\"8e3e5b8\" data-element_type=\"section\" data-e-type=\"section\" data-settings=\"{&quot;animation&quot;:&quot;none&quot;}\">\n\t\t\t\t\t\t<div class=\"elementor-container elementor-column-gap-default\">\n\t\t\t\t\t<div class=\"elementor-column elementor-col-50 elementor-top-column elementor-element elementor-element-abc3282\" data-id=\"abc3282\" data-element_type=\"column\" data-e-type=\"column\">\n\t\t\t<div class=\"elementor-widget-wrap elementor-element-populated\">\n\t\t\t\t\t\t<div class=\"elementor-element elementor-element-0e95640 elementor-widget elementor-widget-image\" data-id=\"0e95640\" data-element_type=\"widget\" data-e-type=\"widget\" data-widget_type=\"image.default\">\n\t\t\t\t\t\t\t\t\t\t\t\t\t\t\t\t<a href=\"https:\/\/lematin.ma\/culture\/comptoir-des-mines-galerie-exposition-individuelle-de-abdallah-el-hariri\/221431\" target=\"_blank\">\n\t\t\t\t\t\t\t<img loading=\"lazy\" decoding=\"async\" width=\"2000\" height=\"1334\" src=\"https:\/\/cmgmarrakech.com\/wp-content\/uploads\/2024\/04\/Abdellah-El-Hariri-Exposition-Image.jpg\" class=\"attachment-full size-full wp-image-11849\" alt=\"\" srcset=\"https:\/\/cmgmarrakech.com\/wp-content\/uploads\/2024\/04\/Abdellah-El-Hariri-Exposition-Image.jpg 2000w, https:\/\/cmgmarrakech.com\/wp-content\/uploads\/2024\/04\/Abdellah-El-Hariri-Exposition-Image-300x200.jpg 300w, https:\/\/cmgmarrakech.com\/wp-content\/uploads\/2024\/04\/Abdellah-El-Hariri-Exposition-Image-1024x683.jpg 1024w, https:\/\/cmgmarrakech.com\/wp-content\/uploads\/2024\/04\/Abdellah-El-Hariri-Exposition-Image-768x512.jpg 768w, https:\/\/cmgmarrakech.com\/wp-content\/uploads\/2024\/04\/Abdellah-El-Hariri-Exposition-Image-1536x1025.jpg 1536w, https:\/\/cmgmarrakech.com\/wp-content\/uploads\/2024\/04\/Abdellah-El-Hariri-Exposition-Image-18x12.jpg 18w, https:\/\/cmgmarrakech.com\/wp-content\/uploads\/2024\/04\/Abdellah-El-Hariri-Exposition-Image-415x277.jpg 415w, https:\/\/cmgmarrakech.com\/wp-content\/uploads\/2024\/04\/Abdellah-El-Hariri-Exposition-Image-650x434.jpg 650w, https:\/\/cmgmarrakech.com\/wp-content\/uploads\/2024\/04\/Abdellah-El-Hariri-Exposition-Image-250x167.jpg 250w\" sizes=\"(max-width: 2000px) 100vw, 2000px\" \/>\t\t\t\t\t\t\t\t<\/a>\n\t\t\t\t\t\t\t\t\t\t\t\t\t\t\t<\/div>\n\t\t\t\t<div class=\"elementor-element elementor-element-783f05b elementor-widget elementor-widget-heading\" data-id=\"783f05b\" data-element_type=\"widget\" data-e-type=\"widget\" data-widget_type=\"heading.default\">\n\t\t\t\t\t<h2 class=\"elementor-heading-title elementor-size-default\"><a href=\"https:\/\/lematin.ma\/culture\/comptoir-des-mines-galerie-exposition-individuelle-de-abdallah-el-hariri\/221431\" target=\"_blank\">Comptoir des Mines Galerie : exposition individuelle de Abdallah El Hariri<\/a><\/h2>\t\t\t\t<\/div>\n\t\t\t\t<div class=\"elementor-element elementor-element-30f2608 elementor-widget elementor-widget-text-editor\" data-id=\"30f2608\" data-element_type=\"widget\" data-e-type=\"widget\" data-widget_type=\"text-editor.default\">\n\t\t\t\t\t\t\t\t\t<p>Le Matin<\/p>\t\t\t\t\t\t\t\t<\/div>\n\t\t\t\t\t<\/div>\n\t\t<\/div>\n\t\t\t\t<div class=\"elementor-column elementor-col-50 elementor-top-column elementor-element elementor-element-06623f9\" data-id=\"06623f9\" data-element_type=\"column\" data-e-type=\"column\">\n\t\t\t<div class=\"elementor-widget-wrap elementor-element-populated\">\n\t\t\t\t\t\t<div class=\"elementor-element elementor-element-481ebfb elementor-widget elementor-widget-image\" data-id=\"481ebfb\" data-element_type=\"widget\" data-e-type=\"widget\" data-widget_type=\"image.default\">\n\t\t\t\t\t\t\t\t\t\t\t\t\t\t\t\t<a href=\"https:\/\/latribunedemarrakech.com\/hicham-daoudi-lart-entre-pilosophie-et-spiritualite\/\" target=\"_blank\">\n\t\t\t\t\t\t\t<img loading=\"lazy\" decoding=\"async\" width=\"1392\" height=\"924\" src=\"https:\/\/cmgmarrakech.com\/wp-content\/uploads\/2024\/04\/Hicham-Daoudi-scaled-e1712148988575-1392x924-1.jpeg\" class=\"attachment-full size-full wp-image-11832\" alt=\"\" srcset=\"https:\/\/cmgmarrakech.com\/wp-content\/uploads\/2024\/04\/Hicham-Daoudi-scaled-e1712148988575-1392x924-1.jpeg 1392w, https:\/\/cmgmarrakech.com\/wp-content\/uploads\/2024\/04\/Hicham-Daoudi-scaled-e1712148988575-1392x924-1-300x199.jpeg 300w, https:\/\/cmgmarrakech.com\/wp-content\/uploads\/2024\/04\/Hicham-Daoudi-scaled-e1712148988575-1392x924-1-1024x680.jpeg 1024w, https:\/\/cmgmarrakech.com\/wp-content\/uploads\/2024\/04\/Hicham-Daoudi-scaled-e1712148988575-1392x924-1-768x510.jpeg 768w, https:\/\/cmgmarrakech.com\/wp-content\/uploads\/2024\/04\/Hicham-Daoudi-scaled-e1712148988575-1392x924-1-18x12.jpeg 18w, https:\/\/cmgmarrakech.com\/wp-content\/uploads\/2024\/04\/Hicham-Daoudi-scaled-e1712148988575-1392x924-1-415x275.jpeg 415w, https:\/\/cmgmarrakech.com\/wp-content\/uploads\/2024\/04\/Hicham-Daoudi-scaled-e1712148988575-1392x924-1-650x431.jpeg 650w, https:\/\/cmgmarrakech.com\/wp-content\/uploads\/2024\/04\/Hicham-Daoudi-scaled-e1712148988575-1392x924-1-250x166.jpeg 250w\" sizes=\"(max-width: 1392px) 100vw, 1392px\" \/>\t\t\t\t\t\t\t\t<\/a>\n\t\t\t\t\t\t\t\t\t\t\t\t\t\t\t<\/div>\n\t\t\t\t<div class=\"elementor-element elementor-element-a18dabd elementor-widget elementor-widget-heading\" data-id=\"a18dabd\" data-element_type=\"widget\" data-e-type=\"widget\" data-widget_type=\"heading.default\">\n\t\t\t\t\t<h2 class=\"elementor-heading-title elementor-size-default\"><a href=\"https:\/\/latribunedemarrakech.com\/hicham-daoudi-lart-entre-pilosophie-et-spiritualite\/\" target=\"_blank\">HICHAM DAOUDI : l\u2019art entre philosophie et spiritualit\u00e9<\/a><\/h2>\t\t\t\t<\/div>\n\t\t\t\t<div class=\"elementor-element elementor-element-fc01162 elementor-widget elementor-widget-text-editor\" data-id=\"fc01162\" data-element_type=\"widget\" data-e-type=\"widget\" data-widget_type=\"text-editor.default\">\n\t\t\t\t\t\t\t\t\t<p>La Tribune de Marrakech<\/p>\t\t\t\t\t\t\t\t<\/div>\n\t\t\t\t\t<\/div>\n\t\t<\/div>\n\t\t\t\t\t<\/div>\n\t\t<\/section>\n\t\t\t\t<section class=\"elementor-section elementor-top-section elementor-element elementor-element-2b45cf6 animated-slow elementor-section-boxed elementor-section-height-default elementor-section-height-default\" data-id=\"2b45cf6\" data-element_type=\"section\" data-e-type=\"section\" data-settings=\"{&quot;animation&quot;:&quot;none&quot;}\">\n\t\t\t\t\t\t<div class=\"elementor-container elementor-column-gap-default\">\n\t\t\t\t\t<div class=\"elementor-column elementor-col-50 elementor-top-column elementor-element elementor-element-2906c68\" data-id=\"2906c68\" data-element_type=\"column\" data-e-type=\"column\">\n\t\t\t<div class=\"elementor-widget-wrap elementor-element-populated\">\n\t\t\t\t\t\t<div class=\"elementor-element elementor-element-7d3472f elementor-widget elementor-widget-image\" data-id=\"7d3472f\" data-element_type=\"widget\" data-e-type=\"widget\" data-widget_type=\"image.default\">\n\t\t\t\t\t\t\t\t\t\t\t\t\t\t\t\t<a href=\"https:\/\/www.youtube.com\/watch?v=yjBGLRNHtBk&#038;ab_channel=AudiMaroc\" target=\"_blank\">\n\t\t\t\t\t\t\t<img loading=\"lazy\" decoding=\"async\" width=\"2200\" height=\"1467\" src=\"https:\/\/cmgmarrakech.com\/wp-content\/uploads\/2023\/12\/Sara-Ouhaddou_Lumiere-sur-lumiere-vue-2.jpg\" class=\"attachment-full size-full wp-image-11071\" alt=\"\" srcset=\"https:\/\/cmgmarrakech.com\/wp-content\/uploads\/2023\/12\/Sara-Ouhaddou_Lumiere-sur-lumiere-vue-2.jpg 2200w, https:\/\/cmgmarrakech.com\/wp-content\/uploads\/2023\/12\/Sara-Ouhaddou_Lumiere-sur-lumiere-vue-2-300x200.jpg 300w, https:\/\/cmgmarrakech.com\/wp-content\/uploads\/2023\/12\/Sara-Ouhaddou_Lumiere-sur-lumiere-vue-2-1024x683.jpg 1024w, https:\/\/cmgmarrakech.com\/wp-content\/uploads\/2023\/12\/Sara-Ouhaddou_Lumiere-sur-lumiere-vue-2-768x512.jpg 768w, https:\/\/cmgmarrakech.com\/wp-content\/uploads\/2023\/12\/Sara-Ouhaddou_Lumiere-sur-lumiere-vue-2-1536x1024.jpg 1536w, https:\/\/cmgmarrakech.com\/wp-content\/uploads\/2023\/12\/Sara-Ouhaddou_Lumiere-sur-lumiere-vue-2-2048x1366.jpg 2048w, https:\/\/cmgmarrakech.com\/wp-content\/uploads\/2023\/12\/Sara-Ouhaddou_Lumiere-sur-lumiere-vue-2-18x12.jpg 18w, https:\/\/cmgmarrakech.com\/wp-content\/uploads\/2023\/12\/Sara-Ouhaddou_Lumiere-sur-lumiere-vue-2-415x277.jpg 415w, https:\/\/cmgmarrakech.com\/wp-content\/uploads\/2023\/12\/Sara-Ouhaddou_Lumiere-sur-lumiere-vue-2-650x433.jpg 650w, https:\/\/cmgmarrakech.com\/wp-content\/uploads\/2023\/12\/Sara-Ouhaddou_Lumiere-sur-lumiere-vue-2-250x167.jpg 250w\" sizes=\"(max-width: 2200px) 100vw, 2200px\" \/>\t\t\t\t\t\t\t\t<\/a>\n\t\t\t\t\t\t\t\t\t\t\t\t\t\t\t<\/div>\n\t\t\t\t<div class=\"elementor-element elementor-element-73c4244 elementor-widget elementor-widget-heading\" data-id=\"73c4244\" data-element_type=\"widget\" data-e-type=\"widget\" data-widget_type=\"heading.default\">\n\t\t\t\t\t<h2 class=\"elementor-heading-title elementor-size-default\"><a href=\"https:\/\/www.youtube.com\/watch?v=yjBGLRNHtBk&#038;ab_channel=AudiMaroc\" target=\"_blank\">#DrivenByArt - A la rencontre de Sara Ouhaddou<\/a><\/h2>\t\t\t\t<\/div>\n\t\t\t\t<div class=\"elementor-element elementor-element-1b8f202 elementor-widget elementor-widget-text-editor\" data-id=\"1b8f202\" data-element_type=\"widget\" data-e-type=\"widget\" data-widget_type=\"text-editor.default\">\n\t\t\t\t\t\t\t\t\t<p>Diptyk X Audi Maroc<\/p>\t\t\t\t\t\t\t\t<\/div>\n\t\t\t\t\t<\/div>\n\t\t<\/div>\n\t\t\t\t<div class=\"elementor-column elementor-col-50 elementor-top-column elementor-element elementor-element-65868e1\" data-id=\"65868e1\" data-element_type=\"column\" data-e-type=\"column\">\n\t\t\t<div class=\"elementor-widget-wrap elementor-element-populated\">\n\t\t\t\t\t\t<div class=\"elementor-element elementor-element-4128c47 elementor-widget elementor-widget-image\" data-id=\"4128c47\" data-element_type=\"widget\" data-e-type=\"widget\" data-widget_type=\"image.default\">\n\t\t\t\t\t\t\t\t\t\t\t\t\t\t\t\t<a href=\"https:\/\/www.stirworld.com\/think-opinions-art-dubai-2024-platforming-the-global-south-from-the-arabian-gulf\" target=\"_blank\">\n\t\t\t\t\t\t\t<img loading=\"lazy\" decoding=\"async\" width=\"2560\" height=\"1576\" src=\"https:\/\/cmgmarrakech.com\/wp-content\/uploads\/2024\/03\/Fatiha-Zemmouri-STIR-scaled.jpg\" class=\"attachment-full size-full wp-image-11794\" alt=\"\" srcset=\"https:\/\/cmgmarrakech.com\/wp-content\/uploads\/2024\/03\/Fatiha-Zemmouri-STIR-scaled.jpg 2560w, https:\/\/cmgmarrakech.com\/wp-content\/uploads\/2024\/03\/Fatiha-Zemmouri-STIR-300x185.jpg 300w, https:\/\/cmgmarrakech.com\/wp-content\/uploads\/2024\/03\/Fatiha-Zemmouri-STIR-1024x630.jpg 1024w, https:\/\/cmgmarrakech.com\/wp-content\/uploads\/2024\/03\/Fatiha-Zemmouri-STIR-768x473.jpg 768w, https:\/\/cmgmarrakech.com\/wp-content\/uploads\/2024\/03\/Fatiha-Zemmouri-STIR-1536x945.jpg 1536w, https:\/\/cmgmarrakech.com\/wp-content\/uploads\/2024\/03\/Fatiha-Zemmouri-STIR-2048x1261.jpg 2048w, https:\/\/cmgmarrakech.com\/wp-content\/uploads\/2024\/03\/Fatiha-Zemmouri-STIR-18x12.jpg 18w, https:\/\/cmgmarrakech.com\/wp-content\/uploads\/2024\/03\/Fatiha-Zemmouri-STIR-415x255.jpg 415w, https:\/\/cmgmarrakech.com\/wp-content\/uploads\/2024\/03\/Fatiha-Zemmouri-STIR-650x400.jpg 650w, https:\/\/cmgmarrakech.com\/wp-content\/uploads\/2024\/03\/Fatiha-Zemmouri-STIR-250x154.jpg 250w\" sizes=\"(max-width: 2560px) 100vw, 2560px\" \/>\t\t\t\t\t\t\t\t<\/a>\n\t\t\t\t\t\t\t\t\t\t\t\t\t\t\t<\/div>\n\t\t\t\t<div class=\"elementor-element elementor-element-a255e30 elementor-widget elementor-widget-heading\" data-id=\"a255e30\" data-element_type=\"widget\" data-e-type=\"widget\" data-widget_type=\"heading.default\">\n\t\t\t\t\t<h2 class=\"elementor-heading-title elementor-size-default\"><a href=\"https:\/\/www.stirworld.com\/think-opinions-art-dubai-2024-platforming-the-global-south-from-the-arabian-gulf\" target=\"_blank\">Art Dubai 2024: Platforming the Global South from the Arabian Gulf\n<\/a><\/h2>\t\t\t\t<\/div>\n\t\t\t\t<div class=\"elementor-element elementor-element-2efe7d9 elementor-widget elementor-widget-text-editor\" data-id=\"2efe7d9\" data-element_type=\"widget\" data-e-type=\"widget\" data-widget_type=\"text-editor.default\">\n\t\t\t\t\t\t\t\t\t<p>STIR World<\/p>\t\t\t\t\t\t\t\t<\/div>\n\t\t\t\t\t<\/div>\n\t\t<\/div>\n\t\t\t\t\t<\/div>\n\t\t<\/section>\n\t\t\t\t<section class=\"elementor-section elementor-top-section elementor-element elementor-element-937acac animated-slow elementor-section-boxed elementor-section-height-default elementor-section-height-default\" data-id=\"937acac\" data-element_type=\"section\" data-e-type=\"section\" data-settings=\"{&quot;animation&quot;:&quot;none&quot;}\">\n\t\t\t\t\t\t<div class=\"elementor-container elementor-column-gap-default\">\n\t\t\t\t\t<div class=\"elementor-column elementor-col-50 elementor-top-column elementor-element elementor-element-b28fa95\" data-id=\"b28fa95\" data-element_type=\"column\" data-e-type=\"column\">\n\t\t\t<div class=\"elementor-widget-wrap elementor-element-populated\">\n\t\t\t\t\t\t<div class=\"elementor-element elementor-element-81e1814 elementor-widget elementor-widget-image\" data-id=\"81e1814\" data-element_type=\"widget\" data-e-type=\"widget\" data-widget_type=\"image.default\">\n\t\t\t\t\t\t\t\t\t\t\t\t\t\t\t\t<a href=\"https:\/\/lobservateur.info\/article\/109953\/culture\/art-dubai-2024-les-artistes-marocains-ont-la-cote\" target=\"_blank\">\n\t\t\t\t\t\t\t<img loading=\"lazy\" decoding=\"async\" width=\"2000\" height=\"1334\" src=\"https:\/\/cmgmarrakech.com\/wp-content\/uploads\/2024\/01\/FATIHA-ZEMMOURI-TAY-AL-ARD-2022-Triptyque-Terre-et-pigments-sur-panneau-de-bois-360-x-130-x-5-cm.jpg\" class=\"attachment-full size-full wp-image-11669\" alt=\"\" srcset=\"https:\/\/cmgmarrakech.com\/wp-content\/uploads\/2024\/01\/FATIHA-ZEMMOURI-TAY-AL-ARD-2022-Triptyque-Terre-et-pigments-sur-panneau-de-bois-360-x-130-x-5-cm.jpg 2000w, https:\/\/cmgmarrakech.com\/wp-content\/uploads\/2024\/01\/FATIHA-ZEMMOURI-TAY-AL-ARD-2022-Triptyque-Terre-et-pigments-sur-panneau-de-bois-360-x-130-x-5-cm-300x200.jpg 300w, https:\/\/cmgmarrakech.com\/wp-content\/uploads\/2024\/01\/FATIHA-ZEMMOURI-TAY-AL-ARD-2022-Triptyque-Terre-et-pigments-sur-panneau-de-bois-360-x-130-x-5-cm-1024x683.jpg 1024w, https:\/\/cmgmarrakech.com\/wp-content\/uploads\/2024\/01\/FATIHA-ZEMMOURI-TAY-AL-ARD-2022-Triptyque-Terre-et-pigments-sur-panneau-de-bois-360-x-130-x-5-cm-768x512.jpg 768w, https:\/\/cmgmarrakech.com\/wp-content\/uploads\/2024\/01\/FATIHA-ZEMMOURI-TAY-AL-ARD-2022-Triptyque-Terre-et-pigments-sur-panneau-de-bois-360-x-130-x-5-cm-1536x1025.jpg 1536w, https:\/\/cmgmarrakech.com\/wp-content\/uploads\/2024\/01\/FATIHA-ZEMMOURI-TAY-AL-ARD-2022-Triptyque-Terre-et-pigments-sur-panneau-de-bois-360-x-130-x-5-cm-18x12.jpg 18w, https:\/\/cmgmarrakech.com\/wp-content\/uploads\/2024\/01\/FATIHA-ZEMMOURI-TAY-AL-ARD-2022-Triptyque-Terre-et-pigments-sur-panneau-de-bois-360-x-130-x-5-cm-415x277.jpg 415w, https:\/\/cmgmarrakech.com\/wp-content\/uploads\/2024\/01\/FATIHA-ZEMMOURI-TAY-AL-ARD-2022-Triptyque-Terre-et-pigments-sur-panneau-de-bois-360-x-130-x-5-cm-650x434.jpg 650w, https:\/\/cmgmarrakech.com\/wp-content\/uploads\/2024\/01\/FATIHA-ZEMMOURI-TAY-AL-ARD-2022-Triptyque-Terre-et-pigments-sur-panneau-de-bois-360-x-130-x-5-cm-250x167.jpg 250w\" sizes=\"(max-width: 2000px) 100vw, 2000px\" \/>\t\t\t\t\t\t\t\t<\/a>\n\t\t\t\t\t\t\t\t\t\t\t\t\t\t\t<\/div>\n\t\t\t\t<div class=\"elementor-element elementor-element-0ffefa7 elementor-widget elementor-widget-heading\" data-id=\"0ffefa7\" data-element_type=\"widget\" data-e-type=\"widget\" data-widget_type=\"heading.default\">\n\t\t\t\t\t<h2 class=\"elementor-heading-title elementor-size-default\"><a href=\"https:\/\/lobservateur.info\/article\/109953\/culture\/art-dubai-2024-les-artistes-marocains-ont-la-cote\" target=\"_blank\">Art Dubai 2024 : Les artistes marocains ont la cote<\/a><\/h2>\t\t\t\t<\/div>\n\t\t\t\t<div class=\"elementor-element elementor-element-61b797d elementor-widget elementor-widget-text-editor\" data-id=\"61b797d\" data-element_type=\"widget\" data-e-type=\"widget\" data-widget_type=\"text-editor.default\">\n\t\t\t\t\t\t\t\t\t<p>lobservateur.info<\/p>\t\t\t\t\t\t\t\t<\/div>\n\t\t\t\t\t<\/div>\n\t\t<\/div>\n\t\t\t\t<div class=\"elementor-column elementor-col-50 elementor-top-column elementor-element elementor-element-03e4aed\" data-id=\"03e4aed\" data-element_type=\"column\" data-e-type=\"column\">\n\t\t\t<div class=\"elementor-widget-wrap elementor-element-populated\">\n\t\t\t\t\t\t<div class=\"elementor-element elementor-element-e244890 elementor-widget elementor-widget-image\" data-id=\"e244890\" data-element_type=\"widget\" data-e-type=\"widget\" data-widget_type=\"image.default\">\n\t\t\t\t\t\t\t\t\t\t\t\t\t\t\t\t<a href=\"https:\/\/selectionsarts.com\/the-custodian-custodian-chronicles-art-galleries-fostering-art-preservation-through-foundation-collaborations\/\" target=\"_blank\">\n\t\t\t\t\t\t\t<img decoding=\"async\" src=\"https:\/\/selectionsarts.com\/wp-content\/uploads\/Screenshot-2024-03-19-at-13.07.06-1170x600.png\" title=\"\" alt=\"\" loading=\"lazy\" \/>\t\t\t\t\t\t\t\t<\/a>\n\t\t\t\t\t\t\t\t\t\t\t\t\t\t\t<\/div>\n\t\t\t\t<div class=\"elementor-element elementor-element-27d63f8 elementor-widget elementor-widget-heading\" data-id=\"27d63f8\" data-element_type=\"widget\" data-e-type=\"widget\" data-widget_type=\"heading.default\">\n\t\t\t\t\t<h2 class=\"elementor-heading-title elementor-size-default\"><a href=\"https:\/\/selectionsarts.com\/the-custodian-custodian-chronicles-art-galleries-fostering-art-preservation-through-foundation-collaborations\/\" target=\"_blank\">Custodian Chronicles: Art Galleries Fostering Art Preservation Through Foundation Collaborations<\/a><\/h2>\t\t\t\t<\/div>\n\t\t\t\t<div class=\"elementor-element elementor-element-59c0693 elementor-widget elementor-widget-text-editor\" data-id=\"59c0693\" data-element_type=\"widget\" data-e-type=\"widget\" data-widget_type=\"text-editor.default\">\n\t\t\t\t\t\t\t\t\t<p>selection sarts<\/p>\t\t\t\t\t\t\t\t<\/div>\n\t\t\t\t\t<\/div>\n\t\t<\/div>\n\t\t\t\t\t<\/div>\n\t\t<\/section>\n\t\t\t\t<section class=\"elementor-section elementor-top-section elementor-element elementor-element-cbda710 animated-slow elementor-section-boxed elementor-section-height-default elementor-section-height-default\" data-id=\"cbda710\" data-element_type=\"section\" data-e-type=\"section\" data-settings=\"{&quot;animation&quot;:&quot;none&quot;}\">\n\t\t\t\t\t\t<div class=\"elementor-container elementor-column-gap-default\">\n\t\t\t\t\t<div class=\"elementor-column elementor-col-50 elementor-top-column elementor-element elementor-element-01fd183\" data-id=\"01fd183\" data-element_type=\"column\" data-e-type=\"column\">\n\t\t\t<div class=\"elementor-widget-wrap elementor-element-populated\">\n\t\t\t\t\t\t<div class=\"elementor-element elementor-element-4ecc530 elementor-widget elementor-widget-image\" data-id=\"4ecc530\" data-element_type=\"widget\" data-e-type=\"widget\" data-widget_type=\"image.default\">\n\t\t\t\t\t\t\t\t\t\t\t\t\t\t\t\t<a href=\"https:\/\/www.blankwhitespace.co.uk\/new-blog\/2024\/3\/8\/the-art-of-love-affairs\" target=\"_blank\">\n\t\t\t\t\t\t\t<img loading=\"lazy\" decoding=\"async\" width=\"2174\" height=\"1353\" src=\"https:\/\/cmgmarrakech.com\/wp-content\/uploads\/2024\/02\/Hassan-Darsi-Vue-Exposition-Autrement-Dit-3-e1707231456911.jpg\" class=\"attachment-full size-full wp-image-11602\" alt=\"\" srcset=\"https:\/\/cmgmarrakech.com\/wp-content\/uploads\/2024\/02\/Hassan-Darsi-Vue-Exposition-Autrement-Dit-3-e1707231456911.jpg 2174w, https:\/\/cmgmarrakech.com\/wp-content\/uploads\/2024\/02\/Hassan-Darsi-Vue-Exposition-Autrement-Dit-3-e1707231456911-300x187.jpg 300w, https:\/\/cmgmarrakech.com\/wp-content\/uploads\/2024\/02\/Hassan-Darsi-Vue-Exposition-Autrement-Dit-3-e1707231456911-1024x637.jpg 1024w, https:\/\/cmgmarrakech.com\/wp-content\/uploads\/2024\/02\/Hassan-Darsi-Vue-Exposition-Autrement-Dit-3-e1707231456911-768x478.jpg 768w, https:\/\/cmgmarrakech.com\/wp-content\/uploads\/2024\/02\/Hassan-Darsi-Vue-Exposition-Autrement-Dit-3-e1707231456911-1536x956.jpg 1536w, https:\/\/cmgmarrakech.com\/wp-content\/uploads\/2024\/02\/Hassan-Darsi-Vue-Exposition-Autrement-Dit-3-e1707231456911-2048x1275.jpg 2048w, https:\/\/cmgmarrakech.com\/wp-content\/uploads\/2024\/02\/Hassan-Darsi-Vue-Exposition-Autrement-Dit-3-e1707231456911-18x12.jpg 18w, https:\/\/cmgmarrakech.com\/wp-content\/uploads\/2024\/02\/Hassan-Darsi-Vue-Exposition-Autrement-Dit-3-e1707231456911-415x258.jpg 415w, https:\/\/cmgmarrakech.com\/wp-content\/uploads\/2024\/02\/Hassan-Darsi-Vue-Exposition-Autrement-Dit-3-e1707231456911-650x405.jpg 650w, https:\/\/cmgmarrakech.com\/wp-content\/uploads\/2024\/02\/Hassan-Darsi-Vue-Exposition-Autrement-Dit-3-e1707231456911-250x156.jpg 250w\" sizes=\"(max-width: 2174px) 100vw, 2174px\" \/>\t\t\t\t\t\t\t\t<\/a>\n\t\t\t\t\t\t\t\t\t\t\t\t\t\t\t<\/div>\n\t\t\t\t<div class=\"elementor-element elementor-element-f09d917 elementor-widget elementor-widget-heading\" data-id=\"f09d917\" data-element_type=\"widget\" data-e-type=\"widget\" data-widget_type=\"heading.default\">\n\t\t\t\t\t<h2 class=\"elementor-heading-title elementor-size-default\"><a href=\"https:\/\/www.blankwhitespace.co.uk\/new-blog\/2024\/3\/8\/the-art-of-love-affairs\" target=\"_blank\">The Art of Love Affairs\n<\/a><\/h2>\t\t\t\t<\/div>\n\t\t\t\t<div class=\"elementor-element elementor-element-2219d53 elementor-widget elementor-widget-text-editor\" data-id=\"2219d53\" data-element_type=\"widget\" data-e-type=\"widget\" data-widget_type=\"text-editor.default\">\n\t\t\t\t\t\t\t\t\t<p>blank white space<\/p>\t\t\t\t\t\t\t\t<\/div>\n\t\t\t\t\t<\/div>\n\t\t<\/div>\n\t\t\t\t<div class=\"elementor-column elementor-col-50 elementor-top-column elementor-element elementor-element-664ca16\" data-id=\"664ca16\" data-element_type=\"column\" data-e-type=\"column\">\n\t\t\t<div class=\"elementor-widget-wrap elementor-element-populated\">\n\t\t\t\t\t\t<div class=\"elementor-element elementor-element-3bfddef elementor-widget elementor-widget-image\" data-id=\"3bfddef\" data-element_type=\"widget\" data-e-type=\"widget\" data-widget_type=\"image.default\">\n\t\t\t\t\t\t\t\t\t\t\t\t\t\t\t\t<a href=\"https:\/\/www.lejournaldesarts.fr\/marche\/art-dubai-etend-son-emprise-171441\" target=\"_blank\">\n\t\t\t\t\t\t\t<img decoding=\"async\" src=\"https:\/\/www.diptykmag.com\/wp-content\/uploads\/2024\/03\/Art-Dubai-2024.-Installation-view.-Credit_-Spark-Media-scaled.jpg\" title=\"\" alt=\"\" loading=\"lazy\" \/>\t\t\t\t\t\t\t\t<\/a>\n\t\t\t\t\t\t\t\t\t\t\t\t\t\t\t<\/div>\n\t\t\t\t<div class=\"elementor-element elementor-element-7c247e4 elementor-widget elementor-widget-heading\" data-id=\"7c247e4\" data-element_type=\"widget\" data-e-type=\"widget\" data-widget_type=\"heading.default\">\n\t\t\t\t\t<h2 class=\"elementor-heading-title elementor-size-default\"><a href=\"https:\/\/www.lejournaldesarts.fr\/marche\/art-dubai-etend-son-emprise-171441\" target=\"_blank\">Art Duba\u00ef \u00e9tend son emprise\n<\/a><\/h2>\t\t\t\t<\/div>\n\t\t\t\t<div class=\"elementor-element elementor-element-3d26b8f elementor-widget elementor-widget-text-editor\" data-id=\"3d26b8f\" data-element_type=\"widget\" data-e-type=\"widget\" data-widget_type=\"text-editor.default\">\n\t\t\t\t\t\t\t\t\t<p>le journal des arts<\/p>\t\t\t\t\t\t\t\t<\/div>\n\t\t\t\t\t<\/div>\n\t\t<\/div>\n\t\t\t\t\t<\/div>\n\t\t<\/section>\n\t\t\t\t<section class=\"elementor-section elementor-top-section elementor-element elementor-element-8183d2d animated-slow elementor-section-boxed elementor-section-height-default elementor-section-height-default\" data-id=\"8183d2d\" data-element_type=\"section\" data-e-type=\"section\" data-settings=\"{&quot;animation&quot;:&quot;none&quot;}\">\n\t\t\t\t\t\t<div class=\"elementor-container elementor-column-gap-default\">\n\t\t\t\t\t<div class=\"elementor-column elementor-col-50 elementor-top-column elementor-element elementor-element-5f9ff98\" data-id=\"5f9ff98\" data-element_type=\"column\" data-e-type=\"column\">\n\t\t\t<div class=\"elementor-widget-wrap elementor-element-populated\">\n\t\t\t\t\t\t<div class=\"elementor-element elementor-element-8b8934a elementor-widget elementor-widget-image\" data-id=\"8b8934a\" data-element_type=\"widget\" data-e-type=\"widget\" data-widget_type=\"image.default\">\n\t\t\t\t\t\t\t\t\t\t\t\t\t\t\t\t<a href=\"https:\/\/www.gazette-drouot.com\/article\/entre-foires-et-galeries-marrakech-nouvel-eldorado-du-marche-de-l-art\/49396\" target=\"_blank\">\n\t\t\t\t\t\t\t<img loading=\"lazy\" decoding=\"async\" width=\"2100\" height=\"1243\" src=\"https:\/\/cmgmarrakech.com\/wp-content\/uploads\/2023\/12\/Sara-Ouhaddou_CMG-Exposition-individuelle.jpg\" class=\"attachment-full size-full wp-image-11047\" alt=\"\" srcset=\"https:\/\/cmgmarrakech.com\/wp-content\/uploads\/2023\/12\/Sara-Ouhaddou_CMG-Exposition-individuelle.jpg 2100w, https:\/\/cmgmarrakech.com\/wp-content\/uploads\/2023\/12\/Sara-Ouhaddou_CMG-Exposition-individuelle-300x178.jpg 300w, https:\/\/cmgmarrakech.com\/wp-content\/uploads\/2023\/12\/Sara-Ouhaddou_CMG-Exposition-individuelle-1024x606.jpg 1024w, https:\/\/cmgmarrakech.com\/wp-content\/uploads\/2023\/12\/Sara-Ouhaddou_CMG-Exposition-individuelle-768x455.jpg 768w, https:\/\/cmgmarrakech.com\/wp-content\/uploads\/2023\/12\/Sara-Ouhaddou_CMG-Exposition-individuelle-1536x909.jpg 1536w, https:\/\/cmgmarrakech.com\/wp-content\/uploads\/2023\/12\/Sara-Ouhaddou_CMG-Exposition-individuelle-2048x1212.jpg 2048w, https:\/\/cmgmarrakech.com\/wp-content\/uploads\/2023\/12\/Sara-Ouhaddou_CMG-Exposition-individuelle-18x12.jpg 18w, https:\/\/cmgmarrakech.com\/wp-content\/uploads\/2023\/12\/Sara-Ouhaddou_CMG-Exposition-individuelle-415x246.jpg 415w, https:\/\/cmgmarrakech.com\/wp-content\/uploads\/2023\/12\/Sara-Ouhaddou_CMG-Exposition-individuelle-650x385.jpg 650w, https:\/\/cmgmarrakech.com\/wp-content\/uploads\/2023\/12\/Sara-Ouhaddou_CMG-Exposition-individuelle-250x148.jpg 250w\" sizes=\"(max-width: 2100px) 100vw, 2100px\" \/>\t\t\t\t\t\t\t\t<\/a>\n\t\t\t\t\t\t\t\t\t\t\t\t\t\t\t<\/div>\n\t\t\t\t<div class=\"elementor-element elementor-element-73a6a74 elementor-widget elementor-widget-heading\" data-id=\"73a6a74\" data-element_type=\"widget\" data-e-type=\"widget\" data-widget_type=\"heading.default\">\n\t\t\t\t\t<h2 class=\"elementor-heading-title elementor-size-default\"><a href=\"https:\/\/www.gazette-drouot.com\/article\/entre-foires-et-galeries-marrakech-nouvel-eldorado-du-marche-de-l-art\/49396\" target=\"_blank\">Entre foires et galeries, Marrakech, nouvel eldorado du march\u00e9 de l\u2019art ?\n<\/a><\/h2>\t\t\t\t<\/div>\n\t\t\t\t<div class=\"elementor-element elementor-element-c706b07 elementor-widget elementor-widget-text-editor\" data-id=\"c706b07\" data-element_type=\"widget\" data-e-type=\"widget\" data-widget_type=\"text-editor.default\">\n\t\t\t\t\t\t\t\t\t<p>Gazette Drouot<\/p>\t\t\t\t\t\t\t\t<\/div>\n\t\t\t\t\t<\/div>\n\t\t<\/div>\n\t\t\t\t<div class=\"elementor-column elementor-col-50 elementor-top-column elementor-element elementor-element-e99550b\" data-id=\"e99550b\" data-element_type=\"column\" data-e-type=\"column\">\n\t\t\t<div class=\"elementor-widget-wrap elementor-element-populated\">\n\t\t\t\t\t\t<div class=\"elementor-element elementor-element-37fbf23 elementor-widget elementor-widget-image\" data-id=\"37fbf23\" data-element_type=\"widget\" data-e-type=\"widget\" data-widget_type=\"image.default\">\n\t\t\t\t\t\t\t\t\t\t\t\t\t\t\t\t<a href=\"https:\/\/citynews.com.au\/2024\/bungendore-gallery-named-best-in-australia\/\" target=\"_blank\">\n\t\t\t\t\t\t\t<img decoding=\"async\" src=\"https:\/\/citynews.com.au\/wp-content\/uploads\/2024\/03\/Founder-of-Bungendore-Wood-Works-David-Mac-Laren-e1710105497916.jpg\" title=\"\" alt=\"\" loading=\"lazy\" \/>\t\t\t\t\t\t\t\t<\/a>\n\t\t\t\t\t\t\t\t\t\t\t\t\t\t\t<\/div>\n\t\t\t\t<div class=\"elementor-element elementor-element-57f4871 elementor-widget elementor-widget-heading\" data-id=\"57f4871\" data-element_type=\"widget\" data-e-type=\"widget\" data-widget_type=\"heading.default\">\n\t\t\t\t\t<h2 class=\"elementor-heading-title elementor-size-default\"><a href=\"https:\/\/citynews.com.au\/2024\/bungendore-gallery-named-best-in-australia\/\" target=\"_blank\">Bungendore gallery named best in Australia\n<\/a><\/h2>\t\t\t\t<\/div>\n\t\t\t\t<div class=\"elementor-element elementor-element-6db5161 elementor-widget elementor-widget-text-editor\" data-id=\"6db5161\" data-element_type=\"widget\" data-e-type=\"widget\" data-widget_type=\"text-editor.default\">\n\t\t\t\t\t\t\t\t\t<p>CITY NEWS<\/p>\t\t\t\t\t\t\t\t<\/div>\n\t\t\t\t\t<\/div>\n\t\t<\/div>\n\t\t\t\t\t<\/div>\n\t\t<\/section>\n\t\t\t\t<section class=\"elementor-section elementor-top-section elementor-element elementor-element-354e826 animated-slow elementor-section-boxed elementor-section-height-default elementor-section-height-default\" data-id=\"354e826\" data-element_type=\"section\" data-e-type=\"section\" data-settings=\"{&quot;animation&quot;:&quot;none&quot;}\">\n\t\t\t\t\t\t<div class=\"elementor-container elementor-column-gap-default\">\n\t\t\t\t\t<div class=\"elementor-column elementor-col-50 elementor-top-column elementor-element elementor-element-d44b299\" data-id=\"d44b299\" data-element_type=\"column\" data-e-type=\"column\">\n\t\t\t<div class=\"elementor-widget-wrap elementor-element-populated\">\n\t\t\t\t\t\t<div class=\"elementor-element elementor-element-e876cc1 elementor-widget elementor-widget-image\" data-id=\"e876cc1\" data-element_type=\"widget\" data-e-type=\"widget\" data-widget_type=\"image.default\">\n\t\t\t\t\t\t\t\t\t\t\t\t\t\t\t\t<a href=\"https:\/\/www.lecho.be\/culture\/design\/art-dubai-l-art-du-sud-global\/10531000.html\" target=\"_blank\">\n\t\t\t\t\t\t\t<img loading=\"lazy\" decoding=\"async\" width=\"2200\" height=\"1467\" src=\"https:\/\/cmgmarrakech.com\/wp-content\/uploads\/2023\/12\/Sara-Ouhaddou_Lumiere-sur-lumiere-vue-2.jpg\" class=\"attachment-full size-full wp-image-11071\" alt=\"\" srcset=\"https:\/\/cmgmarrakech.com\/wp-content\/uploads\/2023\/12\/Sara-Ouhaddou_Lumiere-sur-lumiere-vue-2.jpg 2200w, https:\/\/cmgmarrakech.com\/wp-content\/uploads\/2023\/12\/Sara-Ouhaddou_Lumiere-sur-lumiere-vue-2-300x200.jpg 300w, https:\/\/cmgmarrakech.com\/wp-content\/uploads\/2023\/12\/Sara-Ouhaddou_Lumiere-sur-lumiere-vue-2-1024x683.jpg 1024w, https:\/\/cmgmarrakech.com\/wp-content\/uploads\/2023\/12\/Sara-Ouhaddou_Lumiere-sur-lumiere-vue-2-768x512.jpg 768w, https:\/\/cmgmarrakech.com\/wp-content\/uploads\/2023\/12\/Sara-Ouhaddou_Lumiere-sur-lumiere-vue-2-1536x1024.jpg 1536w, https:\/\/cmgmarrakech.com\/wp-content\/uploads\/2023\/12\/Sara-Ouhaddou_Lumiere-sur-lumiere-vue-2-2048x1366.jpg 2048w, https:\/\/cmgmarrakech.com\/wp-content\/uploads\/2023\/12\/Sara-Ouhaddou_Lumiere-sur-lumiere-vue-2-18x12.jpg 18w, https:\/\/cmgmarrakech.com\/wp-content\/uploads\/2023\/12\/Sara-Ouhaddou_Lumiere-sur-lumiere-vue-2-415x277.jpg 415w, https:\/\/cmgmarrakech.com\/wp-content\/uploads\/2023\/12\/Sara-Ouhaddou_Lumiere-sur-lumiere-vue-2-650x433.jpg 650w, https:\/\/cmgmarrakech.com\/wp-content\/uploads\/2023\/12\/Sara-Ouhaddou_Lumiere-sur-lumiere-vue-2-250x167.jpg 250w\" sizes=\"(max-width: 2200px) 100vw, 2200px\" \/>\t\t\t\t\t\t\t\t<\/a>\n\t\t\t\t\t\t\t\t\t\t\t\t\t\t\t<\/div>\n\t\t\t\t<div class=\"elementor-element elementor-element-5bfc98c elementor-widget elementor-widget-heading\" data-id=\"5bfc98c\" data-element_type=\"widget\" data-e-type=\"widget\" data-widget_type=\"heading.default\">\n\t\t\t\t\t<h2 class=\"elementor-heading-title elementor-size-default\"><a href=\"https:\/\/www.lecho.be\/culture\/design\/art-dubai-l-art-du-sud-global\/10531000.html\" target=\"_blank\">Art Dubai: l'art du Sud global<\/a><\/h2>\t\t\t\t<\/div>\n\t\t\t\t<div class=\"elementor-element elementor-element-7646698 elementor-widget elementor-widget-text-editor\" data-id=\"7646698\" data-element_type=\"widget\" data-e-type=\"widget\" data-widget_type=\"text-editor.default\">\n\t\t\t\t\t\t\t\t\t<p>lecho.be<\/p>\t\t\t\t\t\t\t\t<\/div>\n\t\t\t\t\t<\/div>\n\t\t<\/div>\n\t\t\t\t<div class=\"elementor-column elementor-col-50 elementor-top-column elementor-element elementor-element-1fa34c6\" data-id=\"1fa34c6\" data-element_type=\"column\" data-e-type=\"column\">\n\t\t\t<div class=\"elementor-widget-wrap elementor-element-populated\">\n\t\t\t\t\t\t<div class=\"elementor-element elementor-element-c95cb14 elementor-widget elementor-widget-image\" data-id=\"c95cb14\" data-element_type=\"widget\" data-e-type=\"widget\" data-widget_type=\"image.default\">\n\t\t\t\t\t\t\t\t\t\t\t\t\t\t\t\t<a href=\"https:\/\/telquel.ma\/2024\/02\/15\/hicham-daoudi-le-marche-de-lart-tient-grace-aux-collectionneurs-marocains_1856676\" target=\"_blank\">\n\t\t\t\t\t\t\t<img loading=\"lazy\" decoding=\"async\" width=\"2000\" height=\"1334\" src=\"https:\/\/cmgmarrakech.com\/wp-content\/uploads\/2023\/12\/Sara-Ouhaddou_CMG-Exposition.jpg\" class=\"attachment-full size-full wp-image-11051\" alt=\"\" srcset=\"https:\/\/cmgmarrakech.com\/wp-content\/uploads\/2023\/12\/Sara-Ouhaddou_CMG-Exposition.jpg 2000w, https:\/\/cmgmarrakech.com\/wp-content\/uploads\/2023\/12\/Sara-Ouhaddou_CMG-Exposition-300x200.jpg 300w, https:\/\/cmgmarrakech.com\/wp-content\/uploads\/2023\/12\/Sara-Ouhaddou_CMG-Exposition-1024x683.jpg 1024w, https:\/\/cmgmarrakech.com\/wp-content\/uploads\/2023\/12\/Sara-Ouhaddou_CMG-Exposition-768x512.jpg 768w, https:\/\/cmgmarrakech.com\/wp-content\/uploads\/2023\/12\/Sara-Ouhaddou_CMG-Exposition-1536x1025.jpg 1536w, https:\/\/cmgmarrakech.com\/wp-content\/uploads\/2023\/12\/Sara-Ouhaddou_CMG-Exposition-18x12.jpg 18w, https:\/\/cmgmarrakech.com\/wp-content\/uploads\/2023\/12\/Sara-Ouhaddou_CMG-Exposition-415x277.jpg 415w, https:\/\/cmgmarrakech.com\/wp-content\/uploads\/2023\/12\/Sara-Ouhaddou_CMG-Exposition-650x434.jpg 650w, https:\/\/cmgmarrakech.com\/wp-content\/uploads\/2023\/12\/Sara-Ouhaddou_CMG-Exposition-250x167.jpg 250w\" sizes=\"(max-width: 2000px) 100vw, 2000px\" \/>\t\t\t\t\t\t\t\t<\/a>\n\t\t\t\t\t\t\t\t\t\t\t\t\t\t\t<\/div>\n\t\t\t\t<div class=\"elementor-element elementor-element-30be91c elementor-widget elementor-widget-heading\" data-id=\"30be91c\" data-element_type=\"widget\" data-e-type=\"widget\" data-widget_type=\"heading.default\">\n\t\t\t\t\t<h2 class=\"elementor-heading-title elementor-size-default\"><a href=\"https:\/\/telquel.ma\/2024\/02\/15\/hicham-daoudi-le-marche-de-lart-tient-grace-aux-collectionneurs-marocains_1856676\" target=\"_blank\">Hicham Daoudi : \u201cLe march\u00e9 de l'art tient gr\u00e2ce aux collectionneurs marocains\u201d <\/a><\/h2>\t\t\t\t<\/div>\n\t\t\t\t<div class=\"elementor-element elementor-element-3cbb358 elementor-widget elementor-widget-text-editor\" data-id=\"3cbb358\" data-element_type=\"widget\" data-e-type=\"widget\" data-widget_type=\"text-editor.default\">\n\t\t\t\t\t\t\t\t\t<p>TELQUEL<\/p>\t\t\t\t\t\t\t\t<\/div>\n\t\t\t\t\t<\/div>\n\t\t<\/div>\n\t\t\t\t\t<\/div>\n\t\t<\/section>\n\t\t\t\t<section class=\"elementor-section elementor-top-section elementor-element elementor-element-9c22a66 animated-slow elementor-section-boxed elementor-section-height-default elementor-section-height-default\" data-id=\"9c22a66\" data-element_type=\"section\" data-e-type=\"section\" data-settings=\"{&quot;animation&quot;:&quot;none&quot;}\">\n\t\t\t\t\t\t<div class=\"elementor-container elementor-column-gap-default\">\n\t\t\t\t\t<div class=\"elementor-column elementor-col-50 elementor-top-column elementor-element elementor-element-07fa78b\" data-id=\"07fa78b\" data-element_type=\"column\" data-e-type=\"column\">\n\t\t\t<div class=\"elementor-widget-wrap elementor-element-populated\">\n\t\t\t\t\t\t<div class=\"elementor-element elementor-element-3d86754 elementor-widget elementor-widget-image\" data-id=\"3d86754\" data-element_type=\"widget\" data-e-type=\"widget\" data-widget_type=\"image.default\">\n\t\t\t\t\t\t\t\t\t\t\t\t\t\t\t\t<a href=\"https:\/\/www.arabnews.com\/node\/2469811\/lifestyle\" target=\"_blank\">\n\t\t\t\t\t\t\t<img decoding=\"async\" src=\"https:\/\/www.arabnews.com\/sites\/default\/files\/pictures\/March\/2050466\/2024\/art_dubai_2024._installation_view._credit_spark_media_2_copy_2.jpg\" title=\"\" alt=\"\" loading=\"lazy\" \/>\t\t\t\t\t\t\t\t<\/a>\n\t\t\t\t\t\t\t\t\t\t\t\t\t\t\t<\/div>\n\t\t\t\t<div class=\"elementor-element elementor-element-8065477 elementor-widget elementor-widget-heading\" data-id=\"8065477\" data-element_type=\"widget\" data-e-type=\"widget\" data-widget_type=\"heading.default\">\n\t\t\t\t\t<h2 class=\"elementor-heading-title elementor-size-default\"><a href=\"https:\/\/www.arabnews.com\/node\/2469811\/lifestyle\" target=\"_blank\">Art Dubai\u2019s 17th fair: A showcase of global talent and cultural commentary<\/a><\/h2>\t\t\t\t<\/div>\n\t\t\t\t<div class=\"elementor-element elementor-element-7fd3cf8 elementor-widget elementor-widget-text-editor\" data-id=\"7fd3cf8\" data-element_type=\"widget\" data-e-type=\"widget\" data-widget_type=\"text-editor.default\">\n\t\t\t\t\t\t\t\t\t<p>ARAB NEWS<\/p>\t\t\t\t\t\t\t\t<\/div>\n\t\t\t\t\t<\/div>\n\t\t<\/div>\n\t\t\t\t<div class=\"elementor-column elementor-col-50 elementor-top-column elementor-element elementor-element-6ba2772\" data-id=\"6ba2772\" data-element_type=\"column\" data-e-type=\"column\">\n\t\t\t<div class=\"elementor-widget-wrap elementor-element-populated\">\n\t\t\t\t\t\t<div class=\"elementor-element elementor-element-56263c8 elementor-widget elementor-widget-image\" data-id=\"56263c8\" data-element_type=\"widget\" data-e-type=\"widget\" data-widget_type=\"image.default\">\n\t\t\t\t\t\t\t\t\t\t\t\t\t\t\t\t<a href=\"https:\/\/www.artuu.it\/innovare-il-sistema-dellarte-rispettando-la-tradizione-art-dubai-2024\/\" target=\"_blank\">\n\t\t\t\t\t\t\t<img loading=\"lazy\" decoding=\"async\" width=\"2000\" height=\"1334\" src=\"https:\/\/cmgmarrakech.com\/wp-content\/uploads\/2024\/01\/Hassan-Darsi_CMG-Exposition-2024.jpg\" class=\"attachment-full size-full wp-image-11270\" alt=\"\" srcset=\"https:\/\/cmgmarrakech.com\/wp-content\/uploads\/2024\/01\/Hassan-Darsi_CMG-Exposition-2024.jpg 2000w, https:\/\/cmgmarrakech.com\/wp-content\/uploads\/2024\/01\/Hassan-Darsi_CMG-Exposition-2024-300x200.jpg 300w, https:\/\/cmgmarrakech.com\/wp-content\/uploads\/2024\/01\/Hassan-Darsi_CMG-Exposition-2024-1024x683.jpg 1024w, https:\/\/cmgmarrakech.com\/wp-content\/uploads\/2024\/01\/Hassan-Darsi_CMG-Exposition-2024-768x512.jpg 768w, https:\/\/cmgmarrakech.com\/wp-content\/uploads\/2024\/01\/Hassan-Darsi_CMG-Exposition-2024-1536x1025.jpg 1536w, https:\/\/cmgmarrakech.com\/wp-content\/uploads\/2024\/01\/Hassan-Darsi_CMG-Exposition-2024-18x12.jpg 18w, https:\/\/cmgmarrakech.com\/wp-content\/uploads\/2024\/01\/Hassan-Darsi_CMG-Exposition-2024-415x277.jpg 415w, https:\/\/cmgmarrakech.com\/wp-content\/uploads\/2024\/01\/Hassan-Darsi_CMG-Exposition-2024-650x434.jpg 650w, https:\/\/cmgmarrakech.com\/wp-content\/uploads\/2024\/01\/Hassan-Darsi_CMG-Exposition-2024-250x167.jpg 250w\" sizes=\"(max-width: 2000px) 100vw, 2000px\" \/>\t\t\t\t\t\t\t\t<\/a>\n\t\t\t\t\t\t\t\t\t\t\t\t\t\t\t<\/div>\n\t\t\t\t<div class=\"elementor-element elementor-element-27e8423 elementor-widget elementor-widget-heading\" data-id=\"27e8423\" data-element_type=\"widget\" data-e-type=\"widget\" data-widget_type=\"heading.default\">\n\t\t\t\t\t<h2 class=\"elementor-heading-title elementor-size-default\"><a href=\"https:\/\/www.artuu.it\/innovare-il-sistema-dellarte-rispettando-la-tradizione-art-dubai-2024\/\" target=\"_blank\">Innovare il sistema dell\u2019arte rispettando la tradizione: Art Dubai 2024<\/a><\/h2>\t\t\t\t<\/div>\n\t\t\t\t<div class=\"elementor-element elementor-element-0a8080f elementor-widget elementor-widget-text-editor\" data-id=\"0a8080f\" data-element_type=\"widget\" data-e-type=\"widget\" data-widget_type=\"text-editor.default\">\n\t\t\t\t\t\t\t\t\t<p>ARTUU<\/p>\t\t\t\t\t\t\t\t<\/div>\n\t\t\t\t\t<\/div>\n\t\t<\/div>\n\t\t\t\t\t<\/div>\n\t\t<\/section>\n\t\t\t\t<section class=\"elementor-section elementor-top-section elementor-element elementor-element-3b179f0 animated-slow elementor-section-boxed elementor-section-height-default elementor-section-height-default\" data-id=\"3b179f0\" data-element_type=\"section\" data-e-type=\"section\" data-settings=\"{&quot;animation&quot;:&quot;none&quot;}\">\n\t\t\t\t\t\t<div class=\"elementor-container elementor-column-gap-default\">\n\t\t\t\t\t<div class=\"elementor-column elementor-col-50 elementor-top-column elementor-element elementor-element-f0cb5e0\" data-id=\"f0cb5e0\" data-element_type=\"column\" data-e-type=\"column\">\n\t\t\t<div class=\"elementor-widget-wrap elementor-element-populated\">\n\t\t\t\t\t\t<div class=\"elementor-element elementor-element-c40e901 elementor-widget elementor-widget-image\" data-id=\"c40e901\" data-element_type=\"widget\" data-e-type=\"widget\" data-widget_type=\"image.default\">\n\t\t\t\t\t\t\t\t\t\t\t\t\t\t\t\t<a href=\"https:\/\/www.leconomiste.com\/article\/1117176-arts-culture-week-end-art-dubai-une-presence-marocaine-affirmee\" target=\"_blank\">\n\t\t\t\t\t\t\t<img loading=\"lazy\" decoding=\"async\" width=\"2000\" height=\"1334\" src=\"https:\/\/cmgmarrakech.com\/wp-content\/uploads\/2024\/01\/FATIHA-ZEMMOURI-TAY-AL-ARD-2022-Triptyque-Terre-et-pigments-sur-panneau-de-bois-360-x-130-x-5-cm.jpg\" class=\"attachment-full size-full wp-image-11669\" alt=\"\" srcset=\"https:\/\/cmgmarrakech.com\/wp-content\/uploads\/2024\/01\/FATIHA-ZEMMOURI-TAY-AL-ARD-2022-Triptyque-Terre-et-pigments-sur-panneau-de-bois-360-x-130-x-5-cm.jpg 2000w, https:\/\/cmgmarrakech.com\/wp-content\/uploads\/2024\/01\/FATIHA-ZEMMOURI-TAY-AL-ARD-2022-Triptyque-Terre-et-pigments-sur-panneau-de-bois-360-x-130-x-5-cm-300x200.jpg 300w, https:\/\/cmgmarrakech.com\/wp-content\/uploads\/2024\/01\/FATIHA-ZEMMOURI-TAY-AL-ARD-2022-Triptyque-Terre-et-pigments-sur-panneau-de-bois-360-x-130-x-5-cm-1024x683.jpg 1024w, https:\/\/cmgmarrakech.com\/wp-content\/uploads\/2024\/01\/FATIHA-ZEMMOURI-TAY-AL-ARD-2022-Triptyque-Terre-et-pigments-sur-panneau-de-bois-360-x-130-x-5-cm-768x512.jpg 768w, https:\/\/cmgmarrakech.com\/wp-content\/uploads\/2024\/01\/FATIHA-ZEMMOURI-TAY-AL-ARD-2022-Triptyque-Terre-et-pigments-sur-panneau-de-bois-360-x-130-x-5-cm-1536x1025.jpg 1536w, https:\/\/cmgmarrakech.com\/wp-content\/uploads\/2024\/01\/FATIHA-ZEMMOURI-TAY-AL-ARD-2022-Triptyque-Terre-et-pigments-sur-panneau-de-bois-360-x-130-x-5-cm-18x12.jpg 18w, https:\/\/cmgmarrakech.com\/wp-content\/uploads\/2024\/01\/FATIHA-ZEMMOURI-TAY-AL-ARD-2022-Triptyque-Terre-et-pigments-sur-panneau-de-bois-360-x-130-x-5-cm-415x277.jpg 415w, https:\/\/cmgmarrakech.com\/wp-content\/uploads\/2024\/01\/FATIHA-ZEMMOURI-TAY-AL-ARD-2022-Triptyque-Terre-et-pigments-sur-panneau-de-bois-360-x-130-x-5-cm-650x434.jpg 650w, https:\/\/cmgmarrakech.com\/wp-content\/uploads\/2024\/01\/FATIHA-ZEMMOURI-TAY-AL-ARD-2022-Triptyque-Terre-et-pigments-sur-panneau-de-bois-360-x-130-x-5-cm-250x167.jpg 250w\" sizes=\"(max-width: 2000px) 100vw, 2000px\" \/>\t\t\t\t\t\t\t\t<\/a>\n\t\t\t\t\t\t\t\t\t\t\t\t\t\t\t<\/div>\n\t\t\t\t<div class=\"elementor-element elementor-element-620c38a elementor-widget elementor-widget-heading\" data-id=\"620c38a\" data-element_type=\"widget\" data-e-type=\"widget\" data-widget_type=\"heading.default\">\n\t\t\t\t\t<h2 class=\"elementor-heading-title elementor-size-default\"><a href=\"https:\/\/www.leconomiste.com\/article\/1117250-dubai-nouvel-eldorado-pour-les-artistes-marocains\" target=\"_blank\">Duba\u00ef, nouvel eldorado pour les artistes marocains\n<\/a><\/h2>\t\t\t\t<\/div>\n\t\t\t\t<div class=\"elementor-element elementor-element-969c4e6 elementor-widget elementor-widget-text-editor\" data-id=\"969c4e6\" data-element_type=\"widget\" data-e-type=\"widget\" data-widget_type=\"text-editor.default\">\n\t\t\t\t\t\t\t\t\t<p>l&rsquo;\u00e9conomiste<\/p>\t\t\t\t\t\t\t\t<\/div>\n\t\t\t\t\t<\/div>\n\t\t<\/div>\n\t\t\t\t<div class=\"elementor-column elementor-col-50 elementor-top-column elementor-element elementor-element-f654740\" data-id=\"f654740\" data-element_type=\"column\" data-e-type=\"column\">\n\t\t\t<div class=\"elementor-widget-wrap elementor-element-populated\">\n\t\t\t\t\t\t<div class=\"elementor-element elementor-element-2d88c69 elementor-widget elementor-widget-image\" data-id=\"2d88c69\" data-element_type=\"widget\" data-e-type=\"widget\" data-widget_type=\"image.default\">\n\t\t\t\t\t\t\t\t\t\t\t\t\t\t\t\t<a href=\"https:\/\/www.forbes.ru\/forbeslife\/507495-torzestvo-sovetskoj-skoly-kak-prosla-armarka-art-dubai\" target=\"_blank\">\n\t\t\t\t\t\t\t<img loading=\"lazy\" decoding=\"async\" width=\"2200\" height=\"1469\" src=\"https:\/\/cmgmarrakech.com\/wp-content\/uploads\/2024\/01\/KHADIJA-JAYI-NEE-EN-1989-LES-RELIQUES-DE-LA-TERRE-061-2023-Papier-brule-plastique-et-acrylique-Diam.-170-cm-x-Prof.-9-cm.jpg\" class=\"attachment-full size-full wp-image-11384\" alt=\"\" srcset=\"https:\/\/cmgmarrakech.com\/wp-content\/uploads\/2024\/01\/KHADIJA-JAYI-NEE-EN-1989-LES-RELIQUES-DE-LA-TERRE-061-2023-Papier-brule-plastique-et-acrylique-Diam.-170-cm-x-Prof.-9-cm.jpg 2200w, https:\/\/cmgmarrakech.com\/wp-content\/uploads\/2024\/01\/KHADIJA-JAYI-NEE-EN-1989-LES-RELIQUES-DE-LA-TERRE-061-2023-Papier-brule-plastique-et-acrylique-Diam.-170-cm-x-Prof.-9-cm-300x200.jpg 300w, https:\/\/cmgmarrakech.com\/wp-content\/uploads\/2024\/01\/KHADIJA-JAYI-NEE-EN-1989-LES-RELIQUES-DE-LA-TERRE-061-2023-Papier-brule-plastique-et-acrylique-Diam.-170-cm-x-Prof.-9-cm-1024x684.jpg 1024w, https:\/\/cmgmarrakech.com\/wp-content\/uploads\/2024\/01\/KHADIJA-JAYI-NEE-EN-1989-LES-RELIQUES-DE-LA-TERRE-061-2023-Papier-brule-plastique-et-acrylique-Diam.-170-cm-x-Prof.-9-cm-768x513.jpg 768w, https:\/\/cmgmarrakech.com\/wp-content\/uploads\/2024\/01\/KHADIJA-JAYI-NEE-EN-1989-LES-RELIQUES-DE-LA-TERRE-061-2023-Papier-brule-plastique-et-acrylique-Diam.-170-cm-x-Prof.-9-cm-1536x1026.jpg 1536w, https:\/\/cmgmarrakech.com\/wp-content\/uploads\/2024\/01\/KHADIJA-JAYI-NEE-EN-1989-LES-RELIQUES-DE-LA-TERRE-061-2023-Papier-brule-plastique-et-acrylique-Diam.-170-cm-x-Prof.-9-cm-2048x1368.jpg 2048w, https:\/\/cmgmarrakech.com\/wp-content\/uploads\/2024\/01\/KHADIJA-JAYI-NEE-EN-1989-LES-RELIQUES-DE-LA-TERRE-061-2023-Papier-brule-plastique-et-acrylique-Diam.-170-cm-x-Prof.-9-cm-18x12.jpg 18w, https:\/\/cmgmarrakech.com\/wp-content\/uploads\/2024\/01\/KHADIJA-JAYI-NEE-EN-1989-LES-RELIQUES-DE-LA-TERRE-061-2023-Papier-brule-plastique-et-acrylique-Diam.-170-cm-x-Prof.-9-cm-415x277.jpg 415w, https:\/\/cmgmarrakech.com\/wp-content\/uploads\/2024\/01\/KHADIJA-JAYI-NEE-EN-1989-LES-RELIQUES-DE-LA-TERRE-061-2023-Papier-brule-plastique-et-acrylique-Diam.-170-cm-x-Prof.-9-cm-650x434.jpg 650w, https:\/\/cmgmarrakech.com\/wp-content\/uploads\/2024\/01\/KHADIJA-JAYI-NEE-EN-1989-LES-RELIQUES-DE-LA-TERRE-061-2023-Papier-brule-plastique-et-acrylique-Diam.-170-cm-x-Prof.-9-cm-250x167.jpg 250w\" sizes=\"(max-width: 2200px) 100vw, 2200px\" \/>\t\t\t\t\t\t\t\t<\/a>\n\t\t\t\t\t\t\t\t\t\t\t\t\t\t\t<\/div>\n\t\t\t\t<div class=\"elementor-element elementor-element-4e7bad2 elementor-widget elementor-widget-heading\" data-id=\"4e7bad2\" data-element_type=\"widget\" data-e-type=\"widget\" data-widget_type=\"heading.default\">\n\t\t\t\t\t<h2 class=\"elementor-heading-title elementor-size-default\"><a href=\"https:\/\/www.forbes.ru\/forbeslife\/507495-torzestvo-sovetskoj-skoly-kak-prosla-armarka-art-dubai\" target=\"_blank\">A celebration of the Soviet school: how the Art Dubai fair went\n<\/a><\/h2>\t\t\t\t<\/div>\n\t\t\t\t<div class=\"elementor-element elementor-element-985987f elementor-widget elementor-widget-text-editor\" data-id=\"985987f\" data-element_type=\"widget\" data-e-type=\"widget\" data-widget_type=\"text-editor.default\">\n\t\t\t\t\t\t\t\t\t<p>FORBES RUSSIA<\/p>\t\t\t\t\t\t\t\t<\/div>\n\t\t\t\t\t<\/div>\n\t\t<\/div>\n\t\t\t\t\t<\/div>\n\t\t<\/section>\n\t\t\t\t<section class=\"elementor-section elementor-top-section elementor-element elementor-element-33f4e73 animated-slow elementor-section-boxed elementor-section-height-default elementor-section-height-default\" data-id=\"33f4e73\" data-element_type=\"section\" data-e-type=\"section\" data-settings=\"{&quot;animation&quot;:&quot;none&quot;}\">\n\t\t\t\t\t\t<div class=\"elementor-container elementor-column-gap-default\">\n\t\t\t\t\t<div class=\"elementor-column elementor-col-50 elementor-top-column elementor-element elementor-element-522652e\" data-id=\"522652e\" data-element_type=\"column\" data-e-type=\"column\">\n\t\t\t<div class=\"elementor-widget-wrap elementor-element-populated\">\n\t\t\t\t\t\t<div class=\"elementor-element elementor-element-55ef8a6 elementor-widget elementor-widget-image\" data-id=\"55ef8a6\" data-element_type=\"widget\" data-e-type=\"widget\" data-widget_type=\"image.default\">\n\t\t\t\t\t\t\t\t\t\t\t\t\t\t\t\t<a href=\"https:\/\/www.leconomiste.com\/article\/1117176-arts-culture-week-end-art-dubai-une-presence-marocaine-affirmee\" target=\"_blank\">\n\t\t\t\t\t\t\t<img loading=\"lazy\" decoding=\"async\" width=\"2200\" height=\"1444\" src=\"https:\/\/cmgmarrakech.com\/wp-content\/uploads\/2024\/01\/KHADIJA-JAYI-NEE-EN-1989-LES-RELIQUES-DE-LA-TERRE-060-2023-Papier-brule-plastique-et-acrylique-Diam.-170-cm-x-Prof.-9-cm-e1705949571713.jpg\" class=\"attachment-full size-full wp-image-11385\" alt=\"\" srcset=\"https:\/\/cmgmarrakech.com\/wp-content\/uploads\/2024\/01\/KHADIJA-JAYI-NEE-EN-1989-LES-RELIQUES-DE-LA-TERRE-060-2023-Papier-brule-plastique-et-acrylique-Diam.-170-cm-x-Prof.-9-cm-e1705949571713.jpg 2200w, https:\/\/cmgmarrakech.com\/wp-content\/uploads\/2024\/01\/KHADIJA-JAYI-NEE-EN-1989-LES-RELIQUES-DE-LA-TERRE-060-2023-Papier-brule-plastique-et-acrylique-Diam.-170-cm-x-Prof.-9-cm-e1705949571713-300x197.jpg 300w, https:\/\/cmgmarrakech.com\/wp-content\/uploads\/2024\/01\/KHADIJA-JAYI-NEE-EN-1989-LES-RELIQUES-DE-LA-TERRE-060-2023-Papier-brule-plastique-et-acrylique-Diam.-170-cm-x-Prof.-9-cm-e1705949571713-1024x672.jpg 1024w, https:\/\/cmgmarrakech.com\/wp-content\/uploads\/2024\/01\/KHADIJA-JAYI-NEE-EN-1989-LES-RELIQUES-DE-LA-TERRE-060-2023-Papier-brule-plastique-et-acrylique-Diam.-170-cm-x-Prof.-9-cm-e1705949571713-768x504.jpg 768w, https:\/\/cmgmarrakech.com\/wp-content\/uploads\/2024\/01\/KHADIJA-JAYI-NEE-EN-1989-LES-RELIQUES-DE-LA-TERRE-060-2023-Papier-brule-plastique-et-acrylique-Diam.-170-cm-x-Prof.-9-cm-e1705949571713-1536x1008.jpg 1536w, https:\/\/cmgmarrakech.com\/wp-content\/uploads\/2024\/01\/KHADIJA-JAYI-NEE-EN-1989-LES-RELIQUES-DE-LA-TERRE-060-2023-Papier-brule-plastique-et-acrylique-Diam.-170-cm-x-Prof.-9-cm-e1705949571713-2048x1344.jpg 2048w, https:\/\/cmgmarrakech.com\/wp-content\/uploads\/2024\/01\/KHADIJA-JAYI-NEE-EN-1989-LES-RELIQUES-DE-LA-TERRE-060-2023-Papier-brule-plastique-et-acrylique-Diam.-170-cm-x-Prof.-9-cm-e1705949571713-18x12.jpg 18w, https:\/\/cmgmarrakech.com\/wp-content\/uploads\/2024\/01\/KHADIJA-JAYI-NEE-EN-1989-LES-RELIQUES-DE-LA-TERRE-060-2023-Papier-brule-plastique-et-acrylique-Diam.-170-cm-x-Prof.-9-cm-e1705949571713-415x272.jpg 415w, https:\/\/cmgmarrakech.com\/wp-content\/uploads\/2024\/01\/KHADIJA-JAYI-NEE-EN-1989-LES-RELIQUES-DE-LA-TERRE-060-2023-Papier-brule-plastique-et-acrylique-Diam.-170-cm-x-Prof.-9-cm-e1705949571713-650x427.jpg 650w, https:\/\/cmgmarrakech.com\/wp-content\/uploads\/2024\/01\/KHADIJA-JAYI-NEE-EN-1989-LES-RELIQUES-DE-LA-TERRE-060-2023-Papier-brule-plastique-et-acrylique-Diam.-170-cm-x-Prof.-9-cm-e1705949571713-250x164.jpg 250w\" sizes=\"(max-width: 2200px) 100vw, 2200px\" \/>\t\t\t\t\t\t\t\t<\/a>\n\t\t\t\t\t\t\t\t\t\t\t\t\t\t\t<\/div>\n\t\t\t\t<div class=\"elementor-element elementor-element-177f342 elementor-widget elementor-widget-heading\" data-id=\"177f342\" data-element_type=\"widget\" data-e-type=\"widget\" data-widget_type=\"heading.default\">\n\t\t\t\t\t<h2 class=\"elementor-heading-title elementor-size-default\"><a href=\"https:\/\/www.leconomiste.com\/article\/1117176-arts-culture-week-end-art-dubai-une-presence-marocaine-affirmee\" target=\"_blank\">Arts &amp; Culture Week-End - Art Duba\u00ef, une pr\u00e9sence marocaine affirm\u00e9e<\/a><\/h2>\t\t\t\t<\/div>\n\t\t\t\t<div class=\"elementor-element elementor-element-1f6798b elementor-widget elementor-widget-text-editor\" data-id=\"1f6798b\" data-element_type=\"widget\" data-e-type=\"widget\" data-widget_type=\"text-editor.default\">\n\t\t\t\t\t\t\t\t\t<p>l&rsquo;\u00e9conomiste<\/p>\t\t\t\t\t\t\t\t<\/div>\n\t\t\t\t\t<\/div>\n\t\t<\/div>\n\t\t\t\t<div class=\"elementor-column elementor-col-50 elementor-top-column elementor-element elementor-element-9d78d72\" data-id=\"9d78d72\" data-element_type=\"column\" data-e-type=\"column\">\n\t\t\t<div class=\"elementor-widget-wrap elementor-element-populated\">\n\t\t\t\t\t\t<div class=\"elementor-element elementor-element-90e8422 elementor-widget elementor-widget-image\" data-id=\"90e8422\" data-element_type=\"widget\" data-e-type=\"widget\" data-widget_type=\"image.default\">\n\t\t\t\t\t\t\t\t\t\t\t\t\t\t\t\t<a href=\"https:\/\/www.arabnews.com\/node\/2470256\/lifestyle\" target=\"_blank\">\n\t\t\t\t\t\t\t<img loading=\"lazy\" decoding=\"async\" width=\"2200\" height=\"1469\" src=\"https:\/\/cmgmarrakech.com\/wp-content\/uploads\/2024\/01\/MUSTAPHA-AKRIM-ARTICLE-3-DUDH-2024-Installation-en-beon-Diam-170-cm-x-Prof-10-cm.jpg\" class=\"attachment-full size-full wp-image-11379\" alt=\"\" srcset=\"https:\/\/cmgmarrakech.com\/wp-content\/uploads\/2024\/01\/MUSTAPHA-AKRIM-ARTICLE-3-DUDH-2024-Installation-en-beon-Diam-170-cm-x-Prof-10-cm.jpg 2200w, https:\/\/cmgmarrakech.com\/wp-content\/uploads\/2024\/01\/MUSTAPHA-AKRIM-ARTICLE-3-DUDH-2024-Installation-en-beon-Diam-170-cm-x-Prof-10-cm-300x200.jpg 300w, https:\/\/cmgmarrakech.com\/wp-content\/uploads\/2024\/01\/MUSTAPHA-AKRIM-ARTICLE-3-DUDH-2024-Installation-en-beon-Diam-170-cm-x-Prof-10-cm-1024x684.jpg 1024w, https:\/\/cmgmarrakech.com\/wp-content\/uploads\/2024\/01\/MUSTAPHA-AKRIM-ARTICLE-3-DUDH-2024-Installation-en-beon-Diam-170-cm-x-Prof-10-cm-768x513.jpg 768w, https:\/\/cmgmarrakech.com\/wp-content\/uploads\/2024\/01\/MUSTAPHA-AKRIM-ARTICLE-3-DUDH-2024-Installation-en-beon-Diam-170-cm-x-Prof-10-cm-1536x1026.jpg 1536w, https:\/\/cmgmarrakech.com\/wp-content\/uploads\/2024\/01\/MUSTAPHA-AKRIM-ARTICLE-3-DUDH-2024-Installation-en-beon-Diam-170-cm-x-Prof-10-cm-2048x1368.jpg 2048w, https:\/\/cmgmarrakech.com\/wp-content\/uploads\/2024\/01\/MUSTAPHA-AKRIM-ARTICLE-3-DUDH-2024-Installation-en-beon-Diam-170-cm-x-Prof-10-cm-18x12.jpg 18w, https:\/\/cmgmarrakech.com\/wp-content\/uploads\/2024\/01\/MUSTAPHA-AKRIM-ARTICLE-3-DUDH-2024-Installation-en-beon-Diam-170-cm-x-Prof-10-cm-415x277.jpg 415w, https:\/\/cmgmarrakech.com\/wp-content\/uploads\/2024\/01\/MUSTAPHA-AKRIM-ARTICLE-3-DUDH-2024-Installation-en-beon-Diam-170-cm-x-Prof-10-cm-650x434.jpg 650w, https:\/\/cmgmarrakech.com\/wp-content\/uploads\/2024\/01\/MUSTAPHA-AKRIM-ARTICLE-3-DUDH-2024-Installation-en-beon-Diam-170-cm-x-Prof-10-cm-250x167.jpg 250w\" sizes=\"(max-width: 2200px) 100vw, 2200px\" \/>\t\t\t\t\t\t\t\t<\/a>\n\t\t\t\t\t\t\t\t\t\t\t\t\t\t\t<\/div>\n\t\t\t\t<div class=\"elementor-element elementor-element-263b905 elementor-widget elementor-widget-heading\" data-id=\"263b905\" data-element_type=\"widget\" data-e-type=\"widget\" data-widget_type=\"heading.default\">\n\t\t\t\t\t<h2 class=\"elementor-heading-title elementor-size-default\"><a href=\"https:\/\/www.arabnews.com\/node\/2470256\/lifestyle\" target=\"_blank\">Art Dubai spotlights the Global South and art as healing<\/a><\/h2>\t\t\t\t<\/div>\n\t\t\t\t<div class=\"elementor-element elementor-element-5f084b1 elementor-widget elementor-widget-text-editor\" data-id=\"5f084b1\" data-element_type=\"widget\" data-e-type=\"widget\" data-widget_type=\"text-editor.default\">\n\t\t\t\t\t\t\t\t\t<p>ARAB NEWS<\/p>\t\t\t\t\t\t\t\t<\/div>\n\t\t\t\t\t<\/div>\n\t\t<\/div>\n\t\t\t\t\t<\/div>\n\t\t<\/section>\n\t\t\t\t<section class=\"elementor-section elementor-top-section elementor-element elementor-element-fff4737 animated-slow elementor-section-boxed elementor-section-height-default elementor-section-height-default\" data-id=\"fff4737\" data-element_type=\"section\" data-e-type=\"section\" data-settings=\"{&quot;animation&quot;:&quot;none&quot;}\">\n\t\t\t\t\t\t<div class=\"elementor-container elementor-column-gap-default\">\n\t\t\t\t\t<div class=\"elementor-column elementor-col-50 elementor-top-column elementor-element elementor-element-b9a2cfa\" data-id=\"b9a2cfa\" data-element_type=\"column\" data-e-type=\"column\">\n\t\t\t<div class=\"elementor-widget-wrap elementor-element-populated\">\n\t\t\t\t\t\t<div class=\"elementor-element elementor-element-7ee84e7 elementor-widget elementor-widget-image\" data-id=\"7ee84e7\" data-element_type=\"widget\" data-e-type=\"widget\" data-widget_type=\"image.default\">\n\t\t\t\t\t\t\t\t\t\t\t\t\t\t\t\t<a href=\"https:\/\/www.diptykmag.com\/art-dubai-plebiscite-les-artistes-marocains\/\" target=\"_blank\">\n\t\t\t\t\t\t\t<img decoding=\"async\" src=\"https:\/\/www.diptykmag.com\/wp-content\/uploads\/2024\/03\/Art-Dubai-2024.-Installation-view.-Credit_-Spark-Media-scaled.jpg\" title=\"\" alt=\"\" loading=\"lazy\" \/>\t\t\t\t\t\t\t\t<\/a>\n\t\t\t\t\t\t\t\t\t\t\t\t\t\t\t<\/div>\n\t\t\t\t<div class=\"elementor-element elementor-element-af1516d elementor-widget elementor-widget-heading\" data-id=\"af1516d\" data-element_type=\"widget\" data-e-type=\"widget\" data-widget_type=\"heading.default\">\n\t\t\t\t\t<h2 class=\"elementor-heading-title elementor-size-default\"><a href=\"https:\/\/www.diptykmag.com\/art-dubai-plebiscite-les-artistes-marocains\/\" target=\"_blank\">Art Dubai pl\u00e9biscite les artistes marocains<\/a><\/h2>\t\t\t\t<\/div>\n\t\t\t\t<div class=\"elementor-element elementor-element-9c5e2a9 elementor-widget elementor-widget-text-editor\" data-id=\"9c5e2a9\" data-element_type=\"widget\" data-e-type=\"widget\" data-widget_type=\"text-editor.default\">\n\t\t\t\t\t\t\t\t\t<p>Diptyk<\/p>\t\t\t\t\t\t\t\t<\/div>\n\t\t\t\t\t<\/div>\n\t\t<\/div>\n\t\t\t\t<div class=\"elementor-column elementor-col-50 elementor-top-column elementor-element elementor-element-7a607c9\" data-id=\"7a607c9\" data-element_type=\"column\" data-e-type=\"column\">\n\t\t\t<div class=\"elementor-widget-wrap elementor-element-populated\">\n\t\t\t\t\t\t<div class=\"elementor-element elementor-element-626c6b0 elementor-widget elementor-widget-image\" data-id=\"626c6b0\" data-element_type=\"widget\" data-e-type=\"widget\" data-widget_type=\"image.default\">\n\t\t\t\t\t\t\t\t\t\t\t\t\t\t\t\t<a href=\"https:\/\/www.thenationalnews.com\/arts-culture\/art-design\/2024\/03\/03\/art-dubai-2024-sales\/\" target=\"_blank\">\n\t\t\t\t\t\t\t<img loading=\"lazy\" decoding=\"async\" width=\"2200\" height=\"1469\" src=\"https:\/\/cmgmarrakech.com\/wp-content\/uploads\/2024\/01\/HASSAN-DARSI-NE-EN-1961-ARDOISE-II-II-2023-Pastel-tendre-blanc-sur-dibon-Signee-au-dos-Diam.-150-cm-x-Prof.-5-cm.jpg\" class=\"attachment-full size-full wp-image-11383\" alt=\"\" srcset=\"https:\/\/cmgmarrakech.com\/wp-content\/uploads\/2024\/01\/HASSAN-DARSI-NE-EN-1961-ARDOISE-II-II-2023-Pastel-tendre-blanc-sur-dibon-Signee-au-dos-Diam.-150-cm-x-Prof.-5-cm.jpg 2200w, https:\/\/cmgmarrakech.com\/wp-content\/uploads\/2024\/01\/HASSAN-DARSI-NE-EN-1961-ARDOISE-II-II-2023-Pastel-tendre-blanc-sur-dibon-Signee-au-dos-Diam.-150-cm-x-Prof.-5-cm-300x200.jpg 300w, https:\/\/cmgmarrakech.com\/wp-content\/uploads\/2024\/01\/HASSAN-DARSI-NE-EN-1961-ARDOISE-II-II-2023-Pastel-tendre-blanc-sur-dibon-Signee-au-dos-Diam.-150-cm-x-Prof.-5-cm-1024x684.jpg 1024w, https:\/\/cmgmarrakech.com\/wp-content\/uploads\/2024\/01\/HASSAN-DARSI-NE-EN-1961-ARDOISE-II-II-2023-Pastel-tendre-blanc-sur-dibon-Signee-au-dos-Diam.-150-cm-x-Prof.-5-cm-768x513.jpg 768w, https:\/\/cmgmarrakech.com\/wp-content\/uploads\/2024\/01\/HASSAN-DARSI-NE-EN-1961-ARDOISE-II-II-2023-Pastel-tendre-blanc-sur-dibon-Signee-au-dos-Diam.-150-cm-x-Prof.-5-cm-1536x1026.jpg 1536w, https:\/\/cmgmarrakech.com\/wp-content\/uploads\/2024\/01\/HASSAN-DARSI-NE-EN-1961-ARDOISE-II-II-2023-Pastel-tendre-blanc-sur-dibon-Signee-au-dos-Diam.-150-cm-x-Prof.-5-cm-2048x1368.jpg 2048w, https:\/\/cmgmarrakech.com\/wp-content\/uploads\/2024\/01\/HASSAN-DARSI-NE-EN-1961-ARDOISE-II-II-2023-Pastel-tendre-blanc-sur-dibon-Signee-au-dos-Diam.-150-cm-x-Prof.-5-cm-18x12.jpg 18w, https:\/\/cmgmarrakech.com\/wp-content\/uploads\/2024\/01\/HASSAN-DARSI-NE-EN-1961-ARDOISE-II-II-2023-Pastel-tendre-blanc-sur-dibon-Signee-au-dos-Diam.-150-cm-x-Prof.-5-cm-415x277.jpg 415w, https:\/\/cmgmarrakech.com\/wp-content\/uploads\/2024\/01\/HASSAN-DARSI-NE-EN-1961-ARDOISE-II-II-2023-Pastel-tendre-blanc-sur-dibon-Signee-au-dos-Diam.-150-cm-x-Prof.-5-cm-650x434.jpg 650w, https:\/\/cmgmarrakech.com\/wp-content\/uploads\/2024\/01\/HASSAN-DARSI-NE-EN-1961-ARDOISE-II-II-2023-Pastel-tendre-blanc-sur-dibon-Signee-au-dos-Diam.-150-cm-x-Prof.-5-cm-250x167.jpg 250w\" sizes=\"(max-width: 2200px) 100vw, 2200px\" \/>\t\t\t\t\t\t\t\t<\/a>\n\t\t\t\t\t\t\t\t\t\t\t\t\t\t\t<\/div>\n\t\t\t\t<div class=\"elementor-element elementor-element-4ba0a0a elementor-widget elementor-widget-heading\" data-id=\"4ba0a0a\" data-element_type=\"widget\" data-e-type=\"widget\" data-widget_type=\"heading.default\">\n\t\t\t\t\t<h2 class=\"elementor-heading-title elementor-size-default\"><a href=\"https:\/\/www.thenationalnews.com\/arts-culture\/art-design\/2024\/03\/03\/art-dubai-2024-sales\/\" target=\"_blank\">Art Dubai rides its buzz to strong sales of contemporary and digital works<\/a><\/h2>\t\t\t\t<\/div>\n\t\t\t\t<div class=\"elementor-element elementor-element-70c828b elementor-widget elementor-widget-text-editor\" data-id=\"70c828b\" data-element_type=\"widget\" data-e-type=\"widget\" data-widget_type=\"text-editor.default\">\n\t\t\t\t\t\t\t\t\t<p>THE NATIONAL NEWS\u00a0<\/p>\t\t\t\t\t\t\t\t<\/div>\n\t\t\t\t\t<\/div>\n\t\t<\/div>\n\t\t\t\t\t<\/div>\n\t\t<\/section>\n\t\t\t\t<section class=\"elementor-section elementor-top-section elementor-element elementor-element-13497c8 animated-slow elementor-section-boxed elementor-section-height-default elementor-section-height-default\" data-id=\"13497c8\" data-element_type=\"section\" data-e-type=\"section\" data-settings=\"{&quot;animation&quot;:&quot;none&quot;}\">\n\t\t\t\t\t\t<div class=\"elementor-container elementor-column-gap-default\">\n\t\t\t\t\t<div class=\"elementor-column elementor-col-50 elementor-top-column elementor-element elementor-element-9401d0b\" data-id=\"9401d0b\" data-element_type=\"column\" data-e-type=\"column\">\n\t\t\t<div class=\"elementor-widget-wrap elementor-element-populated\">\n\t\t\t\t\t\t<div class=\"elementor-element elementor-element-64c121c elementor-widget elementor-widget-image\" data-id=\"64c121c\" data-element_type=\"widget\" data-e-type=\"widget\" data-widget_type=\"image.default\">\n\t\t\t\t\t\t\t\t\t\t\t\t\t\t\t\t<a href=\"https:\/\/selectionsarts.com\/art-dubai-2024-contemporary-curated\/\" target=\"_blank\">\n\t\t\t\t\t\t\t<img loading=\"lazy\" decoding=\"async\" width=\"2200\" height=\"1467\" src=\"https:\/\/cmgmarrakech.com\/wp-content\/uploads\/2023\/12\/Kharboucha-Lyam-wa-Lyam-Bois-de-cedre-verre-iraki-verre-mauresque-verre-transparent-laiton-et-cuivre-\u2300-210cmP-75cm.jpg\" class=\"attachment-full size-full wp-image-11072\" alt=\"\" srcset=\"https:\/\/cmgmarrakech.com\/wp-content\/uploads\/2023\/12\/Kharboucha-Lyam-wa-Lyam-Bois-de-cedre-verre-iraki-verre-mauresque-verre-transparent-laiton-et-cuivre-\u2300-210cmP-75cm.jpg 2200w, https:\/\/cmgmarrakech.com\/wp-content\/uploads\/2023\/12\/Kharboucha-Lyam-wa-Lyam-Bois-de-cedre-verre-iraki-verre-mauresque-verre-transparent-laiton-et-cuivre-\u2300-210cmP-75cm-300x200.jpg 300w, https:\/\/cmgmarrakech.com\/wp-content\/uploads\/2023\/12\/Kharboucha-Lyam-wa-Lyam-Bois-de-cedre-verre-iraki-verre-mauresque-verre-transparent-laiton-et-cuivre-\u2300-210cmP-75cm-1024x683.jpg 1024w, https:\/\/cmgmarrakech.com\/wp-content\/uploads\/2023\/12\/Kharboucha-Lyam-wa-Lyam-Bois-de-cedre-verre-iraki-verre-mauresque-verre-transparent-laiton-et-cuivre-\u2300-210cmP-75cm-768x512.jpg 768w, https:\/\/cmgmarrakech.com\/wp-content\/uploads\/2023\/12\/Kharboucha-Lyam-wa-Lyam-Bois-de-cedre-verre-iraki-verre-mauresque-verre-transparent-laiton-et-cuivre-\u2300-210cmP-75cm-1536x1024.jpg 1536w, https:\/\/cmgmarrakech.com\/wp-content\/uploads\/2023\/12\/Kharboucha-Lyam-wa-Lyam-Bois-de-cedre-verre-iraki-verre-mauresque-verre-transparent-laiton-et-cuivre-\u2300-210cmP-75cm-2048x1366.jpg 2048w, https:\/\/cmgmarrakech.com\/wp-content\/uploads\/2023\/12\/Kharboucha-Lyam-wa-Lyam-Bois-de-cedre-verre-iraki-verre-mauresque-verre-transparent-laiton-et-cuivre-\u2300-210cmP-75cm-18x12.jpg 18w, https:\/\/cmgmarrakech.com\/wp-content\/uploads\/2023\/12\/Kharboucha-Lyam-wa-Lyam-Bois-de-cedre-verre-iraki-verre-mauresque-verre-transparent-laiton-et-cuivre-\u2300-210cmP-75cm-415x277.jpg 415w, https:\/\/cmgmarrakech.com\/wp-content\/uploads\/2023\/12\/Kharboucha-Lyam-wa-Lyam-Bois-de-cedre-verre-iraki-verre-mauresque-verre-transparent-laiton-et-cuivre-\u2300-210cmP-75cm-650x433.jpg 650w, https:\/\/cmgmarrakech.com\/wp-content\/uploads\/2023\/12\/Kharboucha-Lyam-wa-Lyam-Bois-de-cedre-verre-iraki-verre-mauresque-verre-transparent-laiton-et-cuivre-\u2300-210cmP-75cm-250x167.jpg 250w\" sizes=\"(max-width: 2200px) 100vw, 2200px\" \/>\t\t\t\t\t\t\t\t<\/a>\n\t\t\t\t\t\t\t\t\t\t\t\t\t\t\t<\/div>\n\t\t\t\t<div class=\"elementor-element elementor-element-2e2eb3b elementor-widget elementor-widget-heading\" data-id=\"2e2eb3b\" data-element_type=\"widget\" data-e-type=\"widget\" data-widget_type=\"heading.default\">\n\t\t\t\t\t<h2 class=\"elementor-heading-title elementor-size-default\"><a href=\"https:\/\/selectionsarts.com\/art-dubai-2024-contemporary-curated\/\" target=\"_blank\">Art Dubai 2024 - Contemporary Curated<\/a><\/h2>\t\t\t\t<\/div>\n\t\t\t\t<div class=\"elementor-element elementor-element-418dd41 elementor-widget elementor-widget-text-editor\" data-id=\"418dd41\" data-element_type=\"widget\" data-e-type=\"widget\" data-widget_type=\"text-editor.default\">\n\t\t\t\t\t\t\t\t\t<p>Selections Arts<\/p>\t\t\t\t\t\t\t\t<\/div>\n\t\t\t\t\t<\/div>\n\t\t<\/div>\n\t\t\t\t<div class=\"elementor-column elementor-col-50 elementor-top-column elementor-element elementor-element-907029f\" data-id=\"907029f\" data-element_type=\"column\" data-e-type=\"column\">\n\t\t\t<div class=\"elementor-widget-wrap elementor-element-populated\">\n\t\t\t\t\t\t<div class=\"elementor-element elementor-element-e3de466 elementor-widget elementor-widget-image\" data-id=\"e3de466\" data-element_type=\"widget\" data-e-type=\"widget\" data-widget_type=\"image.default\">\n\t\t\t\t\t\t\t\t\t\t\t\t\t\t\t\t<a href=\"https:\/\/www.lefigaro.fr\/culture\/six-artistes-contemporains-qu-il-ne-fallait-pas-rater-a-la-foire-de-marrakech-20240215\" target=\"_blank\">\n\t\t\t\t\t\t\t<img loading=\"lazy\" decoding=\"async\" width=\"2200\" height=\"1375\" src=\"https:\/\/cmgmarrakech.com\/wp-content\/uploads\/2024\/02\/Hassan-Darsi-Vue-Exposition-Autrement-Dit-1.jpg\" class=\"attachment-full size-full wp-image-11604\" alt=\"\" srcset=\"https:\/\/cmgmarrakech.com\/wp-content\/uploads\/2024\/02\/Hassan-Darsi-Vue-Exposition-Autrement-Dit-1.jpg 2200w, https:\/\/cmgmarrakech.com\/wp-content\/uploads\/2024\/02\/Hassan-Darsi-Vue-Exposition-Autrement-Dit-1-300x188.jpg 300w, https:\/\/cmgmarrakech.com\/wp-content\/uploads\/2024\/02\/Hassan-Darsi-Vue-Exposition-Autrement-Dit-1-1024x640.jpg 1024w, https:\/\/cmgmarrakech.com\/wp-content\/uploads\/2024\/02\/Hassan-Darsi-Vue-Exposition-Autrement-Dit-1-768x480.jpg 768w, https:\/\/cmgmarrakech.com\/wp-content\/uploads\/2024\/02\/Hassan-Darsi-Vue-Exposition-Autrement-Dit-1-1536x960.jpg 1536w, https:\/\/cmgmarrakech.com\/wp-content\/uploads\/2024\/02\/Hassan-Darsi-Vue-Exposition-Autrement-Dit-1-2048x1280.jpg 2048w, https:\/\/cmgmarrakech.com\/wp-content\/uploads\/2024\/02\/Hassan-Darsi-Vue-Exposition-Autrement-Dit-1-18x12.jpg 18w, https:\/\/cmgmarrakech.com\/wp-content\/uploads\/2024\/02\/Hassan-Darsi-Vue-Exposition-Autrement-Dit-1-415x259.jpg 415w, https:\/\/cmgmarrakech.com\/wp-content\/uploads\/2024\/02\/Hassan-Darsi-Vue-Exposition-Autrement-Dit-1-650x406.jpg 650w, https:\/\/cmgmarrakech.com\/wp-content\/uploads\/2024\/02\/Hassan-Darsi-Vue-Exposition-Autrement-Dit-1-250x156.jpg 250w\" sizes=\"(max-width: 2200px) 100vw, 2200px\" \/>\t\t\t\t\t\t\t\t<\/a>\n\t\t\t\t\t\t\t\t\t\t\t\t\t\t\t<\/div>\n\t\t\t\t<div class=\"elementor-element elementor-element-c908297 elementor-widget elementor-widget-heading\" data-id=\"c908297\" data-element_type=\"widget\" data-e-type=\"widget\" data-widget_type=\"heading.default\">\n\t\t\t\t\t<h2 class=\"elementor-heading-title elementor-size-default\"><a href=\"https:\/\/www.lefigaro.fr\/culture\/six-artistes-contemporains-qu-il-ne-fallait-pas-rater-a-la-foire-de-marrakech-20240215\" target=\"_blank\">Six artistes contemporains qu\u2019il ne fallait pas rater \u00e0 la foire de Marrakech - Hassan Darsi, cr\u00e9ateur au service des racines<\/a><\/h2>\t\t\t\t<\/div>\n\t\t\t\t<div class=\"elementor-element elementor-element-bc77412 elementor-widget elementor-widget-text-editor\" data-id=\"bc77412\" data-element_type=\"widget\" data-e-type=\"widget\" data-widget_type=\"text-editor.default\">\n\t\t\t\t\t\t\t\t\t<p>Le Figaro<\/p>\t\t\t\t\t\t\t\t<\/div>\n\t\t\t\t\t<\/div>\n\t\t<\/div>\n\t\t\t\t\t<\/div>\n\t\t<\/section>\n\t\t\t\t<section class=\"elementor-section elementor-top-section elementor-element elementor-element-44bde6e animated-slow elementor-section-boxed elementor-section-height-default elementor-section-height-default\" data-id=\"44bde6e\" data-element_type=\"section\" data-e-type=\"section\" data-settings=\"{&quot;animation&quot;:&quot;none&quot;}\">\n\t\t\t\t\t\t<div class=\"elementor-container elementor-column-gap-default\">\n\t\t\t\t\t<div class=\"elementor-column elementor-col-50 elementor-top-column elementor-element elementor-element-84a79d5\" data-id=\"84a79d5\" data-element_type=\"column\" data-e-type=\"column\">\n\t\t\t<div class=\"elementor-widget-wrap elementor-element-populated\">\n\t\t\t\t\t\t<div class=\"elementor-element elementor-element-14cc55a elementor-widget elementor-widget-image\" data-id=\"14cc55a\" data-element_type=\"widget\" data-e-type=\"widget\" data-widget_type=\"image.default\">\n\t\t\t\t\t\t\t\t\t\t\t\t\t\t\t\t<a href=\"https:\/\/lematin.ma\/culture\/jawla-avec-youssef-hayat-un-voyage-visuel-dans-la-ferveur-urbaine\/212660\" target=\"_blank\">\n\t\t\t\t\t\t\t<img loading=\"lazy\" decoding=\"async\" width=\"2200\" height=\"1375\" src=\"https:\/\/cmgmarrakech.com\/wp-content\/uploads\/2024\/02\/Youssef-Hayat-Vue-Exposition-3.jpg\" class=\"attachment-full size-full wp-image-11692\" alt=\"\" srcset=\"https:\/\/cmgmarrakech.com\/wp-content\/uploads\/2024\/02\/Youssef-Hayat-Vue-Exposition-3.jpg 2200w, https:\/\/cmgmarrakech.com\/wp-content\/uploads\/2024\/02\/Youssef-Hayat-Vue-Exposition-3-300x188.jpg 300w, https:\/\/cmgmarrakech.com\/wp-content\/uploads\/2024\/02\/Youssef-Hayat-Vue-Exposition-3-1024x640.jpg 1024w, https:\/\/cmgmarrakech.com\/wp-content\/uploads\/2024\/02\/Youssef-Hayat-Vue-Exposition-3-768x480.jpg 768w, https:\/\/cmgmarrakech.com\/wp-content\/uploads\/2024\/02\/Youssef-Hayat-Vue-Exposition-3-1536x960.jpg 1536w, https:\/\/cmgmarrakech.com\/wp-content\/uploads\/2024\/02\/Youssef-Hayat-Vue-Exposition-3-2048x1280.jpg 2048w, https:\/\/cmgmarrakech.com\/wp-content\/uploads\/2024\/02\/Youssef-Hayat-Vue-Exposition-3-18x12.jpg 18w, https:\/\/cmgmarrakech.com\/wp-content\/uploads\/2024\/02\/Youssef-Hayat-Vue-Exposition-3-415x259.jpg 415w, https:\/\/cmgmarrakech.com\/wp-content\/uploads\/2024\/02\/Youssef-Hayat-Vue-Exposition-3-650x406.jpg 650w, https:\/\/cmgmarrakech.com\/wp-content\/uploads\/2024\/02\/Youssef-Hayat-Vue-Exposition-3-250x156.jpg 250w\" sizes=\"(max-width: 2200px) 100vw, 2200px\" \/>\t\t\t\t\t\t\t\t<\/a>\n\t\t\t\t\t\t\t\t\t\t\t\t\t\t\t<\/div>\n\t\t\t\t<div class=\"elementor-element elementor-element-eb1342f elementor-widget elementor-widget-heading\" data-id=\"eb1342f\" data-element_type=\"widget\" data-e-type=\"widget\" data-widget_type=\"heading.default\">\n\t\t\t\t\t<h2 class=\"elementor-heading-title elementor-size-default\"><a href=\"https:\/\/lematin.ma\/culture\/jawla-avec-youssef-hayat-un-voyage-visuel-dans-la-ferveur-urbaine\/212660\" target=\"_blank\">\u00abJawla\u00bb avec Youssef Hayat : un voyage visuel dans la ferveur urbaine<\/a><\/h2>\t\t\t\t<\/div>\n\t\t\t\t<div class=\"elementor-element elementor-element-d0932e5 elementor-widget elementor-widget-text-editor\" data-id=\"d0932e5\" data-element_type=\"widget\" data-e-type=\"widget\" data-widget_type=\"text-editor.default\">\n\t\t\t\t\t\t\t\t\t<p>LeMatin.ma<\/p>\t\t\t\t\t\t\t\t<\/div>\n\t\t\t\t\t<\/div>\n\t\t<\/div>\n\t\t\t\t<div class=\"elementor-column elementor-col-50 elementor-top-column elementor-element elementor-element-8f68076\" data-id=\"8f68076\" data-element_type=\"column\" data-e-type=\"column\">\n\t\t\t<div class=\"elementor-widget-wrap elementor-element-populated\">\n\t\t\t\t\t\t<div class=\"elementor-element elementor-element-0f444ca elementor-widget elementor-widget-image\" data-id=\"0f444ca\" data-element_type=\"widget\" data-e-type=\"widget\" data-widget_type=\"image.default\">\n\t\t\t\t\t\t\t\t\t\t\t\t\t\t\t\t<a href=\"https:\/\/www.lavieeco.com\/influences\/culture\/le-comptoir-des-mines-galerie-accueille-la-premiere-exposition-de-lartiste-photographe-youssef-hayat\/\" target=\"_blank\">\n\t\t\t\t\t\t\t<img loading=\"lazy\" decoding=\"async\" width=\"2200\" height=\"1375\" src=\"https:\/\/cmgmarrakech.com\/wp-content\/uploads\/2024\/02\/Youssef-Hayat-Vue-Exposition-2.jpg\" class=\"attachment-full size-full wp-image-11694\" alt=\"\" srcset=\"https:\/\/cmgmarrakech.com\/wp-content\/uploads\/2024\/02\/Youssef-Hayat-Vue-Exposition-2.jpg 2200w, https:\/\/cmgmarrakech.com\/wp-content\/uploads\/2024\/02\/Youssef-Hayat-Vue-Exposition-2-300x188.jpg 300w, https:\/\/cmgmarrakech.com\/wp-content\/uploads\/2024\/02\/Youssef-Hayat-Vue-Exposition-2-1024x640.jpg 1024w, https:\/\/cmgmarrakech.com\/wp-content\/uploads\/2024\/02\/Youssef-Hayat-Vue-Exposition-2-768x480.jpg 768w, https:\/\/cmgmarrakech.com\/wp-content\/uploads\/2024\/02\/Youssef-Hayat-Vue-Exposition-2-1536x960.jpg 1536w, https:\/\/cmgmarrakech.com\/wp-content\/uploads\/2024\/02\/Youssef-Hayat-Vue-Exposition-2-2048x1280.jpg 2048w, https:\/\/cmgmarrakech.com\/wp-content\/uploads\/2024\/02\/Youssef-Hayat-Vue-Exposition-2-18x12.jpg 18w, https:\/\/cmgmarrakech.com\/wp-content\/uploads\/2024\/02\/Youssef-Hayat-Vue-Exposition-2-415x259.jpg 415w, https:\/\/cmgmarrakech.com\/wp-content\/uploads\/2024\/02\/Youssef-Hayat-Vue-Exposition-2-650x406.jpg 650w, https:\/\/cmgmarrakech.com\/wp-content\/uploads\/2024\/02\/Youssef-Hayat-Vue-Exposition-2-250x156.jpg 250w\" sizes=\"(max-width: 2200px) 100vw, 2200px\" \/>\t\t\t\t\t\t\t\t<\/a>\n\t\t\t\t\t\t\t\t\t\t\t\t\t\t\t<\/div>\n\t\t\t\t<div class=\"elementor-element elementor-element-3533096 elementor-widget elementor-widget-heading\" data-id=\"3533096\" data-element_type=\"widget\" data-e-type=\"widget\" data-widget_type=\"heading.default\">\n\t\t\t\t\t<h2 class=\"elementor-heading-title elementor-size-default\"><a href=\"https:\/\/www.lavieeco.com\/influences\/culture\/le-comptoir-des-mines-galerie-accueille-la-premiere-exposition-de-lartiste-photographe-youssef-hayat\/\" target=\"_blank\">Marrakech : Le Comptoir des Mines Galerie accueille la premi\u00e8re exposition du photographe Youssef Hayat<\/a><\/h2>\t\t\t\t<\/div>\n\t\t\t\t<div class=\"elementor-element elementor-element-19948e4 elementor-widget elementor-widget-text-editor\" data-id=\"19948e4\" data-element_type=\"widget\" data-e-type=\"widget\" data-widget_type=\"text-editor.default\">\n\t\t\t\t\t\t\t\t\t<p>La Vie \u00e9co<\/p>\t\t\t\t\t\t\t\t<\/div>\n\t\t\t\t\t<\/div>\n\t\t<\/div>\n\t\t\t\t\t<\/div>\n\t\t<\/section>\n\t\t\t\t<section class=\"elementor-section elementor-top-section elementor-element elementor-element-f9b39f6 animated-slow elementor-section-boxed elementor-section-height-default elementor-section-height-default\" data-id=\"f9b39f6\" data-element_type=\"section\" data-e-type=\"section\" data-settings=\"{&quot;animation&quot;:&quot;none&quot;}\">\n\t\t\t\t\t\t<div class=\"elementor-container elementor-column-gap-default\">\n\t\t\t\t\t<div class=\"elementor-column elementor-col-50 elementor-top-column elementor-element elementor-element-83938c3\" data-id=\"83938c3\" data-element_type=\"column\" data-e-type=\"column\">\n\t\t\t<div class=\"elementor-widget-wrap elementor-element-populated\">\n\t\t\t\t\t\t<div class=\"elementor-element elementor-element-fae0510 elementor-widget elementor-widget-image\" data-id=\"fae0510\" data-element_type=\"widget\" data-e-type=\"widget\" data-widget_type=\"image.default\">\n\t\t\t\t\t\t\t\t\t\t\t\t\t\t\t\t<a href=\"https:\/\/indd.adobe.com\/view\/a36cb08b-d49b-486c-9997-2b557ade17af\" target=\"_blank\">\n\t\t\t\t\t\t\t<img loading=\"lazy\" decoding=\"async\" width=\"2174\" height=\"1353\" src=\"https:\/\/cmgmarrakech.com\/wp-content\/uploads\/2024\/02\/Hassan-Darsi-Vue-Exposition-Autrement-Dit-3-e1707231456911.jpg\" class=\"attachment-full size-full wp-image-11602\" alt=\"\" srcset=\"https:\/\/cmgmarrakech.com\/wp-content\/uploads\/2024\/02\/Hassan-Darsi-Vue-Exposition-Autrement-Dit-3-e1707231456911.jpg 2174w, https:\/\/cmgmarrakech.com\/wp-content\/uploads\/2024\/02\/Hassan-Darsi-Vue-Exposition-Autrement-Dit-3-e1707231456911-300x187.jpg 300w, https:\/\/cmgmarrakech.com\/wp-content\/uploads\/2024\/02\/Hassan-Darsi-Vue-Exposition-Autrement-Dit-3-e1707231456911-1024x637.jpg 1024w, https:\/\/cmgmarrakech.com\/wp-content\/uploads\/2024\/02\/Hassan-Darsi-Vue-Exposition-Autrement-Dit-3-e1707231456911-768x478.jpg 768w, https:\/\/cmgmarrakech.com\/wp-content\/uploads\/2024\/02\/Hassan-Darsi-Vue-Exposition-Autrement-Dit-3-e1707231456911-1536x956.jpg 1536w, https:\/\/cmgmarrakech.com\/wp-content\/uploads\/2024\/02\/Hassan-Darsi-Vue-Exposition-Autrement-Dit-3-e1707231456911-2048x1275.jpg 2048w, https:\/\/cmgmarrakech.com\/wp-content\/uploads\/2024\/02\/Hassan-Darsi-Vue-Exposition-Autrement-Dit-3-e1707231456911-18x12.jpg 18w, https:\/\/cmgmarrakech.com\/wp-content\/uploads\/2024\/02\/Hassan-Darsi-Vue-Exposition-Autrement-Dit-3-e1707231456911-415x258.jpg 415w, https:\/\/cmgmarrakech.com\/wp-content\/uploads\/2024\/02\/Hassan-Darsi-Vue-Exposition-Autrement-Dit-3-e1707231456911-650x405.jpg 650w, https:\/\/cmgmarrakech.com\/wp-content\/uploads\/2024\/02\/Hassan-Darsi-Vue-Exposition-Autrement-Dit-3-e1707231456911-250x156.jpg 250w\" sizes=\"(max-width: 2174px) 100vw, 2174px\" \/>\t\t\t\t\t\t\t\t<\/a>\n\t\t\t\t\t\t\t\t\t\t\t\t\t\t\t<\/div>\n\t\t\t\t<div class=\"elementor-element elementor-element-fc24eb0 elementor-widget elementor-widget-heading\" data-id=\"fc24eb0\" data-element_type=\"widget\" data-e-type=\"widget\" data-widget_type=\"heading.default\">\n\t\t\t\t\t<h2 class=\"elementor-heading-title elementor-size-default\"><a href=\"https:\/\/indd.adobe.com\/view\/a36cb08b-d49b-486c-9997-2b557ade17af\" target=\"_blank\">Hassan Darsi \"Autrement dit\"<\/a><\/h2>\t\t\t\t<\/div>\n\t\t\t\t<div class=\"elementor-element elementor-element-38a9447 elementor-widget elementor-widget-text-editor\" data-id=\"38a9447\" data-element_type=\"widget\" data-e-type=\"widget\" data-widget_type=\"text-editor.default\">\n\t\t\t\t\t\t\t\t\t<p>The Art Talk Magazine<\/p>\t\t\t\t\t\t\t\t<\/div>\n\t\t\t\t\t<\/div>\n\t\t<\/div>\n\t\t\t\t<div class=\"elementor-column elementor-col-50 elementor-top-column elementor-element elementor-element-99efa97\" data-id=\"99efa97\" data-element_type=\"column\" data-e-type=\"column\">\n\t\t\t<div class=\"elementor-widget-wrap elementor-element-populated\">\n\t\t\t\t\t\t<div class=\"elementor-element elementor-element-da9b765 elementor-widget elementor-widget-image\" data-id=\"da9b765\" data-element_type=\"widget\" data-e-type=\"widget\" data-widget_type=\"image.default\">\n\t\t\t\t\t\t\t\t\t\t\t\t\t\t\t\t<a href=\"https:\/\/www.leconomiste.com\/article\/1115564-hassan-darsi-explore-l-etat-du-monde\" target=\"_blank\">\n\t\t\t\t\t\t\t<img loading=\"lazy\" decoding=\"async\" width=\"2200\" height=\"1375\" src=\"https:\/\/cmgmarrakech.com\/wp-content\/uploads\/2024\/02\/Hassan-Darsi-Vue-Exposition-Autrement-Dit-4.jpg\" class=\"attachment-full size-full wp-image-11690\" alt=\"\" srcset=\"https:\/\/cmgmarrakech.com\/wp-content\/uploads\/2024\/02\/Hassan-Darsi-Vue-Exposition-Autrement-Dit-4.jpg 2200w, https:\/\/cmgmarrakech.com\/wp-content\/uploads\/2024\/02\/Hassan-Darsi-Vue-Exposition-Autrement-Dit-4-300x188.jpg 300w, https:\/\/cmgmarrakech.com\/wp-content\/uploads\/2024\/02\/Hassan-Darsi-Vue-Exposition-Autrement-Dit-4-1024x640.jpg 1024w, https:\/\/cmgmarrakech.com\/wp-content\/uploads\/2024\/02\/Hassan-Darsi-Vue-Exposition-Autrement-Dit-4-768x480.jpg 768w, https:\/\/cmgmarrakech.com\/wp-content\/uploads\/2024\/02\/Hassan-Darsi-Vue-Exposition-Autrement-Dit-4-1536x960.jpg 1536w, https:\/\/cmgmarrakech.com\/wp-content\/uploads\/2024\/02\/Hassan-Darsi-Vue-Exposition-Autrement-Dit-4-2048x1280.jpg 2048w, https:\/\/cmgmarrakech.com\/wp-content\/uploads\/2024\/02\/Hassan-Darsi-Vue-Exposition-Autrement-Dit-4-18x12.jpg 18w, https:\/\/cmgmarrakech.com\/wp-content\/uploads\/2024\/02\/Hassan-Darsi-Vue-Exposition-Autrement-Dit-4-415x259.jpg 415w, https:\/\/cmgmarrakech.com\/wp-content\/uploads\/2024\/02\/Hassan-Darsi-Vue-Exposition-Autrement-Dit-4-650x406.jpg 650w, https:\/\/cmgmarrakech.com\/wp-content\/uploads\/2024\/02\/Hassan-Darsi-Vue-Exposition-Autrement-Dit-4-250x156.jpg 250w\" sizes=\"(max-width: 2200px) 100vw, 2200px\" \/>\t\t\t\t\t\t\t\t<\/a>\n\t\t\t\t\t\t\t\t\t\t\t\t\t\t\t<\/div>\n\t\t\t\t<div class=\"elementor-element elementor-element-076a988 elementor-widget elementor-widget-heading\" data-id=\"076a988\" data-element_type=\"widget\" data-e-type=\"widget\" data-widget_type=\"heading.default\">\n\t\t\t\t\t<h2 class=\"elementor-heading-title elementor-size-default\"><a href=\"https:\/\/www.leconomiste.com\/article\/1115564-hassan-darsi-explore-l-etat-du-monde\" target=\"_blank\">Hassan Darsi explore \u00abl'\u00e9tat du monde\u00bb\n<\/a><\/h2>\t\t\t\t<\/div>\n\t\t\t\t<div class=\"elementor-element elementor-element-4e9ed12 elementor-widget elementor-widget-text-editor\" data-id=\"4e9ed12\" data-element_type=\"widget\" data-e-type=\"widget\" data-widget_type=\"text-editor.default\">\n\t\t\t\t\t\t\t\t\t<p>L&rsquo;\u00e9conomiste<\/p>\t\t\t\t\t\t\t\t<\/div>\n\t\t\t\t\t<\/div>\n\t\t<\/div>\n\t\t\t\t\t<\/div>\n\t\t<\/section>\n\t\t\t\t<section class=\"elementor-section elementor-top-section elementor-element elementor-element-0abb7ca animated-slow elementor-section-boxed elementor-section-height-default elementor-section-height-default\" data-id=\"0abb7ca\" data-element_type=\"section\" data-e-type=\"section\" data-settings=\"{&quot;animation&quot;:&quot;none&quot;}\">\n\t\t\t\t\t\t<div class=\"elementor-container elementor-column-gap-default\">\n\t\t\t\t\t<div class=\"elementor-column elementor-col-50 elementor-top-column elementor-element elementor-element-1ed4909\" data-id=\"1ed4909\" data-element_type=\"column\" data-e-type=\"column\">\n\t\t\t<div class=\"elementor-widget-wrap elementor-element-populated\">\n\t\t\t\t\t\t<div class=\"elementor-element elementor-element-7659b2c elementor-widget elementor-widget-image\" data-id=\"7659b2c\" data-element_type=\"widget\" data-e-type=\"widget\" data-widget_type=\"image.default\">\n\t\t\t\t\t\t\t\t\t\t\t\t\t\t\t\t<a href=\"https:\/\/www.arabnews.fr\/node\/469926\/mosa%C3%AFque\" target=\"_blank\">\n\t\t\t\t\t\t\t<img loading=\"lazy\" decoding=\"async\" width=\"808\" height=\"554\" src=\"https:\/\/cmgmarrakech.com\/wp-content\/uploads\/2024\/02\/Youssef-Hayat-_-Images-5-1-e1707611420120.jpg\" class=\"attachment-full size-full wp-image-11626\" alt=\"\" srcset=\"https:\/\/cmgmarrakech.com\/wp-content\/uploads\/2024\/02\/Youssef-Hayat-_-Images-5-1-e1707611420120.jpg 808w, https:\/\/cmgmarrakech.com\/wp-content\/uploads\/2024\/02\/Youssef-Hayat-_-Images-5-1-e1707611420120-300x206.jpg 300w, https:\/\/cmgmarrakech.com\/wp-content\/uploads\/2024\/02\/Youssef-Hayat-_-Images-5-1-e1707611420120-768x527.jpg 768w, https:\/\/cmgmarrakech.com\/wp-content\/uploads\/2024\/02\/Youssef-Hayat-_-Images-5-1-e1707611420120-18x12.jpg 18w, https:\/\/cmgmarrakech.com\/wp-content\/uploads\/2024\/02\/Youssef-Hayat-_-Images-5-1-e1707611420120-415x285.jpg 415w, https:\/\/cmgmarrakech.com\/wp-content\/uploads\/2024\/02\/Youssef-Hayat-_-Images-5-1-e1707611420120-650x446.jpg 650w, https:\/\/cmgmarrakech.com\/wp-content\/uploads\/2024\/02\/Youssef-Hayat-_-Images-5-1-e1707611420120-250x171.jpg 250w\" sizes=\"(max-width: 808px) 100vw, 808px\" \/>\t\t\t\t\t\t\t\t<\/a>\n\t\t\t\t\t\t\t\t\t\t\t\t\t\t\t<\/div>\n\t\t\t\t<div class=\"elementor-element elementor-element-4dc5644 elementor-widget elementor-widget-heading\" data-id=\"4dc5644\" data-element_type=\"widget\" data-e-type=\"widget\" data-widget_type=\"heading.default\">\n\t\t\t\t\t<h2 class=\"elementor-heading-title elementor-size-default\"><a href=\"https:\/\/www.arabnews.fr\/node\/469926\/mosa%C3%AFque\" target=\"_blank\">\u00abJawla\u00bb avec Youssef Hayat: Un voyage visuel dans la ferveur urbaine<\/a><\/h2>\t\t\t\t<\/div>\n\t\t\t\t<div class=\"elementor-element elementor-element-ebe815a elementor-widget elementor-widget-text-editor\" data-id=\"ebe815a\" data-element_type=\"widget\" data-e-type=\"widget\" data-widget_type=\"text-editor.default\">\n\t\t\t\t\t\t\t\t\t<p>arabnews.fr<\/p>\t\t\t\t\t\t\t\t<\/div>\n\t\t\t\t\t<\/div>\n\t\t<\/div>\n\t\t\t\t<div class=\"elementor-column elementor-col-50 elementor-top-column elementor-element elementor-element-02c73d4\" data-id=\"02c73d4\" data-element_type=\"column\" data-e-type=\"column\">\n\t\t\t<div class=\"elementor-widget-wrap elementor-element-populated\">\n\t\t\t\t\t\t<div class=\"elementor-element elementor-element-788ee52 elementor-widget elementor-widget-image\" data-id=\"788ee52\" data-element_type=\"widget\" data-e-type=\"widget\" data-widget_type=\"image.default\">\n\t\t\t\t\t\t\t\t\t\t\t\t\t\t\t\t<a href=\"https:\/\/open.luxeradio.ma\/show\/track\/0443e6bc05a750749b9438bfb7edcfa4?audio=le-comptoir-des-mines-galerie-de-marrakech-accueille-la-premiere-exposition-de-lartiste-photographe-youssef-hayat\" target=\"_blank\">\n\t\t\t\t\t\t\t<img loading=\"lazy\" decoding=\"async\" width=\"2000\" height=\"1334\" src=\"https:\/\/cmgmarrakech.com\/wp-content\/uploads\/2024\/01\/Youssef-Hayat-Exposition-Image.jpg\" class=\"attachment-full size-full wp-image-11478\" alt=\"\" srcset=\"https:\/\/cmgmarrakech.com\/wp-content\/uploads\/2024\/01\/Youssef-Hayat-Exposition-Image.jpg 2000w, https:\/\/cmgmarrakech.com\/wp-content\/uploads\/2024\/01\/Youssef-Hayat-Exposition-Image-300x200.jpg 300w, https:\/\/cmgmarrakech.com\/wp-content\/uploads\/2024\/01\/Youssef-Hayat-Exposition-Image-1024x683.jpg 1024w, https:\/\/cmgmarrakech.com\/wp-content\/uploads\/2024\/01\/Youssef-Hayat-Exposition-Image-768x512.jpg 768w, https:\/\/cmgmarrakech.com\/wp-content\/uploads\/2024\/01\/Youssef-Hayat-Exposition-Image-1536x1025.jpg 1536w, https:\/\/cmgmarrakech.com\/wp-content\/uploads\/2024\/01\/Youssef-Hayat-Exposition-Image-18x12.jpg 18w, https:\/\/cmgmarrakech.com\/wp-content\/uploads\/2024\/01\/Youssef-Hayat-Exposition-Image-415x277.jpg 415w, https:\/\/cmgmarrakech.com\/wp-content\/uploads\/2024\/01\/Youssef-Hayat-Exposition-Image-650x434.jpg 650w, https:\/\/cmgmarrakech.com\/wp-content\/uploads\/2024\/01\/Youssef-Hayat-Exposition-Image-250x167.jpg 250w\" sizes=\"(max-width: 2000px) 100vw, 2000px\" \/>\t\t\t\t\t\t\t\t<\/a>\n\t\t\t\t\t\t\t\t\t\t\t\t\t\t\t<\/div>\n\t\t\t\t<div class=\"elementor-element elementor-element-e1c6cb3 elementor-widget elementor-widget-heading\" data-id=\"e1c6cb3\" data-element_type=\"widget\" data-e-type=\"widget\" data-widget_type=\"heading.default\">\n\t\t\t\t\t<h2 class=\"elementor-heading-title elementor-size-default\"><a href=\"https:\/\/open.luxeradio.ma\/show\/track\/0443e6bc05a750749b9438bfb7edcfa4?audio=le-comptoir-des-mines-galerie-de-marrakech-accueille-la-premiere-exposition-de-lartiste-photographe-youssef-hayat\" target=\"_blank\">Le Comptoir des Mines Galerie de Marrakech accueille la premi\u00e8re exposition de l\u2019artiste photographe Youssef Hayat<\/a><\/h2>\t\t\t\t<\/div>\n\t\t\t\t<div class=\"elementor-element elementor-element-f090ced elementor-widget elementor-widget-text-editor\" data-id=\"f090ced\" data-element_type=\"widget\" data-e-type=\"widget\" data-widget_type=\"text-editor.default\">\n\t\t\t\t\t\t\t\t\t<p>Luxe Radio<\/p>\t\t\t\t\t\t\t\t<\/div>\n\t\t\t\t\t<\/div>\n\t\t<\/div>\n\t\t\t\t\t<\/div>\n\t\t<\/section>\n\t\t\t\t<section class=\"elementor-section elementor-top-section elementor-element elementor-element-9c04049 animated-slow elementor-section-boxed elementor-section-height-default elementor-section-height-default\" data-id=\"9c04049\" data-element_type=\"section\" data-e-type=\"section\" data-settings=\"{&quot;animation&quot;:&quot;none&quot;}\">\n\t\t\t\t\t\t<div class=\"elementor-container elementor-column-gap-default\">\n\t\t\t\t\t<div class=\"elementor-column elementor-col-50 elementor-top-column elementor-element elementor-element-4e506c3\" data-id=\"4e506c3\" data-element_type=\"column\" data-e-type=\"column\">\n\t\t\t<div class=\"elementor-widget-wrap elementor-element-populated\">\n\t\t\t\t\t\t<div class=\"elementor-element elementor-element-d713740 elementor-widget elementor-widget-image\" data-id=\"d713740\" data-element_type=\"widget\" data-e-type=\"widget\" data-widget_type=\"image.default\">\n\t\t\t\t\t\t\t\t\t\t\t\t\t\t\t\t<a href=\"https:\/\/www.lopinion.ma\/Exposition-Hassan-Darsi-dit-l-art-autrement_a49983.html\" target=\"_blank\">\n\t\t\t\t\t\t\t<img loading=\"lazy\" decoding=\"async\" width=\"2000\" height=\"1334\" src=\"https:\/\/cmgmarrakech.com\/wp-content\/uploads\/2024\/01\/Hassan-Darsi_CMG-Exposition-2024.jpg\" class=\"attachment-full size-full wp-image-11270\" alt=\"\" srcset=\"https:\/\/cmgmarrakech.com\/wp-content\/uploads\/2024\/01\/Hassan-Darsi_CMG-Exposition-2024.jpg 2000w, https:\/\/cmgmarrakech.com\/wp-content\/uploads\/2024\/01\/Hassan-Darsi_CMG-Exposition-2024-300x200.jpg 300w, https:\/\/cmgmarrakech.com\/wp-content\/uploads\/2024\/01\/Hassan-Darsi_CMG-Exposition-2024-1024x683.jpg 1024w, https:\/\/cmgmarrakech.com\/wp-content\/uploads\/2024\/01\/Hassan-Darsi_CMG-Exposition-2024-768x512.jpg 768w, https:\/\/cmgmarrakech.com\/wp-content\/uploads\/2024\/01\/Hassan-Darsi_CMG-Exposition-2024-1536x1025.jpg 1536w, https:\/\/cmgmarrakech.com\/wp-content\/uploads\/2024\/01\/Hassan-Darsi_CMG-Exposition-2024-18x12.jpg 18w, https:\/\/cmgmarrakech.com\/wp-content\/uploads\/2024\/01\/Hassan-Darsi_CMG-Exposition-2024-415x277.jpg 415w, https:\/\/cmgmarrakech.com\/wp-content\/uploads\/2024\/01\/Hassan-Darsi_CMG-Exposition-2024-650x434.jpg 650w, https:\/\/cmgmarrakech.com\/wp-content\/uploads\/2024\/01\/Hassan-Darsi_CMG-Exposition-2024-250x167.jpg 250w\" sizes=\"(max-width: 2000px) 100vw, 2000px\" \/>\t\t\t\t\t\t\t\t<\/a>\n\t\t\t\t\t\t\t\t\t\t\t\t\t\t\t<\/div>\n\t\t\t\t<div class=\"elementor-element elementor-element-d7a5ea9 elementor-widget elementor-widget-heading\" data-id=\"d7a5ea9\" data-element_type=\"widget\" data-e-type=\"widget\" data-widget_type=\"heading.default\">\n\t\t\t\t\t<h2 class=\"elementor-heading-title elementor-size-default\"><a href=\"https:\/\/www.lopinion.ma\/Exposition-Hassan-Darsi-dit-l-art-autrement_a49983.html\" target=\"_blank\">Exposition : Hassan Darsi dit l\u2019art autrement\n<\/a><\/h2>\t\t\t\t<\/div>\n\t\t\t\t<div class=\"elementor-element elementor-element-3b3e567 elementor-widget elementor-widget-text-editor\" data-id=\"3b3e567\" data-element_type=\"widget\" data-e-type=\"widget\" data-widget_type=\"text-editor.default\">\n\t\t\t\t\t\t\t\t\t<p>lopinion.ma<\/p>\t\t\t\t\t\t\t\t<\/div>\n\t\t\t\t\t<\/div>\n\t\t<\/div>\n\t\t\t\t<div class=\"elementor-column elementor-col-50 elementor-top-column elementor-element elementor-element-bb9a5ca\" data-id=\"bb9a5ca\" data-element_type=\"column\" data-e-type=\"column\">\n\t\t\t<div class=\"elementor-widget-wrap elementor-element-populated\">\n\t\t\t\t\t\t<div class=\"elementor-element elementor-element-e60376c elementor-widget elementor-widget-image\" data-id=\"e60376c\" data-element_type=\"widget\" data-e-type=\"widget\" data-widget_type=\"image.default\">\n\t\t\t\t\t\t\t\t\t\t\t\t\t\t\t\t<a href=\"https:\/\/aemagazine.ma\/hassan-darsi-explorations-artistiques-et-activisme-urbain\/\" target=\"_blank\">\n\t\t\t\t\t\t\t<img loading=\"lazy\" decoding=\"async\" width=\"2200\" height=\"1375\" src=\"https:\/\/cmgmarrakech.com\/wp-content\/uploads\/2024\/02\/Hassan-Darsi-Vue-Exposition-Autrement-Dit-1.jpg\" class=\"attachment-full size-full wp-image-11604\" alt=\"\" srcset=\"https:\/\/cmgmarrakech.com\/wp-content\/uploads\/2024\/02\/Hassan-Darsi-Vue-Exposition-Autrement-Dit-1.jpg 2200w, https:\/\/cmgmarrakech.com\/wp-content\/uploads\/2024\/02\/Hassan-Darsi-Vue-Exposition-Autrement-Dit-1-300x188.jpg 300w, https:\/\/cmgmarrakech.com\/wp-content\/uploads\/2024\/02\/Hassan-Darsi-Vue-Exposition-Autrement-Dit-1-1024x640.jpg 1024w, https:\/\/cmgmarrakech.com\/wp-content\/uploads\/2024\/02\/Hassan-Darsi-Vue-Exposition-Autrement-Dit-1-768x480.jpg 768w, https:\/\/cmgmarrakech.com\/wp-content\/uploads\/2024\/02\/Hassan-Darsi-Vue-Exposition-Autrement-Dit-1-1536x960.jpg 1536w, https:\/\/cmgmarrakech.com\/wp-content\/uploads\/2024\/02\/Hassan-Darsi-Vue-Exposition-Autrement-Dit-1-2048x1280.jpg 2048w, https:\/\/cmgmarrakech.com\/wp-content\/uploads\/2024\/02\/Hassan-Darsi-Vue-Exposition-Autrement-Dit-1-18x12.jpg 18w, https:\/\/cmgmarrakech.com\/wp-content\/uploads\/2024\/02\/Hassan-Darsi-Vue-Exposition-Autrement-Dit-1-415x259.jpg 415w, https:\/\/cmgmarrakech.com\/wp-content\/uploads\/2024\/02\/Hassan-Darsi-Vue-Exposition-Autrement-Dit-1-650x406.jpg 650w, https:\/\/cmgmarrakech.com\/wp-content\/uploads\/2024\/02\/Hassan-Darsi-Vue-Exposition-Autrement-Dit-1-250x156.jpg 250w\" sizes=\"(max-width: 2200px) 100vw, 2200px\" \/>\t\t\t\t\t\t\t\t<\/a>\n\t\t\t\t\t\t\t\t\t\t\t\t\t\t\t<\/div>\n\t\t\t\t<div class=\"elementor-element elementor-element-842765b elementor-widget elementor-widget-heading\" data-id=\"842765b\" data-element_type=\"widget\" data-e-type=\"widget\" data-widget_type=\"heading.default\">\n\t\t\t\t\t<h2 class=\"elementor-heading-title elementor-size-default\"><a href=\"https:\/\/aemagazine.ma\/hassan-darsi-explorations-artistiques-et-activisme-urbain\/\" target=\"_blank\">Hassan Darsi : explorations artistiques et activisme urbain\n<\/a><\/h2>\t\t\t\t<\/div>\n\t\t\t\t<div class=\"elementor-element elementor-element-1c1840f elementor-widget elementor-widget-text-editor\" data-id=\"1c1840f\" data-element_type=\"widget\" data-e-type=\"widget\" data-widget_type=\"text-editor.default\">\n\t\t\t\t\t\t\t\t\t<p>AEMagazine.ma<\/p>\t\t\t\t\t\t\t\t<\/div>\n\t\t\t\t\t<\/div>\n\t\t<\/div>\n\t\t\t\t\t<\/div>\n\t\t<\/section>\n\t\t\t\t<section class=\"elementor-section elementor-top-section elementor-element elementor-element-956be91 animated-slow elementor-section-boxed elementor-section-height-default elementor-section-height-default\" data-id=\"956be91\" data-element_type=\"section\" data-e-type=\"section\" data-settings=\"{&quot;animation&quot;:&quot;none&quot;}\">\n\t\t\t\t\t\t<div class=\"elementor-container elementor-column-gap-default\">\n\t\t\t\t\t<div class=\"elementor-column elementor-col-50 elementor-top-column elementor-element elementor-element-786c54d\" data-id=\"786c54d\" data-element_type=\"column\" data-e-type=\"column\">\n\t\t\t<div class=\"elementor-widget-wrap elementor-element-populated\">\n\t\t\t\t\t\t<div class=\"elementor-element elementor-element-5b7bb76 elementor-widget elementor-widget-image\" data-id=\"5b7bb76\" data-element_type=\"widget\" data-e-type=\"widget\" data-widget_type=\"image.default\">\n\t\t\t\t\t\t\t\t\t\t\t\t\t\t\t\t<a href=\"https:\/\/ledesk.ma\/culture\/comptoir-des-mines-de-marrakech-hassan-darsi-un-visionnaire-a-laffiche\/\" target=\"_blank\">\n\t\t\t\t\t\t\t<img decoding=\"async\" src=\"https:\/\/ledesk.ma\/wp-content\/uploads\/2024\/02\/DARSI-3-1-2048x1153.jpg\" title=\"\" alt=\"\" loading=\"lazy\" \/>\t\t\t\t\t\t\t\t<\/a>\n\t\t\t\t\t\t\t\t\t\t\t\t\t\t\t<\/div>\n\t\t\t\t<div class=\"elementor-element elementor-element-7f8288b elementor-widget elementor-widget-heading\" data-id=\"7f8288b\" data-element_type=\"widget\" data-e-type=\"widget\" data-widget_type=\"heading.default\">\n\t\t\t\t\t<h2 class=\"elementor-heading-title elementor-size-default\"><a href=\"https:\/\/ledesk.ma\/culture\/comptoir-des-mines-de-marrakech-hassan-darsi-un-visionnaire-a-laffiche\/\" target=\"_blank\">Comptoir des Mines de Marrakech: Hassan Darsi, un visionnaire \u00e0 l\u2019affiche<\/a><\/h2>\t\t\t\t<\/div>\n\t\t\t\t<div class=\"elementor-element elementor-element-f73717a elementor-widget elementor-widget-text-editor\" data-id=\"f73717a\" data-element_type=\"widget\" data-e-type=\"widget\" data-widget_type=\"text-editor.default\">\n\t\t\t\t\t\t\t\t\t<p>Ledesk.ma<\/p>\t\t\t\t\t\t\t\t<\/div>\n\t\t\t\t\t<\/div>\n\t\t<\/div>\n\t\t\t\t<div class=\"elementor-column elementor-col-50 elementor-top-column elementor-element elementor-element-3f3a276\" data-id=\"3f3a276\" data-element_type=\"column\" data-e-type=\"column\">\n\t\t\t<div class=\"elementor-widget-wrap elementor-element-populated\">\n\t\t\t\t\t\t<div class=\"elementor-element elementor-element-e13b265 elementor-widget elementor-widget-image\" data-id=\"e13b265\" data-element_type=\"widget\" data-e-type=\"widget\" data-widget_type=\"image.default\">\n\t\t\t\t\t\t\t\t\t\t\t\t\t\t\t\t<a href=\"https:\/\/fr.le360.ma\/culture\/autrement-dit-ou-quand-hassan-darsi-explore-de-nouveaux-materiaux-au-comptoir-des-mines-a-marrakech_64CC56X4NRE2BMBL2L4JXC2DJY\/\" target=\"_blank\">\n\t\t\t\t\t\t\t<img decoding=\"async\" src=\"https:\/\/fr.le360.ma\/resizer\/U_RBQD6XTJoyA5mON5rMxCwngRg=\/1216x684\/filters:format(jpg):quality(70)\/cloudfront-eu-central-1.images.arcpublishing.com\/le360\/EL2CVCHDFBE2TGFGXSWEWYOLZQ.jpg\" title=\"\" alt=\"\" loading=\"lazy\" \/>\t\t\t\t\t\t\t\t<\/a>\n\t\t\t\t\t\t\t\t\t\t\t\t\t\t\t<\/div>\n\t\t\t\t<div class=\"elementor-element elementor-element-4a39452 elementor-widget elementor-widget-heading\" data-id=\"4a39452\" data-element_type=\"widget\" data-e-type=\"widget\" data-widget_type=\"heading.default\">\n\t\t\t\t\t<h2 class=\"elementor-heading-title elementor-size-default\"><a href=\"https:\/\/fr.le360.ma\/culture\/autrement-dit-ou-quand-hassan-darsi-explore-de-nouveaux-materiaux-au-comptoir-des-mines-a-marrakech_64CC56X4NRE2BMBL2L4JXC2DJY\/\" target=\"_blank\">\u00abAutrement dit\u00bb, ou quand Hassan Darsi explore de nouveaux mat\u00e9riaux au Comptoir des mines \u00e0 Marrakech<\/a><\/h2>\t\t\t\t<\/div>\n\t\t\t\t<div class=\"elementor-element elementor-element-634bbd9 elementor-widget elementor-widget-text-editor\" data-id=\"634bbd9\" data-element_type=\"widget\" data-e-type=\"widget\" data-widget_type=\"text-editor.default\">\n\t\t\t\t\t\t\t\t\t<p>LE360.ma<\/p>\t\t\t\t\t\t\t\t<\/div>\n\t\t\t\t\t<\/div>\n\t\t<\/div>\n\t\t\t\t\t<\/div>\n\t\t<\/section>\n\t\t\t\t<section class=\"elementor-section elementor-top-section elementor-element elementor-element-bd46fff animated-slow elementor-section-boxed elementor-section-height-default elementor-section-height-default\" data-id=\"bd46fff\" data-element_type=\"section\" data-e-type=\"section\" data-settings=\"{&quot;animation&quot;:&quot;none&quot;}\">\n\t\t\t\t\t\t<div class=\"elementor-container elementor-column-gap-default\">\n\t\t\t\t\t<div class=\"elementor-column elementor-col-50 elementor-top-column elementor-element elementor-element-a2970ea\" data-id=\"a2970ea\" data-element_type=\"column\" data-e-type=\"column\">\n\t\t\t<div class=\"elementor-widget-wrap elementor-element-populated\">\n\t\t\t\t\t\t<div class=\"elementor-element elementor-element-5b09848 elementor-widget elementor-widget-image\" data-id=\"5b09848\" data-element_type=\"widget\" data-e-type=\"widget\" data-widget_type=\"image.default\">\n\t\t\t\t\t\t\t\t\t\t\t\t\t\t\t\t<a href=\"https:\/\/www.challenge.ma\/1-54-contemporary-african-art-fair-marrakech-aux-couleurs-de-lafrique-276205\/\" target=\"_blank\">\n\t\t\t\t\t\t\t<img loading=\"lazy\" decoding=\"async\" width=\"2000\" height=\"1334\" src=\"https:\/\/cmgmarrakech.com\/wp-content\/uploads\/2024\/01\/Youssef-Hayat.jpg\" class=\"attachment-full size-full wp-image-11277\" alt=\"\" srcset=\"https:\/\/cmgmarrakech.com\/wp-content\/uploads\/2024\/01\/Youssef-Hayat.jpg 2000w, https:\/\/cmgmarrakech.com\/wp-content\/uploads\/2024\/01\/Youssef-Hayat-300x200.jpg 300w, https:\/\/cmgmarrakech.com\/wp-content\/uploads\/2024\/01\/Youssef-Hayat-1024x683.jpg 1024w, https:\/\/cmgmarrakech.com\/wp-content\/uploads\/2024\/01\/Youssef-Hayat-768x512.jpg 768w, https:\/\/cmgmarrakech.com\/wp-content\/uploads\/2024\/01\/Youssef-Hayat-1536x1025.jpg 1536w, https:\/\/cmgmarrakech.com\/wp-content\/uploads\/2024\/01\/Youssef-Hayat-18x12.jpg 18w, https:\/\/cmgmarrakech.com\/wp-content\/uploads\/2024\/01\/Youssef-Hayat-415x277.jpg 415w, https:\/\/cmgmarrakech.com\/wp-content\/uploads\/2024\/01\/Youssef-Hayat-650x434.jpg 650w, https:\/\/cmgmarrakech.com\/wp-content\/uploads\/2024\/01\/Youssef-Hayat-250x167.jpg 250w\" sizes=\"(max-width: 2000px) 100vw, 2000px\" \/>\t\t\t\t\t\t\t\t<\/a>\n\t\t\t\t\t\t\t\t\t\t\t\t\t\t\t<\/div>\n\t\t\t\t<div class=\"elementor-element elementor-element-10c1d7d elementor-widget elementor-widget-heading\" data-id=\"10c1d7d\" data-element_type=\"widget\" data-e-type=\"widget\" data-widget_type=\"heading.default\">\n\t\t\t\t\t<h2 class=\"elementor-heading-title elementor-size-default\"><a href=\"https:\/\/www.challenge.ma\/1-54-contemporary-african-art-fair-marrakech-aux-couleurs-de-lafrique-276205\/\" target=\"_blank\">\u00ab 1-54 Contemporary African Art Fair \u00bb. Marrakech aux couleurs de l\u2019Afrique<\/a><\/h2>\t\t\t\t<\/div>\n\t\t\t\t<div class=\"elementor-element elementor-element-92a6b9b elementor-widget elementor-widget-text-editor\" data-id=\"92a6b9b\" data-element_type=\"widget\" data-e-type=\"widget\" data-widget_type=\"text-editor.default\">\n\t\t\t\t\t\t\t\t\t<p>Challenge.ma<\/p>\t\t\t\t\t\t\t\t<\/div>\n\t\t\t\t\t<\/div>\n\t\t<\/div>\n\t\t\t\t<div class=\"elementor-column elementor-col-50 elementor-top-column elementor-element elementor-element-5ba94bb\" data-id=\"5ba94bb\" data-element_type=\"column\" data-e-type=\"column\">\n\t\t\t<div class=\"elementor-widget-wrap elementor-element-populated\">\n\t\t\t\t\t\t<div class=\"elementor-element elementor-element-d083703 elementor-widget elementor-widget-image\" data-id=\"d083703\" data-element_type=\"widget\" data-e-type=\"widget\" data-widget_type=\"image.default\">\n\t\t\t\t\t\t\t\t\t\t\t\t\t\t\t\t<a href=\"https:\/\/www.lequotidiendelart.com\/articles\/25157-marrakech-apr%C3%A8s-le-s%C3%A9isme-l-%C3%A9cosyst%C3%A8me-culturel-interroge-la-fonction-de-l-art.html\" target=\"_blank\">\n\t\t\t\t\t\t\t<img decoding=\"async\" src=\"https:\/\/www.lequotidiendelart.com\/media\/cache\/article_page_cover\/shared\/article-image\/38579.jpg\" title=\"\" alt=\"\" loading=\"lazy\" \/>\t\t\t\t\t\t\t\t<\/a>\n\t\t\t\t\t\t\t\t\t\t\t\t\t\t\t<\/div>\n\t\t\t\t<div class=\"elementor-element elementor-element-9853da2 elementor-widget elementor-widget-heading\" data-id=\"9853da2\" data-element_type=\"widget\" data-e-type=\"widget\" data-widget_type=\"heading.default\">\n\t\t\t\t\t<h2 class=\"elementor-heading-title elementor-size-default\"><a href=\"https:\/\/www.lequotidiendelart.com\/articles\/25157-marrakech-apr%C3%A8s-le-s%C3%A9isme-l-%C3%A9cosyst%C3%A8me-culturel-interroge-la-fonction-de-l-art.html\" target=\"_blank\">Marrakech : apr\u00e8s le s\u00e9isme, l\u2019\u00e9cosyst\u00e8me culturel interroge la fonction de l\u2019art<\/a><\/h2>\t\t\t\t<\/div>\n\t\t\t\t<div class=\"elementor-element elementor-element-e240e15 elementor-widget elementor-widget-text-editor\" data-id=\"e240e15\" data-element_type=\"widget\" data-e-type=\"widget\" data-widget_type=\"text-editor.default\">\n\t\t\t\t\t\t\t\t\t<p>lequotidiendelart.com<\/p>\t\t\t\t\t\t\t\t<\/div>\n\t\t\t\t\t<\/div>\n\t\t<\/div>\n\t\t\t\t\t<\/div>\n\t\t<\/section>\n\t\t\t\t<section class=\"elementor-section elementor-top-section elementor-element elementor-element-33e9aef animated-slow elementor-section-boxed elementor-section-height-default elementor-section-height-default\" data-id=\"33e9aef\" data-element_type=\"section\" data-e-type=\"section\" data-settings=\"{&quot;animation&quot;:&quot;none&quot;}\">\n\t\t\t\t\t\t<div class=\"elementor-container elementor-column-gap-default\">\n\t\t\t\t\t<div class=\"elementor-column elementor-col-50 elementor-top-column elementor-element elementor-element-96d91fd\" data-id=\"96d91fd\" data-element_type=\"column\" data-e-type=\"column\">\n\t\t\t<div class=\"elementor-widget-wrap elementor-element-populated\">\n\t\t\t\t\t\t<div class=\"elementor-element elementor-element-fa459eb elementor-widget elementor-widget-image\" data-id=\"fa459eb\" data-element_type=\"widget\" data-e-type=\"widget\" data-widget_type=\"image.default\">\n\t\t\t\t\t\t\t\t\t\t\t\t\t\t\t\t<a href=\"https:\/\/artafricamagazine.org\/1-54-contemporary-african-art-fair-announces-expansion-to-marrakech-medina-for-their-biggest-fair-to-date-on-the-african-continent\/\" target=\"_blank\">\n\t\t\t\t\t\t\t<img loading=\"lazy\" decoding=\"async\" width=\"1268\" height=\"846\" src=\"https:\/\/cmgmarrakech.com\/wp-content\/uploads\/2024\/12\/csm_4-sara-ouhaddou-al-kalima_2d0a0ebfa7.jpg\" class=\"attachment-full size-full wp-image-14246\" alt=\"\" srcset=\"https:\/\/cmgmarrakech.com\/wp-content\/uploads\/2024\/12\/csm_4-sara-ouhaddou-al-kalima_2d0a0ebfa7.jpg 1268w, https:\/\/cmgmarrakech.com\/wp-content\/uploads\/2024\/12\/csm_4-sara-ouhaddou-al-kalima_2d0a0ebfa7-300x200.jpg 300w, https:\/\/cmgmarrakech.com\/wp-content\/uploads\/2024\/12\/csm_4-sara-ouhaddou-al-kalima_2d0a0ebfa7-1024x683.jpg 1024w, https:\/\/cmgmarrakech.com\/wp-content\/uploads\/2024\/12\/csm_4-sara-ouhaddou-al-kalima_2d0a0ebfa7-768x512.jpg 768w, https:\/\/cmgmarrakech.com\/wp-content\/uploads\/2024\/12\/csm_4-sara-ouhaddou-al-kalima_2d0a0ebfa7-18x12.jpg 18w, https:\/\/cmgmarrakech.com\/wp-content\/uploads\/2024\/12\/csm_4-sara-ouhaddou-al-kalima_2d0a0ebfa7-415x277.jpg 415w, https:\/\/cmgmarrakech.com\/wp-content\/uploads\/2024\/12\/csm_4-sara-ouhaddou-al-kalima_2d0a0ebfa7-650x434.jpg 650w, https:\/\/cmgmarrakech.com\/wp-content\/uploads\/2024\/12\/csm_4-sara-ouhaddou-al-kalima_2d0a0ebfa7-250x167.jpg 250w\" sizes=\"(max-width: 1268px) 100vw, 1268px\" \/>\t\t\t\t\t\t\t\t<\/a>\n\t\t\t\t\t\t\t\t\t\t\t\t\t\t\t<\/div>\n\t\t\t\t<div class=\"elementor-element elementor-element-b20f19b elementor-widget elementor-widget-heading\" data-id=\"b20f19b\" data-element_type=\"widget\" data-e-type=\"widget\" data-widget_type=\"heading.default\">\n\t\t\t\t\t<h2 class=\"elementor-heading-title elementor-size-default\"><a href=\"https:\/\/artafricamagazine.org\/1-54-contemporary-african-art-fair-announces-expansion-to-marrakech-medina-for-their-biggest-fair-to-date-on-the-african-continent\/\" target=\"_blank\">1-54 Contemporary African Art Fair announces expansion to Marrakech Medina for their biggest fair to date on the African continent<\/a><\/h2>\t\t\t\t<\/div>\n\t\t\t\t<div class=\"elementor-element elementor-element-d5fd513 elementor-widget elementor-widget-text-editor\" data-id=\"d5fd513\" data-element_type=\"widget\" data-e-type=\"widget\" data-widget_type=\"text-editor.default\">\n\t\t\t\t\t\t\t\t\t<p>Art Africa Magazine<\/p>\t\t\t\t\t\t\t\t<\/div>\n\t\t\t\t\t<\/div>\n\t\t<\/div>\n\t\t\t\t<div class=\"elementor-column elementor-col-50 elementor-top-column elementor-element elementor-element-d9d15f7\" data-id=\"d9d15f7\" data-element_type=\"column\" data-e-type=\"column\">\n\t\t\t<div class=\"elementor-widget-wrap elementor-element-populated\">\n\t\t\t\t\t\t<div class=\"elementor-element elementor-element-20e3ac5 elementor-widget elementor-widget-image\" data-id=\"20e3ac5\" data-element_type=\"widget\" data-e-type=\"widget\" data-widget_type=\"image.default\">\n\t\t\t\t\t\t\t\t\t\t\t\t\t\t\t\t<a href=\"https:\/\/artafricamagazine.org\/galleries-to-watch-at-art-dubai-2023\/\" target=\"_blank\">\n\t\t\t\t\t\t\t<img loading=\"lazy\" decoding=\"async\" width=\"2000\" height=\"1335\" src=\"https:\/\/cmgmarrakech.com\/wp-content\/uploads\/2023\/02\/Fatiha-Zemmouri-Solo-Exhibition-Cover.jpg\" class=\"attachment-full size-full wp-image-10321\" alt=\"\" srcset=\"https:\/\/cmgmarrakech.com\/wp-content\/uploads\/2023\/02\/Fatiha-Zemmouri-Solo-Exhibition-Cover.jpg 2000w, https:\/\/cmgmarrakech.com\/wp-content\/uploads\/2023\/02\/Fatiha-Zemmouri-Solo-Exhibition-Cover-300x200.jpg 300w, https:\/\/cmgmarrakech.com\/wp-content\/uploads\/2023\/02\/Fatiha-Zemmouri-Solo-Exhibition-Cover-1024x684.jpg 1024w, https:\/\/cmgmarrakech.com\/wp-content\/uploads\/2023\/02\/Fatiha-Zemmouri-Solo-Exhibition-Cover-768x513.jpg 768w, https:\/\/cmgmarrakech.com\/wp-content\/uploads\/2023\/02\/Fatiha-Zemmouri-Solo-Exhibition-Cover-1536x1025.jpg 1536w, https:\/\/cmgmarrakech.com\/wp-content\/uploads\/2023\/02\/Fatiha-Zemmouri-Solo-Exhibition-Cover-18x12.jpg 18w, https:\/\/cmgmarrakech.com\/wp-content\/uploads\/2023\/02\/Fatiha-Zemmouri-Solo-Exhibition-Cover-415x277.jpg 415w, https:\/\/cmgmarrakech.com\/wp-content\/uploads\/2023\/02\/Fatiha-Zemmouri-Solo-Exhibition-Cover-650x434.jpg 650w, https:\/\/cmgmarrakech.com\/wp-content\/uploads\/2023\/02\/Fatiha-Zemmouri-Solo-Exhibition-Cover-250x167.jpg 250w\" sizes=\"(max-width: 2000px) 100vw, 2000px\" \/>\t\t\t\t\t\t\t\t<\/a>\n\t\t\t\t\t\t\t\t\t\t\t\t\t\t\t<\/div>\n\t\t\t\t<div class=\"elementor-element elementor-element-767b171 elementor-widget elementor-widget-heading\" data-id=\"767b171\" data-element_type=\"widget\" data-e-type=\"widget\" data-widget_type=\"heading.default\">\n\t\t\t\t\t<h2 class=\"elementor-heading-title elementor-size-default\"><a href=\"https:\/\/artafricamagazine.org\/galleries-to-watch-at-art-dubai-2023\/\" target=\"_blank\">Galleries to watch at Art Dubai 2023<\/a><\/h2>\t\t\t\t<\/div>\n\t\t\t\t<div class=\"elementor-element elementor-element-bd33cbd elementor-widget elementor-widget-text-editor\" data-id=\"bd33cbd\" data-element_type=\"widget\" data-e-type=\"widget\" data-widget_type=\"text-editor.default\">\n\t\t\t\t\t\t\t\t\t<p>Art Africa Magazine<\/p>\t\t\t\t\t\t\t\t<\/div>\n\t\t\t\t\t<\/div>\n\t\t<\/div>\n\t\t\t\t\t<\/div>\n\t\t<\/section>\n\t\t\t\t<section class=\"elementor-section elementor-top-section elementor-element elementor-element-2631006 animated-slow elementor-section-boxed elementor-section-height-default elementor-section-height-default\" data-id=\"2631006\" data-element_type=\"section\" data-e-type=\"section\" data-settings=\"{&quot;animation&quot;:&quot;none&quot;}\">\n\t\t\t\t\t\t<div class=\"elementor-container elementor-column-gap-default\">\n\t\t\t\t\t<div class=\"elementor-column elementor-col-50 elementor-top-column elementor-element elementor-element-ff4fb94\" data-id=\"ff4fb94\" data-element_type=\"column\" data-e-type=\"column\">\n\t\t\t<div class=\"elementor-widget-wrap elementor-element-populated\">\n\t\t\t\t\t\t<div class=\"elementor-element elementor-element-735c355 elementor-widget elementor-widget-image\" data-id=\"735c355\" data-element_type=\"widget\" data-e-type=\"widget\" data-widget_type=\"image.default\">\n\t\t\t\t\t\t\t\t\t\t\t\t\t\t\t\t<a href=\"https:\/\/online.fliphtml5.com\/ziwzd\/gvnm\/#p=18\" target=\"_blank\">\n\t\t\t\t\t\t\t<img loading=\"lazy\" decoding=\"async\" width=\"2020\" height=\"1202\" src=\"https:\/\/cmgmarrakech.com\/wp-content\/uploads\/2024\/02\/Hassan-Darsi-Vue-Exposition-Autrement-Dit-2-e1707231405214.jpg\" class=\"attachment-full size-full wp-image-11603\" alt=\"\" srcset=\"https:\/\/cmgmarrakech.com\/wp-content\/uploads\/2024\/02\/Hassan-Darsi-Vue-Exposition-Autrement-Dit-2-e1707231405214.jpg 2020w, https:\/\/cmgmarrakech.com\/wp-content\/uploads\/2024\/02\/Hassan-Darsi-Vue-Exposition-Autrement-Dit-2-e1707231405214-300x179.jpg 300w, https:\/\/cmgmarrakech.com\/wp-content\/uploads\/2024\/02\/Hassan-Darsi-Vue-Exposition-Autrement-Dit-2-e1707231405214-1024x609.jpg 1024w, https:\/\/cmgmarrakech.com\/wp-content\/uploads\/2024\/02\/Hassan-Darsi-Vue-Exposition-Autrement-Dit-2-e1707231405214-768x457.jpg 768w, https:\/\/cmgmarrakech.com\/wp-content\/uploads\/2024\/02\/Hassan-Darsi-Vue-Exposition-Autrement-Dit-2-e1707231405214-1536x914.jpg 1536w, https:\/\/cmgmarrakech.com\/wp-content\/uploads\/2024\/02\/Hassan-Darsi-Vue-Exposition-Autrement-Dit-2-e1707231405214-18x12.jpg 18w, https:\/\/cmgmarrakech.com\/wp-content\/uploads\/2024\/02\/Hassan-Darsi-Vue-Exposition-Autrement-Dit-2-e1707231405214-415x247.jpg 415w, https:\/\/cmgmarrakech.com\/wp-content\/uploads\/2024\/02\/Hassan-Darsi-Vue-Exposition-Autrement-Dit-2-e1707231405214-650x387.jpg 650w, https:\/\/cmgmarrakech.com\/wp-content\/uploads\/2024\/02\/Hassan-Darsi-Vue-Exposition-Autrement-Dit-2-e1707231405214-250x149.jpg 250w\" sizes=\"(max-width: 2020px) 100vw, 2020px\" \/>\t\t\t\t\t\t\t\t<\/a>\n\t\t\t\t\t\t\t\t\t\t\t\t\t\t\t<\/div>\n\t\t\t\t<div class=\"elementor-element elementor-element-ad45da4 elementor-widget elementor-widget-heading\" data-id=\"ad45da4\" data-element_type=\"widget\" data-e-type=\"widget\" data-widget_type=\"heading.default\">\n\t\t\t\t\t<h2 class=\"elementor-heading-title elementor-size-default\"><a href=\"https:\/\/online.fliphtml5.com\/ziwzd\/gvnm\/#p=18\" target=\"_blank\">Hassan Darsi au Comptoir Des Mines Galerie<\/a><\/h2>\t\t\t\t<\/div>\n\t\t\t\t<div class=\"elementor-element elementor-element-1011879 elementor-widget elementor-widget-text-editor\" data-id=\"1011879\" data-element_type=\"widget\" data-e-type=\"widget\" data-widget_type=\"text-editor.default\">\n\t\t\t\t\t\t\t\t\t<p>Madame \u00e0 Marrakech<\/p>\t\t\t\t\t\t\t\t<\/div>\n\t\t\t\t\t<\/div>\n\t\t<\/div>\n\t\t\t\t<div class=\"elementor-column elementor-col-50 elementor-top-column elementor-element elementor-element-99c1b84\" data-id=\"99c1b84\" data-element_type=\"column\" data-e-type=\"column\">\n\t\t\t<div class=\"elementor-widget-wrap elementor-element-populated\">\n\t\t\t\t\t\t<div class=\"elementor-element elementor-element-a457f65 elementor-widget elementor-widget-image\" data-id=\"a457f65\" data-element_type=\"widget\" data-e-type=\"widget\" data-widget_type=\"image.default\">\n\t\t\t\t\t\t\t\t\t\t\t\t\t\t\t\t<a href=\"https:\/\/aemagazine.ma\/majaz-programmation-culturelle-2023-2024\/\" target=\"_blank\">\n\t\t\t\t\t\t\t<img loading=\"lazy\" decoding=\"async\" width=\"2200\" height=\"1555\" src=\"https:\/\/cmgmarrakech.com\/wp-content\/uploads\/2024\/02\/MAJAZ-2024.jpg\" class=\"attachment-full size-full wp-image-11615\" alt=\"\" srcset=\"https:\/\/cmgmarrakech.com\/wp-content\/uploads\/2024\/02\/MAJAZ-2024.jpg 2200w, https:\/\/cmgmarrakech.com\/wp-content\/uploads\/2024\/02\/MAJAZ-2024-300x212.jpg 300w, https:\/\/cmgmarrakech.com\/wp-content\/uploads\/2024\/02\/MAJAZ-2024-1024x724.jpg 1024w, https:\/\/cmgmarrakech.com\/wp-content\/uploads\/2024\/02\/MAJAZ-2024-768x543.jpg 768w, https:\/\/cmgmarrakech.com\/wp-content\/uploads\/2024\/02\/MAJAZ-2024-1536x1086.jpg 1536w, https:\/\/cmgmarrakech.com\/wp-content\/uploads\/2024\/02\/MAJAZ-2024-2048x1448.jpg 2048w, https:\/\/cmgmarrakech.com\/wp-content\/uploads\/2024\/02\/MAJAZ-2024-18x12.jpg 18w, https:\/\/cmgmarrakech.com\/wp-content\/uploads\/2024\/02\/MAJAZ-2024-345x245.jpg 345w, https:\/\/cmgmarrakech.com\/wp-content\/uploads\/2024\/02\/MAJAZ-2024-415x293.jpg 415w, https:\/\/cmgmarrakech.com\/wp-content\/uploads\/2024\/02\/MAJAZ-2024-650x459.jpg 650w, https:\/\/cmgmarrakech.com\/wp-content\/uploads\/2024\/02\/MAJAZ-2024-250x177.jpg 250w\" sizes=\"(max-width: 2200px) 100vw, 2200px\" \/>\t\t\t\t\t\t\t\t<\/a>\n\t\t\t\t\t\t\t\t\t\t\t\t\t\t\t<\/div>\n\t\t\t\t<div class=\"elementor-element elementor-element-1fe2e44 elementor-widget elementor-widget-heading\" data-id=\"1fe2e44\" data-element_type=\"widget\" data-e-type=\"widget\" data-widget_type=\"heading.default\">\n\t\t\t\t\t<h2 class=\"elementor-heading-title elementor-size-default\"><a href=\"https:\/\/aemagazine.ma\/majaz-programmation-culturelle-2023-2024\/\" target=\"_blank\">Majaz - Programmation culturelle 2023-2024<\/a><\/h2>\t\t\t\t<\/div>\n\t\t\t\t<div class=\"elementor-element elementor-element-b3c69a1 elementor-widget elementor-widget-text-editor\" data-id=\"b3c69a1\" data-element_type=\"widget\" data-e-type=\"widget\" data-widget_type=\"text-editor.default\">\n\t\t\t\t\t\t\t\t\t<p>AE Magazine<\/p>\t\t\t\t\t\t\t\t<\/div>\n\t\t\t\t\t<\/div>\n\t\t<\/div>\n\t\t\t\t\t<\/div>\n\t\t<\/section>\n\t\t\t\t<section class=\"elementor-section elementor-top-section elementor-element elementor-element-a7d6dd7 animated-slow elementor-section-boxed elementor-section-height-default elementor-section-height-default\" data-id=\"a7d6dd7\" data-element_type=\"section\" data-e-type=\"section\" data-settings=\"{&quot;animation&quot;:&quot;none&quot;}\">\n\t\t\t\t\t\t<div class=\"elementor-container elementor-column-gap-default\">\n\t\t\t\t\t<div class=\"elementor-column elementor-col-50 elementor-top-column elementor-element elementor-element-f21a21e\" data-id=\"f21a21e\" data-element_type=\"column\" data-e-type=\"column\">\n\t\t\t<div class=\"elementor-widget-wrap elementor-element-populated\">\n\t\t\t\t\t\t<div class=\"elementor-element elementor-element-b48a7f7 elementor-widget elementor-widget-image\" data-id=\"b48a7f7\" data-element_type=\"widget\" data-e-type=\"widget\" data-widget_type=\"image.default\">\n\t\t\t\t\t\t\t\t\t\t\t\t\t\t\t\t<a href=\"https:\/\/aujourdhui.ma\/culture\/il-presente-son-projet-autrement-dit-a-marrakech-hassan-darsi-le-messager-dun-art-reflechi#google_vignette\" target=\"_blank\">\n\t\t\t\t\t\t\t<img loading=\"lazy\" decoding=\"async\" width=\"2174\" height=\"1353\" src=\"https:\/\/cmgmarrakech.com\/wp-content\/uploads\/2024\/02\/Hassan-Darsi-Vue-Exposition-Autrement-Dit-3-e1707231456911.jpg\" class=\"attachment-full size-full wp-image-11602\" alt=\"\" srcset=\"https:\/\/cmgmarrakech.com\/wp-content\/uploads\/2024\/02\/Hassan-Darsi-Vue-Exposition-Autrement-Dit-3-e1707231456911.jpg 2174w, https:\/\/cmgmarrakech.com\/wp-content\/uploads\/2024\/02\/Hassan-Darsi-Vue-Exposition-Autrement-Dit-3-e1707231456911-300x187.jpg 300w, https:\/\/cmgmarrakech.com\/wp-content\/uploads\/2024\/02\/Hassan-Darsi-Vue-Exposition-Autrement-Dit-3-e1707231456911-1024x637.jpg 1024w, https:\/\/cmgmarrakech.com\/wp-content\/uploads\/2024\/02\/Hassan-Darsi-Vue-Exposition-Autrement-Dit-3-e1707231456911-768x478.jpg 768w, https:\/\/cmgmarrakech.com\/wp-content\/uploads\/2024\/02\/Hassan-Darsi-Vue-Exposition-Autrement-Dit-3-e1707231456911-1536x956.jpg 1536w, https:\/\/cmgmarrakech.com\/wp-content\/uploads\/2024\/02\/Hassan-Darsi-Vue-Exposition-Autrement-Dit-3-e1707231456911-2048x1275.jpg 2048w, https:\/\/cmgmarrakech.com\/wp-content\/uploads\/2024\/02\/Hassan-Darsi-Vue-Exposition-Autrement-Dit-3-e1707231456911-18x12.jpg 18w, https:\/\/cmgmarrakech.com\/wp-content\/uploads\/2024\/02\/Hassan-Darsi-Vue-Exposition-Autrement-Dit-3-e1707231456911-415x258.jpg 415w, https:\/\/cmgmarrakech.com\/wp-content\/uploads\/2024\/02\/Hassan-Darsi-Vue-Exposition-Autrement-Dit-3-e1707231456911-650x405.jpg 650w, https:\/\/cmgmarrakech.com\/wp-content\/uploads\/2024\/02\/Hassan-Darsi-Vue-Exposition-Autrement-Dit-3-e1707231456911-250x156.jpg 250w\" sizes=\"(max-width: 2174px) 100vw, 2174px\" \/>\t\t\t\t\t\t\t\t<\/a>\n\t\t\t\t\t\t\t\t\t\t\t\t\t\t\t<\/div>\n\t\t\t\t<div class=\"elementor-element elementor-element-a75559c elementor-widget elementor-widget-heading\" data-id=\"a75559c\" data-element_type=\"widget\" data-e-type=\"widget\" data-widget_type=\"heading.default\">\n\t\t\t\t\t<h2 class=\"elementor-heading-title elementor-size-default\"><a href=\"https:\/\/aujourdhui.ma\/culture\/il-presente-son-projet-autrement-dit-a-marrakech-hassan-darsi-le-messager-dun-art-reflechi#google_vignette\" target=\"_blank\">Il pr\u00e9sente son projet \u00abAutrement dit\u00bb \u00e0 Marrakech Hassan Darsi, le messager d\u2019un art r\u00e9fl\u00e9chi<\/a><\/h2>\t\t\t\t<\/div>\n\t\t\t\t<div class=\"elementor-element elementor-element-6d7f64f elementor-widget elementor-widget-text-editor\" data-id=\"6d7f64f\" data-element_type=\"widget\" data-e-type=\"widget\" data-widget_type=\"text-editor.default\">\n\t\t\t\t\t\t\t\t\t<p>Aujourd&rsquo;hui Le Maroc<\/p>\t\t\t\t\t\t\t\t<\/div>\n\t\t\t\t\t<\/div>\n\t\t<\/div>\n\t\t\t\t<div class=\"elementor-column elementor-col-50 elementor-top-column elementor-element elementor-element-52c8573\" data-id=\"52c8573\" data-element_type=\"column\" data-e-type=\"column\">\n\t\t\t<div class=\"elementor-widget-wrap elementor-element-populated\">\n\t\t\t\t\t\t<div class=\"elementor-element elementor-element-7aa5a28 elementor-widget elementor-widget-image\" data-id=\"7aa5a28\" data-element_type=\"widget\" data-e-type=\"widget\" data-widget_type=\"image.default\">\n\t\t\t\t\t\t\t\t\t\t\t\t\t\t\t\t<a href=\"https:\/\/open.luxeradio.ma\/show\/track\/dcacc2b04bdf831ef070af1abeb61d7a\" target=\"_blank\">\n\t\t\t\t\t\t\t<img loading=\"lazy\" decoding=\"async\" width=\"2200\" height=\"1375\" src=\"https:\/\/cmgmarrakech.com\/wp-content\/uploads\/2024\/02\/Hassan-Darsi-Vue-Exposition-Autrement-Dit-1.jpg\" class=\"attachment-full size-full wp-image-11604\" alt=\"\" srcset=\"https:\/\/cmgmarrakech.com\/wp-content\/uploads\/2024\/02\/Hassan-Darsi-Vue-Exposition-Autrement-Dit-1.jpg 2200w, https:\/\/cmgmarrakech.com\/wp-content\/uploads\/2024\/02\/Hassan-Darsi-Vue-Exposition-Autrement-Dit-1-300x188.jpg 300w, https:\/\/cmgmarrakech.com\/wp-content\/uploads\/2024\/02\/Hassan-Darsi-Vue-Exposition-Autrement-Dit-1-1024x640.jpg 1024w, https:\/\/cmgmarrakech.com\/wp-content\/uploads\/2024\/02\/Hassan-Darsi-Vue-Exposition-Autrement-Dit-1-768x480.jpg 768w, https:\/\/cmgmarrakech.com\/wp-content\/uploads\/2024\/02\/Hassan-Darsi-Vue-Exposition-Autrement-Dit-1-1536x960.jpg 1536w, https:\/\/cmgmarrakech.com\/wp-content\/uploads\/2024\/02\/Hassan-Darsi-Vue-Exposition-Autrement-Dit-1-2048x1280.jpg 2048w, https:\/\/cmgmarrakech.com\/wp-content\/uploads\/2024\/02\/Hassan-Darsi-Vue-Exposition-Autrement-Dit-1-18x12.jpg 18w, https:\/\/cmgmarrakech.com\/wp-content\/uploads\/2024\/02\/Hassan-Darsi-Vue-Exposition-Autrement-Dit-1-415x259.jpg 415w, https:\/\/cmgmarrakech.com\/wp-content\/uploads\/2024\/02\/Hassan-Darsi-Vue-Exposition-Autrement-Dit-1-650x406.jpg 650w, https:\/\/cmgmarrakech.com\/wp-content\/uploads\/2024\/02\/Hassan-Darsi-Vue-Exposition-Autrement-Dit-1-250x156.jpg 250w\" sizes=\"(max-width: 2200px) 100vw, 2200px\" \/>\t\t\t\t\t\t\t\t<\/a>\n\t\t\t\t\t\t\t\t\t\t\t\t\t\t\t<\/div>\n\t\t\t\t<div class=\"elementor-element elementor-element-7a7bf0a elementor-widget elementor-widget-heading\" data-id=\"7a7bf0a\" data-element_type=\"widget\" data-e-type=\"widget\" data-widget_type=\"heading.default\">\n\t\t\t\t\t<h2 class=\"elementor-heading-title elementor-size-default\"><a href=\"https:\/\/open.luxeradio.ma\/show\/track\/dcacc2b04bdf831ef070af1abeb61d7a\" target=\"_blank\">La grande exposition individuelle de Hassan Darsi au Comptoir des Mines de Marrakech \u00e0 partir du 8 F\u00e9vrier<\/a><\/h2>\t\t\t\t<\/div>\n\t\t\t\t<div class=\"elementor-element elementor-element-0d96e41 elementor-widget elementor-widget-text-editor\" data-id=\"0d96e41\" data-element_type=\"widget\" data-e-type=\"widget\" data-widget_type=\"text-editor.default\">\n\t\t\t\t\t\t\t\t\t<p>Luxe Radio<\/p>\t\t\t\t\t\t\t\t<\/div>\n\t\t\t\t\t<\/div>\n\t\t<\/div>\n\t\t\t\t\t<\/div>\n\t\t<\/section>\n\t\t\t\t<section class=\"elementor-section elementor-top-section elementor-element elementor-element-ef300e8 animated-slow elementor-section-boxed elementor-section-height-default elementor-section-height-default\" data-id=\"ef300e8\" data-element_type=\"section\" data-e-type=\"section\" data-settings=\"{&quot;animation&quot;:&quot;none&quot;}\">\n\t\t\t\t\t\t<div class=\"elementor-container elementor-column-gap-default\">\n\t\t\t\t\t<div class=\"elementor-column elementor-col-50 elementor-top-column elementor-element elementor-element-f653ca5\" data-id=\"f653ca5\" data-element_type=\"column\" data-e-type=\"column\">\n\t\t\t<div class=\"elementor-widget-wrap elementor-element-populated\">\n\t\t\t\t\t\t<div class=\"elementor-element elementor-element-12f32c1 elementor-widget elementor-widget-image\" data-id=\"12f32c1\" data-element_type=\"widget\" data-e-type=\"widget\" data-widget_type=\"image.default\">\n\t\t\t\t\t\t\t\t\t\t\t\t\t\t\t\t<a href=\"https:\/\/www.artnewspaper.fr\/2023\/09\/29\/la-source-du-lion-une-aventure-collective\" target=\"_blank\">\n\t\t\t\t\t\t\t<img loading=\"lazy\" decoding=\"async\" width=\"2000\" height=\"1334\" src=\"https:\/\/cmgmarrakech.com\/wp-content\/uploads\/2024\/01\/Hassan-Darsi_CMG-Exposition-2024.jpg\" class=\"attachment-full size-full wp-image-11270\" alt=\"\" srcset=\"https:\/\/cmgmarrakech.com\/wp-content\/uploads\/2024\/01\/Hassan-Darsi_CMG-Exposition-2024.jpg 2000w, https:\/\/cmgmarrakech.com\/wp-content\/uploads\/2024\/01\/Hassan-Darsi_CMG-Exposition-2024-300x200.jpg 300w, https:\/\/cmgmarrakech.com\/wp-content\/uploads\/2024\/01\/Hassan-Darsi_CMG-Exposition-2024-1024x683.jpg 1024w, https:\/\/cmgmarrakech.com\/wp-content\/uploads\/2024\/01\/Hassan-Darsi_CMG-Exposition-2024-768x512.jpg 768w, https:\/\/cmgmarrakech.com\/wp-content\/uploads\/2024\/01\/Hassan-Darsi_CMG-Exposition-2024-1536x1025.jpg 1536w, https:\/\/cmgmarrakech.com\/wp-content\/uploads\/2024\/01\/Hassan-Darsi_CMG-Exposition-2024-18x12.jpg 18w, https:\/\/cmgmarrakech.com\/wp-content\/uploads\/2024\/01\/Hassan-Darsi_CMG-Exposition-2024-415x277.jpg 415w, https:\/\/cmgmarrakech.com\/wp-content\/uploads\/2024\/01\/Hassan-Darsi_CMG-Exposition-2024-650x434.jpg 650w, https:\/\/cmgmarrakech.com\/wp-content\/uploads\/2024\/01\/Hassan-Darsi_CMG-Exposition-2024-250x167.jpg 250w\" sizes=\"(max-width: 2000px) 100vw, 2000px\" \/>\t\t\t\t\t\t\t\t<\/a>\n\t\t\t\t\t\t\t\t\t\t\t\t\t\t\t<\/div>\n\t\t\t\t<div class=\"elementor-element elementor-element-e5c9e00 elementor-widget elementor-widget-heading\" data-id=\"e5c9e00\" data-element_type=\"widget\" data-e-type=\"widget\" data-widget_type=\"heading.default\">\n\t\t\t\t\t<h2 class=\"elementor-heading-title elementor-size-default\"><a href=\"https:\/\/www.artnewspaper.fr\/2023\/09\/29\/la-source-du-lion-une-aventure-collective\" target=\"_blank\">La Source du Lion, une avanture collective<\/a><\/h2>\t\t\t\t<\/div>\n\t\t\t\t<div class=\"elementor-element elementor-element-3fe5f79 elementor-widget elementor-widget-text-editor\" data-id=\"3fe5f79\" data-element_type=\"widget\" data-e-type=\"widget\" data-widget_type=\"text-editor.default\">\n\t\t\t\t\t\t\t\t\t<p>Art Newspaper<\/p>\t\t\t\t\t\t\t\t<\/div>\n\t\t\t\t\t<\/div>\n\t\t<\/div>\n\t\t\t\t<div class=\"elementor-column elementor-col-50 elementor-top-column elementor-element elementor-element-aeb952e\" data-id=\"aeb952e\" data-element_type=\"column\" data-e-type=\"column\">\n\t\t\t<div class=\"elementor-widget-wrap elementor-element-populated\">\n\t\t\t\t\t\t<div class=\"elementor-element elementor-element-c91410b elementor-widget elementor-widget-image\" data-id=\"c91410b\" data-element_type=\"widget\" data-e-type=\"widget\" data-widget_type=\"image.default\">\n\t\t\t\t\t\t\t\t\t\t\t\t\t\t\t\t<a href=\"https:\/\/www.leconomiste.com\/article\/1115564-hassan-darsi-explore-l-etat-du-monde\" target=\"_blank\">\n\t\t\t\t\t\t\t<img loading=\"lazy\" decoding=\"async\" width=\"2200\" height=\"1469\" src=\"https:\/\/cmgmarrakech.com\/wp-content\/uploads\/2024\/01\/HASSAN-DARSI-NE-EN-1961-ARDOISE-II-II-2023-Pastel-tendre-blanc-sur-dibon-Signee-au-dos-Diam.-150-cm-x-Prof.-5-cm.jpg\" class=\"attachment-full size-full wp-image-11383\" alt=\"\" srcset=\"https:\/\/cmgmarrakech.com\/wp-content\/uploads\/2024\/01\/HASSAN-DARSI-NE-EN-1961-ARDOISE-II-II-2023-Pastel-tendre-blanc-sur-dibon-Signee-au-dos-Diam.-150-cm-x-Prof.-5-cm.jpg 2200w, https:\/\/cmgmarrakech.com\/wp-content\/uploads\/2024\/01\/HASSAN-DARSI-NE-EN-1961-ARDOISE-II-II-2023-Pastel-tendre-blanc-sur-dibon-Signee-au-dos-Diam.-150-cm-x-Prof.-5-cm-300x200.jpg 300w, https:\/\/cmgmarrakech.com\/wp-content\/uploads\/2024\/01\/HASSAN-DARSI-NE-EN-1961-ARDOISE-II-II-2023-Pastel-tendre-blanc-sur-dibon-Signee-au-dos-Diam.-150-cm-x-Prof.-5-cm-1024x684.jpg 1024w, https:\/\/cmgmarrakech.com\/wp-content\/uploads\/2024\/01\/HASSAN-DARSI-NE-EN-1961-ARDOISE-II-II-2023-Pastel-tendre-blanc-sur-dibon-Signee-au-dos-Diam.-150-cm-x-Prof.-5-cm-768x513.jpg 768w, https:\/\/cmgmarrakech.com\/wp-content\/uploads\/2024\/01\/HASSAN-DARSI-NE-EN-1961-ARDOISE-II-II-2023-Pastel-tendre-blanc-sur-dibon-Signee-au-dos-Diam.-150-cm-x-Prof.-5-cm-1536x1026.jpg 1536w, https:\/\/cmgmarrakech.com\/wp-content\/uploads\/2024\/01\/HASSAN-DARSI-NE-EN-1961-ARDOISE-II-II-2023-Pastel-tendre-blanc-sur-dibon-Signee-au-dos-Diam.-150-cm-x-Prof.-5-cm-2048x1368.jpg 2048w, https:\/\/cmgmarrakech.com\/wp-content\/uploads\/2024\/01\/HASSAN-DARSI-NE-EN-1961-ARDOISE-II-II-2023-Pastel-tendre-blanc-sur-dibon-Signee-au-dos-Diam.-150-cm-x-Prof.-5-cm-18x12.jpg 18w, https:\/\/cmgmarrakech.com\/wp-content\/uploads\/2024\/01\/HASSAN-DARSI-NE-EN-1961-ARDOISE-II-II-2023-Pastel-tendre-blanc-sur-dibon-Signee-au-dos-Diam.-150-cm-x-Prof.-5-cm-415x277.jpg 415w, https:\/\/cmgmarrakech.com\/wp-content\/uploads\/2024\/01\/HASSAN-DARSI-NE-EN-1961-ARDOISE-II-II-2023-Pastel-tendre-blanc-sur-dibon-Signee-au-dos-Diam.-150-cm-x-Prof.-5-cm-650x434.jpg 650w, https:\/\/cmgmarrakech.com\/wp-content\/uploads\/2024\/01\/HASSAN-DARSI-NE-EN-1961-ARDOISE-II-II-2023-Pastel-tendre-blanc-sur-dibon-Signee-au-dos-Diam.-150-cm-x-Prof.-5-cm-250x167.jpg 250w\" sizes=\"(max-width: 2200px) 100vw, 2200px\" \/>\t\t\t\t\t\t\t\t<\/a>\n\t\t\t\t\t\t\t\t\t\t\t\t\t\t\t<\/div>\n\t\t\t\t<div class=\"elementor-element elementor-element-8de689d elementor-widget elementor-widget-heading\" data-id=\"8de689d\" data-element_type=\"widget\" data-e-type=\"widget\" data-widget_type=\"heading.default\">\n\t\t\t\t\t<h2 class=\"elementor-heading-title elementor-size-default\"><a href=\"https:\/\/www.leconomiste.com\/article\/1115564-hassan-darsi-explore-l-etat-du-monde\" target=\"_blank\">Hassan Darsi explore \u00abl'\u00e9tat du monde\u00bb\n<\/a><\/h2>\t\t\t\t<\/div>\n\t\t\t\t<div class=\"elementor-element elementor-element-10ea20a elementor-widget elementor-widget-text-editor\" data-id=\"10ea20a\" data-element_type=\"widget\" data-e-type=\"widget\" data-widget_type=\"text-editor.default\">\n\t\t\t\t\t\t\t\t\t<p>L&rsquo;\u00e9conomiste<\/p>\t\t\t\t\t\t\t\t<\/div>\n\t\t\t\t\t<\/div>\n\t\t<\/div>\n\t\t\t\t\t<\/div>\n\t\t<\/section>\n\t\t\t\t<section class=\"elementor-section elementor-top-section elementor-element elementor-element-311d0b8 animated-slow elementor-section-boxed elementor-section-height-default elementor-section-height-default\" data-id=\"311d0b8\" data-element_type=\"section\" data-e-type=\"section\" data-settings=\"{&quot;animation&quot;:&quot;none&quot;}\">\n\t\t\t\t\t\t<div class=\"elementor-container elementor-column-gap-default\">\n\t\t\t\t\t<div class=\"elementor-column elementor-col-50 elementor-top-column elementor-element elementor-element-e7df55c\" data-id=\"e7df55c\" data-element_type=\"column\" data-e-type=\"column\">\n\t\t\t<div class=\"elementor-widget-wrap elementor-element-populated\">\n\t\t\t\t\t\t<div class=\"elementor-element elementor-element-d81dc01 elementor-widget elementor-widget-image\" data-id=\"d81dc01\" data-element_type=\"widget\" data-e-type=\"widget\" data-widget_type=\"image.default\">\n\t\t\t\t\t\t\t\t\t\t\t\t\t\t\t\t<a href=\"https:\/\/ledesk.ma\/culture\/hassan-darsi-heraut-dun-art-conscient\/\" target=\"_blank\">\n\t\t\t\t\t\t\t<img loading=\"lazy\" decoding=\"async\" width=\"1440\" height=\"1038\" src=\"https:\/\/cmgmarrakech.com\/wp-content\/uploads\/2024\/01\/hassan-darsi-le-desk-cmg-marrakech.jpg\" class=\"attachment-full size-full wp-image-11453\" alt=\"\" srcset=\"https:\/\/cmgmarrakech.com\/wp-content\/uploads\/2024\/01\/hassan-darsi-le-desk-cmg-marrakech.jpg 1440w, https:\/\/cmgmarrakech.com\/wp-content\/uploads\/2024\/01\/hassan-darsi-le-desk-cmg-marrakech-300x216.jpg 300w, https:\/\/cmgmarrakech.com\/wp-content\/uploads\/2024\/01\/hassan-darsi-le-desk-cmg-marrakech-1024x738.jpg 1024w, https:\/\/cmgmarrakech.com\/wp-content\/uploads\/2024\/01\/hassan-darsi-le-desk-cmg-marrakech-768x554.jpg 768w, https:\/\/cmgmarrakech.com\/wp-content\/uploads\/2024\/01\/hassan-darsi-le-desk-cmg-marrakech-18x12.jpg 18w, https:\/\/cmgmarrakech.com\/wp-content\/uploads\/2024\/01\/hassan-darsi-le-desk-cmg-marrakech-415x299.jpg 415w, https:\/\/cmgmarrakech.com\/wp-content\/uploads\/2024\/01\/hassan-darsi-le-desk-cmg-marrakech-650x469.jpg 650w, https:\/\/cmgmarrakech.com\/wp-content\/uploads\/2024\/01\/hassan-darsi-le-desk-cmg-marrakech-250x180.jpg 250w\" sizes=\"(max-width: 1440px) 100vw, 1440px\" \/>\t\t\t\t\t\t\t\t<\/a>\n\t\t\t\t\t\t\t\t\t\t\t\t\t\t\t<\/div>\n\t\t\t\t<div class=\"elementor-element elementor-element-9fccc94 elementor-widget elementor-widget-heading\" data-id=\"9fccc94\" data-element_type=\"widget\" data-e-type=\"widget\" data-widget_type=\"heading.default\">\n\t\t\t\t\t<h2 class=\"elementor-heading-title elementor-size-default\"><a href=\"https:\/\/ledesk.ma\/culture\/hassan-darsi-heraut-dun-art-conscient\/\" target=\"_blank\">Hassan Darsi, h\u00e9raut d\u2019un art conscient<\/a><\/h2>\t\t\t\t<\/div>\n\t\t\t\t<div class=\"elementor-element elementor-element-e611614 elementor-widget elementor-widget-text-editor\" data-id=\"e611614\" data-element_type=\"widget\" data-e-type=\"widget\" data-widget_type=\"text-editor.default\">\n\t\t\t\t\t\t\t\t\t<p>Le Desk<\/p>\t\t\t\t\t\t\t\t<\/div>\n\t\t\t\t\t<\/div>\n\t\t<\/div>\n\t\t\t\t<div class=\"elementor-column elementor-col-50 elementor-top-column elementor-element elementor-element-d184c55\" data-id=\"d184c55\" data-element_type=\"column\" data-e-type=\"column\">\n\t\t\t<div class=\"elementor-widget-wrap elementor-element-populated\">\n\t\t\t\t\t\t<div class=\"elementor-element elementor-element-0f54067 elementor-widget elementor-widget-image\" data-id=\"0f54067\" data-element_type=\"widget\" data-e-type=\"widget\" data-widget_type=\"image.default\">\n\t\t\t\t\t\t\t\t\t\t\t\t\t\t\t\t<a href=\"https:\/\/ledesk.ma\/culture\/on-connait-enfin-la-programmation-2024-du-comptoir-des-mines-de-marrakech\/\" target=\"_blank\">\n\t\t\t\t\t\t\t<img loading=\"lazy\" decoding=\"async\" width=\"2200\" height=\"1469\" src=\"https:\/\/cmgmarrakech.com\/wp-content\/uploads\/2024\/01\/MUSTAPHA-AKRIM-NE-EN-1981-\u0644\u0644\u062c\u0645\u064a\u0639-\u0627\u0644\u062d\u0642-2024-Bas-relief-en-metal-Diam.-170cm-x-Prof.-5-cm.jpg\" class=\"attachment-full size-full wp-image-11381\" alt=\"\" srcset=\"https:\/\/cmgmarrakech.com\/wp-content\/uploads\/2024\/01\/MUSTAPHA-AKRIM-NE-EN-1981-\u0644\u0644\u062c\u0645\u064a\u0639-\u0627\u0644\u062d\u0642-2024-Bas-relief-en-metal-Diam.-170cm-x-Prof.-5-cm.jpg 2200w, https:\/\/cmgmarrakech.com\/wp-content\/uploads\/2024\/01\/MUSTAPHA-AKRIM-NE-EN-1981-\u0644\u0644\u062c\u0645\u064a\u0639-\u0627\u0644\u062d\u0642-2024-Bas-relief-en-metal-Diam.-170cm-x-Prof.-5-cm-300x200.jpg 300w, https:\/\/cmgmarrakech.com\/wp-content\/uploads\/2024\/01\/MUSTAPHA-AKRIM-NE-EN-1981-\u0644\u0644\u062c\u0645\u064a\u0639-\u0627\u0644\u062d\u0642-2024-Bas-relief-en-metal-Diam.-170cm-x-Prof.-5-cm-1024x684.jpg 1024w, https:\/\/cmgmarrakech.com\/wp-content\/uploads\/2024\/01\/MUSTAPHA-AKRIM-NE-EN-1981-\u0644\u0644\u062c\u0645\u064a\u0639-\u0627\u0644\u062d\u0642-2024-Bas-relief-en-metal-Diam.-170cm-x-Prof.-5-cm-768x513.jpg 768w, https:\/\/cmgmarrakech.com\/wp-content\/uploads\/2024\/01\/MUSTAPHA-AKRIM-NE-EN-1981-\u0644\u0644\u062c\u0645\u064a\u0639-\u0627\u0644\u062d\u0642-2024-Bas-relief-en-metal-Diam.-170cm-x-Prof.-5-cm-1536x1026.jpg 1536w, https:\/\/cmgmarrakech.com\/wp-content\/uploads\/2024\/01\/MUSTAPHA-AKRIM-NE-EN-1981-\u0644\u0644\u062c\u0645\u064a\u0639-\u0627\u0644\u062d\u0642-2024-Bas-relief-en-metal-Diam.-170cm-x-Prof.-5-cm-2048x1368.jpg 2048w, https:\/\/cmgmarrakech.com\/wp-content\/uploads\/2024\/01\/MUSTAPHA-AKRIM-NE-EN-1981-\u0644\u0644\u062c\u0645\u064a\u0639-\u0627\u0644\u062d\u0642-2024-Bas-relief-en-metal-Diam.-170cm-x-Prof.-5-cm-18x12.jpg 18w, https:\/\/cmgmarrakech.com\/wp-content\/uploads\/2024\/01\/MUSTAPHA-AKRIM-NE-EN-1981-\u0644\u0644\u062c\u0645\u064a\u0639-\u0627\u0644\u062d\u0642-2024-Bas-relief-en-metal-Diam.-170cm-x-Prof.-5-cm-415x277.jpg 415w, https:\/\/cmgmarrakech.com\/wp-content\/uploads\/2024\/01\/MUSTAPHA-AKRIM-NE-EN-1981-\u0644\u0644\u062c\u0645\u064a\u0639-\u0627\u0644\u062d\u0642-2024-Bas-relief-en-metal-Diam.-170cm-x-Prof.-5-cm-650x434.jpg 650w, https:\/\/cmgmarrakech.com\/wp-content\/uploads\/2024\/01\/MUSTAPHA-AKRIM-NE-EN-1981-\u0644\u0644\u062c\u0645\u064a\u0639-\u0627\u0644\u062d\u0642-2024-Bas-relief-en-metal-Diam.-170cm-x-Prof.-5-cm-250x167.jpg 250w\" sizes=\"(max-width: 2200px) 100vw, 2200px\" \/>\t\t\t\t\t\t\t\t<\/a>\n\t\t\t\t\t\t\t\t\t\t\t\t\t\t\t<\/div>\n\t\t\t\t<div class=\"elementor-element elementor-element-c6f8d63 elementor-widget elementor-widget-heading\" data-id=\"c6f8d63\" data-element_type=\"widget\" data-e-type=\"widget\" data-widget_type=\"heading.default\">\n\t\t\t\t\t<h2 class=\"elementor-heading-title elementor-size-default\"><a href=\"https:\/\/ledesk.ma\/culture\/on-connait-enfin-la-programmation-2024-du-comptoir-des-mines-de-marrakech\/\" target=\"_blank\"> On conna\u00eet enfin la programmation 2024 du Comptoir des mines de Marrakech<\/a><\/h2>\t\t\t\t<\/div>\n\t\t\t\t<div class=\"elementor-element elementor-element-cc38840 elementor-widget elementor-widget-text-editor\" data-id=\"cc38840\" data-element_type=\"widget\" data-e-type=\"widget\" data-widget_type=\"text-editor.default\">\n\t\t\t\t\t\t\t\t\t<p>Le Desk<\/p>\t\t\t\t\t\t\t\t<\/div>\n\t\t\t\t\t<\/div>\n\t\t<\/div>\n\t\t\t\t\t<\/div>\n\t\t<\/section>\n\t\t\t\t<section class=\"elementor-section elementor-top-section elementor-element elementor-element-0b8ee95 animated-slow elementor-section-boxed elementor-section-height-default elementor-section-height-default\" data-id=\"0b8ee95\" data-element_type=\"section\" data-e-type=\"section\" data-settings=\"{&quot;animation&quot;:&quot;none&quot;}\">\n\t\t\t\t\t\t<div class=\"elementor-container elementor-column-gap-default\">\n\t\t\t\t\t<div class=\"elementor-column elementor-col-50 elementor-top-column elementor-element elementor-element-d6de00c\" data-id=\"d6de00c\" data-element_type=\"column\" data-e-type=\"column\">\n\t\t\t<div class=\"elementor-widget-wrap elementor-element-populated\">\n\t\t\t\t\t\t<div class=\"elementor-element elementor-element-40dbbd3 elementor-widget elementor-widget-image\" data-id=\"40dbbd3\" data-element_type=\"widget\" data-e-type=\"widget\" data-widget_type=\"image.default\">\n\t\t\t\t\t\t\t\t\t\t\t\t\t\t\t\t<a href=\"https:\/\/fnh.ma\/article\/actualite-culturelle\/lumiere-sur-lumiere-les-metamorphoses-artistiques-de-sara-ouhaddou\" target=\"_blank\">\n\t\t\t\t\t\t\t<img loading=\"lazy\" decoding=\"async\" width=\"2000\" height=\"1334\" src=\"https:\/\/cmgmarrakech.com\/wp-content\/uploads\/2023\/12\/Sara-Ouhaddou_CMG-Exposition.jpg\" class=\"attachment-full size-full wp-image-11051\" alt=\"\" srcset=\"https:\/\/cmgmarrakech.com\/wp-content\/uploads\/2023\/12\/Sara-Ouhaddou_CMG-Exposition.jpg 2000w, https:\/\/cmgmarrakech.com\/wp-content\/uploads\/2023\/12\/Sara-Ouhaddou_CMG-Exposition-300x200.jpg 300w, https:\/\/cmgmarrakech.com\/wp-content\/uploads\/2023\/12\/Sara-Ouhaddou_CMG-Exposition-1024x683.jpg 1024w, https:\/\/cmgmarrakech.com\/wp-content\/uploads\/2023\/12\/Sara-Ouhaddou_CMG-Exposition-768x512.jpg 768w, https:\/\/cmgmarrakech.com\/wp-content\/uploads\/2023\/12\/Sara-Ouhaddou_CMG-Exposition-1536x1025.jpg 1536w, https:\/\/cmgmarrakech.com\/wp-content\/uploads\/2023\/12\/Sara-Ouhaddou_CMG-Exposition-18x12.jpg 18w, https:\/\/cmgmarrakech.com\/wp-content\/uploads\/2023\/12\/Sara-Ouhaddou_CMG-Exposition-415x277.jpg 415w, https:\/\/cmgmarrakech.com\/wp-content\/uploads\/2023\/12\/Sara-Ouhaddou_CMG-Exposition-650x434.jpg 650w, https:\/\/cmgmarrakech.com\/wp-content\/uploads\/2023\/12\/Sara-Ouhaddou_CMG-Exposition-250x167.jpg 250w\" sizes=\"(max-width: 2000px) 100vw, 2000px\" \/>\t\t\t\t\t\t\t\t<\/a>\n\t\t\t\t\t\t\t\t\t\t\t\t\t\t\t<\/div>\n\t\t\t\t<div class=\"elementor-element elementor-element-73d6c1c elementor-widget elementor-widget-heading\" data-id=\"73d6c1c\" data-element_type=\"widget\" data-e-type=\"widget\" data-widget_type=\"heading.default\">\n\t\t\t\t\t<h2 class=\"elementor-heading-title elementor-size-default\"><a href=\"https:\/\/fnh.ma\/article\/actualite-culturelle\/lumiere-sur-lumiere-les-metamorphoses-artistiques-de-sara-ouhaddou\" target=\"_blank\">\u00abLumi\u00e8re sur lumi\u00e8re\u00bb : Les m\u00e9tamorphoses artistiques de Sara Ouhaddou<\/a><\/h2>\t\t\t\t<\/div>\n\t\t\t\t<div class=\"elementor-element elementor-element-4d426af elementor-widget elementor-widget-text-editor\" data-id=\"4d426af\" data-element_type=\"widget\" data-e-type=\"widget\" data-widget_type=\"text-editor.default\">\n\t\t\t\t\t\t\t\t\t<p>Finances News Hebdo<\/p>\t\t\t\t\t\t\t\t<\/div>\n\t\t\t\t\t<\/div>\n\t\t<\/div>\n\t\t\t\t<div class=\"elementor-column elementor-col-50 elementor-top-column elementor-element elementor-element-3ddb1a0\" data-id=\"3ddb1a0\" data-element_type=\"column\" data-e-type=\"column\">\n\t\t\t<div class=\"elementor-widget-wrap elementor-element-populated\">\n\t\t\t\t\t\t<div class=\"elementor-element elementor-element-4900247 elementor-widget elementor-widget-image\" data-id=\"4900247\" data-element_type=\"widget\" data-e-type=\"widget\" data-widget_type=\"image.default\">\n\t\t\t\t\t\t\t\t\t\t\t\t\t\t\t\t<a href=\"https:\/\/www.cirva.fr\/fr\/visites-et-diffusion\/hors-les-murs\/lumiere-sur-lumiere\" target=\"_blank\">\n\t\t\t\t\t\t\t<img decoding=\"async\" src=\"https:\/\/www.cirva.fr\/media\/pages\/visites-et-diffusion\/hors-les-murs\/lumiere-sur-lumiere\/f6ce797960-1706277736\/ahm_1134.jpg\" title=\"\" alt=\"\" loading=\"lazy\" \/>\t\t\t\t\t\t\t\t<\/a>\n\t\t\t\t\t\t\t\t\t\t\t\t\t\t\t<\/div>\n\t\t\t\t<div class=\"elementor-element elementor-element-2a0880b elementor-widget elementor-widget-heading\" data-id=\"2a0880b\" data-element_type=\"widget\" data-e-type=\"widget\" data-widget_type=\"heading.default\">\n\t\t\t\t\t<h2 class=\"elementor-heading-title elementor-size-default\"><a href=\"https:\/\/www.cirva.fr\/fr\/visites-et-diffusion\/hors-les-murs\/lumiere-sur-lumiere\" target=\"_blank\">CIRVA - Hors les murs \u2013 Exposition individuelle de Sara Ouhaddou<\/a><\/h2>\t\t\t\t<\/div>\n\t\t\t\t<div class=\"elementor-element elementor-element-fdc2bd3 elementor-widget elementor-widget-text-editor\" data-id=\"fdc2bd3\" data-element_type=\"widget\" data-e-type=\"widget\" data-widget_type=\"text-editor.default\">\n\t\t\t\t\t\t\t\t\t<div class=\"websitePodcastHeaderPodcast \">Cirva.fr<\/div>\t\t\t\t\t\t\t\t<\/div>\n\t\t\t\t\t<\/div>\n\t\t<\/div>\n\t\t\t\t\t<\/div>\n\t\t<\/section>\n\t\t\t\t<section class=\"elementor-section elementor-top-section elementor-element elementor-element-da72fb8 animated-slow elementor-section-boxed elementor-section-height-default elementor-section-height-default\" data-id=\"da72fb8\" data-element_type=\"section\" data-e-type=\"section\" data-settings=\"{&quot;animation&quot;:&quot;none&quot;}\">\n\t\t\t\t\t\t<div class=\"elementor-container elementor-column-gap-default\">\n\t\t\t\t\t<div class=\"elementor-column elementor-col-50 elementor-top-column elementor-element elementor-element-d139c71\" data-id=\"d139c71\" data-element_type=\"column\" data-e-type=\"column\">\n\t\t\t<div class=\"elementor-widget-wrap elementor-element-populated\">\n\t\t\t\t\t\t<div class=\"elementor-element elementor-element-5fa90ea elementor-widget elementor-widget-image\" data-id=\"5fa90ea\" data-element_type=\"widget\" data-e-type=\"widget\" data-widget_type=\"image.default\">\n\t\t\t\t\t\t\t\t\t\t\t\t\t\t\t\t<a href=\"https:\/\/open.luxeradio.ma\/show\/c16a5320fa475530d9583c34fd356ef5?show=le-journal-des-arts\" target=\"_blank\">\n\t\t\t\t\t\t\t<img loading=\"lazy\" decoding=\"async\" width=\"2200\" height=\"1467\" src=\"https:\/\/cmgmarrakech.com\/wp-content\/uploads\/2023\/12\/Sara-Ouhaddou_Lumiere-sur-lumiere-vue-1.jpg\" class=\"attachment-full size-full wp-image-11068\" alt=\"\" srcset=\"https:\/\/cmgmarrakech.com\/wp-content\/uploads\/2023\/12\/Sara-Ouhaddou_Lumiere-sur-lumiere-vue-1.jpg 2200w, https:\/\/cmgmarrakech.com\/wp-content\/uploads\/2023\/12\/Sara-Ouhaddou_Lumiere-sur-lumiere-vue-1-300x200.jpg 300w, https:\/\/cmgmarrakech.com\/wp-content\/uploads\/2023\/12\/Sara-Ouhaddou_Lumiere-sur-lumiere-vue-1-1024x683.jpg 1024w, https:\/\/cmgmarrakech.com\/wp-content\/uploads\/2023\/12\/Sara-Ouhaddou_Lumiere-sur-lumiere-vue-1-768x512.jpg 768w, https:\/\/cmgmarrakech.com\/wp-content\/uploads\/2023\/12\/Sara-Ouhaddou_Lumiere-sur-lumiere-vue-1-1536x1024.jpg 1536w, https:\/\/cmgmarrakech.com\/wp-content\/uploads\/2023\/12\/Sara-Ouhaddou_Lumiere-sur-lumiere-vue-1-2048x1366.jpg 2048w, https:\/\/cmgmarrakech.com\/wp-content\/uploads\/2023\/12\/Sara-Ouhaddou_Lumiere-sur-lumiere-vue-1-18x12.jpg 18w, https:\/\/cmgmarrakech.com\/wp-content\/uploads\/2023\/12\/Sara-Ouhaddou_Lumiere-sur-lumiere-vue-1-415x277.jpg 415w, https:\/\/cmgmarrakech.com\/wp-content\/uploads\/2023\/12\/Sara-Ouhaddou_Lumiere-sur-lumiere-vue-1-650x433.jpg 650w, https:\/\/cmgmarrakech.com\/wp-content\/uploads\/2023\/12\/Sara-Ouhaddou_Lumiere-sur-lumiere-vue-1-250x167.jpg 250w\" sizes=\"(max-width: 2200px) 100vw, 2200px\" \/>\t\t\t\t\t\t\t\t<\/a>\n\t\t\t\t\t\t\t\t\t\t\t\t\t\t\t<\/div>\n\t\t\t\t<div class=\"elementor-element elementor-element-4f5f938 elementor-widget elementor-widget-heading\" data-id=\"4f5f938\" data-element_type=\"widget\" data-e-type=\"widget\" data-widget_type=\"heading.default\">\n\t\t\t\t\t<h2 class=\"elementor-heading-title elementor-size-default\"><a href=\"https:\/\/open.luxeradio.ma\/show\/c16a5320fa475530d9583c34fd356ef5?show=le-journal-des-arts\" target=\"_blank\">Le Journal Des Arts Par Bouchra El Azhari\n<\/a><\/h2>\t\t\t\t<\/div>\n\t\t\t\t<div class=\"elementor-element elementor-element-b4b29d4 elementor-widget elementor-widget-text-editor\" data-id=\"b4b29d4\" data-element_type=\"widget\" data-e-type=\"widget\" data-widget_type=\"text-editor.default\">\n\t\t\t\t\t\t\t\t\t<p>Luxe RADIO<\/p>\t\t\t\t\t\t\t\t<\/div>\n\t\t\t\t\t<\/div>\n\t\t<\/div>\n\t\t\t\t<div class=\"elementor-column elementor-col-50 elementor-top-column elementor-element elementor-element-06bd71f\" data-id=\"06bd71f\" data-element_type=\"column\" data-e-type=\"column\">\n\t\t\t<div class=\"elementor-widget-wrap elementor-element-populated\">\n\t\t\t\t\t\t<div class=\"elementor-element elementor-element-8c0f3c7 elementor-widget elementor-widget-image\" data-id=\"8c0f3c7\" data-element_type=\"widget\" data-e-type=\"widget\" data-widget_type=\"image.default\">\n\t\t\t\t\t\t\t\t\t\t\t\t\t\t\t\t<a href=\"https:\/\/www.podcastics.com\/podcast\/episode\/agenda-special-galeries-dart-et-expositions-275654\/\" target=\"_blank\">\n\t\t\t\t\t\t\t<img loading=\"lazy\" decoding=\"async\" width=\"2100\" height=\"1243\" src=\"https:\/\/cmgmarrakech.com\/wp-content\/uploads\/2023\/12\/Sara-Ouhaddou_CMG-Exposition-individuelle.jpeg\" class=\"attachment-full size-full wp-image-11029\" alt=\"\" srcset=\"https:\/\/cmgmarrakech.com\/wp-content\/uploads\/2023\/12\/Sara-Ouhaddou_CMG-Exposition-individuelle.jpeg 2100w, https:\/\/cmgmarrakech.com\/wp-content\/uploads\/2023\/12\/Sara-Ouhaddou_CMG-Exposition-individuelle-300x178.jpeg 300w, https:\/\/cmgmarrakech.com\/wp-content\/uploads\/2023\/12\/Sara-Ouhaddou_CMG-Exposition-individuelle-1024x606.jpeg 1024w, https:\/\/cmgmarrakech.com\/wp-content\/uploads\/2023\/12\/Sara-Ouhaddou_CMG-Exposition-individuelle-768x455.jpeg 768w, https:\/\/cmgmarrakech.com\/wp-content\/uploads\/2023\/12\/Sara-Ouhaddou_CMG-Exposition-individuelle-1536x909.jpeg 1536w, https:\/\/cmgmarrakech.com\/wp-content\/uploads\/2023\/12\/Sara-Ouhaddou_CMG-Exposition-individuelle-2048x1212.jpeg 2048w, https:\/\/cmgmarrakech.com\/wp-content\/uploads\/2023\/12\/Sara-Ouhaddou_CMG-Exposition-individuelle-18x12.jpeg 18w, https:\/\/cmgmarrakech.com\/wp-content\/uploads\/2023\/12\/Sara-Ouhaddou_CMG-Exposition-individuelle-415x246.jpeg 415w, https:\/\/cmgmarrakech.com\/wp-content\/uploads\/2023\/12\/Sara-Ouhaddou_CMG-Exposition-individuelle-650x385.jpeg 650w, https:\/\/cmgmarrakech.com\/wp-content\/uploads\/2023\/12\/Sara-Ouhaddou_CMG-Exposition-individuelle-250x148.jpeg 250w\" sizes=\"(max-width: 2100px) 100vw, 2100px\" \/>\t\t\t\t\t\t\t\t<\/a>\n\t\t\t\t\t\t\t\t\t\t\t\t\t\t\t<\/div>\n\t\t\t\t<div class=\"elementor-element elementor-element-36ca5b7 elementor-widget elementor-widget-heading\" data-id=\"36ca5b7\" data-element_type=\"widget\" data-e-type=\"widget\" data-widget_type=\"heading.default\">\n\t\t\t\t\t<h2 class=\"elementor-heading-title elementor-size-default\"><a href=\"https:\/\/www.podcastics.com\/podcast\/episode\/agenda-special-galeries-dart-et-expositions-275654\/\" target=\"_blank\">Agenda sp\u00e9cial galeries d'art et expositions\n<\/a><\/h2>\t\t\t\t<\/div>\n\t\t\t\t<div class=\"elementor-element elementor-element-6562b1b elementor-widget elementor-widget-text-editor\" data-id=\"6562b1b\" data-element_type=\"widget\" data-e-type=\"widget\" data-widget_type=\"text-editor.default\">\n\t\t\t\t\t\t\t\t\t<div class=\"websitePodcastHeaderPodcast \">VARIATIONS &#8211; le podcast marocain de la culture<\/div>\t\t\t\t\t\t\t\t<\/div>\n\t\t\t\t\t<\/div>\n\t\t<\/div>\n\t\t\t\t\t<\/div>\n\t\t<\/section>\n\t\t\t\t<section class=\"elementor-section elementor-top-section elementor-element elementor-element-6a6d1af animated-slow elementor-section-boxed elementor-section-height-default elementor-section-height-default elementor-invisible\" data-id=\"6a6d1af\" data-element_type=\"section\" data-e-type=\"section\" data-settings=\"{&quot;animation&quot;:&quot;fadeInUp&quot;}\">\n\t\t\t\t\t\t<div class=\"elementor-container elementor-column-gap-default\">\n\t\t\t\t\t<div class=\"elementor-column elementor-col-50 elementor-top-column elementor-element elementor-element-0fd4699\" data-id=\"0fd4699\" data-element_type=\"column\" data-e-type=\"column\">\n\t\t\t<div class=\"elementor-widget-wrap elementor-element-populated\">\n\t\t\t\t\t\t<div class=\"elementor-element elementor-element-322d14a elementor-widget elementor-widget-image\" data-id=\"322d14a\" data-element_type=\"widget\" data-e-type=\"widget\" data-widget_type=\"image.default\">\n\t\t\t\t\t\t\t\t\t\t\t\t\t\t\t\t<a href=\"https:\/\/www.instagram.com\/p\/C1bsqBKNNnc\/\" target=\"_blank\">\n\t\t\t\t\t\t\t<img loading=\"lazy\" decoding=\"async\" width=\"2200\" height=\"1467\" src=\"https:\/\/cmgmarrakech.com\/wp-content\/uploads\/2023\/12\/Sara-Ouhaddou_Lumiere-sur-lumiere-vue-2.jpg\" class=\"attachment-full size-full wp-image-11071\" alt=\"\" srcset=\"https:\/\/cmgmarrakech.com\/wp-content\/uploads\/2023\/12\/Sara-Ouhaddou_Lumiere-sur-lumiere-vue-2.jpg 2200w, https:\/\/cmgmarrakech.com\/wp-content\/uploads\/2023\/12\/Sara-Ouhaddou_Lumiere-sur-lumiere-vue-2-300x200.jpg 300w, https:\/\/cmgmarrakech.com\/wp-content\/uploads\/2023\/12\/Sara-Ouhaddou_Lumiere-sur-lumiere-vue-2-1024x683.jpg 1024w, https:\/\/cmgmarrakech.com\/wp-content\/uploads\/2023\/12\/Sara-Ouhaddou_Lumiere-sur-lumiere-vue-2-768x512.jpg 768w, https:\/\/cmgmarrakech.com\/wp-content\/uploads\/2023\/12\/Sara-Ouhaddou_Lumiere-sur-lumiere-vue-2-1536x1024.jpg 1536w, https:\/\/cmgmarrakech.com\/wp-content\/uploads\/2023\/12\/Sara-Ouhaddou_Lumiere-sur-lumiere-vue-2-2048x1366.jpg 2048w, https:\/\/cmgmarrakech.com\/wp-content\/uploads\/2023\/12\/Sara-Ouhaddou_Lumiere-sur-lumiere-vue-2-18x12.jpg 18w, https:\/\/cmgmarrakech.com\/wp-content\/uploads\/2023\/12\/Sara-Ouhaddou_Lumiere-sur-lumiere-vue-2-415x277.jpg 415w, https:\/\/cmgmarrakech.com\/wp-content\/uploads\/2023\/12\/Sara-Ouhaddou_Lumiere-sur-lumiere-vue-2-650x433.jpg 650w, https:\/\/cmgmarrakech.com\/wp-content\/uploads\/2023\/12\/Sara-Ouhaddou_Lumiere-sur-lumiere-vue-2-250x167.jpg 250w\" sizes=\"(max-width: 2200px) 100vw, 2200px\" \/>\t\t\t\t\t\t\t\t<\/a>\n\t\t\t\t\t\t\t\t\t\t\t\t\t\t\t<\/div>\n\t\t\t\t<div class=\"elementor-element elementor-element-19638a4 elementor-widget elementor-widget-heading\" data-id=\"19638a4\" data-element_type=\"widget\" data-e-type=\"widget\" data-widget_type=\"heading.default\">\n\t\t\t\t\t<h2 class=\"elementor-heading-title elementor-size-default\"><a href=\"https:\/\/www.instagram.com\/p\/C1bsqBKNNnc\/\" target=\"_blank\">Visite \u00e0 l\u2019artiste Sara Ouhaddou en pleine pr\u00e9paration de son exposition<\/a><\/h2>\t\t\t\t<\/div>\n\t\t\t\t<div class=\"elementor-element elementor-element-855f975 elementor-widget elementor-widget-text-editor\" data-id=\"855f975\" data-element_type=\"widget\" data-e-type=\"widget\" data-widget_type=\"text-editor.default\">\n\t\t\t\t\t\t\t\t\t<p>Audi Maroc X Diptyk<\/p>\t\t\t\t\t\t\t\t<\/div>\n\t\t\t\t\t<\/div>\n\t\t<\/div>\n\t\t\t\t<div class=\"elementor-column elementor-col-50 elementor-top-column elementor-element elementor-element-fd9e1ec\" data-id=\"fd9e1ec\" data-element_type=\"column\" data-e-type=\"column\">\n\t\t\t<div class=\"elementor-widget-wrap elementor-element-populated\">\n\t\t\t\t\t\t<div class=\"elementor-element elementor-element-96e717d elementor-widget elementor-widget-image\" data-id=\"96e717d\" data-element_type=\"widget\" data-e-type=\"widget\" data-widget_type=\"image.default\">\n\t\t\t\t\t\t\t\t\t\t\t\t\t\t\t\t<a href=\"https:\/\/bnnbreaking.com\/arts\/artists\/sara-ouhaddou-merging-traditional-and-contemporary-art\/\" target=\"_blank\">\n\t\t\t\t\t\t\t<img decoding=\"async\" src=\"https:\/\/media.bnn.network\/content\/uploads\/2023\/12\/sara-ouhaddou-20231226095757.jpg\" title=\"\" alt=\"\" loading=\"lazy\" \/>\t\t\t\t\t\t\t\t<\/a>\n\t\t\t\t\t\t\t\t\t\t\t\t\t\t\t<\/div>\n\t\t\t\t<div class=\"elementor-element elementor-element-6abc100 elementor-widget elementor-widget-heading\" data-id=\"6abc100\" data-element_type=\"widget\" data-e-type=\"widget\" data-widget_type=\"heading.default\">\n\t\t\t\t\t<h2 class=\"elementor-heading-title elementor-size-default\"><a href=\"https:\/\/bnnbreaking.com\/arts\/artists\/sara-ouhaddou-merging-traditional-and-contemporary-art\/\" target=\"_blank\">Sara Ouhaddou: Merging Traditional and Contemporary Art\n<\/a><\/h2>\t\t\t\t<\/div>\n\t\t\t\t<div class=\"elementor-element elementor-element-5e0d4f4 elementor-widget elementor-widget-text-editor\" data-id=\"5e0d4f4\" data-element_type=\"widget\" data-e-type=\"widget\" data-widget_type=\"text-editor.default\">\n\t\t\t\t\t\t\t\t\t<p>BNN Breaking<\/p>\t\t\t\t\t\t\t\t<\/div>\n\t\t\t\t\t<\/div>\n\t\t<\/div>\n\t\t\t\t\t<\/div>\n\t\t<\/section>\n\t\t\t\t<section class=\"elementor-section elementor-top-section elementor-element elementor-element-27438ce animated-slow elementor-section-boxed elementor-section-height-default elementor-section-height-default\" data-id=\"27438ce\" data-element_type=\"section\" data-e-type=\"section\" data-settings=\"{&quot;animation&quot;:&quot;none&quot;}\">\n\t\t\t\t\t\t<div class=\"elementor-container elementor-column-gap-default\">\n\t\t\t\t\t<div class=\"elementor-column elementor-col-50 elementor-top-column elementor-element elementor-element-d92b610\" data-id=\"d92b610\" data-element_type=\"column\" data-e-type=\"column\">\n\t\t\t<div class=\"elementor-widget-wrap elementor-element-populated\">\n\t\t\t\t\t\t<div class=\"elementor-element elementor-element-f3b1ee1 elementor-widget elementor-widget-image\" data-id=\"f3b1ee1\" data-element_type=\"widget\" data-e-type=\"widget\" data-widget_type=\"image.default\">\n\t\t\t\t\t\t\t\t\t\t\t\t\t\t\t\t<a href=\"https:\/\/www.leconomiste.com\/article\/1114518-arts-culture-week-end-et-la-lumiere-fut\" target=\"_blank\">\n\t\t\t\t\t\t\t<img loading=\"lazy\" decoding=\"async\" width=\"2100\" height=\"1243\" src=\"https:\/\/cmgmarrakech.com\/wp-content\/uploads\/2023\/12\/Sara-Ouhaddou_CMG-Exposition-individuelle.jpeg\" class=\"attachment-full size-full wp-image-11029\" alt=\"\" srcset=\"https:\/\/cmgmarrakech.com\/wp-content\/uploads\/2023\/12\/Sara-Ouhaddou_CMG-Exposition-individuelle.jpeg 2100w, https:\/\/cmgmarrakech.com\/wp-content\/uploads\/2023\/12\/Sara-Ouhaddou_CMG-Exposition-individuelle-300x178.jpeg 300w, https:\/\/cmgmarrakech.com\/wp-content\/uploads\/2023\/12\/Sara-Ouhaddou_CMG-Exposition-individuelle-1024x606.jpeg 1024w, https:\/\/cmgmarrakech.com\/wp-content\/uploads\/2023\/12\/Sara-Ouhaddou_CMG-Exposition-individuelle-768x455.jpeg 768w, https:\/\/cmgmarrakech.com\/wp-content\/uploads\/2023\/12\/Sara-Ouhaddou_CMG-Exposition-individuelle-1536x909.jpeg 1536w, https:\/\/cmgmarrakech.com\/wp-content\/uploads\/2023\/12\/Sara-Ouhaddou_CMG-Exposition-individuelle-2048x1212.jpeg 2048w, https:\/\/cmgmarrakech.com\/wp-content\/uploads\/2023\/12\/Sara-Ouhaddou_CMG-Exposition-individuelle-18x12.jpeg 18w, https:\/\/cmgmarrakech.com\/wp-content\/uploads\/2023\/12\/Sara-Ouhaddou_CMG-Exposition-individuelle-415x246.jpeg 415w, https:\/\/cmgmarrakech.com\/wp-content\/uploads\/2023\/12\/Sara-Ouhaddou_CMG-Exposition-individuelle-650x385.jpeg 650w, https:\/\/cmgmarrakech.com\/wp-content\/uploads\/2023\/12\/Sara-Ouhaddou_CMG-Exposition-individuelle-250x148.jpeg 250w\" sizes=\"(max-width: 2100px) 100vw, 2100px\" \/>\t\t\t\t\t\t\t\t<\/a>\n\t\t\t\t\t\t\t\t\t\t\t\t\t\t\t<\/div>\n\t\t\t\t<div class=\"elementor-element elementor-element-5f88a2e elementor-widget elementor-widget-heading\" data-id=\"5f88a2e\" data-element_type=\"widget\" data-e-type=\"widget\" data-widget_type=\"heading.default\">\n\t\t\t\t\t<h2 class=\"elementor-heading-title elementor-size-default\"><a href=\"https:\/\/www.leconomiste.com\/article\/1114518-arts-culture-week-end-et-la-lumiere-fut\" target=\"_blank\">Arts &amp; Culture Week-End - Et la lumi\u00e8re fut\n<\/a><\/h2>\t\t\t\t<\/div>\n\t\t\t\t<div class=\"elementor-element elementor-element-9928346 elementor-widget elementor-widget-text-editor\" data-id=\"9928346\" data-element_type=\"widget\" data-e-type=\"widget\" data-widget_type=\"text-editor.default\">\n\t\t\t\t\t\t\t\t\t<p>L&rsquo;\u00e9conomiste<\/p>\t\t\t\t\t\t\t\t<\/div>\n\t\t\t\t\t<\/div>\n\t\t<\/div>\n\t\t\t\t<div class=\"elementor-column elementor-col-50 elementor-top-column elementor-element elementor-element-b504d8e\" data-id=\"b504d8e\" data-element_type=\"column\" data-e-type=\"column\">\n\t\t\t<div class=\"elementor-widget-wrap elementor-element-populated\">\n\t\t\t\t\t\t<div class=\"elementor-element elementor-element-f36c8fb elementor-widget elementor-widget-image\" data-id=\"f36c8fb\" data-element_type=\"widget\" data-e-type=\"widget\" data-widget_type=\"image.default\">\n\t\t\t\t\t\t\t\t\t\t\t\t\t\t\t\t<a href=\"https:\/\/www.luxe-infinity.com\/culture\/art\/lumiere-sur-lumiere-lartiste-sara-ouhaddou-et-son-impact-culturel\/\" target=\"_blank\">\n\t\t\t\t\t\t\t<img decoding=\"async\" src=\"https:\/\/www.luxe-infinity.com\/wp-content\/uploads\/2023\/12\/unnamed-5.jpg\" title=\"\" alt=\"\" loading=\"lazy\" \/>\t\t\t\t\t\t\t\t<\/a>\n\t\t\t\t\t\t\t\t\t\t\t\t\t\t\t<\/div>\n\t\t\t\t<div class=\"elementor-element elementor-element-bcf7e9f elementor-widget elementor-widget-heading\" data-id=\"bcf7e9f\" data-element_type=\"widget\" data-e-type=\"widget\" data-widget_type=\"heading.default\">\n\t\t\t\t\t<h2 class=\"elementor-heading-title elementor-size-default\"><a href=\"https:\/\/www.luxe-infinity.com\/culture\/art\/lumiere-sur-lumiere-lartiste-sara-ouhaddou-et-son-impact-culturel\/\" target=\"_blank\">Lumi\u00e8re sur lumi\u00e8re: L\u2019artiste Sara Ouhaddou et son impact culturel<\/a><\/h2>\t\t\t\t<\/div>\n\t\t\t\t<div class=\"elementor-element elementor-element-76663e7 elementor-widget elementor-widget-text-editor\" data-id=\"76663e7\" data-element_type=\"widget\" data-e-type=\"widget\" data-widget_type=\"text-editor.default\">\n\t\t\t\t\t\t\t\t\t<p>Luxe Infinity<\/p>\t\t\t\t\t\t\t\t<\/div>\n\t\t\t\t\t<\/div>\n\t\t<\/div>\n\t\t\t\t\t<\/div>\n\t\t<\/section>\n\t\t\t\t<section class=\"elementor-section elementor-top-section elementor-element elementor-element-75dae1e animated-slow elementor-section-boxed elementor-section-height-default elementor-section-height-default\" data-id=\"75dae1e\" data-element_type=\"section\" data-e-type=\"section\" data-settings=\"{&quot;animation&quot;:&quot;none&quot;}\">\n\t\t\t\t\t\t<div class=\"elementor-container elementor-column-gap-default\">\n\t\t\t\t\t<div class=\"elementor-column elementor-col-50 elementor-top-column elementor-element elementor-element-3457ba3\" data-id=\"3457ba3\" data-element_type=\"column\" data-e-type=\"column\">\n\t\t\t<div class=\"elementor-widget-wrap elementor-element-populated\">\n\t\t\t\t\t\t<div class=\"elementor-element elementor-element-ea79c55 elementor-widget elementor-widget-image\" data-id=\"ea79c55\" data-element_type=\"widget\" data-e-type=\"widget\" data-widget_type=\"image.default\">\n\t\t\t\t\t\t\t\t\t\t\t\t\t\t\t\t<a href=\"https:\/\/www.diptykmag.com\/sara-ouhaddou-lheritiere-sans-heritage\/\" target=\"_blank\">\n\t\t\t\t\t\t\t<img decoding=\"async\" src=\"https:\/\/www.diptykmag.com\/wp-content\/uploads\/2023\/12\/sara-UNE.jpg\" title=\"\" alt=\"\" loading=\"lazy\" \/>\t\t\t\t\t\t\t\t<\/a>\n\t\t\t\t\t\t\t\t\t\t\t\t\t\t\t<\/div>\n\t\t\t\t<div class=\"elementor-element elementor-element-6e56c76 elementor-widget elementor-widget-heading\" data-id=\"6e56c76\" data-element_type=\"widget\" data-e-type=\"widget\" data-widget_type=\"heading.default\">\n\t\t\t\t\t<h2 class=\"elementor-heading-title elementor-size-default\"><a href=\"https:\/\/www.diptykmag.com\/sara-ouhaddou-lheritiere-sans-heritage\/\" target=\"_blank\">Sara Ouhaddou, l\u2019h\u00e9riti\u00e8re sans h\u00e9ritage\n<\/a><\/h2>\t\t\t\t<\/div>\n\t\t\t\t<div class=\"elementor-element elementor-element-3d233f7 elementor-widget elementor-widget-text-editor\" data-id=\"3d233f7\" data-element_type=\"widget\" data-e-type=\"widget\" data-widget_type=\"text-editor.default\">\n\t\t\t\t\t\t\t\t\t<p>Diptyk Magazine<\/p>\t\t\t\t\t\t\t\t<\/div>\n\t\t\t\t\t<\/div>\n\t\t<\/div>\n\t\t\t\t<div class=\"elementor-column elementor-col-50 elementor-top-column elementor-element elementor-element-aa27b7f\" data-id=\"aa27b7f\" data-element_type=\"column\" data-e-type=\"column\">\n\t\t\t<div class=\"elementor-widget-wrap elementor-element-populated\">\n\t\t\t\t\t\t<div class=\"elementor-element elementor-element-f8e1e6d elementor-widget elementor-widget-image\" data-id=\"f8e1e6d\" data-element_type=\"widget\" data-e-type=\"widget\" data-widget_type=\"image.default\">\n\t\t\t\t\t\t\t\t\t\t\t\t\t\t\t\t<a href=\"https:\/\/www.decoactuelle.ma\/le-comptoir-des-mines-vous-convie-au-vernissage-de-lexposition-individuelle-de-sara-ouhaddou-%D9%86%D9%88%D8%B1-%D8%B9%D9%84%D9%89-%D9%86%D9%88%D8%B1-lumiere-sur-lumiere-jeudi-28-decembre-a-17h\/\" target=\"_blank\">\n\t\t\t\t\t\t\t<img loading=\"lazy\" decoding=\"async\" width=\"2200\" height=\"1467\" src=\"https:\/\/cmgmarrakech.com\/wp-content\/uploads\/2023\/12\/Aarouss-Anzar-Vitrine-en-bois-de-cedre-teinte-37-elements-en-verre-colore-et-souffle-dont-cer-tains-coules-sur-noyaux-et-bois-de-cedre-\u2300-177cmP-16cm.jpg\" class=\"attachment-full size-full wp-image-11069\" alt=\"\" srcset=\"https:\/\/cmgmarrakech.com\/wp-content\/uploads\/2023\/12\/Aarouss-Anzar-Vitrine-en-bois-de-cedre-teinte-37-elements-en-verre-colore-et-souffle-dont-cer-tains-coules-sur-noyaux-et-bois-de-cedre-\u2300-177cmP-16cm.jpg 2200w, https:\/\/cmgmarrakech.com\/wp-content\/uploads\/2023\/12\/Aarouss-Anzar-Vitrine-en-bois-de-cedre-teinte-37-elements-en-verre-colore-et-souffle-dont-cer-tains-coules-sur-noyaux-et-bois-de-cedre-\u2300-177cmP-16cm-300x200.jpg 300w, https:\/\/cmgmarrakech.com\/wp-content\/uploads\/2023\/12\/Aarouss-Anzar-Vitrine-en-bois-de-cedre-teinte-37-elements-en-verre-colore-et-souffle-dont-cer-tains-coules-sur-noyaux-et-bois-de-cedre-\u2300-177cmP-16cm-1024x683.jpg 1024w, https:\/\/cmgmarrakech.com\/wp-content\/uploads\/2023\/12\/Aarouss-Anzar-Vitrine-en-bois-de-cedre-teinte-37-elements-en-verre-colore-et-souffle-dont-cer-tains-coules-sur-noyaux-et-bois-de-cedre-\u2300-177cmP-16cm-768x512.jpg 768w, https:\/\/cmgmarrakech.com\/wp-content\/uploads\/2023\/12\/Aarouss-Anzar-Vitrine-en-bois-de-cedre-teinte-37-elements-en-verre-colore-et-souffle-dont-cer-tains-coules-sur-noyaux-et-bois-de-cedre-\u2300-177cmP-16cm-1536x1024.jpg 1536w, https:\/\/cmgmarrakech.com\/wp-content\/uploads\/2023\/12\/Aarouss-Anzar-Vitrine-en-bois-de-cedre-teinte-37-elements-en-verre-colore-et-souffle-dont-cer-tains-coules-sur-noyaux-et-bois-de-cedre-\u2300-177cmP-16cm-2048x1366.jpg 2048w, https:\/\/cmgmarrakech.com\/wp-content\/uploads\/2023\/12\/Aarouss-Anzar-Vitrine-en-bois-de-cedre-teinte-37-elements-en-verre-colore-et-souffle-dont-cer-tains-coules-sur-noyaux-et-bois-de-cedre-\u2300-177cmP-16cm-18x12.jpg 18w, https:\/\/cmgmarrakech.com\/wp-content\/uploads\/2023\/12\/Aarouss-Anzar-Vitrine-en-bois-de-cedre-teinte-37-elements-en-verre-colore-et-souffle-dont-cer-tains-coules-sur-noyaux-et-bois-de-cedre-\u2300-177cmP-16cm-415x277.jpg 415w, https:\/\/cmgmarrakech.com\/wp-content\/uploads\/2023\/12\/Aarouss-Anzar-Vitrine-en-bois-de-cedre-teinte-37-elements-en-verre-colore-et-souffle-dont-cer-tains-coules-sur-noyaux-et-bois-de-cedre-\u2300-177cmP-16cm-650x433.jpg 650w, https:\/\/cmgmarrakech.com\/wp-content\/uploads\/2023\/12\/Aarouss-Anzar-Vitrine-en-bois-de-cedre-teinte-37-elements-en-verre-colore-et-souffle-dont-cer-tains-coules-sur-noyaux-et-bois-de-cedre-\u2300-177cmP-16cm-250x167.jpg 250w\" sizes=\"(max-width: 2200px) 100vw, 2200px\" \/>\t\t\t\t\t\t\t\t<\/a>\n\t\t\t\t\t\t\t\t\t\t\t\t\t\t\t<\/div>\n\t\t\t\t<div class=\"elementor-element elementor-element-db6e9b1 elementor-widget elementor-widget-heading\" data-id=\"db6e9b1\" data-element_type=\"widget\" data-e-type=\"widget\" data-widget_type=\"heading.default\">\n\t\t\t\t\t<h2 class=\"elementor-heading-title elementor-size-default\"><a href=\"https:\/\/www.decoactuelle.ma\/le-comptoir-des-mines-vous-convie-au-vernissage-de-lexposition-individuelle-de-sara-ouhaddou-%D9%86%D9%88%D8%B1-%D8%B9%D9%84%D9%89-%D9%86%D9%88%D8%B1-lumiere-sur-lumiere-jeudi-28-decembre-a-17h\/\" target=\"_blank\">L\u2019exposition individuelle de Sara Ouhaddou : Lumi\u00e8re sur lumi\u00e8re<\/a><\/h2>\t\t\t\t<\/div>\n\t\t\t\t<div class=\"elementor-element elementor-element-78d576b elementor-widget elementor-widget-text-editor\" data-id=\"78d576b\" data-element_type=\"widget\" data-e-type=\"widget\" data-widget_type=\"text-editor.default\">\n\t\t\t\t\t\t\t\t\t<p>Deco Actuelle<\/p>\t\t\t\t\t\t\t\t<\/div>\n\t\t\t\t\t<\/div>\n\t\t<\/div>\n\t\t\t\t\t<\/div>\n\t\t<\/section>\n\t\t\t\t<section class=\"elementor-section elementor-top-section elementor-element elementor-element-d98c3ae animated-slow elementor-section-boxed elementor-section-height-default elementor-section-height-default\" data-id=\"d98c3ae\" data-element_type=\"section\" data-e-type=\"section\" data-settings=\"{&quot;animation&quot;:&quot;none&quot;}\">\n\t\t\t\t\t\t<div class=\"elementor-container elementor-column-gap-default\">\n\t\t\t\t\t<div class=\"elementor-column elementor-col-50 elementor-top-column elementor-element elementor-element-4b30e02\" data-id=\"4b30e02\" data-element_type=\"column\" data-e-type=\"column\">\n\t\t\t<div class=\"elementor-widget-wrap elementor-element-populated\">\n\t\t\t\t\t\t<div class=\"elementor-element elementor-element-852e882 elementor-widget elementor-widget-image\" data-id=\"852e882\" data-element_type=\"widget\" data-e-type=\"widget\" data-widget_type=\"image.default\">\n\t\t\t\t\t\t\t\t\t\t\t\t\t\t\t\t<a href=\"https:\/\/aujourdhui.ma\/culture\/lumiere-sur-lumiere-de-sara-ouhaddou-a-marrakech\" target=\"_blank\">\n\t\t\t\t\t\t\t<img loading=\"lazy\" decoding=\"async\" width=\"2200\" height=\"1467\" src=\"https:\/\/cmgmarrakech.com\/wp-content\/uploads\/2023\/12\/Sara-Ouhaddou_Lumiere-sur-lumiere-vue-1.jpg\" class=\"attachment-full size-full wp-image-11068\" alt=\"\" srcset=\"https:\/\/cmgmarrakech.com\/wp-content\/uploads\/2023\/12\/Sara-Ouhaddou_Lumiere-sur-lumiere-vue-1.jpg 2200w, https:\/\/cmgmarrakech.com\/wp-content\/uploads\/2023\/12\/Sara-Ouhaddou_Lumiere-sur-lumiere-vue-1-300x200.jpg 300w, https:\/\/cmgmarrakech.com\/wp-content\/uploads\/2023\/12\/Sara-Ouhaddou_Lumiere-sur-lumiere-vue-1-1024x683.jpg 1024w, https:\/\/cmgmarrakech.com\/wp-content\/uploads\/2023\/12\/Sara-Ouhaddou_Lumiere-sur-lumiere-vue-1-768x512.jpg 768w, https:\/\/cmgmarrakech.com\/wp-content\/uploads\/2023\/12\/Sara-Ouhaddou_Lumiere-sur-lumiere-vue-1-1536x1024.jpg 1536w, https:\/\/cmgmarrakech.com\/wp-content\/uploads\/2023\/12\/Sara-Ouhaddou_Lumiere-sur-lumiere-vue-1-2048x1366.jpg 2048w, https:\/\/cmgmarrakech.com\/wp-content\/uploads\/2023\/12\/Sara-Ouhaddou_Lumiere-sur-lumiere-vue-1-18x12.jpg 18w, https:\/\/cmgmarrakech.com\/wp-content\/uploads\/2023\/12\/Sara-Ouhaddou_Lumiere-sur-lumiere-vue-1-415x277.jpg 415w, https:\/\/cmgmarrakech.com\/wp-content\/uploads\/2023\/12\/Sara-Ouhaddou_Lumiere-sur-lumiere-vue-1-650x433.jpg 650w, https:\/\/cmgmarrakech.com\/wp-content\/uploads\/2023\/12\/Sara-Ouhaddou_Lumiere-sur-lumiere-vue-1-250x167.jpg 250w\" sizes=\"(max-width: 2200px) 100vw, 2200px\" \/>\t\t\t\t\t\t\t\t<\/a>\n\t\t\t\t\t\t\t\t\t\t\t\t\t\t\t<\/div>\n\t\t\t\t<div class=\"elementor-element elementor-element-582f5b2 elementor-widget elementor-widget-heading\" data-id=\"582f5b2\" data-element_type=\"widget\" data-e-type=\"widget\" data-widget_type=\"heading.default\">\n\t\t\t\t\t<h2 class=\"elementor-heading-title elementor-size-default\"><a href=\"https:\/\/aujourdhui.ma\/culture\/lumiere-sur-lumiere-de-sara-ouhaddou-a-marrakech\" target=\"_blank\">\u00abLumi\u00e8re sur lumi\u00e8re\u00bb de Sara Ouhaddou \u00e0 Marrakech<\/a><\/h2>\t\t\t\t<\/div>\n\t\t\t\t<div class=\"elementor-element elementor-element-c1d8fc3 elementor-widget elementor-widget-text-editor\" data-id=\"c1d8fc3\" data-element_type=\"widget\" data-e-type=\"widget\" data-widget_type=\"text-editor.default\">\n\t\t\t\t\t\t\t\t\t<p>AUJOURD&rsquo;HUI LE MAROC<\/p>\t\t\t\t\t\t\t\t<\/div>\n\t\t\t\t\t<\/div>\n\t\t<\/div>\n\t\t\t\t<div class=\"elementor-column elementor-col-50 elementor-top-column elementor-element elementor-element-aecc966\" data-id=\"aecc966\" data-element_type=\"column\" data-e-type=\"column\">\n\t\t\t<div class=\"elementor-widget-wrap elementor-element-populated\">\n\t\t\t\t\t\t<div class=\"elementor-element elementor-element-37e90eb elementor-widget elementor-widget-image\" data-id=\"37e90eb\" data-element_type=\"widget\" data-e-type=\"widget\" data-widget_type=\"image.default\">\n\t\t\t\t\t\t\t\t\t\t\t\t\t\t\t\t<a href=\"https:\/\/www.lopinion.ma\/Exposition-Les-lumieres-de-Sara-Ouhaddou_a47817.html\" target=\"_blank\">\n\t\t\t\t\t\t\t<img loading=\"lazy\" decoding=\"async\" width=\"2200\" height=\"1467\" src=\"https:\/\/cmgmarrakech.com\/wp-content\/uploads\/2023\/12\/Kharboucha-Lyam-wa-Lyam-Bois-de-cedre-verre-iraki-verre-mauresque-verre-transparent-laiton-et-cuivre-\u2300-210cmP-75cm.jpg\" class=\"attachment-full size-full wp-image-11072\" alt=\"\" srcset=\"https:\/\/cmgmarrakech.com\/wp-content\/uploads\/2023\/12\/Kharboucha-Lyam-wa-Lyam-Bois-de-cedre-verre-iraki-verre-mauresque-verre-transparent-laiton-et-cuivre-\u2300-210cmP-75cm.jpg 2200w, https:\/\/cmgmarrakech.com\/wp-content\/uploads\/2023\/12\/Kharboucha-Lyam-wa-Lyam-Bois-de-cedre-verre-iraki-verre-mauresque-verre-transparent-laiton-et-cuivre-\u2300-210cmP-75cm-300x200.jpg 300w, https:\/\/cmgmarrakech.com\/wp-content\/uploads\/2023\/12\/Kharboucha-Lyam-wa-Lyam-Bois-de-cedre-verre-iraki-verre-mauresque-verre-transparent-laiton-et-cuivre-\u2300-210cmP-75cm-1024x683.jpg 1024w, https:\/\/cmgmarrakech.com\/wp-content\/uploads\/2023\/12\/Kharboucha-Lyam-wa-Lyam-Bois-de-cedre-verre-iraki-verre-mauresque-verre-transparent-laiton-et-cuivre-\u2300-210cmP-75cm-768x512.jpg 768w, https:\/\/cmgmarrakech.com\/wp-content\/uploads\/2023\/12\/Kharboucha-Lyam-wa-Lyam-Bois-de-cedre-verre-iraki-verre-mauresque-verre-transparent-laiton-et-cuivre-\u2300-210cmP-75cm-1536x1024.jpg 1536w, https:\/\/cmgmarrakech.com\/wp-content\/uploads\/2023\/12\/Kharboucha-Lyam-wa-Lyam-Bois-de-cedre-verre-iraki-verre-mauresque-verre-transparent-laiton-et-cuivre-\u2300-210cmP-75cm-2048x1366.jpg 2048w, https:\/\/cmgmarrakech.com\/wp-content\/uploads\/2023\/12\/Kharboucha-Lyam-wa-Lyam-Bois-de-cedre-verre-iraki-verre-mauresque-verre-transparent-laiton-et-cuivre-\u2300-210cmP-75cm-18x12.jpg 18w, https:\/\/cmgmarrakech.com\/wp-content\/uploads\/2023\/12\/Kharboucha-Lyam-wa-Lyam-Bois-de-cedre-verre-iraki-verre-mauresque-verre-transparent-laiton-et-cuivre-\u2300-210cmP-75cm-415x277.jpg 415w, https:\/\/cmgmarrakech.com\/wp-content\/uploads\/2023\/12\/Kharboucha-Lyam-wa-Lyam-Bois-de-cedre-verre-iraki-verre-mauresque-verre-transparent-laiton-et-cuivre-\u2300-210cmP-75cm-650x433.jpg 650w, https:\/\/cmgmarrakech.com\/wp-content\/uploads\/2023\/12\/Kharboucha-Lyam-wa-Lyam-Bois-de-cedre-verre-iraki-verre-mauresque-verre-transparent-laiton-et-cuivre-\u2300-210cmP-75cm-250x167.jpg 250w\" sizes=\"(max-width: 2200px) 100vw, 2200px\" \/>\t\t\t\t\t\t\t\t<\/a>\n\t\t\t\t\t\t\t\t\t\t\t\t\t\t\t<\/div>\n\t\t\t\t<div class=\"elementor-element elementor-element-3a308b4 elementor-widget elementor-widget-heading\" data-id=\"3a308b4\" data-element_type=\"widget\" data-e-type=\"widget\" data-widget_type=\"heading.default\">\n\t\t\t\t\t<h2 class=\"elementor-heading-title elementor-size-default\"><a href=\"https:\/\/www.lopinion.ma\/Exposition-Les-lumieres-de-Sara-Ouhaddou_a47817.html\" target=\"_blank\">Exposition : Les lumi\u00e8res de Sara Ouhaddou\n<\/a><\/h2>\t\t\t\t<\/div>\n\t\t\t\t<div class=\"elementor-element elementor-element-6f9daf0 elementor-widget elementor-widget-text-editor\" data-id=\"6f9daf0\" data-element_type=\"widget\" data-e-type=\"widget\" data-widget_type=\"text-editor.default\">\n\t\t\t\t\t\t\t\t\t<p>L&rsquo;OPINION<\/p>\t\t\t\t\t\t\t\t<\/div>\n\t\t\t\t\t<\/div>\n\t\t<\/div>\n\t\t\t\t\t<\/div>\n\t\t<\/section>\n\t\t\t\t<section class=\"elementor-section elementor-top-section elementor-element elementor-element-975c2b8 animated-slow elementor-section-boxed elementor-section-height-default elementor-section-height-default\" data-id=\"975c2b8\" data-element_type=\"section\" data-e-type=\"section\" data-settings=\"{&quot;animation&quot;:&quot;none&quot;}\">\n\t\t\t\t\t\t<div class=\"elementor-container elementor-column-gap-default\">\n\t\t\t\t\t<div class=\"elementor-column elementor-col-50 elementor-top-column elementor-element elementor-element-02683aa\" data-id=\"02683aa\" data-element_type=\"column\" data-e-type=\"column\">\n\t\t\t<div class=\"elementor-widget-wrap elementor-element-populated\">\n\t\t\t\t\t\t<div class=\"elementor-element elementor-element-2fe35f7 elementor-widget elementor-widget-image\" data-id=\"2fe35f7\" data-element_type=\"widget\" data-e-type=\"widget\" data-widget_type=\"image.default\">\n\t\t\t\t\t\t\t\t\t\t\t\t\t\t\t\t<a href=\"https:\/\/www.lopinion.ma\/Exposition-Les-lumieres-de-Sara-Ouhaddou_a47817.html\" target=\"_blank\">\n\t\t\t\t\t\t\t<img decoding=\"async\" src=\"https:\/\/www.lopinion.ma\/photo\/art\/default\/77387458-56253442.jpg?v=1702814505\" title=\"\" alt=\"\" loading=\"lazy\" \/>\t\t\t\t\t\t\t\t<\/a>\n\t\t\t\t\t\t\t\t\t\t\t\t\t\t\t<\/div>\n\t\t\t\t<div class=\"elementor-element elementor-element-44da24d elementor-widget elementor-widget-heading\" data-id=\"44da24d\" data-element_type=\"widget\" data-e-type=\"widget\" data-widget_type=\"heading.default\">\n\t\t\t\t\t<h2 class=\"elementor-heading-title elementor-size-default\"><a href=\"https:\/\/www.lopinion.ma\/Exposition-Les-lumieres-de-Sara-Ouhaddou_a47817.html\" target=\"_blank\">Exposition : Les lumi\u00e8res de Sara Ouhaddou\n<\/a><\/h2>\t\t\t\t<\/div>\n\t\t\t\t<div class=\"elementor-element elementor-element-e23d131 elementor-widget elementor-widget-text-editor\" data-id=\"e23d131\" data-element_type=\"widget\" data-e-type=\"widget\" data-widget_type=\"text-editor.default\">\n\t\t\t\t\t\t\t\t\t<p>L&rsquo;OPINION<\/p>\t\t\t\t\t\t\t\t<\/div>\n\t\t\t\t\t<\/div>\n\t\t<\/div>\n\t\t\t\t<div class=\"elementor-column elementor-col-50 elementor-top-column elementor-element elementor-element-d8c6aef\" data-id=\"d8c6aef\" data-element_type=\"column\" data-e-type=\"column\">\n\t\t\t<div class=\"elementor-widget-wrap elementor-element-populated\">\n\t\t\t\t\t\t<div class=\"elementor-element elementor-element-95108b5 elementor-widget elementor-widget-image\" data-id=\"95108b5\" data-element_type=\"widget\" data-e-type=\"widget\" data-widget_type=\"image.default\">\n\t\t\t\t\t\t\t\t\t\t\t\t\t\t\t\t<a href=\"https:\/\/aemagazine.ma\/exposition-individuelle-lumiere-sur-lumiere\/\" target=\"_blank\">\n\t\t\t\t\t\t\t<img decoding=\"async\" src=\"https:\/\/aemagazine.ma\/wp-content\/uploads\/2023\/12\/Sara-Ouhaddou-exposition.png\" title=\"\" alt=\"\" loading=\"lazy\" \/>\t\t\t\t\t\t\t\t<\/a>\n\t\t\t\t\t\t\t\t\t\t\t\t\t\t\t<\/div>\n\t\t\t\t<div class=\"elementor-element elementor-element-321da8f elementor-widget elementor-widget-heading\" data-id=\"321da8f\" data-element_type=\"widget\" data-e-type=\"widget\" data-widget_type=\"heading.default\">\n\t\t\t\t\t<h2 class=\"elementor-heading-title elementor-size-default\"><a href=\"https:\/\/aemagazine.ma\/exposition-individuelle-lumiere-sur-lumiere\/\" target=\"_blank\">Exposition individuelle : \u200cLumi\u00e8re sur lumi\u00e8re<\/a><\/h2>\t\t\t\t<\/div>\n\t\t\t\t<div class=\"elementor-element elementor-element-46190fc elementor-widget elementor-widget-text-editor\" data-id=\"46190fc\" data-element_type=\"widget\" data-e-type=\"widget\" data-widget_type=\"text-editor.default\">\n\t\t\t\t\t\t\t\t\t<p>A+E Magazine<\/p>\t\t\t\t\t\t\t\t<\/div>\n\t\t\t\t\t<\/div>\n\t\t<\/div>\n\t\t\t\t\t<\/div>\n\t\t<\/section>\n\t\t\t\t<section class=\"elementor-section elementor-top-section elementor-element elementor-element-3d15799 animated-slow elementor-section-boxed elementor-section-height-default elementor-section-height-default\" data-id=\"3d15799\" data-element_type=\"section\" data-e-type=\"section\" data-settings=\"{&quot;animation&quot;:&quot;none&quot;}\">\n\t\t\t\t\t\t<div class=\"elementor-container elementor-column-gap-default\">\n\t\t\t\t\t<div class=\"elementor-column elementor-col-50 elementor-top-column elementor-element elementor-element-a0af92d\" data-id=\"a0af92d\" data-element_type=\"column\" data-e-type=\"column\">\n\t\t\t<div class=\"elementor-widget-wrap elementor-element-populated\">\n\t\t\t\t\t\t<div class=\"elementor-element elementor-element-08b0d12 elementor-widget elementor-widget-image\" data-id=\"08b0d12\" data-element_type=\"widget\" data-e-type=\"widget\" data-widget_type=\"image.default\">\n\t\t\t\t\t\t\t\t\t\t\t\t\t\t\t\t<a href=\"https:\/\/www.lopinion.ma\/Rabat-Vente-aux-encheres-caritative-en-faveur-des-sinistres-du-seisme-d-Al-Haouz_a45747.html\" target=\"_blank\">\n\t\t\t\t\t\t\t<img decoding=\"async\" src=\"https:\/\/cloudfront-eu-central-1.images.arcpublishing.com\/le360\/IKQN4KD5JZC2VBKKGFRZ52SKOA.jpg\" title=\"\" alt=\"\" loading=\"lazy\" \/>\t\t\t\t\t\t\t\t<\/a>\n\t\t\t\t\t\t\t\t\t\t\t\t\t\t\t<\/div>\n\t\t\t\t<div class=\"elementor-element elementor-element-c075fad elementor-widget elementor-widget-heading\" data-id=\"c075fad\" data-element_type=\"widget\" data-e-type=\"widget\" data-widget_type=\"heading.default\">\n\t\t\t\t\t<h2 class=\"elementor-heading-title elementor-size-default\"><a href=\"https:\/\/www.lopinion.ma\/Rabat-Vente-aux-encheres-caritative-en-faveur-des-sinistres-du-seisme-d-Al-Haouz_a45747.html\" target=\"_blank\">Rabat: Vente aux ench\u00e8res caritative en faveur des sinistr\u00e9s du s\u00e9isme d'Al-Haouz\n<\/a><\/h2>\t\t\t\t<\/div>\n\t\t\t\t<div class=\"elementor-element elementor-element-63b2435 elementor-widget elementor-widget-text-editor\" data-id=\"63b2435\" data-element_type=\"widget\" data-e-type=\"widget\" data-widget_type=\"text-editor.default\">\n\t\t\t\t\t\t\t\t\t<p>L&rsquo;OPINION<\/p>\t\t\t\t\t\t\t\t<\/div>\n\t\t\t\t\t<\/div>\n\t\t<\/div>\n\t\t\t\t<div class=\"elementor-column elementor-col-50 elementor-top-column elementor-element elementor-element-e0265e8\" data-id=\"e0265e8\" data-element_type=\"column\" data-e-type=\"column\">\n\t\t\t<div class=\"elementor-widget-wrap elementor-element-populated\">\n\t\t\t\t\t\t<div class=\"elementor-element elementor-element-1909a53 elementor-widget elementor-widget-image\" data-id=\"1909a53\" data-element_type=\"widget\" data-e-type=\"widget\" data-widget_type=\"image.default\">\n\t\t\t\t\t\t\t\t\t\t\t\t\t\t\t\t<a href=\"https:\/\/www.timeout.com\/marrakech\/things-to-do\/best-things-to-do-in-marrakech#:~:text=8.%C2%A0Contemporary%20Art%20Crawl%20in%20Gueliz\" target=\"_blank\">\n\t\t\t\t\t\t\t<img decoding=\"async\" src=\"https:\/\/media.timeout.com\/images\/106067356\/1372\/1029\/image.webp\" title=\"\" alt=\"\" loading=\"lazy\" \/>\t\t\t\t\t\t\t\t<\/a>\n\t\t\t\t\t\t\t\t\t\t\t\t\t\t\t<\/div>\n\t\t\t\t<div class=\"elementor-element elementor-element-a284f4b elementor-widget elementor-widget-heading\" data-id=\"a284f4b\" data-element_type=\"widget\" data-e-type=\"widget\" data-widget_type=\"heading.default\">\n\t\t\t\t\t<h2 class=\"elementor-heading-title elementor-size-default\"><a href=\"https:\/\/www.timeout.com\/marrakech\/things-to-do\/best-things-to-do-in-marrakech#:~:text=8.%C2%A0Contemporary%20Art%20Crawl%20in%20Gueliz\" target=\"_blank\">The 17 best things to do in Marrakech<\/a><\/h2>\t\t\t\t<\/div>\n\t\t\t\t<div class=\"elementor-element elementor-element-0e91c36 elementor-widget elementor-widget-text-editor\" data-id=\"0e91c36\" data-element_type=\"widget\" data-e-type=\"widget\" data-widget_type=\"text-editor.default\">\n\t\t\t\t\t\t\t\t\t<p>TIME OUT<\/p>\t\t\t\t\t\t\t\t<\/div>\n\t\t\t\t\t<\/div>\n\t\t<\/div>\n\t\t\t\t\t<\/div>\n\t\t<\/section>\n\t\t\t\t<section class=\"elementor-section elementor-top-section elementor-element elementor-element-02978fb animated-slow elementor-section-boxed elementor-section-height-default elementor-section-height-default\" data-id=\"02978fb\" data-element_type=\"section\" data-e-type=\"section\" data-settings=\"{&quot;animation&quot;:&quot;none&quot;}\">\n\t\t\t\t\t\t<div class=\"elementor-container elementor-column-gap-default\">\n\t\t\t\t\t<div class=\"elementor-column elementor-col-50 elementor-top-column elementor-element elementor-element-5389e0e\" data-id=\"5389e0e\" data-element_type=\"column\" data-e-type=\"column\">\n\t\t\t<div class=\"elementor-widget-wrap elementor-element-populated\">\n\t\t\t\t\t\t<div class=\"elementor-element elementor-element-c10cf72 elementor-widget elementor-widget-image\" data-id=\"c10cf72\" data-element_type=\"widget\" data-e-type=\"widget\" data-widget_type=\"image.default\">\n\t\t\t\t\t\t\t\t\t\t\t\t\t\t\t\t<a href=\"https:\/\/ledesk.ma\/live-content\/unis-pour-le-maroc-vente-aux-encheres-caritative-en-faveur-des-sinistres-du-seisme-dal-haouz-a-rabat\/\" target=\"_blank\">\n\t\t\t\t\t\t\t<img decoding=\"async\" src=\"https:\/\/files.lebrief.ma\/uploads\/2023\/10\/30100648\/FNM-1-900x676.jpg\" title=\"\" alt=\"\" loading=\"lazy\" \/>\t\t\t\t\t\t\t\t<\/a>\n\t\t\t\t\t\t\t\t\t\t\t\t\t\t\t<\/div>\n\t\t\t\t<div class=\"elementor-element elementor-element-45c5c9a elementor-widget elementor-widget-heading\" data-id=\"45c5c9a\" data-element_type=\"widget\" data-e-type=\"widget\" data-widget_type=\"heading.default\">\n\t\t\t\t\t<h2 class=\"elementor-heading-title elementor-size-default\"><a href=\"https:\/\/ledesk.ma\/live-content\/unis-pour-le-maroc-vente-aux-encheres-caritative-en-faveur-des-sinistres-du-seisme-dal-haouz-a-rabat\/\" target=\"_blank\">\u00ab Unis pour le Maroc \u00bb : vente aux ench\u00e8res caritative en faveur des sinistr\u00e9s du s\u00e9isme d\u2019Al-Haouz \u00e0 Rabat<\/a><\/h2>\t\t\t\t<\/div>\n\t\t\t\t<div class=\"elementor-element elementor-element-f24ddce elementor-widget elementor-widget-text-editor\" data-id=\"f24ddce\" data-element_type=\"widget\" data-e-type=\"widget\" data-widget_type=\"text-editor.default\">\n\t\t\t\t\t\t\t\t\t<p>LeDesk<\/p>\t\t\t\t\t\t\t\t<\/div>\n\t\t\t\t\t<\/div>\n\t\t<\/div>\n\t\t\t\t<div class=\"elementor-column elementor-col-50 elementor-top-column elementor-element elementor-element-c6832ce\" data-id=\"c6832ce\" data-element_type=\"column\" data-e-type=\"column\">\n\t\t\t<div class=\"elementor-widget-wrap elementor-element-populated\">\n\t\t\t\t\t\t<div class=\"elementor-element elementor-element-c8e29bf elementor-widget elementor-widget-image\" data-id=\"c8e29bf\" data-element_type=\"widget\" data-e-type=\"widget\" data-widget_type=\"image.default\">\n\t\t\t\t\t\t\t\t\t\t\t\t\t\t\t\t<a href=\"https:\/\/medias24.com\/2023\/10\/24\/vente-aux-encheres-caritative-en-faveur-des-sinistres-du-seisme-dal-haouz\/\" target=\"_blank\">\n\t\t\t\t\t\t\t<img decoding=\"async\" src=\"https:\/\/fr.aldar.ma\/wp-content\/uploads\/2023\/10\/vis_1028202320125625-780x470.jpg\" title=\"\" alt=\"\" loading=\"lazy\" \/>\t\t\t\t\t\t\t\t<\/a>\n\t\t\t\t\t\t\t\t\t\t\t\t\t\t\t<\/div>\n\t\t\t\t<div class=\"elementor-element elementor-element-543ef6b elementor-widget elementor-widget-heading\" data-id=\"543ef6b\" data-element_type=\"widget\" data-e-type=\"widget\" data-widget_type=\"heading.default\">\n\t\t\t\t\t<h2 class=\"elementor-heading-title elementor-size-default\"><a href=\"https:\/\/medias24.com\/2023\/10\/24\/vente-aux-encheres-caritative-en-faveur-des-sinistres-du-seisme-dal-haouz\/\" target=\"_blank\">Vente aux ench\u00e8res caritative en faveur des sinistr\u00e9s du s\u00e9isme d'Al Haouz<\/a><\/h2>\t\t\t\t<\/div>\n\t\t\t\t<div class=\"elementor-element elementor-element-15a3871 elementor-widget elementor-widget-text-editor\" data-id=\"15a3871\" data-element_type=\"widget\" data-e-type=\"widget\" data-widget_type=\"text-editor.default\">\n\t\t\t\t\t\t\t\t\t<p>Medias24<\/p>\t\t\t\t\t\t\t\t<\/div>\n\t\t\t\t\t<\/div>\n\t\t<\/div>\n\t\t\t\t\t<\/div>\n\t\t<\/section>\n\t\t\t\t<section class=\"elementor-section elementor-top-section elementor-element elementor-element-ffb06be animated-slow elementor-section-boxed elementor-section-height-default elementor-section-height-default\" data-id=\"ffb06be\" data-element_type=\"section\" data-e-type=\"section\" data-settings=\"{&quot;animation&quot;:&quot;none&quot;}\">\n\t\t\t\t\t\t<div class=\"elementor-container elementor-column-gap-default\">\n\t\t\t\t\t<div class=\"elementor-column elementor-col-50 elementor-top-column elementor-element elementor-element-689c8e8\" data-id=\"689c8e8\" data-element_type=\"column\" data-e-type=\"column\">\n\t\t\t<div class=\"elementor-widget-wrap elementor-element-populated\">\n\t\t\t\t\t\t<div class=\"elementor-element elementor-element-e7eff4e elementor-widget elementor-widget-image\" data-id=\"e7eff4e\" data-element_type=\"widget\" data-e-type=\"widget\" data-widget_type=\"image.default\">\n\t\t\t\t\t\t\t\t\t\t\t\t\t\t\t\t<a href=\"https:\/\/www.maroc-hebdo.press.ma\/youssef-douib-art-appartenance-nationale-solidarite\" target=\"_blank\">\n\t\t\t\t\t\t\t<img decoding=\"async\" src=\"https:\/\/www.maroc-hebdo.com\/_next\/image?url=https%3A%2F%2Fbackoffice.maroc-hebdo.com%2Fuploads%2Fyoussef_douib_1453989726_a909a1f1f3.jpg&#038;w=1920&#038;q=75\" title=\"\" alt=\"\" loading=\"lazy\" \/>\t\t\t\t\t\t\t\t<\/a>\n\t\t\t\t\t\t\t\t\t\t\t\t\t\t\t<\/div>\n\t\t\t\t<div class=\"elementor-element elementor-element-92c8263 elementor-widget elementor-widget-heading\" data-id=\"92c8263\" data-element_type=\"widget\" data-e-type=\"widget\" data-widget_type=\"heading.default\">\n\t\t\t\t\t<h2 class=\"elementor-heading-title elementor-size-default\"><a href=\"https:\/\/www.maroc-hebdo.press.ma\/youssef-douib-art-appartenance-nationale-solidarite\" target=\"_blank\">Youssef Douib : \"L'art instaure un sentiment d'appartenance nationale, qui \u00e0 son tour renforce la solidarit\u00e9\"<\/a><\/h2>\t\t\t\t<\/div>\n\t\t\t\t<div class=\"elementor-element elementor-element-7f01b61 elementor-widget elementor-widget-text-editor\" data-id=\"7f01b61\" data-element_type=\"widget\" data-e-type=\"widget\" data-widget_type=\"text-editor.default\">\n\t\t\t\t\t\t\t\t\t<p>Maroc Hebdo<\/p>\t\t\t\t\t\t\t\t<\/div>\n\t\t\t\t\t<\/div>\n\t\t<\/div>\n\t\t\t\t<div class=\"elementor-column elementor-col-50 elementor-top-column elementor-element elementor-element-b12160b\" data-id=\"b12160b\" data-element_type=\"column\" data-e-type=\"column\">\n\t\t\t<div class=\"elementor-widget-wrap elementor-element-populated\">\n\t\t\t\t\t\t<div class=\"elementor-element elementor-element-36ce61f elementor-widget elementor-widget-image\" data-id=\"36ce61f\" data-element_type=\"widget\" data-e-type=\"widget\" data-widget_type=\"image.default\">\n\t\t\t\t\t\t\t\t\t\t\t\t\t\t\t\t<a href=\"https:\/\/fr.le360.ma\/culture\/unis-pour-le-maroc-une-vente-aux-encheres-solidaire-au-profit-des-victimes-du-seisme_7AU7ZYFJGBCNPFKPN5W4VVTNFQ\/\" target=\"_blank\">\n\t\t\t\t\t\t\t<img decoding=\"async\" src=\"https:\/\/cloudfront-eu-central-1.images.arcpublishing.com\/le360\/57F2BUYQKFGTVFQSFHJHMI5Y7M.jpg\" title=\"\" alt=\"\" loading=\"lazy\" \/>\t\t\t\t\t\t\t\t<\/a>\n\t\t\t\t\t\t\t\t\t\t\t\t\t\t\t<\/div>\n\t\t\t\t<div class=\"elementor-element elementor-element-84f4340 elementor-widget elementor-widget-heading\" data-id=\"84f4340\" data-element_type=\"widget\" data-e-type=\"widget\" data-widget_type=\"heading.default\">\n\t\t\t\t\t<h2 class=\"elementor-heading-title elementor-size-default\"><a href=\"https:\/\/fr.le360.ma\/culture\/unis-pour-le-maroc-une-vente-aux-encheres-solidaire-au-profit-des-victimes-du-seisme_7AU7ZYFJGBCNPFKPN5W4VVTNFQ\/\" target=\"_blank\">\u00abUnis pour le Maroc\u00bb: une vente aux ench\u00e8res solidaire au profit des victimes du s\u00e9isme<\/a><\/h2>\t\t\t\t<\/div>\n\t\t\t\t<div class=\"elementor-element elementor-element-8789de6 elementor-widget elementor-widget-text-editor\" data-id=\"8789de6\" data-element_type=\"widget\" data-e-type=\"widget\" data-widget_type=\"text-editor.default\">\n\t\t\t\t\t\t\t\t\t<p>Le360.ma<\/p>\t\t\t\t\t\t\t\t<\/div>\n\t\t\t\t\t<\/div>\n\t\t<\/div>\n\t\t\t\t\t<\/div>\n\t\t<\/section>\n\t\t\t\t<section class=\"elementor-section elementor-top-section elementor-element elementor-element-923b1c0 animated-slow elementor-section-boxed elementor-section-height-default elementor-section-height-default\" data-id=\"923b1c0\" data-element_type=\"section\" data-e-type=\"section\" data-settings=\"{&quot;animation&quot;:&quot;none&quot;}\">\n\t\t\t\t\t\t<div class=\"elementor-container elementor-column-gap-default\">\n\t\t\t\t\t<div class=\"elementor-column elementor-col-50 elementor-top-column elementor-element elementor-element-f8cbaa4\" data-id=\"f8cbaa4\" data-element_type=\"column\" data-e-type=\"column\">\n\t\t\t<div class=\"elementor-widget-wrap elementor-element-populated\">\n\t\t\t\t\t\t<div class=\"elementor-element elementor-element-b51119b elementor-widget elementor-widget-image\" data-id=\"b51119b\" data-element_type=\"widget\" data-e-type=\"widget\" data-widget_type=\"image.default\">\n\t\t\t\t\t\t\t\t\t\t\t\t\t\t\t\t<a href=\"https:\/\/www.medi1tv.com\/fr\/capsule\/28836\/%23Chronique_culture-du12-10-2023\" target=\"_blank\">\n\t\t\t\t\t\t\t<img decoding=\"async\" src=\"https:\/\/img.medi1tv.com\/capsule-culture_mobile.jpg\" title=\"\" alt=\"\" loading=\"lazy\" \/>\t\t\t\t\t\t\t\t<\/a>\n\t\t\t\t\t\t\t\t\t\t\t\t\t\t\t<\/div>\n\t\t\t\t<div class=\"elementor-element elementor-element-2ea392c elementor-widget elementor-widget-heading\" data-id=\"2ea392c\" data-element_type=\"widget\" data-e-type=\"widget\" data-widget_type=\"heading.default\">\n\t\t\t\t\t<h2 class=\"elementor-heading-title elementor-size-default\"><a href=\"https:\/\/www.medi1tv.com\/fr\/capsule\/28836\/%23Chronique_culture-du12-10-2023\" target=\"_blank\">Chronique Culture - Interview Hicham Daoudi<\/a><\/h2>\t\t\t\t<\/div>\n\t\t\t\t<div class=\"elementor-element elementor-element-3942834 elementor-widget elementor-widget-text-editor\" data-id=\"3942834\" data-element_type=\"widget\" data-e-type=\"widget\" data-widget_type=\"text-editor.default\">\n\t\t\t\t\t\t\t\t\t<p>MEDI 1 TV<\/p>\t\t\t\t\t\t\t\t<\/div>\n\t\t\t\t\t<\/div>\n\t\t<\/div>\n\t\t\t\t<div class=\"elementor-column elementor-col-50 elementor-top-column elementor-element elementor-element-e34d178\" data-id=\"e34d178\" data-element_type=\"column\" data-e-type=\"column\">\n\t\t\t<div class=\"elementor-widget-wrap elementor-element-populated\">\n\t\t\t\t\t\t<div class=\"elementor-element elementor-element-98de861 elementor-widget elementor-widget-image\" data-id=\"98de861\" data-element_type=\"widget\" data-e-type=\"widget\" data-widget_type=\"image.default\">\n\t\t\t\t\t\t\t\t\t\t\t\t\t\t\t\t<a href=\"https:\/\/www.medi1tv.com\/fr\/capsule\/28774\/%23Chronique_culture-du-06-10-2023\" target=\"_blank\">\n\t\t\t\t\t\t\t<img decoding=\"async\" src=\"https:\/\/img.medi1tv.com\/capsule-culture_mobile.jpg\" title=\"\" alt=\"\" loading=\"lazy\" \/>\t\t\t\t\t\t\t\t<\/a>\n\t\t\t\t\t\t\t\t\t\t\t\t\t\t\t<\/div>\n\t\t\t\t<div class=\"elementor-element elementor-element-c9dbe96 elementor-widget elementor-widget-heading\" data-id=\"c9dbe96\" data-element_type=\"widget\" data-e-type=\"widget\" data-widget_type=\"heading.default\">\n\t\t\t\t\t<h2 class=\"elementor-heading-title elementor-size-default\"><a href=\"https:\/\/www.medi1tv.com\/fr\/capsule\/28774\/%23Chronique_culture-du-06-10-2023\" target=\"_blank\">Chronique Culture - Interview Diadji Diop<\/a><\/h2>\t\t\t\t<\/div>\n\t\t\t\t<div class=\"elementor-element elementor-element-51b8280 elementor-widget elementor-widget-text-editor\" data-id=\"51b8280\" data-element_type=\"widget\" data-e-type=\"widget\" data-widget_type=\"text-editor.default\">\n\t\t\t\t\t\t\t\t\t<p>MEDI 1 TV<\/p>\t\t\t\t\t\t\t\t<\/div>\n\t\t\t\t\t<\/div>\n\t\t<\/div>\n\t\t\t\t\t<\/div>\n\t\t<\/section>\n\t\t\t\t<section class=\"elementor-section elementor-top-section elementor-element elementor-element-6fe1a4a animated-slow elementor-section-boxed elementor-section-height-default elementor-section-height-default\" data-id=\"6fe1a4a\" data-element_type=\"section\" data-e-type=\"section\" data-settings=\"{&quot;animation&quot;:&quot;none&quot;}\">\n\t\t\t\t\t\t<div class=\"elementor-container elementor-column-gap-default\">\n\t\t\t\t\t<div class=\"elementor-column elementor-col-50 elementor-top-column elementor-element elementor-element-9fcf024\" data-id=\"9fcf024\" data-element_type=\"column\" data-e-type=\"column\">\n\t\t\t<div class=\"elementor-widget-wrap elementor-element-populated\">\n\t\t\t\t\t\t<div class=\"elementor-element elementor-element-b5aba88 elementor-widget elementor-widget-image\" data-id=\"b5aba88\" data-element_type=\"widget\" data-e-type=\"widget\" data-widget_type=\"image.default\">\n\t\t\t\t\t\t\t\t\t\t\t\t\t\t\t\t<a href=\"https:\/\/www.lopinion.ma\/Diadji-Diop-l-art-a-mains-fois_a45423.html\" target=\"_blank\">\n\t\t\t\t\t\t\t<img decoding=\"async\" src=\"https:\/\/www.lopinion.ma\/photo\/art\/default\/76043634-53819325.jpg?v=1697983133\" title=\"\" alt=\"\" loading=\"lazy\" \/>\t\t\t\t\t\t\t\t<\/a>\n\t\t\t\t\t\t\t\t\t\t\t\t\t\t\t<\/div>\n\t\t\t\t<div class=\"elementor-element elementor-element-b294453 elementor-widget elementor-widget-heading\" data-id=\"b294453\" data-element_type=\"widget\" data-e-type=\"widget\" data-widget_type=\"heading.default\">\n\t\t\t\t\t<h2 class=\"elementor-heading-title elementor-size-default\"><a href=\"https:\/\/www.lopinion.ma\/Diadji-Diop-l-art-a-mains-fois_a45423.html\" target=\"_blank\">Diadji Diop, l\u2019art \u00e0 mains fois\n<\/a><\/h2>\t\t\t\t<\/div>\n\t\t\t\t<div class=\"elementor-element elementor-element-3d94a87 elementor-widget elementor-widget-text-editor\" data-id=\"3d94a87\" data-element_type=\"widget\" data-e-type=\"widget\" data-widget_type=\"text-editor.default\">\n\t\t\t\t\t\t\t\t\t<p>L&rsquo;OPINION<\/p>\t\t\t\t\t\t\t\t<\/div>\n\t\t\t\t\t<\/div>\n\t\t<\/div>\n\t\t\t\t<div class=\"elementor-column elementor-col-50 elementor-top-column elementor-element elementor-element-551bb1b\" data-id=\"551bb1b\" data-element_type=\"column\" data-e-type=\"column\">\n\t\t\t<div class=\"elementor-widget-wrap elementor-element-populated\">\n\t\t\t\t\t\t<div class=\"elementor-element elementor-element-4da8a24 elementor-widget elementor-widget-image\" data-id=\"4da8a24\" data-element_type=\"widget\" data-e-type=\"widget\" data-widget_type=\"image.default\">\n\t\t\t\t\t\t\t\t\t\t\t\t\t\t\t\t<a href=\"https:\/\/www.decoactuelle.ma\/diadji-diop-fraternite-a-partir-du-7-octobre-au-comptoir-des-mines-galerie-marrakech\/\" target=\"_blank\">\n\t\t\t\t\t\t\t<img decoding=\"async\" src=\"https:\/\/familleactuelle.ma\/wp-content\/uploads\/2023\/10\/COMMUNIQUE%CC%81-DE-PRESSE-DIADJI-DIOP-4.jpg\" title=\"\" alt=\"\" loading=\"lazy\" \/>\t\t\t\t\t\t\t\t<\/a>\n\t\t\t\t\t\t\t\t\t\t\t\t\t\t\t<\/div>\n\t\t\t\t<div class=\"elementor-element elementor-element-26e5b27 elementor-widget elementor-widget-heading\" data-id=\"26e5b27\" data-element_type=\"widget\" data-e-type=\"widget\" data-widget_type=\"heading.default\">\n\t\t\t\t\t<h2 class=\"elementor-heading-title elementor-size-default\"><a href=\"https:\/\/www.decoactuelle.ma\/diadji-diop-fraternite-a-partir-du-7-octobre-au-comptoir-des-mines-galerie-marrakech\/\" target=\"_blank\">Diadji Diop\nFraternit\u00e9, \u00e0 partir du 7 octobre au Comptoir des Mines Galerie Marrakech<\/a><\/h2>\t\t\t\t<\/div>\n\t\t\t\t<div class=\"elementor-element elementor-element-b1b897b elementor-widget elementor-widget-text-editor\" data-id=\"b1b897b\" data-element_type=\"widget\" data-e-type=\"widget\" data-widget_type=\"text-editor.default\">\n\t\t\t\t\t\t\t\t\t<p>Deco Actuelle Maroc<\/p>\t\t\t\t\t\t\t\t<\/div>\n\t\t\t\t\t<\/div>\n\t\t<\/div>\n\t\t\t\t\t<\/div>\n\t\t<\/section>\n\t\t\t\t<section class=\"elementor-section elementor-top-section elementor-element elementor-element-8ff2875 animated-slow elementor-section-boxed elementor-section-height-default elementor-section-height-default\" data-id=\"8ff2875\" data-element_type=\"section\" data-e-type=\"section\" data-settings=\"{&quot;animation&quot;:&quot;none&quot;}\">\n\t\t\t\t\t\t<div class=\"elementor-container elementor-column-gap-default\">\n\t\t\t\t\t<div class=\"elementor-column elementor-col-50 elementor-top-column elementor-element elementor-element-9427dec\" data-id=\"9427dec\" data-element_type=\"column\" data-e-type=\"column\">\n\t\t\t<div class=\"elementor-widget-wrap elementor-element-populated\">\n\t\t\t\t\t\t<div class=\"elementor-element elementor-element-c43083b elementor-widget elementor-widget-image\" data-id=\"c43083b\" data-element_type=\"widget\" data-e-type=\"widget\" data-widget_type=\"image.default\">\n\t\t\t\t\t\t\t\t\t\t\t\t\t\t\t\t<a href=\"https:\/\/www.diptykmag.com\/que-voir-cette-semaine\/\" target=\"_blank\">\n\t\t\t\t\t\t\t<img loading=\"lazy\" decoding=\"async\" width=\"2000\" height=\"1333\" src=\"https:\/\/cmgmarrakech.com\/wp-content\/uploads\/2023\/10\/Diadji-Diop-Spiritualite-I-2023-Sculpture-en-resine-epoxy-80-x-184-x184-cm.jpg\" class=\"attachment-full size-full wp-image-10869\" alt=\"\" srcset=\"https:\/\/cmgmarrakech.com\/wp-content\/uploads\/2023\/10\/Diadji-Diop-Spiritualite-I-2023-Sculpture-en-resine-epoxy-80-x-184-x184-cm.jpg 2000w, https:\/\/cmgmarrakech.com\/wp-content\/uploads\/2023\/10\/Diadji-Diop-Spiritualite-I-2023-Sculpture-en-resine-epoxy-80-x-184-x184-cm-300x200.jpg 300w, https:\/\/cmgmarrakech.com\/wp-content\/uploads\/2023\/10\/Diadji-Diop-Spiritualite-I-2023-Sculpture-en-resine-epoxy-80-x-184-x184-cm-1024x682.jpg 1024w, https:\/\/cmgmarrakech.com\/wp-content\/uploads\/2023\/10\/Diadji-Diop-Spiritualite-I-2023-Sculpture-en-resine-epoxy-80-x-184-x184-cm-768x512.jpg 768w, https:\/\/cmgmarrakech.com\/wp-content\/uploads\/2023\/10\/Diadji-Diop-Spiritualite-I-2023-Sculpture-en-resine-epoxy-80-x-184-x184-cm-1536x1024.jpg 1536w, https:\/\/cmgmarrakech.com\/wp-content\/uploads\/2023\/10\/Diadji-Diop-Spiritualite-I-2023-Sculpture-en-resine-epoxy-80-x-184-x184-cm-18x12.jpg 18w, https:\/\/cmgmarrakech.com\/wp-content\/uploads\/2023\/10\/Diadji-Diop-Spiritualite-I-2023-Sculpture-en-resine-epoxy-80-x-184-x184-cm-415x277.jpg 415w, https:\/\/cmgmarrakech.com\/wp-content\/uploads\/2023\/10\/Diadji-Diop-Spiritualite-I-2023-Sculpture-en-resine-epoxy-80-x-184-x184-cm-650x433.jpg 650w, https:\/\/cmgmarrakech.com\/wp-content\/uploads\/2023\/10\/Diadji-Diop-Spiritualite-I-2023-Sculpture-en-resine-epoxy-80-x-184-x184-cm-250x167.jpg 250w\" sizes=\"(max-width: 2000px) 100vw, 2000px\" \/>\t\t\t\t\t\t\t\t<\/a>\n\t\t\t\t\t\t\t\t\t\t\t\t\t\t\t<\/div>\n\t\t\t\t<div class=\"elementor-element elementor-element-b8bcedd elementor-widget elementor-widget-heading\" data-id=\"b8bcedd\" data-element_type=\"widget\" data-e-type=\"widget\" data-widget_type=\"heading.default\">\n\t\t\t\t\t<h2 class=\"elementor-heading-title elementor-size-default\"><a href=\"https:\/\/www.diptykmag.com\/que-voir-cette-semaine\/\" target=\"_blank\">Que voir cette semaine ?\n<\/a><\/h2>\t\t\t\t<\/div>\n\t\t\t\t<div class=\"elementor-element elementor-element-c91a436 elementor-widget elementor-widget-text-editor\" data-id=\"c91a436\" data-element_type=\"widget\" data-e-type=\"widget\" data-widget_type=\"text-editor.default\">\n\t\t\t\t\t\t\t\t\t<p>DIPTYK<\/p>\t\t\t\t\t\t\t\t<\/div>\n\t\t\t\t\t<\/div>\n\t\t<\/div>\n\t\t\t\t<div class=\"elementor-column elementor-col-50 elementor-top-column elementor-element elementor-element-fee1c31\" data-id=\"fee1c31\" data-element_type=\"column\" data-e-type=\"column\">\n\t\t\t<div class=\"elementor-widget-wrap elementor-element-populated\">\n\t\t\t\t\t\t<div class=\"elementor-element elementor-element-333bc80 elementor-widget elementor-widget-image\" data-id=\"333bc80\" data-element_type=\"widget\" data-e-type=\"widget\" data-widget_type=\"image.default\">\n\t\t\t\t\t\t\t\t\t\t\t\t\t\t\t\t<a href=\"https:\/\/www.jeuneafrique.com\/49089\/societe\/sculpture-diadji-diop-la-vie-en-rouge\/\" target=\"_blank\">\n\t\t\t\t\t\t\t<img decoding=\"async\" src=\"https:\/\/prod.cdn-medias.jeuneafrique.com\/cdn-cgi\/image\/q=auto,f=auto,metadata=none,width=2400,height=1600,fit=cover\/https:\/\/prod.cdn-medias.jeuneafrique.com\/medias\/2014\/07\/17\/RS56073_JA14112119110000-scr.jpg\" title=\"\" alt=\"\" loading=\"lazy\" \/>\t\t\t\t\t\t\t\t<\/a>\n\t\t\t\t\t\t\t\t\t\t\t\t\t\t\t<\/div>\n\t\t\t\t<div class=\"elementor-element elementor-element-152e2fb elementor-widget elementor-widget-heading\" data-id=\"152e2fb\" data-element_type=\"widget\" data-e-type=\"widget\" data-widget_type=\"heading.default\">\n\t\t\t\t\t<h2 class=\"elementor-heading-title elementor-size-default\"><a href=\"https:\/\/www.jeuneafrique.com\/49089\/societe\/sculpture-diadji-diop-la-vie-en-rouge\/\" target=\"_blank\">Sculpture : Diadji Diop, la vie en rouge\n<\/a><\/h2>\t\t\t\t<\/div>\n\t\t\t\t<div class=\"elementor-element elementor-element-817d4d4 elementor-widget elementor-widget-text-editor\" data-id=\"817d4d4\" data-element_type=\"widget\" data-e-type=\"widget\" data-widget_type=\"text-editor.default\">\n\t\t\t\t\t\t\t\t\t<p>Jeune Afrique<\/p>\t\t\t\t\t\t\t\t<\/div>\n\t\t\t\t\t<\/div>\n\t\t<\/div>\n\t\t\t\t\t<\/div>\n\t\t<\/section>\n\t\t\t\t<section class=\"elementor-section elementor-top-section elementor-element elementor-element-534bbc3 animated-slow elementor-section-boxed elementor-section-height-default elementor-section-height-default\" data-id=\"534bbc3\" data-element_type=\"section\" data-e-type=\"section\" data-settings=\"{&quot;animation&quot;:&quot;none&quot;}\">\n\t\t\t\t\t\t<div class=\"elementor-container elementor-column-gap-default\">\n\t\t\t\t\t<div class=\"elementor-column elementor-col-50 elementor-top-column elementor-element elementor-element-1531f51\" data-id=\"1531f51\" data-element_type=\"column\" data-e-type=\"column\">\n\t\t\t<div class=\"elementor-widget-wrap elementor-element-populated\">\n\t\t\t\t\t\t<div class=\"elementor-element elementor-element-920c2ba elementor-widget elementor-widget-image\" data-id=\"920c2ba\" data-element_type=\"widget\" data-e-type=\"widget\" data-widget_type=\"image.default\">\n\t\t\t\t\t\t\t\t\t\t\t\t\t\t\t\t<a href=\"https:\/\/mrac.laregion.fr\/Distance-Ardente-dans-le-cadre-de-la-Saison-Africa-2020\" target=\"_blank\">\n\t\t\t\t\t\t\t<img decoding=\"async\" src=\"https:\/\/mrac.laregion.fr\/local\/cache-vignettes\/L870xH580\/mracs_2020-distance_ardente-048-e536d.jpg?1697653108\" title=\"\" alt=\"\" loading=\"lazy\" \/>\t\t\t\t\t\t\t\t<\/a>\n\t\t\t\t\t\t\t\t\t\t\t\t\t\t\t<\/div>\n\t\t\t\t<div class=\"elementor-element elementor-element-f0c69ee elementor-widget elementor-widget-heading\" data-id=\"f0c69ee\" data-element_type=\"widget\" data-e-type=\"widget\" data-widget_type=\"heading.default\">\n\t\t\t\t\t<h2 class=\"elementor-heading-title elementor-size-default\"><a href=\"https:\/\/mrac.laregion.fr\/Distance-Ardente-dans-le-cadre-de-la-Saison-Africa-2020\" target=\"_blank\">\"Distance ardente\", dans le cadre de la Saison Africa2020\n<\/a><\/h2>\t\t\t\t<\/div>\n\t\t\t\t<div class=\"elementor-element elementor-element-60ff920 elementor-widget elementor-widget-text-editor\" data-id=\"60ff920\" data-element_type=\"widget\" data-e-type=\"widget\" data-widget_type=\"text-editor.default\">\n\t\t\t\t\t\t\t\t\t<p>MRAC<\/p>\t\t\t\t\t\t\t\t<\/div>\n\t\t\t\t\t<\/div>\n\t\t<\/div>\n\t\t\t\t<div class=\"elementor-column elementor-col-50 elementor-top-column elementor-element elementor-element-df03589\" data-id=\"df03589\" data-element_type=\"column\" data-e-type=\"column\">\n\t\t\t<div class=\"elementor-widget-wrap elementor-element-populated\">\n\t\t\t\t\t\t<div class=\"elementor-element elementor-element-d8e7e0c elementor-widget elementor-widget-image\" data-id=\"d8e7e0c\" data-element_type=\"widget\" data-e-type=\"widget\" data-widget_type=\"image.default\">\n\t\t\t\t\t\t\t\t\t\t\t\t\t\t\t\t<a href=\"https:\/\/www.dailymotion.com\/video\/xc7ze4\" target=\"_blank\">\n\t\t\t\t\t\t\t<img decoding=\"async\" src=\"https:\/\/www.histoire-immigration.fr\/sites\/default\/files\/musee\/photos\/diop.jpg\" title=\"\" alt=\"\" loading=\"lazy\" \/>\t\t\t\t\t\t\t\t<\/a>\n\t\t\t\t\t\t\t\t\t\t\t\t\t\t\t<\/div>\n\t\t\t\t<div class=\"elementor-element elementor-element-b3a30b6 elementor-widget elementor-widget-heading\" data-id=\"b3a30b6\" data-element_type=\"widget\" data-e-type=\"widget\" data-widget_type=\"heading.default\">\n\t\t\t\t\t<h2 class=\"elementor-heading-title elementor-size-default\"><a href=\"https:\/\/www.dailymotion.com\/video\/xc7ze4\" target=\"_blank\">Diadji Diop expose \u00e0 l'\u00c9lys\u00e9e<\/a><\/h2>\t\t\t\t<\/div>\n\t\t\t\t<div class=\"elementor-element elementor-element-f9c5109 elementor-widget elementor-widget-text-editor\" data-id=\"f9c5109\" data-element_type=\"widget\" data-e-type=\"widget\" data-widget_type=\"text-editor.default\">\n\t\t\t\t\t\t\t\t\t<p>l&rsquo;Elys\u00e9e<\/p>\t\t\t\t\t\t\t\t<\/div>\n\t\t\t\t\t<\/div>\n\t\t<\/div>\n\t\t\t\t\t<\/div>\n\t\t<\/section>\n\t\t\t\t<section class=\"elementor-section elementor-top-section elementor-element elementor-element-c55cfdf animated-slow elementor-section-boxed elementor-section-height-default elementor-section-height-default\" data-id=\"c55cfdf\" data-element_type=\"section\" data-e-type=\"section\" data-settings=\"{&quot;animation&quot;:&quot;none&quot;}\">\n\t\t\t\t\t\t<div class=\"elementor-container elementor-column-gap-default\">\n\t\t\t\t\t<div class=\"elementor-column elementor-col-50 elementor-top-column elementor-element elementor-element-c0984e1\" data-id=\"c0984e1\" data-element_type=\"column\" data-e-type=\"column\">\n\t\t\t<div class=\"elementor-widget-wrap elementor-element-populated\">\n\t\t\t\t\t\t<div class=\"elementor-element elementor-element-4667c1a elementor-widget elementor-widget-image\" data-id=\"4667c1a\" data-element_type=\"widget\" data-e-type=\"widget\" data-widget_type=\"image.default\">\n\t\t\t\t\t\t\t\t\t\t\t\t\t\t\t\t<a href=\"https:\/\/maisonsdumaroc.com\/arts\/fraternite-lexposition-evenement-a-decouvrir-au-comptoir-des-mines\" target=\"_blank\">\n\t\t\t\t\t\t\t<img decoding=\"async\" src=\"https:\/\/maisonsdumaroc.com\/wp-content\/uploads\/2023\/10\/Diadji-Diop-Fraternite-2.jpg\" title=\"\" alt=\"\" loading=\"lazy\" \/>\t\t\t\t\t\t\t\t<\/a>\n\t\t\t\t\t\t\t\t\t\t\t\t\t\t\t<\/div>\n\t\t\t\t<div class=\"elementor-element elementor-element-73880be elementor-widget elementor-widget-heading\" data-id=\"73880be\" data-element_type=\"widget\" data-e-type=\"widget\" data-widget_type=\"heading.default\">\n\t\t\t\t\t<h2 class=\"elementor-heading-title elementor-size-default\"><a href=\"https:\/\/maisonsdumaroc.com\/arts\/fraternite-lexposition-evenement-a-decouvrir-au-comptoir-des-mines\" target=\"_blank\">Fraternit\u00e9: l\u2019exposition \u00e9v\u00e8nement \u00e0 d\u00e9couvrir au Comptoir des Mines<\/a><\/h2>\t\t\t\t<\/div>\n\t\t\t\t<div class=\"elementor-element elementor-element-3f4f321 elementor-widget elementor-widget-text-editor\" data-id=\"3f4f321\" data-element_type=\"widget\" data-e-type=\"widget\" data-widget_type=\"text-editor.default\">\n\t\t\t\t\t\t\t\t\t<p>Maisons Du Maroc<\/p>\t\t\t\t\t\t\t\t<\/div>\n\t\t\t\t\t<\/div>\n\t\t<\/div>\n\t\t\t\t<div class=\"elementor-column elementor-col-50 elementor-top-column elementor-element elementor-element-79a173e\" data-id=\"79a173e\" data-element_type=\"column\" data-e-type=\"column\">\n\t\t\t<div class=\"elementor-widget-wrap elementor-element-populated\">\n\t\t\t\t\t\t<div class=\"elementor-element elementor-element-d7010ad elementor-widget elementor-widget-image\" data-id=\"d7010ad\" data-element_type=\"widget\" data-e-type=\"widget\" data-widget_type=\"image.default\">\n\t\t\t\t\t\t\t\t\t\t\t\t\t\t\t\t<a href=\"https:\/\/www.histoire-immigration.fr\/collections\/dans-le-bonheur\" target=\"_blank\">\n\t\t\t\t\t\t\t<img decoding=\"async\" src=\"https:\/\/www.histoire-immigration.fr\/sites\/default\/files\/styles\/notice_slider_desktop\/public\/musee\/photos\/diop.jpg?itok=L-UaP1OT\" title=\"\" alt=\"\" loading=\"lazy\" \/>\t\t\t\t\t\t\t\t<\/a>\n\t\t\t\t\t\t\t\t\t\t\t\t\t\t\t<\/div>\n\t\t\t\t<div class=\"elementor-element elementor-element-9a12a66 elementor-widget elementor-widget-heading\" data-id=\"9a12a66\" data-element_type=\"widget\" data-e-type=\"widget\" data-widget_type=\"heading.default\">\n\t\t\t\t\t<h2 class=\"elementor-heading-title elementor-size-default\"><a href=\"https:\/\/www.histoire-immigration.fr\/collections\/dans-le-bonheur\" target=\"_blank\">... Dans le bonheur\n<\/a><\/h2>\t\t\t\t<\/div>\n\t\t\t\t<div class=\"elementor-element elementor-element-54ac483 elementor-widget elementor-widget-text-editor\" data-id=\"54ac483\" data-element_type=\"widget\" data-e-type=\"widget\" data-widget_type=\"text-editor.default\">\n\t\t\t\t\t\t\t\t\t<p>Mus\u00e9e de l&rsquo;histoire de l&rsquo;immigration<\/p>\t\t\t\t\t\t\t\t<\/div>\n\t\t\t\t\t<\/div>\n\t\t<\/div>\n\t\t\t\t\t<\/div>\n\t\t<\/section>\n\t\t\t\t<section class=\"elementor-section elementor-top-section elementor-element elementor-element-433959f animated-slow elementor-section-boxed elementor-section-height-default elementor-section-height-default\" data-id=\"433959f\" data-element_type=\"section\" data-e-type=\"section\" data-settings=\"{&quot;animation&quot;:&quot;none&quot;}\">\n\t\t\t\t\t\t<div class=\"elementor-container elementor-column-gap-default\">\n\t\t\t\t\t<div class=\"elementor-column elementor-col-50 elementor-top-column elementor-element elementor-element-77001a0\" data-id=\"77001a0\" data-element_type=\"column\" data-e-type=\"column\">\n\t\t\t<div class=\"elementor-widget-wrap elementor-element-populated\">\n\t\t\t\t\t\t<div class=\"elementor-element elementor-element-c32627e elementor-widget elementor-widget-image\" data-id=\"c32627e\" data-element_type=\"widget\" data-e-type=\"widget\" data-widget_type=\"image.default\">\n\t\t\t\t\t\t\t\t\t\t\t\t\t\t\t\t<a href=\"https:\/\/www.bbc.com\/afrique\/region-61580142\" target=\"_blank\">\n\t\t\t\t\t\t\t<img decoding=\"async\" src=\"https:\/\/ichef.bbci.co.uk\/news\/800\/cpsprodpb\/1080C\/production\/_124869576_mediaitem124869575.jpg\" title=\"\" alt=\"\" loading=\"lazy\" \/>\t\t\t\t\t\t\t\t<\/a>\n\t\t\t\t\t\t\t\t\t\t\t\t\t\t\t<\/div>\n\t\t\t\t<div class=\"elementor-element elementor-element-a07b342 elementor-widget elementor-widget-heading\" data-id=\"a07b342\" data-element_type=\"widget\" data-e-type=\"widget\" data-widget_type=\"heading.default\">\n\t\t\t\t\t<h2 class=\"elementor-heading-title elementor-size-default\"><a href=\"https:\/\/www.bbc.com\/afrique\/region-61580142\" target=\"_blank\">La Biennale de Dakar au S\u00e9n\u00e9gal : des nageurs rouges aux th\u00e9i\u00e8res flottantes<\/a><\/h2>\t\t\t\t<\/div>\n\t\t\t\t<div class=\"elementor-element elementor-element-fbeeb93 elementor-widget elementor-widget-text-editor\" data-id=\"fbeeb93\" data-element_type=\"widget\" data-e-type=\"widget\" data-widget_type=\"text-editor.default\">\n\t\t\t\t\t\t\t\t\t<p>BBC<\/p>\t\t\t\t\t\t\t\t<\/div>\n\t\t\t\t\t<\/div>\n\t\t<\/div>\n\t\t\t\t<div class=\"elementor-column elementor-col-50 elementor-top-column elementor-element elementor-element-4e8f442\" data-id=\"4e8f442\" data-element_type=\"column\" data-e-type=\"column\">\n\t\t\t<div class=\"elementor-widget-wrap elementor-element-populated\">\n\t\t\t\t\t\t<div class=\"elementor-element elementor-element-f4da5e8 elementor-widget elementor-widget-image\" data-id=\"f4da5e8\" data-element_type=\"widget\" data-e-type=\"widget\" data-widget_type=\"image.default\">\n\t\t\t\t\t\t\t\t\t\t\t\t\t\t\t\t<a href=\"https:\/\/www.labiennaledelyon.com\/fr\/biennale\/16e-biennale-dart-contemporain-2022\/resonance\/vernissage-de-loeuvre-submersion-de-diadji-diop\" target=\"_blank\">\n\t\t\t\t\t\t\t<img decoding=\"async\" src=\"https:\/\/api.biennaledelyon.com\/assets\/w1920-q70\/525b99af\/submersion_espace_d_art_contemporain_le_mikado_ok.jpg.webp\" title=\"\" alt=\"\" loading=\"lazy\" \/>\t\t\t\t\t\t\t\t<\/a>\n\t\t\t\t\t\t\t\t\t\t\t\t\t\t\t<\/div>\n\t\t\t\t<div class=\"elementor-element elementor-element-a9acbe2 elementor-widget elementor-widget-heading\" data-id=\"a9acbe2\" data-element_type=\"widget\" data-e-type=\"widget\" data-widget_type=\"heading.default\">\n\t\t\t\t\t<h2 class=\"elementor-heading-title elementor-size-default\"><a href=\"https:\/\/www.labiennaledelyon.com\/fr\/biennale\/16e-biennale-dart-contemporain-2022\/resonance\/vernissage-de-loeuvre-submersion-de-diadji-diop\" target=\"_blank\">Inauguration de Submersion, oeuvre monumentale de Diadji Diop<\/a><\/h2>\t\t\t\t<\/div>\n\t\t\t\t<div class=\"elementor-element elementor-element-923ae30 elementor-widget elementor-widget-text-editor\" data-id=\"923ae30\" data-element_type=\"widget\" data-e-type=\"widget\" data-widget_type=\"text-editor.default\">\n\t\t\t\t\t\t\t\t\t<p>Biennale de Lyon<\/p>\t\t\t\t\t\t\t\t<\/div>\n\t\t\t\t\t<\/div>\n\t\t<\/div>\n\t\t\t\t\t<\/div>\n\t\t<\/section>\n\t\t\t\t<section class=\"elementor-section elementor-top-section elementor-element elementor-element-cb35c58 animated-slow elementor-section-boxed elementor-section-height-default elementor-section-height-default\" data-id=\"cb35c58\" data-element_type=\"section\" data-e-type=\"section\" data-settings=\"{&quot;animation&quot;:&quot;none&quot;}\">\n\t\t\t\t\t\t<div class=\"elementor-container elementor-column-gap-default\">\n\t\t\t\t\t<div class=\"elementor-column elementor-col-50 elementor-top-column elementor-element elementor-element-f24b841\" data-id=\"f24b841\" data-element_type=\"column\" data-e-type=\"column\">\n\t\t\t<div class=\"elementor-widget-wrap elementor-element-populated\">\n\t\t\t\t\t\t<div class=\"elementor-element elementor-element-af0a632 elementor-widget elementor-widget-image\" data-id=\"af0a632\" data-element_type=\"widget\" data-e-type=\"widget\" data-widget_type=\"image.default\">\n\t\t\t\t\t\t\t\t\t\t\t\t\t\t\t\t<a href=\"https:\/\/femmesdumaroc.com\/inspiration\/culture\/diadji-diop-expose-fraternite-au-comptoir-des-mines-marrakech\" target=\"_blank\">\n\t\t\t\t\t\t\t<img decoding=\"async\" src=\"https:\/\/femmesdumaroc.com\/wp-content\/uploads\/2023\/10\/Diadji-Diop2.jpg\" title=\"\" alt=\"\" loading=\"lazy\" \/>\t\t\t\t\t\t\t\t<\/a>\n\t\t\t\t\t\t\t\t\t\t\t\t\t\t\t<\/div>\n\t\t\t\t<div class=\"elementor-element elementor-element-0e14a4a elementor-widget elementor-widget-heading\" data-id=\"0e14a4a\" data-element_type=\"widget\" data-e-type=\"widget\" data-widget_type=\"heading.default\">\n\t\t\t\t\t<h2 class=\"elementor-heading-title elementor-size-default\"><a href=\"https:\/\/femmesdumaroc.com\/inspiration\/culture\/diadji-diop-expose-fraternite-au-comptoir-des-mines-marrakech\" target=\"_blank\">Diadji Diop expose \u201cFraternit\u00e9\u201d au Comptoir des Mines Marrakech<\/a><\/h2>\t\t\t\t<\/div>\n\t\t\t\t<div class=\"elementor-element elementor-element-2e7fd11 elementor-widget elementor-widget-text-editor\" data-id=\"2e7fd11\" data-element_type=\"widget\" data-e-type=\"widget\" data-widget_type=\"text-editor.default\">\n\t\t\t\t\t\t\t\t\t<p>Femmes Du Maroc<\/p>\t\t\t\t\t\t\t\t<\/div>\n\t\t\t\t\t<\/div>\n\t\t<\/div>\n\t\t\t\t<div class=\"elementor-column elementor-col-50 elementor-top-column elementor-element elementor-element-ba66553\" data-id=\"ba66553\" data-element_type=\"column\" data-e-type=\"column\">\n\t\t\t<div class=\"elementor-widget-wrap elementor-element-populated\">\n\t\t\t\t\t\t<div class=\"elementor-element elementor-element-82cc302 elementor-widget elementor-widget-image\" data-id=\"82cc302\" data-element_type=\"widget\" data-e-type=\"widget\" data-widget_type=\"image.default\">\n\t\t\t\t\t\t\t\t\t\t\t\t\t\t\t\t<a href=\"https:\/\/www.milanotoday.it\/attualita\/scultura-universita-diop.html\" target=\"_blank\">\n\t\t\t\t\t\t\t<img decoding=\"async\" src=\"https:\/\/citynews-milanotoday.stgy.ovh\/~media\/horizontal-hi\/31453470425011\/statale-9.jpg\" title=\"\" alt=\"\" loading=\"lazy\" \/>\t\t\t\t\t\t\t\t<\/a>\n\t\t\t\t\t\t\t\t\t\t\t\t\t\t\t<\/div>\n\t\t\t\t<div class=\"elementor-element elementor-element-40026af elementor-widget elementor-widget-heading\" data-id=\"40026af\" data-element_type=\"widget\" data-e-type=\"widget\" data-widget_type=\"heading.default\">\n\t\t\t\t\t<h2 class=\"elementor-heading-title elementor-size-default\"><a href=\"https:\/\/www.milanotoday.it\/attualita\/scultura-universita-diop.html\" target=\"_blank\">La nuova scultura nel cortile della Statale\n<\/a><\/h2>\t\t\t\t<\/div>\n\t\t\t\t<div class=\"elementor-element elementor-element-18cb31b elementor-widget elementor-widget-text-editor\" data-id=\"18cb31b\" data-element_type=\"widget\" data-e-type=\"widget\" data-widget_type=\"text-editor.default\">\n\t\t\t\t\t\t\t\t\t<p>Milano Today<\/p>\t\t\t\t\t\t\t\t<\/div>\n\t\t\t\t\t<\/div>\n\t\t<\/div>\n\t\t\t\t\t<\/div>\n\t\t<\/section>\n\t\t\t\t<section class=\"elementor-section elementor-top-section elementor-element elementor-element-a23ee7c animated-slow elementor-section-boxed elementor-section-height-default elementor-section-height-default\" data-id=\"a23ee7c\" data-element_type=\"section\" data-e-type=\"section\" data-settings=\"{&quot;animation&quot;:&quot;none&quot;}\">\n\t\t\t\t\t\t<div class=\"elementor-container elementor-column-gap-default\">\n\t\t\t\t\t<div class=\"elementor-column elementor-col-50 elementor-top-column elementor-element elementor-element-2859742\" data-id=\"2859742\" data-element_type=\"column\" data-e-type=\"column\">\n\t\t\t<div class=\"elementor-widget-wrap elementor-element-populated\">\n\t\t\t\t\t\t<div class=\"elementor-element elementor-element-709125f elementor-widget elementor-widget-image\" data-id=\"709125f\" data-element_type=\"widget\" data-e-type=\"widget\" data-widget_type=\"image.default\">\n\t\t\t\t\t\t\t\t\t\t\t\t\t\t\t\t<a href=\"https:\/\/www.diptykmag.com\/kamal-essoussi-donne-vie-aux-reves-des-artistes\/\" target=\"_blank\">\n\t\t\t\t\t\t\t<img decoding=\"async\" src=\"https:\/\/www.diptykmag.com\/wp-content\/uploads\/2023\/07\/essoussi_UNE.jpg\" title=\"\" alt=\"\" loading=\"lazy\" \/>\t\t\t\t\t\t\t\t<\/a>\n\t\t\t\t\t\t\t\t\t\t\t\t\t\t\t<\/div>\n\t\t\t\t<div class=\"elementor-element elementor-element-bc9cbbc elementor-widget elementor-widget-heading\" data-id=\"bc9cbbc\" data-element_type=\"widget\" data-e-type=\"widget\" data-widget_type=\"heading.default\">\n\t\t\t\t\t<h2 class=\"elementor-heading-title elementor-size-default\"><a href=\"https:\/\/www.diptykmag.com\/kamal-essoussi-donne-vie-aux-reves-des-artistes\/\" target=\"_blank\">Kamal Essoussi donne vie aux r\u00eaves des artistes<\/a><\/h2>\t\t\t\t<\/div>\n\t\t\t\t<div class=\"elementor-element elementor-element-4d5b1f0 elementor-widget elementor-widget-text-editor\" data-id=\"4d5b1f0\" data-element_type=\"widget\" data-e-type=\"widget\" data-widget_type=\"text-editor.default\">\n\t\t\t\t\t\t\t\t\t<p><a href=\"https:\/\/www.diptykmag.com\/kamal-essoussi-donne-vie-aux-reves-des-artistes\/\">Diptyk<\/a><\/p>\t\t\t\t\t\t\t\t<\/div>\n\t\t\t\t\t<\/div>\n\t\t<\/div>\n\t\t\t\t<div class=\"elementor-column elementor-col-50 elementor-top-column elementor-element elementor-element-74a8750\" data-id=\"74a8750\" data-element_type=\"column\" data-e-type=\"column\">\n\t\t\t<div class=\"elementor-widget-wrap elementor-element-populated\">\n\t\t\t\t\t\t<div class=\"elementor-element elementor-element-3543e66 elementor-widget elementor-widget-image\" data-id=\"3543e66\" data-element_type=\"widget\" data-e-type=\"widget\" data-widget_type=\"image.default\">\n\t\t\t\t\t\t\t\t\t\t\t\t\t\t\t\t<a href=\"https:\/\/africultures.com\/diadji-diop-lenergie-et-le-mouvement\/\" target=\"_blank\">\n\t\t\t\t\t\t\t<img decoding=\"async\" src=\"https:\/\/africultures.com\/wp-content\/uploads\/2022\/06\/De-retour-du-styx-210x200x600-cm-r%C3%A9sine-epoxy-2015-1536x1152.jpg\" title=\"\" alt=\"\" loading=\"lazy\" \/>\t\t\t\t\t\t\t\t<\/a>\n\t\t\t\t\t\t\t\t\t\t\t\t\t\t\t<\/div>\n\t\t\t\t<div class=\"elementor-element elementor-element-48f1d83 elementor-widget elementor-widget-heading\" data-id=\"48f1d83\" data-element_type=\"widget\" data-e-type=\"widget\" data-widget_type=\"heading.default\">\n\t\t\t\t\t<h2 class=\"elementor-heading-title elementor-size-default\"><a href=\"https:\/\/africultures.com\/diadji-diop-lenergie-et-le-mouvement\/\" target=\"_blank\">Diadji Diop, L\u2019\u00e9nergie et le mouvement\n<\/a><\/h2>\t\t\t\t<\/div>\n\t\t\t\t<div class=\"elementor-element elementor-element-695278c elementor-widget elementor-widget-text-editor\" data-id=\"695278c\" data-element_type=\"widget\" data-e-type=\"widget\" data-widget_type=\"text-editor.default\">\n\t\t\t\t\t\t\t\t\t<p>Africultures<\/p>\t\t\t\t\t\t\t\t<\/div>\n\t\t\t\t\t<\/div>\n\t\t<\/div>\n\t\t\t\t\t<\/div>\n\t\t<\/section>\n\t\t\t\t<section class=\"elementor-section elementor-top-section elementor-element elementor-element-fd4b601 animated-slow elementor-section-boxed elementor-section-height-default elementor-section-height-default\" data-id=\"fd4b601\" data-element_type=\"section\" data-e-type=\"section\" data-settings=\"{&quot;animation&quot;:&quot;none&quot;}\">\n\t\t\t\t\t\t<div class=\"elementor-container elementor-column-gap-default\">\n\t\t\t\t\t<div class=\"elementor-column elementor-col-50 elementor-top-column elementor-element elementor-element-3e8ff01\" data-id=\"3e8ff01\" data-element_type=\"column\" data-e-type=\"column\">\n\t\t\t<div class=\"elementor-widget-wrap elementor-element-populated\">\n\t\t\t\t\t\t<div class=\"elementor-element elementor-element-6286e14 elementor-widget elementor-widget-image\" data-id=\"6286e14\" data-element_type=\"widget\" data-e-type=\"widget\" data-widget_type=\"image.default\">\n\t\t\t\t\t\t\t\t\t\t\t\t\t\t\t\t<a href=\"https:\/\/www.diptykmag.com\/expo-comment-retisser-les-liens-entre-la-france-et-le-continent-africain\/\" target=\"_blank\">\n\t\t\t\t\t\t\t<img decoding=\"async\" src=\"https:\/\/www.diptykmag.com\/wp-content\/uploads\/2021\/07\/diptyk56-FINALHD-83.jpg\" title=\"\" alt=\"\" loading=\"lazy\" \/>\t\t\t\t\t\t\t\t<\/a>\n\t\t\t\t\t\t\t\t\t\t\t\t\t\t\t<\/div>\n\t\t\t\t<div class=\"elementor-element elementor-element-003df8b elementor-widget elementor-widget-heading\" data-id=\"003df8b\" data-element_type=\"widget\" data-e-type=\"widget\" data-widget_type=\"heading.default\">\n\t\t\t\t\t<h2 class=\"elementor-heading-title elementor-size-default\"><a href=\"https:\/\/www.diptykmag.com\/expo-comment-retisser-les-liens-entre-la-france-et-le-continent-africain\/\" target=\"_blank\">Comment retisser les liens entre la France et le continent africain ?<\/a><\/h2>\t\t\t\t<\/div>\n\t\t\t\t<div class=\"elementor-element elementor-element-f93aa93 elementor-widget elementor-widget-text-editor\" data-id=\"f93aa93\" data-element_type=\"widget\" data-e-type=\"widget\" data-widget_type=\"text-editor.default\">\n\t\t\t\t\t\t\t\t\t<p><a href=\"https:\/\/www.diptykmag.com\/expo-comment-retisser-les-liens-entre-la-france-et-le-continent-africain\/\">Diptyk<\/a><\/p>\t\t\t\t\t\t\t\t<\/div>\n\t\t\t\t\t<\/div>\n\t\t<\/div>\n\t\t\t\t<div class=\"elementor-column elementor-col-50 elementor-top-column elementor-element elementor-element-9359b2d\" data-id=\"9359b2d\" data-element_type=\"column\" data-e-type=\"column\">\n\t\t\t<div class=\"elementor-widget-wrap elementor-element-populated\">\n\t\t\t\t\t\t<div class=\"elementor-element elementor-element-d88f3b6 elementor-widget elementor-widget-image\" data-id=\"d88f3b6\" data-element_type=\"widget\" data-e-type=\"widget\" data-widget_type=\"image.default\">\n\t\t\t\t\t\t\t\t\t\t\t\t\t\t\t\t<a href=\"https:\/\/www.instagram.com\/p\/CwLPkJutyO7\/?img_index=2\" target=\"_blank\">\n\t\t\t\t\t\t\t<img decoding=\"async\" src=\"https:\/\/www.diptykmag.com\/wp-content\/uploads\/2020\/03\/AFRICA-2020.jpg\" title=\"\" alt=\"\" loading=\"lazy\" \/>\t\t\t\t\t\t\t\t<\/a>\n\t\t\t\t\t\t\t\t\t\t\t\t\t\t\t<\/div>\n\t\t\t\t<div class=\"elementor-element elementor-element-730a9a7 elementor-widget elementor-widget-heading\" data-id=\"730a9a7\" data-element_type=\"widget\" data-e-type=\"widget\" data-widget_type=\"heading.default\">\n\t\t\t\t\t<h2 class=\"elementor-heading-title elementor-size-default\"><a href=\"https:\/\/www.diptykmag.com\/africa-2020-premieres-indiscretions\/\" target=\"_blank\">Saison Africa 2020 : premie\u0300res indiscre\u0301tions<\/a><\/h2>\t\t\t\t<\/div>\n\t\t\t\t<div class=\"elementor-element elementor-element-e5e5769 elementor-widget elementor-widget-text-editor\" data-id=\"e5e5769\" data-element_type=\"widget\" data-e-type=\"widget\" data-widget_type=\"text-editor.default\">\n\t\t\t\t\t\t\t\t\t<p><a href=\"https:\/\/www.diptykmag.com\/africa-2020-premieres-indiscretions\/\">Diptyk<\/a><\/p>\t\t\t\t\t\t\t\t<\/div>\n\t\t\t\t\t<\/div>\n\t\t<\/div>\n\t\t\t\t\t<\/div>\n\t\t<\/section>\n\t\t\t\t<section class=\"elementor-section elementor-top-section elementor-element elementor-element-02e4906 animated-slow elementor-section-boxed elementor-section-height-default elementor-section-height-default\" data-id=\"02e4906\" data-element_type=\"section\" data-e-type=\"section\" data-settings=\"{&quot;animation&quot;:&quot;none&quot;}\">\n\t\t\t\t\t\t<div class=\"elementor-container elementor-column-gap-default\">\n\t\t\t\t\t<div class=\"elementor-column elementor-col-50 elementor-top-column elementor-element elementor-element-556f211\" data-id=\"556f211\" data-element_type=\"column\" data-e-type=\"column\">\n\t\t\t<div class=\"elementor-widget-wrap elementor-element-populated\">\n\t\t\t\t\t\t<div class=\"elementor-element elementor-element-fdc98f5 elementor-widget elementor-widget-image\" data-id=\"fdc98f5\" data-element_type=\"widget\" data-e-type=\"widget\" data-widget_type=\"image.default\">\n\t\t\t\t\t\t\t\t\t\t\t\t\t\t\t\t<a href=\"https:\/\/www.timeout.fr\/paris\/voyage\/les-meilleurs-plans-a-faire-a-marrakech\" target=\"_blank\">\n\t\t\t\t\t\t\t<img decoding=\"async\" src=\"https:\/\/media.timeout.com\/images\/105935050\/1372\/1029\/image.jpg\" title=\"\" alt=\"\" loading=\"lazy\" \/>\t\t\t\t\t\t\t\t<\/a>\n\t\t\t\t\t\t\t\t\t\t\t\t\t\t\t<\/div>\n\t\t\t\t<div class=\"elementor-element elementor-element-07108b5 elementor-widget elementor-widget-heading\" data-id=\"07108b5\" data-element_type=\"widget\" data-e-type=\"widget\" data-widget_type=\"heading.default\">\n\t\t\t\t\t<h2 class=\"elementor-heading-title elementor-size-default\"><a href=\"https:\/\/www.timeout.fr\/paris\/voyage\/les-meilleurs-plans-a-faire-a-marrakech\" target=\"_blank\">Les meilleurs plans \u00e0 faire \u00e0 Marrakech<\/a><\/h2>\t\t\t\t<\/div>\n\t\t\t\t<div class=\"elementor-element elementor-element-6ad6952 elementor-widget elementor-widget-text-editor\" data-id=\"6ad6952\" data-element_type=\"widget\" data-e-type=\"widget\" data-widget_type=\"text-editor.default\">\n\t\t\t\t\t\t\t\t\t<p><a href=\"https:\/\/www.timeout.fr\/paris\/voyage\/les-meilleurs-plans-a-faire-a-marrakech\">Time Out<\/a><\/p>\t\t\t\t\t\t\t\t<\/div>\n\t\t\t\t\t<\/div>\n\t\t<\/div>\n\t\t\t\t<div class=\"elementor-column elementor-col-50 elementor-top-column elementor-element elementor-element-3de306a\" data-id=\"3de306a\" data-element_type=\"column\" data-e-type=\"column\">\n\t\t\t<div class=\"elementor-widget-wrap elementor-element-populated\">\n\t\t\t\t\t\t<div class=\"elementor-element elementor-element-b9ebdfd elementor-widget elementor-widget-image\" data-id=\"b9ebdfd\" data-element_type=\"widget\" data-e-type=\"widget\" data-widget_type=\"image.default\">\n\t\t\t\t\t\t\t\t\t\t\t\t\t\t\t\t<a href=\"https:\/\/www.instagram.com\/p\/CwLPkJutyO7\/?img_index=2\" target=\"_blank\">\n\t\t\t\t\t\t\t<img loading=\"lazy\" decoding=\"async\" width=\"1710\" height=\"1294\" src=\"https:\/\/cmgmarrakech.com\/wp-content\/uploads\/2023\/09\/timeout-cmgmarrakech.jpg\" class=\"attachment-full size-full wp-image-10806\" alt=\"\" srcset=\"https:\/\/cmgmarrakech.com\/wp-content\/uploads\/2023\/09\/timeout-cmgmarrakech.jpg 1710w, https:\/\/cmgmarrakech.com\/wp-content\/uploads\/2023\/09\/timeout-cmgmarrakech-300x227.jpg 300w, https:\/\/cmgmarrakech.com\/wp-content\/uploads\/2023\/09\/timeout-cmgmarrakech-1024x775.jpg 1024w, https:\/\/cmgmarrakech.com\/wp-content\/uploads\/2023\/09\/timeout-cmgmarrakech-768x581.jpg 768w, https:\/\/cmgmarrakech.com\/wp-content\/uploads\/2023\/09\/timeout-cmgmarrakech-1536x1162.jpg 1536w, https:\/\/cmgmarrakech.com\/wp-content\/uploads\/2023\/09\/timeout-cmgmarrakech-16x12.jpg 16w, https:\/\/cmgmarrakech.com\/wp-content\/uploads\/2023\/09\/timeout-cmgmarrakech-415x314.jpg 415w, https:\/\/cmgmarrakech.com\/wp-content\/uploads\/2023\/09\/timeout-cmgmarrakech-650x492.jpg 650w, https:\/\/cmgmarrakech.com\/wp-content\/uploads\/2023\/09\/timeout-cmgmarrakech-250x189.jpg 250w\" sizes=\"(max-width: 1710px) 100vw, 1710px\" \/>\t\t\t\t\t\t\t\t<\/a>\n\t\t\t\t\t\t\t\t\t\t\t\t\t\t\t<\/div>\n\t\t\t\t<div class=\"elementor-element elementor-element-dd60fcb elementor-widget elementor-widget-heading\" data-id=\"dd60fcb\" data-element_type=\"widget\" data-e-type=\"widget\" data-widget_type=\"heading.default\">\n\t\t\t\t\t<h2 class=\"elementor-heading-title elementor-size-default\"><a href=\"https:\/\/www.instagram.com\/p\/CwLPkJutyO7\/?img_index=2\" target=\"_blank\">Les meilleurs plans \u00e0 faire \u00e0 Marrakech<\/a><\/h2>\t\t\t\t<\/div>\n\t\t\t\t<div class=\"elementor-element elementor-element-804009c elementor-widget elementor-widget-text-editor\" data-id=\"804009c\" data-element_type=\"widget\" data-e-type=\"widget\" data-widget_type=\"text-editor.default\">\n\t\t\t\t\t\t\t\t\t<p><a href=\"https:\/\/www.instagram.com\/p\/CwLPkJutyO7\/?img_index=2\">Time Out<\/a><\/p>\t\t\t\t\t\t\t\t<\/div>\n\t\t\t\t\t<\/div>\n\t\t<\/div>\n\t\t\t\t\t<\/div>\n\t\t<\/section>\n\t\t\t\t<section class=\"elementor-section elementor-top-section elementor-element elementor-element-aa80404 animated-slow elementor-section-boxed elementor-section-height-default elementor-section-height-default\" data-id=\"aa80404\" data-element_type=\"section\" data-e-type=\"section\" data-settings=\"{&quot;animation&quot;:&quot;none&quot;}\">\n\t\t\t\t\t\t<div class=\"elementor-container elementor-column-gap-default\">\n\t\t\t\t\t<div class=\"elementor-column elementor-col-50 elementor-top-column elementor-element elementor-element-aa8d8c5\" data-id=\"aa8d8c5\" data-element_type=\"column\" data-e-type=\"column\">\n\t\t\t<div class=\"elementor-widget-wrap elementor-element-populated\">\n\t\t\t\t\t\t<div class=\"elementor-element elementor-element-70f440e elementor-widget elementor-widget-image\" data-id=\"70f440e\" data-element_type=\"widget\" data-e-type=\"widget\" data-widget_type=\"image.default\">\n\t\t\t\t\t\t\t\t\t\t\t\t\t\t\t\t<a href=\"https:\/\/femmesdumaroc.com\/inspiration\/radar\/escales-signature-celebre-ses-5-ans\" target=\"_blank\">\n\t\t\t\t\t\t\t<img decoding=\"async\" src=\"https:\/\/femmesdumaroc.com\/wp-content\/uploads\/2023\/06\/Escales-Signature2.jpg\" title=\"\" alt=\"\" loading=\"lazy\" \/>\t\t\t\t\t\t\t\t<\/a>\n\t\t\t\t\t\t\t\t\t\t\t\t\t\t\t<\/div>\n\t\t\t\t<div class=\"elementor-element elementor-element-a07c76f elementor-widget elementor-widget-heading\" data-id=\"a07c76f\" data-element_type=\"widget\" data-e-type=\"widget\" data-widget_type=\"heading.default\">\n\t\t\t\t\t<h2 class=\"elementor-heading-title elementor-size-default\"><a href=\"https:\/\/femmesdumaroc.com\/inspiration\/radar\/escales-signature-celebre-ses-5-ans\" target=\"_blank\">Escales Signature c\u00e9l\u00e8bre ses 5 ans<\/a><\/h2>\t\t\t\t<\/div>\n\t\t\t\t<div class=\"elementor-element elementor-element-67e0556 elementor-widget elementor-widget-text-editor\" data-id=\"67e0556\" data-element_type=\"widget\" data-e-type=\"widget\" data-widget_type=\"text-editor.default\">\n\t\t\t\t\t\t\t\t\t<div class=\"container\"><div class=\"row filter-row\"><div class=\"col-md-9\"><a href=\"https:\/\/femmesdumaroc.com\/inspiration\/radar\/escales-signature-celebre-ses-5-ans\">Femmes Du Maroc<\/a><\/div><\/div><\/div>\t\t\t\t\t\t\t\t<\/div>\n\t\t\t\t\t<\/div>\n\t\t<\/div>\n\t\t\t\t<div class=\"elementor-column elementor-col-50 elementor-top-column elementor-element elementor-element-2e5fc5d\" data-id=\"2e5fc5d\" data-element_type=\"column\" data-e-type=\"column\">\n\t\t\t<div class=\"elementor-widget-wrap elementor-element-populated\">\n\t\t\t\t\t\t<div class=\"elementor-element elementor-element-479f981 elementor-widget elementor-widget-image\" data-id=\"479f981\" data-element_type=\"widget\" data-e-type=\"widget\" data-widget_type=\"image.default\">\n\t\t\t\t\t\t\t\t\t\t\t\t\t\t\t\t<a href=\"https:\/\/www.madein.city\/marrakech\/fr\/stories\/la-nuit-des-musees-revient-pour-une-seconde-edition-12249\/\" target=\"_blank\">\n\t\t\t\t\t\t\t<img decoding=\"async\" src=\"https:\/\/if-maroc.org\/casablanca\/wp-content\/uploads\/sites\/5\/2023\/06\/NUIT-DES-MUSEES.jpg\" title=\"\" alt=\"\" loading=\"lazy\" \/>\t\t\t\t\t\t\t\t<\/a>\n\t\t\t\t\t\t\t\t\t\t\t\t\t\t\t<\/div>\n\t\t\t\t<div class=\"elementor-element elementor-element-40643c5 elementor-widget elementor-widget-heading\" data-id=\"40643c5\" data-element_type=\"widget\" data-e-type=\"widget\" data-widget_type=\"heading.default\">\n\t\t\t\t\t<h2 class=\"elementor-heading-title elementor-size-default\"><a href=\"https:\/\/www.madein.city\/marrakech\/fr\/stories\/la-nuit-des-musees-revient-pour-une-seconde-edition-12249\/\" target=\"_blank\">Nuit des mus\u00e9es et des espaces culturels - 26 Juin 2023<\/a><\/h2>\t\t\t\t<\/div>\n\t\t\t\t<div class=\"elementor-element elementor-element-c7e8b18 elementor-widget elementor-widget-text-editor\" data-id=\"c7e8b18\" data-element_type=\"widget\" data-e-type=\"widget\" data-widget_type=\"text-editor.default\">\n\t\t\t\t\t\t\t\t\t<p><a href=\"https:\/\/www.madein.city\/marrakech\/fr\/stories\/la-nuit-des-musees-revient-pour-une-seconde-edition-12249\/\">Made In City<\/a><\/p>\t\t\t\t\t\t\t\t<\/div>\n\t\t\t\t\t<\/div>\n\t\t<\/div>\n\t\t\t\t\t<\/div>\n\t\t<\/section>\n\t\t\t\t<section class=\"elementor-section elementor-top-section elementor-element elementor-element-974af90 animated-slow elementor-section-boxed elementor-section-height-default elementor-section-height-default\" data-id=\"974af90\" data-element_type=\"section\" data-e-type=\"section\" data-settings=\"{&quot;animation&quot;:&quot;none&quot;}\">\n\t\t\t\t\t\t<div class=\"elementor-container elementor-column-gap-default\">\n\t\t\t\t\t<div class=\"elementor-column elementor-col-50 elementor-top-column elementor-element elementor-element-5eba8ca\" data-id=\"5eba8ca\" data-element_type=\"column\" data-e-type=\"column\">\n\t\t\t<div class=\"elementor-widget-wrap elementor-element-populated\">\n\t\t\t\t\t\t<div class=\"elementor-element elementor-element-11bd3db elementor-widget elementor-widget-image\" data-id=\"11bd3db\" data-element_type=\"widget\" data-e-type=\"widget\" data-widget_type=\"image.default\">\n\t\t\t\t\t\t\t\t\t\t\t\t\t\t\t\t<a href=\"https:\/\/www.leconomiste.com\/article\/1104312-arts-culture-week-end-bachir-demnati-l-abstraction-en-equilibre\" target=\"_blank\">\n\t\t\t\t\t\t\t<img loading=\"lazy\" decoding=\"async\" width=\"2000\" height=\"1334\" src=\"https:\/\/cmgmarrakech.com\/wp-content\/uploads\/2023\/05\/Bachir-Demnati-cmg-presse.jpg\" class=\"attachment-full size-full wp-image-10594\" alt=\"\" srcset=\"https:\/\/cmgmarrakech.com\/wp-content\/uploads\/2023\/05\/Bachir-Demnati-cmg-presse.jpg 2000w, https:\/\/cmgmarrakech.com\/wp-content\/uploads\/2023\/05\/Bachir-Demnati-cmg-presse-300x200.jpg 300w, https:\/\/cmgmarrakech.com\/wp-content\/uploads\/2023\/05\/Bachir-Demnati-cmg-presse-1024x683.jpg 1024w, https:\/\/cmgmarrakech.com\/wp-content\/uploads\/2023\/05\/Bachir-Demnati-cmg-presse-768x512.jpg 768w, https:\/\/cmgmarrakech.com\/wp-content\/uploads\/2023\/05\/Bachir-Demnati-cmg-presse-1536x1025.jpg 1536w, https:\/\/cmgmarrakech.com\/wp-content\/uploads\/2023\/05\/Bachir-Demnati-cmg-presse-18x12.jpg 18w, https:\/\/cmgmarrakech.com\/wp-content\/uploads\/2023\/05\/Bachir-Demnati-cmg-presse-415x277.jpg 415w, https:\/\/cmgmarrakech.com\/wp-content\/uploads\/2023\/05\/Bachir-Demnati-cmg-presse-650x434.jpg 650w, https:\/\/cmgmarrakech.com\/wp-content\/uploads\/2023\/05\/Bachir-Demnati-cmg-presse-250x167.jpg 250w\" sizes=\"(max-width: 2000px) 100vw, 2000px\" \/>\t\t\t\t\t\t\t\t<\/a>\n\t\t\t\t\t\t\t\t\t\t\t\t\t\t\t<\/div>\n\t\t\t\t<div class=\"elementor-element elementor-element-246d30d elementor-widget elementor-widget-heading\" data-id=\"246d30d\" data-element_type=\"widget\" data-e-type=\"widget\" data-widget_type=\"heading.default\">\n\t\t\t\t\t<h2 class=\"elementor-heading-title elementor-size-default\"><a href=\"https:\/\/www.leconomiste.com\/article\/1104312-arts-culture-week-end-bachir-demnati-l-abstraction-en-equilibre\" target=\"_blank\">Arts &amp; Culture Week-End - Bachir Demnati, l\u2019abstraction en \u00e9quilibre<\/a><\/h2>\t\t\t\t<\/div>\n\t\t\t\t<div class=\"elementor-element elementor-element-4e599af elementor-widget elementor-widget-text-editor\" data-id=\"4e599af\" data-element_type=\"widget\" data-e-type=\"widget\" data-widget_type=\"text-editor.default\">\n\t\t\t\t\t\t\t\t\t<div class=\"container\"><div class=\"row filter-row\"><div class=\"col-md-9\"><a href=\"https:\/\/www.leconomiste.com\/article\/1104312-arts-culture-week-end-bachir-demnati-l-abstraction-en-equilibre\">L&rsquo;\u00c9conomiste<\/a><\/div><\/div><\/div>\t\t\t\t\t\t\t\t<\/div>\n\t\t\t\t\t<\/div>\n\t\t<\/div>\n\t\t\t\t<div class=\"elementor-column elementor-col-50 elementor-top-column elementor-element elementor-element-ce440d4\" data-id=\"ce440d4\" data-element_type=\"column\" data-e-type=\"column\">\n\t\t\t<div class=\"elementor-widget-wrap elementor-element-populated\">\n\t\t\t\t\t\t<div class=\"elementor-element elementor-element-4c91299 elementor-widget elementor-widget-image\" data-id=\"4c91299\" data-element_type=\"widget\" data-e-type=\"widget\" data-widget_type=\"image.default\">\n\t\t\t\t\t\t\t\t\t\t\t\t\t\t\t\t<a href=\"https:\/\/www.arabnews.fr\/node\/375146\/mosa%C3%AFque\" target=\"_blank\">\n\t\t\t\t\t\t\t<img loading=\"lazy\" decoding=\"async\" width=\"2000\" height=\"1334\" src=\"https:\/\/cmgmarrakech.com\/wp-content\/uploads\/2023\/05\/Bachir-Demnati-cmg-presse-3.jpg\" class=\"attachment-full size-full wp-image-10599\" alt=\"\" srcset=\"https:\/\/cmgmarrakech.com\/wp-content\/uploads\/2023\/05\/Bachir-Demnati-cmg-presse-3.jpg 2000w, https:\/\/cmgmarrakech.com\/wp-content\/uploads\/2023\/05\/Bachir-Demnati-cmg-presse-3-300x200.jpg 300w, https:\/\/cmgmarrakech.com\/wp-content\/uploads\/2023\/05\/Bachir-Demnati-cmg-presse-3-1024x683.jpg 1024w, https:\/\/cmgmarrakech.com\/wp-content\/uploads\/2023\/05\/Bachir-Demnati-cmg-presse-3-768x512.jpg 768w, https:\/\/cmgmarrakech.com\/wp-content\/uploads\/2023\/05\/Bachir-Demnati-cmg-presse-3-1536x1025.jpg 1536w, https:\/\/cmgmarrakech.com\/wp-content\/uploads\/2023\/05\/Bachir-Demnati-cmg-presse-3-18x12.jpg 18w, https:\/\/cmgmarrakech.com\/wp-content\/uploads\/2023\/05\/Bachir-Demnati-cmg-presse-3-415x277.jpg 415w, https:\/\/cmgmarrakech.com\/wp-content\/uploads\/2023\/05\/Bachir-Demnati-cmg-presse-3-650x434.jpg 650w, https:\/\/cmgmarrakech.com\/wp-content\/uploads\/2023\/05\/Bachir-Demnati-cmg-presse-3-250x167.jpg 250w\" sizes=\"(max-width: 2000px) 100vw, 2000px\" \/>\t\t\t\t\t\t\t\t<\/a>\n\t\t\t\t\t\t\t\t\t\t\t\t\t\t\t<\/div>\n\t\t\t\t<div class=\"elementor-element elementor-element-ff0cc6f elementor-widget elementor-widget-heading\" data-id=\"ff0cc6f\" data-element_type=\"widget\" data-e-type=\"widget\" data-widget_type=\"heading.default\">\n\t\t\t\t\t<h2 class=\"elementor-heading-title elementor-size-default\"><a href=\"https:\/\/www.arabnews.fr\/node\/375146\/mosa%C3%AFque\" target=\"_blank\">\u00abEquilibrium\u00bb: Exposition de Bachir Demnati au Comptoir des Mines<\/a><\/h2>\t\t\t\t<\/div>\n\t\t\t\t<div class=\"elementor-element elementor-element-478197e elementor-widget elementor-widget-text-editor\" data-id=\"478197e\" data-element_type=\"widget\" data-e-type=\"widget\" data-widget_type=\"text-editor.default\">\n\t\t\t\t\t\t\t\t\t<p><a href=\"https:\/\/www.arabnews.fr\/node\/375146\/mosa%C3%AFque\">Arab News<\/a><\/p>\t\t\t\t\t\t\t\t<\/div>\n\t\t\t\t\t<\/div>\n\t\t<\/div>\n\t\t\t\t\t<\/div>\n\t\t<\/section>\n\t\t\t\t<section class=\"elementor-section elementor-top-section elementor-element elementor-element-a979143 animated-slow elementor-section-boxed elementor-section-height-default elementor-section-height-default\" data-id=\"a979143\" data-element_type=\"section\" data-e-type=\"section\" data-settings=\"{&quot;animation&quot;:&quot;none&quot;}\">\n\t\t\t\t\t\t<div class=\"elementor-container elementor-column-gap-default\">\n\t\t\t\t\t<div class=\"elementor-column elementor-col-50 elementor-top-column elementor-element elementor-element-734a612\" data-id=\"734a612\" data-element_type=\"column\" data-e-type=\"column\">\n\t\t\t<div class=\"elementor-widget-wrap elementor-element-populated\">\n\t\t\t\t\t\t<div class=\"elementor-element elementor-element-8db9d0a elementor-widget elementor-widget-image\" data-id=\"8db9d0a\" data-element_type=\"widget\" data-e-type=\"widget\" data-widget_type=\"image.default\">\n\t\t\t\t\t\t\t\t\t\t\t\t\t\t\t\t<a href=\"https:\/\/www.jeuneafrique.com\/1427356\/culture\/hicham-daoudi-la-consideration-envers-les-artistes-marocains-est-la\/?fbclid=IwAR28turgbpp9HbaBCrK_D4TQJkAzxxge2lLTRJ321kRs1aIQllGlQ__Oo5Y\" target=\"_blank\">\n\t\t\t\t\t\t\t<img loading=\"lazy\" decoding=\"async\" width=\"2000\" height=\"1334\" src=\"https:\/\/cmgmarrakech.com\/wp-content\/uploads\/2023\/04\/Art-Paris-23-cmg-Jeune-Afrique.jpg\" class=\"attachment-full size-full wp-image-10483\" alt=\"\" srcset=\"https:\/\/cmgmarrakech.com\/wp-content\/uploads\/2023\/04\/Art-Paris-23-cmg-Jeune-Afrique.jpg 2000w, https:\/\/cmgmarrakech.com\/wp-content\/uploads\/2023\/04\/Art-Paris-23-cmg-Jeune-Afrique-300x200.jpg 300w, https:\/\/cmgmarrakech.com\/wp-content\/uploads\/2023\/04\/Art-Paris-23-cmg-Jeune-Afrique-1024x683.jpg 1024w, https:\/\/cmgmarrakech.com\/wp-content\/uploads\/2023\/04\/Art-Paris-23-cmg-Jeune-Afrique-768x512.jpg 768w, https:\/\/cmgmarrakech.com\/wp-content\/uploads\/2023\/04\/Art-Paris-23-cmg-Jeune-Afrique-1536x1025.jpg 1536w, https:\/\/cmgmarrakech.com\/wp-content\/uploads\/2023\/04\/Art-Paris-23-cmg-Jeune-Afrique-18x12.jpg 18w, https:\/\/cmgmarrakech.com\/wp-content\/uploads\/2023\/04\/Art-Paris-23-cmg-Jeune-Afrique-415x277.jpg 415w, https:\/\/cmgmarrakech.com\/wp-content\/uploads\/2023\/04\/Art-Paris-23-cmg-Jeune-Afrique-650x434.jpg 650w, https:\/\/cmgmarrakech.com\/wp-content\/uploads\/2023\/04\/Art-Paris-23-cmg-Jeune-Afrique-250x167.jpg 250w\" sizes=\"(max-width: 2000px) 100vw, 2000px\" \/>\t\t\t\t\t\t\t\t<\/a>\n\t\t\t\t\t\t\t\t\t\t\t\t\t\t\t<\/div>\n\t\t\t\t<div class=\"elementor-element elementor-element-5c25854 elementor-widget elementor-widget-heading\" data-id=\"5c25854\" data-element_type=\"widget\" data-e-type=\"widget\" data-widget_type=\"heading.default\">\n\t\t\t\t\t<h2 class=\"elementor-heading-title elementor-size-default\"><a href=\"https:\/\/www.jeuneafrique.com\/1427356\/culture\/hicham-daoudi-la-consideration-envers-les-artistes-marocains-est-la\/?fbclid=IwAR28turgbpp9HbaBCrK_D4TQJkAzxxge2lLTRJ321kRs1aIQllGlQ__Oo5Y\" target=\"_blank\">Hicham Daoudi : \u00ab La consid\u00e9ration envers les artistes marocains est l\u00e0 \u00bb<\/a><\/h2>\t\t\t\t<\/div>\n\t\t\t\t<div class=\"elementor-element elementor-element-f851825 elementor-widget elementor-widget-text-editor\" data-id=\"f851825\" data-element_type=\"widget\" data-e-type=\"widget\" data-widget_type=\"text-editor.default\">\n\t\t\t\t\t\t\t\t\t<div class=\"container\"><div class=\"row filter-row\"><div class=\"col-md-9\"><a href=\"https:\/\/www.jeuneafrique.com\/1427356\/culture\/hicham-daoudi-la-consideration-envers-les-artistes-marocains-est-la\/?fbclid=IwAR28turgbpp9HbaBCrK_D4TQJkAzxxge2lLTRJ321kRs1aIQllGlQ__Oo5Y\">Jeune Afrique<\/a><\/div><\/div><\/div>\t\t\t\t\t\t\t\t<\/div>\n\t\t\t\t\t<\/div>\n\t\t<\/div>\n\t\t\t\t<div class=\"elementor-column elementor-col-50 elementor-top-column elementor-element elementor-element-3339d52\" data-id=\"3339d52\" data-element_type=\"column\" data-e-type=\"column\">\n\t\t\t<div class=\"elementor-widget-wrap elementor-element-populated\">\n\t\t\t\t\t\t<div class=\"elementor-element elementor-element-efd4c64 elementor-widget elementor-widget-image\" data-id=\"efd4c64\" data-element_type=\"widget\" data-e-type=\"widget\" data-widget_type=\"image.default\">\n\t\t\t\t\t\t\t\t\t\t\t\t\t\t\t\t<a href=\"https:\/\/www.lopinion.ma\/Foire-Atelier-et-Comptoir-a-Art-Paris_a38186.html?fbclid=IwAR2oZcbEqhbYM8fxZW-b4jk52aNuvnJKkate2PfslSwgPN26qeHG13C_x3g\" target=\"_blank\">\n\t\t\t\t\t\t\t<img loading=\"lazy\" decoding=\"async\" width=\"2000\" height=\"1334\" src=\"https:\/\/cmgmarrakech.com\/wp-content\/uploads\/2023\/04\/Art-Paris-23-cmg-presse.jpg\" class=\"attachment-full size-full wp-image-10482\" alt=\"\" srcset=\"https:\/\/cmgmarrakech.com\/wp-content\/uploads\/2023\/04\/Art-Paris-23-cmg-presse.jpg 2000w, https:\/\/cmgmarrakech.com\/wp-content\/uploads\/2023\/04\/Art-Paris-23-cmg-presse-300x200.jpg 300w, https:\/\/cmgmarrakech.com\/wp-content\/uploads\/2023\/04\/Art-Paris-23-cmg-presse-1024x683.jpg 1024w, https:\/\/cmgmarrakech.com\/wp-content\/uploads\/2023\/04\/Art-Paris-23-cmg-presse-768x512.jpg 768w, https:\/\/cmgmarrakech.com\/wp-content\/uploads\/2023\/04\/Art-Paris-23-cmg-presse-1536x1025.jpg 1536w, https:\/\/cmgmarrakech.com\/wp-content\/uploads\/2023\/04\/Art-Paris-23-cmg-presse-18x12.jpg 18w, https:\/\/cmgmarrakech.com\/wp-content\/uploads\/2023\/04\/Art-Paris-23-cmg-presse-415x277.jpg 415w, https:\/\/cmgmarrakech.com\/wp-content\/uploads\/2023\/04\/Art-Paris-23-cmg-presse-650x434.jpg 650w, https:\/\/cmgmarrakech.com\/wp-content\/uploads\/2023\/04\/Art-Paris-23-cmg-presse-250x167.jpg 250w\" sizes=\"(max-width: 2000px) 100vw, 2000px\" \/>\t\t\t\t\t\t\t\t<\/a>\n\t\t\t\t\t\t\t\t\t\t\t\t\t\t\t<\/div>\n\t\t\t\t<div class=\"elementor-element elementor-element-20199bf elementor-widget elementor-widget-heading\" data-id=\"20199bf\" data-element_type=\"widget\" data-e-type=\"widget\" data-widget_type=\"heading.default\">\n\t\t\t\t\t<h2 class=\"elementor-heading-title elementor-size-default\"><a href=\"https:\/\/www.lopinion.ma\/Foire-Atelier-et-Comptoir-a-Art-Paris_a38186.html?fbclid=IwAR2oZcbEqhbYM8fxZW-b4jk52aNuvnJKkate2PfslSwgPN26qeHG13C_x3g\" target=\"_blank\">Foire : Atelier et Comptoir \u00e0 Art Paris<\/a><\/h2>\t\t\t\t<\/div>\n\t\t\t\t<div class=\"elementor-element elementor-element-b1cc8cf elementor-widget elementor-widget-text-editor\" data-id=\"b1cc8cf\" data-element_type=\"widget\" data-e-type=\"widget\" data-widget_type=\"text-editor.default\">\n\t\t\t\t\t\t\t\t\t<p><a href=\"https:\/\/www.lopinion.ma\/Foire-Atelier-et-Comptoir-a-Art-Paris_a38186.html?fbclid=IwAR2oZcbEqhbYM8fxZW-b4jk52aNuvnJKkate2PfslSwgPN26qeHG13C_x3g\">L&rsquo;Opinion<\/a><\/p>\t\t\t\t\t\t\t\t<\/div>\n\t\t\t\t\t<\/div>\n\t\t<\/div>\n\t\t\t\t\t<\/div>\n\t\t<\/section>\n\t\t\t\t<section class=\"elementor-section elementor-top-section elementor-element elementor-element-5775f71 animated-slow elementor-section-boxed elementor-section-height-default elementor-section-height-default\" data-id=\"5775f71\" data-element_type=\"section\" data-e-type=\"section\" data-settings=\"{&quot;animation&quot;:&quot;none&quot;}\">\n\t\t\t\t\t\t<div class=\"elementor-container elementor-column-gap-default\">\n\t\t\t\t\t<div class=\"elementor-column elementor-col-50 elementor-top-column elementor-element elementor-element-4aa6ae3\" data-id=\"4aa6ae3\" data-element_type=\"column\" data-e-type=\"column\">\n\t\t\t<div class=\"elementor-widget-wrap elementor-element-populated\">\n\t\t\t\t\t\t<div class=\"elementor-element elementor-element-b5da9d5 elementor-widget elementor-widget-image\" data-id=\"b5da9d5\" data-element_type=\"widget\" data-e-type=\"widget\" data-widget_type=\"image.default\">\n\t\t\t\t\t\t\t\t\t\t\t\t\t\t\t\t<a href=\"https:\/\/aujourdhui.ma\/culture\/art-paris-lart-contemporain-marocain-a-lhonneur?fbclid=IwAR2g7jgczN-pXKvRiV_b8TFJ6N9Qa5vhfPpkLox_zJMpBkNUojmQRLlTevQ\" target=\"_blank\">\n\t\t\t\t\t\t\t<img loading=\"lazy\" decoding=\"async\" width=\"2000\" height=\"1334\" src=\"https:\/\/cmgmarrakech.com\/wp-content\/uploads\/2023\/03\/Art-Paris-2023.jpg\" class=\"attachment-full size-full wp-image-10406\" alt=\"\" srcset=\"https:\/\/cmgmarrakech.com\/wp-content\/uploads\/2023\/03\/Art-Paris-2023.jpg 2000w, https:\/\/cmgmarrakech.com\/wp-content\/uploads\/2023\/03\/Art-Paris-2023-300x200.jpg 300w, https:\/\/cmgmarrakech.com\/wp-content\/uploads\/2023\/03\/Art-Paris-2023-1024x683.jpg 1024w, https:\/\/cmgmarrakech.com\/wp-content\/uploads\/2023\/03\/Art-Paris-2023-768x512.jpg 768w, https:\/\/cmgmarrakech.com\/wp-content\/uploads\/2023\/03\/Art-Paris-2023-1536x1025.jpg 1536w, https:\/\/cmgmarrakech.com\/wp-content\/uploads\/2023\/03\/Art-Paris-2023-18x12.jpg 18w, https:\/\/cmgmarrakech.com\/wp-content\/uploads\/2023\/03\/Art-Paris-2023-415x277.jpg 415w, https:\/\/cmgmarrakech.com\/wp-content\/uploads\/2023\/03\/Art-Paris-2023-650x434.jpg 650w, https:\/\/cmgmarrakech.com\/wp-content\/uploads\/2023\/03\/Art-Paris-2023-250x167.jpg 250w\" sizes=\"(max-width: 2000px) 100vw, 2000px\" \/>\t\t\t\t\t\t\t\t<\/a>\n\t\t\t\t\t\t\t\t\t\t\t\t\t\t\t<\/div>\n\t\t\t\t<div class=\"elementor-element elementor-element-27b5c7b elementor-widget elementor-widget-heading\" data-id=\"27b5c7b\" data-element_type=\"widget\" data-e-type=\"widget\" data-widget_type=\"heading.default\">\n\t\t\t\t\t<h2 class=\"elementor-heading-title elementor-size-default\"><a href=\"https:\/\/aujourdhui.ma\/culture\/art-paris-lart-contemporain-marocain-a-lhonneur?fbclid=IwAR2g7jgczN-pXKvRiV_b8TFJ6N9Qa5vhfPpkLox_zJMpBkNUojmQRLlTevQ\" target=\"_blank\">Art Paris : L\u2019art contemporain marocain \u00e0 l\u2019honneur<\/a><\/h2>\t\t\t\t<\/div>\n\t\t\t\t<div class=\"elementor-element elementor-element-1cd5dd1 elementor-widget elementor-widget-text-editor\" data-id=\"1cd5dd1\" data-element_type=\"widget\" data-e-type=\"widget\" data-widget_type=\"text-editor.default\">\n\t\t\t\t\t\t\t\t\t<div class=\"container\"><div class=\"row filter-row\"><div class=\"col-md-9\"><a href=\"https:\/\/aujourdhui.ma\/culture\/art-paris-lart-contemporain-marocain-a-lhonneur?fbclid=IwAR2g7jgczN-pXKvRiV_b8TFJ6N9Qa5vhfPpkLox_zJMpBkNUojmQRLlTevQ\">Aujourd\u2019hui Le Maroc<\/a><\/div><\/div><\/div>\t\t\t\t\t\t\t\t<\/div>\n\t\t\t\t\t<\/div>\n\t\t<\/div>\n\t\t\t\t<div class=\"elementor-column elementor-col-50 elementor-top-column elementor-element elementor-element-dd9effc\" data-id=\"dd9effc\" data-element_type=\"column\" data-e-type=\"column\">\n\t\t\t<div class=\"elementor-widget-wrap elementor-element-populated\">\n\t\t\t\t\t\t<div class=\"elementor-element elementor-element-5f33bb3 elementor-widget elementor-widget-image\" data-id=\"5f33bb3\" data-element_type=\"widget\" data-e-type=\"widget\" data-widget_type=\"image.default\">\n\t\t\t\t\t\t\t\t\t\t\t\t\t\t\t\t<a href=\"https:\/\/www.lefigaro.fr\/arts-expositions\/art-paris-10-artistes-qui-ne-passent-pas-inapercus-20230331?fbclid=IwAR2xV4Pjiffawiq1T_a0Rc6IoCYTTUWv1IU3VqHdf2ABhVZoibAWRrhBIHA\" target=\"_blank\">\n\t\t\t\t\t\t\t<img loading=\"lazy\" decoding=\"async\" width=\"2000\" height=\"1334\" src=\"https:\/\/cmgmarrakech.com\/wp-content\/uploads\/2023\/03\/Mustapha-Akrim-Pression-circulaire-img.jpeg\" class=\"attachment-full size-full wp-image-10437\" alt=\"\" srcset=\"https:\/\/cmgmarrakech.com\/wp-content\/uploads\/2023\/03\/Mustapha-Akrim-Pression-circulaire-img.jpeg 2000w, https:\/\/cmgmarrakech.com\/wp-content\/uploads\/2023\/03\/Mustapha-Akrim-Pression-circulaire-img-300x200.jpeg 300w, https:\/\/cmgmarrakech.com\/wp-content\/uploads\/2023\/03\/Mustapha-Akrim-Pression-circulaire-img-1024x683.jpeg 1024w, https:\/\/cmgmarrakech.com\/wp-content\/uploads\/2023\/03\/Mustapha-Akrim-Pression-circulaire-img-768x512.jpeg 768w, https:\/\/cmgmarrakech.com\/wp-content\/uploads\/2023\/03\/Mustapha-Akrim-Pression-circulaire-img-1536x1025.jpeg 1536w, https:\/\/cmgmarrakech.com\/wp-content\/uploads\/2023\/03\/Mustapha-Akrim-Pression-circulaire-img-18x12.jpeg 18w, https:\/\/cmgmarrakech.com\/wp-content\/uploads\/2023\/03\/Mustapha-Akrim-Pression-circulaire-img-415x277.jpeg 415w, https:\/\/cmgmarrakech.com\/wp-content\/uploads\/2023\/03\/Mustapha-Akrim-Pression-circulaire-img-650x434.jpeg 650w, https:\/\/cmgmarrakech.com\/wp-content\/uploads\/2023\/03\/Mustapha-Akrim-Pression-circulaire-img-250x167.jpeg 250w\" sizes=\"(max-width: 2000px) 100vw, 2000px\" \/>\t\t\t\t\t\t\t\t<\/a>\n\t\t\t\t\t\t\t\t\t\t\t\t\t\t\t<\/div>\n\t\t\t\t<div class=\"elementor-element elementor-element-354cdf6 elementor-widget elementor-widget-heading\" data-id=\"354cdf6\" data-element_type=\"widget\" data-e-type=\"widget\" data-widget_type=\"heading.default\">\n\t\t\t\t\t<h2 class=\"elementor-heading-title elementor-size-default\"><a href=\"https:\/\/www.lefigaro.fr\/arts-expositions\/art-paris-10-artistes-qui-ne-passent-pas-inapercus-20230331\" target=\"_blank\">Art Paris: 10 artistes qui ne passent pas inaper\u00e7us<\/a><\/h2>\t\t\t\t<\/div>\n\t\t\t\t<div class=\"elementor-element elementor-element-c5c0f15 elementor-widget elementor-widget-text-editor\" data-id=\"c5c0f15\" data-element_type=\"widget\" data-e-type=\"widget\" data-widget_type=\"text-editor.default\">\n\t\t\t\t\t\t\t\t\t<p><a href=\"https:\/\/www.lefigaro.fr\/arts-expositions\/art-paris-10-artistes-qui-ne-passent-pas-inapercus-20230331\">Le Figaro<\/a><\/p>\t\t\t\t\t\t\t\t<\/div>\n\t\t\t\t\t<\/div>\n\t\t<\/div>\n\t\t\t\t\t<\/div>\n\t\t<\/section>\n\t\t\t\t<section class=\"elementor-section elementor-top-section elementor-element elementor-element-6c3cc3d animated-slow elementor-section-boxed elementor-section-height-default elementor-section-height-default\" data-id=\"6c3cc3d\" data-element_type=\"section\" data-e-type=\"section\" data-settings=\"{&quot;animation&quot;:&quot;none&quot;}\">\n\t\t\t\t\t\t<div class=\"elementor-container elementor-column-gap-default\">\n\t\t\t\t\t<div class=\"elementor-column elementor-col-50 elementor-top-column elementor-element elementor-element-ee3bf6f\" data-id=\"ee3bf6f\" data-element_type=\"column\" data-e-type=\"column\">\n\t\t\t<div class=\"elementor-widget-wrap elementor-element-populated\">\n\t\t\t\t\t\t<div class=\"elementor-element elementor-element-8d38501 elementor-widget elementor-widget-image\" data-id=\"8d38501\" data-element_type=\"widget\" data-e-type=\"widget\" data-widget_type=\"image.default\">\n\t\t\t\t\t\t\t\t\t\t\t\t\t\t\t\t<a href=\"https:\/\/ledesk.ma\/culture\/art-fair-dubai-2023-lexposition-organique-de-fatiha-zemmouri\/\" target=\"_blank\">\n\t\t\t\t\t\t\t<img loading=\"lazy\" decoding=\"async\" width=\"2000\" height=\"1334\" src=\"https:\/\/cmgmarrakech.com\/wp-content\/uploads\/2023\/03\/Fatiha-Zemmouri-AD23-presse-2.jpg\" class=\"attachment-full size-full wp-image-10354\" alt=\"\" srcset=\"https:\/\/cmgmarrakech.com\/wp-content\/uploads\/2023\/03\/Fatiha-Zemmouri-AD23-presse-2.jpg 2000w, https:\/\/cmgmarrakech.com\/wp-content\/uploads\/2023\/03\/Fatiha-Zemmouri-AD23-presse-2-300x200.jpg 300w, https:\/\/cmgmarrakech.com\/wp-content\/uploads\/2023\/03\/Fatiha-Zemmouri-AD23-presse-2-1024x683.jpg 1024w, https:\/\/cmgmarrakech.com\/wp-content\/uploads\/2023\/03\/Fatiha-Zemmouri-AD23-presse-2-768x512.jpg 768w, https:\/\/cmgmarrakech.com\/wp-content\/uploads\/2023\/03\/Fatiha-Zemmouri-AD23-presse-2-1536x1025.jpg 1536w, https:\/\/cmgmarrakech.com\/wp-content\/uploads\/2023\/03\/Fatiha-Zemmouri-AD23-presse-2-18x12.jpg 18w, https:\/\/cmgmarrakech.com\/wp-content\/uploads\/2023\/03\/Fatiha-Zemmouri-AD23-presse-2-415x277.jpg 415w, https:\/\/cmgmarrakech.com\/wp-content\/uploads\/2023\/03\/Fatiha-Zemmouri-AD23-presse-2-650x434.jpg 650w, https:\/\/cmgmarrakech.com\/wp-content\/uploads\/2023\/03\/Fatiha-Zemmouri-AD23-presse-2-250x167.jpg 250w\" sizes=\"(max-width: 2000px) 100vw, 2000px\" \/>\t\t\t\t\t\t\t\t<\/a>\n\t\t\t\t\t\t\t\t\t\t\t\t\t\t\t<\/div>\n\t\t\t\t<div class=\"elementor-element elementor-element-f71fc72 elementor-widget elementor-widget-heading\" data-id=\"f71fc72\" data-element_type=\"widget\" data-e-type=\"widget\" data-widget_type=\"heading.default\">\n\t\t\t\t\t<h2 class=\"elementor-heading-title elementor-size-default\"><a href=\"https:\/\/ledesk.ma\/culture\/art-fair-dubai-2023-lexposition-organique-de-fatiha-zemmouri\/\" target=\"_blank\">Art Dubai 2023: l\u2019exposition organique de Fatiha Zemmouri<\/a><\/h2>\t\t\t\t<\/div>\n\t\t\t\t<div class=\"elementor-element elementor-element-3eb5e08 elementor-widget elementor-widget-text-editor\" data-id=\"3eb5e08\" data-element_type=\"widget\" data-e-type=\"widget\" data-widget_type=\"text-editor.default\">\n\t\t\t\t\t\t\t\t\t<div class=\"container\"><div class=\"row filter-row\"><div class=\"col-md-9\"><a href=\"https:\/\/ledesk.ma\/culture\/art-fair-dubai-2023-lexposition-organique-de-fatiha-zemmouri\/\">LeDesk.ma<\/a><\/div><\/div><\/div>\t\t\t\t\t\t\t\t<\/div>\n\t\t\t\t\t<\/div>\n\t\t<\/div>\n\t\t\t\t<div class=\"elementor-column elementor-col-50 elementor-top-column elementor-element elementor-element-73b8fb7\" data-id=\"73b8fb7\" data-element_type=\"column\" data-e-type=\"column\">\n\t\t\t<div class=\"elementor-widget-wrap elementor-element-populated\">\n\t\t\t\t\t\t<div class=\"elementor-element elementor-element-e8b8494 elementor-widget elementor-widget-image\" data-id=\"e8b8494\" data-element_type=\"widget\" data-e-type=\"widget\" data-widget_type=\"image.default\">\n\t\t\t\t\t\t\t\t\t\t\t\t\t\t\t\t<a href=\"https:\/\/www.thenationalnews.com\/weekend\/2023\/03\/03\/art-dubai-and-regionalism-are-reshaping-the-world-of-art-fairs\/\" target=\"_blank\">\n\t\t\t\t\t\t\t<img loading=\"lazy\" decoding=\"async\" width=\"2000\" height=\"1335\" src=\"https:\/\/cmgmarrakech.com\/wp-content\/uploads\/2023\/02\/Fatiha-Zemmouri-Solo-Exhibition-Cover.jpg\" class=\"attachment-full size-full wp-image-10321\" alt=\"\" srcset=\"https:\/\/cmgmarrakech.com\/wp-content\/uploads\/2023\/02\/Fatiha-Zemmouri-Solo-Exhibition-Cover.jpg 2000w, https:\/\/cmgmarrakech.com\/wp-content\/uploads\/2023\/02\/Fatiha-Zemmouri-Solo-Exhibition-Cover-300x200.jpg 300w, https:\/\/cmgmarrakech.com\/wp-content\/uploads\/2023\/02\/Fatiha-Zemmouri-Solo-Exhibition-Cover-1024x684.jpg 1024w, https:\/\/cmgmarrakech.com\/wp-content\/uploads\/2023\/02\/Fatiha-Zemmouri-Solo-Exhibition-Cover-768x513.jpg 768w, https:\/\/cmgmarrakech.com\/wp-content\/uploads\/2023\/02\/Fatiha-Zemmouri-Solo-Exhibition-Cover-1536x1025.jpg 1536w, https:\/\/cmgmarrakech.com\/wp-content\/uploads\/2023\/02\/Fatiha-Zemmouri-Solo-Exhibition-Cover-18x12.jpg 18w, https:\/\/cmgmarrakech.com\/wp-content\/uploads\/2023\/02\/Fatiha-Zemmouri-Solo-Exhibition-Cover-415x277.jpg 415w, https:\/\/cmgmarrakech.com\/wp-content\/uploads\/2023\/02\/Fatiha-Zemmouri-Solo-Exhibition-Cover-650x434.jpg 650w, https:\/\/cmgmarrakech.com\/wp-content\/uploads\/2023\/02\/Fatiha-Zemmouri-Solo-Exhibition-Cover-250x167.jpg 250w\" sizes=\"(max-width: 2000px) 100vw, 2000px\" \/>\t\t\t\t\t\t\t\t<\/a>\n\t\t\t\t\t\t\t\t\t\t\t\t\t\t\t<\/div>\n\t\t\t\t<div class=\"elementor-element elementor-element-7f275bc elementor-widget elementor-widget-heading\" data-id=\"7f275bc\" data-element_type=\"widget\" data-e-type=\"widget\" data-widget_type=\"heading.default\">\n\t\t\t\t\t<h2 class=\"elementor-heading-title elementor-size-default\"><a href=\"https:\/\/www.thenationalnews.com\/weekend\/2023\/03\/03\/art-dubai-and-regionalism-are-reshaping-the-world-of-art-fairs\/\" target=\"_blank\">Art Dubai and regionalism are reshaping the world of art fairs<\/a><\/h2>\t\t\t\t<\/div>\n\t\t\t\t<div class=\"elementor-element elementor-element-da05769 elementor-widget elementor-widget-text-editor\" data-id=\"da05769\" data-element_type=\"widget\" data-e-type=\"widget\" data-widget_type=\"text-editor.default\">\n\t\t\t\t\t\t\t\t\t<p><a href=\"https:\/\/www.thenationalnews.com\/weekend\/2023\/03\/03\/art-dubai-and-regionalism-are-reshaping-the-world-of-art-fairs\/\">The National News<\/a><\/p>\t\t\t\t\t\t\t\t<\/div>\n\t\t\t\t\t<\/div>\n\t\t<\/div>\n\t\t\t\t\t<\/div>\n\t\t<\/section>\n\t\t\t\t<section class=\"elementor-section elementor-top-section elementor-element elementor-element-95448a0 animated-slow elementor-section-boxed elementor-section-height-default elementor-section-height-default\" data-id=\"95448a0\" data-element_type=\"section\" data-e-type=\"section\" data-settings=\"{&quot;animation&quot;:&quot;none&quot;}\">\n\t\t\t\t\t\t<div class=\"elementor-container elementor-column-gap-default\">\n\t\t\t\t\t<div class=\"elementor-column elementor-col-50 elementor-top-column elementor-element elementor-element-cc1eee6\" data-id=\"cc1eee6\" data-element_type=\"column\" data-e-type=\"column\">\n\t\t\t<div class=\"elementor-widget-wrap elementor-element-populated\">\n\t\t\t\t\t\t<div class=\"elementor-element elementor-element-496e882 elementor-widget elementor-widget-image\" data-id=\"496e882\" data-element_type=\"widget\" data-e-type=\"widget\" data-widget_type=\"image.default\">\n\t\t\t\t\t\t\t\t\t\t\t\t\t\t\t\t<a href=\"https:\/\/www.arabnews.com\/node\/2260876\/lifestyle\" target=\"_blank\">\n\t\t\t\t\t\t\t<img loading=\"lazy\" decoding=\"async\" width=\"2000\" height=\"1334\" src=\"https:\/\/cmgmarrakech.com\/wp-content\/uploads\/2023\/03\/Fatiha-Zemmouri-AD23-presse-1.jpg\" class=\"attachment-full size-full wp-image-10359\" alt=\"\" srcset=\"https:\/\/cmgmarrakech.com\/wp-content\/uploads\/2023\/03\/Fatiha-Zemmouri-AD23-presse-1.jpg 2000w, https:\/\/cmgmarrakech.com\/wp-content\/uploads\/2023\/03\/Fatiha-Zemmouri-AD23-presse-1-300x200.jpg 300w, https:\/\/cmgmarrakech.com\/wp-content\/uploads\/2023\/03\/Fatiha-Zemmouri-AD23-presse-1-1024x683.jpg 1024w, https:\/\/cmgmarrakech.com\/wp-content\/uploads\/2023\/03\/Fatiha-Zemmouri-AD23-presse-1-768x512.jpg 768w, https:\/\/cmgmarrakech.com\/wp-content\/uploads\/2023\/03\/Fatiha-Zemmouri-AD23-presse-1-1536x1025.jpg 1536w, https:\/\/cmgmarrakech.com\/wp-content\/uploads\/2023\/03\/Fatiha-Zemmouri-AD23-presse-1-18x12.jpg 18w, https:\/\/cmgmarrakech.com\/wp-content\/uploads\/2023\/03\/Fatiha-Zemmouri-AD23-presse-1-415x277.jpg 415w, https:\/\/cmgmarrakech.com\/wp-content\/uploads\/2023\/03\/Fatiha-Zemmouri-AD23-presse-1-650x434.jpg 650w, https:\/\/cmgmarrakech.com\/wp-content\/uploads\/2023\/03\/Fatiha-Zemmouri-AD23-presse-1-250x167.jpg 250w\" sizes=\"(max-width: 2000px) 100vw, 2000px\" \/>\t\t\t\t\t\t\t\t<\/a>\n\t\t\t\t\t\t\t\t\t\t\t\t\t\t\t<\/div>\n\t\t\t\t<div class=\"elementor-element elementor-element-5d308fb elementor-widget elementor-widget-heading\" data-id=\"5d308fb\" data-element_type=\"widget\" data-e-type=\"widget\" data-widget_type=\"heading.default\">\n\t\t\t\t\t<h2 class=\"elementor-heading-title elementor-size-default\"><a href=\"https:\/\/www.arabnews.com\/node\/2260876\/lifestyle\" target=\"_blank\">Highlights from Art Dubai\u2019s 2023 edition<\/a><\/h2>\t\t\t\t<\/div>\n\t\t\t\t<div class=\"elementor-element elementor-element-edd31df elementor-widget elementor-widget-text-editor\" data-id=\"edd31df\" data-element_type=\"widget\" data-e-type=\"widget\" data-widget_type=\"text-editor.default\">\n\t\t\t\t\t\t\t\t\t<div class=\"container\"><div class=\"row filter-row\"><div class=\"col-md-9\"><a href=\"https:\/\/www.arabnews.com\/node\/2260876\/lifestyle\">Arab News<\/a><\/div><\/div><\/div>\t\t\t\t\t\t\t\t<\/div>\n\t\t\t\t\t<\/div>\n\t\t<\/div>\n\t\t\t\t<div class=\"elementor-column elementor-col-50 elementor-top-column elementor-element elementor-element-cc7250f\" data-id=\"cc7250f\" data-element_type=\"column\" data-e-type=\"column\">\n\t\t\t<div class=\"elementor-widget-wrap elementor-element-populated\">\n\t\t\t\t\t\t<div class=\"elementor-element elementor-element-be50a73 elementor-widget elementor-widget-image\" data-id=\"be50a73\" data-element_type=\"widget\" data-e-type=\"widget\" data-widget_type=\"image.default\">\n\t\t\t\t\t\t\t\t\t\t\t\t\t\t\t\t<a href=\"https:\/\/aujourdhui.ma\/culture\/fatiha-zemmouri-a-la-quete-de-la-lumiere\" target=\"_blank\">\n\t\t\t\t\t\t\t<img loading=\"lazy\" decoding=\"async\" width=\"2000\" height=\"1334\" src=\"https:\/\/cmgmarrakech.com\/wp-content\/uploads\/2023\/03\/Fatiha-Zemmouri-AD23-presse-3.jpg\" class=\"attachment-full size-full wp-image-10360\" alt=\"\" srcset=\"https:\/\/cmgmarrakech.com\/wp-content\/uploads\/2023\/03\/Fatiha-Zemmouri-AD23-presse-3.jpg 2000w, https:\/\/cmgmarrakech.com\/wp-content\/uploads\/2023\/03\/Fatiha-Zemmouri-AD23-presse-3-300x200.jpg 300w, https:\/\/cmgmarrakech.com\/wp-content\/uploads\/2023\/03\/Fatiha-Zemmouri-AD23-presse-3-1024x683.jpg 1024w, https:\/\/cmgmarrakech.com\/wp-content\/uploads\/2023\/03\/Fatiha-Zemmouri-AD23-presse-3-768x512.jpg 768w, https:\/\/cmgmarrakech.com\/wp-content\/uploads\/2023\/03\/Fatiha-Zemmouri-AD23-presse-3-1536x1025.jpg 1536w, https:\/\/cmgmarrakech.com\/wp-content\/uploads\/2023\/03\/Fatiha-Zemmouri-AD23-presse-3-18x12.jpg 18w, https:\/\/cmgmarrakech.com\/wp-content\/uploads\/2023\/03\/Fatiha-Zemmouri-AD23-presse-3-415x277.jpg 415w, https:\/\/cmgmarrakech.com\/wp-content\/uploads\/2023\/03\/Fatiha-Zemmouri-AD23-presse-3-650x434.jpg 650w, https:\/\/cmgmarrakech.com\/wp-content\/uploads\/2023\/03\/Fatiha-Zemmouri-AD23-presse-3-250x167.jpg 250w\" sizes=\"(max-width: 2000px) 100vw, 2000px\" \/>\t\t\t\t\t\t\t\t<\/a>\n\t\t\t\t\t\t\t\t\t\t\t\t\t\t\t<\/div>\n\t\t\t\t<div class=\"elementor-element elementor-element-6897043 elementor-widget elementor-widget-heading\" data-id=\"6897043\" data-element_type=\"widget\" data-e-type=\"widget\" data-widget_type=\"heading.default\">\n\t\t\t\t\t<h2 class=\"elementor-heading-title elementor-size-default\"><a href=\"https:\/\/aujourdhui.ma\/culture\/fatiha-zemmouri-a-la-quete-de-la-lumiere\" target=\"_blank\">Fatiha Zemmouri \u00e0 la qu\u00eate de la lumi\u00e8re\n<\/a><\/h2>\t\t\t\t<\/div>\n\t\t\t\t<div class=\"elementor-element elementor-element-c89ec43 elementor-widget elementor-widget-text-editor\" data-id=\"c89ec43\" data-element_type=\"widget\" data-e-type=\"widget\" data-widget_type=\"text-editor.default\">\n\t\t\t\t\t\t\t\t\t<p><a href=\"https:\/\/aujourdhui.ma\/culture\/fatiha-zemmouri-a-la-quete-de-la-lumiere\">Aujourd\u2019hui Le Maroc<\/a><\/p>\t\t\t\t\t\t\t\t<\/div>\n\t\t\t\t\t<\/div>\n\t\t<\/div>\n\t\t\t\t\t<\/div>\n\t\t<\/section>\n\t\t\t\t<section class=\"elementor-section elementor-top-section elementor-element elementor-element-b2c35d1 animated-slow elementor-section-boxed elementor-section-height-default elementor-section-height-default\" data-id=\"b2c35d1\" data-element_type=\"section\" data-e-type=\"section\" data-settings=\"{&quot;animation&quot;:&quot;none&quot;}\">\n\t\t\t\t\t\t<div class=\"elementor-container elementor-column-gap-default\">\n\t\t\t\t\t<div class=\"elementor-column elementor-col-50 elementor-top-column elementor-element elementor-element-1a5e015\" data-id=\"1a5e015\" data-element_type=\"column\" data-e-type=\"column\">\n\t\t\t<div class=\"elementor-widget-wrap elementor-element-populated\">\n\t\t\t\t\t\t<div class=\"elementor-element elementor-element-daf3fee elementor-widget elementor-widget-image\" data-id=\"daf3fee\" data-element_type=\"widget\" data-e-type=\"widget\" data-widget_type=\"image.default\">\n\t\t\t\t\t\t\t\t\t\t\t\t\t\t\t\t<a href=\"https:\/\/www.lopinion.ma\/Edition-L-art-arabe-sous-le-prisme-de-Brahim-Alaoui_a36875.html\" target=\"_blank\">\n\t\t\t\t\t\t\t<img loading=\"lazy\" decoding=\"async\" width=\"2000\" height=\"1334\" src=\"https:\/\/cmgmarrakech.com\/wp-content\/uploads\/2023\/03\/Brahim-Alaoui-cmg-presse.jpg\" class=\"attachment-full size-full wp-image-10361\" alt=\"\" srcset=\"https:\/\/cmgmarrakech.com\/wp-content\/uploads\/2023\/03\/Brahim-Alaoui-cmg-presse.jpg 2000w, https:\/\/cmgmarrakech.com\/wp-content\/uploads\/2023\/03\/Brahim-Alaoui-cmg-presse-300x200.jpg 300w, https:\/\/cmgmarrakech.com\/wp-content\/uploads\/2023\/03\/Brahim-Alaoui-cmg-presse-1024x683.jpg 1024w, https:\/\/cmgmarrakech.com\/wp-content\/uploads\/2023\/03\/Brahim-Alaoui-cmg-presse-768x512.jpg 768w, https:\/\/cmgmarrakech.com\/wp-content\/uploads\/2023\/03\/Brahim-Alaoui-cmg-presse-1536x1025.jpg 1536w, https:\/\/cmgmarrakech.com\/wp-content\/uploads\/2023\/03\/Brahim-Alaoui-cmg-presse-18x12.jpg 18w, https:\/\/cmgmarrakech.com\/wp-content\/uploads\/2023\/03\/Brahim-Alaoui-cmg-presse-415x277.jpg 415w, https:\/\/cmgmarrakech.com\/wp-content\/uploads\/2023\/03\/Brahim-Alaoui-cmg-presse-650x434.jpg 650w, https:\/\/cmgmarrakech.com\/wp-content\/uploads\/2023\/03\/Brahim-Alaoui-cmg-presse-250x167.jpg 250w\" sizes=\"(max-width: 2000px) 100vw, 2000px\" \/>\t\t\t\t\t\t\t\t<\/a>\n\t\t\t\t\t\t\t\t\t\t\t\t\t\t\t<\/div>\n\t\t\t\t<div class=\"elementor-element elementor-element-6268694 elementor-widget elementor-widget-heading\" data-id=\"6268694\" data-element_type=\"widget\" data-e-type=\"widget\" data-widget_type=\"heading.default\">\n\t\t\t\t\t<h2 class=\"elementor-heading-title elementor-size-default\"><a href=\"https:\/\/www.lopinion.ma\/Edition-L-art-arabe-sous-le-prisme-de-Brahim-Alaoui_a36875.html\" target=\"_blank\">Edition : L\u2019art arabe sous le prisme de Brahim Alaoui\n<\/a><\/h2>\t\t\t\t<\/div>\n\t\t\t\t<div class=\"elementor-element elementor-element-6f843ba elementor-widget elementor-widget-text-editor\" data-id=\"6f843ba\" data-element_type=\"widget\" data-e-type=\"widget\" data-widget_type=\"text-editor.default\">\n\t\t\t\t\t\t\t\t\t<div class=\"container\"><div class=\"row filter-row\"><div class=\"col-md-9\"><a href=\"https:\/\/www.lopinion.ma\/Edition-L-art-arabe-sous-le-prisme-de-Brahim-Alaoui_a36875.html\">L&rsquo;OPINION<\/a><\/div><\/div><\/div>\t\t\t\t\t\t\t\t<\/div>\n\t\t\t\t\t<\/div>\n\t\t<\/div>\n\t\t\t\t<div class=\"elementor-column elementor-col-50 elementor-top-column elementor-element elementor-element-182b942\" data-id=\"182b942\" data-element_type=\"column\" data-e-type=\"column\">\n\t\t\t<div class=\"elementor-widget-wrap elementor-element-populated\">\n\t\t\t\t\t\t<div class=\"elementor-element elementor-element-aac983b elementor-widget elementor-widget-image\" data-id=\"aac983b\" data-element_type=\"widget\" data-e-type=\"widget\" data-widget_type=\"image.default\">\n\t\t\t\t\t\t\t\t\t\t\t\t\t\t\t\t<a href=\"https:\/\/aujourdhui.ma\/culture\/brahim-alaoui-au-comptoir-des-mines-de-marrakech\" target=\"_blank\">\n\t\t\t\t\t\t\t<img loading=\"lazy\" decoding=\"async\" width=\"2000\" height=\"1334\" src=\"https:\/\/cmgmarrakech.com\/wp-content\/uploads\/2023\/03\/Brahim-Alaoui-cmg-presse-2.jpg\" class=\"attachment-full size-full wp-image-10362\" alt=\"\" srcset=\"https:\/\/cmgmarrakech.com\/wp-content\/uploads\/2023\/03\/Brahim-Alaoui-cmg-presse-2.jpg 2000w, https:\/\/cmgmarrakech.com\/wp-content\/uploads\/2023\/03\/Brahim-Alaoui-cmg-presse-2-300x200.jpg 300w, https:\/\/cmgmarrakech.com\/wp-content\/uploads\/2023\/03\/Brahim-Alaoui-cmg-presse-2-1024x683.jpg 1024w, https:\/\/cmgmarrakech.com\/wp-content\/uploads\/2023\/03\/Brahim-Alaoui-cmg-presse-2-768x512.jpg 768w, https:\/\/cmgmarrakech.com\/wp-content\/uploads\/2023\/03\/Brahim-Alaoui-cmg-presse-2-1536x1025.jpg 1536w, https:\/\/cmgmarrakech.com\/wp-content\/uploads\/2023\/03\/Brahim-Alaoui-cmg-presse-2-18x12.jpg 18w, https:\/\/cmgmarrakech.com\/wp-content\/uploads\/2023\/03\/Brahim-Alaoui-cmg-presse-2-415x277.jpg 415w, https:\/\/cmgmarrakech.com\/wp-content\/uploads\/2023\/03\/Brahim-Alaoui-cmg-presse-2-650x434.jpg 650w, https:\/\/cmgmarrakech.com\/wp-content\/uploads\/2023\/03\/Brahim-Alaoui-cmg-presse-2-250x167.jpg 250w\" sizes=\"(max-width: 2000px) 100vw, 2000px\" \/>\t\t\t\t\t\t\t\t<\/a>\n\t\t\t\t\t\t\t\t\t\t\t\t\t\t\t<\/div>\n\t\t\t\t<div class=\"elementor-element elementor-element-57569bc elementor-widget elementor-widget-heading\" data-id=\"57569bc\" data-element_type=\"widget\" data-e-type=\"widget\" data-widget_type=\"heading.default\">\n\t\t\t\t\t<h2 class=\"elementor-heading-title elementor-size-default\"><a href=\"https:\/\/aujourdhui.ma\/culture\/brahim-alaoui-au-comptoir-des-mines-de-marrakech\" target=\"_blank\">Brahim Alaoui au Comptoir des Mines de Marrakech<\/a><\/h2>\t\t\t\t<\/div>\n\t\t\t\t<div class=\"elementor-element elementor-element-1b275dc elementor-widget elementor-widget-text-editor\" data-id=\"1b275dc\" data-element_type=\"widget\" data-e-type=\"widget\" data-widget_type=\"text-editor.default\">\n\t\t\t\t\t\t\t\t\t<p><a href=\"https:\/\/aujourdhui.ma\/culture\/brahim-alaoui-au-comptoir-des-mines-de-marrakech\">Aujourd\u2019hui Le Maroc<\/a><\/p>\t\t\t\t\t\t\t\t<\/div>\n\t\t\t\t\t<\/div>\n\t\t<\/div>\n\t\t\t\t\t<\/div>\n\t\t<\/section>\n\t\t\t\t<section class=\"elementor-section elementor-top-section elementor-element elementor-element-262577d animated-slow elementor-section-boxed elementor-section-height-default elementor-section-height-default\" data-id=\"262577d\" data-element_type=\"section\" data-e-type=\"section\" data-settings=\"{&quot;animation&quot;:&quot;none&quot;}\">\n\t\t\t\t\t\t<div class=\"elementor-container elementor-column-gap-default\">\n\t\t\t\t\t<div class=\"elementor-column elementor-col-50 elementor-top-column elementor-element elementor-element-ac920b0\" data-id=\"ac920b0\" data-element_type=\"column\" data-e-type=\"column\">\n\t\t\t<div class=\"elementor-widget-wrap elementor-element-populated\">\n\t\t\t\t\t\t<div class=\"elementor-element elementor-element-0688891 elementor-widget elementor-widget-image\" data-id=\"0688891\" data-element_type=\"widget\" data-e-type=\"widget\" data-widget_type=\"image.default\">\n\t\t\t\t\t\t\t\t\t\t\t\t\t\t\t\t<a href=\"https:\/\/www.leconomiste.com\/article\/1101441-arts-culture-week-end-ritualisation-et-feminite-l-expo-manifeste-de-yamina-alaoui\" target=\"_blank\">\n\t\t\t\t\t\t\t<img loading=\"lazy\" decoding=\"async\" width=\"2000\" height=\"1334\" src=\"https:\/\/cmgmarrakech.com\/wp-content\/uploads\/2023\/03\/Yasmina-Alaoui-cmg-presse.jpg\" class=\"attachment-full size-full wp-image-10369\" alt=\"\" srcset=\"https:\/\/cmgmarrakech.com\/wp-content\/uploads\/2023\/03\/Yasmina-Alaoui-cmg-presse.jpg 2000w, https:\/\/cmgmarrakech.com\/wp-content\/uploads\/2023\/03\/Yasmina-Alaoui-cmg-presse-300x200.jpg 300w, https:\/\/cmgmarrakech.com\/wp-content\/uploads\/2023\/03\/Yasmina-Alaoui-cmg-presse-1024x683.jpg 1024w, https:\/\/cmgmarrakech.com\/wp-content\/uploads\/2023\/03\/Yasmina-Alaoui-cmg-presse-768x512.jpg 768w, https:\/\/cmgmarrakech.com\/wp-content\/uploads\/2023\/03\/Yasmina-Alaoui-cmg-presse-1536x1025.jpg 1536w, https:\/\/cmgmarrakech.com\/wp-content\/uploads\/2023\/03\/Yasmina-Alaoui-cmg-presse-18x12.jpg 18w, https:\/\/cmgmarrakech.com\/wp-content\/uploads\/2023\/03\/Yasmina-Alaoui-cmg-presse-415x277.jpg 415w, https:\/\/cmgmarrakech.com\/wp-content\/uploads\/2023\/03\/Yasmina-Alaoui-cmg-presse-650x434.jpg 650w, https:\/\/cmgmarrakech.com\/wp-content\/uploads\/2023\/03\/Yasmina-Alaoui-cmg-presse-250x167.jpg 250w\" sizes=\"(max-width: 2000px) 100vw, 2000px\" \/>\t\t\t\t\t\t\t\t<\/a>\n\t\t\t\t\t\t\t\t\t\t\t\t\t\t\t<\/div>\n\t\t\t\t<div class=\"elementor-element elementor-element-c4cc8ad elementor-widget elementor-widget-heading\" data-id=\"c4cc8ad\" data-element_type=\"widget\" data-e-type=\"widget\" data-widget_type=\"heading.default\">\n\t\t\t\t\t<h2 class=\"elementor-heading-title elementor-size-default\"><a href=\"https:\/\/www.leconomiste.com\/article\/1101441-arts-culture-week-end-ritualisation-et-feminite-l-expo-manifeste-de-yamina-alaoui\" target=\"_blank\">Arts &amp; Culture Week-End - Ritualisation et f\u00e9minit\u00e9, l\u2019expo manifeste de Yamina Alaoui<\/a><\/h2>\t\t\t\t<\/div>\n\t\t\t\t<div class=\"elementor-element elementor-element-65a76b4 elementor-widget elementor-widget-text-editor\" data-id=\"65a76b4\" data-element_type=\"widget\" data-e-type=\"widget\" data-widget_type=\"text-editor.default\">\n\t\t\t\t\t\t\t\t\t<div class=\"container\"><div class=\"row filter-row\"><div class=\"col-md-9\"><a href=\"https:\/\/www.leconomiste.com\/article\/1101441-arts-culture-week-end-ritualisation-et-feminite-l-expo-manifeste-de-yamina-alaoui\">L&rsquo;ECONOMISTE<\/a><\/div><\/div><\/div>\t\t\t\t\t\t\t\t<\/div>\n\t\t\t\t\t<\/div>\n\t\t<\/div>\n\t\t\t\t<div class=\"elementor-column elementor-col-50 elementor-top-column elementor-element elementor-element-7b4547b\" data-id=\"7b4547b\" data-element_type=\"column\" data-e-type=\"column\">\n\t\t\t<div class=\"elementor-widget-wrap elementor-element-populated\">\n\t\t\t\t\t\t<div class=\"elementor-element elementor-element-ad2e116 elementor-widget elementor-widget-image\" data-id=\"ad2e116\" data-element_type=\"widget\" data-e-type=\"widget\" data-widget_type=\"image.default\">\n\t\t\t\t\t\t\t\t\t\t\t\t\t\t\t\t<a href=\"https:\/\/www.diptykmag.com\/que-voir-a-marrakech-pendant-la-nuit-des-galeries\/%20\" target=\"_blank\">\n\t\t\t\t\t\t\t<img loading=\"lazy\" decoding=\"async\" width=\"2000\" height=\"1334\" src=\"https:\/\/cmgmarrakech.com\/wp-content\/uploads\/2023\/03\/Yasmina-Alaoui-cmg-presse-2.jpg\" class=\"attachment-full size-full wp-image-10375\" alt=\"\" srcset=\"https:\/\/cmgmarrakech.com\/wp-content\/uploads\/2023\/03\/Yasmina-Alaoui-cmg-presse-2.jpg 2000w, https:\/\/cmgmarrakech.com\/wp-content\/uploads\/2023\/03\/Yasmina-Alaoui-cmg-presse-2-300x200.jpg 300w, https:\/\/cmgmarrakech.com\/wp-content\/uploads\/2023\/03\/Yasmina-Alaoui-cmg-presse-2-1024x683.jpg 1024w, https:\/\/cmgmarrakech.com\/wp-content\/uploads\/2023\/03\/Yasmina-Alaoui-cmg-presse-2-768x512.jpg 768w, https:\/\/cmgmarrakech.com\/wp-content\/uploads\/2023\/03\/Yasmina-Alaoui-cmg-presse-2-1536x1025.jpg 1536w, https:\/\/cmgmarrakech.com\/wp-content\/uploads\/2023\/03\/Yasmina-Alaoui-cmg-presse-2-18x12.jpg 18w, https:\/\/cmgmarrakech.com\/wp-content\/uploads\/2023\/03\/Yasmina-Alaoui-cmg-presse-2-415x277.jpg 415w, https:\/\/cmgmarrakech.com\/wp-content\/uploads\/2023\/03\/Yasmina-Alaoui-cmg-presse-2-650x434.jpg 650w, https:\/\/cmgmarrakech.com\/wp-content\/uploads\/2023\/03\/Yasmina-Alaoui-cmg-presse-2-250x167.jpg 250w\" sizes=\"(max-width: 2000px) 100vw, 2000px\" \/>\t\t\t\t\t\t\t\t<\/a>\n\t\t\t\t\t\t\t\t\t\t\t\t\t\t\t<\/div>\n\t\t\t\t<div class=\"elementor-element elementor-element-b82508d elementor-widget elementor-widget-heading\" data-id=\"b82508d\" data-element_type=\"widget\" data-e-type=\"widget\" data-widget_type=\"heading.default\">\n\t\t\t\t\t<h2 class=\"elementor-heading-title elementor-size-default\"><a href=\"https:\/\/www.diptykmag.com\/que-voir-a-marrakech-pendant-la-nuit-des-galeries\/%20\" target=\"_blank\">Que voir \u00e0 Marrakech pendant la nuit des galeries ?<\/a><\/h2>\t\t\t\t<\/div>\n\t\t\t\t<div class=\"elementor-element elementor-element-f13ff1c elementor-widget elementor-widget-text-editor\" data-id=\"f13ff1c\" data-element_type=\"widget\" data-e-type=\"widget\" data-widget_type=\"text-editor.default\">\n\t\t\t\t\t\t\t\t\t<p><a href=\"https:\/\/www.diptykmag.com\/que-voir-a-marrakech-pendant-la-nuit-des-galeries\/\">Diptyk<\/a><\/p>\t\t\t\t\t\t\t\t<\/div>\n\t\t\t\t\t<\/div>\n\t\t<\/div>\n\t\t\t\t\t<\/div>\n\t\t<\/section>\n\t\t\t\t<section class=\"elementor-section elementor-top-section elementor-element elementor-element-a2adacc animated-slow elementor-section-boxed elementor-section-height-default elementor-section-height-default\" data-id=\"a2adacc\" data-element_type=\"section\" data-e-type=\"section\" data-settings=\"{&quot;animation&quot;:&quot;none&quot;}\">\n\t\t\t\t\t\t<div class=\"elementor-container elementor-column-gap-default\">\n\t\t\t\t\t<div class=\"elementor-column elementor-col-50 elementor-top-column elementor-element elementor-element-1f0015d\" data-id=\"1f0015d\" data-element_type=\"column\" data-e-type=\"column\">\n\t\t\t<div class=\"elementor-widget-wrap elementor-element-populated\">\n\t\t\t\t\t\t<div class=\"elementor-element elementor-element-58a565c elementor-widget elementor-widget-image\" data-id=\"58a565c\" data-element_type=\"widget\" data-e-type=\"widget\" data-widget_type=\"image.default\">\n\t\t\t\t\t\t\t\t\t\t\t\t\t\t\t\t<a href=\"https:\/\/fr.le360.ma\/culture\/la-foire-1-54-de-marrakech-est-de-retour-apres-trois-ans-dabsence_L3S7SQDEGJHLHNLX3TX7IF2BHA\/\" target=\"_blank\">\n\t\t\t\t\t\t\t<img loading=\"lazy\" decoding=\"async\" width=\"2000\" height=\"1335\" src=\"https:\/\/cmgmarrakech.com\/wp-content\/uploads\/2023\/02\/Yasmina-Alaoui-Solo-Exhibition-Cover-2.jpg\" class=\"attachment-full size-full wp-image-10328\" alt=\"\" srcset=\"https:\/\/cmgmarrakech.com\/wp-content\/uploads\/2023\/02\/Yasmina-Alaoui-Solo-Exhibition-Cover-2.jpg 2000w, https:\/\/cmgmarrakech.com\/wp-content\/uploads\/2023\/02\/Yasmina-Alaoui-Solo-Exhibition-Cover-2-300x200.jpg 300w, https:\/\/cmgmarrakech.com\/wp-content\/uploads\/2023\/02\/Yasmina-Alaoui-Solo-Exhibition-Cover-2-1024x684.jpg 1024w, https:\/\/cmgmarrakech.com\/wp-content\/uploads\/2023\/02\/Yasmina-Alaoui-Solo-Exhibition-Cover-2-768x513.jpg 768w, https:\/\/cmgmarrakech.com\/wp-content\/uploads\/2023\/02\/Yasmina-Alaoui-Solo-Exhibition-Cover-2-1536x1025.jpg 1536w, https:\/\/cmgmarrakech.com\/wp-content\/uploads\/2023\/02\/Yasmina-Alaoui-Solo-Exhibition-Cover-2-18x12.jpg 18w, https:\/\/cmgmarrakech.com\/wp-content\/uploads\/2023\/02\/Yasmina-Alaoui-Solo-Exhibition-Cover-2-415x277.jpg 415w, https:\/\/cmgmarrakech.com\/wp-content\/uploads\/2023\/02\/Yasmina-Alaoui-Solo-Exhibition-Cover-2-650x434.jpg 650w, https:\/\/cmgmarrakech.com\/wp-content\/uploads\/2023\/02\/Yasmina-Alaoui-Solo-Exhibition-Cover-2-250x167.jpg 250w\" sizes=\"(max-width: 2000px) 100vw, 2000px\" \/>\t\t\t\t\t\t\t\t<\/a>\n\t\t\t\t\t\t\t\t\t\t\t\t\t\t\t<\/div>\n\t\t\t\t<div class=\"elementor-element elementor-element-18b960b elementor-widget elementor-widget-heading\" data-id=\"18b960b\" data-element_type=\"widget\" data-e-type=\"widget\" data-widget_type=\"heading.default\">\n\t\t\t\t\t<h2 class=\"elementor-heading-title elementor-size-default\"><a href=\"https:\/\/fr.le360.ma\/culture\/la-foire-1-54-de-marrakech-est-de-retour-apres-trois-ans-dabsence_L3S7SQDEGJHLHNLX3TX7IF2BHA\/\" target=\"_blank\">La Foire 1-54 de Marrakech est de retour apr\u00e8s trois ans d\u2019absence<\/a><\/h2>\t\t\t\t<\/div>\n\t\t\t\t<div class=\"elementor-element elementor-element-c5b0670 elementor-widget elementor-widget-text-editor\" data-id=\"c5b0670\" data-element_type=\"widget\" data-e-type=\"widget\" data-widget_type=\"text-editor.default\">\n\t\t\t\t\t\t\t\t\t<div class=\"container\"><div class=\"row filter-row\"><div class=\"col-md-9\"><a href=\"https:\/\/fr.le360.ma\/culture\/la-foire-1-54-de-marrakech-est-de-retour-apres-trois-ans-dabsence_L3S7SQDEGJHLHNLX3TX7IF2BHA\/\">LE360.ma<\/a><\/div><\/div><\/div>\t\t\t\t\t\t\t\t<\/div>\n\t\t\t\t\t<\/div>\n\t\t<\/div>\n\t\t\t\t<div class=\"elementor-column elementor-col-50 elementor-top-column elementor-element elementor-element-b07014d\" data-id=\"b07014d\" data-element_type=\"column\" data-e-type=\"column\">\n\t\t\t<div class=\"elementor-widget-wrap elementor-element-populated\">\n\t\t\t\t\t\t<div class=\"elementor-element elementor-element-d27b734 elementor-widget elementor-widget-image\" data-id=\"d27b734\" data-element_type=\"widget\" data-e-type=\"widget\" data-widget_type=\"image.default\">\n\t\t\t\t\t\t\t\t\t\t\t\t\t\t\t\t<a href=\"https:\/\/www.jeuneafrique.com\/1418104\/culture\/retour-en-grace-a-marrakech-pour-la-foire-dart-contemporain-1-54\/\" target=\"_blank\">\n\t\t\t\t\t\t\t<img loading=\"lazy\" decoding=\"async\" width=\"2000\" height=\"1334\" src=\"https:\/\/cmgmarrakech.com\/wp-content\/uploads\/2023\/01\/Mustapha-Akrim-ALM-presse-2.jpg\" class=\"attachment-full size-full wp-image-10163\" alt=\"\" srcset=\"https:\/\/cmgmarrakech.com\/wp-content\/uploads\/2023\/01\/Mustapha-Akrim-ALM-presse-2.jpg 2000w, https:\/\/cmgmarrakech.com\/wp-content\/uploads\/2023\/01\/Mustapha-Akrim-ALM-presse-2-300x200.jpg 300w, https:\/\/cmgmarrakech.com\/wp-content\/uploads\/2023\/01\/Mustapha-Akrim-ALM-presse-2-1024x683.jpg 1024w, https:\/\/cmgmarrakech.com\/wp-content\/uploads\/2023\/01\/Mustapha-Akrim-ALM-presse-2-768x512.jpg 768w, https:\/\/cmgmarrakech.com\/wp-content\/uploads\/2023\/01\/Mustapha-Akrim-ALM-presse-2-1536x1025.jpg 1536w, https:\/\/cmgmarrakech.com\/wp-content\/uploads\/2023\/01\/Mustapha-Akrim-ALM-presse-2-18x12.jpg 18w, https:\/\/cmgmarrakech.com\/wp-content\/uploads\/2023\/01\/Mustapha-Akrim-ALM-presse-2-415x277.jpg 415w, https:\/\/cmgmarrakech.com\/wp-content\/uploads\/2023\/01\/Mustapha-Akrim-ALM-presse-2-650x434.jpg 650w, https:\/\/cmgmarrakech.com\/wp-content\/uploads\/2023\/01\/Mustapha-Akrim-ALM-presse-2-250x167.jpg 250w\" sizes=\"(max-width: 2000px) 100vw, 2000px\" \/>\t\t\t\t\t\t\t\t<\/a>\n\t\t\t\t\t\t\t\t\t\t\t\t\t\t\t<\/div>\n\t\t\t\t<div class=\"elementor-element elementor-element-56d3966 elementor-widget elementor-widget-heading\" data-id=\"56d3966\" data-element_type=\"widget\" data-e-type=\"widget\" data-widget_type=\"heading.default\">\n\t\t\t\t\t<h2 class=\"elementor-heading-title elementor-size-default\"><a href=\"https:\/\/www.jeuneafrique.com\/1418104\/culture\/retour-en-grace-a-marrakech-pour-la-foire-dart-contemporain-1-54\/\" target=\"_blank\">Retour en gr\u00e2ce \u00e0 Marrakech pour la foire d\u2019art contemporain 1-54<\/a><\/h2>\t\t\t\t<\/div>\n\t\t\t\t<div class=\"elementor-element elementor-element-fa45b6f elementor-widget elementor-widget-text-editor\" data-id=\"fa45b6f\" data-element_type=\"widget\" data-e-type=\"widget\" data-widget_type=\"text-editor.default\">\n\t\t\t\t\t\t\t\t\t<p><a href=\"https:\/\/www.jeuneafrique.com\/1418104\/culture\/retour-en-grace-a-marrakech-pour-la-foire-dart-contemporain-1-54\/\">Jeune Afrique<\/a><\/p>\t\t\t\t\t\t\t\t<\/div>\n\t\t\t\t\t<\/div>\n\t\t<\/div>\n\t\t\t\t\t<\/div>\n\t\t<\/section>\n\t\t\t\t<section class=\"elementor-section elementor-top-section elementor-element elementor-element-6312e56 animated-slow elementor-section-boxed elementor-section-height-default elementor-section-height-default\" data-id=\"6312e56\" data-element_type=\"section\" data-e-type=\"section\" data-settings=\"{&quot;animation&quot;:&quot;none&quot;}\">\n\t\t\t\t\t\t<div class=\"elementor-container elementor-column-gap-default\">\n\t\t\t\t\t<div class=\"elementor-column elementor-col-50 elementor-top-column elementor-element elementor-element-3a62fe6\" data-id=\"3a62fe6\" data-element_type=\"column\" data-e-type=\"column\">\n\t\t\t<div class=\"elementor-widget-wrap elementor-element-populated\">\n\t\t\t\t\t\t<div class=\"elementor-element elementor-element-d2bde51 elementor-widget elementor-widget-image\" data-id=\"d2bde51\" data-element_type=\"widget\" data-e-type=\"widget\" data-widget_type=\"image.default\">\n\t\t\t\t\t\t\t\t\t\t\t\t\t\t\t\t<a href=\"https:\/\/www.artbasel.com\/stories\/marrakech-morocco-vibrant-cultural-hub-contemporary-art\" target=\"_blank\">\n\t\t\t\t\t\t\t<img loading=\"lazy\" decoding=\"async\" width=\"2000\" height=\"1334\" src=\"https:\/\/cmgmarrakech.com\/wp-content\/uploads\/2023\/01\/Mustapha-Akrim-ALM-presse.jpg\" class=\"attachment-full size-full wp-image-10158\" alt=\"\" srcset=\"https:\/\/cmgmarrakech.com\/wp-content\/uploads\/2023\/01\/Mustapha-Akrim-ALM-presse.jpg 2000w, https:\/\/cmgmarrakech.com\/wp-content\/uploads\/2023\/01\/Mustapha-Akrim-ALM-presse-300x200.jpg 300w, https:\/\/cmgmarrakech.com\/wp-content\/uploads\/2023\/01\/Mustapha-Akrim-ALM-presse-1024x683.jpg 1024w, https:\/\/cmgmarrakech.com\/wp-content\/uploads\/2023\/01\/Mustapha-Akrim-ALM-presse-768x512.jpg 768w, https:\/\/cmgmarrakech.com\/wp-content\/uploads\/2023\/01\/Mustapha-Akrim-ALM-presse-1536x1025.jpg 1536w, https:\/\/cmgmarrakech.com\/wp-content\/uploads\/2023\/01\/Mustapha-Akrim-ALM-presse-18x12.jpg 18w, https:\/\/cmgmarrakech.com\/wp-content\/uploads\/2023\/01\/Mustapha-Akrim-ALM-presse-415x277.jpg 415w, https:\/\/cmgmarrakech.com\/wp-content\/uploads\/2023\/01\/Mustapha-Akrim-ALM-presse-650x434.jpg 650w, https:\/\/cmgmarrakech.com\/wp-content\/uploads\/2023\/01\/Mustapha-Akrim-ALM-presse-250x167.jpg 250w\" sizes=\"(max-width: 2000px) 100vw, 2000px\" \/>\t\t\t\t\t\t\t\t<\/a>\n\t\t\t\t\t\t\t\t\t\t\t\t\t\t\t<\/div>\n\t\t\t\t<div class=\"elementor-element elementor-element-fda42a2 elementor-widget elementor-widget-heading\" data-id=\"fda42a2\" data-element_type=\"widget\" data-e-type=\"widget\" data-widget_type=\"heading.default\">\n\t\t\t\t\t<h2 class=\"elementor-heading-title elementor-size-default\"><a href=\"https:\/\/www.artbasel.com\/stories\/marrakech-morocco-vibrant-cultural-hub-contemporary-art\" target=\"_blank\">La sc\u00e8ne contemporaine \u00e0 Marrakech\n<\/a><\/h2>\t\t\t\t<\/div>\n\t\t\t\t<div class=\"elementor-element elementor-element-c3b969d elementor-widget elementor-widget-text-editor\" data-id=\"c3b969d\" data-element_type=\"widget\" data-e-type=\"widget\" data-widget_type=\"text-editor.default\">\n\t\t\t\t\t\t\t\t\t<div class=\"container\"><div class=\"row filter-row\"><div class=\"col-md-9\"><a href=\"https:\/\/www.artbasel.com\/stories\/marrakech-morocco-vibrant-cultural-hub-contemporary-art\">ART BASEL<\/a><\/div><\/div><\/div>\t\t\t\t\t\t\t\t<\/div>\n\t\t\t\t\t<\/div>\n\t\t<\/div>\n\t\t\t\t<div class=\"elementor-column elementor-col-50 elementor-top-column elementor-element elementor-element-5097f6d\" data-id=\"5097f6d\" data-element_type=\"column\" data-e-type=\"column\">\n\t\t\t<div class=\"elementor-widget-wrap elementor-element-populated\">\n\t\t\t\t\t\t<div class=\"elementor-element elementor-element-fd8612d elementor-widget elementor-widget-image\" data-id=\"fd8612d\" data-element_type=\"widget\" data-e-type=\"widget\" data-widget_type=\"image.default\">\n\t\t\t\t\t\t\t\t\t\t\t\t\t\t\t\t<a href=\"https:\/\/www.lepoint.fr\/afrique\/a-la-foire-1-54-l-art-contemporain-africain-eleve-la-voix-14-02-2023-2508704_3826.php\" target=\"_blank\">\n\t\t\t\t\t\t\t<img loading=\"lazy\" decoding=\"async\" width=\"2000\" height=\"1334\" src=\"https:\/\/cmgmarrakech.com\/wp-content\/uploads\/2023\/03\/Yasmina-Alaoui-cmg-presse-3.jpg\" class=\"attachment-full size-full wp-image-10387\" alt=\"\" srcset=\"https:\/\/cmgmarrakech.com\/wp-content\/uploads\/2023\/03\/Yasmina-Alaoui-cmg-presse-3.jpg 2000w, https:\/\/cmgmarrakech.com\/wp-content\/uploads\/2023\/03\/Yasmina-Alaoui-cmg-presse-3-300x200.jpg 300w, https:\/\/cmgmarrakech.com\/wp-content\/uploads\/2023\/03\/Yasmina-Alaoui-cmg-presse-3-1024x683.jpg 1024w, https:\/\/cmgmarrakech.com\/wp-content\/uploads\/2023\/03\/Yasmina-Alaoui-cmg-presse-3-768x512.jpg 768w, https:\/\/cmgmarrakech.com\/wp-content\/uploads\/2023\/03\/Yasmina-Alaoui-cmg-presse-3-1536x1025.jpg 1536w, https:\/\/cmgmarrakech.com\/wp-content\/uploads\/2023\/03\/Yasmina-Alaoui-cmg-presse-3-18x12.jpg 18w, https:\/\/cmgmarrakech.com\/wp-content\/uploads\/2023\/03\/Yasmina-Alaoui-cmg-presse-3-415x277.jpg 415w, https:\/\/cmgmarrakech.com\/wp-content\/uploads\/2023\/03\/Yasmina-Alaoui-cmg-presse-3-650x434.jpg 650w, https:\/\/cmgmarrakech.com\/wp-content\/uploads\/2023\/03\/Yasmina-Alaoui-cmg-presse-3-250x167.jpg 250w\" sizes=\"(max-width: 2000px) 100vw, 2000px\" \/>\t\t\t\t\t\t\t\t<\/a>\n\t\t\t\t\t\t\t\t\t\t\t\t\t\t\t<\/div>\n\t\t\t\t<div class=\"elementor-element elementor-element-01ee335 elementor-widget elementor-widget-heading\" data-id=\"01ee335\" data-element_type=\"widget\" data-e-type=\"widget\" data-widget_type=\"heading.default\">\n\t\t\t\t\t<h2 class=\"elementor-heading-title elementor-size-default\"><a href=\"https:\/\/www.lepoint.fr\/afrique\/a-la-foire-1-54-l-art-contemporain-africain-eleve-la-voix-14-02-2023-2508704_3826.php\" target=\"_blank\">\u00c0 la foire 1.54, l\u2019art contemporain africain \u00e9l\u00e8ve la voix<\/a><\/h2>\t\t\t\t<\/div>\n\t\t\t\t<div class=\"elementor-element elementor-element-d4f5305 elementor-widget elementor-widget-text-editor\" data-id=\"d4f5305\" data-element_type=\"widget\" data-e-type=\"widget\" data-widget_type=\"text-editor.default\">\n\t\t\t\t\t\t\t\t\t<p><a href=\"https:\/\/www.lepoint.fr\/afrique\/a-la-foire-1-54-l-art-contemporain-africain-eleve-la-voix-14-02-2023-2508704_3826.php\">Le Point Afrique<\/a><\/p>\t\t\t\t\t\t\t\t<\/div>\n\t\t\t\t\t<\/div>\n\t\t<\/div>\n\t\t\t\t\t<\/div>\n\t\t<\/section>\n\t\t\t\t<section class=\"elementor-section elementor-top-section elementor-element elementor-element-4abef2f animated-slow elementor-section-boxed elementor-section-height-default elementor-section-height-default\" data-id=\"4abef2f\" data-element_type=\"section\" data-e-type=\"section\" data-settings=\"{&quot;animation&quot;:&quot;none&quot;}\">\n\t\t\t\t\t\t<div class=\"elementor-container elementor-column-gap-default\">\n\t\t\t\t\t<div class=\"elementor-column elementor-col-50 elementor-top-column elementor-element elementor-element-4f8969d\" data-id=\"4f8969d\" data-element_type=\"column\" data-e-type=\"column\">\n\t\t\t<div class=\"elementor-widget-wrap elementor-element-populated\">\n\t\t\t\t\t\t<div class=\"elementor-element elementor-element-2bb6085 elementor-widget elementor-widget-image\" data-id=\"2bb6085\" data-element_type=\"widget\" data-e-type=\"widget\" data-widget_type=\"image.default\">\n\t\t\t\t\t\t\t\t\t\t\t\t\t\t\t\t<a href=\"https:\/\/www.lopinion.ma\/Exposition-La-libre-expression-de-Mustapha-Akim_a34875.html\" target=\"_blank\">\n\t\t\t\t\t\t\t<img loading=\"lazy\" decoding=\"async\" width=\"2000\" height=\"1334\" src=\"https:\/\/cmgmarrakech.com\/wp-content\/uploads\/2022\/12\/Mustapha-Akrim-Solo-Exhibition-Image2-2.jpg\" class=\"attachment-full size-full wp-image-10123\" alt=\"\" srcset=\"https:\/\/cmgmarrakech.com\/wp-content\/uploads\/2022\/12\/Mustapha-Akrim-Solo-Exhibition-Image2-2.jpg 2000w, https:\/\/cmgmarrakech.com\/wp-content\/uploads\/2022\/12\/Mustapha-Akrim-Solo-Exhibition-Image2-2-300x200.jpg 300w, https:\/\/cmgmarrakech.com\/wp-content\/uploads\/2022\/12\/Mustapha-Akrim-Solo-Exhibition-Image2-2-1024x683.jpg 1024w, https:\/\/cmgmarrakech.com\/wp-content\/uploads\/2022\/12\/Mustapha-Akrim-Solo-Exhibition-Image2-2-768x512.jpg 768w, https:\/\/cmgmarrakech.com\/wp-content\/uploads\/2022\/12\/Mustapha-Akrim-Solo-Exhibition-Image2-2-1536x1025.jpg 1536w, https:\/\/cmgmarrakech.com\/wp-content\/uploads\/2022\/12\/Mustapha-Akrim-Solo-Exhibition-Image2-2-18x12.jpg 18w, https:\/\/cmgmarrakech.com\/wp-content\/uploads\/2022\/12\/Mustapha-Akrim-Solo-Exhibition-Image2-2-415x277.jpg 415w, https:\/\/cmgmarrakech.com\/wp-content\/uploads\/2022\/12\/Mustapha-Akrim-Solo-Exhibition-Image2-2-650x434.jpg 650w, https:\/\/cmgmarrakech.com\/wp-content\/uploads\/2022\/12\/Mustapha-Akrim-Solo-Exhibition-Image2-2-250x167.jpg 250w\" sizes=\"(max-width: 2000px) 100vw, 2000px\" \/>\t\t\t\t\t\t\t\t<\/a>\n\t\t\t\t\t\t\t\t\t\t\t\t\t\t\t<\/div>\n\t\t\t\t<div class=\"elementor-element elementor-element-7ae9803 elementor-widget elementor-widget-heading\" data-id=\"7ae9803\" data-element_type=\"widget\" data-e-type=\"widget\" data-widget_type=\"heading.default\">\n\t\t\t\t\t<h2 class=\"elementor-heading-title elementor-size-default\"><a href=\"https:\/\/www.lopinion.ma\/Exposition-La-libre-expression-de-Mustapha-Akim_a34875.html\" target=\"_blank\">Exposition : La libre expression de Mustapha Akim\n<\/a><\/h2>\t\t\t\t<\/div>\n\t\t\t\t<div class=\"elementor-element elementor-element-28b926f elementor-widget elementor-widget-text-editor\" data-id=\"28b926f\" data-element_type=\"widget\" data-e-type=\"widget\" data-widget_type=\"text-editor.default\">\n\t\t\t\t\t\t\t\t\t<div class=\"container\"><div class=\"row filter-row\"><div class=\"col-md-9\"><a href=\"https:\/\/www.lopinion.ma\/Exposition-La-libre-expression-de-Mustapha-Akim_a34875.html\">L&rsquo;opinion<\/a><\/div><\/div><\/div>\t\t\t\t\t\t\t\t<\/div>\n\t\t\t\t\t<\/div>\n\t\t<\/div>\n\t\t\t\t<div class=\"elementor-column elementor-col-50 elementor-top-column elementor-element elementor-element-8a5505b\" data-id=\"8a5505b\" data-element_type=\"column\" data-e-type=\"column\">\n\t\t\t<div class=\"elementor-widget-wrap elementor-element-populated\">\n\t\t\t\t\t\t<div class=\"elementor-element elementor-element-20165b0 elementor-widget elementor-widget-image\" data-id=\"20165b0\" data-element_type=\"widget\" data-e-type=\"widget\" data-widget_type=\"image.default\">\n\t\t\t\t\t\t\t\t\t\t\t\t\t\t\t\t<a href=\"https:\/\/www.diptykmag.com\/le-pays-de-khalil-nemmaoui\/\" target=\"_blank\">\n\t\t\t\t\t\t\t<img loading=\"lazy\" decoding=\"async\" width=\"2100\" height=\"1400\" src=\"https:\/\/cmgmarrakech.com\/wp-content\/uploads\/2022\/11\/R12-HARVEST-Serie-Equilibrium-2013.jpg\" class=\"attachment-full size-full wp-image-10050\" alt=\"\" srcset=\"https:\/\/cmgmarrakech.com\/wp-content\/uploads\/2022\/11\/R12-HARVEST-Serie-Equilibrium-2013.jpg 2100w, https:\/\/cmgmarrakech.com\/wp-content\/uploads\/2022\/11\/R12-HARVEST-Serie-Equilibrium-2013-300x200.jpg 300w, https:\/\/cmgmarrakech.com\/wp-content\/uploads\/2022\/11\/R12-HARVEST-Serie-Equilibrium-2013-1024x683.jpg 1024w, https:\/\/cmgmarrakech.com\/wp-content\/uploads\/2022\/11\/R12-HARVEST-Serie-Equilibrium-2013-768x512.jpg 768w, https:\/\/cmgmarrakech.com\/wp-content\/uploads\/2022\/11\/R12-HARVEST-Serie-Equilibrium-2013-1536x1024.jpg 1536w, https:\/\/cmgmarrakech.com\/wp-content\/uploads\/2022\/11\/R12-HARVEST-Serie-Equilibrium-2013-2048x1365.jpg 2048w, https:\/\/cmgmarrakech.com\/wp-content\/uploads\/2022\/11\/R12-HARVEST-Serie-Equilibrium-2013-18x12.jpg 18w, https:\/\/cmgmarrakech.com\/wp-content\/uploads\/2022\/11\/R12-HARVEST-Serie-Equilibrium-2013-415x277.jpg 415w, https:\/\/cmgmarrakech.com\/wp-content\/uploads\/2022\/11\/R12-HARVEST-Serie-Equilibrium-2013-650x433.jpg 650w, https:\/\/cmgmarrakech.com\/wp-content\/uploads\/2022\/11\/R12-HARVEST-Serie-Equilibrium-2013-250x167.jpg 250w\" sizes=\"(max-width: 2100px) 100vw, 2100px\" \/>\t\t\t\t\t\t\t\t<\/a>\n\t\t\t\t\t\t\t\t\t\t\t\t\t\t\t<\/div>\n\t\t\t\t<div class=\"elementor-element elementor-element-fc8e04a elementor-widget elementor-widget-heading\" data-id=\"fc8e04a\" data-element_type=\"widget\" data-e-type=\"widget\" data-widget_type=\"heading.default\">\n\t\t\t\t\t<h2 class=\"elementor-heading-title elementor-size-default\"><a href=\"https:\/\/www.diptykmag.com\/le-pays-de-khalil-nemmaoui\/\" target=\"_blank\">Le pays de Khalil Nemmaoui\n<\/a><\/h2>\t\t\t\t<\/div>\n\t\t\t\t<div class=\"elementor-element elementor-element-00f2a1b elementor-widget elementor-widget-text-editor\" data-id=\"00f2a1b\" data-element_type=\"widget\" data-e-type=\"widget\" data-widget_type=\"text-editor.default\">\n\t\t\t\t\t\t\t\t\t<p><a href=\"https:\/\/www.diptykmag.com\/le-pays-de-khalil-nemmaoui\/\">Diptyk<\/a><\/p>\t\t\t\t\t\t\t\t<\/div>\n\t\t\t\t\t<\/div>\n\t\t<\/div>\n\t\t\t\t\t<\/div>\n\t\t<\/section>\n\t\t\t\t<section class=\"elementor-section elementor-top-section elementor-element elementor-element-46b537b animated-slow elementor-section-boxed elementor-section-height-default elementor-section-height-default\" data-id=\"46b537b\" data-element_type=\"section\" data-e-type=\"section\" data-settings=\"{&quot;animation&quot;:&quot;none&quot;}\">\n\t\t\t\t\t\t<div class=\"elementor-container elementor-column-gap-default\">\n\t\t\t\t\t<div class=\"elementor-column elementor-col-50 elementor-top-column elementor-element elementor-element-b8fcb87\" data-id=\"b8fcb87\" data-element_type=\"column\" data-e-type=\"column\">\n\t\t\t<div class=\"elementor-widget-wrap elementor-element-populated\">\n\t\t\t\t\t\t<div class=\"elementor-element elementor-element-ad2578a elementor-widget elementor-widget-image\" data-id=\"ad2578a\" data-element_type=\"widget\" data-e-type=\"widget\" data-widget_type=\"image.default\">\n\t\t\t\t\t\t\t\t\t\t\t\t\t\t\t\t<a href=\"https:\/\/ledesk.ma\/culture\/a-marrakech-lexposition-de-mouhcine-rahaoui-enfant-des-mines-invite-a-une-immersion-dans-les-mines-de-jerada\/\" target=\"_blank\">\n\t\t\t\t\t\t\t<img loading=\"lazy\" decoding=\"async\" width=\"2000\" height=\"1334\" src=\"https:\/\/cmgmarrakech.com\/wp-content\/uploads\/2023\/01\/Mustapha-Akrim-ALM-presse-2.jpg\" class=\"attachment-full size-full wp-image-10163\" alt=\"\" srcset=\"https:\/\/cmgmarrakech.com\/wp-content\/uploads\/2023\/01\/Mustapha-Akrim-ALM-presse-2.jpg 2000w, https:\/\/cmgmarrakech.com\/wp-content\/uploads\/2023\/01\/Mustapha-Akrim-ALM-presse-2-300x200.jpg 300w, https:\/\/cmgmarrakech.com\/wp-content\/uploads\/2023\/01\/Mustapha-Akrim-ALM-presse-2-1024x683.jpg 1024w, https:\/\/cmgmarrakech.com\/wp-content\/uploads\/2023\/01\/Mustapha-Akrim-ALM-presse-2-768x512.jpg 768w, https:\/\/cmgmarrakech.com\/wp-content\/uploads\/2023\/01\/Mustapha-Akrim-ALM-presse-2-1536x1025.jpg 1536w, https:\/\/cmgmarrakech.com\/wp-content\/uploads\/2023\/01\/Mustapha-Akrim-ALM-presse-2-18x12.jpg 18w, https:\/\/cmgmarrakech.com\/wp-content\/uploads\/2023\/01\/Mustapha-Akrim-ALM-presse-2-415x277.jpg 415w, https:\/\/cmgmarrakech.com\/wp-content\/uploads\/2023\/01\/Mustapha-Akrim-ALM-presse-2-650x434.jpg 650w, https:\/\/cmgmarrakech.com\/wp-content\/uploads\/2023\/01\/Mustapha-Akrim-ALM-presse-2-250x167.jpg 250w\" sizes=\"(max-width: 2000px) 100vw, 2000px\" \/>\t\t\t\t\t\t\t\t<\/a>\n\t\t\t\t\t\t\t\t\t\t\t\t\t\t\t<\/div>\n\t\t\t\t<div class=\"elementor-element elementor-element-5d74969 elementor-widget elementor-widget-heading\" data-id=\"5d74969\" data-element_type=\"widget\" data-e-type=\"widget\" data-widget_type=\"heading.default\">\n\t\t\t\t\t<h2 class=\"elementor-heading-title elementor-size-default\"><a href=\"https:\/\/ledesk.ma\/culture\/mustapha-akrim-lartiste-ouvrier-qui-petrifie-ses-reflexions-sur-la-societe-moderne\/\" target=\"_blank\"> Mustapha Akrim, l\u2019artiste-ouvrier qui \u00ab p\u00e9trifie \u00bb ses r\u00e9flexions sur la soci\u00e9t\u00e9 moderne<\/a><\/h2>\t\t\t\t<\/div>\n\t\t\t\t<div class=\"elementor-element elementor-element-ed0d123 elementor-widget elementor-widget-text-editor\" data-id=\"ed0d123\" data-element_type=\"widget\" data-e-type=\"widget\" data-widget_type=\"text-editor.default\">\n\t\t\t\t\t\t\t\t\t<div class=\"container\"><div class=\"row filter-row\"><div class=\"col-md-9\"><a href=\"https:\/\/ledesk.ma\/culture\/mustapha-akrim-lartiste-ouvrier-qui-petrifie-ses-reflexions-sur-la-societe-moderne\/\">LeDesk.ma<\/a><\/div><\/div><\/div>\t\t\t\t\t\t\t\t<\/div>\n\t\t\t\t\t<\/div>\n\t\t<\/div>\n\t\t\t\t<div class=\"elementor-column elementor-col-50 elementor-top-column elementor-element elementor-element-13898d4\" data-id=\"13898d4\" data-element_type=\"column\" data-e-type=\"column\">\n\t\t\t<div class=\"elementor-widget-wrap elementor-element-populated\">\n\t\t\t\t\t\t<div class=\"elementor-element elementor-element-a2e4cab elementor-widget elementor-widget-image\" data-id=\"a2e4cab\" data-element_type=\"widget\" data-e-type=\"widget\" data-widget_type=\"image.default\">\n\t\t\t\t\t\t\t\t\t\t\t\t\t\t\t\t<a href=\"https:\/\/aujourdhui.ma\/culture\/mustapha-akrim-explore-la-condition-humaine\" target=\"_blank\">\n\t\t\t\t\t\t\t<img loading=\"lazy\" decoding=\"async\" width=\"2000\" height=\"1334\" src=\"https:\/\/cmgmarrakech.com\/wp-content\/uploads\/2023\/01\/Mustapha-Akrim-ALM-presse.jpg\" class=\"attachment-full size-full wp-image-10158\" alt=\"\" srcset=\"https:\/\/cmgmarrakech.com\/wp-content\/uploads\/2023\/01\/Mustapha-Akrim-ALM-presse.jpg 2000w, https:\/\/cmgmarrakech.com\/wp-content\/uploads\/2023\/01\/Mustapha-Akrim-ALM-presse-300x200.jpg 300w, https:\/\/cmgmarrakech.com\/wp-content\/uploads\/2023\/01\/Mustapha-Akrim-ALM-presse-1024x683.jpg 1024w, https:\/\/cmgmarrakech.com\/wp-content\/uploads\/2023\/01\/Mustapha-Akrim-ALM-presse-768x512.jpg 768w, https:\/\/cmgmarrakech.com\/wp-content\/uploads\/2023\/01\/Mustapha-Akrim-ALM-presse-1536x1025.jpg 1536w, https:\/\/cmgmarrakech.com\/wp-content\/uploads\/2023\/01\/Mustapha-Akrim-ALM-presse-18x12.jpg 18w, https:\/\/cmgmarrakech.com\/wp-content\/uploads\/2023\/01\/Mustapha-Akrim-ALM-presse-415x277.jpg 415w, https:\/\/cmgmarrakech.com\/wp-content\/uploads\/2023\/01\/Mustapha-Akrim-ALM-presse-650x434.jpg 650w, https:\/\/cmgmarrakech.com\/wp-content\/uploads\/2023\/01\/Mustapha-Akrim-ALM-presse-250x167.jpg 250w\" sizes=\"(max-width: 2000px) 100vw, 2000px\" \/>\t\t\t\t\t\t\t\t<\/a>\n\t\t\t\t\t\t\t\t\t\t\t\t\t\t\t<\/div>\n\t\t\t\t<div class=\"elementor-element elementor-element-3cf6651 elementor-widget elementor-widget-heading\" data-id=\"3cf6651\" data-element_type=\"widget\" data-e-type=\"widget\" data-widget_type=\"heading.default\">\n\t\t\t\t\t<h2 class=\"elementor-heading-title elementor-size-default\"><a href=\"https:\/\/aujourdhui.ma\/culture\/mustapha-akrim-explore-la-condition-humaine\" target=\"_blank\">Mustapha Akrim explore la condition humaine\n<\/a><\/h2>\t\t\t\t<\/div>\n\t\t\t\t<div class=\"elementor-element elementor-element-5684d59 elementor-widget elementor-widget-text-editor\" data-id=\"5684d59\" data-element_type=\"widget\" data-e-type=\"widget\" data-widget_type=\"text-editor.default\">\n\t\t\t\t\t\t\t\t\t<p><a href=\"https:\/\/aujourdhui.ma\/culture\/mustapha-akrim-explore-la-condition-humaine\">Aujourd\u2019hui Le Maroc<\/a><\/p>\t\t\t\t\t\t\t\t<\/div>\n\t\t\t\t\t<\/div>\n\t\t<\/div>\n\t\t\t\t\t<\/div>\n\t\t<\/section>\n\t\t\t\t<section class=\"elementor-section elementor-top-section elementor-element elementor-element-126f455 animated-slow elementor-section-boxed elementor-section-height-default elementor-section-height-default\" data-id=\"126f455\" data-element_type=\"section\" data-e-type=\"section\" data-settings=\"{&quot;animation&quot;:&quot;none&quot;}\">\n\t\t\t\t\t\t<div class=\"elementor-container elementor-column-gap-default\">\n\t\t\t\t\t<div class=\"elementor-column elementor-col-50 elementor-top-column elementor-element elementor-element-4f18fe7\" data-id=\"4f18fe7\" data-element_type=\"column\" data-e-type=\"column\">\n\t\t\t<div class=\"elementor-widget-wrap elementor-element-populated\">\n\t\t\t\t\t\t<div class=\"elementor-element elementor-element-a1cc43f elementor-widget elementor-widget-image\" data-id=\"a1cc43f\" data-element_type=\"widget\" data-e-type=\"widget\" data-widget_type=\"image.default\">\n\t\t\t\t\t\t\t\t\t\t\t\t\t\t\t\t<a href=\"https:\/\/www.diptykmag.com\/a-marrakech-mouhcine-rahaoui-parle-le-langage-des-mineurs\" target=\"_blank\">\n\t\t\t\t\t\t\t<img loading=\"lazy\" decoding=\"async\" width=\"2200\" height=\"1547\" src=\"https:\/\/cmgmarrakech.com\/wp-content\/uploads\/2022\/10\/APOCALYPSE-CHARBON-2022-Peinture-a\u0300-lhuile-sur-toile-Signe\u0301e-au-dos-145-x-210-cm.jpg\" class=\"attachment-full size-full wp-image-9920\" alt=\"\" srcset=\"https:\/\/cmgmarrakech.com\/wp-content\/uploads\/2022\/10\/APOCALYPSE-CHARBON-2022-Peinture-a\u0300-lhuile-sur-toile-Signe\u0301e-au-dos-145-x-210-cm.jpg 2200w, https:\/\/cmgmarrakech.com\/wp-content\/uploads\/2022\/10\/APOCALYPSE-CHARBON-2022-Peinture-a\u0300-lhuile-sur-toile-Signe\u0301e-au-dos-145-x-210-cm-300x211.jpg 300w, https:\/\/cmgmarrakech.com\/wp-content\/uploads\/2022\/10\/APOCALYPSE-CHARBON-2022-Peinture-a\u0300-lhuile-sur-toile-Signe\u0301e-au-dos-145-x-210-cm-1024x720.jpg 1024w, https:\/\/cmgmarrakech.com\/wp-content\/uploads\/2022\/10\/APOCALYPSE-CHARBON-2022-Peinture-a\u0300-lhuile-sur-toile-Signe\u0301e-au-dos-145-x-210-cm-768x540.jpg 768w, https:\/\/cmgmarrakech.com\/wp-content\/uploads\/2022\/10\/APOCALYPSE-CHARBON-2022-Peinture-a\u0300-lhuile-sur-toile-Signe\u0301e-au-dos-145-x-210-cm-1536x1080.jpg 1536w, https:\/\/cmgmarrakech.com\/wp-content\/uploads\/2022\/10\/APOCALYPSE-CHARBON-2022-Peinture-a\u0300-lhuile-sur-toile-Signe\u0301e-au-dos-145-x-210-cm-2048x1440.jpg 2048w, https:\/\/cmgmarrakech.com\/wp-content\/uploads\/2022\/10\/APOCALYPSE-CHARBON-2022-Peinture-a\u0300-lhuile-sur-toile-Signe\u0301e-au-dos-145-x-210-cm-18x12.jpg 18w, https:\/\/cmgmarrakech.com\/wp-content\/uploads\/2022\/10\/APOCALYPSE-CHARBON-2022-Peinture-a\u0300-lhuile-sur-toile-Signe\u0301e-au-dos-145-x-210-cm-415x292.jpg 415w, https:\/\/cmgmarrakech.com\/wp-content\/uploads\/2022\/10\/APOCALYPSE-CHARBON-2022-Peinture-a\u0300-lhuile-sur-toile-Signe\u0301e-au-dos-145-x-210-cm-650x457.jpg 650w, https:\/\/cmgmarrakech.com\/wp-content\/uploads\/2022\/10\/APOCALYPSE-CHARBON-2022-Peinture-a\u0300-lhuile-sur-toile-Signe\u0301e-au-dos-145-x-210-cm-250x176.jpg 250w\" sizes=\"(max-width: 2200px) 100vw, 2200px\" \/>\t\t\t\t\t\t\t\t<\/a>\n\t\t\t\t\t\t\t\t\t\t\t\t\t\t\t<\/div>\n\t\t\t\t<div class=\"elementor-element elementor-element-d968666 elementor-widget elementor-widget-heading\" data-id=\"d968666\" data-element_type=\"widget\" data-e-type=\"widget\" data-widget_type=\"heading.default\">\n\t\t\t\t\t<h2 class=\"elementor-heading-title elementor-size-default\"><a href=\"https:\/\/www.diptykmag.com\/a-marrakech-mouhcine-rahaoui-parle-le-langage-des-mineurs\" target=\"_blank\">\u00c0 Marrakech, Mouhcine Rahaoui parle le langage des mineurs<\/a><\/h2>\t\t\t\t<\/div>\n\t\t\t\t<div class=\"elementor-element elementor-element-c385937 elementor-widget elementor-widget-text-editor\" data-id=\"c385937\" data-element_type=\"widget\" data-e-type=\"widget\" data-widget_type=\"text-editor.default\">\n\t\t\t\t\t\t\t\t\t<div class=\"container\"><div class=\"row filter-row\"><div class=\"col-md-9\">Diptyk<\/div><\/div><\/div>\t\t\t\t\t\t\t\t<\/div>\n\t\t\t\t\t<\/div>\n\t\t<\/div>\n\t\t\t\t<div class=\"elementor-column elementor-col-50 elementor-top-column elementor-element elementor-element-f73c3bd\" data-id=\"f73c3bd\" data-element_type=\"column\" data-e-type=\"column\">\n\t\t\t<div class=\"elementor-widget-wrap elementor-element-populated\">\n\t\t\t\t\t\t<div class=\"elementor-element elementor-element-f1e84f8 elementor-widget elementor-widget-image\" data-id=\"f1e84f8\" data-element_type=\"widget\" data-e-type=\"widget\" data-widget_type=\"image.default\">\n\t\t\t\t\t\t\t\t\t\t\t\t\t\t\t\t<a href=\"https:\/\/ledesk.ma\/culture\/a-marrakech-lexposition-de-mouhcine-rahaoui-enfant-des-mines-invite-a-une-immersion-dans-les-mines-de-jerada\/\" target=\"_blank\">\n\t\t\t\t\t\t\t<img loading=\"lazy\" decoding=\"async\" width=\"2000\" height=\"1334\" src=\"https:\/\/cmgmarrakech.com\/wp-content\/uploads\/2022\/10\/Mouhcine-Rahaoui-LUMIE\u0300RE-NOIRE-I-Image-Exposition.jpg\" class=\"attachment-full size-full wp-image-9916\" alt=\"\" srcset=\"https:\/\/cmgmarrakech.com\/wp-content\/uploads\/2022\/10\/Mouhcine-Rahaoui-LUMIE\u0300RE-NOIRE-I-Image-Exposition.jpg 2000w, https:\/\/cmgmarrakech.com\/wp-content\/uploads\/2022\/10\/Mouhcine-Rahaoui-LUMIE\u0300RE-NOIRE-I-Image-Exposition-300x200.jpg 300w, https:\/\/cmgmarrakech.com\/wp-content\/uploads\/2022\/10\/Mouhcine-Rahaoui-LUMIE\u0300RE-NOIRE-I-Image-Exposition-1024x683.jpg 1024w, https:\/\/cmgmarrakech.com\/wp-content\/uploads\/2022\/10\/Mouhcine-Rahaoui-LUMIE\u0300RE-NOIRE-I-Image-Exposition-768x512.jpg 768w, https:\/\/cmgmarrakech.com\/wp-content\/uploads\/2022\/10\/Mouhcine-Rahaoui-LUMIE\u0300RE-NOIRE-I-Image-Exposition-1536x1025.jpg 1536w, https:\/\/cmgmarrakech.com\/wp-content\/uploads\/2022\/10\/Mouhcine-Rahaoui-LUMIE\u0300RE-NOIRE-I-Image-Exposition-18x12.jpg 18w, https:\/\/cmgmarrakech.com\/wp-content\/uploads\/2022\/10\/Mouhcine-Rahaoui-LUMIE\u0300RE-NOIRE-I-Image-Exposition-415x277.jpg 415w, https:\/\/cmgmarrakech.com\/wp-content\/uploads\/2022\/10\/Mouhcine-Rahaoui-LUMIE\u0300RE-NOIRE-I-Image-Exposition-650x434.jpg 650w, https:\/\/cmgmarrakech.com\/wp-content\/uploads\/2022\/10\/Mouhcine-Rahaoui-LUMIE\u0300RE-NOIRE-I-Image-Exposition-250x167.jpg 250w\" sizes=\"(max-width: 2000px) 100vw, 2000px\" \/>\t\t\t\t\t\t\t\t<\/a>\n\t\t\t\t\t\t\t\t\t\t\t\t\t\t\t<\/div>\n\t\t\t\t<div class=\"elementor-element elementor-element-f48bc1e elementor-widget elementor-widget-heading\" data-id=\"f48bc1e\" data-element_type=\"widget\" data-e-type=\"widget\" data-widget_type=\"heading.default\">\n\t\t\t\t\t<h2 class=\"elementor-heading-title elementor-size-default\"><a href=\"https:\/\/ledesk.ma\/culture\/a-marrakech-lexposition-de-mouhcine-rahaoui-enfant-des-mines-invite-a-une-immersion-dans-les-mines-de-jerada\/\" target=\"_blank\"> \u00c0 Marrakech, l\u2019exposition de Mouhcine Rahaoui \u00ab Enfant des Mines \u00bb, invite \u00e0 une immersion dans les mines de Jerada<\/a><\/h2>\t\t\t\t<\/div>\n\t\t\t\t<div class=\"elementor-element elementor-element-e78347c elementor-widget elementor-widget-text-editor\" data-id=\"e78347c\" data-element_type=\"widget\" data-e-type=\"widget\" data-widget_type=\"text-editor.default\">\n\t\t\t\t\t\t\t\t\t<div class=\"container\"><div class=\"row filter-row\"><div class=\"col-md-9\">LeDesk.ma<\/div><\/div><\/div>\t\t\t\t\t\t\t\t<\/div>\n\t\t\t\t\t<\/div>\n\t\t<\/div>\n\t\t\t\t\t<\/div>\n\t\t<\/section>\n\t\t\t\t<section class=\"elementor-section elementor-top-section elementor-element elementor-element-0705a54 animated-slow elementor-section-boxed elementor-section-height-default elementor-section-height-default\" data-id=\"0705a54\" data-element_type=\"section\" data-e-type=\"section\" data-settings=\"{&quot;animation&quot;:&quot;none&quot;}\">\n\t\t\t\t\t\t<div class=\"elementor-container elementor-column-gap-default\">\n\t\t\t\t\t<div class=\"elementor-column elementor-col-50 elementor-top-column elementor-element elementor-element-e23e6f1\" data-id=\"e23e6f1\" data-element_type=\"column\" data-e-type=\"column\">\n\t\t\t<div class=\"elementor-widget-wrap elementor-element-populated\">\n\t\t\t\t\t\t<div class=\"elementor-element elementor-element-e025fa0 elementor-widget elementor-widget-image\" data-id=\"e025fa0\" data-element_type=\"widget\" data-e-type=\"widget\" data-widget_type=\"image.default\">\n\t\t\t\t\t\t\t\t\t\t\t\t\t\t\t\t<a href=\"https:\/\/www.designhotels.com\/culture\/further\/marrakech\/the-art-of-creation\/\" target=\"_blank\">\n\t\t\t\t\t\t\t<img loading=\"lazy\" decoding=\"async\" width=\"2000\" height=\"1334\" src=\"https:\/\/cmgmarrakech.com\/wp-content\/uploads\/2023\/05\/Mohamed-Arejdal-cmg-presse.jpg\" class=\"attachment-full size-full wp-image-10604\" alt=\"\" srcset=\"https:\/\/cmgmarrakech.com\/wp-content\/uploads\/2023\/05\/Mohamed-Arejdal-cmg-presse.jpg 2000w, https:\/\/cmgmarrakech.com\/wp-content\/uploads\/2023\/05\/Mohamed-Arejdal-cmg-presse-300x200.jpg 300w, https:\/\/cmgmarrakech.com\/wp-content\/uploads\/2023\/05\/Mohamed-Arejdal-cmg-presse-1024x683.jpg 1024w, https:\/\/cmgmarrakech.com\/wp-content\/uploads\/2023\/05\/Mohamed-Arejdal-cmg-presse-768x512.jpg 768w, https:\/\/cmgmarrakech.com\/wp-content\/uploads\/2023\/05\/Mohamed-Arejdal-cmg-presse-1536x1025.jpg 1536w, https:\/\/cmgmarrakech.com\/wp-content\/uploads\/2023\/05\/Mohamed-Arejdal-cmg-presse-18x12.jpg 18w, https:\/\/cmgmarrakech.com\/wp-content\/uploads\/2023\/05\/Mohamed-Arejdal-cmg-presse-415x277.jpg 415w, https:\/\/cmgmarrakech.com\/wp-content\/uploads\/2023\/05\/Mohamed-Arejdal-cmg-presse-650x434.jpg 650w, https:\/\/cmgmarrakech.com\/wp-content\/uploads\/2023\/05\/Mohamed-Arejdal-cmg-presse-250x167.jpg 250w\" sizes=\"(max-width: 2000px) 100vw, 2000px\" \/>\t\t\t\t\t\t\t\t<\/a>\n\t\t\t\t\t\t\t\t\t\t\t\t\t\t\t<\/div>\n\t\t\t\t<div class=\"elementor-element elementor-element-d62f6ba elementor-widget elementor-widget-heading\" data-id=\"d62f6ba\" data-element_type=\"widget\" data-e-type=\"widget\" data-widget_type=\"heading.default\">\n\t\t\t\t\t<h2 class=\"elementor-heading-title elementor-size-default\"><a href=\"https:\/\/www.designhotels.com\/culture\/further\/marrakech\/the-art-of-creation\/\" target=\"_blank\">Loutfi Souidi and Mohamed Arejdal believe the future lies in the local past and the global present<\/a><\/h2>\t\t\t\t<\/div>\n\t\t\t\t<div class=\"elementor-element elementor-element-2bdafe3 elementor-widget elementor-widget-text-editor\" data-id=\"2bdafe3\" data-element_type=\"widget\" data-e-type=\"widget\" data-widget_type=\"text-editor.default\">\n\t\t\t\t\t\t\t\t\t<div class=\"container\"><div class=\"row filter-row\"><div class=\"col-md-9\"><a href=\"https:\/\/www.designhotels.com\/culture\/further\/marrakech\/the-art-of-creation\/\">Design Hotels\u00a0<\/a><\/div><\/div><\/div>\t\t\t\t\t\t\t\t<\/div>\n\t\t\t\t\t<\/div>\n\t\t<\/div>\n\t\t\t\t<div class=\"elementor-column elementor-col-50 elementor-top-column elementor-element elementor-element-4228e77\" data-id=\"4228e77\" data-element_type=\"column\" data-e-type=\"column\">\n\t\t\t<div class=\"elementor-widget-wrap elementor-element-populated\">\n\t\t\t\t\t\t<div class=\"elementor-element elementor-element-22ace29 elementor-widget elementor-widget-image\" data-id=\"22ace29\" data-element_type=\"widget\" data-e-type=\"widget\" data-widget_type=\"image.default\">\n\t\t\t\t\t\t\t\t\t\t\t\t\t\t\t\t<a href=\"https:\/\/ledesk.ma\/event\/mohamed-arejdal-et-fatiha-zemmouri-de-retour-au-comptoir-des-mines-marrakech\/\" target=\"_blank\">\n\t\t\t\t\t\t\t<img loading=\"lazy\" decoding=\"async\" width=\"2000\" height=\"1334\" src=\"https:\/\/cmgmarrakech.com\/wp-content\/uploads\/2022\/02\/Fatiha-Zemmouri-DE\u0301CONSTRUCTION-2016.jpg\" class=\"attachment-full size-full wp-image-6288\" alt=\"\" srcset=\"https:\/\/cmgmarrakech.com\/wp-content\/uploads\/2022\/02\/Fatiha-Zemmouri-DE\u0301CONSTRUCTION-2016.jpg 2000w, https:\/\/cmgmarrakech.com\/wp-content\/uploads\/2022\/02\/Fatiha-Zemmouri-DE\u0301CONSTRUCTION-2016-300x200.jpg 300w, https:\/\/cmgmarrakech.com\/wp-content\/uploads\/2022\/02\/Fatiha-Zemmouri-DE\u0301CONSTRUCTION-2016-1024x683.jpg 1024w, https:\/\/cmgmarrakech.com\/wp-content\/uploads\/2022\/02\/Fatiha-Zemmouri-DE\u0301CONSTRUCTION-2016-768x512.jpg 768w, https:\/\/cmgmarrakech.com\/wp-content\/uploads\/2022\/02\/Fatiha-Zemmouri-DE\u0301CONSTRUCTION-2016-1536x1025.jpg 1536w, https:\/\/cmgmarrakech.com\/wp-content\/uploads\/2022\/02\/Fatiha-Zemmouri-DE\u0301CONSTRUCTION-2016-18x12.jpg 18w, https:\/\/cmgmarrakech.com\/wp-content\/uploads\/2022\/02\/Fatiha-Zemmouri-DE\u0301CONSTRUCTION-2016-415x277.jpg 415w, https:\/\/cmgmarrakech.com\/wp-content\/uploads\/2022\/02\/Fatiha-Zemmouri-DE\u0301CONSTRUCTION-2016-650x434.jpg 650w, https:\/\/cmgmarrakech.com\/wp-content\/uploads\/2022\/02\/Fatiha-Zemmouri-DE\u0301CONSTRUCTION-2016-250x167.jpg 250w\" sizes=\"(max-width: 2000px) 100vw, 2000px\" \/>\t\t\t\t\t\t\t\t<\/a>\n\t\t\t\t\t\t\t\t\t\t\t\t\t\t\t<\/div>\n\t\t\t\t<div class=\"elementor-element elementor-element-7d5cc23 elementor-widget elementor-widget-heading\" data-id=\"7d5cc23\" data-element_type=\"widget\" data-e-type=\"widget\" data-widget_type=\"heading.default\">\n\t\t\t\t\t<h2 class=\"elementor-heading-title elementor-size-default\"><a href=\"https:\/\/ledesk.ma\/event\/mohamed-arejdal-et-fatiha-zemmouri-de-retour-au-comptoir-des-mines-marrakech\/\" target=\"_blank\">Mohamed Arejdal et Fatiha Zemmouri de retour au Comptoir des Mines \u00e0 Marrakech<\/a><\/h2>\t\t\t\t<\/div>\n\t\t\t\t<div class=\"elementor-element elementor-element-c367fd3 elementor-widget elementor-widget-text-editor\" data-id=\"c367fd3\" data-element_type=\"widget\" data-e-type=\"widget\" data-widget_type=\"text-editor.default\">\n\t\t\t\t\t\t\t\t\t<div class=\"container\"><div class=\"row filter-row\"><div class=\"col-md-9\"><a href=\"https:\/\/ledesk.ma\/event\/mohamed-arejdal-et-fatiha-zemmouri-de-retour-au-comptoir-des-mines-marrakech\/\">LeDesk.ma<\/a><\/div><\/div><\/div>\t\t\t\t\t\t\t\t<\/div>\n\t\t\t\t\t<\/div>\n\t\t<\/div>\n\t\t\t\t\t<\/div>\n\t\t<\/section>\n\t\t\t\t<section class=\"elementor-section elementor-top-section elementor-element elementor-element-1e3a7eb animated-slow elementor-section-boxed elementor-section-height-default elementor-section-height-default\" data-id=\"1e3a7eb\" data-element_type=\"section\" data-e-type=\"section\" data-settings=\"{&quot;animation&quot;:&quot;none&quot;}\">\n\t\t\t\t\t\t<div class=\"elementor-container elementor-column-gap-default\">\n\t\t\t\t\t<div class=\"elementor-column elementor-col-50 elementor-top-column elementor-element elementor-element-bc98802\" data-id=\"bc98802\" data-element_type=\"column\" data-e-type=\"column\">\n\t\t\t<div class=\"elementor-widget-wrap elementor-element-populated\">\n\t\t\t\t\t\t<div class=\"elementor-element elementor-element-2002190 elementor-widget elementor-widget-image\" data-id=\"2002190\" data-element_type=\"widget\" data-e-type=\"widget\" data-widget_type=\"image.default\">\n\t\t\t\t\t\t\t\t\t\t\t\t\t\t\t\t<a href=\"https:\/\/aujourdhui.ma\/culture\/exposition-des-oe-uvres-de-huit-artistes-phares-a-lhonneur-a-casablanca\" target=\"_blank\">\n\t\t\t\t\t\t\t<img loading=\"lazy\" decoding=\"async\" width=\"1024\" height=\"683\" src=\"https:\/\/cmgmarrakech.com\/wp-content\/uploads\/2022\/09\/CMG-Hors-Les-Murs-Kacimi-_-SANS-TITRE-1024x683.jpg\" class=\"attachment-large size-large wp-image-9838\" alt=\"\" srcset=\"https:\/\/cmgmarrakech.com\/wp-content\/uploads\/2022\/09\/CMG-Hors-Les-Murs-Kacimi-_-SANS-TITRE-1024x683.jpg 1024w, https:\/\/cmgmarrakech.com\/wp-content\/uploads\/2022\/09\/CMG-Hors-Les-Murs-Kacimi-_-SANS-TITRE-300x200.jpg 300w, https:\/\/cmgmarrakech.com\/wp-content\/uploads\/2022\/09\/CMG-Hors-Les-Murs-Kacimi-_-SANS-TITRE-768x512.jpg 768w, https:\/\/cmgmarrakech.com\/wp-content\/uploads\/2022\/09\/CMG-Hors-Les-Murs-Kacimi-_-SANS-TITRE-1536x1025.jpg 1536w, https:\/\/cmgmarrakech.com\/wp-content\/uploads\/2022\/09\/CMG-Hors-Les-Murs-Kacimi-_-SANS-TITRE-18x12.jpg 18w, https:\/\/cmgmarrakech.com\/wp-content\/uploads\/2022\/09\/CMG-Hors-Les-Murs-Kacimi-_-SANS-TITRE-415x277.jpg 415w, https:\/\/cmgmarrakech.com\/wp-content\/uploads\/2022\/09\/CMG-Hors-Les-Murs-Kacimi-_-SANS-TITRE-650x434.jpg 650w, https:\/\/cmgmarrakech.com\/wp-content\/uploads\/2022\/09\/CMG-Hors-Les-Murs-Kacimi-_-SANS-TITRE-250x167.jpg 250w, https:\/\/cmgmarrakech.com\/wp-content\/uploads\/2022\/09\/CMG-Hors-Les-Murs-Kacimi-_-SANS-TITRE.jpg 2000w\" sizes=\"(max-width: 1024px) 100vw, 1024px\" \/>\t\t\t\t\t\t\t\t<\/a>\n\t\t\t\t\t\t\t\t\t\t\t\t\t\t\t<\/div>\n\t\t\t\t<div class=\"elementor-element elementor-element-e53264f elementor-widget elementor-widget-heading\" data-id=\"e53264f\" data-element_type=\"widget\" data-e-type=\"widget\" data-widget_type=\"heading.default\">\n\t\t\t\t\t<h2 class=\"elementor-heading-title elementor-size-default\"><a href=\"https:\/\/aujourdhui.ma\/culture\/exposition-des-oe-uvres-de-huit-artistes-phares-a-lhonneur-a-casablanca\" target=\"_blank\">Exposition : Des \u0153uvres de huit artistes phares \u00e0 l\u2019honneur \u00e0 Casablanca<\/a><\/h2>\t\t\t\t<\/div>\n\t\t\t\t<div class=\"elementor-element elementor-element-7008436 elementor-widget elementor-widget-text-editor\" data-id=\"7008436\" data-element_type=\"widget\" data-e-type=\"widget\" data-widget_type=\"text-editor.default\">\n\t\t\t\t\t\t\t\t\t<div class=\"container\"><div class=\"row filter-row\"><div class=\"col-md-9\">Aujourd\u2019hui Le Maroc<\/div><\/div><\/div>\t\t\t\t\t\t\t\t<\/div>\n\t\t\t\t\t<\/div>\n\t\t<\/div>\n\t\t\t\t<div class=\"elementor-column elementor-col-50 elementor-top-column elementor-element elementor-element-fa9f4cd\" data-id=\"fa9f4cd\" data-element_type=\"column\" data-e-type=\"column\">\n\t\t\t<div class=\"elementor-widget-wrap elementor-element-populated\">\n\t\t\t\t\t\t<div class=\"elementor-element elementor-element-dd48aea elementor-widget elementor-widget-image\" data-id=\"dd48aea\" data-element_type=\"widget\" data-e-type=\"widget\" data-widget_type=\"image.default\">\n\t\t\t\t\t\t\t\t\t\t\t\t\t\t\t\t<a href=\"https:\/\/www.artsy.net\/article\/artsy-editorial-10-best-booths-middle-eastern-galleries-art-dubai-2022\" target=\"_blank\">\n\t\t\t\t\t\t\t<img loading=\"lazy\" decoding=\"async\" width=\"1024\" height=\"683\" src=\"https:\/\/cmgmarrakech.com\/wp-content\/uploads\/2022\/03\/Art-Dubai-2022-Comptoir-Des-Mines-2-Booth-1-1024x683.jpg\" class=\"attachment-large size-large wp-image-8392\" alt=\"\" srcset=\"https:\/\/cmgmarrakech.com\/wp-content\/uploads\/2022\/03\/Art-Dubai-2022-Comptoir-Des-Mines-2-Booth-1-1024x683.jpg 1024w, https:\/\/cmgmarrakech.com\/wp-content\/uploads\/2022\/03\/Art-Dubai-2022-Comptoir-Des-Mines-2-Booth-1-300x200.jpg 300w, https:\/\/cmgmarrakech.com\/wp-content\/uploads\/2022\/03\/Art-Dubai-2022-Comptoir-Des-Mines-2-Booth-1-768x512.jpg 768w, https:\/\/cmgmarrakech.com\/wp-content\/uploads\/2022\/03\/Art-Dubai-2022-Comptoir-Des-Mines-2-Booth-1-1536x1025.jpg 1536w, https:\/\/cmgmarrakech.com\/wp-content\/uploads\/2022\/03\/Art-Dubai-2022-Comptoir-Des-Mines-2-Booth-1-18x12.jpg 18w, https:\/\/cmgmarrakech.com\/wp-content\/uploads\/2022\/03\/Art-Dubai-2022-Comptoir-Des-Mines-2-Booth-1-415x277.jpg 415w, https:\/\/cmgmarrakech.com\/wp-content\/uploads\/2022\/03\/Art-Dubai-2022-Comptoir-Des-Mines-2-Booth-1-650x434.jpg 650w, https:\/\/cmgmarrakech.com\/wp-content\/uploads\/2022\/03\/Art-Dubai-2022-Comptoir-Des-Mines-2-Booth-1-250x167.jpg 250w, https:\/\/cmgmarrakech.com\/wp-content\/uploads\/2022\/03\/Art-Dubai-2022-Comptoir-Des-Mines-2-Booth-1.jpg 2000w\" sizes=\"(max-width: 1024px) 100vw, 1024px\" \/>\t\t\t\t\t\t\t\t<\/a>\n\t\t\t\t\t\t\t\t\t\t\t\t\t\t\t<\/div>\n\t\t\t\t<div class=\"elementor-element elementor-element-44810ac elementor-widget elementor-widget-heading\" data-id=\"44810ac\" data-element_type=\"widget\" data-e-type=\"widget\" data-widget_type=\"heading.default\">\n\t\t\t\t\t<h2 class=\"elementor-heading-title elementor-size-default\"><a href=\"https:\/\/www.artsy.net\/article\/artsy-editorial-10-best-booths-middle-eastern-galleries-art-dubai-2022\" target=\"_blank\">The 10 Best Booths from Middle Eastern Galleries at Art Dubai 2022<\/a><\/h2>\t\t\t\t<\/div>\n\t\t\t\t<div class=\"elementor-element elementor-element-61bcf1f elementor-widget elementor-widget-text-editor\" data-id=\"61bcf1f\" data-element_type=\"widget\" data-e-type=\"widget\" data-widget_type=\"text-editor.default\">\n\t\t\t\t\t\t\t\t\t<div class=\"container\"><div class=\"row filter-row\"><div class=\"col-md-9\">Artsy.net<\/div><\/div><\/div>\t\t\t\t\t\t\t\t<\/div>\n\t\t\t\t\t<\/div>\n\t\t<\/div>\n\t\t\t\t\t<\/div>\n\t\t<\/section>\n\t\t\t\t<section class=\"elementor-section elementor-top-section elementor-element elementor-element-b8ed1cf animated-slow elementor-section-boxed elementor-section-height-default elementor-section-height-default\" data-id=\"b8ed1cf\" data-element_type=\"section\" data-e-type=\"section\" data-settings=\"{&quot;animation&quot;:&quot;none&quot;}\">\n\t\t\t\t\t\t<div class=\"elementor-container elementor-column-gap-default\">\n\t\t\t\t\t<div class=\"elementor-column elementor-col-50 elementor-top-column elementor-element elementor-element-1f721e1\" data-id=\"1f721e1\" data-element_type=\"column\" data-e-type=\"column\">\n\t\t\t<div class=\"elementor-widget-wrap elementor-element-populated\">\n\t\t\t\t\t\t<div class=\"elementor-element elementor-element-930325e elementor-widget elementor-widget-image\" data-id=\"930325e\" data-element_type=\"widget\" data-e-type=\"widget\" data-widget_type=\"image.default\">\n\t\t\t\t\t\t\t\t\t\t\t\t\t\t\t\t<a href=\"https:\/\/www.diptykmag.com\/art-dubai-from-modern-to-crypto\/\" target=\"_blank\">\n\t\t\t\t\t\t\t<img loading=\"lazy\" decoding=\"async\" width=\"1024\" height=\"683\" src=\"https:\/\/cmgmarrakech.com\/wp-content\/uploads\/2022\/03\/Art-Dubai-2022-Comptoir-Des-Mines-3-Booth-1024x683.jpg\" class=\"attachment-large size-large wp-image-8396\" alt=\"\" srcset=\"https:\/\/cmgmarrakech.com\/wp-content\/uploads\/2022\/03\/Art-Dubai-2022-Comptoir-Des-Mines-3-Booth-1024x683.jpg 1024w, https:\/\/cmgmarrakech.com\/wp-content\/uploads\/2022\/03\/Art-Dubai-2022-Comptoir-Des-Mines-3-Booth-300x200.jpg 300w, https:\/\/cmgmarrakech.com\/wp-content\/uploads\/2022\/03\/Art-Dubai-2022-Comptoir-Des-Mines-3-Booth-768x512.jpg 768w, https:\/\/cmgmarrakech.com\/wp-content\/uploads\/2022\/03\/Art-Dubai-2022-Comptoir-Des-Mines-3-Booth-1536x1025.jpg 1536w, https:\/\/cmgmarrakech.com\/wp-content\/uploads\/2022\/03\/Art-Dubai-2022-Comptoir-Des-Mines-3-Booth-18x12.jpg 18w, https:\/\/cmgmarrakech.com\/wp-content\/uploads\/2022\/03\/Art-Dubai-2022-Comptoir-Des-Mines-3-Booth-415x277.jpg 415w, https:\/\/cmgmarrakech.com\/wp-content\/uploads\/2022\/03\/Art-Dubai-2022-Comptoir-Des-Mines-3-Booth-650x434.jpg 650w, https:\/\/cmgmarrakech.com\/wp-content\/uploads\/2022\/03\/Art-Dubai-2022-Comptoir-Des-Mines-3-Booth-250x167.jpg 250w, https:\/\/cmgmarrakech.com\/wp-content\/uploads\/2022\/03\/Art-Dubai-2022-Comptoir-Des-Mines-3-Booth.jpg 2000w\" sizes=\"(max-width: 1024px) 100vw, 1024px\" \/>\t\t\t\t\t\t\t\t<\/a>\n\t\t\t\t\t\t\t\t\t\t\t\t\t\t\t<\/div>\n\t\t\t\t<div class=\"elementor-element elementor-element-8edf1a0 elementor-widget elementor-widget-heading\" data-id=\"8edf1a0\" data-element_type=\"widget\" data-e-type=\"widget\" data-widget_type=\"heading.default\">\n\t\t\t\t\t<h2 class=\"elementor-heading-title elementor-size-default\"><a href=\"https:\/\/www.diptykmag.com\/art-dubai-from-modern-to-crypto\/\" target=\"_blank\">Art Dubai from modern to crypto<\/a><\/h2>\t\t\t\t<\/div>\n\t\t\t\t<div class=\"elementor-element elementor-element-e7f16df elementor-widget elementor-widget-text-editor\" data-id=\"e7f16df\" data-element_type=\"widget\" data-e-type=\"widget\" data-widget_type=\"text-editor.default\">\n\t\t\t\t\t\t\t\t\t<div class=\"container\"><div class=\"row filter-row\"><div class=\"col-md-9\">Diptyk<\/div><\/div><\/div>\t\t\t\t\t\t\t\t<\/div>\n\t\t\t\t\t<\/div>\n\t\t<\/div>\n\t\t\t\t<div class=\"elementor-column elementor-col-50 elementor-top-column elementor-element elementor-element-80a49da\" data-id=\"80a49da\" data-element_type=\"column\" data-e-type=\"column\">\n\t\t\t<div class=\"elementor-widget-wrap elementor-element-populated\">\n\t\t\t\t\t\t<div class=\"elementor-element elementor-element-48f842e elementor-widget elementor-widget-image\" data-id=\"48f842e\" data-element_type=\"widget\" data-e-type=\"widget\" data-widget_type=\"image.default\">\n\t\t\t\t\t\t\t\t\t\t\t\t\t\t\t\t<a href=\"https:\/\/www.lesechos.fr\/patrimoine\/investissements-plaisir\/art-dubai-explore-lart-moderne-du-moyen-orient-et-lunivers-nebuleux-des-nft-1392902\" target=\"_blank\">\n\t\t\t\t\t\t\t<img loading=\"lazy\" decoding=\"async\" width=\"1024\" height=\"683\" src=\"https:\/\/cmgmarrakech.com\/wp-content\/uploads\/2022\/03\/Art-Dubai-2022-Comptoir-Des-Mines-2-Booth-1024x683.jpg\" class=\"attachment-large size-large wp-image-8388\" alt=\"\" srcset=\"https:\/\/cmgmarrakech.com\/wp-content\/uploads\/2022\/03\/Art-Dubai-2022-Comptoir-Des-Mines-2-Booth-1024x683.jpg 1024w, https:\/\/cmgmarrakech.com\/wp-content\/uploads\/2022\/03\/Art-Dubai-2022-Comptoir-Des-Mines-2-Booth-300x200.jpg 300w, https:\/\/cmgmarrakech.com\/wp-content\/uploads\/2022\/03\/Art-Dubai-2022-Comptoir-Des-Mines-2-Booth-768x512.jpg 768w, https:\/\/cmgmarrakech.com\/wp-content\/uploads\/2022\/03\/Art-Dubai-2022-Comptoir-Des-Mines-2-Booth-1536x1025.jpg 1536w, https:\/\/cmgmarrakech.com\/wp-content\/uploads\/2022\/03\/Art-Dubai-2022-Comptoir-Des-Mines-2-Booth-18x12.jpg 18w, https:\/\/cmgmarrakech.com\/wp-content\/uploads\/2022\/03\/Art-Dubai-2022-Comptoir-Des-Mines-2-Booth-415x277.jpg 415w, https:\/\/cmgmarrakech.com\/wp-content\/uploads\/2022\/03\/Art-Dubai-2022-Comptoir-Des-Mines-2-Booth-650x434.jpg 650w, https:\/\/cmgmarrakech.com\/wp-content\/uploads\/2022\/03\/Art-Dubai-2022-Comptoir-Des-Mines-2-Booth-250x167.jpg 250w, https:\/\/cmgmarrakech.com\/wp-content\/uploads\/2022\/03\/Art-Dubai-2022-Comptoir-Des-Mines-2-Booth.jpg 2000w\" sizes=\"(max-width: 1024px) 100vw, 1024px\" \/>\t\t\t\t\t\t\t\t<\/a>\n\t\t\t\t\t\t\t\t\t\t\t\t\t\t\t<\/div>\n\t\t\t\t<div class=\"elementor-element elementor-element-da36d82 elementor-widget elementor-widget-heading\" data-id=\"da36d82\" data-element_type=\"widget\" data-e-type=\"widget\" data-widget_type=\"heading.default\">\n\t\t\t\t\t<h2 class=\"elementor-heading-title elementor-size-default\"><a href=\"https:\/\/www.lesechos.fr\/patrimoine\/investissements-plaisir\/art-dubai-explore-lart-moderne-du-moyen-orient-et-lunivers-nebuleux-des-nft-1392902\" target=\"_blank\">Art Dubai explore l'art moderne du Moyen-Orient...<\/a><\/h2>\t\t\t\t<\/div>\n\t\t\t\t<div class=\"elementor-element elementor-element-185b691 elementor-widget elementor-widget-text-editor\" data-id=\"185b691\" data-element_type=\"widget\" data-e-type=\"widget\" data-widget_type=\"text-editor.default\">\n\t\t\t\t\t\t\t\t\t<div class=\"container\"><div class=\"row filter-row\"><div class=\"col-md-9\">lesechos.fr<\/div><\/div><\/div>\t\t\t\t\t\t\t\t<\/div>\n\t\t\t\t\t<\/div>\n\t\t<\/div>\n\t\t\t\t\t<\/div>\n\t\t<\/section>\n\t\t\t\t<section class=\"elementor-section elementor-top-section elementor-element elementor-element-7d14183 animated-slow elementor-section-boxed elementor-section-height-default elementor-section-height-default\" data-id=\"7d14183\" data-element_type=\"section\" data-e-type=\"section\" data-settings=\"{&quot;animation&quot;:&quot;none&quot;}\">\n\t\t\t\t\t\t<div class=\"elementor-container elementor-column-gap-default\">\n\t\t\t\t\t<div class=\"elementor-column elementor-col-50 elementor-top-column elementor-element elementor-element-3a0bf5e\" data-id=\"3a0bf5e\" data-element_type=\"column\" data-e-type=\"column\">\n\t\t\t<div class=\"elementor-widget-wrap elementor-element-populated\">\n\t\t\t\t\t\t<div class=\"elementor-element elementor-element-9116b60 elementor-widget elementor-widget-image\" data-id=\"9116b60\" data-element_type=\"widget\" data-e-type=\"widget\" data-widget_type=\"image.default\">\n\t\t\t\t\t\t\t\t\t\t\t\t\t\t\t\t<a href=\"https:\/\/cmgmarrakech.com\/exposition-mohamed-kacimi-peintre-nomade-et-poete-errant\/\" target=\"_blank\">\n\t\t\t\t\t\t\t<img loading=\"lazy\" decoding=\"async\" width=\"1024\" height=\"683\" src=\"https:\/\/cmgmarrakech.com\/wp-content\/uploads\/2022\/03\/Mohammed_Kacimi_2001_photo_Saad_Tazi-1024x683.jpg\" class=\"attachment-large size-large wp-image-8259\" alt=\"\" srcset=\"https:\/\/cmgmarrakech.com\/wp-content\/uploads\/2022\/03\/Mohammed_Kacimi_2001_photo_Saad_Tazi-1024x683.jpg 1024w, https:\/\/cmgmarrakech.com\/wp-content\/uploads\/2022\/03\/Mohammed_Kacimi_2001_photo_Saad_Tazi-300x200.jpg 300w, https:\/\/cmgmarrakech.com\/wp-content\/uploads\/2022\/03\/Mohammed_Kacimi_2001_photo_Saad_Tazi-768x512.jpg 768w, https:\/\/cmgmarrakech.com\/wp-content\/uploads\/2022\/03\/Mohammed_Kacimi_2001_photo_Saad_Tazi-1536x1025.jpg 1536w, https:\/\/cmgmarrakech.com\/wp-content\/uploads\/2022\/03\/Mohammed_Kacimi_2001_photo_Saad_Tazi-18x12.jpg 18w, https:\/\/cmgmarrakech.com\/wp-content\/uploads\/2022\/03\/Mohammed_Kacimi_2001_photo_Saad_Tazi-415x277.jpg 415w, https:\/\/cmgmarrakech.com\/wp-content\/uploads\/2022\/03\/Mohammed_Kacimi_2001_photo_Saad_Tazi-650x434.jpg 650w, https:\/\/cmgmarrakech.com\/wp-content\/uploads\/2022\/03\/Mohammed_Kacimi_2001_photo_Saad_Tazi-250x167.jpg 250w, https:\/\/cmgmarrakech.com\/wp-content\/uploads\/2022\/03\/Mohammed_Kacimi_2001_photo_Saad_Tazi.jpg 2000w\" sizes=\"(max-width: 1024px) 100vw, 1024px\" \/>\t\t\t\t\t\t\t\t<\/a>\n\t\t\t\t\t\t\t\t\t\t\t\t\t\t\t<\/div>\n\t\t\t\t<div class=\"elementor-element elementor-element-178e517 elementor-widget elementor-widget-heading\" data-id=\"178e517\" data-element_type=\"widget\" data-e-type=\"widget\" data-widget_type=\"heading.default\">\n\t\t\t\t\t<h2 class=\"elementor-heading-title elementor-size-default\"><a href=\"https:\/\/cmgmarrakech.com\/exposition-mohamed-kacimi-peintre-nomade-et-poete-errant\/\">Exposition : Mohamed Kacimi, peintre nomade et po\u00e8te errant<\/a><\/h2>\t\t\t\t<\/div>\n\t\t\t\t<div class=\"elementor-element elementor-element-f992b6f elementor-widget elementor-widget-text-editor\" data-id=\"f992b6f\" data-element_type=\"widget\" data-e-type=\"widget\" data-widget_type=\"text-editor.default\">\n\t\t\t\t\t\t\t\t\t<div class=\"container\"><div class=\"row filter-row\"><div class=\"col-md-9\">Finances News Hebdo<\/div><\/div><\/div>\t\t\t\t\t\t\t\t<\/div>\n\t\t\t\t\t<\/div>\n\t\t<\/div>\n\t\t\t\t<div class=\"elementor-column elementor-col-50 elementor-top-column elementor-element elementor-element-5b9b9b9\" data-id=\"5b9b9b9\" data-element_type=\"column\" data-e-type=\"column\">\n\t\t\t<div class=\"elementor-widget-wrap elementor-element-populated\">\n\t\t\t\t\t\t<div class=\"elementor-element elementor-element-c1e7c23 elementor-widget elementor-widget-image\" data-id=\"c1e7c23\" data-element_type=\"widget\" data-e-type=\"widget\" data-widget_type=\"image.default\">\n\t\t\t\t\t\t\t\t\t\t\t\t\t\t\t\t<a href=\"https:\/\/www.artafricamagazine.org\/10-artists-to-watch-at-art-dubai-2022\/\" target=\"_blank\">\n\t\t\t\t\t\t\t<img loading=\"lazy\" decoding=\"async\" width=\"1024\" height=\"683\" src=\"https:\/\/cmgmarrakech.com\/wp-content\/uploads\/2022\/03\/MustaphaAkrim-Cent-dirhams-2020-1024x683.jpg\" class=\"attachment-large size-large wp-image-8401\" alt=\"\" srcset=\"https:\/\/cmgmarrakech.com\/wp-content\/uploads\/2022\/03\/MustaphaAkrim-Cent-dirhams-2020-1024x683.jpg 1024w, https:\/\/cmgmarrakech.com\/wp-content\/uploads\/2022\/03\/MustaphaAkrim-Cent-dirhams-2020-300x200.jpg 300w, https:\/\/cmgmarrakech.com\/wp-content\/uploads\/2022\/03\/MustaphaAkrim-Cent-dirhams-2020-768x512.jpg 768w, https:\/\/cmgmarrakech.com\/wp-content\/uploads\/2022\/03\/MustaphaAkrim-Cent-dirhams-2020-1536x1025.jpg 1536w, https:\/\/cmgmarrakech.com\/wp-content\/uploads\/2022\/03\/MustaphaAkrim-Cent-dirhams-2020-18x12.jpg 18w, https:\/\/cmgmarrakech.com\/wp-content\/uploads\/2022\/03\/MustaphaAkrim-Cent-dirhams-2020-415x277.jpg 415w, https:\/\/cmgmarrakech.com\/wp-content\/uploads\/2022\/03\/MustaphaAkrim-Cent-dirhams-2020-650x434.jpg 650w, https:\/\/cmgmarrakech.com\/wp-content\/uploads\/2022\/03\/MustaphaAkrim-Cent-dirhams-2020-250x167.jpg 250w, https:\/\/cmgmarrakech.com\/wp-content\/uploads\/2022\/03\/MustaphaAkrim-Cent-dirhams-2020.jpg 2000w\" sizes=\"(max-width: 1024px) 100vw, 1024px\" \/>\t\t\t\t\t\t\t\t<\/a>\n\t\t\t\t\t\t\t\t\t\t\t\t\t\t\t<\/div>\n\t\t\t\t<div class=\"elementor-element elementor-element-2c74176 elementor-widget elementor-widget-heading\" data-id=\"2c74176\" data-element_type=\"widget\" data-e-type=\"widget\" data-widget_type=\"heading.default\">\n\t\t\t\t\t<h2 class=\"elementor-heading-title elementor-size-default\"><a href=\"https:\/\/www.artafricamagazine.org\/10-artists-to-watch-at-art-dubai-2022\/\" target=\"_blank\">10 Artists to Watch at Art Dubai 2022<\/a><\/h2>\t\t\t\t<\/div>\n\t\t\t\t<div class=\"elementor-element elementor-element-9773b0f elementor-widget elementor-widget-text-editor\" data-id=\"9773b0f\" data-element_type=\"widget\" data-e-type=\"widget\" data-widget_type=\"text-editor.default\">\n\t\t\t\t\t\t\t\t\t<div class=\"container\"><div class=\"row filter-row\"><div class=\"col-md-9\">Artafrica magazine<\/div><\/div><\/div>\t\t\t\t\t\t\t\t<\/div>\n\t\t\t\t\t<\/div>\n\t\t<\/div>\n\t\t\t\t\t<\/div>\n\t\t<\/section>\n\t\t\t\t<section class=\"elementor-section elementor-top-section elementor-element elementor-element-a8d2589 animated-slow elementor-section-boxed elementor-section-height-default elementor-section-height-default\" data-id=\"a8d2589\" data-element_type=\"section\" data-e-type=\"section\" data-settings=\"{&quot;animation&quot;:&quot;none&quot;}\">\n\t\t\t\t\t\t<div class=\"elementor-container elementor-column-gap-default\">\n\t\t\t\t\t<div class=\"elementor-column elementor-col-50 elementor-top-column elementor-element elementor-element-b64bbd6\" data-id=\"b64bbd6\" data-element_type=\"column\" data-e-type=\"column\">\n\t\t\t<div class=\"elementor-widget-wrap elementor-element-populated\">\n\t\t\t\t\t\t<div class=\"elementor-element elementor-element-88676dd elementor-widget elementor-widget-image\" data-id=\"88676dd\" data-element_type=\"widget\" data-e-type=\"widget\" data-widget_type=\"image.default\">\n\t\t\t\t\t\t\t\t\t\t\t\t\t\t\t\t<a href=\"https:\/\/www.theartnewspaper.com\/2021\/04\/01\/pared-down-and-profit-sharing-here-are-the-sales-from-art-dubai-this-years-first-physical-fair\" target=\"_blank\">\n\t\t\t\t\t\t\t<img loading=\"lazy\" decoding=\"async\" width=\"1024\" height=\"682\" src=\"https:\/\/cmgmarrakech.com\/wp-content\/uploads\/2022\/03\/IntraMuros-8-1024x682.jpg\" class=\"attachment-large size-large wp-image-6466\" alt=\"\" srcset=\"https:\/\/cmgmarrakech.com\/wp-content\/uploads\/2022\/03\/IntraMuros-8-1024x682.jpg 1024w, https:\/\/cmgmarrakech.com\/wp-content\/uploads\/2022\/03\/IntraMuros-8-300x200.jpg 300w, https:\/\/cmgmarrakech.com\/wp-content\/uploads\/2022\/03\/IntraMuros-8-768x512.jpg 768w, https:\/\/cmgmarrakech.com\/wp-content\/uploads\/2022\/03\/IntraMuros-8-1536x1024.jpg 1536w, https:\/\/cmgmarrakech.com\/wp-content\/uploads\/2022\/03\/IntraMuros-8-18x12.jpg 18w, https:\/\/cmgmarrakech.com\/wp-content\/uploads\/2022\/03\/IntraMuros-8-415x277.jpg 415w, https:\/\/cmgmarrakech.com\/wp-content\/uploads\/2022\/03\/IntraMuros-8-650x433.jpg 650w, https:\/\/cmgmarrakech.com\/wp-content\/uploads\/2022\/03\/IntraMuros-8-250x167.jpg 250w, https:\/\/cmgmarrakech.com\/wp-content\/uploads\/2022\/03\/IntraMuros-8.jpg 2000w\" sizes=\"(max-width: 1024px) 100vw, 1024px\" \/>\t\t\t\t\t\t\t\t<\/a>\n\t\t\t\t\t\t\t\t\t\t\t\t\t\t\t<\/div>\n\t\t\t\t<div class=\"elementor-element elementor-element-4b1950e elementor-widget elementor-widget-heading\" data-id=\"4b1950e\" data-element_type=\"widget\" data-e-type=\"widget\" data-widget_type=\"heading.default\">\n\t\t\t\t\t<h2 class=\"elementor-heading-title elementor-size-default\"><a href=\"https:\/\/www.theartnewspaper.com\/2021\/04\/01\/pared-down-and-profit-sharing-here-are-the-sales-from-art-dubai-this-years-first-physical-fair\" target=\"_blank\">Pared down and profit sharing: here are the sales from Art Dubai, this year\u2019s first physical fair<\/a><\/h2>\t\t\t\t<\/div>\n\t\t\t\t<div class=\"elementor-element elementor-element-8ce10e9 elementor-widget elementor-widget-text-editor\" data-id=\"8ce10e9\" data-element_type=\"widget\" data-e-type=\"widget\" data-widget_type=\"text-editor.default\">\n\t\t\t\t\t\t\t\t\t<div class=\"container\"><div class=\"row filter-row\"><div class=\"col-md-9\">theartnewspaper.com<\/div><\/div><\/div>\t\t\t\t\t\t\t\t<\/div>\n\t\t\t\t\t<\/div>\n\t\t<\/div>\n\t\t\t\t<div class=\"elementor-column elementor-col-50 elementor-top-column elementor-element elementor-element-c3ae3e5\" data-id=\"c3ae3e5\" data-element_type=\"column\" data-e-type=\"column\">\n\t\t\t<div class=\"elementor-widget-wrap elementor-element-populated\">\n\t\t\t\t\t\t<div class=\"elementor-element elementor-element-72d7cc9 elementor-widget elementor-widget-image\" data-id=\"72d7cc9\" data-element_type=\"widget\" data-e-type=\"widget\" data-widget_type=\"image.default\">\n\t\t\t\t\t\t\t\t\t\t\t\t\t\t\t\t<a href=\"https:\/\/cmgmarrakech.com\/kacimi-les-annees-phares-comptoir-des-mines-de-marrakech\/\" target=\"_blank\">\n\t\t\t\t\t\t\t<img loading=\"lazy\" decoding=\"async\" width=\"1024\" height=\"683\" src=\"https:\/\/cmgmarrakech.com\/wp-content\/uploads\/2022\/03\/Mohammed_Kacimi_Sans-Titre-1990-1024x683.jpg\" class=\"attachment-large size-large wp-image-8358\" alt=\"\" srcset=\"https:\/\/cmgmarrakech.com\/wp-content\/uploads\/2022\/03\/Mohammed_Kacimi_Sans-Titre-1990-1024x683.jpg 1024w, https:\/\/cmgmarrakech.com\/wp-content\/uploads\/2022\/03\/Mohammed_Kacimi_Sans-Titre-1990-300x200.jpg 300w, https:\/\/cmgmarrakech.com\/wp-content\/uploads\/2022\/03\/Mohammed_Kacimi_Sans-Titre-1990-768x512.jpg 768w, https:\/\/cmgmarrakech.com\/wp-content\/uploads\/2022\/03\/Mohammed_Kacimi_Sans-Titre-1990-1536x1025.jpg 1536w, https:\/\/cmgmarrakech.com\/wp-content\/uploads\/2022\/03\/Mohammed_Kacimi_Sans-Titre-1990-18x12.jpg 18w, https:\/\/cmgmarrakech.com\/wp-content\/uploads\/2022\/03\/Mohammed_Kacimi_Sans-Titre-1990-415x277.jpg 415w, https:\/\/cmgmarrakech.com\/wp-content\/uploads\/2022\/03\/Mohammed_Kacimi_Sans-Titre-1990-650x434.jpg 650w, https:\/\/cmgmarrakech.com\/wp-content\/uploads\/2022\/03\/Mohammed_Kacimi_Sans-Titre-1990-250x167.jpg 250w, https:\/\/cmgmarrakech.com\/wp-content\/uploads\/2022\/03\/Mohammed_Kacimi_Sans-Titre-1990.jpg 2000w\" sizes=\"(max-width: 1024px) 100vw, 1024px\" \/>\t\t\t\t\t\t\t\t<\/a>\n\t\t\t\t\t\t\t\t\t\t\t\t\t\t\t<\/div>\n\t\t\t\t<div class=\"elementor-element elementor-element-ec56beb elementor-widget elementor-widget-heading\" data-id=\"ec56beb\" data-element_type=\"widget\" data-e-type=\"widget\" data-widget_type=\"heading.default\">\n\t\t\t\t\t<h2 class=\"elementor-heading-title elementor-size-default\"><a href=\"https:\/\/cmgmarrakech.com\/kacimi-les-annees-phares-comptoir-des-mines-de-marrakech\/\">Kacimi, les ann\u00e9es phares \u2013 Comptoir des Mines de Marrakech<\/a><\/h2>\t\t\t\t<\/div>\n\t\t\t\t<div class=\"elementor-element elementor-element-3813734 elementor-widget elementor-widget-text-editor\" data-id=\"3813734\" data-element_type=\"widget\" data-e-type=\"widget\" data-widget_type=\"text-editor.default\">\n\t\t\t\t\t\t\t\t\t<div class=\"container\"><div class=\"row filter-row\"><div class=\"col-md-9\">Diptyk\u00a0<\/div><\/div><\/div>\t\t\t\t\t\t\t\t<\/div>\n\t\t\t\t\t<\/div>\n\t\t<\/div>\n\t\t\t\t\t<\/div>\n\t\t<\/section>\n\t\t\t\t<section class=\"elementor-section elementor-top-section elementor-element elementor-element-d2bae23 animated-slow elementor-section-boxed elementor-section-height-default elementor-section-height-default\" data-id=\"d2bae23\" data-element_type=\"section\" data-e-type=\"section\" data-settings=\"{&quot;animation&quot;:&quot;none&quot;}\">\n\t\t\t\t\t\t<div class=\"elementor-container elementor-column-gap-default\">\n\t\t\t\t\t<div class=\"elementor-column elementor-col-50 elementor-top-column elementor-element elementor-element-8bb62a0\" data-id=\"8bb62a0\" data-element_type=\"column\" data-e-type=\"column\">\n\t\t\t<div class=\"elementor-widget-wrap elementor-element-populated\">\n\t\t\t\t\t\t<div class=\"elementor-element elementor-element-e426b75 elementor-widget elementor-widget-image\" data-id=\"e426b75\" data-element_type=\"widget\" data-e-type=\"widget\" data-widget_type=\"image.default\">\n\t\t\t\t\t\t\t\t\t\t\t\t\t\t\t\t<a href=\"https:\/\/artafricamagazine.org\/product\/art-africa-issue-16\/\" target=\"_blank\">\n\t\t\t\t\t\t\t<img loading=\"lazy\" decoding=\"async\" width=\"1024\" height=\"691\" src=\"https:\/\/cmgmarrakech.com\/wp-content\/uploads\/2022\/03\/Ressala_30-1024x691.jpg\" class=\"attachment-large size-large wp-image-7006\" alt=\"\" srcset=\"https:\/\/cmgmarrakech.com\/wp-content\/uploads\/2022\/03\/Ressala_30-1024x691.jpg 1024w, https:\/\/cmgmarrakech.com\/wp-content\/uploads\/2022\/03\/Ressala_30-300x202.jpg 300w, https:\/\/cmgmarrakech.com\/wp-content\/uploads\/2022\/03\/Ressala_30-768x518.jpg 768w, https:\/\/cmgmarrakech.com\/wp-content\/uploads\/2022\/03\/Ressala_30-1536x1036.jpg 1536w, https:\/\/cmgmarrakech.com\/wp-content\/uploads\/2022\/03\/Ressala_30-18x12.jpg 18w, https:\/\/cmgmarrakech.com\/wp-content\/uploads\/2022\/03\/Ressala_30-415x280.jpg 415w, https:\/\/cmgmarrakech.com\/wp-content\/uploads\/2022\/03\/Ressala_30-650x438.jpg 650w, https:\/\/cmgmarrakech.com\/wp-content\/uploads\/2022\/03\/Ressala_30-250x169.jpg 250w, https:\/\/cmgmarrakech.com\/wp-content\/uploads\/2022\/03\/Ressala_30.jpg 2000w\" sizes=\"(max-width: 1024px) 100vw, 1024px\" \/>\t\t\t\t\t\t\t\t<\/a>\n\t\t\t\t\t\t\t\t\t\t\t\t\t\t\t<\/div>\n\t\t\t\t<div class=\"elementor-element elementor-element-c229b75 elementor-widget elementor-widget-heading\" data-id=\"c229b75\" data-element_type=\"widget\" data-e-type=\"widget\" data-widget_type=\"heading.default\">\n\t\t\t\t\t<h2 class=\"elementor-heading-title elementor-size-default\"><a href=\"https:\/\/artafricamagazine.org\/product\/art-africa-issue-16\/\" target=\"_blank\">Carte blanche \u00e0 Hassan Hajjaj \n - Juin 2019\n<\/a><\/h2>\t\t\t\t<\/div>\n\t\t\t\t<div class=\"elementor-element elementor-element-219c700 elementor-widget elementor-widget-text-editor\" data-id=\"219c700\" data-element_type=\"widget\" data-e-type=\"widget\" data-widget_type=\"text-editor.default\">\n\t\t\t\t\t\t\t\t\t<div class=\"container\"><div class=\"row filter-row\"><div class=\"col-md-9\">Art Afrcia Magazine<\/div><\/div><\/div>\t\t\t\t\t\t\t\t<\/div>\n\t\t\t\t\t<\/div>\n\t\t<\/div>\n\t\t\t\t<div class=\"elementor-column elementor-col-50 elementor-top-column elementor-element elementor-element-04b2bb8\" data-id=\"04b2bb8\" data-element_type=\"column\" data-e-type=\"column\">\n\t\t\t<div class=\"elementor-widget-wrap elementor-element-populated\">\n\t\t\t\t\t\t<div class=\"elementor-element elementor-element-91cd7e3 elementor-widget elementor-widget-image\" data-id=\"91cd7e3\" data-element_type=\"widget\" data-e-type=\"widget\" data-widget_type=\"image.default\">\n\t\t\t\t\t\t\t\t\t\t\t\t\t\t\t\t<a href=\"https:\/\/artafricamagazine.org\/gallery-list-1-54-marrakech-inaugural-edition\/\" target=\"_blank\">\n\t\t\t\t\t\t\t<img loading=\"lazy\" decoding=\"async\" width=\"1024\" height=\"683\" src=\"https:\/\/cmgmarrakech.com\/wp-content\/uploads\/2022\/03\/Mahi-Binebine-Horizon-Oblique-2-1024x683.jpg\" class=\"attachment-large size-large wp-image-7119\" alt=\"\" srcset=\"https:\/\/cmgmarrakech.com\/wp-content\/uploads\/2022\/03\/Mahi-Binebine-Horizon-Oblique-2-1024x683.jpg 1024w, https:\/\/cmgmarrakech.com\/wp-content\/uploads\/2022\/03\/Mahi-Binebine-Horizon-Oblique-2-300x200.jpg 300w, https:\/\/cmgmarrakech.com\/wp-content\/uploads\/2022\/03\/Mahi-Binebine-Horizon-Oblique-2-768x512.jpg 768w, https:\/\/cmgmarrakech.com\/wp-content\/uploads\/2022\/03\/Mahi-Binebine-Horizon-Oblique-2-1536x1025.jpg 1536w, https:\/\/cmgmarrakech.com\/wp-content\/uploads\/2022\/03\/Mahi-Binebine-Horizon-Oblique-2-18x12.jpg 18w, https:\/\/cmgmarrakech.com\/wp-content\/uploads\/2022\/03\/Mahi-Binebine-Horizon-Oblique-2-415x277.jpg 415w, https:\/\/cmgmarrakech.com\/wp-content\/uploads\/2022\/03\/Mahi-Binebine-Horizon-Oblique-2-650x434.jpg 650w, https:\/\/cmgmarrakech.com\/wp-content\/uploads\/2022\/03\/Mahi-Binebine-Horizon-Oblique-2-250x167.jpg 250w, https:\/\/cmgmarrakech.com\/wp-content\/uploads\/2022\/03\/Mahi-Binebine-Horizon-Oblique-2.jpg 2000w\" sizes=\"(max-width: 1024px) 100vw, 1024px\" \/>\t\t\t\t\t\t\t\t<\/a>\n\t\t\t\t\t\t\t\t\t\t\t\t\t\t\t<\/div>\n\t\t\t\t<div class=\"elementor-element elementor-element-b58b224 elementor-widget elementor-widget-heading\" data-id=\"b58b224\" data-element_type=\"widget\" data-e-type=\"widget\" data-widget_type=\"heading.default\">\n\t\t\t\t\t<h2 class=\"elementor-heading-title elementor-size-default\"><a href=\"https:\/\/artafricamagazine.org\/gallery-list-1-54-marrakech-inaugural-edition\/\" target=\"_blank\">Gallery List for 1-54 Marrakech inaugural edition<\/a><\/h2>\t\t\t\t<\/div>\n\t\t\t\t<div class=\"elementor-element elementor-element-9afdd77 elementor-widget elementor-widget-text-editor\" data-id=\"9afdd77\" data-element_type=\"widget\" data-e-type=\"widget\" data-widget_type=\"text-editor.default\">\n\t\t\t\t\t\t\t\t\t<div class=\"container\"><div class=\"row filter-row\"><div class=\"col-md-9\">Art Africa Magazine<\/div><\/div><\/div>\t\t\t\t\t\t\t\t<\/div>\n\t\t\t\t\t<\/div>\n\t\t<\/div>\n\t\t\t\t\t<\/div>\n\t\t<\/section>\n\t\t\t\t<section class=\"elementor-section elementor-top-section elementor-element elementor-element-7c72ba9 animated-slow elementor-section-boxed elementor-section-height-default elementor-section-height-default\" data-id=\"7c72ba9\" data-element_type=\"section\" data-e-type=\"section\" data-settings=\"{&quot;animation&quot;:&quot;none&quot;}\">\n\t\t\t\t\t\t<div class=\"elementor-container elementor-column-gap-default\">\n\t\t\t\t\t<div class=\"elementor-column elementor-col-50 elementor-top-column elementor-element elementor-element-6932f93\" data-id=\"6932f93\" data-element_type=\"column\" data-e-type=\"column\">\n\t\t\t<div class=\"elementor-widget-wrap elementor-element-populated\">\n\t\t\t\t\t\t<div class=\"elementor-element elementor-element-62162ce elementor-widget elementor-widget-image\" data-id=\"62162ce\" data-element_type=\"widget\" data-e-type=\"widget\" data-widget_type=\"image.default\">\n\t\t\t\t\t\t\t\t\t\t\t\t\t\t\t\t<a href=\"https:\/\/www.leconomiste.com\/article\/1025321-le-comptoir-des-mines-galerie-de-reference-de-l-art-contemporain-marocain\" target=\"_blank\">\n\t\t\t\t\t\t\t<img loading=\"lazy\" decoding=\"async\" width=\"1024\" height=\"682\" src=\"https:\/\/cmgmarrakech.com\/wp-content\/uploads\/2022\/03\/Vue-de-lexposition-3-1024x682.jpg\" class=\"attachment-large size-large wp-image-6428\" alt=\"\" srcset=\"https:\/\/cmgmarrakech.com\/wp-content\/uploads\/2022\/03\/Vue-de-lexposition-3-1024x682.jpg 1024w, https:\/\/cmgmarrakech.com\/wp-content\/uploads\/2022\/03\/Vue-de-lexposition-3-300x200.jpg 300w, https:\/\/cmgmarrakech.com\/wp-content\/uploads\/2022\/03\/Vue-de-lexposition-3-768x512.jpg 768w, https:\/\/cmgmarrakech.com\/wp-content\/uploads\/2022\/03\/Vue-de-lexposition-3-1536x1024.jpg 1536w, https:\/\/cmgmarrakech.com\/wp-content\/uploads\/2022\/03\/Vue-de-lexposition-3-18x12.jpg 18w, https:\/\/cmgmarrakech.com\/wp-content\/uploads\/2022\/03\/Vue-de-lexposition-3-415x277.jpg 415w, https:\/\/cmgmarrakech.com\/wp-content\/uploads\/2022\/03\/Vue-de-lexposition-3-650x433.jpg 650w, https:\/\/cmgmarrakech.com\/wp-content\/uploads\/2022\/03\/Vue-de-lexposition-3-250x167.jpg 250w, https:\/\/cmgmarrakech.com\/wp-content\/uploads\/2022\/03\/Vue-de-lexposition-3.jpg 2000w\" sizes=\"(max-width: 1024px) 100vw, 1024px\" \/>\t\t\t\t\t\t\t\t<\/a>\n\t\t\t\t\t\t\t\t\t\t\t\t\t\t\t<\/div>\n\t\t\t\t<div class=\"elementor-element elementor-element-fcc005e elementor-widget elementor-widget-heading\" data-id=\"fcc005e\" data-element_type=\"widget\" data-e-type=\"widget\" data-widget_type=\"heading.default\">\n\t\t\t\t\t<h2 class=\"elementor-heading-title elementor-size-default\"><a href=\"https:\/\/www.leconomiste.com\/article\/1025321-le-comptoir-des-mines-galerie-de-reference-de-l-art-contemporain-marocain\" target=\"_blank\">Le Comptoir des Mines: Galerie de r\u00e9f\u00e9rence de l\u2019art contemporain marocain\n<\/a><\/h2>\t\t\t\t<\/div>\n\t\t\t\t<div class=\"elementor-element elementor-element-65fc03f elementor-widget elementor-widget-text-editor\" data-id=\"65fc03f\" data-element_type=\"widget\" data-e-type=\"widget\" data-widget_type=\"text-editor.default\">\n\t\t\t\t\t\t\t\t\t<div class=\"container\"><div class=\"row filter-row\"><div class=\"col-md-9\">Leconomiste.com<\/div><\/div><\/div>\t\t\t\t\t\t\t\t<\/div>\n\t\t\t\t\t<\/div>\n\t\t<\/div>\n\t\t\t\t<div class=\"elementor-column elementor-col-50 elementor-top-column elementor-element elementor-element-3d175d4\" data-id=\"3d175d4\" data-element_type=\"column\" data-e-type=\"column\">\n\t\t\t<div class=\"elementor-widget-wrap elementor-element-populated\">\n\t\t\t\t\t\t<div class=\"elementor-element elementor-element-4b0ada2 elementor-widget elementor-widget-image\" data-id=\"4b0ada2\" data-element_type=\"widget\" data-e-type=\"widget\" data-widget_type=\"image.default\">\n\t\t\t\t\t\t\t\t\t\t\t\t\t\t\t\t<a href=\"https:\/\/www.lemonde.fr\/afrique\/article\/2018\/02\/25\/marrakech-se-reve-en-carrefour-de-l-art-contemporain-en-afrique-francophone_5262381_3212.html\" target=\"_blank\">\n\t\t\t\t\t\t\t<img loading=\"lazy\" decoding=\"async\" width=\"1024\" height=\"683\" src=\"https:\/\/cmgmarrakech.com\/wp-content\/uploads\/2022\/03\/Akrim-Chantier2-Post-Image-1-1024x683.jpg\" class=\"attachment-large size-large wp-image-6576\" alt=\"\" srcset=\"https:\/\/cmgmarrakech.com\/wp-content\/uploads\/2022\/03\/Akrim-Chantier2-Post-Image-1-1024x683.jpg 1024w, https:\/\/cmgmarrakech.com\/wp-content\/uploads\/2022\/03\/Akrim-Chantier2-Post-Image-1-300x200.jpg 300w, https:\/\/cmgmarrakech.com\/wp-content\/uploads\/2022\/03\/Akrim-Chantier2-Post-Image-1-768x512.jpg 768w, https:\/\/cmgmarrakech.com\/wp-content\/uploads\/2022\/03\/Akrim-Chantier2-Post-Image-1-1536x1025.jpg 1536w, https:\/\/cmgmarrakech.com\/wp-content\/uploads\/2022\/03\/Akrim-Chantier2-Post-Image-1-18x12.jpg 18w, https:\/\/cmgmarrakech.com\/wp-content\/uploads\/2022\/03\/Akrim-Chantier2-Post-Image-1-415x277.jpg 415w, https:\/\/cmgmarrakech.com\/wp-content\/uploads\/2022\/03\/Akrim-Chantier2-Post-Image-1-650x434.jpg 650w, https:\/\/cmgmarrakech.com\/wp-content\/uploads\/2022\/03\/Akrim-Chantier2-Post-Image-1-250x167.jpg 250w, https:\/\/cmgmarrakech.com\/wp-content\/uploads\/2022\/03\/Akrim-Chantier2-Post-Image-1.jpg 2000w\" sizes=\"(max-width: 1024px) 100vw, 1024px\" \/>\t\t\t\t\t\t\t\t<\/a>\n\t\t\t\t\t\t\t\t\t\t\t\t\t\t\t<\/div>\n\t\t\t\t<div class=\"elementor-element elementor-element-064d44e elementor-widget elementor-widget-heading\" data-id=\"064d44e\" data-element_type=\"widget\" data-e-type=\"widget\" data-widget_type=\"heading.default\">\n\t\t\t\t\t<h2 class=\"elementor-heading-title elementor-size-default\"><a href=\"https:\/\/www.lemonde.fr\/afrique\/article\/2018\/02\/25\/marrakech-se-reve-en-carrefour-de-l-art-contemporain-en-afrique-francophone_5262381_3212.html\" target=\"_blank\">Marrakech se r\u00eave en carrefour de l\u2019art contemporain en Afrique francophone<\/a><\/h2>\t\t\t\t<\/div>\n\t\t\t\t<div class=\"elementor-element elementor-element-ac6999c elementor-widget elementor-widget-text-editor\" data-id=\"ac6999c\" data-element_type=\"widget\" data-e-type=\"widget\" data-widget_type=\"text-editor.default\">\n\t\t\t\t\t\t\t\t\t<div class=\"container\"><div class=\"row filter-row\"><div class=\"col-md-9\">LeMonde.FR<\/div><\/div><\/div>\t\t\t\t\t\t\t\t<\/div>\n\t\t\t\t\t<\/div>\n\t\t<\/div>\n\t\t\t\t\t<\/div>\n\t\t<\/section>\n\t\t\t\t<section class=\"elementor-section elementor-top-section elementor-element elementor-element-c6d73c5 animated-slow elementor-section-boxed elementor-section-height-default elementor-section-height-default\" data-id=\"c6d73c5\" data-element_type=\"section\" data-e-type=\"section\" data-settings=\"{&quot;animation&quot;:&quot;none&quot;}\">\n\t\t\t\t\t\t<div class=\"elementor-container elementor-column-gap-default\">\n\t\t\t\t\t<div class=\"elementor-column elementor-col-50 elementor-top-column elementor-element elementor-element-be63ce3\" data-id=\"be63ce3\" data-element_type=\"column\" data-e-type=\"column\">\n\t\t\t<div class=\"elementor-widget-wrap elementor-element-populated\">\n\t\t\t\t\t\t<div class=\"elementor-element elementor-element-6a6874a elementor-widget elementor-widget-image\" data-id=\"6a6874a\" data-element_type=\"widget\" data-e-type=\"widget\" data-widget_type=\"image.default\">\n\t\t\t\t\t\t\t\t\t\t\t\t\t\t\t<img loading=\"lazy\" decoding=\"async\" width=\"1024\" height=\"683\" src=\"https:\/\/cmgmarrakech.com\/wp-content\/uploads\/2022\/03\/Traversees_Younes-Atbane-Poetic-Carbon-2017-1024x683.jpg\" class=\"attachment-large size-large wp-image-6514\" alt=\"\" srcset=\"https:\/\/cmgmarrakech.com\/wp-content\/uploads\/2022\/03\/Traversees_Younes-Atbane-Poetic-Carbon-2017-1024x683.jpg 1024w, https:\/\/cmgmarrakech.com\/wp-content\/uploads\/2022\/03\/Traversees_Younes-Atbane-Poetic-Carbon-2017-300x200.jpg 300w, https:\/\/cmgmarrakech.com\/wp-content\/uploads\/2022\/03\/Traversees_Younes-Atbane-Poetic-Carbon-2017-768x512.jpg 768w, https:\/\/cmgmarrakech.com\/wp-content\/uploads\/2022\/03\/Traversees_Younes-Atbane-Poetic-Carbon-2017-1536x1025.jpg 1536w, https:\/\/cmgmarrakech.com\/wp-content\/uploads\/2022\/03\/Traversees_Younes-Atbane-Poetic-Carbon-2017-18x12.jpg 18w, https:\/\/cmgmarrakech.com\/wp-content\/uploads\/2022\/03\/Traversees_Younes-Atbane-Poetic-Carbon-2017-415x277.jpg 415w, https:\/\/cmgmarrakech.com\/wp-content\/uploads\/2022\/03\/Traversees_Younes-Atbane-Poetic-Carbon-2017-650x434.jpg 650w, https:\/\/cmgmarrakech.com\/wp-content\/uploads\/2022\/03\/Traversees_Younes-Atbane-Poetic-Carbon-2017-250x167.jpg 250w, https:\/\/cmgmarrakech.com\/wp-content\/uploads\/2022\/03\/Traversees_Younes-Atbane-Poetic-Carbon-2017.jpg 2000w\" sizes=\"(max-width: 1024px) 100vw, 1024px\" \/>\t\t\t\t\t\t\t\t\t\t\t\t\t\t\t<\/div>\n\t\t\t\t<div class=\"elementor-element elementor-element-215a83e elementor-widget elementor-widget-heading\" data-id=\"215a83e\" data-element_type=\"widget\" data-e-type=\"widget\" data-widget_type=\"heading.default\">\n\t\t\t\t\t<h2 class=\"elementor-heading-title elementor-size-default\"><a href=\"https:\/\/www.monde-diplomatique.fr\/IMG\/numeros\/DPL-2022-07-01\/Le-Monde-diplomatique-2022-07_14.jpg\" target=\"_blank\">Bouillonnement de l\u2019art contemporain africain<\/a><\/h2>\t\t\t\t<\/div>\n\t\t\t\t<div class=\"elementor-element elementor-element-4ed8060 elementor-widget elementor-widget-text-editor\" data-id=\"4ed8060\" data-element_type=\"widget\" data-e-type=\"widget\" data-widget_type=\"text-editor.default\">\n\t\t\t\t\t\t\t\t\t<div class=\"container\"><div class=\"row filter-row\"><div class=\"col-md-9\">Le Monde Diplomatique<\/div><\/div><\/div>\t\t\t\t\t\t\t\t<\/div>\n\t\t\t\t\t<\/div>\n\t\t<\/div>\n\t\t\t\t<div class=\"elementor-column elementor-col-50 elementor-top-column elementor-element elementor-element-1edf67f\" data-id=\"1edf67f\" data-element_type=\"column\" data-e-type=\"column\">\n\t\t\t<div class=\"elementor-widget-wrap elementor-element-populated\">\n\t\t\t\t\t\t<div class=\"elementor-element elementor-element-37ee021 elementor-widget elementor-widget-image\" data-id=\"37ee021\" data-element_type=\"widget\" data-e-type=\"widget\" data-widget_type=\"image.default\">\n\t\t\t\t\t\t\t\t\t\t\t\t\t\t\t\t<a href=\"https:\/\/www.nytimes.com\/interactive\/2017\/02\/02\/travel\/what-to-do-36-hours-in-marrakesh-morocco.html\" target=\"_blank\">\n\t\t\t\t\t\t\t<img loading=\"lazy\" decoding=\"async\" width=\"2000\" height=\"1256\" src=\"https:\/\/cmgmarrakech.com\/wp-content\/uploads\/2022\/03\/Mare-Nostrum-Vues-2.png\" class=\"attachment-full size-full wp-image-5924\" alt=\"\" srcset=\"https:\/\/cmgmarrakech.com\/wp-content\/uploads\/2022\/03\/Mare-Nostrum-Vues-2.png 2000w, https:\/\/cmgmarrakech.com\/wp-content\/uploads\/2022\/03\/Mare-Nostrum-Vues-2-300x188.png 300w, https:\/\/cmgmarrakech.com\/wp-content\/uploads\/2022\/03\/Mare-Nostrum-Vues-2-1024x643.png 1024w, https:\/\/cmgmarrakech.com\/wp-content\/uploads\/2022\/03\/Mare-Nostrum-Vues-2-768x482.png 768w, https:\/\/cmgmarrakech.com\/wp-content\/uploads\/2022\/03\/Mare-Nostrum-Vues-2-1536x965.png 1536w, https:\/\/cmgmarrakech.com\/wp-content\/uploads\/2022\/03\/Mare-Nostrum-Vues-2-18x12.png 18w, https:\/\/cmgmarrakech.com\/wp-content\/uploads\/2022\/03\/Mare-Nostrum-Vues-2-415x261.png 415w, https:\/\/cmgmarrakech.com\/wp-content\/uploads\/2022\/03\/Mare-Nostrum-Vues-2-650x408.png 650w, https:\/\/cmgmarrakech.com\/wp-content\/uploads\/2022\/03\/Mare-Nostrum-Vues-2-250x157.png 250w\" sizes=\"(max-width: 2000px) 100vw, 2000px\" \/>\t\t\t\t\t\t\t\t<\/a>\n\t\t\t\t\t\t\t\t\t\t\t\t\t\t\t<\/div>\n\t\t\t\t<div class=\"elementor-element elementor-element-f18075b elementor-widget elementor-widget-heading\" data-id=\"f18075b\" data-element_type=\"widget\" data-e-type=\"widget\" data-widget_type=\"heading.default\">\n\t\t\t\t\t<h2 class=\"elementor-heading-title elementor-size-default\"><a href=\"https:\/\/www.nytimes.com\/interactive\/2017\/02\/02\/travel\/what-to-do-36-hours-in-marrakesh-morocco.html\" target=\"_blank\">The New York Times 36 Hours in Marrakesh<\/a><\/h2>\t\t\t\t<\/div>\n\t\t\t\t<div class=\"elementor-element elementor-element-e401be4 elementor-widget elementor-widget-text-editor\" data-id=\"e401be4\" data-element_type=\"widget\" data-e-type=\"widget\" data-widget_type=\"text-editor.default\">\n\t\t\t\t\t\t\t\t\t<div class=\"container\"><div class=\"row filter-row\"><div class=\"col-md-9\">The New York Times<\/div><\/div><\/div>\t\t\t\t\t\t\t\t<\/div>\n\t\t\t\t\t<\/div>\n\t\t<\/div>\n\t\t\t\t\t<\/div>\n\t\t<\/section>\n\t\t\t\t<\/div>\n\t\t","protected":false},"excerpt":{"rendered":"<p>News Sara Ouhaddou laur\u00e9ate du Prix BNP Paribas Banque Priv\u00e9e \u00ab Un regard sur la sc\u00e8ne fran\u00e7aise \u00bb Art News Paper Meriem Berrada : \u00ab&#8230;<\/p>","protected":false},"author":1,"featured_media":0,"parent":0,"menu_order":0,"comment_status":"closed","ping_status":"closed","template":"","meta":{"_acf_changed":false,"footnotes":""},"class_list":["post-5570","page","type-page","status-publish","hentry"],"acf":[],"aioseo_notices":[],"_links":{"self":[{"href":"https:\/\/cmgmarrakech.com\/en\/wp-json\/wp\/v2\/pages\/5570","targetHints":{"allow":["GET"]}}],"collection":[{"href":"https:\/\/cmgmarrakech.com\/en\/wp-json\/wp\/v2\/pages"}],"about":[{"href":"https:\/\/cmgmarrakech.com\/en\/wp-json\/wp\/v2\/types\/page"}],"author":[{"embeddable":true,"href":"https:\/\/cmgmarrakech.com\/en\/wp-json\/wp\/v2\/users\/1"}],"replies":[{"embeddable":true,"href":"https:\/\/cmgmarrakech.com\/en\/wp-json\/wp\/v2\/comments?post=5570"}],"version-history":[{"count":10,"href":"https:\/\/cmgmarrakech.com\/en\/wp-json\/wp\/v2\/pages\/5570\/revisions"}],"predecessor-version":[{"id":19377,"href":"https:\/\/cmgmarrakech.com\/en\/wp-json\/wp\/v2\/pages\/5570\/revisions\/19377"}],"wp:attachment":[{"href":"https:\/\/cmgmarrakech.com\/en\/wp-json\/wp\/v2\/media?parent=5570"}],"curies":[{"name":"wp","href":"https:\/\/api.w.org\/{rel}","templated":true}]}}