{"id":7206,"date":"2022-03-08T14:42:51","date_gmt":"2022-03-08T14:42:51","guid":{"rendered":"https:\/\/cmgmarrakech.com\/?page_id=7206"},"modified":"2026-03-11T01:53:48","modified_gmt":"2026-03-11T01:53:48","slug":"mariam-abouzid-souali","status":"publish","type":"page","link":"https:\/\/cmgmarrakech.com\/en\/mariam-abouzid-souali\/","title":{"rendered":"Mariam Abouzid Souali"},"content":{"rendered":"<div data-elementor-type=\"wp-page\" data-elementor-id=\"7206\" class=\"elementor elementor-7206\" data-elementor-post-type=\"page\">\n\t\t\t\t\t\t<section class=\"elementor-section elementor-top-section elementor-element elementor-element-9e182b0 elementor-section-full_width elementor-section-content-top animated-slow elementor-section-height-default elementor-section-height-default\" data-id=\"9e182b0\" data-element_type=\"section\" data-e-type=\"section\" data-settings=\"{&quot;background_background&quot;:&quot;classic&quot;,&quot;animation&quot;:&quot;none&quot;}\">\n\t\t\t\t\t\t<div class=\"elementor-container elementor-column-gap-no\">\n\t\t\t\t\t<div class=\"elementor-column elementor-col-100 elementor-top-column elementor-element elementor-element-aeaad03\" data-id=\"aeaad03\" data-element_type=\"column\" data-e-type=\"column\">\n\t\t\t<div class=\"elementor-widget-wrap elementor-element-populated\">\n\t\t\t\t\t\t<div class=\"elementor-element elementor-element-1698184 elementor-widget elementor-widget-text-editor\" data-id=\"1698184\" data-element_type=\"widget\" data-e-type=\"widget\" data-widget_type=\"text-editor.default\">\n\t\t\t\t\t\t\t\t\t<p>Mariam Abouzid Souali<\/p>\t\t\t\t\t\t\t\t<\/div>\n\t\t\t\t\t<\/div>\n\t\t<\/div>\n\t\t\t\t\t<\/div>\n\t\t<\/section>\n\t\t\t\t<section class=\"elementor-section elementor-top-section elementor-element elementor-element-3106618 elementor-section-full_width elementor-section-content-top animated-slow elementor-section-height-default elementor-section-height-default\" data-id=\"3106618\" data-element_type=\"section\" data-e-type=\"section\" data-settings=\"{&quot;background_background&quot;:&quot;classic&quot;,&quot;animation&quot;:&quot;none&quot;}\">\n\t\t\t\t\t\t<div class=\"elementor-container elementor-column-gap-no\">\n\t\t\t\t\t<div class=\"elementor-column elementor-col-33 elementor-top-column elementor-element elementor-element-4561737\" data-id=\"4561737\" data-element_type=\"column\" data-e-type=\"column\">\n\t\t\t<div class=\"elementor-widget-wrap elementor-element-populated\">\n\t\t\t\t\t\t<div class=\"elementor-element elementor-element-acf2a7b elementor-widget elementor-widget-image\" data-id=\"acf2a7b\" data-element_type=\"widget\" data-e-type=\"widget\" data-widget_type=\"image.default\">\n\t\t\t\t\t\t\t\t\t\t\t\t\t\t\t<img fetchpriority=\"high\" decoding=\"async\" width=\"1200\" height=\"1200\" src=\"https:\/\/cmgmarrakech.com\/wp-content\/uploads\/2022\/03\/Mariam-Abouzid-Souali.jpeg\" class=\"attachment-full size-full wp-image-7718\" alt=\"\" srcset=\"https:\/\/cmgmarrakech.com\/wp-content\/uploads\/2022\/03\/Mariam-Abouzid-Souali.jpeg 1200w, https:\/\/cmgmarrakech.com\/wp-content\/uploads\/2022\/03\/Mariam-Abouzid-Souali-300x300.jpeg 300w, https:\/\/cmgmarrakech.com\/wp-content\/uploads\/2022\/03\/Mariam-Abouzid-Souali-1024x1024.jpeg 1024w, https:\/\/cmgmarrakech.com\/wp-content\/uploads\/2022\/03\/Mariam-Abouzid-Souali-150x150.jpeg 150w, https:\/\/cmgmarrakech.com\/wp-content\/uploads\/2022\/03\/Mariam-Abouzid-Souali-768x768.jpeg 768w, https:\/\/cmgmarrakech.com\/wp-content\/uploads\/2022\/03\/Mariam-Abouzid-Souali-12x12.jpeg 12w, https:\/\/cmgmarrakech.com\/wp-content\/uploads\/2022\/03\/Mariam-Abouzid-Souali-100x100.jpeg 100w, https:\/\/cmgmarrakech.com\/wp-content\/uploads\/2022\/03\/Mariam-Abouzid-Souali-350x350.jpeg 350w, https:\/\/cmgmarrakech.com\/wp-content\/uploads\/2022\/03\/Mariam-Abouzid-Souali-650x650.jpeg 650w, https:\/\/cmgmarrakech.com\/wp-content\/uploads\/2022\/03\/Mariam-Abouzid-Souali-500x500.jpeg 500w, https:\/\/cmgmarrakech.com\/wp-content\/uploads\/2022\/03\/Mariam-Abouzid-Souali-415x415.jpeg 415w, https:\/\/cmgmarrakech.com\/wp-content\/uploads\/2022\/03\/Mariam-Abouzid-Souali-250x250.jpeg 250w\" sizes=\"(max-width: 1200px) 100vw, 1200px\" \/>\t\t\t\t\t\t\t\t\t\t\t\t\t\t\t<\/div>\n\t\t\t\t\t<\/div>\n\t\t<\/div>\n\t\t\t\t<div class=\"elementor-column elementor-col-66 elementor-top-column elementor-element elementor-element-4bde574\" data-id=\"4bde574\" data-element_type=\"column\" data-e-type=\"column\">\n\t\t\t<div class=\"elementor-widget-wrap elementor-element-populated\">\n\t\t\t\t\t\t<div class=\"elementor-element elementor-element-0e0eadd elementor-widget elementor-widget-text-editor\" data-id=\"0e0eadd\" data-element_type=\"widget\" data-e-type=\"widget\" data-widget_type=\"text-editor.default\">\n\t\t\t\t\t\t\t\t\t<p>N\u00e9e en 1989.<br \/>D\u00e8s sa plus tendre enfance, Mariam trouve dans le dessin et la peinture un moyen d\u2019expression qu\u2019elle se pla\u00eet \u00e0 explorer au quotidien. Elle reconna\u00eet alors que ce penchant pr\u00e9coce est sa v\u00e9ritable langue maternelle. Plus tard, Mariam \u00e9tudie \u00e0 l\u2019Institut National des Beaux-arts de T\u00e9touan, avant de poursuivre sa formation en litt\u00e9rature fran\u00e7aise et histoire de l\u2019art \u00e0 l\u2019universit\u00e9 Mohamed V de Rabat puis \u00e0 l\u2019universit\u00e9 Abdelmalek Essa\u00e2di de Martil. Elle pr\u00e9pare actuellement une th\u00e8se doctorale et s\u2019est vue octroyer la prestigieuse bourse Fulbright fin de lui permettre de poursuivre son travail de doctorante dans le tr\u00e8s s\u00e9lectif Bryn Mawr College de Pennsylvanie, aux \u00c9tats-Unis. Mariam Abouzid Souali s\u2019est faite particuli\u00e8rement remarqu\u00e9e lors de ses expositions au Comptoir des Mines Galerie Marrakech, o\u00f9 elle pr\u00e9senta, entre autres, une \u0153uvre monumentale en r\u00e9f\u00e9rence au \u2018Radeau de la M\u00e9duse\u2019 de G\u00e9ricault.<\/p>\t\t\t\t\t\t\t\t<\/div>\n\t\t\t\t\t<\/div>\n\t\t<\/div>\n\t\t\t\t\t<\/div>\n\t\t<\/section>\n\t\t\t\t<section class=\"elementor-section elementor-top-section elementor-element elementor-element-eccd8a7 elementor-section-full_width animated-slow elementor-section-height-default elementor-section-height-default\" data-id=\"eccd8a7\" data-element_type=\"section\" data-e-type=\"section\" data-settings=\"{&quot;animation&quot;:&quot;none&quot;,&quot;animation_delay&quot;:500}\">\n\t\t\t\t\t\t<div class=\"elementor-container elementor-column-gap-no\">\n\t\t\t\t\t<div class=\"elementor-column elementor-col-100 elementor-top-column elementor-element elementor-element-7913cc3\" data-id=\"7913cc3\" data-element_type=\"column\" data-e-type=\"column\">\n\t\t\t<div class=\"elementor-widget-wrap elementor-element-populated\">\n\t\t\t\t\t\t<div class=\"elementor-element elementor-element-4a6c2bb elementor-widget elementor-widget-toggle\" data-id=\"4a6c2bb\" data-element_type=\"widget\" data-e-type=\"widget\" data-widget_type=\"toggle.default\">\n\t\t\t\t\t\t\t<div class=\"elementor-toggle\">\n\t\t\t\t\t\t\t<div class=\"elementor-toggle-item\">\n\t\t\t\t\t<div id=\"elementor-tab-title-7801\" class=\"elementor-tab-title\" data-tab=\"1\" role=\"button\" aria-controls=\"elementor-tab-content-7801\" aria-expanded=\"false\">\n\t\t\t\t\t\t\t\t\t\t\t\t<span class=\"elementor-toggle-icon elementor-toggle-icon-right\" aria-hidden=\"true\">\n\t\t\t\t\t\t\t\t\t\t\t\t\t\t\t<span class=\"elementor-toggle-icon-closed\"><svg class=\"e-font-icon-svg e-far-dot-circle\" viewbox=\"0 0 512 512\" xmlns=\"http:\/\/www.w3.org\/2000\/svg\"><path d=\"M256 56c110.532 0 200 89.451 200 200 0 110.532-89.451 200-200 200-110.532 0-200-89.451-200-200 0-110.532 89.451-200 200-200m0-48C119.033 8 8 119.033 8 256s111.033 248 248 248 248-111.033 248-248S392.967 8 256 8zm0 168c-44.183 0-80 35.817-80 80s35.817 80 80 80 80-35.817 80-80-35.817-80-80-80z\"><\/path><\/svg><\/span>\n\t\t\t\t\t\t\t\t<span class=\"elementor-toggle-icon-opened\"><svg class=\"elementor-toggle-icon-opened e-font-icon-svg e-fas-dot-circle\" viewbox=\"0 0 512 512\" xmlns=\"http:\/\/www.w3.org\/2000\/svg\"><path d=\"M256 8C119.033 8 8 119.033 8 256s111.033 248 248 248 248-111.033 248-248S392.967 8 256 8zm80 248c0 44.112-35.888 80-80 80s-80-35.888-80-80 35.888-80 80-80 80 35.888 80 80z\"><\/path><\/svg><\/span>\n\t\t\t\t\t\t\t\t\t\t\t\t\t<\/span>\n\t\t\t\t\t\t\t\t\t\t\t\t<a class=\"elementor-toggle-title\" tabindex=\"0\">GROUP SHOWS<\/a>\n\t\t\t\t\t<\/div>\n\n\t\t\t\t\t<div id=\"elementor-tab-content-7801\" class=\"elementor-tab-content elementor-clearfix\" data-tab=\"1\" role=\"region\" aria-labelledby=\"elementor-tab-title-7801\"><p><b>2026 :<br \/><\/b>\u00ab\u00a0L&rsquo;Arte Ellitica\u00a0\u00bb, exposition collective, curat\u00e9 par Carmelo Strano, Casa Della Cultura \u2014 Milan, Italie.<br \/><b>2025 : <br \/><\/b>\u00ab\u00a010 Ans d&rsquo;une Exp\u00e9rience Artistique Singuli\u00e8re au Maroc\u00a0\u00bb, commissari\u00e9 par Hicham Daoudi, Comptoir des Mines Galerie &#8211; Marrakech, Maroc.<br \/>\u00ab\u00a010 Ans d&rsquo;une Exp\u00e9rience Artistique Singuli\u00e8re au Maroc\u00a0\u00bb, exposition collective historique marquant les 10 ans du Comptoir des Mines Galerie, Galerie Bab Rouah \u2013 Rabat, Maroc.<br \/>\u00ab\u00a0From Morocco, With Love\u201d, exposition de la collection \u00c9lisabeth Bauchet-Bouhlal, curat\u00e9 par Hicham Daoudi, Palace Es Saadi &#8211; Marrakech, Maroc.<br \/><strong>2024 <\/strong><span style=\"font-weight: 400;\"><strong>:<\/strong> <br \/>\u201cDes exploits, des chefs-d\u2019\u0153uvre\u201d, Frac Sud, Mac et Mucem, commissaire Jean-Marc Huitorel &#8211; Marseille, France<br \/><\/span><span style=\"font-weight: 400;\">Festival Pac (Printemps de l\u2019Art Contemporain) \u00c9dition 2024 &#8211; Marseille, Aix-en-Provence, Port de Bouc, Istres, Miramas, Rognes, Ch\u00e2teauneuf-le-Rouge et Rousset, France<br \/><\/span><span style=\"font-weight: 400;\">\u201cTextimoov\u201d, Futurotextiles, 6e \u00e9dition \u00e9dition, \u00e0 l\u2019occasion des 20 ans de Lilles 2024, Capitale Europ\u00e9enne de la Culture, et des Jeux Olympiques et Paralympiques de Paris, Tripostale &#8211; Lille, France<br \/><\/span><strong>2023 <\/strong><span style=\"font-weight: 400;\"><strong>:<\/strong> <br \/>\u201cIn Brilliant Light\u201d, Wereld Museum, commissaire Azu Nwagbogu &#8211; Leyde, Pays-Bas<br \/><\/span><strong>2022 <\/strong><span style=\"font-weight: 400;\"><strong>:<\/strong> <br \/>\u201cL\u2019art, un jeu s\u00e9rieux\u201d, MACAAL &#8211; Marrakech, Maroc<br \/><\/span><strong>2021 <\/strong><span style=\"font-weight: 400;\"><strong>:<\/strong> <br \/>\u201cDistance Ardente\u201d, dans le cadre de Africa2020, commissaire Hicham Daoudi, MRAC (Mus\u00e9e R\u00e9gional d\u2019Art Contemporain) &#8211; S\u00e9rignan, France<br \/><\/span><span style=\"font-weight: 400;\">\u201cZone Franche\u201d, exposition dans le cadre de la Saison Africa2020, commissari\u00e9e par Princesse Marilyn DOUALA MANGA BELL (Doual\u2019art \u2013 Cameroun), B\u00e9r\u00e9nice SALIOU (Institut des Cultures d\u2019Islam \u2013 France), Hicham BOUZID et Amina MOURID (Think Tanger \u2013 Maroc), Institut des Cultures d&rsquo;Islam (ICI) &#8211; Paris, France<br \/><\/span><strong>2021 :<\/strong> <br \/>Exposition collective \u201cL\u2019Art, un jeu s\u00e9rieux\u201d, commissariat par Meriem Sebti, MACAAL,\u00a0 Marrakech, Maroc.<br \/><b><\/b><strong>2020 <\/strong><span style=\"font-weight: 400;\"><strong>:<\/strong> <br \/>\u201c\u00c9tat d\u2019Urgence\u201d, exposition collective, commissaire Hicham Daoudi, Collection Elisabeth Bauchet-Bouhlal &#8211; Marrakech, Maroc<br \/><\/span><strong>2019 <\/strong><span style=\"font-weight: 400;\"><strong>:<\/strong> <br \/>\u201cMiroir Collectif\u201d, Bank Al Maghrib en partenariat avec Comptoir des Mines Galerie &#8211; Rabat, Maroc<\/span><br \/><strong>2018 :<\/strong> <br \/>\u00ab\u00a0Mare Nostrum\u00a0\u00bb, Comptoir des Mines Galerie, r\u00e9alisation d&rsquo;une \u0153uvre monumentale en r\u00e9f\u00e9rence au \u00ab\u00a0Radeau de la M\u00e9duse\u00a0\u00bb de Th\u00e9odore G\u00e9ricault,\u00a0 Marrakech, Maroc.<br \/>Exposition collective \u2019\u2019Travers\u00e9e\u2019\u2019, Comptoir des Mines Galerie, Marrakech, Maroc.<br \/><strong>2017 :<\/strong> <br \/>\u2018\u2018 Silence \u2019\u2019, Villas des Arts, Rabat, Maroc.<br \/>Exposition collective \u201cH\u00e9ros-Antih\u00e9ros\u201d, Galerie Comptoir des Mines, Marrakech, Maroc.<br \/>Vente aux ench\u00e8res par la CMOOA, Palace Essaadi &#8211; Marrakech, Maroc.<br \/>Mediterranea 18, Biennale des Jeunes Artistes de la M\u00e9diterran\u00e9e.<br \/>\u2018\u2019History + Conflict + Dream + Failure = Home \u00bb &#8211; Tirana, Albanie.<br \/>\u201cFlash\u201d, une exposition avec le soutien de Piripiri \u00e0 la Fondation Alliances,\u00a0 Casablanca, Maroc.<br \/>Printemps du dessin, Villa Delaporte, Casablanca, Maroc.<br \/>Nilwood Melody, Qu\u2019avons-nous fait de nos r\u00eaves ? What we have done with our dreams?<br \/>The Golden Age of Egyptian Cinema revisited by six contemporary artists, Mus\u00e9e de La Fondation Abderrahman Slaoui (Commissaire : Yasmina Bouzid), Casablanca, Maroc.<br \/>\u00ab Femmes, Artistes marocaines de la modernit\u00e9 1960-2016\u2009\u00bb, Mus\u00e9e Mohammed VI de l\u2019Art<br \/>Moderne et Contemporain (Commissaire d\u2019exposition Rim La\u00e2bi), Rabat, Maroc.<br \/><strong>2016 :<\/strong> <br \/>\u00ab Sept artistes peintres, femmes et sept portes \u00bb, Centre Hassan 2, Assilah, Maroc.<br \/>\u00ab Partir \u00bb, Galerie Atelier21 &#8211; Casablanca, Maroc.<br \/><strong>2015\u00a0:<\/strong> <br \/>\u00ab I Have a Dream\u00bb, exposition organis\u00e9e par l\u2019Ambassade des \u00c9tats-Unis au Maroc.<br \/>La Commission Maroco-Am\u00e9ricaine et La Fondation Mohamed VI pour l\u2019\u00c9ducation et la Formation, Casablanca, Maroc.<\/p><\/div>\n\t\t\t\t<\/div>\n\t\t\t\t\t\t\t<div class=\"elementor-toggle-item\">\n\t\t\t\t\t<div id=\"elementor-tab-title-7802\" class=\"elementor-tab-title\" data-tab=\"2\" role=\"button\" aria-controls=\"elementor-tab-content-7802\" aria-expanded=\"false\">\n\t\t\t\t\t\t\t\t\t\t\t\t<span class=\"elementor-toggle-icon elementor-toggle-icon-right\" aria-hidden=\"true\">\n\t\t\t\t\t\t\t\t\t\t\t\t\t\t\t<span class=\"elementor-toggle-icon-closed\"><svg class=\"e-font-icon-svg e-far-dot-circle\" viewbox=\"0 0 512 512\" xmlns=\"http:\/\/www.w3.org\/2000\/svg\"><path d=\"M256 56c110.532 0 200 89.451 200 200 0 110.532-89.451 200-200 200-110.532 0-200-89.451-200-200 0-110.532 89.451-200 200-200m0-48C119.033 8 8 119.033 8 256s111.033 248 248 248 248-111.033 248-248S392.967 8 256 8zm0 168c-44.183 0-80 35.817-80 80s35.817 80 80 80 80-35.817 80-80-35.817-80-80-80z\"><\/path><\/svg><\/span>\n\t\t\t\t\t\t\t\t<span class=\"elementor-toggle-icon-opened\"><svg class=\"elementor-toggle-icon-opened e-font-icon-svg e-fas-dot-circle\" viewbox=\"0 0 512 512\" xmlns=\"http:\/\/www.w3.org\/2000\/svg\"><path d=\"M256 8C119.033 8 8 119.033 8 256s111.033 248 248 248 248-111.033 248-248S392.967 8 256 8zm80 248c0 44.112-35.888 80-80 80s-80-35.888-80-80 35.888-80 80-80 80 35.888 80 80z\"><\/path><\/svg><\/span>\n\t\t\t\t\t\t\t\t\t\t\t\t\t<\/span>\n\t\t\t\t\t\t\t\t\t\t\t\t<a class=\"elementor-toggle-title\" tabindex=\"0\">SOLO SHOWS<\/a>\n\t\t\t\t\t<\/div>\n\n\t\t\t\t\t<div id=\"elementor-tab-content-7802\" class=\"elementor-tab-content elementor-clearfix\" data-tab=\"2\" role=\"region\" aria-labelledby=\"elementor-tab-title-7802\"><p><strong><b>2023<\/b><span style=\"font-weight: 400;\">: \u201cStardust\u201d, C\u00e9cile Fakhoury &#8211; Paris, France<\/span><br \/>2021 :<\/strong> Exposition collective \u201cL\u2019Art, un jeu s\u00e9rieux\u201d, commissariat par Meriem Sebti, MACAAL,\u00a0 Marrakech, Maroc.<br \/><strong>2019 :<\/strong> Exposition individuelle \u201cJe, demain\u201d, Comptoir des Mines Galerie, Marrakech, Maroc.<br \/><strong>2018 \u2013 2019 :<\/strong> \u00ab\u00a0Mare Nostrum\u00a0\u00bb, Comptoir des Mines Galerie, r\u00e9alisation d&rsquo;une \u0153uvre monumentale en r\u00e9f\u00e9rence au \u00ab\u00a0Radeau de la M\u00e9duse\u00a0\u00bb de Th\u00e9odore G\u00e9ricault,\u00a0 Marrakech, Maroc.<br \/><strong>2018 :<\/strong> Exposition collective \u2019\u2019Travers\u00e9e\u2019\u2019, Comptoir des Mines Galerie, Marrakech, Maroc.<br \/><strong>2017 :<\/strong> \u2018\u2018 Silence \u2019\u2019, Villas des Arts, Rabat, Maroc.<br \/>Exposition collective \u201cH\u00e9ros-Antih\u00e9ros\u201d, Galerie Comptoir des Mines, Marrakech, Maroc.<br \/>Vente aux ench\u00e8res par la CMOOA, Palace Essaadi &#8211; Marrakech, Maroc.<br \/>Mediterranea 18, Biennale des Jeunes Artistes de la M\u00e9diterran\u00e9e.<br \/>\u2018\u2019History + Conflict + Dream + Failure = Home \u00bb &#8211; Tirana, Albanie.<br \/>\u201cFlash\u201d, une exposition avec le soutien de Piripiri \u00e0 la Fondation Alliances,\u00a0 Casablanca, Maroc.<br \/>Printemps du dessin, Villa Delaporte, Casablanca, Maroc.<br \/>Nilwood Melody, Qu\u2019avons-nous fait de nos r\u00eaves ? What we have done with our dreams?<br \/>The Golden Age of Egyptian Cinema revisited by six contemporary artists, Mus\u00e9e de La Fondation Abderrahman Slaoui (Commissaire : Yasmina Bouzid), Casablanca, Maroc.<br \/>\u00ab Femmes, Artistes marocaines de la modernit\u00e9 1960-2016\u2009\u00bb, Mus\u00e9e Mohammed VI de l\u2019Art<br \/>Moderne et Contemporain (Commissaire d\u2019exposition Rim La\u00e2bi), Rabat, Maroc.<br \/><strong>2016 :<\/strong> \u00ab Sept artistes peintres, femmes et sept portes \u00bb, Centre Hassan 2, Assilah, Maroc.<br \/>\u00ab Partir \u00bb, Galerie Atelier21 &#8211; Casablanca, Maroc.<br \/><strong>2015\u00a0:<\/strong> \u00ab I Have a Dream\u00bb, exposition organis\u00e9e par l\u2019Ambassade des \u00c9tats-Unis au Maroc.<br \/>La Commission Maroco-Am\u00e9ricaine et La Fondation Mohamed VI pour l\u2019\u00c9ducation et la Formation, Casablanca, Maroc.<\/p><\/div>\n\t\t\t\t<\/div>\n\t\t\t\t\t\t\t<div class=\"elementor-toggle-item\">\n\t\t\t\t\t<div id=\"elementor-tab-title-7803\" class=\"elementor-tab-title\" data-tab=\"3\" role=\"button\" aria-controls=\"elementor-tab-content-7803\" aria-expanded=\"false\">\n\t\t\t\t\t\t\t\t\t\t\t\t<span class=\"elementor-toggle-icon elementor-toggle-icon-right\" aria-hidden=\"true\">\n\t\t\t\t\t\t\t\t\t\t\t\t\t\t\t<span class=\"elementor-toggle-icon-closed\"><svg class=\"e-font-icon-svg e-far-dot-circle\" viewbox=\"0 0 512 512\" xmlns=\"http:\/\/www.w3.org\/2000\/svg\"><path d=\"M256 56c110.532 0 200 89.451 200 200 0 110.532-89.451 200-200 200-110.532 0-200-89.451-200-200 0-110.532 89.451-200 200-200m0-48C119.033 8 8 119.033 8 256s111.033 248 248 248 248-111.033 248-248S392.967 8 256 8zm0 168c-44.183 0-80 35.817-80 80s35.817 80 80 80 80-35.817 80-80-35.817-80-80-80z\"><\/path><\/svg><\/span>\n\t\t\t\t\t\t\t\t<span class=\"elementor-toggle-icon-opened\"><svg class=\"elementor-toggle-icon-opened e-font-icon-svg e-fas-dot-circle\" viewbox=\"0 0 512 512\" xmlns=\"http:\/\/www.w3.org\/2000\/svg\"><path d=\"M256 8C119.033 8 8 119.033 8 256s111.033 248 248 248 248-111.033 248-248S392.967 8 256 8zm80 248c0 44.112-35.888 80-80 80s-80-35.888-80-80 35.888-80 80-80 80 35.888 80 80z\"><\/path><\/svg><\/span>\n\t\t\t\t\t\t\t\t\t\t\t\t\t<\/span>\n\t\t\t\t\t\t\t\t\t\t\t\t<a class=\"elementor-toggle-title\" tabindex=\"0\">EDUCATION &amp; TRAINING\u00a0<\/a>\n\t\t\t\t\t<\/div>\n\n\t\t\t\t\t<div id=\"elementor-tab-content-7803\" class=\"elementor-tab-content elementor-clearfix\" data-tab=\"3\" role=\"region\" aria-labelledby=\"elementor-tab-title-7803\"><p><strong>2014 :<\/strong> Inscrite au cycle doctoral, Facult\u00e9 des Lettres et des Sciences Humaines, Universit\u00e9 Abdelmalek Essa\u00e2di, Tetouan, Maroc et Department of History of Art, Bryn Mawr College &#8211; Philadelphie, USA. (Programme de Cotutelle de Fulbright).<br \/>Master sp\u00e9cialis\u00e9 en Litt\u00e9rature fran\u00e7aise, francophone et compar\u00e9e, Facult\u00e9 des Lettres et des Sciences Humaines, Universit\u00e9 Abdelmalek Essa\u00e2di &#8211; Tetouan, Maroc.<br \/><strong>2012 :<\/strong> Licence en langue et litt\u00e9rature fran\u00e7aises, Facult\u00e9 des Lettres et des Sciences Humaines, Universit\u00e9 Abdelmalek Essa\u00e2di &#8211; Tetouan, Maroc.<br \/>L\u2019Institut National des Beaux-arts de T\u00e9touan, Maroc.<\/p><\/div>\n\t\t\t\t<\/div>\n\t\t\t\t\t\t\t<div class=\"elementor-toggle-item\">\n\t\t\t\t\t<div id=\"elementor-tab-title-7804\" class=\"elementor-tab-title\" data-tab=\"4\" role=\"button\" aria-controls=\"elementor-tab-content-7804\" aria-expanded=\"false\">\n\t\t\t\t\t\t\t\t\t\t\t\t<span class=\"elementor-toggle-icon elementor-toggle-icon-right\" aria-hidden=\"true\">\n\t\t\t\t\t\t\t\t\t\t\t\t\t\t\t<span class=\"elementor-toggle-icon-closed\"><svg class=\"e-font-icon-svg e-far-dot-circle\" viewbox=\"0 0 512 512\" xmlns=\"http:\/\/www.w3.org\/2000\/svg\"><path d=\"M256 56c110.532 0 200 89.451 200 200 0 110.532-89.451 200-200 200-110.532 0-200-89.451-200-200 0-110.532 89.451-200 200-200m0-48C119.033 8 8 119.033 8 256s111.033 248 248 248 248-111.033 248-248S392.967 8 256 8zm0 168c-44.183 0-80 35.817-80 80s35.817 80 80 80 80-35.817 80-80-35.817-80-80-80z\"><\/path><\/svg><\/span>\n\t\t\t\t\t\t\t\t<span class=\"elementor-toggle-icon-opened\"><svg class=\"elementor-toggle-icon-opened e-font-icon-svg e-fas-dot-circle\" viewbox=\"0 0 512 512\" xmlns=\"http:\/\/www.w3.org\/2000\/svg\"><path d=\"M256 8C119.033 8 8 119.033 8 256s111.033 248 248 248 248-111.033 248-248S392.967 8 256 8zm80 248c0 44.112-35.888 80-80 80s-80-35.888-80-80 35.888-80 80-80 80 35.888 80 80z\"><\/path><\/svg><\/span>\n\t\t\t\t\t\t\t\t\t\t\t\t\t<\/span>\n\t\t\t\t\t\t\t\t\t\t\t\t<a class=\"elementor-toggle-title\" tabindex=\"0\">PUBLICATIONS<\/a>\n\t\t\t\t\t<\/div>\n\n\t\t\t\t\t<div id=\"elementor-tab-content-7804\" class=\"elementor-tab-content elementor-clearfix\" data-tab=\"4\" role=\"region\" aria-labelledby=\"elementor-tab-title-7804\"><p><b>2024<\/b><span style=\"font-weight: 400;\">: \u201cDes exploits, des chefs-d&rsquo;oeuvre\u201d, par <\/span><a href=\"https:\/\/www.librairiegoulard.com\/auteur\/jean-marc-huitorel\/\"><span style=\"font-weight: 400;\">Jean-Marc Huitorel<\/span><\/a><span style=\"font-weight: 400;\">, <\/span><a href=\"https:\/\/www.librairiegoulard.com\/auteur\/muriel-enjalran\/\"><span style=\"font-weight: 400;\">Muriel Enjalran<\/span><\/a><span style=\"font-weight: 400;\">, <\/span><a href=\"https:\/\/www.librairiegoulard.com\/auteur\/nicolas-sarzeaud\/\"><span style=\"font-weight: 400;\">Nicolas Sarzeaud<\/span><\/a><span style=\"font-weight: 400;\">, <\/span><a href=\"https:\/\/www.librairiegoulard.com\/auteur\/jean-fabien-philippy\/\"><span style=\"font-weight: 400;\">Jean-Fabien Philippy<\/span><\/a><span style=\"font-weight: 400;\">, <\/span><a href=\"https:\/\/www.librairiegoulard.com\/auteur\/marine-nedelec\/\"><span style=\"font-weight: 400;\">Marine Nedelec<\/span><\/a><span style=\"font-weight: 400;\">, \u00c9dition Dilecta<\/span><\/p><p><span style=\"font-weight: 400;\">Traduit en anglais (Endeavours and masterpieces)<\/span><\/p><\/div>\n\t\t\t\t<\/div>\n\t\t\t\t\t\t\t<div class=\"elementor-toggle-item\">\n\t\t\t\t\t<div id=\"elementor-tab-title-7805\" class=\"elementor-tab-title\" data-tab=\"5\" role=\"button\" aria-controls=\"elementor-tab-content-7805\" aria-expanded=\"false\">\n\t\t\t\t\t\t\t\t\t\t\t\t<span class=\"elementor-toggle-icon elementor-toggle-icon-right\" aria-hidden=\"true\">\n\t\t\t\t\t\t\t\t\t\t\t\t\t\t\t<span class=\"elementor-toggle-icon-closed\"><svg class=\"e-font-icon-svg e-far-dot-circle\" viewbox=\"0 0 512 512\" xmlns=\"http:\/\/www.w3.org\/2000\/svg\"><path d=\"M256 56c110.532 0 200 89.451 200 200 0 110.532-89.451 200-200 200-110.532 0-200-89.451-200-200 0-110.532 89.451-200 200-200m0-48C119.033 8 8 119.033 8 256s111.033 248 248 248 248-111.033 248-248S392.967 8 256 8zm0 168c-44.183 0-80 35.817-80 80s35.817 80 80 80 80-35.817 80-80-35.817-80-80-80z\"><\/path><\/svg><\/span>\n\t\t\t\t\t\t\t\t<span class=\"elementor-toggle-icon-opened\"><svg class=\"elementor-toggle-icon-opened e-font-icon-svg e-fas-dot-circle\" viewbox=\"0 0 512 512\" xmlns=\"http:\/\/www.w3.org\/2000\/svg\"><path d=\"M256 8C119.033 8 8 119.033 8 256s111.033 248 248 248 248-111.033 248-248S392.967 8 256 8zm80 248c0 44.112-35.888 80-80 80s-80-35.888-80-80 35.888-80 80-80 80 35.888 80 80z\"><\/path><\/svg><\/span>\n\t\t\t\t\t\t\t\t\t\t\t\t\t<\/span>\n\t\t\t\t\t\t\t\t\t\t\t\t<a class=\"elementor-toggle-title\" tabindex=\"0\">RESIDENCIES<\/a>\n\t\t\t\t\t<\/div>\n\n\t\t\t\t\t<div id=\"elementor-tab-content-7805\" class=\"elementor-tab-content elementor-clearfix\" data-tab=\"5\" role=\"region\" aria-labelledby=\"elementor-tab-title-7805\"><p><strong>2019 :<\/strong> Comptoir des Mines Galerie (r\u00e9sidence pour la r\u00e9alisation du projet \u201cJe, demain\u201d), Marrakech, Maroc.<br \/><strong>2018 \u2013 2019 :<\/strong> Comptoir des Mines Galerie (r\u00e9sidence pour la r\u00e9alisation du projet \u2018\u2019Mare Nostrum\u2019\u2019), Marrakech, Maroc.<br \/><strong>2017 \u2013 2018 :<\/strong> Comptoir des Mines Galerie (r\u00e9sidence pour la r\u00e9alisation du projet \u2018\u2019A Three Person Game\u2019\u2019), Marrakech, Maroc.<br \/><strong>2017 :<\/strong> Comptoir des Mines Galerie, Marrakech, Maroc.<br \/><strong>2016 :<\/strong> Villas des Arts, Rabat, Maroc.<br \/><strong>2015\u00a0:<\/strong> R\u00e9sidence de peinture, 37\u1d49 \u00c9dition du Festival Culturel d\u2019Assilah, Maroc.<\/p><\/div>\n\t\t\t\t<\/div>\n\t\t\t\t\t\t\t<div class=\"elementor-toggle-item\">\n\t\t\t\t\t<div id=\"elementor-tab-title-7806\" class=\"elementor-tab-title\" data-tab=\"6\" role=\"button\" aria-controls=\"elementor-tab-content-7806\" aria-expanded=\"false\">\n\t\t\t\t\t\t\t\t\t\t\t\t<span class=\"elementor-toggle-icon elementor-toggle-icon-right\" aria-hidden=\"true\">\n\t\t\t\t\t\t\t\t\t\t\t\t\t\t\t<span class=\"elementor-toggle-icon-closed\"><svg class=\"e-font-icon-svg e-far-dot-circle\" viewbox=\"0 0 512 512\" xmlns=\"http:\/\/www.w3.org\/2000\/svg\"><path d=\"M256 56c110.532 0 200 89.451 200 200 0 110.532-89.451 200-200 200-110.532 0-200-89.451-200-200 0-110.532 89.451-200 200-200m0-48C119.033 8 8 119.033 8 256s111.033 248 248 248 248-111.033 248-248S392.967 8 256 8zm0 168c-44.183 0-80 35.817-80 80s35.817 80 80 80 80-35.817 80-80-35.817-80-80-80z\"><\/path><\/svg><\/span>\n\t\t\t\t\t\t\t\t<span class=\"elementor-toggle-icon-opened\"><svg class=\"elementor-toggle-icon-opened e-font-icon-svg e-fas-dot-circle\" viewbox=\"0 0 512 512\" xmlns=\"http:\/\/www.w3.org\/2000\/svg\"><path d=\"M256 8C119.033 8 8 119.033 8 256s111.033 248 248 248 248-111.033 248-248S392.967 8 256 8zm80 248c0 44.112-35.888 80-80 80s-80-35.888-80-80 35.888-80 80-80 80 35.888 80 80z\"><\/path><\/svg><\/span>\n\t\t\t\t\t\t\t\t\t\t\t\t\t<\/span>\n\t\t\t\t\t\t\t\t\t\t\t\t<a class=\"elementor-toggle-title\" tabindex=\"0\">AWARDS<\/a>\n\t\t\t\t\t<\/div>\n\n\t\t\t\t\t<div id=\"elementor-tab-content-7806\" class=\"elementor-tab-content elementor-clearfix\" data-tab=\"6\" role=\"region\" aria-labelledby=\"elementor-tab-title-7806\"><p><strong>2022 : <span style=\"font-weight: 400;\">Beyond Future Art 2022<br \/><\/span>2016\u00a0:<\/strong> Bourse de cotutelle doctorale de Fulbright.<br \/><strong>2014\u00a0:<\/strong> 1er prix de distinction du concours national du Minist\u00e8re de la Culture pour les jeunes plasticiens.<br \/>1er prix L\u2019Institut National des Beaux-arts de T\u00e9touan. <br \/>Prix du concours r\u00e9gional du Minist\u00e8re de la Culture pour les jeunes plasticiens (Tanger-T\u00e9touan).<br \/><strong>2008 :<\/strong> Bourse de m\u00e9rite octroy\u00e9e par La Fondation Mohammed VI de Promotion des \u0152uvres Sociales de l\u2019\u00c9ducation et Formation.<\/p><\/div>\n\t\t\t\t<\/div>\n\t\t\t\t\t\t\t<div class=\"elementor-toggle-item\">\n\t\t\t\t\t<div id=\"elementor-tab-title-7807\" class=\"elementor-tab-title\" data-tab=\"7\" role=\"button\" aria-controls=\"elementor-tab-content-7807\" aria-expanded=\"false\">\n\t\t\t\t\t\t\t\t\t\t\t\t<span class=\"elementor-toggle-icon elementor-toggle-icon-right\" aria-hidden=\"true\">\n\t\t\t\t\t\t\t\t\t\t\t\t\t\t\t<span class=\"elementor-toggle-icon-closed\"><svg class=\"e-font-icon-svg e-far-dot-circle\" viewbox=\"0 0 512 512\" xmlns=\"http:\/\/www.w3.org\/2000\/svg\"><path d=\"M256 56c110.532 0 200 89.451 200 200 0 110.532-89.451 200-200 200-110.532 0-200-89.451-200-200 0-110.532 89.451-200 200-200m0-48C119.033 8 8 119.033 8 256s111.033 248 248 248 248-111.033 248-248S392.967 8 256 8zm0 168c-44.183 0-80 35.817-80 80s35.817 80 80 80 80-35.817 80-80-35.817-80-80-80z\"><\/path><\/svg><\/span>\n\t\t\t\t\t\t\t\t<span class=\"elementor-toggle-icon-opened\"><svg class=\"elementor-toggle-icon-opened e-font-icon-svg e-fas-dot-circle\" viewbox=\"0 0 512 512\" xmlns=\"http:\/\/www.w3.org\/2000\/svg\"><path d=\"M256 8C119.033 8 8 119.033 8 256s111.033 248 248 248 248-111.033 248-248S392.967 8 256 8zm80 248c0 44.112-35.888 80-80 80s-80-35.888-80-80 35.888-80 80-80 80 35.888 80 80z\"><\/path><\/svg><\/span>\n\t\t\t\t\t\t\t\t\t\t\t\t\t<\/span>\n\t\t\t\t\t\t\t\t\t\t\t\t<a class=\"elementor-toggle-title\" tabindex=\"0\">COLLECTIONS<\/a>\n\t\t\t\t\t<\/div>\n\n\t\t\t\t\t<div id=\"elementor-tab-content-7807\" class=\"elementor-tab-content elementor-clearfix\" data-tab=\"7\" role=\"region\" aria-labelledby=\"elementor-tab-title-7807\"><p><span style=\"font-weight: 400;\">Imago Mundi Collection, by Luciano Benetton<br \/><\/span><span style=\"font-weight: 400;\">Collection Elisabeth Bauchet-Bouhlal, Maroc<\/span><\/p><\/div>\n\t\t\t\t<\/div>\n\t\t\t\t\t\t\t<div class=\"elementor-toggle-item\">\n\t\t\t\t\t<div id=\"elementor-tab-title-7808\" class=\"elementor-tab-title\" data-tab=\"8\" role=\"button\" aria-controls=\"elementor-tab-content-7808\" aria-expanded=\"false\">\n\t\t\t\t\t\t\t\t\t\t\t\t<span class=\"elementor-toggle-icon elementor-toggle-icon-right\" aria-hidden=\"true\">\n\t\t\t\t\t\t\t\t\t\t\t\t\t\t\t<span class=\"elementor-toggle-icon-closed\"><svg class=\"e-font-icon-svg e-far-dot-circle\" viewbox=\"0 0 512 512\" xmlns=\"http:\/\/www.w3.org\/2000\/svg\"><path d=\"M256 56c110.532 0 200 89.451 200 200 0 110.532-89.451 200-200 200-110.532 0-200-89.451-200-200 0-110.532 89.451-200 200-200m0-48C119.033 8 8 119.033 8 256s111.033 248 248 248 248-111.033 248-248S392.967 8 256 8zm0 168c-44.183 0-80 35.817-80 80s35.817 80 80 80 80-35.817 80-80-35.817-80-80-80z\"><\/path><\/svg><\/span>\n\t\t\t\t\t\t\t\t<span class=\"elementor-toggle-icon-opened\"><svg class=\"elementor-toggle-icon-opened e-font-icon-svg e-fas-dot-circle\" viewbox=\"0 0 512 512\" xmlns=\"http:\/\/www.w3.org\/2000\/svg\"><path d=\"M256 8C119.033 8 8 119.033 8 256s111.033 248 248 248 248-111.033 248-248S392.967 8 256 8zm80 248c0 44.112-35.888 80-80 80s-80-35.888-80-80 35.888-80 80-80 80 35.888 80 80z\"><\/path><\/svg><\/span>\n\t\t\t\t\t\t\t\t\t\t\t\t\t<\/span>\n\t\t\t\t\t\t\t\t\t\t\t\t<a class=\"elementor-toggle-title\" tabindex=\"0\">PRESSE<\/a>\n\t\t\t\t\t<\/div>\n\n\t\t\t\t\t<div id=\"elementor-tab-content-7808\" class=\"elementor-tab-content elementor-clearfix\" data-tab=\"8\" role=\"region\" aria-labelledby=\"elementor-tab-title-7808\"><p><strong>2026 :<br \/><\/strong><a href=\"https:\/\/www.panorama.it\/tempo-libero\/cultura\/arte-ellittica-ecco-cose-il-nuovo-movimento-che-racconta-il-caos-contemporaneo\">https:\/\/www.panorama.it\/tempo-libero\/cultura\/arte-ellittica-ecco-cose-il-nuovo-movimento-che-racconta-il-caos-contemporaneo<\/a><br \/><strong><br \/>2025 :<br \/><\/strong><a href=\"https:\/\/aujourdhui.ma\/culture\/elle-devoile-une-exposition-collective-a-la-galerie-bab-rouah-le-comptoir-des-mines-fete-ses-10-ans-dactivite\">https:\/\/aujourdhui.ma\/culture\/elle-devoile-une-exposition-collective-a-la-galerie-bab-rouah-le-comptoir-des-mines-fete-ses-10-ans-dactivite<\/a><strong><br \/><\/strong><a href=\"https:\/\/fr.le360.ma\/culture\/dix-ans-du-comptoir-des-mines-une-decennie-dart-et-dengagement-celebree-a-rabat_RFBCJJGZDZAY5HJNOMSNNMTMW4\/\">https:\/\/fr.le360.ma\/culture\/dix-ans-du-comptoir-des-mines-une-decennie-dart-et-dengagement-celebree-a-rabat_RFBCJJGZDZAY5HJNOMSNNMTMW4\/<\/a><strong><br \/><\/strong><a href=\"https:\/\/www.artnewspaper.fr\/2025\/06\/19\/jnane-elisabeth-histoire-dune-collection\">https:\/\/www.artnewspaper.fr\/2025\/06\/19\/jnane-elisabeth-histoire-dune-collection <\/a><strong><br \/><\/strong><a href=\"https:\/\/femmesdumaroc.com\/inspiration\/culture\/jnan-elisabeth-un-ecrin-dedie-a-lart-au-palace-es-saadi\">https:\/\/femmesdumaroc.com\/inspiration\/culture\/jnan-elisabeth-un-ecrin-dedie-a-lart-au-palace-es-saadi<\/a><strong><br \/><\/strong><a href=\"https:\/\/www.diptykmag.com\/elisabeth-bauchet-bouhlal-une-collection-pour-lamour-de-lart\/\" target=\"_blank\" rel=\"noopener\">https:\/\/www.diptykmag.com\/elisabeth-bauchet-bouhlal-une-collection-pour-lamour-de-lart\/<\/a><br \/><strong><br \/><\/strong><strong>2024 :<\/strong> <br \/><a href=\"https:\/\/speciwomen.org\/magazine\/mariam-abouzid-souali-from-tetouan-to-duchamp-an-artist-across-the-ocean\">https:\/\/speciwomen.org\/magazine\/mariam-abouzid-souali-from-tetouan-to-duchamp-an-artist-across-the-ocean<\/a><br \/><a href=\"https:\/\/www.connaissancedesarts.com\/arts-expositions\/art-contemporain\/a-marseille-une-grande-exposition-a-travers-toute-la-ville-celebre-le-sport-11191385\/\">https:\/\/www.connaissancedesarts.com\/arts-expositions\/art-contemporain\/a-marseille-une-grande-exposition-a-travers-toute-la-ville-celebre-le-sport-11191385\/ <\/a><br \/><a href=\"https:\/\/www.cotemaison.fr\/chaine-d\/deco-design\/exposition-marseille-le-sport-et-l-art-a-quelques-mois-des-jo_36532.html\">https:\/\/www.cotemaison.fr\/chaine-d\/deco-design\/exposition-marseille-le-sport-et-l-art-a-quelques-mois-des-jo_36532.html <\/a><br \/><a href=\"https:\/\/fracsud.org\/Exhibition-Des-exploits-des-chefs-d-oeuvre\">https:\/\/fracsud.org\/Exhibition-Des-exploits-des-chefs-d-oeuvre <\/a><br \/><a href=\"https:\/\/www.journalventilo.fr\/agenda\/expositions\/125466\/des-exploits-des-chefs-d-uvre-tableaux-d-une-exposition\">https:\/\/www.journalventilo.fr\/agenda\/expositions\/125466\/des-exploits-des-chefs-d-uvre-tableaux-d-une-exposition <\/a><br \/><a href=\"https:\/\/lagoradesarts.fr\/-Des-exploits-des-chefs-d-oeuvre-Triple-expo-a-Marseille-.html\">https:\/\/lagoradesarts.fr\/-Des-exploits-des-chefs-d-oeuvre-Triple-expo-a-Marseille-.html <\/a><br \/><a href=\"https:\/\/www.mareonline.nl\/cultuur\/florerende-overlevers-van-het-kolonialisme\/\">https:\/\/www.mareonline.nl\/cultuur\/florerende-overlevers-van-het-kolonialisme\/ <\/a><br \/><a href=\"https:\/\/www.maregionsud.fr\/actualites\/detail\/des-exploits-des-chefs-doeuvre-decouvrez-lexpo-des-jo\">https:\/\/www.maregionsud.fr\/actualites\/detail\/des-exploits-des-chefs-doeuvre-decouvrez-lexpo-des-jo <\/a><br \/><a href=\"https:\/\/www.lemonde.fr\/culture\/article\/2024\/06\/22\/arts-et-sports-le-duo-incontournable-de-l-annee-olympique_6242343_3246.html\">https:\/\/www.lemonde.fr\/culture\/article\/2024\/06\/22\/arts-et-sports-le-duo-incontournable-de-l-annee-olympique_6242343_3246.html <\/a><br \/><a href=\"https:\/\/www.nylon.fr\/lexposition-textimoov-plonge-dans-le-futur-du-textile-au-tripostal-de-lille\/\">https:\/\/www.nylon.fr\/lexposition-textimoov-plonge-dans-le-futur-du-textile-au-tripostal-de-lille\/ <\/a><br \/><a href=\"https:\/\/www.lemonde.fr\/culture\/article\/2024\/06\/22\/arts-et-sports-le-duo-incontournable-de-l-annee-olympique_6242343_3246.html\">https:\/\/www.lemonde.fr\/culture\/article\/2024\/06\/22\/arts-et-sports-le-duo-incontournable-de-l-annee-olympique_6242343_3246.html <\/a><br \/><a href=\"https:\/\/fomo-vox.com\/2024\/05\/27\/stephanie-airaud-mac-marseille-les-artistes-femmes-questionnent-avec-humour-et-aprete-les-valeurs-du-sport-en-soulignant-le-commerce-des-corps-les-impenses-coloniaux-les-stereo\/\">https:\/\/fomo-vox.com\/2024\/05\/27\/stephanie-airaud-mac-marseille-les-artistes-femmes-questionnent-avec-humour-et-aprete-les-valeurs-du-sport-en-soulignant-le-commerce-des-corps-les-impenses-coloniaux-les-stereo\/ <\/a><br \/><a href=\"https:\/\/fracsud.org\/exposition-des-exploits-des-chefs-d-oeuvre\">https:\/\/fracsud.org\/exposition-des-exploits-des-chefs-d-oeuvre <\/a><br \/><a href=\"https:\/\/femmes-dart.com\/art-contemporain-africain-15-femmes-qui-font-bouger-les-lignes\/\">https:\/\/femmes-dart.com\/art-contemporain-africain-15-femmes-qui-font-bouger-les-lignes\/ <\/a><br \/><a href=\"https:\/\/lpost.be\/2024\/07\/10\/on-file-au-tripostal-de-lille-pour-vivre-la-nouvelle-edition-de-futurotextiles-version-textimoov\/\">https:\/\/lpost.be\/2024\/07\/10\/on-file-au-tripostal-de-lille-pour-vivre-la-nouvelle-edition-de-futurotextiles-version-textimoov\/ <\/a><br \/><a href=\"https:\/\/www.journalventilo.fr\/agenda\/evenements\/3042\/festival-pac-printemps-de-l-art-contemporain\">https:\/\/www.journalventilo.fr\/agenda\/evenements\/3042\/festival-pac-printemps-de-l-art-contemporain <\/a><br \/><a href=\"https:\/\/www.marseille.fr\/sites\/default\/files\/pdf\/2024\/03\/marseille_3_web.pdf\">https:\/\/www.marseille.fr\/sites\/default\/files\/pdf\/2024\/03\/marseille_3_web.pdf<\/a><\/p><p><strong>2023 :<\/strong> <br \/><a href=\"https:\/\/www.onart.media\/evenements-autour-de-lart-contemporain-africain\/exploration-celeste-et-enjeux-sociaux-decryptage-de-lexposition-stardust-de-mariam-abouzid-souali\/\">https:\/\/www.onart.media\/evenements-autour-de-lart-contemporain-africain\/exploration-celeste-et-enjeux-sociaux-decryptage-de-lexposition-stardust-de-mariam-abouzid-souali\/ <\/a><br \/><a href=\"https:\/\/www.onart.media\/events-centered-on-contemporary-african-art\/celestial-exploration-and-social-issues-deciphering-mariam-abouzid-soualis-stardust-exhibition\/\">https:\/\/www.onart.media\/events-centered-on-contemporary-african-art\/celestial-exploration-and-social-issues-deciphering-mariam-abouzid-soualis-stardust-exhibition\/ <\/a><br \/><a href=\"https:\/\/leiden.wereldmuseum.nl\/en\/whats-on\/exhibitions\/brilliant-light\/the-artists\">https:\/\/leiden.wereldmuseum.nl\/en\/whats-on\/exhibitions\/brilliant-light\/the-artists <\/a><br \/><a href=\"https:\/\/afromagazine.nl\/nieuws\/viering-van-afrikaanse-hedendaagse-kunst-wereldmuseum-leiden\">https:\/\/afromagazine.nl\/nieuws\/viering-van-afrikaanse-hedendaagse-kunst-wereldmuseum-leiden <\/a><br \/><a href=\"https:\/\/museumtijdschrift.nl\/tentoonstellingen\/in-schitterend-licht-2\/\">https:\/\/museumtijdschrift.nl\/tentoonstellingen\/in-schitterend-licht-2\/ <\/a><br \/><a href=\"https:\/\/dutchreview.com\/event\/in-brilliant-light-contemporary-african-art-exhibit-wereldmuseum-leiden\/\">https:\/\/dutchreview.com\/event\/in-brilliant-light-contemporary-african-art-exhibit-wereldmuseum-leiden\/ <\/a><br \/><a href=\"https:\/\/www.rfi.fr\/fr\/afrique\/20230906-culture-africaine-les-rendez-vous-en-septembre-2023\">https:\/\/www.rfi.fr\/fr\/afrique\/20230906-culture-africaine-les-rendez-vous-en-septembre-2023<\/a><\/p><p><strong>2022 :<\/strong> <br \/><a href=\"https:\/\/www.diptykmag.com\/macaal-x-diptyk-lart-est-un-jeu-de-role-permanent\/\">https:\/\/www.diptykmag.com\/macaal-x-diptyk-lart-est-un-jeu-de-role-permanent\/ <\/a><br \/><a href=\"https:\/\/lematin.ma\/express\/2022\/marocaine-mariam-abouzid-souali-laureate-prix-beyond-future-art\/375289.html\">https:\/\/lematin.ma\/express\/2022\/marocaine-mariam-abouzid-souali-laureate-prix-beyond-future-art\/375289.html <\/a><br \/><strong><br \/>2021 : <\/strong><br \/><a href=\"https:\/\/www.francetvinfo.fr\/monde\/afrique\/culture-africaine\/africa-2020-l-institut-des-cultures-d-islam-presente-a-paris-lexposition-zone-franche_4345537.html\">https:\/\/www.francetvinfo.fr\/monde\/afrique\/culture-africaine\/africa-2020-l-institut-des-cultures-d-islam-presente-a-paris-lexposition-zone-franche_4345537.html <\/a><br \/><a href=\"https:\/\/www.jeuneafrique.com\/1186961\/culture\/zone-franche-lexposition-qui-se-joue-des-frontieres-a-linstitut-des-cultures-dislam-de-paris\/\">https:\/\/www.jeuneafrique.com\/1186961\/culture\/zone-franche-lexposition-qui-se-joue-des-frontieres-a-linstitut-des-cultures-dislam-de-paris\/ <\/a><br \/><a href=\"https:\/\/www.lemonde.fr\/afrique\/portfolio\/2021\/06\/26\/quelques-uvres-et-installations-de-l-exposition-zone-franche_6085802_3212.html\">https:\/\/www.lemonde.fr\/afrique\/portfolio\/2021\/06\/26\/quelques-uvres-et-installations-de-l-exposition-zone-franche_6085802_3212.html <\/a><br \/><a href=\"https:\/\/www.nova.fr\/musiques\/lintegral-lafrique-en-force-avec-les-expos-zone-franche-kinshasa-chroniques-et-une-star-de-lagos-mr-eazi-147434-21-06-2021\/\">https:\/\/www.nova.fr\/musiques\/lintegral-lafrique-en-force-avec-les-expos-zone-franche-kinshasa-chroniques-et-une-star-de-lagos-mr-eazi-147434-21-06-2021\/ <\/a><br \/><a href=\"https:\/\/www.nova.fr\/musiques\/lintegral-lexposition-sans-frontieres-zone-franche-le-live-des-rajasthanis-musafir-et-le-classico-divin-de-pharoah-sanders-139126-26-04-2021\/\">https:\/\/www.nova.fr\/musiques\/lintegral-lexposition-sans-frontieres-zone-franche-le-live-des-rajasthanis-musafir-et-le-classico-divin-de-pharoah-sanders-139126-26-04-2021\/ <\/a><br \/><a href=\"https:\/\/www.konbini.com\/arts\/a-paris-une-exposition-explore-les-frontieres-la-migration-et-lidentite\/\">https:\/\/www.konbini.com\/arts\/a-paris-une-exposition-explore-les-frontieres-la-migration-et-lidentite\/ <\/a><br \/><a href=\"https:\/\/www.institut-cultures-islam.org\/expositions\/zone-franche\/\">https:\/\/www.institut-cultures-islam.org\/expositions\/zone-franche\/ <\/a><br \/><a href=\"https:\/\/fomo-vox.com\/2021\/02\/04\/rencontre-avec-clement-nouet-mrac-occitanie-africa-2020-vie-des-collections-et-defis-lances-par-la-crise\/\" target=\"_blank\" rel=\"noopener\">https:\/\/fomo-vox.com\/2021\/02\/04\/rencontre-avec-clement-nouet-mrac-occitanie-africa-2020-vie-des-collections-et-defis-lances-par-la-crise\/<\/a><br \/><a href=\"https:\/\/editions-in-extenso.com\/wp-content\/uploads\/woocommerce_uploads\/2021\/09\/PDA-67-light.pdf\" target=\"_blank\" rel=\"noopener\">https:\/\/editions-in-extenso.com\/wp-content\/uploads\/woocommerce_uploads\/2021\/09\/PDA-67-light.pdf<\/a><\/p><p><strong>2020 :<\/strong> <br \/><a href=\"https:\/\/aujourdhui.ma\/culture\/france-des-artistes-marocains-participent-a-une-exposition-collective\" target=\"_blank\" rel=\"noopener\">https:\/\/aujourdhui.ma\/culture\/france-des-artistes-marocains-participent-a-une-exposition-collective<\/a><br \/><a href=\"https:\/\/lobservateur.info\/article\/19080\/Culture\/saison-africa2020-des-artistes-marocains-participent-a-lexposition-distance-ardente-\">https:\/\/lobservateur.info\/article\/19080\/Culture\/saison-africa2020-des-artistes-marocains-participent-a-lexposition-distance-ardente- <\/a><br \/><a href=\"https:\/\/lematin.ma\/journal\/2020\/etat-durgence-artistes-sinquietent-lavenir-terre-lhomme\/332295.html\">https:\/\/lematin.ma\/journal\/2020\/etat-durgence-artistes-sinquietent-lavenir-terre-lhomme\/332295.html<\/a><\/p><p><strong>2019 :<\/strong> <br \/><a href=\"https:\/\/www.bkam.ma\/musee\/Decouvrir-le-musee\/Agenda-culturel\">https:\/\/www.bkam.ma\/musee\/Decouvrir-le-musee\/Agenda-culturel <\/a><br \/><a href=\"https:\/\/ledesk.ma\/culture\/lexposition-miroir-collectif-fait-dialoguer-les-artistes-au-dela-des-ages\/\">https:\/\/ledesk.ma\/culture\/lexposition-miroir-collectif-fait-dialoguer-les-artistes-au-dela-des-ages\/ <\/a><br \/><a href=\"https:\/\/www.leconomiste.com\/node\/1046629\">https:\/\/www.leconomiste.com\/node\/1046629 <\/a><br \/><a href=\"https:\/\/lematin.ma\/journal\/2019\/miroir-collectif-letablissement-d-dialogue-artistique-entre-generations-plastiques\/318117.html\">https:\/\/lematin.ma\/journal\/2019\/miroir-collectif-letablissement-d-dialogue-artistique-entre-generations-plastiques\/318117.html <\/a><br \/><a href=\"https:\/\/www.diptykmag.com\/les-artistes-auront-toujours-30-ans\/\">https:\/\/www.diptykmag.com\/les-artistes-auront-toujours-30-ans\/<\/a><\/p><p><strong>2018 : <\/strong><br \/><a href=\"https:\/\/latribunedemarrakech.com\/comptoir-des-mines-galerie-detecteur-de-talents\/\">https:\/\/latribunedemarrakech.com\/comptoir-des-mines-galerie-detecteur-de-talents\/ <\/a><br \/><a href=\"https:\/\/ledesk.ma\/culture\/mare-nostrum-regard-critique-sur-la-mediterranee\/\">https:\/\/ledesk.ma\/culture\/mare-nostrum-regard-critique-sur-la-mediterranee\/<\/a><\/p><p><strong>Divers\/Collections: <\/strong><br \/><a href=\"https:\/\/imagomundicollection.org\/artworks\/crisis-3\/\">https:\/\/imagomundicollection.org\/artworks\/crisis-3\/<\/a><\/p><\/div>\n\t\t\t\t<\/div>\n\t\t\t\t\t\t\t\t<\/div>\n\t\t\t\t\t\t<\/div>\n\t\t\t\t\t<\/div>\n\t\t<\/div>\n\t\t\t\t\t<\/div>\n\t\t<\/section>\n\t\t\t\t<section class=\"elementor-section elementor-top-section elementor-element elementor-element-bed77ee elementor-section-full_width elementor-section-height-default elementor-section-height-default\" data-id=\"bed77ee\" data-element_type=\"section\" data-e-type=\"section\" data-settings=\"{&quot;animation&quot;:&quot;none&quot;}\">\n\t\t\t\t\t\t<div class=\"elementor-container elementor-column-gap-default\">\n\t\t\t\t\t<div class=\"elementor-column elementor-col-100 elementor-top-column elementor-element elementor-element-a3671e0\" data-id=\"a3671e0\" data-element_type=\"column\" data-e-type=\"column\">\n\t\t\t<div class=\"elementor-widget-wrap elementor-element-populated\">\n\t\t\t\t\t\t<div class=\"elementor-element elementor-element-9c50590 elementor-widget elementor-widget-heading\" data-id=\"9c50590\" data-element_type=\"widget\" data-e-type=\"widget\" data-widget_type=\"heading.default\">\n\t\t\t\t\t<h1 class=\"elementor-heading-title elementor-size-default\">Related Exhibitions<\/h1>\t\t\t\t<\/div>\n\t\t\t\t\t<\/div>\n\t\t<\/div>\n\t\t\t\t\t<\/div>\n\t\t<\/section>\n\t\t\t\t<section class=\"elementor-section elementor-top-section elementor-element elementor-element-e0a6901 elementor-section-full_width elementor-section-height-default elementor-section-height-default\" data-id=\"e0a6901\" data-element_type=\"section\" data-e-type=\"section\" data-settings=\"{&quot;animation&quot;:&quot;none&quot;}\">\n\t\t\t\t\t\t<div class=\"elementor-container elementor-column-gap-default\">\n\t\t\t\t\t<div class=\"elementor-column elementor-col-100 elementor-top-column elementor-element elementor-element-d14f988\" data-id=\"d14f988\" data-element_type=\"column\" data-e-type=\"column\">\n\t\t\t<div class=\"elementor-widget-wrap elementor-element-populated\">\n\t\t\t\t\t\t<div class=\"elementor-element elementor-element-2066ca2 elementor-posts--thumbnail-top elementor-grid-3 elementor-grid-tablet-2 elementor-grid-mobile-1 elementor-widget elementor-widget-posts\" data-id=\"2066ca2\" data-element_type=\"widget\" data-e-type=\"widget\" data-settings=\"{&quot;custom_columns&quot;:&quot;3&quot;,&quot;custom_columns_tablet&quot;:&quot;2&quot;,&quot;custom_columns_mobile&quot;:&quot;1&quot;,&quot;custom_row_gap&quot;:{&quot;unit&quot;:&quot;px&quot;,&quot;size&quot;:35,&quot;sizes&quot;:[]},&quot;custom_row_gap_tablet&quot;:{&quot;unit&quot;:&quot;px&quot;,&quot;size&quot;:&quot;&quot;,&quot;sizes&quot;:[]},&quot;custom_row_gap_mobile&quot;:{&quot;unit&quot;:&quot;px&quot;,&quot;size&quot;:&quot;&quot;,&quot;sizes&quot;:[]}}\" data-widget_type=\"posts.custom\">\n\t\t\t\t<div class=\"elementor-widget-container\">\n\t\t\t\t\t      <div class=\"ecs-posts elementor-posts-container elementor-posts   elementor-grid elementor-posts--skin-custom\" data-settings=\"{&quot;current_page&quot;:1,&quot;max_num_pages&quot;:2,&quot;load_method&quot;:&quot;&quot;,&quot;widget_id&quot;:&quot;2066ca2&quot;,&quot;post_id&quot;:7206,&quot;theme_id&quot;:7206,&quot;change_url&quot;:false,&quot;reinit_js&quot;:false}\">\n      \t\t<article id=\"post-17353\" class=\"elementor-post elementor-grid-item ecs-post-loop post-17353 expositions type-expositions status-publish has-post-thumbnail hentry\">\n\t\t\t\t<div data-elementor-type=\"loop\" data-elementor-id=\"5878\" class=\"elementor elementor-5878 post-17353 expositions type-expositions status-publish has-post-thumbnail hentry\" data-elementor-post-type=\"elementor_library\">\n\t\t\t\t\t<section class=\"elementor-section elementor-top-section elementor-element elementor-element-b491dbd elementor-section-height-min-height elementor-section-content-top elementor-section-items-top elementor-section-boxed elementor-section-height-default\" data-id=\"b491dbd\" data-element_type=\"section\" data-e-type=\"section\">\n\t\t\t\t\t\t<div class=\"elementor-container elementor-column-gap-no\">\n\t\t\t\t\t<div class=\"elementor-column elementor-col-100 elementor-top-column elementor-element elementor-element-c7bab02\" data-id=\"c7bab02\" data-element_type=\"column\" data-e-type=\"column\">\n\t\t\t<div class=\"elementor-widget-wrap elementor-element-populated\">\n\t\t\t\t\t\t<div class=\"elementor-element elementor-element-b6af9b3 elementor-widget elementor-widget-theme-post-featured-image elementor-widget-image\" data-id=\"b6af9b3\" data-element_type=\"widget\" data-e-type=\"widget\" data-widget_type=\"theme-post-featured-image.default\">\n\t\t\t\t\t\t\t\t\t\t\t\t\t\t\t\t<a href=\"https:\/\/cmgmarrakech.com\/en\/expositions\/10-ans-at-cmg-marrakech\/\">\n\t\t\t\t\t\t\t<img decoding=\"async\" width=\"768\" height=\"512\" src=\"https:\/\/cmgmarrakech.com\/wp-content\/uploads\/2025\/10\/CMG-10-ans-Marrakech-768x512.jpg\" class=\"attachment-medium_large size-medium_large wp-image-17354\" alt=\"\" srcset=\"https:\/\/cmgmarrakech.com\/wp-content\/uploads\/2025\/10\/CMG-10-ans-Marrakech-768x512.jpg 768w, https:\/\/cmgmarrakech.com\/wp-content\/uploads\/2025\/10\/CMG-10-ans-Marrakech-300x200.jpg 300w, https:\/\/cmgmarrakech.com\/wp-content\/uploads\/2025\/10\/CMG-10-ans-Marrakech-1024x683.jpg 1024w, https:\/\/cmgmarrakech.com\/wp-content\/uploads\/2025\/10\/CMG-10-ans-Marrakech-1536x1025.jpg 1536w, https:\/\/cmgmarrakech.com\/wp-content\/uploads\/2025\/10\/CMG-10-ans-Marrakech-18x12.jpg 18w, https:\/\/cmgmarrakech.com\/wp-content\/uploads\/2025\/10\/CMG-10-ans-Marrakech-415x277.jpg 415w, https:\/\/cmgmarrakech.com\/wp-content\/uploads\/2025\/10\/CMG-10-ans-Marrakech-650x434.jpg 650w, https:\/\/cmgmarrakech.com\/wp-content\/uploads\/2025\/10\/CMG-10-ans-Marrakech-250x167.jpg 250w, https:\/\/cmgmarrakech.com\/wp-content\/uploads\/2025\/10\/CMG-10-ans-Marrakech.jpg 2000w\" sizes=\"(max-width: 768px) 100vw, 768px\" \/>\t\t\t\t\t\t\t\t<\/a>\n\t\t\t\t\t\t\t\t\t\t\t\t\t\t\t<\/div>\n\t\t\t\t<div class=\"elementor-element elementor-element-020227f elementor-widget elementor-widget-heading\" data-id=\"020227f\" data-element_type=\"widget\" data-e-type=\"widget\" data-widget_type=\"heading.default\">\n\t\t\t\t\t<h2 class=\"elementor-heading-title elementor-size-default\"><a href=\"https:\/\/cmgmarrakech.com\/en\/expositions\/10-ans-at-cmg-marrakech\/\">\u201c10 years\u201d<\/a><\/h2>\t\t\t\t<\/div>\n\t\t\t\t<div class=\"elementor-element elementor-element-98722ed elementor-widget elementor-widget-heading\" data-id=\"98722ed\" data-element_type=\"widget\" data-e-type=\"widget\" data-widget_type=\"heading.default\">\n\t\t\t\t\t<h2 class=\"elementor-heading-title elementor-size-default\"><a href=\"https:\/\/cmgmarrakech.com\/en\/expositions\/10-ans-at-cmg-marrakech\/\">Mariam Abouzid Souali, Mohamed Arejdal, Mustapha Akrim, Khalil Nemmaoui, Larbi Cherkaoui, Fatiha Zemmouri, Amina Azreg, Simohammed Fettaka, Latifa Toujani, Sara Ouhaddou, Diadji Diop, Hassan Darsi, Abdallah El Hariri, Bachir Demnati, Mohammed Kacimi, Aymane Errachidi, Yasmina Alaoui, Khadija Jayi, Mouhcine Rahaoui, Hassan Bourkia, Loutfi Souidi, Ilias Elhaddioui, Bachir Demnati, Safae El Kadi<\/a><\/h2>\t\t\t\t<\/div>\n\t\t\t\t<div class=\"elementor-element elementor-element-7169774 elementor-widget elementor-widget-heading\" data-id=\"7169774\" data-element_type=\"widget\" data-e-type=\"widget\" data-widget_type=\"heading.default\">\n\t\t\t\t\t<h2 class=\"elementor-heading-title elementor-size-default\"><a href=\"https:\/\/cmgmarrakech.com\/en\/expositions\/10-ans-at-cmg-marrakech\/\">Du 17 Octobre au 31 Octobre \"Prolong\u00e9e jusqu'au 20 Novembre\"<\/a><\/h2>\t\t\t\t<\/div>\n\t\t\t\t\t<\/div>\n\t\t<\/div>\n\t\t\t\t\t<\/div>\n\t\t<\/section>\n\t\t\t\t<\/div>\n\t\t\t\t<\/article>\n\t\t\t\t<article id=\"post-16733\" class=\"elementor-post elementor-grid-item ecs-post-loop post-16733 expositions type-expositions status-publish has-post-thumbnail hentry\">\n\t\t\t\t<div data-elementor-type=\"loop\" data-elementor-id=\"5878\" class=\"elementor elementor-5878 post-16733 expositions type-expositions status-publish has-post-thumbnail hentry\" data-elementor-post-type=\"elementor_library\">\n\t\t\t\t\t<section class=\"elementor-section elementor-top-section elementor-element elementor-element-b491dbd elementor-section-height-min-height elementor-section-content-top elementor-section-items-top elementor-section-boxed elementor-section-height-default\" data-id=\"b491dbd\" data-element_type=\"section\" data-e-type=\"section\">\n\t\t\t\t\t\t<div class=\"elementor-container elementor-column-gap-no\">\n\t\t\t\t\t<div class=\"elementor-column elementor-col-100 elementor-top-column elementor-element elementor-element-c7bab02\" data-id=\"c7bab02\" data-element_type=\"column\" data-e-type=\"column\">\n\t\t\t<div class=\"elementor-widget-wrap elementor-element-populated\">\n\t\t\t\t\t\t<div class=\"elementor-element elementor-element-b6af9b3 elementor-widget elementor-widget-theme-post-featured-image elementor-widget-image\" data-id=\"b6af9b3\" data-element_type=\"widget\" data-e-type=\"widget\" data-widget_type=\"theme-post-featured-image.default\">\n\t\t\t\t\t\t\t\t\t\t\t\t\t\t\t\t<a href=\"https:\/\/cmgmarrakech.com\/en\/expositions\/10-ans-du-comptoir-des-mines\/\">\n\t\t\t\t\t\t\t<img decoding=\"async\" width=\"768\" height=\"512\" src=\"https:\/\/cmgmarrakech.com\/wp-content\/uploads\/2025\/09\/CMG-10-ans-768x512.jpg\" class=\"attachment-medium_large size-medium_large wp-image-16734\" alt=\"\" srcset=\"https:\/\/cmgmarrakech.com\/wp-content\/uploads\/2025\/09\/CMG-10-ans-768x512.jpg 768w, https:\/\/cmgmarrakech.com\/wp-content\/uploads\/2025\/09\/CMG-10-ans-300x200.jpg 300w, https:\/\/cmgmarrakech.com\/wp-content\/uploads\/2025\/09\/CMG-10-ans-1024x683.jpg 1024w, https:\/\/cmgmarrakech.com\/wp-content\/uploads\/2025\/09\/CMG-10-ans-1536x1025.jpg 1536w, https:\/\/cmgmarrakech.com\/wp-content\/uploads\/2025\/09\/CMG-10-ans-18x12.jpg 18w, https:\/\/cmgmarrakech.com\/wp-content\/uploads\/2025\/09\/CMG-10-ans-415x277.jpg 415w, https:\/\/cmgmarrakech.com\/wp-content\/uploads\/2025\/09\/CMG-10-ans-650x434.jpg 650w, https:\/\/cmgmarrakech.com\/wp-content\/uploads\/2025\/09\/CMG-10-ans-250x167.jpg 250w, https:\/\/cmgmarrakech.com\/wp-content\/uploads\/2025\/09\/CMG-10-ans.jpg 2000w\" sizes=\"(max-width: 768px) 100vw, 768px\" \/>\t\t\t\t\t\t\t\t<\/a>\n\t\t\t\t\t\t\t\t\t\t\t\t\t\t\t<\/div>\n\t\t\t\t<div class=\"elementor-element elementor-element-020227f elementor-widget elementor-widget-heading\" data-id=\"020227f\" data-element_type=\"widget\" data-e-type=\"widget\" data-widget_type=\"heading.default\">\n\t\t\t\t\t<h2 class=\"elementor-heading-title elementor-size-default\"><a href=\"https:\/\/cmgmarrakech.com\/en\/expositions\/10-ans-du-comptoir-des-mines\/\">\u201c10 years\u201d<\/a><\/h2>\t\t\t\t<\/div>\n\t\t\t\t<div class=\"elementor-element elementor-element-98722ed elementor-widget elementor-widget-heading\" data-id=\"98722ed\" data-element_type=\"widget\" data-e-type=\"widget\" data-widget_type=\"heading.default\">\n\t\t\t\t\t<h2 class=\"elementor-heading-title elementor-size-default\"><a href=\"https:\/\/cmgmarrakech.com\/en\/expositions\/10-ans-du-comptoir-des-mines\/\">Mariam Abouzid Souali, Mohamed Arejdal, Mustapha Akrim, Khalil Nemmaoui, Larbi Cherkaoui, Fatiha Zemmouri, Amina Azreg, Simohammed Fettaka, Latifa Toujani, Sara Ouhaddou, Diadji Diop, Hassan Darsi, Abdallah El Hariri, Bachir Demnati, Mohammed Kacimi, Aymane Errachidi, Yasmina Alaoui, Khadija Jayi, Mouhcine Rahaoui, Hassan Bourkia<\/a><\/h2>\t\t\t\t<\/div>\n\t\t\t\t<div class=\"elementor-element elementor-element-7169774 elementor-widget elementor-widget-heading\" data-id=\"7169774\" data-element_type=\"widget\" data-e-type=\"widget\" data-widget_type=\"heading.default\">\n\t\t\t\t\t<h2 class=\"elementor-heading-title elementor-size-default\"><a href=\"https:\/\/cmgmarrakech.com\/en\/expositions\/10-ans-du-comptoir-des-mines\/\">25 - 30 September 2025<\/a><\/h2>\t\t\t\t<\/div>\n\t\t\t\t\t<\/div>\n\t\t<\/div>\n\t\t\t\t\t<\/div>\n\t\t<\/section>\n\t\t\t\t<\/div>\n\t\t\t\t<\/article>\n\t\t\t\t<article id=\"post-6809\" class=\"elementor-post elementor-grid-item ecs-post-loop post-6809 expositions type-expositions status-publish has-post-thumbnail hentry\">\n\t\t\t\t<div data-elementor-type=\"loop\" data-elementor-id=\"5878\" class=\"elementor elementor-5878 post-6809 expositions type-expositions status-publish has-post-thumbnail hentry\" data-elementor-post-type=\"elementor_library\">\n\t\t\t\t\t<section class=\"elementor-section elementor-top-section elementor-element elementor-element-b491dbd elementor-section-height-min-height elementor-section-content-top elementor-section-items-top elementor-section-boxed elementor-section-height-default\" data-id=\"b491dbd\" data-element_type=\"section\" data-e-type=\"section\">\n\t\t\t\t\t\t<div class=\"elementor-container elementor-column-gap-no\">\n\t\t\t\t\t<div class=\"elementor-column elementor-col-100 elementor-top-column elementor-element elementor-element-c7bab02\" data-id=\"c7bab02\" data-element_type=\"column\" data-e-type=\"column\">\n\t\t\t<div class=\"elementor-widget-wrap elementor-element-populated\">\n\t\t\t\t\t\t<div class=\"elementor-element elementor-element-b6af9b3 elementor-widget elementor-widget-theme-post-featured-image elementor-widget-image\" data-id=\"b6af9b3\" data-element_type=\"widget\" data-e-type=\"widget\" data-widget_type=\"theme-post-featured-image.default\">\n\t\t\t\t\t\t\t\t\t\t\t\t\t\t\t\t<a href=\"https:\/\/cmgmarrakech.com\/en\/expositions\/resistance-dune-promesse\/\">\n\t\t\t\t\t\t\t<img loading=\"lazy\" decoding=\"async\" width=\"768\" height=\"512\" src=\"https:\/\/cmgmarrakech.com\/wp-content\/uploads\/2022\/03\/MUSTAPHA-AKRIM-Fragile-2019-768x512.jpeg\" class=\"attachment-medium_large size-medium_large wp-image-6811\" alt=\"\" srcset=\"https:\/\/cmgmarrakech.com\/wp-content\/uploads\/2022\/03\/MUSTAPHA-AKRIM-Fragile-2019-768x512.jpeg 768w, https:\/\/cmgmarrakech.com\/wp-content\/uploads\/2022\/03\/MUSTAPHA-AKRIM-Fragile-2019-300x200.jpeg 300w, https:\/\/cmgmarrakech.com\/wp-content\/uploads\/2022\/03\/MUSTAPHA-AKRIM-Fragile-2019-1024x683.jpeg 1024w, https:\/\/cmgmarrakech.com\/wp-content\/uploads\/2022\/03\/MUSTAPHA-AKRIM-Fragile-2019-1536x1025.jpeg 1536w, https:\/\/cmgmarrakech.com\/wp-content\/uploads\/2022\/03\/MUSTAPHA-AKRIM-Fragile-2019-18x12.jpeg 18w, https:\/\/cmgmarrakech.com\/wp-content\/uploads\/2022\/03\/MUSTAPHA-AKRIM-Fragile-2019-415x277.jpeg 415w, https:\/\/cmgmarrakech.com\/wp-content\/uploads\/2022\/03\/MUSTAPHA-AKRIM-Fragile-2019-650x434.jpeg 650w, https:\/\/cmgmarrakech.com\/wp-content\/uploads\/2022\/03\/MUSTAPHA-AKRIM-Fragile-2019-250x167.jpeg 250w, https:\/\/cmgmarrakech.com\/wp-content\/uploads\/2022\/03\/MUSTAPHA-AKRIM-Fragile-2019.jpeg 2000w\" sizes=\"(max-width: 768px) 100vw, 768px\" \/>\t\t\t\t\t\t\t\t<\/a>\n\t\t\t\t\t\t\t\t\t\t\t\t\t\t\t<\/div>\n\t\t\t\t<div class=\"elementor-element elementor-element-020227f elementor-widget elementor-widget-heading\" data-id=\"020227f\" data-element_type=\"widget\" data-e-type=\"widget\" data-widget_type=\"heading.default\">\n\t\t\t\t\t<h2 class=\"elementor-heading-title elementor-size-default\"><a href=\"https:\/\/cmgmarrakech.com\/en\/expositions\/resistance-dune-promesse\/\">Resistance of a promise<\/a><\/h2>\t\t\t\t<\/div>\n\t\t\t\t<div class=\"elementor-element elementor-element-98722ed elementor-widget elementor-widget-heading\" data-id=\"98722ed\" data-element_type=\"widget\" data-e-type=\"widget\" data-widget_type=\"heading.default\">\n\t\t\t\t\t<h2 class=\"elementor-heading-title elementor-size-default\"><a href=\"https:\/\/cmgmarrakech.com\/en\/expositions\/resistance-dune-promesse\/\">Group show<\/a><\/h2>\t\t\t\t<\/div>\n\t\t\t\t<div class=\"elementor-element elementor-element-7169774 elementor-widget elementor-widget-heading\" data-id=\"7169774\" data-element_type=\"widget\" data-e-type=\"widget\" data-widget_type=\"heading.default\">\n\t\t\t\t\t<h2 class=\"elementor-heading-title elementor-size-default\"><a href=\"https:\/\/cmgmarrakech.com\/en\/expositions\/resistance-dune-promesse\/\">14 July \u2014 20 September 2020<\/a><\/h2>\t\t\t\t<\/div>\n\t\t\t\t\t<\/div>\n\t\t<\/div>\n\t\t\t\t\t<\/div>\n\t\t<\/section>\n\t\t\t\t<\/div>\n\t\t\t\t<\/article>\n\t\t\t\t<article id=\"post-6445\" class=\"elementor-post elementor-grid-item ecs-post-loop post-6445 expositions type-expositions status-publish has-post-thumbnail hentry\">\n\t\t\t\t<div data-elementor-type=\"loop\" data-elementor-id=\"5878\" class=\"elementor elementor-5878 post-6445 expositions type-expositions status-publish has-post-thumbnail hentry\" data-elementor-post-type=\"elementor_library\">\n\t\t\t\t\t<section class=\"elementor-section elementor-top-section elementor-element elementor-element-b491dbd elementor-section-height-min-height elementor-section-content-top elementor-section-items-top elementor-section-boxed elementor-section-height-default\" data-id=\"b491dbd\" data-element_type=\"section\" data-e-type=\"section\">\n\t\t\t\t\t\t<div class=\"elementor-container elementor-column-gap-no\">\n\t\t\t\t\t<div class=\"elementor-column elementor-col-100 elementor-top-column elementor-element elementor-element-c7bab02\" data-id=\"c7bab02\" data-element_type=\"column\" data-e-type=\"column\">\n\t\t\t<div class=\"elementor-widget-wrap elementor-element-populated\">\n\t\t\t\t\t\t<div class=\"elementor-element elementor-element-b6af9b3 elementor-widget elementor-widget-theme-post-featured-image elementor-widget-image\" data-id=\"b6af9b3\" data-element_type=\"widget\" data-e-type=\"widget\" data-widget_type=\"theme-post-featured-image.default\">\n\t\t\t\t\t\t\t\t\t\t\t\t\t\t\t\t<a href=\"https:\/\/cmgmarrakech.com\/en\/expositions\/je-demain\/\">\n\t\t\t\t\t\t\t<img loading=\"lazy\" decoding=\"async\" width=\"768\" height=\"512\" src=\"https:\/\/cmgmarrakech.com\/wp-content\/uploads\/2022\/03\/Je-Demain-768x512.jpg\" class=\"attachment-medium_large size-medium_large wp-image-6446\" alt=\"\" srcset=\"https:\/\/cmgmarrakech.com\/wp-content\/uploads\/2022\/03\/Je-Demain-768x512.jpg 768w, https:\/\/cmgmarrakech.com\/wp-content\/uploads\/2022\/03\/Je-Demain-300x200.jpg 300w, https:\/\/cmgmarrakech.com\/wp-content\/uploads\/2022\/03\/Je-Demain-1024x683.jpg 1024w, https:\/\/cmgmarrakech.com\/wp-content\/uploads\/2022\/03\/Je-Demain-1536x1025.jpg 1536w, https:\/\/cmgmarrakech.com\/wp-content\/uploads\/2022\/03\/Je-Demain-18x12.jpg 18w, https:\/\/cmgmarrakech.com\/wp-content\/uploads\/2022\/03\/Je-Demain-415x277.jpg 415w, https:\/\/cmgmarrakech.com\/wp-content\/uploads\/2022\/03\/Je-Demain-650x434.jpg 650w, https:\/\/cmgmarrakech.com\/wp-content\/uploads\/2022\/03\/Je-Demain-250x167.jpg 250w, https:\/\/cmgmarrakech.com\/wp-content\/uploads\/2022\/03\/Je-Demain.jpg 2000w\" sizes=\"(max-width: 768px) 100vw, 768px\" \/>\t\t\t\t\t\t\t\t<\/a>\n\t\t\t\t\t\t\t\t\t\t\t\t\t\t\t<\/div>\n\t\t\t\t<div class=\"elementor-element elementor-element-020227f elementor-widget elementor-widget-heading\" data-id=\"020227f\" data-element_type=\"widget\" data-e-type=\"widget\" data-widget_type=\"heading.default\">\n\t\t\t\t\t<h2 class=\"elementor-heading-title elementor-size-default\"><a href=\"https:\/\/cmgmarrakech.com\/en\/expositions\/je-demain\/\">Je, Demain\u2026<\/a><\/h2>\t\t\t\t<\/div>\n\t\t\t\t<div class=\"elementor-element elementor-element-98722ed elementor-widget elementor-widget-heading\" data-id=\"98722ed\" data-element_type=\"widget\" data-e-type=\"widget\" data-widget_type=\"heading.default\">\n\t\t\t\t\t<h2 class=\"elementor-heading-title elementor-size-default\"><a href=\"https:\/\/cmgmarrakech.com\/en\/expositions\/je-demain\/\">Mariam Abouzid Souali <\/a><\/h2>\t\t\t\t<\/div>\n\t\t\t\t<div class=\"elementor-element elementor-element-7169774 elementor-widget elementor-widget-heading\" data-id=\"7169774\" data-element_type=\"widget\" data-e-type=\"widget\" data-widget_type=\"heading.default\">\n\t\t\t\t\t<h2 class=\"elementor-heading-title elementor-size-default\"><a href=\"https:\/\/cmgmarrakech.com\/en\/expositions\/je-demain\/\">28 October \u2014 30 November 2019<\/a><\/h2>\t\t\t\t<\/div>\n\t\t\t\t\t<\/div>\n\t\t<\/div>\n\t\t\t\t\t<\/div>\n\t\t<\/section>\n\t\t\t\t<\/div>\n\t\t\t\t<\/article>\n\t\t\t\t<article id=\"post-5913\" class=\"elementor-post elementor-grid-item ecs-post-loop post-5913 expositions type-expositions status-publish has-post-thumbnail hentry\">\n\t\t\t\t<div data-elementor-type=\"loop\" data-elementor-id=\"5878\" class=\"elementor elementor-5878 post-5913 expositions type-expositions status-publish has-post-thumbnail hentry\" data-elementor-post-type=\"elementor_library\">\n\t\t\t\t\t<section class=\"elementor-section elementor-top-section elementor-element elementor-element-b491dbd elementor-section-height-min-height elementor-section-content-top elementor-section-items-top elementor-section-boxed elementor-section-height-default\" data-id=\"b491dbd\" data-element_type=\"section\" data-e-type=\"section\">\n\t\t\t\t\t\t<div class=\"elementor-container elementor-column-gap-no\">\n\t\t\t\t\t<div class=\"elementor-column elementor-col-100 elementor-top-column elementor-element elementor-element-c7bab02\" data-id=\"c7bab02\" data-element_type=\"column\" data-e-type=\"column\">\n\t\t\t<div class=\"elementor-widget-wrap elementor-element-populated\">\n\t\t\t\t\t\t<div class=\"elementor-element elementor-element-b6af9b3 elementor-widget elementor-widget-theme-post-featured-image elementor-widget-image\" data-id=\"b6af9b3\" data-element_type=\"widget\" data-e-type=\"widget\" data-widget_type=\"theme-post-featured-image.default\">\n\t\t\t\t\t\t\t\t\t\t\t\t\t\t\t\t<a href=\"https:\/\/cmgmarrakech.com\/en\/expositions\/mare-nostrum\/\">\n\t\t\t\t\t\t\t<img loading=\"lazy\" decoding=\"async\" width=\"768\" height=\"512\" src=\"https:\/\/cmgmarrakech.com\/wp-content\/uploads\/2018\/12\/Simohammed-Fettaka-Camouflage-2018-768x512.jpeg\" class=\"attachment-medium_large size-medium_large wp-image-6285\" alt=\"\" srcset=\"https:\/\/cmgmarrakech.com\/wp-content\/uploads\/2018\/12\/Simohammed-Fettaka-Camouflage-2018-768x512.jpeg 768w, https:\/\/cmgmarrakech.com\/wp-content\/uploads\/2018\/12\/Simohammed-Fettaka-Camouflage-2018-300x200.jpeg 300w, https:\/\/cmgmarrakech.com\/wp-content\/uploads\/2018\/12\/Simohammed-Fettaka-Camouflage-2018-1024x683.jpeg 1024w, https:\/\/cmgmarrakech.com\/wp-content\/uploads\/2018\/12\/Simohammed-Fettaka-Camouflage-2018-1536x1025.jpeg 1536w, https:\/\/cmgmarrakech.com\/wp-content\/uploads\/2018\/12\/Simohammed-Fettaka-Camouflage-2018-18x12.jpeg 18w, https:\/\/cmgmarrakech.com\/wp-content\/uploads\/2018\/12\/Simohammed-Fettaka-Camouflage-2018-415x277.jpeg 415w, https:\/\/cmgmarrakech.com\/wp-content\/uploads\/2018\/12\/Simohammed-Fettaka-Camouflage-2018-650x434.jpeg 650w, https:\/\/cmgmarrakech.com\/wp-content\/uploads\/2018\/12\/Simohammed-Fettaka-Camouflage-2018-250x167.jpeg 250w, https:\/\/cmgmarrakech.com\/wp-content\/uploads\/2018\/12\/Simohammed-Fettaka-Camouflage-2018.jpeg 2000w\" sizes=\"(max-width: 768px) 100vw, 768px\" \/>\t\t\t\t\t\t\t\t<\/a>\n\t\t\t\t\t\t\t\t\t\t\t\t\t\t\t<\/div>\n\t\t\t\t<div class=\"elementor-element elementor-element-020227f elementor-widget elementor-widget-heading\" data-id=\"020227f\" data-element_type=\"widget\" data-e-type=\"widget\" data-widget_type=\"heading.default\">\n\t\t\t\t\t<h2 class=\"elementor-heading-title elementor-size-default\"><a href=\"https:\/\/cmgmarrakech.com\/en\/expositions\/mare-nostrum\/\">Mare Nostrum<\/a><\/h2>\t\t\t\t<\/div>\n\t\t\t\t<div class=\"elementor-element elementor-element-98722ed elementor-widget elementor-widget-heading\" data-id=\"98722ed\" data-element_type=\"widget\" data-e-type=\"widget\" data-widget_type=\"heading.default\">\n\t\t\t\t\t<h2 class=\"elementor-heading-title elementor-size-default\"><a href=\"https:\/\/cmgmarrakech.com\/en\/expositions\/mare-nostrum\/\">Group show<\/a><\/h2>\t\t\t\t<\/div>\n\t\t\t\t<div class=\"elementor-element elementor-element-7169774 elementor-widget elementor-widget-heading\" data-id=\"7169774\" data-element_type=\"widget\" data-e-type=\"widget\" data-widget_type=\"heading.default\">\n\t\t\t\t\t<h2 class=\"elementor-heading-title elementor-size-default\"><a href=\"https:\/\/cmgmarrakech.com\/en\/expositions\/mare-nostrum\/\">10 December 2018 \u2014 9 February 2019<\/a><\/h2>\t\t\t\t<\/div>\n\t\t\t\t\t<\/div>\n\t\t<\/div>\n\t\t\t\t\t<\/div>\n\t\t<\/section>\n\t\t\t\t<\/div>\n\t\t\t\t<\/article>\n\t\t\t\t<article id=\"post-6513\" class=\"elementor-post elementor-grid-item ecs-post-loop post-6513 expositions type-expositions status-publish has-post-thumbnail hentry\">\n\t\t\t\t<div data-elementor-type=\"loop\" data-elementor-id=\"5878\" class=\"elementor elementor-5878 post-6513 expositions type-expositions status-publish has-post-thumbnail hentry\" data-elementor-post-type=\"elementor_library\">\n\t\t\t\t\t<section class=\"elementor-section elementor-top-section elementor-element elementor-element-b491dbd elementor-section-height-min-height elementor-section-content-top elementor-section-items-top elementor-section-boxed elementor-section-height-default\" data-id=\"b491dbd\" data-element_type=\"section\" data-e-type=\"section\">\n\t\t\t\t\t\t<div class=\"elementor-container elementor-column-gap-no\">\n\t\t\t\t\t<div class=\"elementor-column elementor-col-100 elementor-top-column elementor-element elementor-element-c7bab02\" data-id=\"c7bab02\" data-element_type=\"column\" data-e-type=\"column\">\n\t\t\t<div class=\"elementor-widget-wrap elementor-element-populated\">\n\t\t\t\t\t\t<div class=\"elementor-element elementor-element-b6af9b3 elementor-widget elementor-widget-theme-post-featured-image elementor-widget-image\" data-id=\"b6af9b3\" data-element_type=\"widget\" data-e-type=\"widget\" data-widget_type=\"theme-post-featured-image.default\">\n\t\t\t\t\t\t\t\t\t\t\t\t\t\t\t\t<a href=\"https:\/\/cmgmarrakech.com\/en\/expositions\/traversees-crossings\/\">\n\t\t\t\t\t\t\t<img loading=\"lazy\" decoding=\"async\" width=\"768\" height=\"512\" src=\"https:\/\/cmgmarrakech.com\/wp-content\/uploads\/2022\/03\/Traversees_Younes-Atbane-Poetic-Carbon-2017-768x512.jpg\" class=\"attachment-medium_large size-medium_large wp-image-6514\" alt=\"\" srcset=\"https:\/\/cmgmarrakech.com\/wp-content\/uploads\/2022\/03\/Traversees_Younes-Atbane-Poetic-Carbon-2017-768x512.jpg 768w, https:\/\/cmgmarrakech.com\/wp-content\/uploads\/2022\/03\/Traversees_Younes-Atbane-Poetic-Carbon-2017-300x200.jpg 300w, https:\/\/cmgmarrakech.com\/wp-content\/uploads\/2022\/03\/Traversees_Younes-Atbane-Poetic-Carbon-2017-1024x683.jpg 1024w, https:\/\/cmgmarrakech.com\/wp-content\/uploads\/2022\/03\/Traversees_Younes-Atbane-Poetic-Carbon-2017-1536x1025.jpg 1536w, https:\/\/cmgmarrakech.com\/wp-content\/uploads\/2022\/03\/Traversees_Younes-Atbane-Poetic-Carbon-2017-18x12.jpg 18w, https:\/\/cmgmarrakech.com\/wp-content\/uploads\/2022\/03\/Traversees_Younes-Atbane-Poetic-Carbon-2017-415x277.jpg 415w, https:\/\/cmgmarrakech.com\/wp-content\/uploads\/2022\/03\/Traversees_Younes-Atbane-Poetic-Carbon-2017-650x434.jpg 650w, https:\/\/cmgmarrakech.com\/wp-content\/uploads\/2022\/03\/Traversees_Younes-Atbane-Poetic-Carbon-2017-250x167.jpg 250w, https:\/\/cmgmarrakech.com\/wp-content\/uploads\/2022\/03\/Traversees_Younes-Atbane-Poetic-Carbon-2017.jpg 2000w\" sizes=\"(max-width: 768px) 100vw, 768px\" \/>\t\t\t\t\t\t\t\t<\/a>\n\t\t\t\t\t\t\t\t\t\t\t\t\t\t\t<\/div>\n\t\t\t\t<div class=\"elementor-element elementor-element-020227f elementor-widget elementor-widget-heading\" data-id=\"020227f\" data-element_type=\"widget\" data-e-type=\"widget\" data-widget_type=\"heading.default\">\n\t\t\t\t\t<h2 class=\"elementor-heading-title elementor-size-default\"><a href=\"https:\/\/cmgmarrakech.com\/en\/expositions\/traversees-crossings\/\">Travers\u00e9es \/ Crossings<\/a><\/h2>\t\t\t\t<\/div>\n\t\t\t\t<div class=\"elementor-element elementor-element-98722ed elementor-widget elementor-widget-heading\" data-id=\"98722ed\" data-element_type=\"widget\" data-e-type=\"widget\" data-widget_type=\"heading.default\">\n\t\t\t\t\t<h2 class=\"elementor-heading-title elementor-size-default\"><a href=\"https:\/\/cmgmarrakech.com\/en\/expositions\/traversees-crossings\/\">Group show<\/a><\/h2>\t\t\t\t<\/div>\n\t\t\t\t<div class=\"elementor-element elementor-element-7169774 elementor-widget elementor-widget-heading\" data-id=\"7169774\" data-element_type=\"widget\" data-e-type=\"widget\" data-widget_type=\"heading.default\">\n\t\t\t\t\t<h2 class=\"elementor-heading-title elementor-size-default\"><a href=\"https:\/\/cmgmarrakech.com\/en\/expositions\/traversees-crossings\/\">22 February \u2014 10 April 2019<\/a><\/h2>\t\t\t\t<\/div>\n\t\t\t\t\t<\/div>\n\t\t<\/div>\n\t\t\t\t\t<\/div>\n\t\t<\/section>\n\t\t\t\t<\/div>\n\t\t\t\t<\/article>\n\t\t\t\t<\/div>\n\t\t\t\t\t\t<\/div>\n\t\t\t\t<\/div>\n\t\t\t\t\t<\/div>\n\t\t<\/div>\n\t\t\t\t\t<\/div>\n\t\t<\/section>\n\t\t\t\t<\/div>","protected":false},"excerpt":{"rendered":"<p>Mariam Abouzid Souali N\u00e9e en 1989.D\u00e8s sa plus tendre enfance, Mariam trouve dans le dessin et la peinture un moyen d\u2019expression qu\u2019elle se pla\u00eet \u00e0&#8230;<\/p>","protected":false},"author":1,"featured_media":0,"parent":0,"menu_order":0,"comment_status":"closed","ping_status":"closed","template":"","meta":{"_acf_changed":false,"footnotes":""},"class_list":["post-7206","page","type-page","status-publish","hentry"],"acf":[],"aioseo_notices":[],"_links":{"self":[{"href":"https:\/\/cmgmarrakech.com\/en\/wp-json\/wp\/v2\/pages\/7206","targetHints":{"allow":["GET"]}}],"collection":[{"href":"https:\/\/cmgmarrakech.com\/en\/wp-json\/wp\/v2\/pages"}],"about":[{"href":"https:\/\/cmgmarrakech.com\/en\/wp-json\/wp\/v2\/types\/page"}],"author":[{"embeddable":true,"href":"https:\/\/cmgmarrakech.com\/en\/wp-json\/wp\/v2\/users\/1"}],"replies":[{"embeddable":true,"href":"https:\/\/cmgmarrakech.com\/en\/wp-json\/wp\/v2\/comments?post=7206"}],"version-history":[{"count":0,"href":"https:\/\/cmgmarrakech.com\/en\/wp-json\/wp\/v2\/pages\/7206\/revisions"}],"wp:attachment":[{"href":"https:\/\/cmgmarrakech.com\/en\/wp-json\/wp\/v2\/media?parent=7206"}],"curies":[{"name":"wp","href":"https:\/\/api.w.org\/{rel}","templated":true}]}}