{"id":8030,"date":"2022-03-10T11:07:57","date_gmt":"2022-03-10T11:07:57","guid":{"rendered":"https:\/\/cmgmarrakech.com\/?page_id=8030"},"modified":"2026-03-30T16:15:47","modified_gmt":"2026-03-30T16:15:47","slug":"khadija-jayi","status":"publish","type":"page","link":"https:\/\/cmgmarrakech.com\/en\/khadija-jayi\/","title":{"rendered":"Khadija Jayi"},"content":{"rendered":"<div data-elementor-type=\"wp-page\" data-elementor-id=\"8030\" class=\"elementor elementor-8030\" data-elementor-post-type=\"page\">\n\t\t\t\t\t\t<section class=\"elementor-section elementor-top-section elementor-element elementor-element-bfa6c32 elementor-section-full_width elementor-section-content-top animated-slow elementor-section-height-default elementor-section-height-default\" data-id=\"bfa6c32\" data-element_type=\"section\" data-e-type=\"section\" data-settings=\"{&quot;background_background&quot;:&quot;classic&quot;,&quot;animation&quot;:&quot;none&quot;}\">\n\t\t\t\t\t\t<div class=\"elementor-container elementor-column-gap-no\">\n\t\t\t\t\t<div class=\"elementor-column elementor-col-100 elementor-top-column elementor-element elementor-element-ec69028\" data-id=\"ec69028\" data-element_type=\"column\" data-e-type=\"column\">\n\t\t\t<div class=\"elementor-widget-wrap elementor-element-populated\">\n\t\t\t\t\t\t<div class=\"elementor-element elementor-element-b944c5d elementor-widget elementor-widget-text-editor\" data-id=\"b944c5d\" data-element_type=\"widget\" data-e-type=\"widget\" data-widget_type=\"text-editor.default\">\n\t\t\t\t\t\t\t\t\t<p>Khadija Jayi<\/p>\t\t\t\t\t\t\t\t<\/div>\n\t\t\t\t\t<\/div>\n\t\t<\/div>\n\t\t\t\t\t<\/div>\n\t\t<\/section>\n\t\t\t\t<section class=\"elementor-section elementor-top-section elementor-element elementor-element-471a65d elementor-section-full_width elementor-section-content-top animated-slow elementor-section-height-default elementor-section-height-default\" data-id=\"471a65d\" data-element_type=\"section\" data-e-type=\"section\" data-settings=\"{&quot;background_background&quot;:&quot;classic&quot;,&quot;animation&quot;:&quot;none&quot;}\">\n\t\t\t\t\t\t<div class=\"elementor-container elementor-column-gap-no\">\n\t\t\t\t\t<div class=\"elementor-column elementor-col-33 elementor-top-column elementor-element elementor-element-0a1b6bc\" data-id=\"0a1b6bc\" data-element_type=\"column\" data-e-type=\"column\">\n\t\t\t<div class=\"elementor-widget-wrap elementor-element-populated\">\n\t\t\t\t\t\t<div class=\"elementor-element elementor-element-e2aa02a elementor-widget elementor-widget-image\" data-id=\"e2aa02a\" data-element_type=\"widget\" data-e-type=\"widget\" data-widget_type=\"image.default\">\n\t\t\t\t\t\t\t\t\t\t\t\t\t\t\t<img fetchpriority=\"high\" decoding=\"async\" width=\"1080\" height=\"1080\" src=\"https:\/\/cmgmarrakech.com\/wp-content\/uploads\/2025\/12\/Khadija_Jayi-2025.jpg\" class=\"attachment-full size-full wp-image-18316\" alt=\"\" srcset=\"https:\/\/cmgmarrakech.com\/wp-content\/uploads\/2025\/12\/Khadija_Jayi-2025.jpg 1080w, https:\/\/cmgmarrakech.com\/wp-content\/uploads\/2025\/12\/Khadija_Jayi-2025-300x300.jpg 300w, https:\/\/cmgmarrakech.com\/wp-content\/uploads\/2025\/12\/Khadija_Jayi-2025-1024x1024.jpg 1024w, https:\/\/cmgmarrakech.com\/wp-content\/uploads\/2025\/12\/Khadija_Jayi-2025-150x150.jpg 150w, https:\/\/cmgmarrakech.com\/wp-content\/uploads\/2025\/12\/Khadija_Jayi-2025-768x768.jpg 768w, https:\/\/cmgmarrakech.com\/wp-content\/uploads\/2025\/12\/Khadija_Jayi-2025-12x12.jpg 12w, https:\/\/cmgmarrakech.com\/wp-content\/uploads\/2025\/12\/Khadija_Jayi-2025-100x100.jpg 100w, https:\/\/cmgmarrakech.com\/wp-content\/uploads\/2025\/12\/Khadija_Jayi-2025-350x350.jpg 350w, https:\/\/cmgmarrakech.com\/wp-content\/uploads\/2025\/12\/Khadija_Jayi-2025-650x650.jpg 650w, https:\/\/cmgmarrakech.com\/wp-content\/uploads\/2025\/12\/Khadija_Jayi-2025-500x500.jpg 500w, https:\/\/cmgmarrakech.com\/wp-content\/uploads\/2025\/12\/Khadija_Jayi-2025-415x415.jpg 415w, https:\/\/cmgmarrakech.com\/wp-content\/uploads\/2025\/12\/Khadija_Jayi-2025-250x250.jpg 250w\" sizes=\"(max-width: 1080px) 100vw, 1080px\" \/>\t\t\t\t\t\t\t\t\t\t\t\t\t\t\t<\/div>\n\t\t\t\t\t<\/div>\n\t\t<\/div>\n\t\t\t\t<div class=\"elementor-column elementor-col-66 elementor-top-column elementor-element elementor-element-cb1698e\" data-id=\"cb1698e\" data-element_type=\"column\" data-e-type=\"column\">\n\t\t\t<div class=\"elementor-widget-wrap elementor-element-populated\">\n\t\t\t\t\t\t<div class=\"elementor-element elementor-element-c31ab9d elementor-widget elementor-widget-text-editor\" data-id=\"c31ab9d\" data-element_type=\"widget\" data-e-type=\"widget\" data-widget_type=\"text-editor.default\">\n\t\t\t\t\t\t\t\t\t<p>Khadija Jayi est n\u00e9e en 1989 dans la ville sainte de Moulay Idriss Zerhoun. <br \/>Elle grandit au sein d\u2019un milieu tr\u00e8s conservateur, impr\u00e9gn\u00e9 par les valeurs fig\u00e9es de la tradition. D\u2019un temp\u00e9rament rebelle, elle d\u00e9cide de prendre sa destin\u00e9e en main et emprunter le chemin qu\u2019elle s\u2019est choisie, celui de l\u2019Art. Grace \u00e0 l\u2019aide pr\u00e9cieuse de Mr. Touzani, directeur du lyc\u00e9e o\u00f9 elle poursuivait des \u00e9tudes de lettres, elle r\u00e9ussit \u00e0 changer de fili\u00e8re pour s\u2019inscrire d\u2019abord dans la section des arts plastiques \u00e0 Mekn\u00e8s, puis \u00e0 l\u2019\u00c9cole Sup\u00e9rieure des Beaux-Arts de T\u00e9touan, d\u2019o\u00f9 elle sort dipl\u00f4m\u00e9e en 2018. <br \/>\u00c0 travers ses recherches, elle tente de r\u00e9pondre \u00e0 des questionnements qui n\u2019ont cess\u00e9 de la pr\u00e9occuper tout au long du chemin ardu qu\u2019elle s\u2019est trac\u00e9. S\u2019inspirant des pratiques artisanales f\u00e9minines dont elle a h\u00e9rit\u00e9 ainsi que des difficiles r\u00e9alit\u00e9s auxquelles elle a \u00e9t\u00e9 confront\u00e9e, Khadija nous invite \u00e0 r\u00e9fl\u00e9chir les conflits entre tradition et modernit\u00e9. C\u2019est dans une d\u00e9marche embl\u00e9matique de formes et de traces consum\u00e9es que Khadija Jayi s\u2019est appropri\u00e9 le langage du feu : Sa lumi\u00e8re, sa chaleur. Mais aussi le feu comme forme de souffrance.<\/p>\t\t\t\t\t\t\t\t<\/div>\n\t\t\t\t\t<\/div>\n\t\t<\/div>\n\t\t\t\t\t<\/div>\n\t\t<\/section>\n\t\t\t\t<section class=\"elementor-section elementor-top-section elementor-element elementor-element-5a756b3 elementor-section-full_width animated-slow elementor-section-height-default elementor-section-height-default\" data-id=\"5a756b3\" data-element_type=\"section\" data-e-type=\"section\" data-settings=\"{&quot;animation&quot;:&quot;none&quot;,&quot;animation_delay&quot;:500}\">\n\t\t\t\t\t\t<div class=\"elementor-container elementor-column-gap-no\">\n\t\t\t\t\t<div class=\"elementor-column elementor-col-100 elementor-top-column elementor-element elementor-element-f78ffaa\" data-id=\"f78ffaa\" data-element_type=\"column\" data-e-type=\"column\">\n\t\t\t<div class=\"elementor-widget-wrap elementor-element-populated\">\n\t\t\t\t\t\t<div class=\"elementor-element elementor-element-dbad22e elementor-widget elementor-widget-toggle\" data-id=\"dbad22e\" data-element_type=\"widget\" data-e-type=\"widget\" data-widget_type=\"toggle.default\">\n\t\t\t\t\t\t\t<div class=\"elementor-toggle\">\n\t\t\t\t\t\t\t<div class=\"elementor-toggle-item\">\n\t\t\t\t\t<div id=\"elementor-tab-title-2301\" class=\"elementor-tab-title\" data-tab=\"1\" role=\"button\" aria-controls=\"elementor-tab-content-2301\" aria-expanded=\"false\">\n\t\t\t\t\t\t\t\t\t\t\t\t<span class=\"elementor-toggle-icon elementor-toggle-icon-right\" aria-hidden=\"true\">\n\t\t\t\t\t\t\t\t\t\t\t\t\t\t\t<span class=\"elementor-toggle-icon-closed\"><svg class=\"e-font-icon-svg e-far-dot-circle\" viewbox=\"0 0 512 512\" xmlns=\"http:\/\/www.w3.org\/2000\/svg\"><path d=\"M256 56c110.532 0 200 89.451 200 200 0 110.532-89.451 200-200 200-110.532 0-200-89.451-200-200 0-110.532 89.451-200 200-200m0-48C119.033 8 8 119.033 8 256s111.033 248 248 248 248-111.033 248-248S392.967 8 256 8zm0 168c-44.183 0-80 35.817-80 80s35.817 80 80 80 80-35.817 80-80-35.817-80-80-80z\"><\/path><\/svg><\/span>\n\t\t\t\t\t\t\t\t<span class=\"elementor-toggle-icon-opened\"><svg class=\"elementor-toggle-icon-opened e-font-icon-svg e-fas-dot-circle\" viewbox=\"0 0 512 512\" xmlns=\"http:\/\/www.w3.org\/2000\/svg\"><path d=\"M256 8C119.033 8 8 119.033 8 256s111.033 248 248 248 248-111.033 248-248S392.967 8 256 8zm80 248c0 44.112-35.888 80-80 80s-80-35.888-80-80 35.888-80 80-80 80 35.888 80 80z\"><\/path><\/svg><\/span>\n\t\t\t\t\t\t\t\t\t\t\t\t\t<\/span>\n\t\t\t\t\t\t\t\t\t\t\t\t<a class=\"elementor-toggle-title\" tabindex=\"0\">SOLO SHOWS <\/a>\n\t\t\t\t\t<\/div>\n\n\t\t\t\t\t<div id=\"elementor-tab-content-2301\" class=\"elementor-tab-content elementor-clearfix\" data-tab=\"1\" role=\"region\" aria-labelledby=\"elementor-tab-title-2301\"><p><span style=\"font-weight: 400;\"><strong>2026 :<br \/><\/strong>\u00ab\u00a0Territoire du feu. Retour &#8211; le non retour\u00a0\u00bb, exposition individuelle, produit par le Comptoir des Mines Galerie, Institut fran\u00e7ais de Mekn\u00e8s \u2014 Mekn\u00e8s, Maroc.<br \/>\u00ab\u00a0Apr\u00e8s le feu\u00a0\u00bb, exposition individuelle, Institut fran\u00e7ais \u2014 Mekn\u00e8s, Maroc.<br \/><strong><br \/>2025 :<br \/><\/strong>\u00ab\u00a0Apr\u00e8s le feu\u00a0\u00bb, co-curat\u00e9 par Salima El Aissaoui et Hicham Daoudi, Comptoir des Mines Galerie &#8211; Marrakech, Maroc.<\/span><\/p><p><strong>2023 :<\/strong> <br \/>\u00ab\u00a0Memory of Flames\u00a0\u00bb, <span style=\"font-weight: 400;\">Galleria Anna Marra &#8211; Rome, Italie.<\/span><\/p><p><strong>2022 :<\/strong> <br \/>\u00ab Br\u00fblures du vivant \u00bb, Comptoir des Mines Galerie &#8211; Marrakech, Maroc.<\/p><\/div>\n\t\t\t\t<\/div>\n\t\t\t\t\t\t\t<div class=\"elementor-toggle-item\">\n\t\t\t\t\t<div id=\"elementor-tab-title-2302\" class=\"elementor-tab-title\" data-tab=\"2\" role=\"button\" aria-controls=\"elementor-tab-content-2302\" aria-expanded=\"false\">\n\t\t\t\t\t\t\t\t\t\t\t\t<span class=\"elementor-toggle-icon elementor-toggle-icon-right\" aria-hidden=\"true\">\n\t\t\t\t\t\t\t\t\t\t\t\t\t\t\t<span class=\"elementor-toggle-icon-closed\"><svg class=\"e-font-icon-svg e-far-dot-circle\" viewbox=\"0 0 512 512\" xmlns=\"http:\/\/www.w3.org\/2000\/svg\"><path d=\"M256 56c110.532 0 200 89.451 200 200 0 110.532-89.451 200-200 200-110.532 0-200-89.451-200-200 0-110.532 89.451-200 200-200m0-48C119.033 8 8 119.033 8 256s111.033 248 248 248 248-111.033 248-248S392.967 8 256 8zm0 168c-44.183 0-80 35.817-80 80s35.817 80 80 80 80-35.817 80-80-35.817-80-80-80z\"><\/path><\/svg><\/span>\n\t\t\t\t\t\t\t\t<span class=\"elementor-toggle-icon-opened\"><svg class=\"elementor-toggle-icon-opened e-font-icon-svg e-fas-dot-circle\" viewbox=\"0 0 512 512\" xmlns=\"http:\/\/www.w3.org\/2000\/svg\"><path d=\"M256 8C119.033 8 8 119.033 8 256s111.033 248 248 248 248-111.033 248-248S392.967 8 256 8zm80 248c0 44.112-35.888 80-80 80s-80-35.888-80-80 35.888-80 80-80 80 35.888 80 80z\"><\/path><\/svg><\/span>\n\t\t\t\t\t\t\t\t\t\t\t\t\t<\/span>\n\t\t\t\t\t\t\t\t\t\t\t\t<a class=\"elementor-toggle-title\" tabindex=\"0\">GROUP SHOWS<\/a>\n\t\t\t\t\t<\/div>\n\n\t\t\t\t\t<div id=\"elementor-tab-content-2302\" class=\"elementor-tab-content elementor-clearfix\" data-tab=\"2\" role=\"region\" aria-labelledby=\"elementor-tab-title-2302\"><div class=\"gmail_default\"><div class=\"gmail_default\"><div><p><b>2026 :\u00a0 <br \/><\/b>Exposition collective, \u00ab Constellations \u00bb, Fondation TGCC, projets sp\u00e9ciaux dans le cadre de la 1-54 Marrakech &#8211; Marrakech, Maroc.<b><\/b><\/p><p><strong>2025<\/strong><span style=\"font-family: arial, sans-serif;\"><strong>\u00a0:<\/strong>\u00a0<\/span><\/p><\/div><\/div><div><p>Exposition collective, \u00ab\u00a0G\u00e9n\u00e9ration T\u00e9touan\u00a0\u00bb, Organis\u00e9 par le Mus\u00e9e de Bank Al-Maghrib, en partenariat avec l&rsquo;Institut national des beaux-arts de T\u00e9touan, Mus\u00e9e Bank Al-Maghrib &#8211; Rabat, Maroc.<\/p><p>Exposition collective, \u00ab\u00a0Venus Noire\u00a0\u00bb, Galleria Anna Marra &#8211; Rome, Italie.<\/p><p>Exposition collective, Abu Dhabi Art, Comptoir des Mines Galerie, Manarat Al Saadiyat &#8211; Abu Dhabi, \u00c9mirats Arabes Unis.<\/p><p>Exposition collective, Abu Dhabi Art, Galleria Anna Marra, Manarat Al Saadiyat &#8211; Abu Dhabi, \u00c9mirats Arabes Unis.<\/p><\/div><div><p>Exposition collective, 1-54 Londres, Galleria Anna Marra, Somerset House &#8211; Londres, Angleterre.<\/p><p>Exposition collective, Art Paris, Galleria Anna Marra, Grand Palais &#8211; Paris, France.<\/p><p>Investec Art Fair, Galleria Anna Marra &#8211; Cape Town, Afrique du Sud.<\/p><p>Exposition collective, Zsonamaco, Comptoir des Mines Galerie, Centro Citibanamex &#8211; Mexico, Mexique.\u00a0<\/p><\/div><div class=\"gmail_default\"><b><br \/><\/b><strong>2024\u00a0:<\/strong><\/div><div class=\"gmail_default\"><p>Exposition collective, 1-54 Londres, Galleria Anna Marra, Somerset House &#8211; Londres, Angleterre.<\/p><p>Exposition collective, Enter Art Fair, Galleria Anna Marra &#8211; Copenhague, Danemark.<\/p><p>Exposition collective, Investec Art Fair, Galleria Anna Marra &#8211; Cape Town, Afrique du Sud.<\/p><\/div><div class=\"gmail_default\"><strong>2023\u00a0:<\/strong><\/div><div class=\"gmail_default\"><div class=\"gmail_default\"><p>Exposition collective, 1-54 Londres, Galleria Anna Marra, Somerset House &#8211; Londres, Angleterre.<\/p><p>Exposition collective, Art On Paper, Galleria Anna Marra &#8211; New York, \u00c9tats-Unis.<\/p><p>Exposition collective, Enter Art Fair, Galleria Anna Marra &#8211; Copenhague, Danemark.<\/p><p>Exposition collective, Zsonamaco, Galleria Anna Marra, Centro Citibanamex &#8211; Mexico, Mexique.<\/p><\/div><div class=\"gmail_default\"><div class=\"gmail_default\">\u00a0<\/div><\/div><\/div><div class=\"gmail_default\"><strong>2022\u00a0:<\/strong><\/div><div class=\"gmail_default\"><div class=\"gmail_default\"><p>Exposition collective, 1-54 Londres, Galleria Anna Marra, Somerset House &#8211; Londres, Angleterre.<\/p><p>Exposition collective, Enter Art Fair, Galleria Anna Marra &#8211; Copenhague, Danemark.<\/p><div><strong>2019\u00a0:<\/strong><\/div><div><p>Exposition collective \u00ab\u00a0quand l\u2019art s\u2019invite en r\u00e9sidence&#8230;\u00a0\u00bb, 2e \u00e9dition, organis\u00e9e par la Fondation Banque Populaire, Galerie<span style=\"color: rgba(0, 0, 0, 0); font-family: arial, sans-serif;\">\u00a0<\/span>Banque Populaire &#8211; Rabat, Maroc.<\/p><\/div><\/div><\/div><\/div><p><span style=\"font-weight: 400;\">\u00a0<\/span><\/p><\/div>\n\t\t\t\t<\/div>\n\t\t\t\t\t\t\t<div class=\"elementor-toggle-item\">\n\t\t\t\t\t<div id=\"elementor-tab-title-2303\" class=\"elementor-tab-title\" data-tab=\"3\" role=\"button\" aria-controls=\"elementor-tab-content-2303\" aria-expanded=\"false\">\n\t\t\t\t\t\t\t\t\t\t\t\t<span class=\"elementor-toggle-icon elementor-toggle-icon-right\" aria-hidden=\"true\">\n\t\t\t\t\t\t\t\t\t\t\t\t\t\t\t<span class=\"elementor-toggle-icon-closed\"><svg class=\"e-font-icon-svg e-far-dot-circle\" viewbox=\"0 0 512 512\" xmlns=\"http:\/\/www.w3.org\/2000\/svg\"><path d=\"M256 56c110.532 0 200 89.451 200 200 0 110.532-89.451 200-200 200-110.532 0-200-89.451-200-200 0-110.532 89.451-200 200-200m0-48C119.033 8 8 119.033 8 256s111.033 248 248 248 248-111.033 248-248S392.967 8 256 8zm0 168c-44.183 0-80 35.817-80 80s35.817 80 80 80 80-35.817 80-80-35.817-80-80-80z\"><\/path><\/svg><\/span>\n\t\t\t\t\t\t\t\t<span class=\"elementor-toggle-icon-opened\"><svg class=\"elementor-toggle-icon-opened e-font-icon-svg e-fas-dot-circle\" viewbox=\"0 0 512 512\" xmlns=\"http:\/\/www.w3.org\/2000\/svg\"><path d=\"M256 8C119.033 8 8 119.033 8 256s111.033 248 248 248 248-111.033 248-248S392.967 8 256 8zm80 248c0 44.112-35.888 80-80 80s-80-35.888-80-80 35.888-80 80-80 80 35.888 80 80z\"><\/path><\/svg><\/span>\n\t\t\t\t\t\t\t\t\t\t\t\t\t<\/span>\n\t\t\t\t\t\t\t\t\t\t\t\t<a class=\"elementor-toggle-title\" tabindex=\"0\">AWARDS<\/a>\n\t\t\t\t\t<\/div>\n\n\t\t\t\t\t<div id=\"elementor-tab-content-2303\" class=\"elementor-tab-content elementor-clearfix\" data-tab=\"3\" role=\"region\" aria-labelledby=\"elementor-tab-title-2303\"><p><span style=\"font-weight: 400;\"><strong>2023: <\/strong><br \/>\u00ab\u00a0Best International Female Artist\u00a0\u00bb by Casa Internazionale delle Donne and The International Federation of Female Artists, which aims to be an incentive for those women who courageously undertake the role and career of artists. Courageously because for centuries this sector has been closed to women, more than any other discipline or science &#8211; Milan, Italie.<\/span><\/p><p><strong>2021 : <\/strong><br \/>Finaliste de la premi\u00e8re \u00e9dition du Prix Mustaqbal de TGCC &#8211; Casablanca, Maroc.<\/p><\/div>\n\t\t\t\t<\/div>\n\t\t\t\t\t\t\t<div class=\"elementor-toggle-item\">\n\t\t\t\t\t<div id=\"elementor-tab-title-2304\" class=\"elementor-tab-title\" data-tab=\"4\" role=\"button\" aria-controls=\"elementor-tab-content-2304\" aria-expanded=\"false\">\n\t\t\t\t\t\t\t\t\t\t\t\t<span class=\"elementor-toggle-icon elementor-toggle-icon-right\" aria-hidden=\"true\">\n\t\t\t\t\t\t\t\t\t\t\t\t\t\t\t<span class=\"elementor-toggle-icon-closed\"><svg class=\"e-font-icon-svg e-far-dot-circle\" viewbox=\"0 0 512 512\" xmlns=\"http:\/\/www.w3.org\/2000\/svg\"><path d=\"M256 56c110.532 0 200 89.451 200 200 0 110.532-89.451 200-200 200-110.532 0-200-89.451-200-200 0-110.532 89.451-200 200-200m0-48C119.033 8 8 119.033 8 256s111.033 248 248 248 248-111.033 248-248S392.967 8 256 8zm0 168c-44.183 0-80 35.817-80 80s35.817 80 80 80 80-35.817 80-80-35.817-80-80-80z\"><\/path><\/svg><\/span>\n\t\t\t\t\t\t\t\t<span class=\"elementor-toggle-icon-opened\"><svg class=\"elementor-toggle-icon-opened e-font-icon-svg e-fas-dot-circle\" viewbox=\"0 0 512 512\" xmlns=\"http:\/\/www.w3.org\/2000\/svg\"><path d=\"M256 8C119.033 8 8 119.033 8 256s111.033 248 248 248 248-111.033 248-248S392.967 8 256 8zm80 248c0 44.112-35.888 80-80 80s-80-35.888-80-80 35.888-80 80-80 80 35.888 80 80z\"><\/path><\/svg><\/span>\n\t\t\t\t\t\t\t\t\t\t\t\t\t<\/span>\n\t\t\t\t\t\t\t\t\t\t\t\t<a class=\"elementor-toggle-title\" tabindex=\"0\">COLLECTIONS<\/a>\n\t\t\t\t\t<\/div>\n\n\t\t\t\t\t<div id=\"elementor-tab-content-2304\" class=\"elementor-tab-content elementor-clearfix\" data-tab=\"4\" role=\"region\" aria-labelledby=\"elementor-tab-title-2304\"><p>Arte Fits Foundation \u2014 Porto Rico.<br \/>Dalloul Art Foundation \u2013 Beyrouth, Liban.<br \/>Collection David T. &amp; Jennifer Fischer \u2013 Palm Springs, \u00c9tats-Unis.<br \/>Collection Elisabeth Bauchet Bouhlal \u2013 Marrakech, Maroc.<br \/>Collection de la Famille Allana \u2013 Dubai, \u00c9mirats Arabes Unis.<br \/>Collection particuli\u00e8re russe \u2013 Paris, France.<\/p><\/div>\n\t\t\t\t<\/div>\n\t\t\t\t\t\t\t<div class=\"elementor-toggle-item\">\n\t\t\t\t\t<div id=\"elementor-tab-title-2305\" class=\"elementor-tab-title\" data-tab=\"5\" role=\"button\" aria-controls=\"elementor-tab-content-2305\" aria-expanded=\"false\">\n\t\t\t\t\t\t\t\t\t\t\t\t<span class=\"elementor-toggle-icon elementor-toggle-icon-right\" aria-hidden=\"true\">\n\t\t\t\t\t\t\t\t\t\t\t\t\t\t\t<span class=\"elementor-toggle-icon-closed\"><svg class=\"e-font-icon-svg e-far-dot-circle\" viewbox=\"0 0 512 512\" xmlns=\"http:\/\/www.w3.org\/2000\/svg\"><path d=\"M256 56c110.532 0 200 89.451 200 200 0 110.532-89.451 200-200 200-110.532 0-200-89.451-200-200 0-110.532 89.451-200 200-200m0-48C119.033 8 8 119.033 8 256s111.033 248 248 248 248-111.033 248-248S392.967 8 256 8zm0 168c-44.183 0-80 35.817-80 80s35.817 80 80 80 80-35.817 80-80-35.817-80-80-80z\"><\/path><\/svg><\/span>\n\t\t\t\t\t\t\t\t<span class=\"elementor-toggle-icon-opened\"><svg class=\"elementor-toggle-icon-opened e-font-icon-svg e-fas-dot-circle\" viewbox=\"0 0 512 512\" xmlns=\"http:\/\/www.w3.org\/2000\/svg\"><path d=\"M256 8C119.033 8 8 119.033 8 256s111.033 248 248 248 248-111.033 248-248S392.967 8 256 8zm80 248c0 44.112-35.888 80-80 80s-80-35.888-80-80 35.888-80 80-80 80 35.888 80 80z\"><\/path><\/svg><\/span>\n\t\t\t\t\t\t\t\t\t\t\t\t\t<\/span>\n\t\t\t\t\t\t\t\t\t\t\t\t<a class=\"elementor-toggle-title\" tabindex=\"0\">RESIDENCIES<\/a>\n\t\t\t\t\t<\/div>\n\n\t\t\t\t\t<div id=\"elementor-tab-content-2305\" class=\"elementor-tab-content elementor-clearfix\" data-tab=\"5\" role=\"region\" aria-labelledby=\"elementor-tab-title-2305\"><p><strong>2026 :<\/strong><br \/>Tyburn Foundation Residency, Civitella Ranieri \u2013 Italy.<\/p><\/div>\n\t\t\t\t<\/div>\n\t\t\t\t\t\t\t<div class=\"elementor-toggle-item\">\n\t\t\t\t\t<div id=\"elementor-tab-title-2306\" class=\"elementor-tab-title\" data-tab=\"6\" role=\"button\" aria-controls=\"elementor-tab-content-2306\" aria-expanded=\"false\">\n\t\t\t\t\t\t\t\t\t\t\t\t<span class=\"elementor-toggle-icon elementor-toggle-icon-right\" aria-hidden=\"true\">\n\t\t\t\t\t\t\t\t\t\t\t\t\t\t\t<span class=\"elementor-toggle-icon-closed\"><svg class=\"e-font-icon-svg e-far-dot-circle\" viewbox=\"0 0 512 512\" xmlns=\"http:\/\/www.w3.org\/2000\/svg\"><path d=\"M256 56c110.532 0 200 89.451 200 200 0 110.532-89.451 200-200 200-110.532 0-200-89.451-200-200 0-110.532 89.451-200 200-200m0-48C119.033 8 8 119.033 8 256s111.033 248 248 248 248-111.033 248-248S392.967 8 256 8zm0 168c-44.183 0-80 35.817-80 80s35.817 80 80 80 80-35.817 80-80-35.817-80-80-80z\"><\/path><\/svg><\/span>\n\t\t\t\t\t\t\t\t<span class=\"elementor-toggle-icon-opened\"><svg class=\"elementor-toggle-icon-opened e-font-icon-svg e-fas-dot-circle\" viewbox=\"0 0 512 512\" xmlns=\"http:\/\/www.w3.org\/2000\/svg\"><path d=\"M256 8C119.033 8 8 119.033 8 256s111.033 248 248 248 248-111.033 248-248S392.967 8 256 8zm80 248c0 44.112-35.888 80-80 80s-80-35.888-80-80 35.888-80 80-80 80 35.888 80 80z\"><\/path><\/svg><\/span>\n\t\t\t\t\t\t\t\t\t\t\t\t\t<\/span>\n\t\t\t\t\t\t\t\t\t\t\t\t<a class=\"elementor-toggle-title\" tabindex=\"0\">PRESSE<\/a>\n\t\t\t\t\t<\/div>\n\n\t\t\t\t\t<div id=\"elementor-tab-content-2306\" class=\"elementor-tab-content elementor-clearfix\" data-tab=\"6\" role=\"region\" aria-labelledby=\"elementor-tab-title-2306\"><p><b>2026 :<br \/><\/b><a href=\"https:\/\/youtu.be\/9vermeGJOOE?si=7ZN6r4VWqAOhHNEQ&amp;t=601\" target=\"_blank\" rel=\"noopener\">2M mag : Lundi 16 F\u00e9vrier 2026<\/a><br \/><a href=\"https:\/\/maisonsdumaroc.com\/arts\/1-54-marrakech-la-foire-dart-contemporain-africain-devoile-sa-programmation\">https:\/\/maisonsdumaroc.com\/arts\/1-54-marrakech-la-foire-dart-contemporain-africain-devoile-sa-programmation<\/a><br \/><a href=\"https:\/\/www.youtube.com\/watch?v=HBkzMmMT10E\">Al Araby 2 TV &#8211; \u0645\u0639\u0631\u0636 \u00ab\u00a0\u0628\u0639\u062f \u0627\u0644\u0646\u0627\u0631\u00a0\u00bb \u0644\u0644\u0641\u0646\u0627\u0646\u0629 \u0627\u0644\u0645\u063a\u0631\u0628\u064a\u0629 \u062e\u062f\u064a\u062c\u0629 \u062c\u0627\u064a\u064a l \u0636\u0641\u0627\u0641<\/a><br \/><b><br \/>2025 :<br \/><\/b><a href=\"https:\/\/www.amexessentials.com\/lifestyle-culture-art-hotels-around-the-world\/\">https:\/\/www.amexessentials.com\/lifestyle-culture-art-hotels-around-the-world\/<\/a><br \/><a href=\"https:\/\/www.gqmiddleeast.com\/article\/the-best-art-exhibitions-to-visit-this-december\">https:\/\/www.gqmiddleeast.com\/article\/the-best-art-exhibitions-to-visit-this-december<\/a><br \/><a href=\"https:\/\/www.diptykmag.com\/product\/diptyk-74\/\">https:\/\/www.diptykmag.com\/product\/diptyk-74\/<\/a><br \/><a href=\"https:\/\/www.vh.ma\/actualite-news-express-maroc\/khadija-jayi-embrase-la-matiere-dans-apres-le-feu-une-renaissance-brulante-a-marrakech\/\">https:\/\/www.vh.ma\/actualite-news-express-maroc\/khadija-jayi-embrase-la-matiere-dans-apres-le-feu-une-renaissance-brulante-a-marrakech\/<\/a><br \/><a href=\"https:\/\/aujourdhui.ma\/culture\/au-comptoir-des-mines-galerie-de-marrakech-khadija-jayi-fait-dialoguer-la-spiritualite-et-la-memoire-politique\">https:\/\/aujourdhui.ma\/culture\/au-comptoir-des-mines-galerie-de-marrakech-khadija-jayi-fait-dialoguer-la-spiritualite-et-la-memoire-politique<\/a><br \/><a href=\"https:\/\/www.decoactuelle.ma\/khadija-jayi-embrase-la-matiere-au-comptoir-des-mines-galerie\/\">https:\/\/www.decoactuelle.ma\/khadija-jayi-embrase-la-matiere-au-comptoir-des-mines-galerie\/<\/a><br \/><a href=\"https:\/\/lobservateur.info\/article\/116578\/culture\/la-1-54-contemporary-african-art-fair-de-retour-a-marrakech\">https:\/\/lobservateur.info\/article\/116578\/culture\/la-1-54-contemporary-african-art-fair-de-retour-a-marrakech<\/a><br \/><a href=\"https:\/\/fr.allafrica.com\/stories\/202511280570.html\">https:\/\/fr.allafrica.com\/stories\/202511280570.html<\/a><br \/><a href=\"https:\/\/www.al-monitor.com\/originals\/2025\/11\/confident-farewell-abu-dhabi-arts-last-edition-hits-new-peak-frieze\">https:\/\/www.al-monitor.com\/originals\/2025\/11\/confident-farewell-abu-dhabi-arts-last-edition-hits-new-peak-frieze<\/a><br \/><a href=\"https:\/\/en.ilsole24ore.com\/art\/from-boutique-fair-global-hub-abu-dhabi-art-enters-frieze-phase-AHugz4tD\">https:\/\/en.ilsole24ore.com\/art\/from-boutique-fair-global-hub-abu-dhabi-art-enters-frieze-phase-AHugz4tD<\/a><br \/><a href=\"https:\/\/tourismenews.ma\/comptoir-des-mines-galerie-abu-dhabi-art-2025\/\">https:\/\/tourismenews.ma\/comptoir-des-mines-galerie-abu-dhabi-art-2025\/<\/a><br \/><a href=\"https:\/\/albayane.press.ma\/une-participation-inaugurale-pour-le-comptoir-des-mines-galerie.html\">https:\/\/albayane.press.ma\/une-participation-inaugurale-pour-le-comptoir-des-mines-galerie.html<\/a><br \/><a href=\"https:\/\/tourismenews.ma\/comptoir-des-mines-galerie-abu-dhabi-art-2025\/\">https:\/\/tourismenews.ma\/comptoir-des-mines-galerie-abu-dhabi-art-2025\/<\/a><b><br \/><\/b><a href=\"https:\/\/fr.le360.ma\/culture\/save-the-date-de-casablanca-a-abu-dhabi-lart-marocain-sillustre-a-la-cmooa-et-au-comptoir-des-mines_3WC7VCH4PRHP3CAXKTGQOMPKD4\/\">https:\/\/fr.le360.ma\/culture\/save-the-date-de-casablanca-a-abu-dhabi-lart-marocain-sillustre-a-la-cmooa-et-au-comptoir-des-mines_3WC7VCH4PRHP3CAXKTGQOMPKD4\/<\/a><br \/><a href=\"https:\/\/www.artnews.com\/list\/art-news\/news\/top-200-collectors-2025-art-purchases-1234753567\/ariel-marcelo-aisiks\/\">https:\/\/www.artnews.com\/list\/art-news\/news\/top-200-collectors-2025-art-purchases-1234753567\/ariel-marcelo-aisiks\/<\/a><br \/><a href=\"https:\/\/fr.le360.ma\/culture\/dix-ans-du-comptoir-des-mines-une-decennie-dart-et-dengagement-celebree-a-rabat_RFBCJJGZDZAY5HJNOMSNNMTMW4\/\">https:\/\/fr.le360.ma\/culture\/dix-ans-du-comptoir-des-mines-une-decennie-dart-et-dengagement-celebree-a-rabat_RFBCJJGZDZAY5HJNOMSNNMTMW4\/<\/a><b><br \/><\/b><a href=\"https:\/\/aujourdhui.ma\/culture\/elle-devoile-une-exposition-collective-a-la-galerie-bab-rouah-le-comptoir-des-mines-fete-ses-10-ans-dactivite\">https:\/\/aujourdhui.ma\/culture\/elle-devoile-une-exposition-collective-a-la-galerie-bab-rouah-le-comptoir-des-mines-fete-ses-10-ans-dactivite<\/a><br \/><a href=\"https:\/\/lampoonmagazine.com\/izza-marrakech-boutique-hotel-architecture-contemporary-art\/\">https:\/\/lampoonmagazine.com\/izza-marrakech-boutique-hotel-architecture-contemporary-art\/<\/a><br \/><a href=\"https:\/\/selectionsarts.com\/tracing-womens-agency-in-arab-art-two-exhibitions-at-the-dalloul-art-foundation\/\">https:\/\/selectionsarts.com\/tracing-womens-agency-in-arab-art-two-exhibitions-at-the-dalloul-art-foundation\/<\/a><br \/><a href=\"https:\/\/www.artnewspaper.fr\/2025\/06\/19\/jnane-elisabeth-histoire-dune-collection\">https:\/\/www.artnewspaper.fr\/2025\/06\/19\/jnane-elisabeth-histoire-dune-collection <\/a><b><br \/><\/b><a href=\"https:\/\/femmesdumaroc.com\/inspiration\/culture\/jnan-elisabeth-un-ecrin-dedie-a-lart-au-palace-es-saadi\">https:\/\/femmesdumaroc.com\/inspiration\/culture\/jnan-elisabeth-un-ecrin-dedie-a-lart-au-palace-es-saadi<\/a><b><br \/><\/b><a href=\"https:\/\/selectionsarts.com\/tracing-womens-agency-in-arab-art-two-exhibitions-at-the-dalloul-art-foundation\/\">https:\/\/selectionsarts.com\/tracing-womens-agency-in-arab-art-two-exhibitions-at-the-dalloul-art-foundation\/<\/a><br \/><a href=\"https:\/\/www.umbria24.it\/cultura\/residenze-per-artisti-visivi-africani-il-programma-internazionale-della-tyburn-foundation\">https:\/\/www.umbria24.it\/cultura\/residenze-per-artisti-visivi-africani-il-programma-internazionale-della-tyburn-foundation<\/a><b><br \/><\/b><a href=\"https:\/\/www.artribune.com\/arti-visive\/arte-contemporanea\/2025\/03\/tyburn-foundation-umbria\/\">https:\/\/www.artribune.com\/arti-visive\/arte-contemporanea\/2025\/03\/tyburn-foundation-umbria<\/a><br \/><a href=\"https:\/\/www.prazzleinc.com\/editorial\/tyburn-foundation-launches-international-residency-program-to-elevate-african-artists-on-the-global-stage\">https:\/\/www.prazzleinc.com\/editorial\/tyburn-foundation-launches-international-residency-program-to-elevate-african-artists-on-the-global-stage<\/a><br \/><b><br \/>2024 <\/b><span style=\"font-weight: 400;\"><strong>:<\/strong><br \/><\/span><a href=\"https:\/\/lobservateur.info\/article\/109953\/culture\/art-dubai-2024-les-artistes-marocains-ont-la-cote\"><span style=\"font-weight: 400;\">https:\/\/lobservateur.info\/article\/109953\/culture\/art-dubai-2024-les-artistes-marocains-ont-la-cote<\/span><\/a><br \/><a href=\"https:\/\/new.dafbeirut.org\/contentFiles\/file\/2024\/06\/Art-Dubai-rides-its-buzz-to-strong-sales-of-contemporary-and-digital-works.pdf\"><span style=\"font-weight: 400;\">https:\/\/new.dafbeirut.org\/contentFiles\/file\/2024\/06\/Art-Dubai-rides-its-buzz-to-strong-sales-of-contemporary-and-digital-works.pdf<\/span><\/a><span style=\"font-weight: 400;\">\u00a0<br \/><\/span><a href=\"https:\/\/www.diptykmag.com\/art-dubai-plebiscite-les-artistes-marocains\/\"><span style=\"font-weight: 400;\">https:\/\/www.diptykmag.com\/art-dubai-plebiscite-les-artistes-marocains<\/span><\/a><br \/><a href=\"https:\/\/www.lecho.be\/culture\/design\/art-dubai-l-art-du-sud-global\/10531000.html\"><span style=\"font-weight: 400;\">https:\/\/www.lecho.be\/culture\/design\/art-dubai-l-art-du-sud-global\/10531000.html<\/span><\/a><span style=\"font-weight: 400;\">\u00a0<br \/><\/span><a href=\"https:\/\/www.thenationalnews.com\/arts-culture\/art-design\/2024\/03\/03\/art-dubai-2024-sales\/\"><span style=\"font-weight: 400;\">https:\/\/www.thenationalnews.com\/arts-culture\/art-design\/2024\/03\/03\/art-dubai-2024-sales<\/span><\/a><\/p><p><strong>2022 <\/strong><span style=\"font-weight: 400;\"><strong>:<\/strong><br \/><\/span><a href=\"https:\/\/ledesk.ma\/culture\/marrakech-la-galerie-comptoir-des-mines-reprend-ses-expositions\/\"><span style=\"font-weight: 400;\">https:\/\/ledesk.ma\/culture\/marrakech-la-galerie-comptoir-des-mines-reprend-ses-expositions<\/span><\/a><br \/><a href=\"https:\/\/aemagazine.ma\/un-rebond-de-la-scene-artistique-a-marrakech-comptoir-des-mines-galerie\/\"><span style=\"font-weight: 400;\">https:\/\/aemagazine.ma\/un-rebond-de-la-scene-artistique-a-marrakech-comptoir-des-mines-galerie<\/span><\/a><br \/><a href=\"https:\/\/quid.ma\/culture\/vernissage-a-rome-d-une-exposition-collective-de-six-artistes-peintres-marocains\"><span style=\"font-weight: 400;\">https:\/\/quid.ma\/culture\/vernissage-a-rome-d-une-exposition-collective-de-six-artistes-peintres-marocains<\/span><\/a><br \/><a href=\"https:\/\/www.diptykmag.com\/art-dubai-from-modern-to-crypto\/\"><span style=\"font-weight: 400;\">https:\/\/www.diptykmag.com\/art-dubai-from-modern-to-crypto<\/span><\/a><span style=\"font-weight: 400;\">\u00a0<br \/><\/span><a href=\"https:\/\/www.mashindia.com\/top-10-highlights-from-art-dubai-by-shalini-passi\/\"><span style=\"font-weight: 400;\">https:\/\/www.mashindia.com\/top-10-highlights-from-art-dubai-by-shalini-passi<\/span><\/a><span style=\"font-weight: 400;\">\u00a0<br \/><\/span><a href=\"https:\/\/www.diptykmag.com\/wp-content\/uploads\/2022\/03\/Diptyk-Magazine-Special-Edition-Dubai_2022.pdf\"><span style=\"font-weight: 400;\">https:\/\/www.diptykmag.com\/wp-content\/uploads\/2022\/03\/Diptyk-Magazine-Special-Edition-Dubai_2022.pdf<\/span><\/a><span style=\"font-weight: 400;\">\u00a0<br \/><\/span><a href=\"https:\/\/latribunedemarrakech.com\/elisabeth-bauchet-boulhal-tout-un-art\/\"><span style=\"font-weight: 400;\">https:\/\/latribunedemarrakech.com\/elisabeth-bauchet-boulhal-tout-un-art<\/span><\/a><br \/><a href=\"https:\/\/www.artsy.net\/article\/artsy-editorial-10-best-booths-middle-eastern-galleries-art-dubai-2022\"><span style=\"font-weight: 400;\">https:\/\/www.artsy.net\/article\/artsy-editorial-10-best-booths-middle-eastern-galleries-art-dubai-2022<\/span><\/a><span style=\"font-weight: 400;\">\u00a0<br \/><\/span><a href=\"https:\/\/lematin.ma\/express\/2022\/comptoir-mines-galerie-rencontre-public-casablancais\/380937.html\"><span style=\"font-weight: 400;\">https:\/\/lematin.ma\/express\/2022\/comptoir-mines-galerie-rencontre-public-casablancais\/380937.html<\/span><\/a><br \/><a href=\"https:\/\/waau-art.com\/events\/galleria-anna-marra-presents-a-dialogue-between-admire-kamudzengere-khadija-jayi-and-fatiha-zemmouri-at-the-1-54-african-contemporary-art-fair\/\">https:\/\/waau-art.com\/events\/galleria-anna-marra-presents-a-dialogue-between-admire-kamudzengere-khadija-jayi-and-fatiha-zemmouri-at-the-1-54-african-contemporary-art-fair\/<\/a><\/p><\/div>\n\t\t\t\t<\/div>\n\t\t\t\t\t\t\t\t<\/div>\n\t\t\t\t\t\t<\/div>\n\t\t\t\t\t<\/div>\n\t\t<\/div>\n\t\t\t\t\t<\/div>\n\t\t<\/section>\n\t\t\t\t<section class=\"elementor-section elementor-top-section elementor-element elementor-element-e5b057d elementor-section-full_width elementor-section-height-default elementor-section-height-default\" data-id=\"e5b057d\" data-element_type=\"section\" data-e-type=\"section\" data-settings=\"{&quot;animation&quot;:&quot;none&quot;}\">\n\t\t\t\t\t\t<div class=\"elementor-container elementor-column-gap-default\">\n\t\t\t\t\t<div class=\"elementor-column elementor-col-100 elementor-top-column elementor-element elementor-element-6f74b9d\" data-id=\"6f74b9d\" data-element_type=\"column\" data-e-type=\"column\">\n\t\t\t<div class=\"elementor-widget-wrap elementor-element-populated\">\n\t\t\t\t\t\t<div class=\"elementor-element elementor-element-905d1e3 elementor-widget elementor-widget-heading\" data-id=\"905d1e3\" data-element_type=\"widget\" data-e-type=\"widget\" data-widget_type=\"heading.default\">\n\t\t\t\t\t<h1 class=\"elementor-heading-title elementor-size-default\">Related Exhibitions<\/h1>\t\t\t\t<\/div>\n\t\t\t\t\t<\/div>\n\t\t<\/div>\n\t\t\t\t\t<\/div>\n\t\t<\/section>\n\t\t\t\t<section class=\"elementor-section elementor-top-section elementor-element elementor-element-110de20 elementor-section-full_width animated-slow elementor-section-height-default elementor-section-height-default\" data-id=\"110de20\" data-element_type=\"section\" data-e-type=\"section\" data-settings=\"{&quot;animation&quot;:&quot;none&quot;}\">\n\t\t\t\t\t\t<div class=\"elementor-container elementor-column-gap-default\">\n\t\t\t\t\t<div class=\"elementor-column elementor-col-100 elementor-top-column elementor-element elementor-element-9a1b8a1\" data-id=\"9a1b8a1\" data-element_type=\"column\" data-e-type=\"column\">\n\t\t\t<div class=\"elementor-widget-wrap elementor-element-populated\">\n\t\t\t\t\t\t<div class=\"elementor-element elementor-element-8357261 elementor-grid-4 elementor-posts--thumbnail-top elementor-grid-tablet-2 elementor-grid-mobile-1 elementor-widget elementor-widget-posts\" data-id=\"8357261\" data-element_type=\"widget\" data-e-type=\"widget\" data-settings=\"{&quot;custom_columns&quot;:&quot;4&quot;,&quot;custom_columns_tablet&quot;:&quot;2&quot;,&quot;custom_columns_mobile&quot;:&quot;1&quot;,&quot;custom_row_gap&quot;:{&quot;unit&quot;:&quot;px&quot;,&quot;size&quot;:35,&quot;sizes&quot;:[]},&quot;custom_row_gap_tablet&quot;:{&quot;unit&quot;:&quot;px&quot;,&quot;size&quot;:&quot;&quot;,&quot;sizes&quot;:[]},&quot;custom_row_gap_mobile&quot;:{&quot;unit&quot;:&quot;px&quot;,&quot;size&quot;:&quot;&quot;,&quot;sizes&quot;:[]}}\" data-widget_type=\"posts.custom\">\n\t\t\t\t<div class=\"elementor-widget-container\">\n\t\t\t\t\t      <div class=\"ecs-posts elementor-posts-container elementor-posts   elementor-grid elementor-posts--skin-custom\" data-settings=\"{&quot;current_page&quot;:1,&quot;max_num_pages&quot;:1,&quot;load_method&quot;:&quot;&quot;,&quot;widget_id&quot;:&quot;8357261&quot;,&quot;post_id&quot;:8030,&quot;theme_id&quot;:8030,&quot;change_url&quot;:false,&quot;reinit_js&quot;:false}\">\n      \t\t<article id=\"post-18298\" class=\"elementor-post elementor-grid-item ecs-post-loop post-18298 expositions type-expositions status-publish has-post-thumbnail hentry\">\n\t\t\t\t<div data-elementor-type=\"loop\" data-elementor-id=\"5878\" class=\"elementor elementor-5878 post-18298 expositions type-expositions status-publish has-post-thumbnail hentry\" data-elementor-post-type=\"elementor_library\">\n\t\t\t\t\t<section class=\"elementor-section elementor-top-section elementor-element elementor-element-b491dbd elementor-section-height-min-height elementor-section-content-top elementor-section-items-top elementor-section-boxed elementor-section-height-default\" data-id=\"b491dbd\" data-element_type=\"section\" data-e-type=\"section\">\n\t\t\t\t\t\t<div class=\"elementor-container elementor-column-gap-no\">\n\t\t\t\t\t<div class=\"elementor-column elementor-col-100 elementor-top-column elementor-element elementor-element-c7bab02\" data-id=\"c7bab02\" data-element_type=\"column\" data-e-type=\"column\">\n\t\t\t<div class=\"elementor-widget-wrap elementor-element-populated\">\n\t\t\t\t\t\t<div class=\"elementor-element elementor-element-b6af9b3 elementor-widget elementor-widget-theme-post-featured-image elementor-widget-image\" data-id=\"b6af9b3\" data-element_type=\"widget\" data-e-type=\"widget\" data-widget_type=\"theme-post-featured-image.default\">\n\t\t\t\t\t\t\t\t\t\t\t\t\t\t\t\t<a href=\"https:\/\/cmgmarrakech.com\/en\/expositions\/khadija-jayi-apres-le-feu\/\">\n\t\t\t\t\t\t\t<img decoding=\"async\" width=\"768\" height=\"512\" src=\"https:\/\/cmgmarrakech.com\/wp-content\/uploads\/2025\/12\/Khadija-Jayi-Apres-Le-Feu-Exhibition-12.2025-768x512.jpg\" class=\"attachment-medium_large size-medium_large wp-image-18299\" alt=\"\" srcset=\"https:\/\/cmgmarrakech.com\/wp-content\/uploads\/2025\/12\/Khadija-Jayi-Apres-Le-Feu-Exhibition-12.2025-768x512.jpg 768w, https:\/\/cmgmarrakech.com\/wp-content\/uploads\/2025\/12\/Khadija-Jayi-Apres-Le-Feu-Exhibition-12.2025-300x200.jpg 300w, https:\/\/cmgmarrakech.com\/wp-content\/uploads\/2025\/12\/Khadija-Jayi-Apres-Le-Feu-Exhibition-12.2025-1024x683.jpg 1024w, https:\/\/cmgmarrakech.com\/wp-content\/uploads\/2025\/12\/Khadija-Jayi-Apres-Le-Feu-Exhibition-12.2025-1536x1025.jpg 1536w, https:\/\/cmgmarrakech.com\/wp-content\/uploads\/2025\/12\/Khadija-Jayi-Apres-Le-Feu-Exhibition-12.2025-18x12.jpg 18w, https:\/\/cmgmarrakech.com\/wp-content\/uploads\/2025\/12\/Khadija-Jayi-Apres-Le-Feu-Exhibition-12.2025-415x277.jpg 415w, https:\/\/cmgmarrakech.com\/wp-content\/uploads\/2025\/12\/Khadija-Jayi-Apres-Le-Feu-Exhibition-12.2025-650x434.jpg 650w, https:\/\/cmgmarrakech.com\/wp-content\/uploads\/2025\/12\/Khadija-Jayi-Apres-Le-Feu-Exhibition-12.2025-250x167.jpg 250w, https:\/\/cmgmarrakech.com\/wp-content\/uploads\/2025\/12\/Khadija-Jayi-Apres-Le-Feu-Exhibition-12.2025.jpg 2000w\" sizes=\"(max-width: 768px) 100vw, 768px\" \/>\t\t\t\t\t\t\t\t<\/a>\n\t\t\t\t\t\t\t\t\t\t\t\t\t\t\t<\/div>\n\t\t\t\t<div class=\"elementor-element elementor-element-020227f elementor-widget elementor-widget-heading\" data-id=\"020227f\" data-element_type=\"widget\" data-e-type=\"widget\" data-widget_type=\"heading.default\">\n\t\t\t\t\t<h2 class=\"elementor-heading-title elementor-size-default\"><a href=\"https:\/\/cmgmarrakech.com\/en\/expositions\/khadija-jayi-apres-le-feu\/\">Beyond fire<\/a><\/h2>\t\t\t\t<\/div>\n\t\t\t\t<div class=\"elementor-element elementor-element-98722ed elementor-widget elementor-widget-heading\" data-id=\"98722ed\" data-element_type=\"widget\" data-e-type=\"widget\" data-widget_type=\"heading.default\">\n\t\t\t\t\t<h2 class=\"elementor-heading-title elementor-size-default\"><a href=\"https:\/\/cmgmarrakech.com\/en\/expositions\/khadija-jayi-apres-le-feu\/\">Khadija Jayi<\/a><\/h2>\t\t\t\t<\/div>\n\t\t\t\t<div class=\"elementor-element elementor-element-7169774 elementor-widget elementor-widget-heading\" data-id=\"7169774\" data-element_type=\"widget\" data-e-type=\"widget\" data-widget_type=\"heading.default\">\n\t\t\t\t\t<h2 class=\"elementor-heading-title elementor-size-default\"><a href=\"https:\/\/cmgmarrakech.com\/en\/expositions\/khadija-jayi-apres-le-feu\/\">20 December 2025 \u2014 25 January 2026<\/a><\/h2>\t\t\t\t<\/div>\n\t\t\t\t\t<\/div>\n\t\t<\/div>\n\t\t\t\t\t<\/div>\n\t\t<\/section>\n\t\t\t\t<\/div>\n\t\t\t\t<\/article>\n\t\t\t\t<article id=\"post-17756\" class=\"elementor-post elementor-grid-item ecs-post-loop post-17756 expositions type-expositions status-publish has-post-thumbnail hentry\">\n\t\t\t\t<div data-elementor-type=\"loop\" data-elementor-id=\"5878\" class=\"elementor elementor-5878 post-17756 expositions type-expositions status-publish has-post-thumbnail hentry\" data-elementor-post-type=\"elementor_library\">\n\t\t\t\t\t<section class=\"elementor-section elementor-top-section elementor-element elementor-element-b491dbd elementor-section-height-min-height elementor-section-content-top elementor-section-items-top elementor-section-boxed elementor-section-height-default\" data-id=\"b491dbd\" data-element_type=\"section\" data-e-type=\"section\">\n\t\t\t\t\t\t<div class=\"elementor-container elementor-column-gap-no\">\n\t\t\t\t\t<div class=\"elementor-column elementor-col-100 elementor-top-column elementor-element elementor-element-c7bab02\" data-id=\"c7bab02\" data-element_type=\"column\" data-e-type=\"column\">\n\t\t\t<div class=\"elementor-widget-wrap elementor-element-populated\">\n\t\t\t\t\t\t<div class=\"elementor-element elementor-element-b6af9b3 elementor-widget elementor-widget-theme-post-featured-image elementor-widget-image\" data-id=\"b6af9b3\" data-element_type=\"widget\" data-e-type=\"widget\" data-widget_type=\"theme-post-featured-image.default\">\n\t\t\t\t\t\t\t\t\t\t\t\t\t\t\t\t<a href=\"https:\/\/cmgmarrakech.com\/en\/expositions\/abudhabi-art-2025\/\">\n\t\t\t\t\t\t\t<img decoding=\"async\" width=\"768\" height=\"512\" src=\"https:\/\/cmgmarrakech.com\/wp-content\/uploads\/2025\/11\/Abu-Dhabi-Art-2025-768x512.jpg\" class=\"attachment-medium_large size-medium_large wp-image-17757\" alt=\"\" srcset=\"https:\/\/cmgmarrakech.com\/wp-content\/uploads\/2025\/11\/Abu-Dhabi-Art-2025-768x512.jpg 768w, https:\/\/cmgmarrakech.com\/wp-content\/uploads\/2025\/11\/Abu-Dhabi-Art-2025-300x200.jpg 300w, https:\/\/cmgmarrakech.com\/wp-content\/uploads\/2025\/11\/Abu-Dhabi-Art-2025-1024x683.jpg 1024w, https:\/\/cmgmarrakech.com\/wp-content\/uploads\/2025\/11\/Abu-Dhabi-Art-2025-1536x1025.jpg 1536w, https:\/\/cmgmarrakech.com\/wp-content\/uploads\/2025\/11\/Abu-Dhabi-Art-2025-18x12.jpg 18w, https:\/\/cmgmarrakech.com\/wp-content\/uploads\/2025\/11\/Abu-Dhabi-Art-2025-415x277.jpg 415w, https:\/\/cmgmarrakech.com\/wp-content\/uploads\/2025\/11\/Abu-Dhabi-Art-2025-650x434.jpg 650w, https:\/\/cmgmarrakech.com\/wp-content\/uploads\/2025\/11\/Abu-Dhabi-Art-2025-250x167.jpg 250w, https:\/\/cmgmarrakech.com\/wp-content\/uploads\/2025\/11\/Abu-Dhabi-Art-2025.jpg 2000w\" sizes=\"(max-width: 768px) 100vw, 768px\" \/>\t\t\t\t\t\t\t\t<\/a>\n\t\t\t\t\t\t\t\t\t\t\t\t\t\t\t<\/div>\n\t\t\t\t<div class=\"elementor-element elementor-element-020227f elementor-widget elementor-widget-heading\" data-id=\"020227f\" data-element_type=\"widget\" data-e-type=\"widget\" data-widget_type=\"heading.default\">\n\t\t\t\t\t<h2 class=\"elementor-heading-title elementor-size-default\"><a href=\"https:\/\/cmgmarrakech.com\/en\/expositions\/abudhabi-art-2025\/\">Abu Dhabi Art 2025<\/a><\/h2>\t\t\t\t<\/div>\n\t\t\t\t<div class=\"elementor-element elementor-element-98722ed elementor-widget elementor-widget-heading\" data-id=\"98722ed\" data-element_type=\"widget\" data-e-type=\"widget\" data-widget_type=\"heading.default\">\n\t\t\t\t\t<h2 class=\"elementor-heading-title elementor-size-default\"><a href=\"https:\/\/cmgmarrakech.com\/en\/expositions\/abudhabi-art-2025\/\">Mohammed Kacimi, Latifa Toujani, Fatiha Zemmouri, Hassan Darsi, Khadija Jayi, Larbi Cherkaoui, Mouhcine Rahaoui, Yasmina Alaoui<\/a><\/h2>\t\t\t\t<\/div>\n\t\t\t\t<div class=\"elementor-element elementor-element-7169774 elementor-widget elementor-widget-heading\" data-id=\"7169774\" data-element_type=\"widget\" data-e-type=\"widget\" data-widget_type=\"heading.default\">\n\t\t\t\t\t<h2 class=\"elementor-heading-title elementor-size-default\"><a href=\"https:\/\/cmgmarrakech.com\/en\/expositions\/abudhabi-art-2025\/\">From 17 to 23 November 2025<\/a><\/h2>\t\t\t\t<\/div>\n\t\t\t\t\t<\/div>\n\t\t<\/div>\n\t\t\t\t\t<\/div>\n\t\t<\/section>\n\t\t\t\t<\/div>\n\t\t\t\t<\/article>\n\t\t\t\t<article id=\"post-17353\" class=\"elementor-post elementor-grid-item ecs-post-loop post-17353 expositions type-expositions status-publish has-post-thumbnail hentry\">\n\t\t\t\t<div data-elementor-type=\"loop\" data-elementor-id=\"5878\" class=\"elementor elementor-5878 post-17353 expositions type-expositions status-publish has-post-thumbnail hentry\" data-elementor-post-type=\"elementor_library\">\n\t\t\t\t\t<section class=\"elementor-section elementor-top-section elementor-element elementor-element-b491dbd elementor-section-height-min-height elementor-section-content-top elementor-section-items-top elementor-section-boxed elementor-section-height-default\" data-id=\"b491dbd\" data-element_type=\"section\" data-e-type=\"section\">\n\t\t\t\t\t\t<div class=\"elementor-container elementor-column-gap-no\">\n\t\t\t\t\t<div class=\"elementor-column elementor-col-100 elementor-top-column elementor-element elementor-element-c7bab02\" data-id=\"c7bab02\" data-element_type=\"column\" data-e-type=\"column\">\n\t\t\t<div class=\"elementor-widget-wrap elementor-element-populated\">\n\t\t\t\t\t\t<div class=\"elementor-element elementor-element-b6af9b3 elementor-widget elementor-widget-theme-post-featured-image elementor-widget-image\" data-id=\"b6af9b3\" data-element_type=\"widget\" data-e-type=\"widget\" data-widget_type=\"theme-post-featured-image.default\">\n\t\t\t\t\t\t\t\t\t\t\t\t\t\t\t\t<a href=\"https:\/\/cmgmarrakech.com\/en\/expositions\/10-ans-at-cmg-marrakech\/\">\n\t\t\t\t\t\t\t<img loading=\"lazy\" decoding=\"async\" width=\"768\" height=\"512\" src=\"https:\/\/cmgmarrakech.com\/wp-content\/uploads\/2025\/10\/CMG-10-ans-Marrakech-768x512.jpg\" class=\"attachment-medium_large size-medium_large wp-image-17354\" alt=\"\" srcset=\"https:\/\/cmgmarrakech.com\/wp-content\/uploads\/2025\/10\/CMG-10-ans-Marrakech-768x512.jpg 768w, https:\/\/cmgmarrakech.com\/wp-content\/uploads\/2025\/10\/CMG-10-ans-Marrakech-300x200.jpg 300w, https:\/\/cmgmarrakech.com\/wp-content\/uploads\/2025\/10\/CMG-10-ans-Marrakech-1024x683.jpg 1024w, https:\/\/cmgmarrakech.com\/wp-content\/uploads\/2025\/10\/CMG-10-ans-Marrakech-1536x1025.jpg 1536w, https:\/\/cmgmarrakech.com\/wp-content\/uploads\/2025\/10\/CMG-10-ans-Marrakech-18x12.jpg 18w, https:\/\/cmgmarrakech.com\/wp-content\/uploads\/2025\/10\/CMG-10-ans-Marrakech-415x277.jpg 415w, https:\/\/cmgmarrakech.com\/wp-content\/uploads\/2025\/10\/CMG-10-ans-Marrakech-650x434.jpg 650w, https:\/\/cmgmarrakech.com\/wp-content\/uploads\/2025\/10\/CMG-10-ans-Marrakech-250x167.jpg 250w, https:\/\/cmgmarrakech.com\/wp-content\/uploads\/2025\/10\/CMG-10-ans-Marrakech.jpg 2000w\" sizes=\"(max-width: 768px) 100vw, 768px\" \/>\t\t\t\t\t\t\t\t<\/a>\n\t\t\t\t\t\t\t\t\t\t\t\t\t\t\t<\/div>\n\t\t\t\t<div class=\"elementor-element elementor-element-020227f elementor-widget elementor-widget-heading\" data-id=\"020227f\" data-element_type=\"widget\" data-e-type=\"widget\" data-widget_type=\"heading.default\">\n\t\t\t\t\t<h2 class=\"elementor-heading-title elementor-size-default\"><a href=\"https:\/\/cmgmarrakech.com\/en\/expositions\/10-ans-at-cmg-marrakech\/\">\u201c10 years\u201d<\/a><\/h2>\t\t\t\t<\/div>\n\t\t\t\t<div class=\"elementor-element elementor-element-98722ed elementor-widget elementor-widget-heading\" data-id=\"98722ed\" data-element_type=\"widget\" data-e-type=\"widget\" data-widget_type=\"heading.default\">\n\t\t\t\t\t<h2 class=\"elementor-heading-title elementor-size-default\"><a href=\"https:\/\/cmgmarrakech.com\/en\/expositions\/10-ans-at-cmg-marrakech\/\">Mariam Abouzid Souali, Mohamed Arejdal, Mustapha Akrim, Khalil Nemmaoui, Larbi Cherkaoui, Fatiha Zemmouri, Amina Azreg, Simohammed Fettaka, Latifa Toujani, Sara Ouhaddou, Diadji Diop, Hassan Darsi, Abdallah El Hariri, Bachir Demnati, Mohammed Kacimi, Aymane Errachidi, Yasmina Alaoui, Khadija Jayi, Mouhcine Rahaoui, Hassan Bourkia, Loutfi Souidi, Ilias Elhaddioui, Bachir Demnati, Safae El Kadi<\/a><\/h2>\t\t\t\t<\/div>\n\t\t\t\t<div class=\"elementor-element elementor-element-7169774 elementor-widget elementor-widget-heading\" data-id=\"7169774\" data-element_type=\"widget\" data-e-type=\"widget\" data-widget_type=\"heading.default\">\n\t\t\t\t\t<h2 class=\"elementor-heading-title elementor-size-default\"><a href=\"https:\/\/cmgmarrakech.com\/en\/expositions\/10-ans-at-cmg-marrakech\/\">Du 17 Octobre au 31 Octobre \"Prolong\u00e9e jusqu'au 20 Novembre\"<\/a><\/h2>\t\t\t\t<\/div>\n\t\t\t\t\t<\/div>\n\t\t<\/div>\n\t\t\t\t\t<\/div>\n\t\t<\/section>\n\t\t\t\t<\/div>\n\t\t\t\t<\/article>\n\t\t\t\t<article id=\"post-16733\" class=\"elementor-post elementor-grid-item ecs-post-loop post-16733 expositions type-expositions status-publish has-post-thumbnail hentry\">\n\t\t\t\t<div data-elementor-type=\"loop\" data-elementor-id=\"5878\" class=\"elementor elementor-5878 post-16733 expositions type-expositions status-publish has-post-thumbnail hentry\" data-elementor-post-type=\"elementor_library\">\n\t\t\t\t\t<section class=\"elementor-section elementor-top-section elementor-element elementor-element-b491dbd elementor-section-height-min-height elementor-section-content-top elementor-section-items-top elementor-section-boxed elementor-section-height-default\" data-id=\"b491dbd\" data-element_type=\"section\" data-e-type=\"section\">\n\t\t\t\t\t\t<div class=\"elementor-container elementor-column-gap-no\">\n\t\t\t\t\t<div class=\"elementor-column elementor-col-100 elementor-top-column elementor-element elementor-element-c7bab02\" data-id=\"c7bab02\" data-element_type=\"column\" data-e-type=\"column\">\n\t\t\t<div class=\"elementor-widget-wrap elementor-element-populated\">\n\t\t\t\t\t\t<div class=\"elementor-element elementor-element-b6af9b3 elementor-widget elementor-widget-theme-post-featured-image elementor-widget-image\" data-id=\"b6af9b3\" data-element_type=\"widget\" data-e-type=\"widget\" data-widget_type=\"theme-post-featured-image.default\">\n\t\t\t\t\t\t\t\t\t\t\t\t\t\t\t\t<a href=\"https:\/\/cmgmarrakech.com\/en\/expositions\/10-ans-du-comptoir-des-mines\/\">\n\t\t\t\t\t\t\t<img loading=\"lazy\" decoding=\"async\" width=\"768\" height=\"512\" src=\"https:\/\/cmgmarrakech.com\/wp-content\/uploads\/2025\/09\/CMG-10-ans-768x512.jpg\" class=\"attachment-medium_large size-medium_large wp-image-16734\" alt=\"\" srcset=\"https:\/\/cmgmarrakech.com\/wp-content\/uploads\/2025\/09\/CMG-10-ans-768x512.jpg 768w, https:\/\/cmgmarrakech.com\/wp-content\/uploads\/2025\/09\/CMG-10-ans-300x200.jpg 300w, https:\/\/cmgmarrakech.com\/wp-content\/uploads\/2025\/09\/CMG-10-ans-1024x683.jpg 1024w, https:\/\/cmgmarrakech.com\/wp-content\/uploads\/2025\/09\/CMG-10-ans-1536x1025.jpg 1536w, https:\/\/cmgmarrakech.com\/wp-content\/uploads\/2025\/09\/CMG-10-ans-18x12.jpg 18w, https:\/\/cmgmarrakech.com\/wp-content\/uploads\/2025\/09\/CMG-10-ans-415x277.jpg 415w, https:\/\/cmgmarrakech.com\/wp-content\/uploads\/2025\/09\/CMG-10-ans-650x434.jpg 650w, https:\/\/cmgmarrakech.com\/wp-content\/uploads\/2025\/09\/CMG-10-ans-250x167.jpg 250w, https:\/\/cmgmarrakech.com\/wp-content\/uploads\/2025\/09\/CMG-10-ans.jpg 2000w\" sizes=\"(max-width: 768px) 100vw, 768px\" \/>\t\t\t\t\t\t\t\t<\/a>\n\t\t\t\t\t\t\t\t\t\t\t\t\t\t\t<\/div>\n\t\t\t\t<div class=\"elementor-element elementor-element-020227f elementor-widget elementor-widget-heading\" data-id=\"020227f\" data-element_type=\"widget\" data-e-type=\"widget\" data-widget_type=\"heading.default\">\n\t\t\t\t\t<h2 class=\"elementor-heading-title elementor-size-default\"><a href=\"https:\/\/cmgmarrakech.com\/en\/expositions\/10-ans-du-comptoir-des-mines\/\">\u201c10 years\u201d<\/a><\/h2>\t\t\t\t<\/div>\n\t\t\t\t<div class=\"elementor-element elementor-element-98722ed elementor-widget elementor-widget-heading\" data-id=\"98722ed\" data-element_type=\"widget\" data-e-type=\"widget\" data-widget_type=\"heading.default\">\n\t\t\t\t\t<h2 class=\"elementor-heading-title elementor-size-default\"><a href=\"https:\/\/cmgmarrakech.com\/en\/expositions\/10-ans-du-comptoir-des-mines\/\">Mariam Abouzid Souali, Mohamed Arejdal, Mustapha Akrim, Khalil Nemmaoui, Larbi Cherkaoui, Fatiha Zemmouri, Amina Azreg, Simohammed Fettaka, Latifa Toujani, Sara Ouhaddou, Diadji Diop, Hassan Darsi, Abdallah El Hariri, Bachir Demnati, Mohammed Kacimi, Aymane Errachidi, Yasmina Alaoui, Khadija Jayi, Mouhcine Rahaoui, Hassan Bourkia<\/a><\/h2>\t\t\t\t<\/div>\n\t\t\t\t<div class=\"elementor-element elementor-element-7169774 elementor-widget elementor-widget-heading\" data-id=\"7169774\" data-element_type=\"widget\" data-e-type=\"widget\" data-widget_type=\"heading.default\">\n\t\t\t\t\t<h2 class=\"elementor-heading-title elementor-size-default\"><a href=\"https:\/\/cmgmarrakech.com\/en\/expositions\/10-ans-du-comptoir-des-mines\/\">25 - 30 September 2025<\/a><\/h2>\t\t\t\t<\/div>\n\t\t\t\t\t<\/div>\n\t\t<\/div>\n\t\t\t\t\t<\/div>\n\t\t<\/section>\n\t\t\t\t<\/div>\n\t\t\t\t<\/article>\n\t\t\t\t<article id=\"post-14984\" class=\"elementor-post elementor-grid-item ecs-post-loop post-14984 expositions type-expositions status-publish has-post-thumbnail hentry\">\n\t\t\t\t<div data-elementor-type=\"loop\" data-elementor-id=\"5878\" class=\"elementor elementor-5878 post-14984 expositions type-expositions status-publish has-post-thumbnail hentry\" data-elementor-post-type=\"elementor_library\">\n\t\t\t\t\t<section class=\"elementor-section elementor-top-section elementor-element elementor-element-b491dbd elementor-section-height-min-height elementor-section-content-top elementor-section-items-top elementor-section-boxed elementor-section-height-default\" data-id=\"b491dbd\" data-element_type=\"section\" data-e-type=\"section\">\n\t\t\t\t\t\t<div class=\"elementor-container elementor-column-gap-no\">\n\t\t\t\t\t<div class=\"elementor-column elementor-col-100 elementor-top-column elementor-element elementor-element-c7bab02\" data-id=\"c7bab02\" data-element_type=\"column\" data-e-type=\"column\">\n\t\t\t<div class=\"elementor-widget-wrap elementor-element-populated\">\n\t\t\t\t\t\t<div class=\"elementor-element elementor-element-b6af9b3 elementor-widget elementor-widget-theme-post-featured-image elementor-widget-image\" data-id=\"b6af9b3\" data-element_type=\"widget\" data-e-type=\"widget\" data-widget_type=\"theme-post-featured-image.default\">\n\t\t\t\t\t\t\t\t\t\t\t\t\t\t\t\t<a href=\"https:\/\/cmgmarrakech.com\/en\/expositions\/art-dubai-2025\/\">\n\t\t\t\t\t\t\t<img loading=\"lazy\" decoding=\"async\" width=\"768\" height=\"512\" src=\"https:\/\/cmgmarrakech.com\/wp-content\/uploads\/2025\/04\/Art-Dubai-Fair-Mohamed-Arejdal-2025-768x512.jpg\" class=\"attachment-medium_large size-medium_large wp-image-15077\" alt=\"\" srcset=\"https:\/\/cmgmarrakech.com\/wp-content\/uploads\/2025\/04\/Art-Dubai-Fair-Mohamed-Arejdal-2025-768x512.jpg 768w, https:\/\/cmgmarrakech.com\/wp-content\/uploads\/2025\/04\/Art-Dubai-Fair-Mohamed-Arejdal-2025-300x200.jpg 300w, https:\/\/cmgmarrakech.com\/wp-content\/uploads\/2025\/04\/Art-Dubai-Fair-Mohamed-Arejdal-2025-1024x683.jpg 1024w, https:\/\/cmgmarrakech.com\/wp-content\/uploads\/2025\/04\/Art-Dubai-Fair-Mohamed-Arejdal-2025-1536x1025.jpg 1536w, https:\/\/cmgmarrakech.com\/wp-content\/uploads\/2025\/04\/Art-Dubai-Fair-Mohamed-Arejdal-2025-18x12.jpg 18w, https:\/\/cmgmarrakech.com\/wp-content\/uploads\/2025\/04\/Art-Dubai-Fair-Mohamed-Arejdal-2025-415x277.jpg 415w, https:\/\/cmgmarrakech.com\/wp-content\/uploads\/2025\/04\/Art-Dubai-Fair-Mohamed-Arejdal-2025-650x434.jpg 650w, https:\/\/cmgmarrakech.com\/wp-content\/uploads\/2025\/04\/Art-Dubai-Fair-Mohamed-Arejdal-2025-250x167.jpg 250w, https:\/\/cmgmarrakech.com\/wp-content\/uploads\/2025\/04\/Art-Dubai-Fair-Mohamed-Arejdal-2025.jpg 2000w\" sizes=\"(max-width: 768px) 100vw, 768px\" \/>\t\t\t\t\t\t\t\t<\/a>\n\t\t\t\t\t\t\t\t\t\t\t\t\t\t\t<\/div>\n\t\t\t\t<div class=\"elementor-element elementor-element-020227f elementor-widget elementor-widget-heading\" data-id=\"020227f\" data-element_type=\"widget\" data-e-type=\"widget\" data-widget_type=\"heading.default\">\n\t\t\t\t\t<h2 class=\"elementor-heading-title elementor-size-default\"><a href=\"https:\/\/cmgmarrakech.com\/en\/expositions\/art-dubai-2025\/\">Art Dubai\u00a02025<\/a><\/h2>\t\t\t\t<\/div>\n\t\t\t\t<div class=\"elementor-element elementor-element-98722ed elementor-widget elementor-widget-heading\" data-id=\"98722ed\" data-element_type=\"widget\" data-e-type=\"widget\" data-widget_type=\"heading.default\">\n\t\t\t\t\t<h2 class=\"elementor-heading-title elementor-size-default\"><a href=\"https:\/\/cmgmarrakech.com\/en\/expositions\/art-dubai-2025\/\">Mustapha Akrim, Mohamed Arejdal, Khadija Jayi, Mohammed Kacimi, Fatiha Zemmouri<\/a><\/h2>\t\t\t\t<\/div>\n\t\t\t\t<div class=\"elementor-element elementor-element-7169774 elementor-widget elementor-widget-heading\" data-id=\"7169774\" data-element_type=\"widget\" data-e-type=\"widget\" data-widget_type=\"heading.default\">\n\t\t\t\t\t<h2 class=\"elementor-heading-title elementor-size-default\"><a href=\"https:\/\/cmgmarrakech.com\/en\/expositions\/art-dubai-2025\/\">18-20 April 2025<\/a><\/h2>\t\t\t\t<\/div>\n\t\t\t\t\t<\/div>\n\t\t<\/div>\n\t\t\t\t\t<\/div>\n\t\t<\/section>\n\t\t\t\t<\/div>\n\t\t\t\t<\/article>\n\t\t\t\t<article id=\"post-14443\" class=\"elementor-post elementor-grid-item ecs-post-loop post-14443 expositions type-expositions status-publish has-post-thumbnail hentry\">\n\t\t\t\t<div data-elementor-type=\"loop\" data-elementor-id=\"5878\" class=\"elementor elementor-5878 post-14443 expositions type-expositions status-publish has-post-thumbnail hentry\" data-elementor-post-type=\"elementor_library\">\n\t\t\t\t\t<section class=\"elementor-section elementor-top-section elementor-element elementor-element-b491dbd elementor-section-height-min-height elementor-section-content-top elementor-section-items-top elementor-section-boxed elementor-section-height-default\" data-id=\"b491dbd\" data-element_type=\"section\" data-e-type=\"section\">\n\t\t\t\t\t\t<div class=\"elementor-container elementor-column-gap-no\">\n\t\t\t\t\t<div class=\"elementor-column elementor-col-100 elementor-top-column elementor-element elementor-element-c7bab02\" data-id=\"c7bab02\" data-element_type=\"column\" data-e-type=\"column\">\n\t\t\t<div class=\"elementor-widget-wrap elementor-element-populated\">\n\t\t\t\t\t\t<div class=\"elementor-element elementor-element-b6af9b3 elementor-widget elementor-widget-theme-post-featured-image elementor-widget-image\" data-id=\"b6af9b3\" data-element_type=\"widget\" data-e-type=\"widget\" data-widget_type=\"theme-post-featured-image.default\">\n\t\t\t\t\t\t\t\t\t\t\t\t\t\t\t\t<a href=\"https:\/\/cmgmarrakech.com\/en\/expositions\/zonamaco-2025-back-to-mexico\/\">\n\t\t\t\t\t\t\t<img loading=\"lazy\" decoding=\"async\" width=\"768\" height=\"512\" src=\"https:\/\/cmgmarrakech.com\/wp-content\/uploads\/2025\/01\/Melehi-COMPOSITION-1974-Decoupage-cellulosique-sur-panneau-Details-768x512.jpg\" class=\"attachment-medium_large size-medium_large wp-image-14444\" alt=\"\" srcset=\"https:\/\/cmgmarrakech.com\/wp-content\/uploads\/2025\/01\/Melehi-COMPOSITION-1974-Decoupage-cellulosique-sur-panneau-Details-768x512.jpg 768w, https:\/\/cmgmarrakech.com\/wp-content\/uploads\/2025\/01\/Melehi-COMPOSITION-1974-Decoupage-cellulosique-sur-panneau-Details-300x200.jpg 300w, https:\/\/cmgmarrakech.com\/wp-content\/uploads\/2025\/01\/Melehi-COMPOSITION-1974-Decoupage-cellulosique-sur-panneau-Details-1024x683.jpg 1024w, https:\/\/cmgmarrakech.com\/wp-content\/uploads\/2025\/01\/Melehi-COMPOSITION-1974-Decoupage-cellulosique-sur-panneau-Details-1536x1025.jpg 1536w, https:\/\/cmgmarrakech.com\/wp-content\/uploads\/2025\/01\/Melehi-COMPOSITION-1974-Decoupage-cellulosique-sur-panneau-Details-18x12.jpg 18w, https:\/\/cmgmarrakech.com\/wp-content\/uploads\/2025\/01\/Melehi-COMPOSITION-1974-Decoupage-cellulosique-sur-panneau-Details-415x277.jpg 415w, https:\/\/cmgmarrakech.com\/wp-content\/uploads\/2025\/01\/Melehi-COMPOSITION-1974-Decoupage-cellulosique-sur-panneau-Details-650x434.jpg 650w, https:\/\/cmgmarrakech.com\/wp-content\/uploads\/2025\/01\/Melehi-COMPOSITION-1974-Decoupage-cellulosique-sur-panneau-Details-250x167.jpg 250w, https:\/\/cmgmarrakech.com\/wp-content\/uploads\/2025\/01\/Melehi-COMPOSITION-1974-Decoupage-cellulosique-sur-panneau-Details.jpg 2000w\" sizes=\"(max-width: 768px) 100vw, 768px\" \/>\t\t\t\t\t\t\t\t<\/a>\n\t\t\t\t\t\t\t\t\t\t\t\t\t\t\t<\/div>\n\t\t\t\t<div class=\"elementor-element elementor-element-020227f elementor-widget elementor-widget-heading\" data-id=\"020227f\" data-element_type=\"widget\" data-e-type=\"widget\" data-widget_type=\"heading.default\">\n\t\t\t\t\t<h2 class=\"elementor-heading-title elementor-size-default\"><a href=\"https:\/\/cmgmarrakech.com\/en\/expositions\/zonamaco-2025-back-to-mexico\/\">Zsonamaco 2025<\/a><\/h2>\t\t\t\t<\/div>\n\t\t\t\t<div class=\"elementor-element elementor-element-98722ed elementor-widget elementor-widget-heading\" data-id=\"98722ed\" data-element_type=\"widget\" data-e-type=\"widget\" data-widget_type=\"heading.default\">\n\t\t\t\t\t<h2 class=\"elementor-heading-title elementor-size-default\"><a href=\"https:\/\/cmgmarrakech.com\/en\/expositions\/zonamaco-2025-back-to-mexico\/\">Mohamed Melehi, Mohammed Kacimi, Bachir Demnati, Mohamed Arejdal, Mustapha Akrim, Fatiha Zemmouri, Mouhcine Rahaoui, Khadija Jayi<\/a><\/h2>\t\t\t\t<\/div>\n\t\t\t\t<div class=\"elementor-element elementor-element-7169774 elementor-widget elementor-widget-heading\" data-id=\"7169774\" data-element_type=\"widget\" data-e-type=\"widget\" data-widget_type=\"heading.default\">\n\t\t\t\t\t<h2 class=\"elementor-heading-title elementor-size-default\"><a href=\"https:\/\/cmgmarrakech.com\/en\/expositions\/zonamaco-2025-back-to-mexico\/\">5 \u2013 9 F\u00e9vrier 2025<\/a><\/h2>\t\t\t\t<\/div>\n\t\t\t\t\t<\/div>\n\t\t<\/div>\n\t\t\t\t\t<\/div>\n\t\t<\/section>\n\t\t\t\t<\/div>\n\t\t\t\t<\/article>\n\t\t\t\t<article id=\"post-12457\" class=\"elementor-post elementor-grid-item ecs-post-loop post-12457 expositions type-expositions status-publish has-post-thumbnail hentry\">\n\t\t\t\t<div data-elementor-type=\"loop\" data-elementor-id=\"5878\" class=\"elementor elementor-5878 post-12457 expositions type-expositions status-publish has-post-thumbnail hentry\" data-elementor-post-type=\"elementor_library\">\n\t\t\t\t\t<section class=\"elementor-section elementor-top-section elementor-element elementor-element-b491dbd elementor-section-height-min-height elementor-section-content-top elementor-section-items-top elementor-section-boxed elementor-section-height-default\" data-id=\"b491dbd\" data-element_type=\"section\" data-e-type=\"section\">\n\t\t\t\t\t\t<div class=\"elementor-container elementor-column-gap-no\">\n\t\t\t\t\t<div class=\"elementor-column elementor-col-100 elementor-top-column elementor-element elementor-element-c7bab02\" data-id=\"c7bab02\" data-element_type=\"column\" data-e-type=\"column\">\n\t\t\t<div class=\"elementor-widget-wrap elementor-element-populated\">\n\t\t\t\t\t\t<div class=\"elementor-element elementor-element-b6af9b3 elementor-widget elementor-widget-theme-post-featured-image elementor-widget-image\" data-id=\"b6af9b3\" data-element_type=\"widget\" data-e-type=\"widget\" data-widget_type=\"theme-post-featured-image.default\">\n\t\t\t\t\t\t\t\t\t\t\t\t\t\t\t\t<a href=\"https:\/\/cmgmarrakech.com\/en\/expositions\/menart-fair-2024\/\">\n\t\t\t\t\t\t\t<img loading=\"lazy\" decoding=\"async\" width=\"768\" height=\"512\" src=\"https:\/\/cmgmarrakech.com\/wp-content\/uploads\/2024\/09\/CMG-at-Menart-Fair-2024-Cover-3-768x512.jpg\" class=\"attachment-medium_large size-medium_large wp-image-12948\" alt=\"\" srcset=\"https:\/\/cmgmarrakech.com\/wp-content\/uploads\/2024\/09\/CMG-at-Menart-Fair-2024-Cover-3-768x512.jpg 768w, https:\/\/cmgmarrakech.com\/wp-content\/uploads\/2024\/09\/CMG-at-Menart-Fair-2024-Cover-3-300x200.jpg 300w, https:\/\/cmgmarrakech.com\/wp-content\/uploads\/2024\/09\/CMG-at-Menart-Fair-2024-Cover-3-1024x683.jpg 1024w, https:\/\/cmgmarrakech.com\/wp-content\/uploads\/2024\/09\/CMG-at-Menart-Fair-2024-Cover-3-1536x1025.jpg 1536w, https:\/\/cmgmarrakech.com\/wp-content\/uploads\/2024\/09\/CMG-at-Menart-Fair-2024-Cover-3-18x12.jpg 18w, https:\/\/cmgmarrakech.com\/wp-content\/uploads\/2024\/09\/CMG-at-Menart-Fair-2024-Cover-3-415x277.jpg 415w, https:\/\/cmgmarrakech.com\/wp-content\/uploads\/2024\/09\/CMG-at-Menart-Fair-2024-Cover-3-650x434.jpg 650w, https:\/\/cmgmarrakech.com\/wp-content\/uploads\/2024\/09\/CMG-at-Menart-Fair-2024-Cover-3-250x167.jpg 250w, https:\/\/cmgmarrakech.com\/wp-content\/uploads\/2024\/09\/CMG-at-Menart-Fair-2024-Cover-3.jpg 2000w\" sizes=\"(max-width: 768px) 100vw, 768px\" \/>\t\t\t\t\t\t\t\t<\/a>\n\t\t\t\t\t\t\t\t\t\t\t\t\t\t\t<\/div>\n\t\t\t\t<div class=\"elementor-element elementor-element-020227f elementor-widget elementor-widget-heading\" data-id=\"020227f\" data-element_type=\"widget\" data-e-type=\"widget\" data-widget_type=\"heading.default\">\n\t\t\t\t\t<h2 class=\"elementor-heading-title elementor-size-default\"><a href=\"https:\/\/cmgmarrakech.com\/en\/expositions\/menart-fair-2024\/\">Menart Fair 2024<\/a><\/h2>\t\t\t\t<\/div>\n\t\t\t\t<div class=\"elementor-element elementor-element-98722ed elementor-widget elementor-widget-heading\" data-id=\"98722ed\" data-element_type=\"widget\" data-e-type=\"widget\" data-widget_type=\"heading.default\">\n\t\t\t\t\t<h2 class=\"elementor-heading-title elementor-size-default\"><a href=\"https:\/\/cmgmarrakech.com\/en\/expositions\/menart-fair-2024\/\">Fatiha Zemmouri, Khadija Jayi et Katya Traboulsi<\/a><\/h2>\t\t\t\t<\/div>\n\t\t\t\t<div class=\"elementor-element elementor-element-7169774 elementor-widget elementor-widget-heading\" data-id=\"7169774\" data-element_type=\"widget\" data-e-type=\"widget\" data-widget_type=\"heading.default\">\n\t\t\t\t\t<h2 class=\"elementor-heading-title elementor-size-default\"><a href=\"https:\/\/cmgmarrakech.com\/en\/expositions\/menart-fair-2024\/\">20-22 September 2024<\/a><\/h2>\t\t\t\t<\/div>\n\t\t\t\t\t<\/div>\n\t\t<\/div>\n\t\t\t\t\t<\/div>\n\t\t<\/section>\n\t\t\t\t<\/div>\n\t\t\t\t<\/article>\n\t\t\t\t<article id=\"post-11328\" class=\"elementor-post elementor-grid-item ecs-post-loop post-11328 expositions type-expositions status-publish has-post-thumbnail hentry\">\n\t\t\t\t<div data-elementor-type=\"loop\" data-elementor-id=\"5878\" class=\"elementor elementor-5878 post-11328 expositions type-expositions status-publish has-post-thumbnail hentry\" data-elementor-post-type=\"elementor_library\">\n\t\t\t\t\t<section class=\"elementor-section elementor-top-section elementor-element elementor-element-b491dbd elementor-section-height-min-height elementor-section-content-top elementor-section-items-top elementor-section-boxed elementor-section-height-default\" data-id=\"b491dbd\" data-element_type=\"section\" data-e-type=\"section\">\n\t\t\t\t\t\t<div class=\"elementor-container elementor-column-gap-no\">\n\t\t\t\t\t<div class=\"elementor-column elementor-col-100 elementor-top-column elementor-element elementor-element-c7bab02\" data-id=\"c7bab02\" data-element_type=\"column\" data-e-type=\"column\">\n\t\t\t<div class=\"elementor-widget-wrap elementor-element-populated\">\n\t\t\t\t\t\t<div class=\"elementor-element elementor-element-b6af9b3 elementor-widget elementor-widget-theme-post-featured-image elementor-widget-image\" data-id=\"b6af9b3\" data-element_type=\"widget\" data-e-type=\"widget\" data-widget_type=\"theme-post-featured-image.default\">\n\t\t\t\t\t\t\t\t\t\t\t\t\t\t\t\t<a href=\"https:\/\/cmgmarrakech.com\/en\/expositions\/comptoir-des-mines-at-art-dubai-2024\/\">\n\t\t\t\t\t\t\t<img loading=\"lazy\" decoding=\"async\" width=\"768\" height=\"512\" src=\"https:\/\/cmgmarrakech.com\/wp-content\/uploads\/2024\/01\/FATIHA-ZEMMOURI-TAY-AL-ARD-2022-Triptyque-Terre-et-pigments-sur-panneau-de-bois-360-x-130-x-5-cm-768x512.jpg\" class=\"attachment-medium_large size-medium_large wp-image-11669\" alt=\"\" srcset=\"https:\/\/cmgmarrakech.com\/wp-content\/uploads\/2024\/01\/FATIHA-ZEMMOURI-TAY-AL-ARD-2022-Triptyque-Terre-et-pigments-sur-panneau-de-bois-360-x-130-x-5-cm-768x512.jpg 768w, https:\/\/cmgmarrakech.com\/wp-content\/uploads\/2024\/01\/FATIHA-ZEMMOURI-TAY-AL-ARD-2022-Triptyque-Terre-et-pigments-sur-panneau-de-bois-360-x-130-x-5-cm-300x200.jpg 300w, https:\/\/cmgmarrakech.com\/wp-content\/uploads\/2024\/01\/FATIHA-ZEMMOURI-TAY-AL-ARD-2022-Triptyque-Terre-et-pigments-sur-panneau-de-bois-360-x-130-x-5-cm-1024x683.jpg 1024w, https:\/\/cmgmarrakech.com\/wp-content\/uploads\/2024\/01\/FATIHA-ZEMMOURI-TAY-AL-ARD-2022-Triptyque-Terre-et-pigments-sur-panneau-de-bois-360-x-130-x-5-cm-1536x1025.jpg 1536w, https:\/\/cmgmarrakech.com\/wp-content\/uploads\/2024\/01\/FATIHA-ZEMMOURI-TAY-AL-ARD-2022-Triptyque-Terre-et-pigments-sur-panneau-de-bois-360-x-130-x-5-cm-18x12.jpg 18w, https:\/\/cmgmarrakech.com\/wp-content\/uploads\/2024\/01\/FATIHA-ZEMMOURI-TAY-AL-ARD-2022-Triptyque-Terre-et-pigments-sur-panneau-de-bois-360-x-130-x-5-cm-415x277.jpg 415w, https:\/\/cmgmarrakech.com\/wp-content\/uploads\/2024\/01\/FATIHA-ZEMMOURI-TAY-AL-ARD-2022-Triptyque-Terre-et-pigments-sur-panneau-de-bois-360-x-130-x-5-cm-650x434.jpg 650w, https:\/\/cmgmarrakech.com\/wp-content\/uploads\/2024\/01\/FATIHA-ZEMMOURI-TAY-AL-ARD-2022-Triptyque-Terre-et-pigments-sur-panneau-de-bois-360-x-130-x-5-cm-250x167.jpg 250w, https:\/\/cmgmarrakech.com\/wp-content\/uploads\/2024\/01\/FATIHA-ZEMMOURI-TAY-AL-ARD-2022-Triptyque-Terre-et-pigments-sur-panneau-de-bois-360-x-130-x-5-cm.jpg 2000w\" sizes=\"(max-width: 768px) 100vw, 768px\" \/>\t\t\t\t\t\t\t\t<\/a>\n\t\t\t\t\t\t\t\t\t\t\t\t\t\t\t<\/div>\n\t\t\t\t<div class=\"elementor-element elementor-element-020227f elementor-widget elementor-widget-heading\" data-id=\"020227f\" data-element_type=\"widget\" data-e-type=\"widget\" data-widget_type=\"heading.default\">\n\t\t\t\t\t<h2 class=\"elementor-heading-title elementor-size-default\"><a href=\"https:\/\/cmgmarrakech.com\/en\/expositions\/comptoir-des-mines-at-art-dubai-2024\/\">Comptoir des Mines at Art Dubai\u00a02024<\/a><\/h2>\t\t\t\t<\/div>\n\t\t\t\t<div class=\"elementor-element elementor-element-98722ed elementor-widget elementor-widget-heading\" data-id=\"98722ed\" data-element_type=\"widget\" data-e-type=\"widget\" data-widget_type=\"heading.default\">\n\t\t\t\t\t<h2 class=\"elementor-heading-title elementor-size-default\"><a href=\"https:\/\/cmgmarrakech.com\/en\/expositions\/comptoir-des-mines-at-art-dubai-2024\/\">Sara Ouhaddou, Fatiha Zemmouri, Khadija Jayi, Mustapha Akrim, Hassan Darsi<\/a><\/h2>\t\t\t\t<\/div>\n\t\t\t\t<div class=\"elementor-element elementor-element-7169774 elementor-widget elementor-widget-heading\" data-id=\"7169774\" data-element_type=\"widget\" data-e-type=\"widget\" data-widget_type=\"heading.default\">\n\t\t\t\t\t<h2 class=\"elementor-heading-title elementor-size-default\"><a href=\"https:\/\/cmgmarrakech.com\/en\/expositions\/comptoir-des-mines-at-art-dubai-2024\/\">Du 28 f\u00e9vrier au 3 mars 2024<\/a><\/h2>\t\t\t\t<\/div>\n\t\t\t\t\t<\/div>\n\t\t<\/div>\n\t\t\t\t\t<\/div>\n\t\t<\/section>\n\t\t\t\t<\/div>\n\t\t\t\t<\/article>\n\t\t\t\t<article id=\"post-10435\" class=\"elementor-post elementor-grid-item ecs-post-loop post-10435 expositions type-expositions status-publish has-post-thumbnail hentry\">\n\t\t\t\t<div data-elementor-type=\"loop\" data-elementor-id=\"5878\" class=\"elementor elementor-5878 post-10435 expositions type-expositions status-publish has-post-thumbnail hentry\" data-elementor-post-type=\"elementor_library\">\n\t\t\t\t\t<section class=\"elementor-section elementor-top-section elementor-element elementor-element-b491dbd elementor-section-height-min-height elementor-section-content-top elementor-section-items-top elementor-section-boxed elementor-section-height-default\" data-id=\"b491dbd\" data-element_type=\"section\" data-e-type=\"section\">\n\t\t\t\t\t\t<div class=\"elementor-container elementor-column-gap-no\">\n\t\t\t\t\t<div class=\"elementor-column elementor-col-100 elementor-top-column elementor-element elementor-element-c7bab02\" data-id=\"c7bab02\" data-element_type=\"column\" data-e-type=\"column\">\n\t\t\t<div class=\"elementor-widget-wrap elementor-element-populated\">\n\t\t\t\t\t\t<div class=\"elementor-element elementor-element-b6af9b3 elementor-widget elementor-widget-theme-post-featured-image elementor-widget-image\" data-id=\"b6af9b3\" data-element_type=\"widget\" data-e-type=\"widget\" data-widget_type=\"theme-post-featured-image.default\">\n\t\t\t\t\t\t\t\t\t\t\t\t\t\t\t\t<a href=\"https:\/\/cmgmarrakech.com\/en\/expositions\/comptoir-des-mines-at-art-paris-2023\/\">\n\t\t\t\t\t\t\t<img loading=\"lazy\" decoding=\"async\" width=\"768\" height=\"512\" src=\"https:\/\/cmgmarrakech.com\/wp-content\/uploads\/2023\/03\/Mustapha-Akrim-Pression-circulaire-img-768x512.jpeg\" class=\"attachment-medium_large size-medium_large wp-image-10437\" alt=\"\" srcset=\"https:\/\/cmgmarrakech.com\/wp-content\/uploads\/2023\/03\/Mustapha-Akrim-Pression-circulaire-img-768x512.jpeg 768w, https:\/\/cmgmarrakech.com\/wp-content\/uploads\/2023\/03\/Mustapha-Akrim-Pression-circulaire-img-300x200.jpeg 300w, https:\/\/cmgmarrakech.com\/wp-content\/uploads\/2023\/03\/Mustapha-Akrim-Pression-circulaire-img-1024x683.jpeg 1024w, https:\/\/cmgmarrakech.com\/wp-content\/uploads\/2023\/03\/Mustapha-Akrim-Pression-circulaire-img-1536x1025.jpeg 1536w, https:\/\/cmgmarrakech.com\/wp-content\/uploads\/2023\/03\/Mustapha-Akrim-Pression-circulaire-img-18x12.jpeg 18w, https:\/\/cmgmarrakech.com\/wp-content\/uploads\/2023\/03\/Mustapha-Akrim-Pression-circulaire-img-415x277.jpeg 415w, https:\/\/cmgmarrakech.com\/wp-content\/uploads\/2023\/03\/Mustapha-Akrim-Pression-circulaire-img-650x434.jpeg 650w, https:\/\/cmgmarrakech.com\/wp-content\/uploads\/2023\/03\/Mustapha-Akrim-Pression-circulaire-img-250x167.jpeg 250w, https:\/\/cmgmarrakech.com\/wp-content\/uploads\/2023\/03\/Mustapha-Akrim-Pression-circulaire-img.jpeg 2000w\" sizes=\"(max-width: 768px) 100vw, 768px\" \/>\t\t\t\t\t\t\t\t<\/a>\n\t\t\t\t\t\t\t\t\t\t\t\t\t\t\t<\/div>\n\t\t\t\t<div class=\"elementor-element elementor-element-020227f elementor-widget elementor-widget-heading\" data-id=\"020227f\" data-element_type=\"widget\" data-e-type=\"widget\" data-widget_type=\"heading.default\">\n\t\t\t\t\t<h2 class=\"elementor-heading-title elementor-size-default\"><a href=\"https:\/\/cmgmarrakech.com\/en\/expositions\/comptoir-des-mines-at-art-paris-2023\/\">Comptoir des Mines at Art Paris\u00a02023<\/a><\/h2>\t\t\t\t<\/div>\n\t\t\t\t<div class=\"elementor-element elementor-element-98722ed elementor-widget elementor-widget-heading\" data-id=\"98722ed\" data-element_type=\"widget\" data-e-type=\"widget\" data-widget_type=\"heading.default\">\n\t\t\t\t\t<h2 class=\"elementor-heading-title elementor-size-default\"><a href=\"https:\/\/cmgmarrakech.com\/en\/expositions\/comptoir-des-mines-at-art-paris-2023\/\">Mustapha Akrim, Mohamed Arejdal, Khadija Jayi, Mouhcine Rahaoui, Fatiha Zemmouri<\/a><\/h2>\t\t\t\t<\/div>\n\t\t\t\t<div class=\"elementor-element elementor-element-7169774 elementor-widget elementor-widget-heading\" data-id=\"7169774\" data-element_type=\"widget\" data-e-type=\"widget\" data-widget_type=\"heading.default\">\n\t\t\t\t\t<h2 class=\"elementor-heading-title elementor-size-default\"><a href=\"https:\/\/cmgmarrakech.com\/en\/expositions\/comptoir-des-mines-at-art-paris-2023\/\">30 March \u2014 2 April 2023<\/a><\/h2>\t\t\t\t<\/div>\n\t\t\t\t\t<\/div>\n\t\t<\/div>\n\t\t\t\t\t<\/div>\n\t\t<\/section>\n\t\t\t\t<\/div>\n\t\t\t\t<\/article>\n\t\t\t\t<article id=\"post-9804\" class=\"elementor-post elementor-grid-item ecs-post-loop post-9804 expositions type-expositions status-publish has-post-thumbnail hentry\">\n\t\t\t\t<div data-elementor-type=\"loop\" data-elementor-id=\"5878\" class=\"elementor elementor-5878 post-9804 expositions type-expositions status-publish has-post-thumbnail hentry\" data-elementor-post-type=\"elementor_library\">\n\t\t\t\t\t<section class=\"elementor-section elementor-top-section elementor-element elementor-element-b491dbd elementor-section-height-min-height elementor-section-content-top elementor-section-items-top elementor-section-boxed elementor-section-height-default\" data-id=\"b491dbd\" data-element_type=\"section\" data-e-type=\"section\">\n\t\t\t\t\t\t<div class=\"elementor-container elementor-column-gap-no\">\n\t\t\t\t\t<div class=\"elementor-column elementor-col-100 elementor-top-column elementor-element elementor-element-c7bab02\" data-id=\"c7bab02\" data-element_type=\"column\" data-e-type=\"column\">\n\t\t\t<div class=\"elementor-widget-wrap elementor-element-populated\">\n\t\t\t\t\t\t<div class=\"elementor-element elementor-element-b6af9b3 elementor-widget elementor-widget-theme-post-featured-image elementor-widget-image\" data-id=\"b6af9b3\" data-element_type=\"widget\" data-e-type=\"widget\" data-widget_type=\"theme-post-featured-image.default\">\n\t\t\t\t\t\t\t\t\t\t\t\t\t\t\t\t<a href=\"https:\/\/cmgmarrakech.com\/en\/expositions\/marrakech-casablanca-comptoir-des-mines-hors-les-murs\/\">\n\t\t\t\t\t\t\t<img loading=\"lazy\" decoding=\"async\" width=\"768\" height=\"512\" src=\"https:\/\/cmgmarrakech.com\/wp-content\/uploads\/2022\/09\/CMG-Gallery-Group-Show-at-CMOOA-2-768x512.jpg\" class=\"attachment-medium_large size-medium_large wp-image-9928\" alt=\"\" srcset=\"https:\/\/cmgmarrakech.com\/wp-content\/uploads\/2022\/09\/CMG-Gallery-Group-Show-at-CMOOA-2-768x512.jpg 768w, https:\/\/cmgmarrakech.com\/wp-content\/uploads\/2022\/09\/CMG-Gallery-Group-Show-at-CMOOA-2-300x200.jpg 300w, https:\/\/cmgmarrakech.com\/wp-content\/uploads\/2022\/09\/CMG-Gallery-Group-Show-at-CMOOA-2-1024x683.jpg 1024w, https:\/\/cmgmarrakech.com\/wp-content\/uploads\/2022\/09\/CMG-Gallery-Group-Show-at-CMOOA-2-1536x1025.jpg 1536w, https:\/\/cmgmarrakech.com\/wp-content\/uploads\/2022\/09\/CMG-Gallery-Group-Show-at-CMOOA-2-18x12.jpg 18w, https:\/\/cmgmarrakech.com\/wp-content\/uploads\/2022\/09\/CMG-Gallery-Group-Show-at-CMOOA-2-415x277.jpg 415w, https:\/\/cmgmarrakech.com\/wp-content\/uploads\/2022\/09\/CMG-Gallery-Group-Show-at-CMOOA-2-650x434.jpg 650w, https:\/\/cmgmarrakech.com\/wp-content\/uploads\/2022\/09\/CMG-Gallery-Group-Show-at-CMOOA-2-250x167.jpg 250w, https:\/\/cmgmarrakech.com\/wp-content\/uploads\/2022\/09\/CMG-Gallery-Group-Show-at-CMOOA-2.jpg 2000w\" sizes=\"(max-width: 768px) 100vw, 768px\" \/>\t\t\t\t\t\t\t\t<\/a>\n\t\t\t\t\t\t\t\t\t\t\t\t\t\t\t<\/div>\n\t\t\t\t<div class=\"elementor-element elementor-element-020227f elementor-widget elementor-widget-heading\" data-id=\"020227f\" data-element_type=\"widget\" data-e-type=\"widget\" data-widget_type=\"heading.default\">\n\t\t\t\t\t<h2 class=\"elementor-heading-title elementor-size-default\"><a href=\"https:\/\/cmgmarrakech.com\/en\/expositions\/marrakech-casablanca-comptoir-des-mines-hors-les-murs\/\">Marrakech &#8211; Casablanca, le Comptoir des Mines hors les murs<\/a><\/h2>\t\t\t\t<\/div>\n\t\t\t\t<div class=\"elementor-element elementor-element-98722ed elementor-widget elementor-widget-heading\" data-id=\"98722ed\" data-element_type=\"widget\" data-e-type=\"widget\" data-widget_type=\"heading.default\">\n\t\t\t\t\t<h2 class=\"elementor-heading-title elementor-size-default\"><a href=\"https:\/\/cmgmarrakech.com\/en\/expositions\/marrakech-casablanca-comptoir-des-mines-hors-les-murs\/\">Mohammed Kacimi, Mustapha Akrim, Mohamed Arejdal, Fatiha Zemmouri, Simohammed Fettaka, Loutfi Souidi, Khadija Jayi, Reda Boudina<\/a><\/h2>\t\t\t\t<\/div>\n\t\t\t\t<div class=\"elementor-element elementor-element-7169774 elementor-widget elementor-widget-heading\" data-id=\"7169774\" data-element_type=\"widget\" data-e-type=\"widget\" data-widget_type=\"heading.default\">\n\t\t\t\t\t<h2 class=\"elementor-heading-title elementor-size-default\"><a href=\"https:\/\/cmgmarrakech.com\/en\/expositions\/marrakech-casablanca-comptoir-des-mines-hors-les-murs\/\">13 \u2014 23 September 2022<\/a><\/h2>\t\t\t\t<\/div>\n\t\t\t\t\t<\/div>\n\t\t<\/div>\n\t\t\t\t\t<\/div>\n\t\t<\/section>\n\t\t\t\t<\/div>\n\t\t\t\t<\/article>\n\t\t\t\t<article id=\"post-16538\" class=\"elementor-post elementor-grid-item ecs-post-loop post-16538 expositions type-expositions status-publish has-post-thumbnail hentry\">\n\t\t\t\t<div data-elementor-type=\"loop\" data-elementor-id=\"5878\" class=\"elementor elementor-5878 post-16538 expositions type-expositions status-publish has-post-thumbnail hentry\" data-elementor-post-type=\"elementor_library\">\n\t\t\t\t\t<section class=\"elementor-section elementor-top-section elementor-element elementor-element-b491dbd elementor-section-height-min-height elementor-section-content-top elementor-section-items-top elementor-section-boxed elementor-section-height-default\" data-id=\"b491dbd\" data-element_type=\"section\" data-e-type=\"section\">\n\t\t\t\t\t\t<div class=\"elementor-container elementor-column-gap-no\">\n\t\t\t\t\t<div class=\"elementor-column elementor-col-100 elementor-top-column elementor-element elementor-element-c7bab02\" data-id=\"c7bab02\" data-element_type=\"column\" data-e-type=\"column\">\n\t\t\t<div class=\"elementor-widget-wrap elementor-element-populated\">\n\t\t\t\t\t\t<div class=\"elementor-element elementor-element-b6af9b3 elementor-widget elementor-widget-theme-post-featured-image elementor-widget-image\" data-id=\"b6af9b3\" data-element_type=\"widget\" data-e-type=\"widget\" data-widget_type=\"theme-post-featured-image.default\">\n\t\t\t\t\t\t\t\t\t\t\t\t\t\t\t\t<a href=\"https:\/\/cmgmarrakech.com\/en\/expositions\/brulures-du-vivant\/\">\n\t\t\t\t\t\t\t<img loading=\"lazy\" decoding=\"async\" width=\"768\" height=\"512\" src=\"https:\/\/cmgmarrakech.com\/wp-content\/uploads\/2022\/03\/Khadija-Jayi-768x512.jpg\" class=\"attachment-medium_large size-medium_large wp-image-6260\" alt=\"\" srcset=\"https:\/\/cmgmarrakech.com\/wp-content\/uploads\/2022\/03\/Khadija-Jayi-768x512.jpg 768w, https:\/\/cmgmarrakech.com\/wp-content\/uploads\/2022\/03\/Khadija-Jayi-300x200.jpg 300w, https:\/\/cmgmarrakech.com\/wp-content\/uploads\/2022\/03\/Khadija-Jayi-1024x683.jpg 1024w, https:\/\/cmgmarrakech.com\/wp-content\/uploads\/2022\/03\/Khadija-Jayi-1536x1025.jpg 1536w, https:\/\/cmgmarrakech.com\/wp-content\/uploads\/2022\/03\/Khadija-Jayi-18x12.jpg 18w, https:\/\/cmgmarrakech.com\/wp-content\/uploads\/2022\/03\/Khadija-Jayi-415x277.jpg 415w, https:\/\/cmgmarrakech.com\/wp-content\/uploads\/2022\/03\/Khadija-Jayi-650x434.jpg 650w, https:\/\/cmgmarrakech.com\/wp-content\/uploads\/2022\/03\/Khadija-Jayi-250x167.jpg 250w, https:\/\/cmgmarrakech.com\/wp-content\/uploads\/2022\/03\/Khadija-Jayi.jpg 2000w\" sizes=\"(max-width: 768px) 100vw, 768px\" \/>\t\t\t\t\t\t\t\t<\/a>\n\t\t\t\t\t\t\t\t\t\t\t\t\t\t\t<\/div>\n\t\t\t\t<div class=\"elementor-element elementor-element-020227f elementor-widget elementor-widget-heading\" data-id=\"020227f\" data-element_type=\"widget\" data-e-type=\"widget\" data-widget_type=\"heading.default\">\n\t\t\t\t\t<h2 class=\"elementor-heading-title elementor-size-default\"><a href=\"https:\/\/cmgmarrakech.com\/en\/expositions\/brulures-du-vivant\/\">Br\u00fblures du vivant<\/a><\/h2>\t\t\t\t<\/div>\n\t\t\t\t<div class=\"elementor-element elementor-element-98722ed elementor-widget elementor-widget-heading\" data-id=\"98722ed\" data-element_type=\"widget\" data-e-type=\"widget\" data-widget_type=\"heading.default\">\n\t\t\t\t\t<h2 class=\"elementor-heading-title elementor-size-default\"><a href=\"https:\/\/cmgmarrakech.com\/en\/expositions\/brulures-du-vivant\/\">Khadija Jayi<\/a><\/h2>\t\t\t\t<\/div>\n\t\t\t\t<div class=\"elementor-element elementor-element-7169774 elementor-widget elementor-widget-heading\" data-id=\"7169774\" data-element_type=\"widget\" data-e-type=\"widget\" data-widget_type=\"heading.default\">\n\t\t\t\t\t<h2 class=\"elementor-heading-title elementor-size-default\"><a href=\"https:\/\/cmgmarrakech.com\/en\/expositions\/brulures-du-vivant\/\">4 March \u2014 24 April 2022<\/a><\/h2>\t\t\t\t<\/div>\n\t\t\t\t\t<\/div>\n\t\t<\/div>\n\t\t\t\t\t<\/div>\n\t\t<\/section>\n\t\t\t\t<\/div>\n\t\t\t\t<\/article>\n\t\t\t\t<\/div>\n\t\t\t\t\t\t<\/div>\n\t\t\t\t<\/div>\n\t\t\t\t\t<\/div>\n\t\t<\/div>\n\t\t\t\t\t<\/div>\n\t\t<\/section>\n\t\t\t\t<\/div>","protected":false},"excerpt":{"rendered":"<p>Khadija Jayi Khadija Jayi est n\u00e9e en 1989 dans la ville sainte de Moulay Idriss Zerhoun. Elle grandit au sein d\u2019un milieu tr\u00e8s conservateur, impr\u00e9gn\u00e9&#8230;<\/p>","protected":false},"author":1,"featured_media":0,"parent":0,"menu_order":0,"comment_status":"closed","ping_status":"closed","template":"","meta":{"_acf_changed":false,"footnotes":""},"class_list":["post-8030","page","type-page","status-publish","hentry"],"acf":[],"aioseo_notices":[],"_links":{"self":[{"href":"https:\/\/cmgmarrakech.com\/en\/wp-json\/wp\/v2\/pages\/8030","targetHints":{"allow":["GET"]}}],"collection":[{"href":"https:\/\/cmgmarrakech.com\/en\/wp-json\/wp\/v2\/pages"}],"about":[{"href":"https:\/\/cmgmarrakech.com\/en\/wp-json\/wp\/v2\/types\/page"}],"author":[{"embeddable":true,"href":"https:\/\/cmgmarrakech.com\/en\/wp-json\/wp\/v2\/users\/1"}],"replies":[{"embeddable":true,"href":"https:\/\/cmgmarrakech.com\/en\/wp-json\/wp\/v2\/comments?post=8030"}],"version-history":[{"count":6,"href":"https:\/\/cmgmarrakech.com\/en\/wp-json\/wp\/v2\/pages\/8030\/revisions"}],"predecessor-version":[{"id":19256,"href":"https:\/\/cmgmarrakech.com\/en\/wp-json\/wp\/v2\/pages\/8030\/revisions\/19256"}],"wp:attachment":[{"href":"https:\/\/cmgmarrakech.com\/en\/wp-json\/wp\/v2\/media?parent=8030"}],"curies":[{"name":"wp","href":"https:\/\/api.w.org\/{rel}","templated":true}]}}